{"id":57,"date":"2009-04-22T22:33:10","date_gmt":"2009-04-22T20:33:10","guid":{"rendered":"http:\/\/www.scuolacooperativa.net\/wordpress\/?page_id=57"},"modified":"2020-08-24T07:44:43","modified_gmt":"2020-08-24T07:44:43","slug":"segreteria","status":"publish","type":"page","link":"https:\/\/icripalimosani.edu.it\/site\/segreteria\/","title":{"rendered":"Segreteria"},"content":{"rendered":"\t\t<div data-elementor-type=\"wp-page\" data-elementor-id=\"57\" class=\"elementor elementor-57\" data-elementor-post-type=\"page\">\n\t\t\t\t\t\t\t\t\t<section class=\"elementor-section elementor-top-section elementor-element elementor-element-6950a66 elementor-section-boxed elementor-section-height-default elementor-section-height-default\" data-id=\"6950a66\" data-element_type=\"section\">\n\t\t\t\t\t\t<div class=\"elementor-container elementor-column-gap-default\">\n\t\t\t\t\t<div class=\"elementor-column elementor-col-100 elementor-top-column elementor-element elementor-element-393fdcd\" data-id=\"393fdcd\" data-element_type=\"column\">\n\t\t\t<div class=\"elementor-widget-wrap elementor-element-populated\">\n\t\t\t\t\t\t\t\t<div class=\"elementor-element elementor-element-a4452de elementor-widget elementor-widget-toggle\" data-id=\"a4452de\" data-element_type=\"widget\" data-widget_type=\"toggle.default\">\n\t\t\t\t<div class=\"elementor-widget-container\">\n\t\t\t\t\t<div class=\"elementor-toggle\">\n\t\t\t\t\t\t\t<div class=\"elementor-toggle-item\">\n\t\t\t\t\t<div id=\"elementor-tab-title-1721\" class=\"elementor-tab-title\" data-tab=\"1\" role=\"button\" aria-controls=\"elementor-tab-content-1721\" aria-expanded=\"false\">\n\t\t\t\t\t\t\t\t\t\t\t\t<span class=\"elementor-toggle-icon elementor-toggle-icon-right\" aria-hidden=\"true\">\n\t\t\t\t\t\t\t\t\t\t\t\t\t\t\t<span class=\"elementor-toggle-icon-closed\"><i class=\"fas fa-caret-right\"><\/i><\/span>\n\t\t\t\t\t\t\t\t<span class=\"elementor-toggle-icon-opened\"><i class=\"elementor-toggle-icon-opened fas fa-caret-up\"><\/i><\/span>\n\t\t\t\t\t\t\t\t\t\t\t\t\t<\/span>\n\t\t\t\t\t\t\t\t\t\t\t\t<a class=\"elementor-toggle-title\" tabindex=\"0\">Organigramma<\/a>\n\t\t\t\t\t<\/div>\n\n\t\t\t\t\t<div id=\"elementor-tab-content-1721\" class=\"elementor-tab-content elementor-clearfix\" data-tab=\"1\" role=\"region\" aria-labelledby=\"elementor-tab-title-1721\"><p><strong>DSGA<\/strong>:\u00a0 dott.sa Rosamaria Simonelli<\/p><p><strong>Assistenti amministrativi:<\/strong><\/p><p><strong>Settore Personale<\/strong>:\u00a0 Cipolla Maria Grazia e Tamilia Assunta<\/p><p><strong>Settore Alunni \u2013 Affari generali<\/strong>:\u00a0 Di Cillo Paola e Gioiosa Carmelina<\/p><\/div>\n\t\t\t\t<\/div>\n\t\t\t\t\t\t\t<div class=\"elementor-toggle-item\">\n\t\t\t\t\t<div id=\"elementor-tab-title-1722\" class=\"elementor-tab-title\" data-tab=\"2\" role=\"button\" aria-controls=\"elementor-tab-content-1722\" aria-expanded=\"false\">\n\t\t\t\t\t\t\t\t\t\t\t\t<span class=\"elementor-toggle-icon elementor-toggle-icon-right\" aria-hidden=\"true\">\n\t\t\t\t\t\t\t\t\t\t\t\t\t\t\t<span class=\"elementor-toggle-icon-closed\"><i class=\"fas fa-caret-right\"><\/i><\/span>\n\t\t\t\t\t\t\t\t<span class=\"elementor-toggle-icon-opened\"><i class=\"elementor-toggle-icon-opened fas fa-caret-up\"><\/i><\/span>\n\t\t\t\t\t\t\t\t\t\t\t\t\t<\/span>\n\t\t\t\t\t\t\t\t\t\t\t\t<a class=\"elementor-toggle-title\" tabindex=\"0\">Orario di apertura<\/a>\n\t\t\t\t\t<\/div>\n\n\t\t\t\t\t<div id=\"elementor-tab-content-1722\" class=\"elementor-tab-content elementor-clearfix\" data-tab=\"2\" role=\"region\" aria-labelledby=\"elementor-tab-title-1722\"><p>Gli<strong>\u00a0uffici della segreteri<\/strong>a, siti in via Marconi 19 a Ripalimosani (CB),\u00a0<strong>sono aperti al pubblico\u00a0<\/strong>secondo il seguente orario:<\/p><p>dal luned\u00ec al sabato ( dalle 10.00 alle 13.00)<\/p><p>il marted\u00ec e il gioved\u00ec ( dalle 15.00 alle 17.00)<\/p><p><strong>Durante i periodi di sospensione dell\u2019attivit\u00e0 didattica gli uffici di segreteria non sono aperti al pubblico nel pomeriggio.<\/strong><\/p><\/div>\n\t\t\t\t<\/div>\n\t\t\t\t\t\t\t<div class=\"elementor-toggle-item\">\n\t\t\t\t\t<div id=\"elementor-tab-title-1723\" class=\"elementor-tab-title\" data-tab=\"3\" role=\"button\" aria-controls=\"elementor-tab-content-1723\" aria-expanded=\"false\">\n\t\t\t\t\t\t\t\t\t\t\t\t<span class=\"elementor-toggle-icon elementor-toggle-icon-right\" aria-hidden=\"true\">\n\t\t\t\t\t\t\t\t\t\t\t\t\t\t\t<span class=\"elementor-toggle-icon-closed\"><i class=\"fas fa-caret-right\"><\/i><\/span>\n\t\t\t\t\t\t\t\t<span class=\"elementor-toggle-icon-opened\"><i class=\"elementor-toggle-icon-opened fas fa-caret-up\"><\/i><\/span>\n\t\t\t\t\t\t\t\t\t\t\t\t\t<\/span>\n\t\t\t\t\t\t\t\t\t\t\t\t<a class=\"elementor-toggle-title\" tabindex=\"0\">Modulistica per il personale<\/a>\n\t\t\t\t\t<\/div>\n\n\t\t\t\t\t<div id=\"elementor-tab-content-1723\" class=\"elementor-tab-content elementor-clearfix\" data-tab=\"3\" role=\"region\" aria-labelledby=\"elementor-tab-title-1723\">\t\t<div data-elementor-type=\"section\" data-elementor-id=\"65424\" class=\"elementor elementor-65424\" data-elementor-post-type=\"elementor_library\">\n\t\t\t\t\t\t\t\t<section class=\"elementor-section elementor-top-section elementor-element elementor-element-11979396 elementor-section-boxed elementor-section-height-default elementor-section-height-default\" data-id=\"11979396\" data-element_type=\"section\">\n\t\t\t\t\t\t<div class=\"elementor-container elementor-column-gap-default\">\n\t\t\t\t\t<div class=\"elementor-column elementor-col-100 elementor-top-column elementor-element elementor-element-75deecd9\" data-id=\"75deecd9\" data-element_type=\"column\">\n\t\t\t<div class=\"elementor-widget-wrap elementor-element-populated\">\n\t\t\t\t\t\t\t\t<div class=\"elementor-element elementor-element-35bf9899 elementor-widget elementor-widget-text-editor\" data-id=\"35bf9899\" data-element_type=\"widget\" data-widget_type=\"text-editor.default\">\n\t\t\t\t<div class=\"elementor-widget-container\">\n\t\t\t\t\t\t\t&nbsp;\n<ol>\n \t<li><strong><span style=\"font-size: 12pt;\"><a href=\"https:\/\/www.icripalimosani.edu.it\/wp-content\/uploads\/2015\/02\/modulo_richiesta_assenze.pdf\">Modulo per assenze generico (sostituito da sportello telematico)<\/a><\/span><\/strong><\/li>\n \t<li><strong><span style=\"font-size: 12pt;\"><a href=\"https:\/\/www.icripalimosani.edu.it\/wp-content\/uploads\/2009\/04\/modulo_richiesta_assenze-editabile.pdf\">Modulo_per assenze editabile<\/a><a href=\"https:\/\/www.icripalimosani.edu.it\/wp-content\/uploads\/2015\/02\/modulo_richiesta_assenze.pdf\">\u00a0(sostituito da sportello telematico)<\/a><\/span><\/strong><\/li>\n \t<li><strong><span style=\"font-size: 12pt;\"><a href=\"https:\/\/www.icripalimosani.edu.it\/segreteria\/modulistica-interna\/domanda-di-assenza-per-malattia-3\/\" rel=\"attachment wp-att-4813\">Domanda-di-assenza-per-malattia e\/o infortunio causa terzi<\/a><\/span><\/strong><\/li>\n \t<li><strong><span style=\"font-size: 12pt;\"><a href=\"https:\/\/www.icripalimosani.edu.it\/wp-content\/uploads\/2009\/04\/segnalazione-infortunio-causa-terzi.doc\">Segnalazione-infortunio-causa-terzi<\/a><\/span><\/strong><\/li>\n \t<li><strong><span style=\"font-size: 12pt;\"><a href=\"https:\/\/www.icripalimosani.edu.it\/wp-content\/uploads\/2015\/02\/modulo_richiesta_permesso_orario.pdf\">Modulo-richiesta-permesso-orario<\/a><a href=\"https:\/\/www.icripalimosani.edu.it\/wp-content\/uploads\/2015\/02\/modulo_richiesta_assenze.pdf\">\u00a0(sostituito da sportello telematico)<\/a><\/span><\/strong><\/li>\n \t<li><strong><span style=\"font-size: 12pt;\"> <a href=\"https:\/\/www.icripalimosani.edu.it\/wp-content\/uploads\/2015\/02\/modulo_cambio_turno.pdf\">Modulo-cambio-turno <\/a><a href=\"https:\/\/www.icripalimosani.edu.it\/wp-content\/uploads\/2015\/02\/modulo_richiesta_assenze.pdf\">(sostituito da sportello telematico)<\/a><\/span><\/strong><\/li>\n \t<li><strong><span style=\"font-size: 12pt;\"><a href=\"https:\/\/www.icripalimosani.edu.it\/wp-content\/uploads\/2009\/04\/Modello-autocertificazione.doc\">Modello-autocertificazione<\/a><\/span><\/strong><\/li>\n \t<li><strong><span style=\"font-size: 12pt;\"><a href=\"https:\/\/www.icripalimosani.edu.it\/wp-content\/uploads\/2009\/04\/dichiarazione-sostitut.-per-visita.pdf\">Dichiarazione sostitut. per visita\u00a0<\/a><a href=\"https:\/\/www.icripalimosani.edu.it\/wp-content\/uploads\/2015\/02\/modulo_richiesta_assenze.pdf\">(sostituito da sportello telematico)<\/a><\/span><\/strong><\/li>\n \t<li><strong><span style=\"font-size: 12pt;\"><a href=\"https:\/\/www.icripalimosani.edu.it\/wp-content\/uploads\/2009\/04\/assenza-pomeridiana.doc\">Assenza-pomeridiana<\/a><\/span><\/strong><\/li>\n \t<li><strong><span style=\"font-size: 12pt;\"><a href=\"https:\/\/www.icripalimosani.edu.it\/wp-content\/uploads\/2009\/04\/Autorizzazione-a-svolgere-la-libera-professione.doc\">Autorizzazione a svolgere la libera professione<\/a><\/span><\/strong><\/li>\n \t<li><strong><span style=\"font-size: 12pt;\"><a href=\"https:\/\/www.icripalimosani.edu.it\/wp-content\/uploads\/2009\/04\/Partecipazione-a-convegno.doc\">Partecipazione-a-convegno<\/a><\/span><\/strong><\/li>\n \t<li><strong><span style=\"font-size: 12pt;\"><a href=\"https:\/\/www.icripalimosani.edu.it\/segreteria\/modulistica-interna\/modulo-comunicazione-ore-eccedenti\/\" rel=\"attachment wp-att-4819\">Modulo-comunicazione-ore-eccedenti<\/a><\/span><\/strong><\/li>\n \t<li><strong><span style=\"font-size: 12pt;\"><a href=\"https:\/\/www.icripalimosani.edu.it\/wp-content\/uploads\/2009\/04\/domanda-permessi-assistenza-disabile.pdf\">Domanda-permessi-assistenza-disabile<\/a><\/span><\/strong><\/li>\n \t<li><strong><span style=\"font-size: 12pt;\"><a href=\"https:\/\/www.icripalimosani.edu.it\/wp-content\/uploads\/2009\/04\/domanda-permessi-dipendente-disabile.pdf\">Domanda-permessi-dipendente-disabile<\/a><\/span><\/strong><\/li>\n \t<li><strong><span style=\"font-size: 12pt;\"><a href=\"https:\/\/www.icripalimosani.edu.it\/wp-content\/uploads\/2015\/06\/MODELLO-RICHIESTA-FERIE.pdf\">MODELLO RICHIESTA FERIE<\/a>\u00a0(per il personale a tempo indeterminato)<\/span><\/strong><strong> <a href=\"https:\/\/www.icripalimosani.edu.it\/wp-content\/uploads\/2015\/02\/modulo_richiesta_assenze.pdf\">(sostituito da sportello telematico)<\/a><\/strong><\/li>\n \t<li><strong><a href=\"https:\/\/www.icripalimosani.edu.it\/wp-content\/uploads\/2009\/04\/assenza-pomeridiana.doc\">Assenza-pomeridiana<\/a><\/strong><\/li>\n \t<li><strong><span style=\"font-size: 12pt;\"><a href=\"https:\/\/www.icripalimosani.edu.it\/segreteria\/modulistica-interna\/modulo-ferie-sostituzioni\/\" rel=\"attachment wp-att-4824\">Modulo-ferie-sostituzioni<\/a><\/span><\/strong><\/li>\n \t<li><strong><span style=\"font-size: 12pt;\"><a href=\"https:\/\/www.icripalimosani.edu.it\/segreteria\/modulistica-interna\/modulo-richiesta-uscita-didattica-2\/\" rel=\"attachment wp-att-4817\">MODULO-RICHIESTA-USCITA-DIDATTICA<\/a><\/span><\/strong><\/li>\n \t<li><strong><span style=\"font-size: 12pt;\"><a href=\"https:\/\/www.icripalimosani.edu.it\/segreteria\/modulistica-interna\/modulo-volontari-a-scuola-2\/\" rel=\"attachment wp-att-4827\">Modulo-volontari-a-scuola<\/a><\/span><\/strong><\/li>\n \t<li><a href=\"https:\/\/www.icripalimosani.edu.it\/wp-content\/uploads\/2018\/02\/Relazione_Infortunio_alunno___-1.doc\"><strong><span style=\"font-size: 14pt;\"><span style=\"font-size: 12pt;\">Relazione_Infortunio_alunno_<\/span><\/span><\/strong><span style=\"font-size: 12pt;\">_<\/span><\/a><\/li>\n \t<li><span style=\"font-size: 12pt;\"><a href=\"https:\/\/www.icripalimosani.edu.it\/wp-content\/uploads\/2009\/04\/dichiarazione_attivita_funzionali1.pdf\"><strong>Dichiarazione_attivit\u00e0_funzionali insegnamento<\/strong><\/a><\/span><\/li>\n \t<li><a href=\"https:\/\/www.icripalimosani.edu.it\/wp-content\/uploads\/2018\/05\/PATTO-PER-LO-SVILUPPO-PROFESSIONALE.doc\"><strong>PATTO-PER-LO-SVILUPPO-PROFESSIONALE<\/strong><\/a><\/li>\n \t<li><strong><a href=\"https:\/\/www.icripalimosani.edu.it\/wp-content\/uploads\/2015\/11\/relazione_finale_tutor-neoimmessi.doc\">Relazione_finale_tutor docenti neoimmessi<\/a><\/strong><\/li>\n \t<li><a href=\"https:\/\/www.icripalimosani.edu.it\/wp-content\/uploads\/2018\/05\/Progettazione-attivit\u00e0-docente-neoimmesso.odt\"><strong>Progettazione attivit\u00e0 docente neoimmesso<\/strong><\/a><\/li>\n \t<li><a href=\"https:\/\/www.icripalimosani.edu.it\/wp-content\/uploads\/2018\/05\/GRIGLIE-DI-OSSERVAZIONE-DOCENTE-NEOIMMESSO.doc\"><strong>GRIGLIE DI OSSERVAZIONE DOCENTE NEOIMMESSO<\/strong><\/a><\/li>\n \t<li><a href=\"https:\/\/www.icripalimosani.edu.it\/wp-content\/uploads\/2018\/05\/08_rubric_neoassunti.pdf\"><strong>Rubrica_neoassunti COMITATO VALUTAZIONE<\/strong><\/a><\/li>\n \t<li><a href=\"https:\/\/www.icripalimosani.edu.it\/wp-content\/uploads\/2018\/05\/REGISTRO-attivit\u00e0-peer-to-peer-1.doc\"><strong>REGISTRO-attivit\u00e0-peer-to-peer<\/strong>&#8211;1<\/a><\/li>\n<\/ol>\n&nbsp;\n\nNegli allegati sono\u00a0 lo s<strong>chema dell&#8217; orario settimanale dei plessi,<\/strong>\u00a0 il materiale del corso di formazione interno sulla didattica per competenze e sul curricolo,\n\n&nbsp;\n\n&nbsp;\n\n&nbsp;\t\t\t\t\t\t<\/div>\n\t\t\t\t<\/div>\n\t\t\t\t\t<\/div>\n\t\t<\/div>\n\t\t\t\t\t\t\t<\/div>\n\t\t<\/section>\n\t\t\t\t\t\t<\/div>\n\t\t<\/div>\n\t\t\t\t<\/div>\n\t\t\t\t\t\t\t<div class=\"elementor-toggle-item\">\n\t\t\t\t\t<div id=\"elementor-tab-title-1724\" class=\"elementor-tab-title\" data-tab=\"4\" role=\"button\" aria-controls=\"elementor-tab-content-1724\" aria-expanded=\"false\">\n\t\t\t\t\t\t\t\t\t\t\t\t<span class=\"elementor-toggle-icon elementor-toggle-icon-right\" aria-hidden=\"true\">\n\t\t\t\t\t\t\t\t\t\t\t\t\t\t\t<span class=\"elementor-toggle-icon-closed\"><i class=\"fas fa-caret-right\"><\/i><\/span>\n\t\t\t\t\t\t\t\t<span class=\"elementor-toggle-icon-opened\"><i class=\"elementor-toggle-icon-opened fas fa-caret-up\"><\/i><\/span>\n\t\t\t\t\t\t\t\t\t\t\t\t\t<\/span>\n\t\t\t\t\t\t\t\t\t\t\t\t<a class=\"elementor-toggle-title\" tabindex=\"0\">Iscrizioni<\/a>\n\t\t\t\t\t<\/div>\n\n\t\t\t\t\t<div id=\"elementor-tab-content-1724\" class=\"elementor-tab-content elementor-clearfix\" data-tab=\"4\" role=\"region\" aria-labelledby=\"elementor-tab-title-1724\">\t\t<div data-elementor-type=\"section\" data-elementor-id=\"65431\" class=\"elementor elementor-65431\" data-elementor-post-type=\"elementor_library\">\n\t\t\t\t\t\t\t\t<section class=\"elementor-section elementor-top-section elementor-element elementor-element-176c2f37 elementor-section-boxed elementor-section-height-default elementor-section-height-default\" data-id=\"176c2f37\" data-element_type=\"section\">\n\t\t\t\t\t\t<div class=\"elementor-container elementor-column-gap-default\">\n\t\t\t\t\t<div class=\"elementor-column elementor-col-100 elementor-top-column elementor-element elementor-element-7b8a5178\" data-id=\"7b8a5178\" data-element_type=\"column\">\n\t\t\t<div class=\"elementor-widget-wrap elementor-element-populated\">\n\t\t\t\t\t\t\t\t<div class=\"elementor-element elementor-element-ecf598a elementor-widget elementor-widget-text-editor\" data-id=\"ecf598a\" data-element_type=\"widget\" data-widget_type=\"text-editor.default\">\n\t\t\t\t<div class=\"elementor-widget-container\">\n\t\t\t\t\t\t\t<p>Anche quest&#8217;anno le iscrizioni al primo anno della scuola primaria e secondaria di I e II grado si effettueranno on line, sul sito del Miur:<a href=\"http:\/\/www.iscrizioni.istruzione.it\/\">http:\/\/www.iscrizioni.istruzione.it\/<\/a>\u00a0 dal 07 al 31 gennaio 2020\u00a0<\/p><p>Per la scuola dell&#8217;infanzia le iscrizioni restano in modalit\u00e0 cartacea.<\/p><p>Gli uffici di segreteria sono aperti, per qualsiasi informazione e assistenza nella compilazione della domanda, dal luned\u00ec al sabato dalle ore 8:00 alle ore 13:50 e nei giorni marted\u00ec e gioved\u00ec dalle ore 14:30 alle ore 16:45.<\/p><p><a href=\"http:\/\/www.segreteriacloud.eu\/icripalimosani\/driver\/downloadGoogleDrive.php?id=1AhzIdWV_LyYwbXFrVlsqiGp3SLM68TWo&amp;file=VADEMECUM_ISCRIZIONI.pdf\">VADEMECUM_ISCRIZIONI<\/a><\/p><p><u style=\"font-weight: bold;\"><a href=\"http:\/\/www.segreteriacloud.eu\/icripalimosani\/driver\/downloadGoogleDrive.php?id=1NuigzM07Po5PJuqlEnDzeAbyijDOEQa9&amp;file=PATTO_EDUCATIVO_RIPALIMOSANI.pdf\">PATTO EDUCATIVO DI CORRESPONSABILITA\u2019\u00a0<\/a><\/u><b>\u00a0 \u00a0<\/b><\/p><p><a href=\"http:\/\/www.segreteriacloud.eu\/icripalimosani\/driver\/downloadGoogleDrive.php?id=1m49y-CYTuwDoUak7uBuPKazhejM_57-C&amp;file=Circolare_n._22994_del_13_novembre_2019.pdf\">Circolare_n._22994_del_13_novembre_2019.pdf<\/a><\/p>\t\t\t\t\t\t<\/div>\n\t\t\t\t<\/div>\n\t\t\t\t\t<\/div>\n\t\t<\/div>\n\t\t\t\t\t\t\t<\/div>\n\t\t<\/section>\n\t\t\t\t\t\t<\/div>\n\t\t<\/div>\n\t\t\t\t<\/div>\n\t\t\t\t\t\t\t\t<\/div>\n\t\t\t\t<\/div>\n\t\t\t\t<\/div>\n\t\t\t\t\t<\/div>\n\t\t<\/div>\n\t\t\t\t\t\t\t<\/div>\n\t\t<\/section>\n\t\t\t\t\t\t\t<\/div>\n\t\t","protected":false},"excerpt":{"rendered":"<p>Organigramma DSGA:\u00a0 dott.sa Rosamaria Simonelli Assistenti amministrativi: Settore Personale:\u00a0 Cipolla Maria Grazia e Tamilia Assunta Settore Alunni \u2013 Affari generali:\u00a0 Di Cillo Paola e Gioiosa Carmelina Orario di apertura Gli\u00a0uffici della segreteria, siti in via Marconi 19 a Ripalimosani (CB),\u00a0sono aperti al pubblico\u00a0secondo il seguente orario: dal luned\u00ec al sabato ( dalle 10.00 alle 13.00) [&hellip;]<\/p>\n","protected":false},"author":1,"featured_media":0,"parent":0,"menu_order":4,"comment_status":"open","ping_status":"open","template":"","meta":{"footnotes":""},"_links":{"self":[{"href":"https:\/\/icripalimosani.edu.it\/site\/wp-json\/wp\/v2\/pages\/57"}],"collection":[{"href":"https:\/\/icripalimosani.edu.it\/site\/wp-json\/wp\/v2\/pages"}],"about":[{"href":"https:\/\/icripalimosani.edu.it\/site\/wp-json\/wp\/v2\/types\/page"}],"author":[{"embeddable":true,"href":"https:\/\/icripalimosani.edu.it\/site\/wp-json\/wp\/v2\/users\/1"}],"replies":[{"embeddable":true,"href":"https:\/\/icripalimosani.edu.it\/site\/wp-json\/wp\/v2\/comments?post=57"}],"version-history":[{"count":6,"href":"https:\/\/icripalimosani.edu.it\/site\/wp-json\/wp\/v2\/pages\/57\/revisions"}],"predecessor-version":[{"id":65489,"href":"https:\/\/icripalimosani.edu.it\/site\/wp-json\/wp\/v2\/pages\/57\/revisions\/65489"}],"wp:attachment":[{"href":"https:\/\/icripalimosani.edu.it\/site\/wp-json\/wp\/v2\/media?parent=57"}],"curies":[{"name":"wp","href":"https:\/\/api.w.org\/{rel}","templated":true}]}}