{"id":65409,"date":"2020-08-18T11:12:26","date_gmt":"2020-08-18T11:12:26","guid":{"rendered":"https:\/\/icripalimosani.edu.it\/site\/?page_id=65409"},"modified":"2020-08-18T11:14:27","modified_gmt":"2020-08-18T11:14:27","slug":"mappa-del-sito","status":"publish","type":"page","link":"https:\/\/icripalimosani.edu.it\/site\/mappa-del-sito\/","title":{"rendered":"Mappa del sito"},"content":{"rendered":"\t\t<div data-elementor-type=\"wp-page\" data-elementor-id=\"65409\" class=\"elementor elementor-65409\" data-elementor-post-type=\"page\">\n\t\t\t\t\t\t\t\t\t<section class=\"elementor-section elementor-top-section elementor-element elementor-element-2f147dc elementor-section-boxed elementor-section-height-default elementor-section-height-default\" data-id=\"2f147dc\" data-element_type=\"section\">\n\t\t\t\t\t\t<div class=\"elementor-container elementor-column-gap-default\">\n\t\t\t\t\t<div class=\"elementor-column elementor-col-100 elementor-top-column elementor-element elementor-element-71e963d\" data-id=\"71e963d\" data-element_type=\"column\">\n\t\t\t<div class=\"elementor-widget-wrap elementor-element-populated\">\n\t\t\t\t\t\t\t\t<div class=\"elementor-element elementor-element-aff087e elementor-widget elementor-widget-sitemap\" data-id=\"aff087e\" data-element_type=\"widget\" data-widget_type=\"sitemap.default\">\n\t\t\t\t<div class=\"elementor-widget-container\">\n\t\t\t<div class=\"elementor-sitemap-wrap\"><div class=\"elementor-sitemap-section\"><h2 class=\"elementor-sitemap-title elementor-sitemap-page-title\">Pagine<\/h2><ul class=\"elementor-sitemap-list elementor-sitemap-page-list\"><li class=\"elementor-sitemap-item elementor-sitemap-item-page page_item page-item-72169\"><a href=\"https:\/\/icripalimosani.edu.it\/site\/regolamento-indirizzo-musicale\/\">Regolamento indirizzo musicale<\/a><\/li><li class=\"elementor-sitemap-item elementor-sitemap-item-page page_item page-item-72143\"><a href=\"https:\/\/icripalimosani.edu.it\/site\/progetto-musica-in-continuita-a-s-2022-23\/\">Progetto Musica in Continuit\u00e0 a.s. 2022\/23<\/a><\/li><li class=\"elementor-sitemap-item elementor-sitemap-item-page page_item page-item-72132\"><a href=\"https:\/\/icripalimosani.edu.it\/site\/progetto-musica-in-continuita-a-s-2021-22\/\">Progetto Musica in Continuit\u00e0 a.s. 2021\/22<\/a><\/li><li class=\"elementor-sitemap-item elementor-sitemap-item-page page_item page-item-72110\"><a href=\"https:\/\/icripalimosani.edu.it\/site\/regolamenti-3\/\">Regolamenti<\/a><\/li><li class=\"elementor-sitemap-item elementor-sitemap-item-page page_item page-item-72054\"><a href=\"https:\/\/icripalimosani.edu.it\/site\/italia-futura-domani\/\">Italia Futura Domani<\/a><\/li><li class=\"elementor-sitemap-item elementor-sitemap-item-page page_item page-item-72040\"><a href=\"https:\/\/icripalimosani.edu.it\/site\/pa-digitale-2026\/\">Pa Digitale 2026<\/a><\/li><li class=\"elementor-sitemap-item elementor-sitemap-item-page page_item page-item-72036\"><a href=\"https:\/\/icripalimosani.edu.it\/site\/pnrr\/\">PNRR<\/a><\/li><li class=\"elementor-sitemap-item elementor-sitemap-item-page page_item page-item-71894\"><a href=\"https:\/\/icripalimosani.edu.it\/site\/regolamenti-2\/\">Regolamenti<\/a><\/li><li class=\"elementor-sitemap-item elementor-sitemap-item-page page_item page-item-71364\"><a href=\"https:\/\/icripalimosani.edu.it\/site\/offerta-musicale-di-venezia\/\">Offerta Musicale di Venezia<\/a><\/li><li class=\"elementor-sitemap-item elementor-sitemap-item-page page_item page-item-71205\"><a href=\"https:\/\/icripalimosani.edu.it\/site\/pagopa\/\">PagoPA<\/a><\/li><li class=\"elementor-sitemap-item elementor-sitemap-item-page page_item page-item-70758\"><a href=\"https:\/\/icripalimosani.edu.it\/site\/apprendimento-e-socialita-diventiamo-competenti\/\">APPRENDIMENTO E SOCIALITA&#8217;- DIVENTIAMO COMPETENTI<\/a><\/li><li class=\"elementor-sitemap-item elementor-sitemap-item-page page_item page-item-70746\"><a href=\"https:\/\/icripalimosani.edu.it\/site\/apprendimento-e-socialita-per-non-perdere-la-strada\/\">APPRENDIMENTO E SOCIALITA&#8217;- PER NON PERDERE LA STRADA<\/a><\/li><li class=\"elementor-sitemap-item elementor-sitemap-item-page page_item page-item-70645\"><a href=\"https:\/\/icripalimosani.edu.it\/site\/ambienti-didattici-innovativi-per-le-scuole-dellinfanzia\/\">Ambienti didattici innovativi per le scuole dell\u2019infanzia<\/a><\/li><li class=\"elementor-sitemap-item elementor-sitemap-item-page page_item page-item-70530\"><a href=\"https:\/\/icripalimosani.edu.it\/site\/ptof\/\">PTOF<\/a><\/li><li class=\"elementor-sitemap-item elementor-sitemap-item-page page_item page-item-70131\"><a href=\"https:\/\/icripalimosani.edu.it\/site\/edugreen-laboratorio-sostenibilita-1-ciclo\/\">Edugreen: Laboratori di  Sostenibilit\u00e0 per il 1\u00b0 Ciclo<\/a><\/li><li class=\"elementor-sitemap-item elementor-sitemap-item-page page_item page-item-69096\"><a href=\"https:\/\/icripalimosani.edu.it\/site\/cablaggio-strutturato-e-sicuro-allinterno-degli-edifici-scolastici\/\">CABLAGGIO STRUTTURATO E SICURO ALL&#8217;INTERNO DEGLI EDIFICI SCOLASTICI&#8221;<\/a><\/li><li class=\"elementor-sitemap-item elementor-sitemap-item-page page_item page-item-68977\"><a href=\"https:\/\/icripalimosani.edu.it\/site\/13-1-2a-digital-board-trasformazione-digitale-nella-didattica-e-nellorganizzazione\/\">13.1.2A Digital Board: trasformazione digitale nella didattica e nell&#8217;organizzazione<\/a><\/li><li class=\"elementor-sitemap-item elementor-sitemap-item-page page_item page-item-68972\"><a href=\"https:\/\/icripalimosani.edu.it\/site\/fondo-europeo-di-sviluppo-regionale-fesr-per-la-scuola-competenze-e-ambienti-per-lapprendimento\/\">FONDO EUROPEO DI SVILUPPO REGIONALE (FESR) -&#8220;Per la scuola, competenze e ambienti per l&#8217;apprendimento<\/a><\/li><li class=\"elementor-sitemap-item elementor-sitemap-item-page page_item page-item-68940\"><a href=\"https:\/\/icripalimosani.edu.it\/site\/piano-nazionale-scuola-digitale\/\">Piano Nazionale Scuola Digitale<\/a><\/li><li class=\"elementor-sitemap-item elementor-sitemap-item-page page_item page-item-68878\"><a href=\"https:\/\/icripalimosani.edu.it\/site\/laboratorio-di-strumento-musicale\/\">Laboratorio di strumento musicale<\/a><\/li><li class=\"elementor-sitemap-item elementor-sitemap-item-page page_item page-item-68715\"><a href=\"https:\/\/icripalimosani.edu.it\/site\/orario-strumento-musicale\/\">Orario Strumento Musicale<\/a><\/li><li class=\"elementor-sitemap-item elementor-sitemap-item-page page_item page-item-68704\"><a href=\"https:\/\/icripalimosani.edu.it\/site\/video\/\">Video<\/a><\/li><li class=\"elementor-sitemap-item elementor-sitemap-item-page page_item page-item-68528\"><a href=\"https:\/\/icripalimosani.edu.it\/site\/attestati\/\">Attestati<\/a><\/li><li class=\"elementor-sitemap-item elementor-sitemap-item-page page_item page-item-68376\"><a href=\"https:\/\/icripalimosani.edu.it\/site\/concerto-di-natale\/\">Concerto di Natale<\/a><\/li><li class=\"elementor-sitemap-item elementor-sitemap-item-page page_item page-item-68374\"><a href=\"https:\/\/icripalimosani.edu.it\/site\/openday\/\">Eventi<\/a><\/li><li class=\"elementor-sitemap-item elementor-sitemap-item-page page_item page-item-68372\"><a href=\"https:\/\/icripalimosani.edu.it\/site\/orchestra-in-progress\/\">Orchestra in Progress<\/a><\/li><li class=\"elementor-sitemap-item elementor-sitemap-item-page page_item page-item-68370\"><a href=\"https:\/\/icripalimosani.edu.it\/site\/progetto-musica-in-continuita\/\">Progetto Musica in Continuit\u00e0<\/a><\/li><li class=\"elementor-sitemap-item elementor-sitemap-item-page page_item page-item-68177\"><a href=\"https:\/\/icripalimosani.edu.it\/site\/sezione-musicale\/\">INDIRIZZO MUSICALE<\/a><\/li><li class=\"elementor-sitemap-item elementor-sitemap-item-page page_item page-item-67906\"><a href=\"https:\/\/icripalimosani.edu.it\/site\/nuovi-eventi\/\">Nuovi Eventi<\/a><\/li><li class=\"elementor-sitemap-item elementor-sitemap-item-page page_item page-item-67596\"><a href=\"https:\/\/icripalimosani.edu.it\/site\/apprendimento-e-socialita-nessuno-indietro\/\">APPRENDIMENTO E SOCIALITA&#8217;- NESSUNO INDIETRO<\/a><\/li><li class=\"elementor-sitemap-item elementor-sitemap-item-page page_item page-item-67593\"><a href=\"https:\/\/icripalimosani.edu.it\/site\/apprendimento-e-socialita-facciamo-arte\/\">APPRENDIMENTO E SOCIALITA&#8217;- FACCIAMO ARTE<\/a><\/li><li class=\"elementor-sitemap-item elementor-sitemap-item-page page_item page-item-67161\"><a href=\"https:\/\/icripalimosani.edu.it\/site\/didattica\/modulistica-personale\/\">MODULISTICA PERSONALE<\/a><\/li><li class=\"elementor-sitemap-item elementor-sitemap-item-page page_item page-item-67027\"><a href=\"https:\/\/icripalimosani.edu.it\/site\/contatti-petrella-tifernina\/\">Contatti &#8211; PETRELLA TIFERNINA<\/a><\/li><li class=\"elementor-sitemap-item elementor-sitemap-item-page page_item page-item-67034\"><a href=\"https:\/\/icripalimosani.edu.it\/site\/contatti-oratino\/\">Contatti &#8211; ORATINO<\/a><\/li><li class=\"elementor-sitemap-item elementor-sitemap-item-page page_item page-item-67033\"><a href=\"https:\/\/icripalimosani.edu.it\/site\/contatti-montagano\/\">Contatti &#8211; Montagano<\/a><\/li><li class=\"elementor-sitemap-item elementor-sitemap-item-page page_item page-item-67032\"><a href=\"https:\/\/icripalimosani.edu.it\/site\/contatti-matrice\/\">Contatti &#8211; MATRICE<\/a><\/li><li class=\"elementor-sitemap-item elementor-sitemap-item-page page_item page-item-67031\"><a href=\"https:\/\/icripalimosani.edu.it\/site\/contatti-lucito\/\">Contatti &#8211; LUCITO<\/a><\/li><li class=\"elementor-sitemap-item elementor-sitemap-item-page page_item page-item-67030\"><a href=\"https:\/\/icripalimosani.edu.it\/site\/contatti-limosano\/\">Contatti &#8211; LIMOSANO<\/a><\/li><li class=\"elementor-sitemap-item elementor-sitemap-item-page page_item page-item-67029\"><a href=\"https:\/\/icripalimosani.edu.it\/site\/contatti-campolieto\/\">Contatti &#8211; CAMPOLIETO<\/a><\/li><li class=\"elementor-sitemap-item elementor-sitemap-item-page page_item page-item-67028\"><a href=\"https:\/\/icripalimosani.edu.it\/site\/contatti-ripalimosani\/\">Contatti &#8211; Ripalimosani<\/a><\/li><li class=\"elementor-sitemap-item elementor-sitemap-item-page page_item page-item-66202\"><a href=\"https:\/\/icripalimosani.edu.it\/site\/sussidi-didattici\/\">SUSSIDI DIDATTICI<\/a><\/li><li class=\"elementor-sitemap-item elementor-sitemap-item-page page_item page-item-65999\"><a href=\"https:\/\/icripalimosani.edu.it\/site\/didattica\/modulistica-famiglie\/\">MODULISTICA FAMIGLIE<\/a><\/li><li class=\"elementor-sitemap-item elementor-sitemap-item-page page_item page-item-65965\"><a href=\"https:\/\/icripalimosani.edu.it\/site\/archivio-pon\/\">Archivio pon<\/a><\/li><li class=\"elementor-sitemap-item elementor-sitemap-item-page page_item page-item-65835\"><a href=\"https:\/\/icripalimosani.edu.it\/site\/sviluppo-del-pensiero-logico-e-computazionale-e-della-creativita-digitale-e-delle-competenze-di-cittadinanza-digitale-a-supporto-dellofferta-formativa-regione-molise\/\">Sviluppo del pensiero logico e computazionale e della creativit\u00e0 digitale e delle competenze di \u201ccittadinanza digitale\u201d, a supporto dell\u2019offerta formativa. REGIONE MOLISE<\/a><\/li><li class=\"elementor-sitemap-item elementor-sitemap-item-page page_item page-item-65832\"><a href=\"https:\/\/icripalimosani.edu.it\/site\/ambienti-digitali-per-la-didattica-integrata-con-gli-arredi-scolastici\/\">Ambienti Digitali per la didattica integrata con gli Arredi Scolastici<\/a><\/li><li class=\"elementor-sitemap-item elementor-sitemap-item-page page_item page-item-65828\"><a href=\"https:\/\/icripalimosani.edu.it\/site\/smart-class\/\">Smart class<\/a><\/li><li class=\"elementor-sitemap-item elementor-sitemap-item-page page_item page-item-65790\"><a href=\"https:\/\/icripalimosani.edu.it\/site\/i-nostri-progetti-ed-eventi%e2%80%8b\/\">I nostri progetti ed eventi\u200b<\/a><\/li><li class=\"elementor-sitemap-item elementor-sitemap-item-page page_item page-item-65787\"><a href=\"https:\/\/icripalimosani.edu.it\/site\/a-s-2016-17\/\">A.S. 2016\/17<\/a><\/li><li class=\"elementor-sitemap-item elementor-sitemap-item-page page_item page-item-65783\"><a href=\"https:\/\/icripalimosani.edu.it\/site\/as-2017-2018\/\">AS. 2017\/2018<\/a><\/li><li class=\"elementor-sitemap-item elementor-sitemap-item-page page_item page-item-65779\"><a href=\"https:\/\/icripalimosani.edu.it\/site\/corso-di-formazione-presso-il-terzo-circolo-didattico-di-termoli-il-16-10-2018\/\">Corso di formazione presso il Terzo circolo Didattico di Termoli il 16\/10\/2018<\/a><\/li><li class=\"elementor-sitemap-item elementor-sitemap-item-page page_item page-item-65774\"><a href=\"https:\/\/icripalimosani.edu.it\/site\/progetto-etwinning-a-funny-school-year\/\">Progetto Etwinning \u201cA funny school year\u201d\u201d<\/a><\/li><li class=\"elementor-sitemap-item elementor-sitemap-item-page page_item page-item-65661\"><a href=\"https:\/\/icripalimosani.edu.it\/site\/didattica-a-distanza\/\">Didattica a distanza<\/a><\/li><li class=\"elementor-sitemap-item elementor-sitemap-item-page page_item page-item-65517\"><a href=\"https:\/\/icripalimosani.edu.it\/site\/mad\/\">MAD<\/a><\/li><li class=\"elementor-sitemap-item elementor-sitemap-item-page page_item page-item-65511\"><a href=\"https:\/\/icripalimosani.edu.it\/site\/progetti-europei\/\">Progetti europei<\/a><\/li><li class=\"elementor-sitemap-item elementor-sitemap-item-page page_item page-item-65499\"><a href=\"https:\/\/icripalimosani.edu.it\/site\/pon-2\/\">PON-2<\/a><\/li><li class=\"elementor-sitemap-item elementor-sitemap-item-page page_item page-item-65496\"><a href=\"https:\/\/icripalimosani.edu.it\/site\/covid-19\/\">COVID-19<\/a><\/li><li class=\"elementor-sitemap-item elementor-sitemap-item-page page_item page-item-65470\"><a href=\"https:\/\/icripalimosani.edu.it\/site\/scuola-secondaria-di-primo-grado\/\">Scuola secondaria di primo grado<\/a><\/li><li class=\"elementor-sitemap-item elementor-sitemap-item-page page_item page-item-65467\"><a href=\"https:\/\/icripalimosani.edu.it\/site\/scuola-dellinfanzia\/\">Scuola dell&#8217;infanzia<\/a><\/li><li class=\"elementor-sitemap-item elementor-sitemap-item-page page_item page-item-65464\"><a href=\"https:\/\/icripalimosani.edu.it\/site\/scuola-primaria\/\">Scuola primaria<\/a><\/li><li class=\"elementor-sitemap-item elementor-sitemap-item-page page_item page-item-65290\"><a href=\"https:\/\/icripalimosani.edu.it\/site\/eventi-e-iniziative\/\">Eventi e iniziative<\/a><\/li><li class=\"elementor-sitemap-item elementor-sitemap-item-page page_item page-item-65409\"><a href=\"https:\/\/icripalimosani.edu.it\/site\/mappa-del-sito\/\">Mappa del sito<\/a><\/li><li class=\"elementor-sitemap-item elementor-sitemap-item-page page_item page-item-65284\"><a href=\"https:\/\/icripalimosani.edu.it\/site\/la-scuola-2\/\">La scuola<\/a><\/li><li class=\"elementor-sitemap-item elementor-sitemap-item-page page_item page-item-65280\"><a href=\"https:\/\/icripalimosani.edu.it\/site\/comunicazioni\/\">Comunicazioni<\/a><\/li><li class=\"elementor-sitemap-item elementor-sitemap-item-page page_item page-item-10254\"><a href=\"https:\/\/icripalimosani.edu.it\/site\/bacheca-sindacale\/\">Bacheca Sindacale<\/a><\/li><li class=\"elementor-sitemap-item elementor-sitemap-item-page page_item page-item-2\"><a href=\"https:\/\/icripalimosani.edu.it\/site\/sample-page\/\">Sample Page<\/a><\/li><li class=\"elementor-sitemap-item elementor-sitemap-item-page page_item page-item-404\"><a href=\"https:\/\/icripalimosani.edu.it\/site\/albo-online-3\/\">Albo online<\/a><\/li><li class=\"elementor-sitemap-item elementor-sitemap-item-page page_item page-item-103\"><a href=\"https:\/\/icripalimosani.edu.it\/site\/\">Home page<\/a><\/li><li class=\"elementor-sitemap-item elementor-sitemap-item-page page_item page-item-62\"><a href=\"https:\/\/icripalimosani.edu.it\/site\/vieni-a-trovarci\/\">Vieni a trovarci<\/a><\/li><li class=\"elementor-sitemap-item elementor-sitemap-item-page page_item page-item-60\"><a href=\"https:\/\/icripalimosani.edu.it\/site\/gestione-dei-cookie\/\">Gestione dei Cookie<\/a><\/li><li class=\"elementor-sitemap-item elementor-sitemap-item-page page_item page-item-13\"><a href=\"https:\/\/icripalimosani.edu.it\/site\/le-nostre-sedi\/\">Le nostre sedi<\/a><\/li><li class=\"elementor-sitemap-item elementor-sitemap-item-page page_item page-item-9\"><a href=\"https:\/\/icripalimosani.edu.it\/site\/amministrazione-trasparente\/\">Amministrazione trasparente<\/a><\/li><li class=\"elementor-sitemap-item elementor-sitemap-item-page page_item page-item-439\"><a href=\"https:\/\/icripalimosani.edu.it\/site\/contattaci\/\">Contattaci<\/a><\/li><li class=\"elementor-sitemap-item elementor-sitemap-item-page page_item page-item-5\"><a href=\"https:\/\/icripalimosani.edu.it\/site\/chi-siamo\/\">Chi siamo<\/a><\/li><li class=\"elementor-sitemap-item elementor-sitemap-item-page page_item page-item-12\"><a href=\"https:\/\/icripalimosani.edu.it\/site\/politica-sulla-riservatezza\/\">politica sulla riservatezza<\/a><\/li><li class=\"elementor-sitemap-item elementor-sitemap-item-page page_item page-item-64840\"><a href=\"https:\/\/icripalimosani.edu.it\/site\/coronavirus\/\">CORONAVIRUS<\/a><\/li><li class=\"elementor-sitemap-item elementor-sitemap-item-page page_item page-item-64407\"><a href=\"https:\/\/icripalimosani.edu.it\/site\/organi\/\">organi<\/a><\/li><li class=\"elementor-sitemap-item elementor-sitemap-item-page page_item page-item-64294\"><a href=\"https:\/\/icripalimosani.edu.it\/site\/generazioni-connesse\/\">Generazioni connesse<\/a><\/li><li class=\"elementor-sitemap-item elementor-sitemap-item-page page_item page-item-64277\"><a href=\"https:\/\/icripalimosani.edu.it\/site\/bullismo-e-cyberbullismo\/\">Bullismo e cyberbullismo<\/a><\/li><li class=\"elementor-sitemap-item elementor-sitemap-item-page page_item page-item-52502\"><a href=\"https:\/\/icripalimosani.edu.it\/site\/ptof-2019-22\/\">PTOF 2019\/22<\/a><\/li><li class=\"elementor-sitemap-item elementor-sitemap-item-page page_item page-item-11271\"><a href=\"https:\/\/icripalimosani.edu.it\/site\/atto-dindirizzo-ds\/\">Atto d&#8217;indirizzo DS<\/a><\/li><li class=\"elementor-sitemap-item elementor-sitemap-item-page page_item page-item-11019\"><a href=\"https:\/\/icripalimosani.edu.it\/site\/futuracampobasso\/\">#FUTURACAMPOBASSO<\/a><\/li><li class=\"elementor-sitemap-item elementor-sitemap-item-page page_item page-item-10684\"><a href=\"https:\/\/icripalimosani.edu.it\/site\/indicazioni-nazionali\/\">Indicazioni Nazionali<\/a><\/li><li class=\"elementor-sitemap-item elementor-sitemap-item-page page_item page-item-10564\"><a href=\"https:\/\/icripalimosani.edu.it\/site\/privacy-2\/\">Privacy<\/a><\/li><li class=\"elementor-sitemap-item elementor-sitemap-item-page page_item page-item-9835\"><a href=\"https:\/\/icripalimosani.edu.it\/site\/albo-pretorio-precedente\/\">Albo pretorio precedente<\/a><\/li><li class=\"elementor-sitemap-item elementor-sitemap-item-page page_item page-item-9580\"><a href=\"https:\/\/icripalimosani.edu.it\/site\/comunicazione-sospensione-attivita-e-chiusura-per-le-elezioni-politiche\/\">Comunicazione sospensione attivit\u00e0 e chiusura per le elezioni politiche<\/a><\/li><li class=\"elementor-sitemap-item elementor-sitemap-item-page page_item page-item-8648\"><a href=\"https:\/\/icripalimosani.edu.it\/site\/celebrazione-del-4-novembre\/\">Celebrazione del 4 Novembre<\/a><\/li><li class=\"elementor-sitemap-item elementor-sitemap-item-page page_item page-item-8586\"><a href=\"https:\/\/icripalimosani.edu.it\/site\/patto-educativo-di-corresponsabilita-2\/\">Patto Educativo di Corresponsabilit\u00e0<\/a><\/li><li class=\"elementor-sitemap-item elementor-sitemap-item-page page_item page-item-8324\"><a href=\"https:\/\/icripalimosani.edu.it\/site\/graduatorie-distituto-docenti\/\">Graduatorie d&#8217;Istituto<\/a><\/li><li class=\"elementor-sitemap-item elementor-sitemap-item-page page_item page-item-8213\"><a href=\"https:\/\/icripalimosani.edu.it\/site\/pon-2014-2020\/\">PON 2014-2020<\/a><\/li><li class=\"elementor-sitemap-item elementor-sitemap-item-page page_item page-item-7953\"><a href=\"https:\/\/icripalimosani.edu.it\/site\/protocollo-medico\/\">Protocollo medico<\/a><\/li><li class=\"elementor-sitemap-item elementor-sitemap-item-page page_item page-item-6667\"><a href=\"https:\/\/icripalimosani.edu.it\/site\/carta-dei-servizi-2\/\">Carta dei Servizi<\/a><\/li><li class=\"elementor-sitemap-item elementor-sitemap-item-page page_item page-item-5435\"><a href=\"https:\/\/icripalimosani.edu.it\/site\/bacheca-sindacale-2\/\">Bacheca Sindacale<\/a><\/li><li class=\"elementor-sitemap-item elementor-sitemap-item-page page_item page-item-5412\"><a href=\"https:\/\/icripalimosani.edu.it\/site\/organigramma-e-funzionigramma\/\">Organigramma e Funzionigramma<\/a><\/li><li class=\"elementor-sitemap-item elementor-sitemap-item-page page_item page-item-5226\"><a href=\"https:\/\/icripalimosani.edu.it\/site\/certificazione-delle-competenze\/\">Certificazione delle competenze<\/a><\/li><li class=\"elementor-sitemap-item elementor-sitemap-item-page page_item page-item-5033\"><a href=\"https:\/\/icripalimosani.edu.it\/site\/comitato-di-valutazione-2\/\">Comitato di valutazione<\/a><\/li><li class=\"elementor-sitemap-item elementor-sitemap-item-page page_item page-item-4861\"><a href=\"https:\/\/icripalimosani.edu.it\/site\/comuni-serviti-dallistituto-comprensivo-alighieri-di-ripalimosani\/\">Comuni serviti dall&#8217;Istituto Comprensivo &#8220;Alighieri&#8221; di Ripalimosani<\/a><\/li><li class=\"elementor-sitemap-item elementor-sitemap-item-page page_item page-item-4730\"><a href=\"https:\/\/icripalimosani.edu.it\/site\/rav\/\">RAV E PIANO DI MIGLIORAMENTO<\/a><\/li><li class=\"elementor-sitemap-item elementor-sitemap-item-page page_item page-item-4587\"><a href=\"https:\/\/icripalimosani.edu.it\/site\/scuole-associate-unesco-a-s-20152016\/\">Scuole Associate UNESCO &#8211; DALL&#8217; A.S. 2015\/2016<\/a><\/li><li class=\"elementor-sitemap-item elementor-sitemap-item-page page_item page-item-4609\"><a href=\"https:\/\/icripalimosani.edu.it\/site\/obiettivi-di-accessibilita-2016\/\">Obiettivi di accessibilit\u00e0 2016<\/a><\/li><li class=\"elementor-sitemap-item elementor-sitemap-item-page page_item page-item-4196\"><a href=\"https:\/\/icripalimosani.edu.it\/site\/sicurezza\/\">Sicurezza<\/a><\/li><li class=\"elementor-sitemap-item elementor-sitemap-item-page page_item page-item-4077\"><a href=\"https:\/\/icripalimosani.edu.it\/site\/ptof-201617\/\">PTOF 2016\/19<\/a><\/li><li class=\"elementor-sitemap-item elementor-sitemap-item-page page_item page-item-3974\"><a href=\"https:\/\/icripalimosani.edu.it\/site\/note-legali\/\">Note legali<\/a><\/li><li class=\"elementor-sitemap-item elementor-sitemap-item-page page_item page-item-3972\"><a href=\"https:\/\/icripalimosani.edu.it\/site\/privacy\/\">Privacy<\/a><\/li><li class=\"elementor-sitemap-item elementor-sitemap-item-page page_item page-item-3949\"><a href=\"https:\/\/icripalimosani.edu.it\/site\/elenco-siti-tematici\/\">Elenco Siti Tematici<\/a><\/li><li class=\"elementor-sitemap-item elementor-sitemap-item-page page_item page-item-3755\"><a href=\"https:\/\/icripalimosani.edu.it\/site\/progetti-online\/\">Progetti online<\/a><\/li><li class=\"elementor-sitemap-item elementor-sitemap-item-page page_item page-item-3544\"><a href=\"https:\/\/icripalimosani.edu.it\/site\/orario-ricevimento-docenti-secondaria\/\">Orario ricevimento docenti &#8211; Secondaria<\/a><\/li><li class=\"elementor-sitemap-item elementor-sitemap-item-page page_item page-item-3498\"><a href=\"https:\/\/icripalimosani.edu.it\/site\/regolamenti\/\">Regolamenti d&#8217;Istituto<\/a><\/li><li class=\"elementor-sitemap-item elementor-sitemap-item-page page_item page-item-3474\"><a href=\"https:\/\/icripalimosani.edu.it\/site\/curricoli-orizzontali\/\">Curricoli Orizzontali<\/a><\/li><li class=\"elementor-sitemap-item elementor-sitemap-item-page page_item page-item-3426\"><a href=\"https:\/\/icripalimosani.edu.it\/site\/rubrica-di-valutazione\/\">Rubrica di valutazione<\/a><\/li><li class=\"elementor-sitemap-item elementor-sitemap-item-page page_item page-item-3286\"><a href=\"https:\/\/icripalimosani.edu.it\/site\/documenti-per-i-docenti\/\">Modulistica didattica per docenti<\/a><\/li><li class=\"elementor-sitemap-item elementor-sitemap-item-page page_item page-item-3203\"><a href=\"https:\/\/icripalimosani.edu.it\/site\/piani-di-lavoro-secondaria\/\">Piani di lavoro Secondaria<\/a><\/li><li class=\"elementor-sitemap-item elementor-sitemap-item-page page_item page-item-2940\"><a href=\"https:\/\/icripalimosani.edu.it\/site\/atti-scaduti\/\">Albo pretorio &#8211; Atti scaduti<\/a><\/li><li class=\"elementor-sitemap-item elementor-sitemap-item-page page_item page-item-2843\"><a href=\"https:\/\/icripalimosani.edu.it\/site\/cookie\/\">Cookie<\/a><\/li><li class=\"elementor-sitemap-item elementor-sitemap-item-page page_item page-item-2458\"><a href=\"https:\/\/icripalimosani.edu.it\/site\/curricolo-verticale\/\">Curricolo Verticale<\/a><\/li><li class=\"elementor-sitemap-item elementor-sitemap-item-page page_item page-item-2347\"><a href=\"https:\/\/icripalimosani.edu.it\/site\/etwinning\/\">eTwinning<\/a><\/li><li class=\"elementor-sitemap-item elementor-sitemap-item-page page_item page-item-2342\"><a href=\"https:\/\/icripalimosani.edu.it\/site\/formazione-docenti\/\">Formazione personale docente ed A.T.A.<\/a><\/li><li class=\"elementor-sitemap-item elementor-sitemap-item-page page_item page-item-2340\"><a href=\"https:\/\/icripalimosani.edu.it\/site\/orientamento\/\">Orientamento<\/a><\/li><li class=\"elementor-sitemap-item elementor-sitemap-item-page page_item page-item-2291\"><a href=\"https:\/\/icripalimosani.edu.it\/site\/link-utili\/\">Link Utili<\/a><\/li><li class=\"elementor-sitemap-item elementor-sitemap-item-page page_item page-item-2113\"><a href=\"https:\/\/icripalimosani.edu.it\/site\/vademecum-sulla-sicurezza\/\">Vademecum sulla sicurezza<\/a><\/li><li class=\"elementor-sitemap-item elementor-sitemap-item-page page_item page-item-1839\"><a href=\"https:\/\/icripalimosani.edu.it\/site\/porte-aperte\/\">Porte Aperte<\/a><\/li><li class=\"elementor-sitemap-item elementor-sitemap-item-page page_item page-item-1822\"><a href=\"https:\/\/icripalimosani.edu.it\/site\/siti-istituzionali\/\">Siti Istituzionali<\/a><\/li><li class=\"elementor-sitemap-item elementor-sitemap-item-page page_item page-item-1701\"><a href=\"https:\/\/icripalimosani.edu.it\/site\/contratto-integrativo-distituto\/\">Contratto integrativo d&#8217;Istituto<\/a><\/li><li class=\"elementor-sitemap-item elementor-sitemap-item-page page_item page-item-1591\"><a href=\"https:\/\/icripalimosani.edu.it\/site\/concorso-per-il-nuovo-logo-della-scuola\/\">Tutti i disegni del concorso per il nuovo logo della scuola<\/a><\/li><li class=\"elementor-sitemap-item elementor-sitemap-item-page page_item page-item-1556\"><a href=\"https:\/\/icripalimosani.edu.it\/site\/eventi-ed-iniziative\/\">Eventi , riconoscimenti ed iniziative<\/a><\/li><li class=\"elementor-sitemap-item elementor-sitemap-item-page page_item page-item-1539\"><a href=\"https:\/\/icripalimosani.edu.it\/site\/la-scuola\/organi-collegiali\/collegio-dei-docenti\/\">Collegio dei docenti<\/a><\/li><li class=\"elementor-sitemap-item elementor-sitemap-item-page page_item page-item-1537\"><a href=\"https:\/\/icripalimosani.edu.it\/site\/la-scuola\/organi-collegiali\/consiglio-distituto\/\">Consiglio d&#8217;Istituto<\/a><\/li><li class=\"elementor-sitemap-item elementor-sitemap-item-page page_item page-item-1332\"><a href=\"https:\/\/icripalimosani.edu.it\/site\/elezione-del-consiglio-distituto\/\">Elezione del Consiglio d&#8217;Istituto<\/a><\/li><li class=\"elementor-sitemap-item elementor-sitemap-item-page page_item page-item-1288\"><a href=\"https:\/\/icripalimosani.edu.it\/site\/funzionigramma\/\">Funzionigramma<\/a><\/li><li class=\"elementor-sitemap-item elementor-sitemap-item-page page_item page-item-1231\"><a href=\"https:\/\/icripalimosani.edu.it\/site\/registri\/\">Registri<\/a><\/li><li class=\"elementor-sitemap-item elementor-sitemap-item-page page_item page-item-1206\"><a href=\"https:\/\/icripalimosani.edu.it\/site\/la-scuola\/curricolo-verticale\/\">Curricolo verticale<\/a><\/li><li class=\"elementor-sitemap-item elementor-sitemap-item-page page_item page-item-1175\"><a href=\"https:\/\/icripalimosani.edu.it\/site\/albo-pretorio\/\">Albo pretorio on-line<\/a><\/li><li class=\"elementor-sitemap-item elementor-sitemap-item-page page_item page-item-1165\"><a href=\"https:\/\/icripalimosani.edu.it\/site\/codice-disciplinare\/\">Codice Disciplinare<\/a><\/li><li class=\"elementor-sitemap-item elementor-sitemap-item-page page_item page-item-1122\"><a href=\"https:\/\/icripalimosani.edu.it\/site\/amministrazione-trasparente-2\/\">Amministrazione trasparente<\/a><\/li><li class=\"elementor-sitemap-item elementor-sitemap-item-page page_item page-item-1030\"><a href=\"https:\/\/icripalimosani.edu.it\/site\/glossario\/\">Glossario<\/a><\/li><li class=\"elementor-sitemap-item elementor-sitemap-item-page page_item page-item-1028\"><a href=\"https:\/\/icripalimosani.edu.it\/site\/accessibilita\/\">Accessibilit\u00e0<\/a><\/li><li class=\"elementor-sitemap-item elementor-sitemap-item-page page_item page-item-1026\"><a href=\"https:\/\/icripalimosani.edu.it\/site\/contatti\/\">Contatti<\/a><\/li><li class=\"elementor-sitemap-item elementor-sitemap-item-page page_item page-item-1024\"><a href=\"https:\/\/icripalimosani.edu.it\/site\/dove-siamo\/\">Dove siamo<\/a><\/li><li class=\"elementor-sitemap-item elementor-sitemap-item-page page_item page-item-992\"><a href=\"https:\/\/icripalimosani.edu.it\/site\/studenti\/concorso-per-il-nuovo-logo-della-scuola\/\">Concorso per il nuovo logo della scuola<\/a><\/li><li class=\"elementor-sitemap-item elementor-sitemap-item-page page_item page-item-934\"><a href=\"https:\/\/icripalimosani.edu.it\/site\/plessi\/\">Plessi<\/a><\/li><li class=\"elementor-sitemap-item elementor-sitemap-item-page page_item page-item-1549\"><a href=\"https:\/\/icripalimosani.edu.it\/site\/calendario-scolastico-20142015\/\">Calendario Scolastico 2023\/2024<\/a><\/li><li class=\"elementor-sitemap-item elementor-sitemap-item-page page_item page-item-956\"><a href=\"https:\/\/icripalimosani.edu.it\/site\/tutorial\/tutorial-in-pdf\/\">Tutorial in PDF<\/a><\/li><li class=\"elementor-sitemap-item elementor-sitemap-item-page page_item page-item-936\"><a href=\"https:\/\/icripalimosani.edu.it\/site\/didattica\/piani-di-lavoro\/piani-di-lavoro-della-scuola-dellinfanzia\/\">PAI<\/a><\/li><li class=\"elementor-sitemap-item elementor-sitemap-item-page page_item page-item-935\"><a href=\"https:\/\/icripalimosani.edu.it\/site\/didattica\/piani-di-lavoro\/piani-di-lavoro-della-scuola-primaria\/\">DAL 2015\/16<\/a><\/li><li class=\"elementor-sitemap-item elementor-sitemap-item-page page_item page-item-932\"><a href=\"https:\/\/icripalimosani.edu.it\/site\/didattica\/piani-di-lavoro\/\">INCLUSIONE<\/a><\/li><li class=\"elementor-sitemap-item elementor-sitemap-item-page page_item page-item-770\"><a href=\"https:\/\/icripalimosani.edu.it\/site\/tutorial\/usare-i-temi-pasw\/\">Usare i temi PASW<\/a><\/li><li class=\"elementor-sitemap-item elementor-sitemap-item-page page_item page-item-65239\"><a href=\"https:\/\/icripalimosani.edu.it\/site\/tutorial\/aggiornamenti\/\">Aggiornare WordPress<\/a><\/li><li class=\"elementor-sitemap-item elementor-sitemap-item-page page_item page-item-237\"><a href=\"https:\/\/icripalimosani.edu.it\/site\/tutorial\/il-sito-scuola-aperta-sul-web\/\">&#8211; Il sito &#8220;Scuola Aperta Sul Web&#8221;<\/a><\/li><li class=\"elementor-sitemap-item elementor-sitemap-item-page page_item page-item-235\"><a href=\"https:\/\/icripalimosani.edu.it\/site\/tutorial\/un-sito-ricco-con-i-plugin\/\">&#8211; Un sito ricco con i plugin<\/a><\/li><li class=\"elementor-sitemap-item elementor-sitemap-item-page page_item page-item-233\"><a href=\"https:\/\/icripalimosani.edu.it\/site\/tutorial\/wp-per-un-sito-semplice\/\">&#8211; WP per un sito semplice<\/a><\/li><li class=\"elementor-sitemap-item elementor-sitemap-item-page page_item page-item-231\"><a href=\"https:\/\/icripalimosani.edu.it\/site\/tutorial\/un-blog-per-un-sito-statico\/\">&#8211; Un blog per un sito statico<\/a><\/li><li class=\"elementor-sitemap-item elementor-sitemap-item-page page_item page-item-228\"><a href=\"https:\/\/icripalimosani.edu.it\/site\/home-2\/\">Home<\/a><\/li><li class=\"elementor-sitemap-item elementor-sitemap-item-page page_item page-item-211\"><a href=\"https:\/\/icripalimosani.edu.it\/site\/la-scuola\/organi-collegiali\/giunta-esecutiva\/\">Giunta esecutiva<\/a><\/li><li class=\"elementor-sitemap-item elementor-sitemap-item-page page_item page-item-204\"><a href=\"https:\/\/icripalimosani.edu.it\/site\/news\/\">News<\/a><\/li><li class=\"elementor-sitemap-item elementor-sitemap-item-page page_item page-item-65238\"><a href=\"https:\/\/icripalimosani.edu.it\/site\/circolari\/\">Circolari<\/a><\/li><li class=\"elementor-sitemap-item elementor-sitemap-item-page page_item page-item-154\"><a href=\"https:\/\/icripalimosani.edu.it\/site\/tutorial\/usi-di-wordpress\/\">Usi di WordPress<\/a><\/li><li class=\"elementor-sitemap-item elementor-sitemap-item-page page_item page-item-65237\"><a href=\"https:\/\/icripalimosani.edu.it\/site\/tutorial\/guide\/\">Guide<\/a><\/li><li class=\"elementor-sitemap-item elementor-sitemap-item-page page_item page-item-105\"><a href=\"https:\/\/icripalimosani.edu.it\/site\/tutorial\/forum-ufficiali\/\">Forum ufficiali<\/a><\/li><li class=\"elementor-sitemap-item elementor-sitemap-item-page page_item page-item-97\"><a href=\"https:\/\/icripalimosani.edu.it\/site\/tutorial\/\">Tutorial<\/a><\/li><li class=\"elementor-sitemap-item elementor-sitemap-item-page page_item page-item-65236\"><a href=\"https:\/\/icripalimosani.edu.it\/site\/la-scuola\/calendario\/\">Orario di funzionamento<\/a><\/li><li class=\"elementor-sitemap-item elementor-sitemap-item-page page_item page-item-93\"><a href=\"https:\/\/icripalimosani.edu.it\/site\/la-scuola\/formazione\/\">Formazione<\/a><\/li><li class=\"elementor-sitemap-item elementor-sitemap-item-page page_item page-item-91\"><a href=\"https:\/\/icripalimosani.edu.it\/site\/la-scuola\/strutture\/\">Regolamento vigilanza sugli alunni<\/a><\/li><li class=\"elementor-sitemap-item elementor-sitemap-item-page page_item page-item-89\"><a href=\"https:\/\/icripalimosani.edu.it\/site\/la-scuola\/pof\/\">POF &#8211; Piano dell&#8217;Offerta Formativa a.s. 2015\/16<\/a><\/li><li class=\"elementor-sitemap-item elementor-sitemap-item-page page_item page-item-87\"><a href=\"https:\/\/icripalimosani.edu.it\/site\/la-scuola\/regolamento\/\">Regolamento d&#8217;Istituto<\/a><\/li><li class=\"elementor-sitemap-item elementor-sitemap-item-page page_item page-item-85\"><a href=\"https:\/\/icripalimosani.edu.it\/site\/la-scuola\/organi-collegiali\/\">Organi collegiali<\/a><\/li><li class=\"elementor-sitemap-item elementor-sitemap-item-page page_item page-item-81\"><a href=\"https:\/\/icripalimosani.edu.it\/site\/la-scuola\/dirigenza\/\">Dirigenza<\/a><\/li><li class=\"elementor-sitemap-item elementor-sitemap-item-page page_item page-item-78\"><a href=\"https:\/\/icripalimosani.edu.it\/site\/didattica\/progetti\/\">Progetti d&#8217;Istituto<\/a><\/li><li class=\"elementor-sitemap-item elementor-sitemap-item-page page_item page-item-65234\"><a href=\"https:\/\/icripalimosani.edu.it\/site\/la-scuola\/calendario-impegni\/\">Piano annuale delle attivit\u00e0 dei docenti<\/a><\/li><li class=\"elementor-sitemap-item elementor-sitemap-item-page page_item page-item-65233\"><a href=\"https:\/\/icripalimosani.edu.it\/site\/segreteria\/iscrizioni\/\">Iscrizioni<\/a><\/li><li class=\"elementor-sitemap-item elementor-sitemap-item-page page_item page-item-65232\"><a href=\"https:\/\/icripalimosani.edu.it\/site\/segreteria\/rapporti-scuola-famiglia\/\">Orario di apertura della segreteria<\/a><\/li><li class=\"elementor-sitemap-item elementor-sitemap-item-page page_item page-item-65231\"><a href=\"https:\/\/icripalimosani.edu.it\/site\/segreteria\/orari-di-apertura\/\">Segreteria: organigramma<\/a><\/li><li class=\"elementor-sitemap-item elementor-sitemap-item-page page_item page-item-59\"><a href=\"https:\/\/icripalimosani.edu.it\/site\/didattica\/\">Didattica<\/a><\/li><li class=\"elementor-sitemap-item elementor-sitemap-item-page page_item page-item-57\"><a href=\"https:\/\/icripalimosani.edu.it\/site\/segreteria\/\">Segreteria<\/a><\/li><li class=\"elementor-sitemap-item elementor-sitemap-item-page page_item page-item-31\"><a href=\"https:\/\/icripalimosani.edu.it\/site\/il-sito\/accessibilita\/\">Accessibilit\u00e0<\/a><\/li><li class=\"elementor-sitemap-item elementor-sitemap-item-page page_item page-item-65230\"><a href=\"https:\/\/icripalimosani.edu.it\/site\/il-sito\/contatti\/\">Contatti<\/a><\/li><li class=\"elementor-sitemap-item elementor-sitemap-item-page page_item page-item-65229\"><a href=\"https:\/\/icripalimosani.edu.it\/site\/il-sito\/mappa-del-sito\/\">Mappa del sito<\/a><\/li><li class=\"elementor-sitemap-item elementor-sitemap-item-page page_item page-item-25\"><a href=\"https:\/\/icripalimosani.edu.it\/site\/didattica\/materiali\/\">PNSD e Materiali<\/a><\/li><li class=\"elementor-sitemap-item elementor-sitemap-item-page page_item page-item-23\"><a href=\"https:\/\/icripalimosani.edu.it\/site\/segreteria\/libri-di-testo\/\">Libri di testo<\/a><\/li><li class=\"elementor-sitemap-item elementor-sitemap-item-page page_item page-item-21\"><a href=\"https:\/\/icripalimosani.edu.it\/site\/didattica\/attivita\/\">Attivit\u00e0 extracurricolari<\/a><\/li><li class=\"elementor-sitemap-item elementor-sitemap-item-page page_item page-item-65228\"><a href=\"https:\/\/icripalimosani.edu.it\/site\/il-sito\/\">Il sito<\/a><\/li><li class=\"elementor-sitemap-item elementor-sitemap-item-page page_item page-item-65227\"><a href=\"https:\/\/icripalimosani.edu.it\/site\/la-scuola\/\">La scuola<\/a><\/li><li class=\"elementor-sitemap-item elementor-sitemap-item-page page_item page-item-65226\"><a href=\"https:\/\/icripalimosani.edu.it\/site\/personale-ata\/\">Personale A.T.A<\/a><\/li><li class=\"elementor-sitemap-item elementor-sitemap-item-page page_item page-item-8\"><a href=\"https:\/\/icripalimosani.edu.it\/site\/docenti\/\">Docenti<\/a><\/li><li class=\"elementor-sitemap-item elementor-sitemap-item-page page_item page-item-7\"><a href=\"https:\/\/icripalimosani.edu.it\/site\/famiglie\/\">Famiglie<\/a><\/li><li class=\"elementor-sitemap-item elementor-sitemap-item-page page_item page-item-65225\"><a href=\"https:\/\/icripalimosani.edu.it\/site\/studenti\/\">Studenti<\/a><\/li><\/ul><\/div><div class=\"elementor-sitemap-section\"><h2 class=\"elementor-sitemap-title elementor-sitemap-category-title\">Categorie<\/h2><ul class=\"elementor-sitemap-list elementor-sitemap-category-list\">\t<li class=\"elementor-sitemap-item elementor-sitemap-item-category cat-item cat-item-1\"><a href=\"https:\/\/icripalimosani.edu.it\/site\/category\/uncategorized\/\">Uncategorized<\/a>\n<\/li>\n\t<li class=\"elementor-sitemap-item elementor-sitemap-item-category cat-item cat-item-79\"><a href=\"https:\/\/icripalimosani.edu.it\/site\/category\/pon\/sviluppo-del-pensiero-logico-e-computazionale-e-della-creativita-digitale-e-delle-competenze-di-cittadinanza-digitale-a-supporto-dellofferta-formativa-regione-molise\/\">Sviluppo del pensiero logico e computazionale e della creativit\u00e0 digitale e delle competenze di \u201ccittadinanza digitale\u201d, a supporto dell\u2019offerta formativa. REGIONE MOLISE<\/a>\n<\/li>\n\t<li class=\"elementor-sitemap-item elementor-sitemap-item-category cat-item cat-item-88\"><a href=\"https:\/\/icripalimosani.edu.it\/site\/category\/sussidi-didattici\/\">SUSSIDI DIDATTICI<\/a>\n<\/li>\n\t<li class=\"elementor-sitemap-item elementor-sitemap-item-category cat-item cat-item-9\"><a href=\"https:\/\/icripalimosani.edu.it\/site\/category\/studenti\/\">Studenti<\/a>\n<\/li>\n\t<li class=\"elementor-sitemap-item elementor-sitemap-item-category cat-item cat-item-107\"><a href=\"https:\/\/icripalimosani.edu.it\/site\/category\/spazi-e-strumenti-digitali-per-le-stem-_-bando\/\">Spazi e strumenti digitali per le STEM _ BANDO<\/a>\n<\/li>\n\t<li class=\"elementor-sitemap-item elementor-sitemap-item-category cat-item cat-item-77\"><a href=\"https:\/\/icripalimosani.edu.it\/site\/category\/pon\/smart-class\/\">Smart class<\/a>\n<\/li>\n\t<li class=\"elementor-sitemap-item elementor-sitemap-item-category cat-item cat-item-72\"><a href=\"https:\/\/icripalimosani.edu.it\/site\/category\/secondaria\/\">Secondaria<\/a>\n<\/li>\n\t<li class=\"elementor-sitemap-item elementor-sitemap-item-category cat-item cat-item-120\"><a href=\"https:\/\/icripalimosani.edu.it\/site\/category\/regolamenti\/\">Regolamenti<\/a>\n<\/li>\n\t<li class=\"elementor-sitemap-item elementor-sitemap-item-category cat-item cat-item-114\"><a href=\"https:\/\/icripalimosani.edu.it\/site\/category\/ptof-22-25\/\">Ptof 22-25<\/a>\n<\/li>\n\t<li class=\"elementor-sitemap-item elementor-sitemap-item-category cat-item cat-item-85\"><a href=\"https:\/\/icripalimosani.edu.it\/site\/category\/ptof\/\">ptof<\/a>\n<\/li>\n\t<li class=\"elementor-sitemap-item elementor-sitemap-item-category cat-item cat-item-82\"><a href=\"https:\/\/icripalimosani.edu.it\/site\/category\/progetti-online\/\">Progetti Online<\/a>\n<\/li>\n\t<li class=\"elementor-sitemap-item elementor-sitemap-item-category cat-item cat-item-66\"><a href=\"https:\/\/icripalimosani.edu.it\/site\/category\/progetti-europei\/\">Progetti europei<\/a>\n<\/li>\n\t<li class=\"elementor-sitemap-item elementor-sitemap-item-category cat-item cat-item-71\"><a href=\"https:\/\/icripalimosani.edu.it\/site\/category\/primaria\/\">Primaria<\/a>\n<\/li>\n\t<li class=\"elementor-sitemap-item elementor-sitemap-item-category cat-item cat-item-76\"><a href=\"https:\/\/icripalimosani.edu.it\/site\/category\/pon\/\">pon<\/a>\n<\/li>\n\t<li class=\"elementor-sitemap-item elementor-sitemap-item-category cat-item cat-item-44\"><a href=\"https:\/\/icripalimosani.edu.it\/site\/category\/plessi\/\">Plessi<\/a>\n<\/li>\n\t<li class=\"elementor-sitemap-item elementor-sitemap-item-category cat-item cat-item-7\"><a href=\"https:\/\/icripalimosani.edu.it\/site\/category\/personale-ata\/\">Personale ata<\/a>\n<\/li>\n\t<li class=\"elementor-sitemap-item elementor-sitemap-item-category cat-item cat-item-116\"><a href=\"https:\/\/icripalimosani.edu.it\/site\/category\/per-non-perdere-la-strada\/\">Per non perdere la strada<\/a>\n<\/li>\n\t<li class=\"elementor-sitemap-item elementor-sitemap-item-category cat-item cat-item-118\"><a href=\"https:\/\/icripalimosani.edu.it\/site\/category\/padigitale2026\/\">PaDigitale2026<\/a>\n<\/li>\n\t<li class=\"elementor-sitemap-item elementor-sitemap-item-category cat-item cat-item-98\"><a href=\"https:\/\/icripalimosani.edu.it\/site\/category\/apprendimento-e-socialita\/nessuno-indietro\/\">Nessuno indietro<\/a>\n<\/li>\n\t<li class=\"elementor-sitemap-item elementor-sitemap-item-category cat-item cat-item-89\"><a href=\"https:\/\/icripalimosani.edu.it\/site\/category\/modulistica-familgie\/\">Modulistica familgie<\/a>\n<\/li>\n\t<li class=\"elementor-sitemap-item elementor-sitemap-item-category cat-item cat-item-91\"><a href=\"https:\/\/icripalimosani.edu.it\/site\/category\/modulistica-docenti-secondaria\/\">Modulistica docenti &#8211; Secondaria<\/a>\n<\/li>\n\t<li class=\"elementor-sitemap-item elementor-sitemap-item-category cat-item cat-item-92\"><a href=\"https:\/\/icripalimosani.edu.it\/site\/category\/modulistica-docenti-progetti\/\">Modulistica docenti &#8211; Progetti<\/a>\n<\/li>\n\t<li class=\"elementor-sitemap-item elementor-sitemap-item-category cat-item cat-item-90\"><a href=\"https:\/\/icripalimosani.edu.it\/site\/category\/modulistica-docenti-primaria\/\">Modulistica docenti &#8211; Primaria<\/a>\n<\/li>\n\t<li class=\"elementor-sitemap-item elementor-sitemap-item-category cat-item cat-item-80\"><a href=\"https:\/\/icripalimosani.edu.it\/site\/category\/modulistica-docenti-infanzia\/\">Modulistica docenti &#8211; Infanzia<\/a>\n<\/li>\n\t<li class=\"elementor-sitemap-item elementor-sitemap-item-category cat-item cat-item-33\"><a href=\"https:\/\/icripalimosani.edu.it\/site\/category\/mod\/\">Modulistica<\/a>\n<\/li>\n\t<li class=\"elementor-sitemap-item elementor-sitemap-item-category cat-item cat-item-70\"><a href=\"https:\/\/icripalimosani.edu.it\/site\/category\/infanzia\/\">Infanzia<\/a>\n<\/li>\n\t<li class=\"elementor-sitemap-item elementor-sitemap-item-category cat-item cat-item-101\"><a href=\"https:\/\/icripalimosani.edu.it\/site\/category\/indirizzo-musicale\/\">INDIRIZZO MUSICALE<\/a>\n<\/li>\n\t<li class=\"elementor-sitemap-item elementor-sitemap-item-category cat-item cat-item-87\"><a href=\"https:\/\/icripalimosani.edu.it\/site\/category\/inclusione-e-formazione\/\">Inclusione e formazione<\/a>\n<\/li>\n\t<li class=\"elementor-sitemap-item elementor-sitemap-item-category cat-item cat-item-29\"><a href=\"https:\/\/icripalimosani.edu.it\/site\/category\/in_evidenza\/\">In evidenza<\/a>\n<\/li>\n\t<li class=\"elementor-sitemap-item elementor-sitemap-item-category cat-item cat-item-6\"><a href=\"https:\/\/icripalimosani.edu.it\/site\/category\/genitori\/\">Genitori<\/a>\n<\/li>\n\t<li class=\"elementor-sitemap-item elementor-sitemap-item-category cat-item cat-item-64\"><a href=\"https:\/\/icripalimosani.edu.it\/site\/category\/generazioni-connesse\/\">Generazioni connesse<\/a>\n<\/li>\n\t<li class=\"elementor-sitemap-item elementor-sitemap-item-category cat-item cat-item-28\"><a href=\"https:\/\/icripalimosani.edu.it\/site\/category\/generali\/\">Generali<\/a>\n<\/li>\n\t<li class=\"elementor-sitemap-item elementor-sitemap-item-category cat-item cat-item-119\"><a href=\"https:\/\/icripalimosani.edu.it\/site\/category\/futura-domani\/\">futura domani<\/a>\n<\/li>\n\t<li class=\"elementor-sitemap-item elementor-sitemap-item-category cat-item cat-item-24\"><a href=\"https:\/\/icripalimosani.edu.it\/site\/category\/famiglie\/\">Famiglie<\/a>\n<\/li>\n\t<li class=\"elementor-sitemap-item elementor-sitemap-item-category cat-item cat-item-97\"><a href=\"https:\/\/icripalimosani.edu.it\/site\/category\/apprendimento-e-socialita\/facciamo-arte\/\">Facciamo arte<\/a>\n<\/li>\n\t<li class=\"elementor-sitemap-item elementor-sitemap-item-category cat-item cat-item-112\"><a href=\"https:\/\/icripalimosani.edu.it\/site\/category\/eventi-musicali\/\">eventi musicali<\/a>\n<\/li>\n\t<li class=\"elementor-sitemap-item elementor-sitemap-item-category cat-item cat-item-99\"><a href=\"https:\/\/icripalimosani.edu.it\/site\/category\/eventi-2020-2021\/\">Eventi 2020\/2021<\/a>\n<\/li>\n\t<li class=\"elementor-sitemap-item elementor-sitemap-item-category cat-item cat-item-100\"><a href=\"https:\/\/icripalimosani.edu.it\/site\/category\/eventi-2019-2020\/\">Eventi 2019\/2020<\/a>\n<\/li>\n\t<li class=\"elementor-sitemap-item elementor-sitemap-item-category cat-item cat-item-23\"><a href=\"https:\/\/icripalimosani.edu.it\/site\/category\/eventi\/\">Eventi<\/a>\n<\/li>\n\t<li class=\"elementor-sitemap-item elementor-sitemap-item-category cat-item cat-item-113\"><a href=\"https:\/\/icripalimosani.edu.it\/site\/category\/edugreen\/\">Edugreen<\/a>\n<\/li>\n\t<li class=\"elementor-sitemap-item elementor-sitemap-item-category cat-item cat-item-22\"><a href=\"https:\/\/icripalimosani.edu.it\/site\/category\/docenti-2\/\">Docenti<\/a>\n<\/li>\n\t<li class=\"elementor-sitemap-item elementor-sitemap-item-category cat-item cat-item-117\"><a href=\"https:\/\/icripalimosani.edu.it\/site\/category\/diventiamo-competenti\/\">Diventiamo competenti<\/a>\n<\/li>\n\t<li class=\"elementor-sitemap-item elementor-sitemap-item-category cat-item cat-item-110\"><a href=\"https:\/\/icripalimosani.edu.it\/site\/category\/digital-board-trasformazione-digitale-nella-didattica-e-nellorganizzazione\/\">Digital Board: trasformazione digitale nella didattica e nell&#039;organizzazione<\/a>\n<\/li>\n\t<li class=\"elementor-sitemap-item elementor-sitemap-item-category cat-item cat-item-81\"><a href=\"https:\/\/icripalimosani.edu.it\/site\/category\/didattica-a-distanza\/\">Didattica a distanza<\/a>\n<\/li>\n\t<li class=\"elementor-sitemap-item elementor-sitemap-item-category cat-item cat-item-63\"><a href=\"https:\/\/icripalimosani.edu.it\/site\/category\/covid\/\">Covid<\/a>\n<\/li>\n\t<li class=\"elementor-sitemap-item elementor-sitemap-item-category cat-item cat-item-21\"><a href=\"https:\/\/icripalimosani.edu.it\/site\/category\/circolari\/circ-ata\/\">Circolari Personale A.T.A.<\/a>\n<\/li>\n\t<li class=\"elementor-sitemap-item elementor-sitemap-item-category cat-item cat-item-20\"><a href=\"https:\/\/icripalimosani.edu.it\/site\/category\/circolari\/circ-doc\/\">Circolari Docenti<\/a>\n<\/li>\n\t<li class=\"elementor-sitemap-item elementor-sitemap-item-category cat-item cat-item-19\"><a href=\"https:\/\/icripalimosani.edu.it\/site\/category\/circolari\/\">Circolari<\/a>\n<\/li>\n\t<li class=\"elementor-sitemap-item elementor-sitemap-item-category cat-item cat-item-111\"><a href=\"https:\/\/icripalimosani.edu.it\/site\/category\/cablaggio-strutturato-e-sicuro-allinterno-degli-edifici-scolastici\/\">CABLAGGIO STRUTTURATO E SICURO ALL&#039;INTERNO DEGLI EDIFICI SCOLASTICI&quot;<\/a>\n<\/li>\n\t<li class=\"elementor-sitemap-item elementor-sitemap-item-category cat-item cat-item-67\"><a href=\"https:\/\/icripalimosani.edu.it\/site\/category\/bullismo-e-cyberbullismo\/\">Bullismo e cyberbullismo<\/a>\n<\/li>\n\t<li class=\"elementor-sitemap-item elementor-sitemap-item-category cat-item cat-item-2\"><a href=\"https:\/\/icripalimosani.edu.it\/site\/category\/bacheca-sindacale\/\">Bacheca sindacale<\/a>\n<\/li>\n\t<li class=\"elementor-sitemap-item elementor-sitemap-item-category cat-item cat-item-108\"><a href=\"https:\/\/icripalimosani.edu.it\/site\/category\/art-32\/\">Art. 32<\/a>\n<\/li>\n\t<li class=\"elementor-sitemap-item elementor-sitemap-item-category cat-item cat-item-96\"><a href=\"https:\/\/icripalimosani.edu.it\/site\/category\/apprendimento-e-socialita\/\">Apprendimento e Socialit\u00e0<\/a>\n<\/li>\n\t<li class=\"elementor-sitemap-item elementor-sitemap-item-category cat-item cat-item-78\"><a href=\"https:\/\/icripalimosani.edu.it\/site\/category\/pon\/ambienti-digitali-per-la-didattica-integrata-con-gli-arredi-scolastici\/\">Ambienti Digitali per la didattica integrata con gli Arredi Scolastici<\/a>\n<\/li>\n\t<li class=\"elementor-sitemap-item elementor-sitemap-item-category cat-item cat-item-115\"><a href=\"https:\/\/icripalimosani.edu.it\/site\/category\/ambienti-didattici-innovativi-per-le-scuole-dellinfanzia\/\">Ambienti didattici innovativi per le scuole dell\u2019infanzia<\/a>\n<\/li>\n<\/ul><\/div><div class=\"elementor-sitemap-section\"><h2 class=\"elementor-sitemap-title elementor-sitemap-post-title\">Articoli<\/h2><ul class=\"elementor-sitemap-list elementor-sitemap-post-list\"><li class=\"elementor-sitemap-item elementor-sitemap-item-post page_item page-item-64317\"><a href=\"https:\/\/icripalimosani.edu.it\/site\/2019\/10\/12\/piano-incontri-continuta-docenti-2019-20\/\">PIANO INCONTRI CONTINUTA&#8217;  DOCENTI 2019 20<\/a><\/li><li class=\"elementor-sitemap-item elementor-sitemap-item-post page_item page-item-73596\"><a href=\"https:\/\/icripalimosani.edu.it\/site\/2023\/12\/04\/20231204102255unidos\/\">Comparto e area istruzione e ricerca &#8211; settore scuola: sciopero nazionale 7 dicembre 2023<\/a><\/li><li class=\"elementor-sitemap-item elementor-sitemap-item-post page_item page-item-73595\"><a href=\"https:\/\/icripalimosani.edu.it\/site\/2023\/11\/30\/20231130095415unidos\/\">Finale d&#8217;Istituto Giochi matematici del Mediterraneo<\/a><\/li><li class=\"elementor-sitemap-item elementor-sitemap-item-post page_item page-item-73594\"><a href=\"https:\/\/icripalimosani.edu.it\/site\/2023\/11\/30\/20231130083337unidos\/\">USB Scuola Informativa sindacale: Carta del Docente, il MIM ancora non adempie ai propri doveri<\/a><\/li><li class=\"elementor-sitemap-item elementor-sitemap-item-post page_item page-item-73581\"><a href=\"https:\/\/icripalimosani.edu.it\/site\/2023\/11\/29\/4-novembre-2023\/\">4 novembre 2023<\/a><\/li><li class=\"elementor-sitemap-item elementor-sitemap-item-post page_item page-item-73567\"><a href=\"https:\/\/icripalimosani.edu.it\/site\/2023\/11\/29\/un-giorno-in-tribunale\/\">Un giorno in tribunale<\/a><\/li><li class=\"elementor-sitemap-item elementor-sitemap-item-post page_item page-item-73549\"><a href=\"https:\/\/icripalimosani.edu.it\/site\/2023\/11\/29\/lets-work-togheter\/\">Let&#8217;s work togheter<\/a><\/li><li class=\"elementor-sitemap-item elementor-sitemap-item-post page_item page-item-73546\"><a href=\"https:\/\/icripalimosani.edu.it\/site\/2023\/11\/29\/20231129101829unidos\/\">Piano incontri per l&#8217;orientamento<\/a><\/li><li class=\"elementor-sitemap-item elementor-sitemap-item-post page_item page-item-73545\"><a href=\"https:\/\/icripalimosani.edu.it\/site\/2023\/11\/28\/20231128125018unidos\/\">graduatoria selezione collaudatore<\/a><\/li><li class=\"elementor-sitemap-item elementor-sitemap-item-post page_item page-item-73544\"><a href=\"https:\/\/icripalimosani.edu.it\/site\/2023\/11\/28\/20231128115215unidos\/\">[FLC CGIL] Come sta cambiando la scuola secondaria: un incontro per approfondire le riforme imminenti<\/a><\/li><li class=\"elementor-sitemap-item elementor-sitemap-item-post page_item page-item-73543\"><a href=\"https:\/\/icripalimosani.edu.it\/site\/2023\/11\/28\/20231128093711unidos\/\">FLC INFORMA: webinar su riordino Istituti tecnici, nuova regolamentazione adesione fondo Espero<\/a><\/li><li class=\"elementor-sitemap-item elementor-sitemap-item-post page_item page-item-73542\"><a href=\"https:\/\/icripalimosani.edu.it\/site\/2023\/11\/27\/20231127142202unidos\/\">Decreto di nomina componenti del Consiglio di istituto. triennio 2023-26<\/a><\/li><li class=\"elementor-sitemap-item elementor-sitemap-item-post page_item page-item-73496\"><a href=\"https:\/\/icripalimosani.edu.it\/site\/2023\/11\/25\/festa-dellalbero-2\/\">Festa dell&#8217;albero<\/a><\/li><li class=\"elementor-sitemap-item elementor-sitemap-item-post page_item page-item-73505\"><a href=\"https:\/\/icripalimosani.edu.it\/site\/2023\/11\/25\/giornata-mondiale-contro-la-violenza-sulle-donne\/\">Giornata mondiale contro la violenza sulle donne<\/a><\/li><li class=\"elementor-sitemap-item elementor-sitemap-item-post page_item page-item-73504\"><a href=\"https:\/\/icripalimosani.edu.it\/site\/2023\/11\/25\/20231125084854unidos\/\">Sistemazione contribuiti pensionistici &#8211; Nota della Federazione Uil Scuola Rua Molise<\/a><\/li><li class=\"elementor-sitemap-item elementor-sitemap-item-post page_item page-item-73503\"><a href=\"https:\/\/icripalimosani.edu.it\/site\/2023\/11\/25\/20231125084652unidos\/\">Comunicato stampa sul dimensionamento scolastco<\/a><\/li><li class=\"elementor-sitemap-item elementor-sitemap-item-post page_item page-item-73502\"><a href=\"https:\/\/icripalimosani.edu.it\/site\/2023\/11\/25\/20231125084520unidos\/\">[UIL Scuola Molise: Notizie] Giornata internazionale per l&#8217;eliminazione della violenza contro le donne &#8211; Manifesto 25 novembre &#8211; Segreteria Federazione UIL Scuola RUA Molise<\/a><\/li><li class=\"elementor-sitemap-item elementor-sitemap-item-post page_item page-item-73501\"><a href=\"https:\/\/icripalimosani.edu.it\/site\/2023\/11\/24\/20231124121306unidos\/\">Attivit\u00e0 di formazione Docenti neoassunti a.s. 2023-24<\/a><\/li><li class=\"elementor-sitemap-item elementor-sitemap-item-post page_item page-item-73500\"><a href=\"https:\/\/icripalimosani.edu.it\/site\/2023\/11\/24\/20231124083245unidos\/\">Informativa sindacale USB Scuola &#8211; Fondo Espero: Cgil-Cisl-Uil obbligano dal 2019 tutti i lavoratori\/trici della scuola ad aderire<\/a><\/li><li class=\"elementor-sitemap-item elementor-sitemap-item-post page_item page-item-73499\"><a href=\"https:\/\/icripalimosani.edu.it\/site\/2023\/11\/24\/20231124082841unidos\/\">Snadir News n.367 &#8211; 23 novembre 23: una data che ricorderemo. Il giorno che attesta le nostre ragioni<\/a><\/li><li class=\"elementor-sitemap-item elementor-sitemap-item-post page_item page-item-73485\"><a href=\"https:\/\/icripalimosani.edu.it\/site\/2023\/11\/23\/festa-dellalbero\/\">Festa dell&#8217;albero<\/a><\/li><li class=\"elementor-sitemap-item elementor-sitemap-item-post page_item page-item-73471\"><a href=\"https:\/\/icripalimosani.edu.it\/site\/2023\/11\/22\/20231122123433unidos\/\">: Interpello Nazionale per supplenze \u2014 Classe di concorso EE HN \u2014 primaria indirizzo Montessori<\/a><\/li><li class=\"elementor-sitemap-item elementor-sitemap-item-post page_item page-item-73470\"><a href=\"https:\/\/icripalimosani.edu.it\/site\/2023\/11\/22\/20231122122917unidos\/\">Snadir News n.365 &#8211; Insieme per gli IdR<\/a><\/li><li class=\"elementor-sitemap-item elementor-sitemap-item-post page_item page-item-73469\"><a href=\"https:\/\/icripalimosani.edu.it\/site\/2023\/11\/21\/20231121123550unidos\/\">PROCLAMAZIONE ELETTI ELETTI CONSIGLIO D&#8217;ISTITUTO<\/a><\/li><li class=\"elementor-sitemap-item elementor-sitemap-item-post page_item page-item-73465\"><a href=\"https:\/\/icripalimosani.edu.it\/site\/2023\/11\/20\/giornata-mondiale-dei-diritti-dei-bambini\/\">Giornata mondiale dei diritti dei bambini<\/a><\/li><li class=\"elementor-sitemap-item elementor-sitemap-item-post page_item page-item-73464\"><a href=\"https:\/\/icripalimosani.edu.it\/site\/2023\/11\/20\/20231120105652unidos\/\">CONVOCAZIONE RSU E OO.SS &#8211; INCONTRO 27 NOVEMBRE 2023<\/a><\/li><li class=\"elementor-sitemap-item elementor-sitemap-item-post page_item page-item-73463\"><a href=\"https:\/\/icripalimosani.edu.it\/site\/2023\/11\/18\/20231118124322unidos\/\">Modalit\u00e0 di pagamento quota assicurativa alunni a.s. 2023\/24<\/a><\/li><li class=\"elementor-sitemap-item elementor-sitemap-item-post page_item page-item-73462\"><a href=\"https:\/\/icripalimosani.edu.it\/site\/2023\/11\/18\/20231118104629unidos\/\">Chiusura anticipata plesso di Campolieto<\/a><\/li><li class=\"elementor-sitemap-item elementor-sitemap-item-post page_item page-item-73461\"><a href=\"https:\/\/icripalimosani.edu.it\/site\/2023\/11\/17\/20231117110148unidos\/\">ORARIO RICEVIMENTO DOCENTI SECONDARIA<\/a><\/li><li class=\"elementor-sitemap-item elementor-sitemap-item-post page_item page-item-73456\"><a href=\"https:\/\/icripalimosani.edu.it\/site\/2023\/11\/16\/lets-work-together-laboratorio-creativi\/\">Let&#8217;s work together: laboratori creativi<\/a><\/li><li class=\"elementor-sitemap-item elementor-sitemap-item-post page_item page-item-73448\"><a href=\"https:\/\/icripalimosani.edu.it\/site\/2023\/11\/15\/20231115120342unidos\/\">Chiusura plesso di Limosano<\/a><\/li><li class=\"elementor-sitemap-item elementor-sitemap-item-post page_item page-item-73446\"><a href=\"https:\/\/icripalimosani.edu.it\/site\/2023\/11\/15\/20231115112952unidos\/\">SCIOPERO 17 NOVEMBRE 2023<\/a><\/li><li class=\"elementor-sitemap-item elementor-sitemap-item-post page_item page-item-73445\"><a href=\"https:\/\/icripalimosani.edu.it\/site\/2023\/11\/14\/20231114120004unidos\/\">Decreto di costituzione del seggio elettorale e nomina dei componenti per il rinnovo del Consiglio di Istituto. Triennio 2023\/2026<\/a><\/li><li class=\"elementor-sitemap-item elementor-sitemap-item-post page_item page-item-73442\"><a href=\"https:\/\/icripalimosani.edu.it\/site\/2023\/11\/13\/20231113093243unidos\/\">SCIOPERO DEL 17 NOVEMBRE 2023 &#8211; Adesione della Federazione Uil Scuola Rua<\/a><\/li><li class=\"elementor-sitemap-item elementor-sitemap-item-post page_item page-item-73433\"><a href=\"https:\/\/icripalimosani.edu.it\/site\/2023\/11\/12\/giochi-matematici-del-mediterraneo-2\/\">Giochi matematici del Mediterraneo<\/a><\/li><li class=\"elementor-sitemap-item elementor-sitemap-item-post page_item page-item-73432\"><a href=\"https:\/\/icripalimosani.edu.it\/site\/2023\/11\/11\/20231111085117unidos\/\">Comunicato sindacale<\/a><\/li><li class=\"elementor-sitemap-item elementor-sitemap-item-post page_item page-item-73431\"><a href=\"https:\/\/icripalimosani.edu.it\/site\/2023\/11\/11\/20231111084550unidos\/\">comunicato_stampa.sciopero._FLC.MOLISE<\/a><\/li><li class=\"elementor-sitemap-item elementor-sitemap-item-post page_item page-item-73430\"><a href=\"https:\/\/icripalimosani.edu.it\/site\/2023\/11\/11\/20231111084404unidos\/\">Informativa USB Scuola: 17 novembre sciopero<\/a><\/li><li class=\"elementor-sitemap-item elementor-sitemap-item-post page_item page-item-73429\"><a href=\"https:\/\/icripalimosani.edu.it\/site\/2023\/11\/11\/20231111083840unidos\/\">SCIOPERO DEL 17 NOVEMBRE 2023 &#8211; Adesione della Federazione Uil Scuola Rua<\/a><\/li><li class=\"elementor-sitemap-item elementor-sitemap-item-post page_item page-item-73428\"><a href=\"https:\/\/icripalimosani.edu.it\/site\/2023\/11\/11\/20231111082959unidos\/\">Comunicazione sospensione delle attivit\u00e0 didattiche e chiusura uffici di              segreteria a. s.  2023\/2024<\/a><\/li><li class=\"elementor-sitemap-item elementor-sitemap-item-post page_item page-item-73420\"><a href=\"https:\/\/icripalimosani.edu.it\/site\/2023\/11\/09\/20231109134211unidos\/\">Proclamazione sciopero generale-17 novembre 2023<\/a><\/li><li class=\"elementor-sitemap-item elementor-sitemap-item-post page_item page-item-73419\"><a href=\"https:\/\/icripalimosani.edu.it\/site\/2023\/11\/09\/20231109092423unidos\/\">Snadir News n.357 &#8211; Vergognoso provvedimento del Governo. Verso la proroga il reclutamento del personale docente di religione cattolica<\/a><\/li><li class=\"elementor-sitemap-item elementor-sitemap-item-post page_item page-item-73418\"><a href=\"https:\/\/icripalimosani.edu.it\/site\/2023\/11\/09\/20231109091832unidos\/\">Sciopero generale regionale del 17 novembre 2023 di durata pari all&#8217;intera giornata lavorativa. Sciopero proclamato da CGIL ABRUZZO MOLISE e UIL MOLISE.<\/a><\/li><li class=\"elementor-sitemap-item elementor-sitemap-item-post page_item page-item-73417\"><a href=\"https:\/\/icripalimosani.edu.it\/site\/2023\/11\/09\/20231109083222unidos\/\">Comunicato CGIL e FLC Molise &#8211; CROLLO PALESTRA CASACALENDA<\/a><\/li><li class=\"elementor-sitemap-item elementor-sitemap-item-post page_item page-item-73416\"><a href=\"https:\/\/icripalimosani.edu.it\/site\/2023\/11\/08\/20231108133612unidos\/\">Sciopero del 17 novembre<\/a><\/li><li class=\"elementor-sitemap-item elementor-sitemap-item-post page_item page-item-73415\"><a href=\"https:\/\/icripalimosani.edu.it\/site\/2023\/11\/07\/20231107110635unidos\/\">Comunicazione laboratori musicali &#8211; rettifica<\/a><\/li><li class=\"elementor-sitemap-item elementor-sitemap-item-post page_item page-item-73414\"><a href=\"https:\/\/icripalimosani.edu.it\/site\/2023\/11\/07\/20231107085701unidos\/\">RASSEGNA SINDACALE ANIEF N.32 DEL 03 NOVEMBRE 2023 + VOLANTINI CARTA DOCENTE E IVC<\/a><\/li><li class=\"elementor-sitemap-item elementor-sitemap-item-post page_item page-item-73413\"><a href=\"https:\/\/icripalimosani.edu.it\/site\/2023\/11\/07\/20231107085537unidos\/\">SCIOPERO NAZIONALE DIFFERIMENTO AL 17 NOVEMBRE 2023<\/a><\/li><li class=\"elementor-sitemap-item elementor-sitemap-item-post page_item page-item-73412\"><a href=\"https:\/\/icripalimosani.edu.it\/site\/2023\/11\/07\/20231107085029unidos\/\">REVOCA_ASSEMBLEE_SINDACALI_10_NOVEMBRE_e_INDIZIONE_ASSEMBLEE_FUORI_ORARIO_DI_SERVIZIO_PER_IL_17_NOVEMBRE_2023.pdf<\/a><\/li><li class=\"elementor-sitemap-item elementor-sitemap-item-post page_item page-item-73407\"><a href=\"https:\/\/icripalimosani.edu.it\/site\/2023\/11\/06\/20231106094544unidos\/\">Elenco rappresentanti componente genitori consigli di classe interclasse<\/a><\/li><li class=\"elementor-sitemap-item elementor-sitemap-item-post page_item page-item-73406\"><a href=\"https:\/\/icripalimosani.edu.it\/site\/2023\/11\/06\/20231106092945unidos\/\">_REVOCA_ASSEMBLEE_SINDACALI_10_NOVEMBRE_e_INDIZIONE_ASSEMBLEE_FUORI_ORARIO_DI_SERVIZIO_PER_IL_17_NOVEMBRE_2023<\/a><\/li><li class=\"elementor-sitemap-item elementor-sitemap-item-post page_item page-item-73366\"><a href=\"https:\/\/icripalimosani.edu.it\/site\/2023\/11\/04\/20231104130804unidos\/\">Attivazione laboratorio musicale<\/a><\/li><li class=\"elementor-sitemap-item elementor-sitemap-item-post page_item page-item-73365\"><a href=\"https:\/\/icripalimosani.edu.it\/site\/2023\/11\/04\/20231104092850unidos\/\">Sciopero 17 novembre<\/a><\/li><li class=\"elementor-sitemap-item elementor-sitemap-item-post page_item page-item-73364\"><a href=\"https:\/\/icripalimosani.edu.it\/site\/2023\/11\/03\/20231103085916unidos\/\">CONSIGLI DI NOVEMBRE<\/a><\/li><li class=\"elementor-sitemap-item elementor-sitemap-item-post page_item page-item-73363\"><a href=\"https:\/\/icripalimosani.edu.it\/site\/2023\/11\/03\/20231103084339unidos\/\">CORSO RLS CISL SCUOLA ABRUZZO E MOLISE<\/a><\/li><li class=\"elementor-sitemap-item elementor-sitemap-item-post page_item page-item-73362\"><a href=\"https:\/\/icripalimosani.edu.it\/site\/2023\/11\/03\/20231103084318unidos\/\">17 NOVEMBRE 2023 SCIOPERO DELLA SCUOLA<\/a><\/li><li class=\"elementor-sitemap-item elementor-sitemap-item-post page_item page-item-73361\"><a href=\"https:\/\/icripalimosani.edu.it\/site\/2023\/11\/03\/20231103083912unidos\/\">DIPARTIMENTO UIL SCUOLA IRC &#8211; RICORSO PER LA REITERAZIONE DEI CONTRATTI A TERMINE<\/a><\/li><li class=\"elementor-sitemap-item elementor-sitemap-item-post page_item page-item-73360\"><a href=\"https:\/\/icripalimosani.edu.it\/site\/2023\/11\/02\/20231102122451unidos\/\">N._00073SG_-_ASSEMBLEE_SINDACALI_10_NOVEMBRE_2023__282_29<\/a><\/li><li class=\"elementor-sitemap-item elementor-sitemap-item-post page_item page-item-73359\"><a href=\"https:\/\/icripalimosani.edu.it\/site\/2023\/11\/02\/20231102084915unidos\/\">PROCLAMAZIONE ELETTI SCUOLA SECONDARIA<\/a><\/li><li class=\"elementor-sitemap-item elementor-sitemap-item-post page_item page-item-73358\"><a href=\"https:\/\/icripalimosani.edu.it\/site\/2023\/11\/02\/20231102084324unidos\/\">PROCLAMAZIONE ELETTI SCUOLA PRIMARIA<\/a><\/li><li class=\"elementor-sitemap-item elementor-sitemap-item-post page_item page-item-73357\"><a href=\"https:\/\/icripalimosani.edu.it\/site\/2023\/11\/02\/20231102083839unidos\/\">PROCLAMAZIONE ELETTI SCUOLA DELL&#8217;INFANZIA<\/a><\/li><li class=\"elementor-sitemap-item elementor-sitemap-item-post page_item page-item-73356\"><a href=\"https:\/\/icripalimosani.edu.it\/site\/2023\/10\/31\/20231031155547unidos\/\">UIL SCUOLA RUA MOLISE Comunicato: Prima vittoria contro i tagli sulla scuola!<\/a><\/li><li class=\"elementor-sitemap-item elementor-sitemap-item-post page_item page-item-73355\"><a href=\"https:\/\/icripalimosani.edu.it\/site\/2023\/10\/31\/20231031143039unidos\/\">RASSEGNA SINDACALE ANIEF N.31 &#8211; 30 OTTOBRE 2023<\/a><\/li><li class=\"elementor-sitemap-item elementor-sitemap-item-post page_item page-item-73354\"><a href=\"https:\/\/icripalimosani.edu.it\/site\/2023\/10\/31\/20231031123941unidos\/\">sciopero del 10 novembre<\/a><\/li><li class=\"elementor-sitemap-item elementor-sitemap-item-post page_item page-item-73353\"><a href=\"https:\/\/icripalimosani.edu.it\/site\/2023\/10\/30\/20231030120545unidos\/\">ASSEMBLEE SINDACALI IN ORARIO DI SERVIZIO PERSONALE SCUOLA 10 NOVEMRE \t2023<\/a><\/li><li class=\"elementor-sitemap-item elementor-sitemap-item-post page_item page-item-73347\"><a href=\"https:\/\/icripalimosani.edu.it\/site\/2023\/10\/28\/code-week-2023\/\">Code week 2023<\/a><\/li><li class=\"elementor-sitemap-item elementor-sitemap-item-post page_item page-item-73346\"><a href=\"https:\/\/icripalimosani.edu.it\/site\/2023\/10\/28\/20231028084506unidos\/\">[UIL Scuola Molise: Notizie] Corsi in preparazione Concorso Educazione Motoria scuola Primaria &#8211; Concorso Straordinario Ter &#8211;  Federazione UIL Scuola RUA &#8211; IRASE Nazionale<\/a><\/li><li class=\"elementor-sitemap-item elementor-sitemap-item-post page_item page-item-73345\"><a href=\"https:\/\/icripalimosani.edu.it\/site\/2023\/10\/27\/20231027095322unidos\/\">[FLC CGIL] Contratto: dal Governo risorse insufficienti per il rinnovo 2022-2024<\/a><\/li><li class=\"elementor-sitemap-item elementor-sitemap-item-post page_item page-item-73344\"><a href=\"https:\/\/icripalimosani.edu.it\/site\/2023\/10\/26\/20231026115340unidos\/\">SOSPENSIONE ATTIVITA&#8217; DIDATTICHE_2 NOVEMBRE 2023<\/a><\/li><li class=\"elementor-sitemap-item elementor-sitemap-item-post page_item page-item-73343\"><a href=\"https:\/\/icripalimosani.edu.it\/site\/2023\/10\/26\/20231026085858unidos\/\">UIL SCUOLA RUA MOLISE Supplenze personale ATA organico aggiuntivo PNRR. Il Ministero ci d\u00e0 ragione: \u00e8 possibile anche il frazionamento del posto con diritto al completamento orario<\/a><\/li><li class=\"elementor-sitemap-item elementor-sitemap-item-post page_item page-item-73333\"><a href=\"https:\/\/icripalimosani.edu.it\/site\/2023\/10\/24\/20231024144100unidos\/\">Chiusura scuola dell&#8217;infanzia e scuola primaria di Lucito<\/a><\/li><li class=\"elementor-sitemap-item elementor-sitemap-item-post page_item page-item-73330\"><a href=\"https:\/\/icripalimosani.edu.it\/site\/2023\/10\/23\/20231023105953unidos\/\">[UIL Scuola Molise: Notizie] Notiziario telematico dal 28\/09\/2023 al 21\/10\/2023-SegreteriaFederazione UIL Scuola RUA Molise<\/a><\/li><li class=\"elementor-sitemap-item elementor-sitemap-item-post page_item page-item-73329\"><a href=\"https:\/\/icripalimosani.edu.it\/site\/2023\/10\/21\/20231021115755unidos\/\">CONVOCAZIONE COLLEGIO DEI DOCENTI 30 OTTOBRE 2023<\/a><\/li><li class=\"elementor-sitemap-item elementor-sitemap-item-post page_item page-item-73328\"><a href=\"https:\/\/icripalimosani.edu.it\/site\/2023\/10\/19\/20231019105111unidos\/\">Convegno La guerra in casa, Termoli 27 ottobre 23<\/a><\/li><li class=\"elementor-sitemap-item elementor-sitemap-item-post page_item page-item-73327\"><a href=\"https:\/\/icripalimosani.edu.it\/site\/2023\/10\/18\/20231018105229unidos\/\">Attivazione servizio mensa scuola dell&#8217;infanzia e scuola primaria Campolieto<\/a><\/li><li class=\"elementor-sitemap-item elementor-sitemap-item-post page_item page-item-73326\"><a href=\"https:\/\/icripalimosani.edu.it\/site\/2023\/10\/17\/20231017110151unidos\/\">CONCORSO PER IL LOGO DELLA SCUOLA<\/a><\/li><li class=\"elementor-sitemap-item elementor-sitemap-item-post page_item page-item-73325\"><a href=\"https:\/\/icripalimosani.edu.it\/site\/2023\/10\/17\/20231017103656unidos\/\">ComunicatoSGB_sciopero_scuola_20_ottobre_23.pdf<\/a><\/li><li class=\"elementor-sitemap-item elementor-sitemap-item-post page_item page-item-73319\"><a href=\"https:\/\/icripalimosani.edu.it\/site\/2023\/10\/16\/16-ottobre-giornata-mondiale-dellalimentazione\/\">16 ottobre &#8211; Giornata Mondiale dell&#8217;Alimentazione<\/a><\/li><li class=\"elementor-sitemap-item elementor-sitemap-item-post page_item page-item-73310\"><a href=\"https:\/\/icripalimosani.edu.it\/site\/2023\/10\/16\/progetto-sp-e-s-spazi-di-educazione-e-socialita-azione-a-hackathon-mab\/\">progetto SP.E.S. (Spazi di Educazione e Socialit\u00e0) azione A Hackathon &#8211; MAB<\/a><\/li><li class=\"elementor-sitemap-item elementor-sitemap-item-post page_item page-item-73308\"><a href=\"https:\/\/icripalimosani.edu.it\/site\/2023\/10\/16\/20231016111815unidos\/\">Sciopero<\/a><\/li><li class=\"elementor-sitemap-item elementor-sitemap-item-post page_item page-item-73307\"><a href=\"https:\/\/icripalimosani.edu.it\/site\/2023\/10\/16\/20231016102714unidos\/\">Attivazione mensa scuola dell&#8217;infanzia di Petrella T.<\/a><\/li><li class=\"elementor-sitemap-item elementor-sitemap-item-post page_item page-item-73306\"><a href=\"https:\/\/icripalimosani.edu.it\/site\/2023\/10\/14\/20231014124419unidos\/\">Comparto Istruzione e Ricerca \u2013 Sezione Scuola. Azione di sciopero prevista per il 20.10.2023<\/a><\/li><li class=\"elementor-sitemap-item elementor-sitemap-item-post page_item page-item-73305\"><a href=\"https:\/\/icripalimosani.edu.it\/site\/2023\/10\/13\/20231013142041unidos\/\">Comunicazione chiusura plesso di Petrella Tifernina per il giorno 14 ottobre 2023<\/a><\/li><li class=\"elementor-sitemap-item elementor-sitemap-item-post page_item page-item-73303\"><a href=\"https:\/\/icripalimosani.edu.it\/site\/2023\/10\/12\/20231012115902unidos\/\">Comparto e Area Istruzione e Ricerca \u2013 Sezione Scuola &#8211;  Sciopero  generale per l&#8217;intera giornata del 20 ottobre  2023.<\/a><\/li><li class=\"elementor-sitemap-item elementor-sitemap-item-post page_item page-item-73302\"><a href=\"https:\/\/icripalimosani.edu.it\/site\/2023\/10\/12\/20231012084303unidos\/\">Costituzione seggi Elezioni per il rinnovo del Consiglio d\u2019Istituto in tutte le sue componenti. Modalit\u00e0 di svolgimento (triennio 2023\/24 \u2013 2024\/25\u2013 2025\/26)<\/a><\/li><li class=\"elementor-sitemap-item elementor-sitemap-item-post page_item page-item-73301\"><a href=\"https:\/\/icripalimosani.edu.it\/site\/2023\/10\/12\/20231012084233unidos\/\">locandina_corso_9_nov_per_mail.pdf<\/a><\/li><li class=\"elementor-sitemap-item elementor-sitemap-item-post page_item page-item-73300\"><a href=\"https:\/\/icripalimosani.edu.it\/site\/2023\/10\/12\/20231012083727unidos\/\">Attivazione mensa scuola dell&#8217;infanzia di Lucito<\/a><\/li><li class=\"elementor-sitemap-item elementor-sitemap-item-post page_item page-item-73299\"><a href=\"https:\/\/icripalimosani.edu.it\/site\/2023\/10\/11\/20231011131534unidos\/\">divieto di sosta nelle pertinenze della scuola<\/a><\/li><li class=\"elementor-sitemap-item elementor-sitemap-item-post page_item page-item-73298\"><a href=\"https:\/\/icripalimosani.edu.it\/site\/2023\/10\/11\/20231011125708unidos\/\">Nuova Piattaforma Unica &#8211; Nota prot. 2790 dell&#8217;11 ottobre 2023<\/a><\/li><li class=\"elementor-sitemap-item elementor-sitemap-item-post page_item page-item-73296\"><a href=\"https:\/\/icripalimosani.edu.it\/site\/2023\/10\/11\/20231011095801unidos\/\">convocazione_assemblea_sindacale_26_OTTOBRE. ANIEF<\/a><\/li><li class=\"elementor-sitemap-item elementor-sitemap-item-post page_item page-item-73295\"><a href=\"https:\/\/icripalimosani.edu.it\/site\/2023\/10\/10\/20231010132222unidos\/\">Elezioni per il rinnovo del Consiglio di Istituto in tutte le sue componenti (triennio 2023\/24 \u2013 2024\/25 \u2013 2025\/26). Modalit\u00e0 di svolgimento.<\/a><\/li><li class=\"elementor-sitemap-item elementor-sitemap-item-post page_item page-item-73294\"><a href=\"https:\/\/icripalimosani.edu.it\/site\/2023\/10\/10\/20231010125835unidos\/\">Convocazione_assemblea_sindacale_26_OTTOBRE ANIEF<\/a><\/li><li class=\"elementor-sitemap-item elementor-sitemap-item-post page_item page-item-73293\"><a href=\"https:\/\/icripalimosani.edu.it\/site\/2023\/10\/10\/20231010105919unidos\/\">Divieto dell\u2019uso di cellulari a scuola<\/a><\/li><li class=\"elementor-sitemap-item elementor-sitemap-item-post page_item page-item-73292\"><a href=\"https:\/\/icripalimosani.edu.it\/site\/2023\/10\/10\/20231010084720unidos\/\">piano annuale incontri docenti per la continuit\u00e0 e l&#8217;orientamento in ingresso<\/a><\/li><li class=\"elementor-sitemap-item elementor-sitemap-item-post page_item page-item-73291\"><a href=\"https:\/\/icripalimosani.edu.it\/site\/2023\/10\/09\/20231009114109unidos\/\">Malattia da Covid-19 \u2013 Chiarimenti<\/a><\/li><li class=\"elementor-sitemap-item elementor-sitemap-item-post page_item page-item-73290\"><a href=\"https:\/\/icripalimosani.edu.it\/site\/2023\/10\/07\/20231007113234unidos\/\">verbale di collaudo<\/a><\/li><li class=\"elementor-sitemap-item elementor-sitemap-item-post page_item page-item-73289\"><a href=\"https:\/\/icripalimosani.edu.it\/site\/2023\/10\/07\/20231007113157unidos\/\">nomina collaudatore<\/a><\/li><li class=\"elementor-sitemap-item elementor-sitemap-item-post page_item page-item-73288\"><a href=\"https:\/\/icripalimosani.edu.it\/site\/2023\/10\/07\/20231007113123unidos\/\">OdA su Me.PA<\/a><\/li><li class=\"elementor-sitemap-item elementor-sitemap-item-post page_item page-item-73287\"><a href=\"https:\/\/icripalimosani.edu.it\/site\/2023\/10\/07\/20231007113047unidos\/\">determina di aggiudicazione<\/a><\/li><li class=\"elementor-sitemap-item elementor-sitemap-item-post page_item page-item-73286\"><a href=\"https:\/\/icripalimosani.edu.it\/site\/2023\/10\/07\/20231007113006unidos\/\">nomina progettista<\/a><\/li><li class=\"elementor-sitemap-item elementor-sitemap-item-post page_item page-item-73285\"><a href=\"https:\/\/icripalimosani.edu.it\/site\/2023\/10\/07\/20231007112927unidos\/\">Commissione giudicatrice<\/a><\/li><li class=\"elementor-sitemap-item elementor-sitemap-item-post page_item page-item-73279\"><a href=\"https:\/\/icripalimosani.edu.it\/site\/2023\/10\/07\/20231007112115unidos\/\">bando progettista<\/a><\/li><li class=\"elementor-sitemap-item elementor-sitemap-item-post page_item page-item-73278\"><a href=\"https:\/\/icripalimosani.edu.it\/site\/2023\/10\/07\/20231007111909unidos\/\">disseminazione<\/a><\/li><li class=\"elementor-sitemap-item elementor-sitemap-item-post page_item page-item-73277\"><a href=\"https:\/\/icripalimosani.edu.it\/site\/2023\/10\/06\/20231006125644unidos\/\">Elezioni dei Rappresentanti dei Genitori negli Organi Collegiali a livello di istituzione scolastica &#8211; a.s. 2023\/2024<\/a><\/li><li class=\"elementor-sitemap-item elementor-sitemap-item-post page_item page-item-73276\"><a href=\"https:\/\/icripalimosani.edu.it\/site\/2023\/10\/06\/20231006093211unidos\/\">ATTIVAZIONE MENSA SCOLASTICA INFANZIA DI ORATINO<\/a><\/li><li class=\"elementor-sitemap-item elementor-sitemap-item-post page_item page-item-73275\"><a href=\"https:\/\/icripalimosani.edu.it\/site\/2023\/10\/05\/20231005121036unidos\/\">Assenze e validit\u00e0 anno scolastico 2023-2024 per la valutazione degli alunni della Scuola primaria e secondaria di primo grado &#8211; Deroghe al limite massimo ore di assenza.<\/a><\/li><li class=\"elementor-sitemap-item elementor-sitemap-item-post page_item page-item-73274\"><a href=\"https:\/\/icripalimosani.edu.it\/site\/2023\/10\/05\/20231005112900unidos\/\">CONSIGLI DI CLASSE INTERCLASSE ED INTERSEZIONE OTTOBRE<\/a><\/li><li class=\"elementor-sitemap-item elementor-sitemap-item-post page_item page-item-73273\"><a href=\"https:\/\/icripalimosani.edu.it\/site\/2023\/10\/05\/20231005103829unidos\/\">Convocazione NIV<\/a><\/li><li class=\"elementor-sitemap-item elementor-sitemap-item-post page_item page-item-73269\"><a href=\"https:\/\/icripalimosani.edu.it\/site\/2023\/10\/03\/20231003093817unidos\/\">USB Scuola &#8211; 60 e 30 cfu: pizzo di Stato e percorsi privi di contenuti.  Verso l&#8217;assemblea del 13 ottobre e lo sciopero del 17 novembre<\/a><\/li><li class=\"elementor-sitemap-item elementor-sitemap-item-post page_item page-item-73268\"><a href=\"https:\/\/icripalimosani.edu.it\/site\/2023\/10\/03\/20231003093313unidos\/\">AVVIO_CONTRATTO_INTEGRATIVO_DI_ISTITUTO_202324.pdf<\/a><\/li><li class=\"elementor-sitemap-item elementor-sitemap-item-post page_item page-item-73267\"><a href=\"https:\/\/icripalimosani.edu.it\/site\/2023\/10\/02\/20231002124358unidos\/\">Comparto Istruzione e Ricerca \u2013 Sezione Scuola. Azione di sciopero prevista per la giornata del 6.10.2023<\/a><\/li><li class=\"elementor-sitemap-item elementor-sitemap-item-post page_item page-item-73266\"><a href=\"https:\/\/icripalimosani.edu.it\/site\/2023\/09\/30\/20230930091031unidos\/\">Comparto  Istruzione e Ricerca \u2013 Sezione Scuola &#8211;  Sciopero  per l&#8217;intera giornata del 6 ottobre  2023.<\/a><\/li><li class=\"elementor-sitemap-item elementor-sitemap-item-post page_item page-item-73265\"><a href=\"https:\/\/icripalimosani.edu.it\/site\/2023\/09\/29\/20230929130842unidos\/\">attivazione mensa scolastica infanzia Matrice-Montagano<\/a><\/li><li class=\"elementor-sitemap-item elementor-sitemap-item-post page_item page-item-73256\"><a href=\"https:\/\/icripalimosani.edu.it\/site\/2023\/09\/29\/invito-allo-spettacolo-liliade-secondo-noi\/\">Invito allo spettacolo &#8220;L&#8217;iliade&#8230;secondo noi&#8221;<\/a><\/li><li class=\"elementor-sitemap-item elementor-sitemap-item-post page_item page-item-73254\"><a href=\"https:\/\/icripalimosani.edu.it\/site\/2023\/09\/29\/20230929094048unidos\/\">Come_andare_in_pensionenella_scuola_9_ottobre_23.pdf<\/a><\/li><li class=\"elementor-sitemap-item elementor-sitemap-item-post page_item page-item-73253\"><a href=\"https:\/\/icripalimosani.edu.it\/site\/2023\/09\/28\/20230928131953unidos\/\">USB_Scuola_13_ottobre_assemblea_sindacale_in_streaming.pdf<\/a><\/li><li class=\"elementor-sitemap-item elementor-sitemap-item-post page_item page-item-73252\"><a href=\"https:\/\/icripalimosani.edu.it\/site\/2023\/09\/28\/20230928084259unidos\/\">[UIL Scuola Molise: Notizie] Notiziario telematico dal 04\/09\/2023 al 27\/09\/2023-SegreteriaFederazione UIL Scuola RUA Molise<\/a><\/li><li class=\"elementor-sitemap-item elementor-sitemap-item-post page_item page-item-73251\"><a href=\"https:\/\/icripalimosani.edu.it\/site\/2023\/09\/27\/20230927154732unidos\/\">determina di affidamento forniture. PNRR progetto next generation classrooms<\/a><\/li><li class=\"elementor-sitemap-item elementor-sitemap-item-post page_item page-item-73250\"><a href=\"https:\/\/icripalimosani.edu.it\/site\/2023\/09\/27\/20230927125728unidos\/\">[UIL Scuola Molise: Notizie] Assemblee Sindacali Territoriali Federazione Uil Scuola Rua Molise &#8211; marted\u00ec 03\/10\/2023 ISERNIA &#8211; Mercoled\u00ec 04\/10\/2023 CAMPOBASSO &#8211; Gioved\u00ec 05\/10\/2023 TERMOLI<\/a><\/li><li class=\"elementor-sitemap-item elementor-sitemap-item-post page_item page-item-73249\"><a href=\"https:\/\/icripalimosani.edu.it\/site\/2023\/09\/27\/20230927111635unidos\/\">SAIR_NOTIZIE_N._11_-_SETTEMBRE_2023.pdf<\/a><\/li><li class=\"elementor-sitemap-item elementor-sitemap-item-post page_item page-item-73248\"><a href=\"https:\/\/icripalimosani.edu.it\/site\/2023\/09\/27\/20230927110358unidos\/\">Ricorso per il recupero della Retribuzione Professionale Docente (RPD) E Ricorso BONUS CARTA DOCENTE_2023<\/a><\/li><li class=\"elementor-sitemap-item elementor-sitemap-item-post page_item page-item-73234\"><a href=\"https:\/\/icripalimosani.edu.it\/site\/2023\/09\/26\/20230926103433unidos\/\">Sciopero intera giornata del giorno 6 ottobre 2023- scuole statali di ogni ordine e grado &#8211; Istruzione Ricerca<\/a><\/li><li class=\"elementor-sitemap-item elementor-sitemap-item-post page_item page-item-73233\"><a href=\"https:\/\/icripalimosani.edu.it\/site\/2023\/09\/25\/20230925100523unidos\/\">COMUNICAZIONE ENTRATA POSTICIPATA ASSEMBLEA SINDACALE<\/a><\/li><li class=\"elementor-sitemap-item elementor-sitemap-item-post page_item page-item-73232\"><a href=\"https:\/\/icripalimosani.edu.it\/site\/2023\/09\/23\/20230923101111unidos\/\">Sospensione attivit\u00e0 didattiche per Festa Santo Patrono RIPALIMOSANI E CAMPOLIETO<\/a><\/li><li class=\"elementor-sitemap-item elementor-sitemap-item-post page_item page-item-73231\"><a href=\"https:\/\/icripalimosani.edu.it\/site\/2023\/09\/21\/20230921124558unidos\/\">convocazione collegio dei docenti<\/a><\/li><li class=\"elementor-sitemap-item elementor-sitemap-item-post page_item page-item-73230\"><a href=\"https:\/\/icripalimosani.edu.it\/site\/2023\/09\/21\/20230921120605unidos\/\">Determina a contrarre.PNRR Progetto classroom 4.0<\/a><\/li><li class=\"elementor-sitemap-item elementor-sitemap-item-post page_item page-item-73229\"><a href=\"https:\/\/icripalimosani.edu.it\/site\/2023\/09\/21\/20230921114216unidos\/\">progetto esecutivo e capitolato tecnico<\/a><\/li><li class=\"elementor-sitemap-item elementor-sitemap-item-post page_item page-item-73228\"><a href=\"https:\/\/icripalimosani.edu.it\/site\/2023\/09\/21\/20230921113545unidos\/\">COMUNICAZIONE LEZIONI DI TEORIA E SOLFEGGIO MESE DI SETTEMBRE<\/a><\/li><li class=\"elementor-sitemap-item elementor-sitemap-item-post page_item page-item-73227\"><a href=\"https:\/\/icripalimosani.edu.it\/site\/2023\/09\/21\/20230921105610unidos\/\">: Calendario delle somministrazioni prove Invalsi &#8211; Anno scolastico 2023\/24<\/a><\/li><li class=\"elementor-sitemap-item elementor-sitemap-item-post page_item page-item-73226\"><a href=\"https:\/\/icripalimosani.edu.it\/site\/2023\/09\/20\/20230920112428unidos\/\">CERTIFICATI CAMBRIDGE GIUGNO 2023<\/a><\/li><li class=\"elementor-sitemap-item elementor-sitemap-item-post page_item page-item-73225\"><a href=\"https:\/\/icripalimosani.edu.it\/site\/2023\/09\/20\/20230920084240unidos\/\">Si comunica che la FLC CGIL Molise indice un\u2019Assemblea sindacale Mercoled\u00ec 27 settembre 2023 dalle ore 08.15 alle ore 10.15 presso la sede centrale dell\u2019IC \u201cAlighieri di Ripalimosan<\/a><\/li><li class=\"elementor-sitemap-item elementor-sitemap-item-post page_item page-item-73224\"><a href=\"https:\/\/icripalimosani.edu.it\/site\/2023\/09\/20\/20230920083557unidos\/\">PUBBLICATO IL D.M. SULLE DIMISSIONI E PENSIONAMENTI<\/a><\/li><li class=\"elementor-sitemap-item elementor-sitemap-item-post page_item page-item-73219\"><a href=\"https:\/\/icripalimosani.edu.it\/site\/2023\/09\/19\/20230919092444unidos\/\">Comparto Istruzione e Ricerca &#8211; Sezione Scuola. Azione di sciopero prevista per il 25<\/a><\/li><li class=\"elementor-sitemap-item elementor-sitemap-item-post page_item page-item-73212\"><a href=\"https:\/\/icripalimosani.edu.it\/site\/2023\/09\/18\/progetto-art4us\/\">Progetto ART4US<\/a><\/li><li class=\"elementor-sitemap-item elementor-sitemap-item-post page_item page-item-73204\"><a href=\"https:\/\/icripalimosani.edu.it\/site\/2023\/09\/16\/piano-annuale-delle-attivita-rettifica\/\">Piano annuale delle attivit\u00e0- rettifica<\/a><\/li><li class=\"elementor-sitemap-item elementor-sitemap-item-post page_item page-item-73195\"><a href=\"https:\/\/icripalimosani.edu.it\/site\/2023\/09\/15\/20230915100948unidos\/\">Comparto  Istruzione e Ricerca \u2013 Sezione Scuola &#8211;  Sciopero  per l&#8217;intera giornata del 25 settembre 2023.<\/a><\/li><li class=\"elementor-sitemap-item elementor-sitemap-item-post page_item page-item-73194\"><a href=\"https:\/\/icripalimosani.edu.it\/site\/2023\/09\/14\/20230914184918unidos\/\">Disposizioni sulla vigilanza<\/a><\/li><li class=\"elementor-sitemap-item elementor-sitemap-item-post page_item page-item-73193\"><a href=\"https:\/\/icripalimosani.edu.it\/site\/2023\/09\/13\/20230913160419unidos\/\">Comunicazioni modulistica autorizzazioni alunni<\/a><\/li><li class=\"elementor-sitemap-item elementor-sitemap-item-post page_item page-item-73192\"><a href=\"https:\/\/icripalimosani.edu.it\/site\/2023\/09\/13\/20230913124356unidos\/\">9:00  Dichiarazione inerente le modalit\u00e0 e i tempi di pubblicazione degli atti all&#8217;Albo OnLine e in Amministrazione Trasparente News  Dando seguito alle numerosissime richieste pervenute a questa azienda inerenti l&#8217;oggetto, rinviamo informazioni gi\u00e0 inoltrate con news del 13\/07\/2023 delle ore 17:00. La nostra dichiarazione che esplicita i tempi di pubblicazione per ciascuna piattaforma \u00e8 disponibile sul nostro sito web nella sezione documenti aziendali o cliccando qui!  Abbiamo predisposto e reso disponibile, gi\u00e0 compilata, la dichiarazione da rendere ai revisori e scaricabile in word cliccando qui! Attenzione verificare di non aver gi\u00e0 provveduto.  Restiamo a disposizione per qualsiasi ulteriore richiesta ESCLUSIVAMENTE tramite i sistem di ticketin. Cordiali saluti<\/a><\/li><li class=\"elementor-sitemap-item elementor-sitemap-item-post page_item page-item-73191\"><a href=\"https:\/\/icripalimosani.edu.it\/site\/2023\/09\/13\/20230913123346unidos\/\">Comunicazione inizio percorso\/corso ad indirizzo musicale a. s. 2023\/2024<\/a><\/li><li class=\"elementor-sitemap-item elementor-sitemap-item-post page_item page-item-73185\"><a href=\"https:\/\/icripalimosani.edu.it\/site\/2023\/09\/11\/20230911104725unidos\/\">UIL SCUOLA RUA MOLISE Domande pensione 2024 &#8211; Report incontro al Ministero<\/a><\/li><li class=\"elementor-sitemap-item elementor-sitemap-item-post page_item page-item-73184\"><a href=\"https:\/\/icripalimosani.edu.it\/site\/2023\/09\/09\/20230909132800unidos\/\">Avvio contrattazione Integrativa di Istituto a.s. 2023\/2024.<\/a><\/li><li class=\"elementor-sitemap-item elementor-sitemap-item-post page_item page-item-73183\"><a href=\"https:\/\/icripalimosani.edu.it\/site\/2023\/09\/08\/20230908124326unidos\/\">Nomina commissione prova orientativo attitudinale suppletiva per l&#8217;ammissione ai corsi di indirizzo musicale a.s.2023\/2024<\/a><\/li><li class=\"elementor-sitemap-item elementor-sitemap-item-post page_item page-item-73182\"><a href=\"https:\/\/icripalimosani.edu.it\/site\/2023\/09\/08\/20230908110232unidos\/\">ATTIVAZIONE MENSA SCOLASTICA PLESSO DI LIMOSANO<\/a><\/li><li class=\"elementor-sitemap-item elementor-sitemap-item-post page_item page-item-73181\"><a href=\"https:\/\/icripalimosani.edu.it\/site\/2023\/09\/08\/20230908082928unidos\/\">ATTIVAZIONE MENSA A.S. 2023\/2024<\/a><\/li><li class=\"elementor-sitemap-item elementor-sitemap-item-post page_item page-item-73180\"><a href=\"https:\/\/icripalimosani.edu.it\/site\/2023\/09\/07\/20230907133041unidos\/\">Convocazione del Collegio unitario dei docenti<\/a><\/li><li class=\"elementor-sitemap-item elementor-sitemap-item-post page_item page-item-73179\"><a href=\"https:\/\/icripalimosani.edu.it\/site\/2023\/09\/06\/20230906124423unidos\/\">Incontro con i docenti del corso musicale<\/a><\/li><li class=\"elementor-sitemap-item elementor-sitemap-item-post page_item page-item-73178\"><a href=\"https:\/\/icripalimosani.edu.it\/site\/2023\/09\/06\/20230906084310unidos\/\">Modalit\u00e0 di accoglienza alunni scuola dell&#8217;infanzia dell&#8217;Istituto<\/a><\/li><li class=\"elementor-sitemap-item elementor-sitemap-item-post page_item page-item-73177\"><a href=\"https:\/\/icripalimosani.edu.it\/site\/2023\/09\/06\/20230906084135unidos\/\">Accoglienza alunni classe I primaria di Petrella Tifernina<\/a><\/li><li class=\"elementor-sitemap-item elementor-sitemap-item-post page_item page-item-73166\"><a href=\"https:\/\/icripalimosani.edu.it\/site\/2023\/09\/04\/20230904185041unidos\/\">Sciopero del 25 Settembre 2023<\/a><\/li><li class=\"elementor-sitemap-item elementor-sitemap-item-post page_item page-item-73165\"><a href=\"https:\/\/icripalimosani.edu.it\/site\/2023\/09\/02\/20230902121718unidos\/\">Calendario impegni collegiali avvio anno scolastico 23\/24<\/a><\/li><li class=\"elementor-sitemap-item elementor-sitemap-item-post page_item page-item-73164\"><a href=\"https:\/\/icripalimosani.edu.it\/site\/2023\/09\/02\/20230902115207unidos\/\">Avviso interno per i termini di presentazione delle domande per l&#8217;incarico di funzione strumentale a.s. 23\/24<\/a><\/li><li class=\"elementor-sitemap-item elementor-sitemap-item-post page_item page-item-73163\"><a href=\"https:\/\/icripalimosani.edu.it\/site\/2023\/09\/02\/20230902114419unidos\/\">Incontro accoglienza e di orientamento degli alunni delle classi prime della scuola primaria<\/a><\/li><li class=\"elementor-sitemap-item elementor-sitemap-item-post page_item page-item-73162\"><a href=\"https:\/\/icripalimosani.edu.it\/site\/2023\/08\/31\/20230831085658unidos\/\">RASSEGNA SINDACALE ANIEF &#8211; EDIZIONE STRAORDINARIA &#8211; DEL 01 SETTEMBRE 2023<\/a><\/li><li class=\"elementor-sitemap-item elementor-sitemap-item-post page_item page-item-73161\"><a href=\"https:\/\/icripalimosani.edu.it\/site\/2023\/08\/30\/20230830123728unidos\/\">[SINDACATO INS. RELIGIONE &#8211; SAIR NOTIZIE] GUIDA CONTRATTI INSEGNANTI DI RELIGIONE A TEMPO DETERMINATO E INDETERMINATO<\/a><\/li><li class=\"elementor-sitemap-item elementor-sitemap-item-post page_item page-item-73160\"><a href=\"https:\/\/icripalimosani.edu.it\/site\/2023\/08\/30\/20230830083005unidos\/\">Webinar UIL SCUOLA: ANNO DI FORMAZIONE E PROVA Mercoled\u00ec 30 agosto 2023<\/a><\/li><li class=\"elementor-sitemap-item elementor-sitemap-item-post page_item page-item-73159\"><a href=\"https:\/\/icripalimosani.edu.it\/site\/2023\/08\/30\/20230830082726unidos\/\">PUNTEGGIO SERVIZIO MILITARE. FEDERATA VINCE ANCORA NEI TRIBUNALI<\/a><\/li><li class=\"elementor-sitemap-item elementor-sitemap-item-post page_item page-item-73158\"><a href=\"https:\/\/icripalimosani.edu.it\/site\/2023\/08\/28\/20230828081858unidos\/\">COMUNICATO STAMPA &#8211; SCANDALO IS OLIVETTI MONZA<\/a><\/li><li class=\"elementor-sitemap-item elementor-sitemap-item-post page_item page-item-73157\"><a href=\"https:\/\/icripalimosani.edu.it\/site\/2023\/08\/25\/20230825142843unidos\/\">Convocazione Collegio dei docenti del 2 settembre<\/a><\/li><li class=\"elementor-sitemap-item elementor-sitemap-item-post page_item page-item-73156\"><a href=\"https:\/\/icripalimosani.edu.it\/site\/2023\/08\/25\/20230825142134unidos\/\">Presa di servizio personale Docente e ATA in entrata primo settembre 2023.<\/a><\/li><li class=\"elementor-sitemap-item elementor-sitemap-item-post page_item page-item-73153\"><a href=\"https:\/\/icripalimosani.edu.it\/site\/2023\/08\/22\/regolamento-mad-2023-2024\/\">Regolamento MAD 2023\/2024<\/a><\/li><li class=\"elementor-sitemap-item elementor-sitemap-item-post page_item page-item-73151\"><a href=\"https:\/\/icripalimosani.edu.it\/site\/2023\/08\/21\/20230821124717unidos\/\">Notiziario telematico dal 25\/07\/2023 all&#8217;11\/08\/2023-SegreteriaFederazione UIL Scuola RUA Molise<\/a><\/li><li class=\"elementor-sitemap-item elementor-sitemap-item-post page_item page-item-73150\"><a href=\"https:\/\/icripalimosani.edu.it\/site\/2023\/08\/03\/20230803082301unidos\/\">Snadir Info-Point n.187 &#8211; All&#8217;albo sindacale ex art.25 legge 300\/1970 &#8211; Snadir vince un nuovo ricorso e ottiene il passaggio da infanzia\/primaria a secondaria senza penalizzazione retributiva.<\/a><\/li><li class=\"elementor-sitemap-item elementor-sitemap-item-post page_item page-item-73149\"><a href=\"https:\/\/icripalimosani.edu.it\/site\/2023\/07\/31\/20230731093752unidos\/\">Supplenze docenti: domande dal 17 al 31 luglio, marted\u00ec 18 assemblea in viedeoconferenza<\/a><\/li><li class=\"elementor-sitemap-item elementor-sitemap-item-post page_item page-item-73148\"><a href=\"https:\/\/icripalimosani.edu.it\/site\/2023\/07\/27\/20230727104628unidos\/\">Snadir Info-Poin n.185 &#8211; All&#8217;albo sindacale ex art.25 legge 300\/1970 &#8211; Contratti automatizzati degli incaricati annuali di religione a.s. 2023\/2024: prime indicazioni<\/a><\/li><li class=\"elementor-sitemap-item elementor-sitemap-item-post page_item page-item-73147\"><a href=\"https:\/\/icripalimosani.edu.it\/site\/2023\/07\/26\/20230726102623unidos\/\">collaudo PON FESR &#8220;Ambienti didattici innovativi per le scuole dell&#8217;infanzia<\/a><\/li><li class=\"elementor-sitemap-item elementor-sitemap-item-post page_item page-item-73145\"><a href=\"https:\/\/icripalimosani.edu.it\/site\/2023\/07\/20\/20230720160611unidos\/\">BANDO PROGETTISTA E COLLAUDO &#8211; Progetto STEAM &#8211; Domanda di partecipazione &#8211; Allegato B<\/a><\/li><li class=\"elementor-sitemap-item elementor-sitemap-item-post page_item page-item-73144\"><a href=\"https:\/\/icripalimosani.edu.it\/site\/2023\/07\/20\/20230720124203unidos\/\">relazione finale progetto edugreen<\/a><\/li><li class=\"elementor-sitemap-item elementor-sitemap-item-post page_item page-item-73143\"><a href=\"https:\/\/icripalimosani.edu.it\/site\/2023\/07\/20\/20230720122754unidos\/\">progetto edugreen. Dichiarazione assenza di doppio finannziamento<\/a><\/li><li class=\"elementor-sitemap-item elementor-sitemap-item-post page_item page-item-73142\"><a href=\"https:\/\/icripalimosani.edu.it\/site\/2023\/07\/18\/20230718103349unidos\/\">Newsletter USB scuola<\/a><\/li><li class=\"elementor-sitemap-item elementor-sitemap-item-post page_item page-item-73141\"><a href=\"https:\/\/icripalimosani.edu.it\/site\/2023\/07\/18\/20230718083831unidos\/\">CONTRATTO, LA UIL SCUOLA NON FIRMA: ECCO LE NOSTRE RAGIONI<\/a><\/li><li class=\"elementor-sitemap-item elementor-sitemap-item-post page_item page-item-73137\"><a href=\"https:\/\/icripalimosani.edu.it\/site\/2023\/07\/17\/progetto-my-dear-kindergarten-different-contries-cultures-riconoscimenti-europei\/\">Progetto &#8220;MY DEAR KINDERGARTEN DIFFERENT CONTRIES CULTURES&#8221; &#8211; Riconoscimenti europei<\/a><\/li><li class=\"elementor-sitemap-item elementor-sitemap-item-post page_item page-item-73132\"><a href=\"https:\/\/icripalimosani.edu.it\/site\/2023\/07\/17\/progetto-art-4us-riconoscimenti-europei\/\">Progetto Art 4US &#8211; Riconoscimenti europei<\/a><\/li><li class=\"elementor-sitemap-item elementor-sitemap-item-post page_item page-item-73127\"><a href=\"https:\/\/icripalimosani.edu.it\/site\/2023\/07\/17\/progetto-telling-japan-with-steam\/\">Progetto Telling Japan with STEAM<\/a><\/li><li class=\"elementor-sitemap-item elementor-sitemap-item-post page_item page-item-73125\"><a href=\"https:\/\/icripalimosani.edu.it\/site\/2023\/07\/17\/20230717131754unidos\/\">Pubblicazione del nuovo Codice di comportamento dei dipendenti pubblici &#8211; D.P.R. n. 81 del 13\/06\/2023<\/a><\/li><li class=\"elementor-sitemap-item elementor-sitemap-item-post page_item page-item-73124\"><a href=\"https:\/\/icripalimosani.edu.it\/site\/2023\/07\/13\/20230713095046unidos\/\">[UIL Scuola Molise: Notizie] Notiziario telematico dal 25\/06\/2023 al 08\/07\/2023-SegreteriaFederazione UIL Scuola RUA Molise<\/a><\/li><li class=\"elementor-sitemap-item elementor-sitemap-item-post page_item page-item-73115\"><a href=\"https:\/\/icripalimosani.edu.it\/site\/2023\/07\/05\/20230705083236unidos\/\">[SINDACATO INS. RELIGIONE &#8211; SAIR NOTIZIE] AI DOCENTI DI RELIGIONE<\/a><\/li><li class=\"elementor-sitemap-item elementor-sitemap-item-post page_item page-item-73114\"><a href=\"https:\/\/icripalimosani.edu.it\/site\/2023\/07\/05\/20230705083004unidos\/\">Concorso straordinario ter: corso di preparazione organizzato da USB Scuola<\/a><\/li><li class=\"elementor-sitemap-item elementor-sitemap-item-post page_item page-item-73110\"><a href=\"https:\/\/icripalimosani.edu.it\/site\/2023\/07\/03\/realizzazione-sito\/\">Realizzazione sito<\/a><\/li><li class=\"elementor-sitemap-item elementor-sitemap-item-post page_item page-item-73107\"><a href=\"https:\/\/icripalimosani.edu.it\/site\/2023\/07\/03\/primi-passi-programmare\/\">&#8220;Primi passi&#8230;per programmare&#8221;<\/a><\/li><li class=\"elementor-sitemap-item elementor-sitemap-item-post page_item page-item-73104\"><a href=\"https:\/\/icripalimosani.edu.it\/site\/2023\/07\/03\/io-e-gli-altri-cittadini-del-mondo\/\">Io e gli altri cittadini del mondo<\/a><\/li><li class=\"elementor-sitemap-item elementor-sitemap-item-post page_item page-item-73102\"><a href=\"https:\/\/icripalimosani.edu.it\/site\/2023\/06\/30\/20230630130452unidos\/\">Fwd: FLC INFORMA: Naspi precari, formazione Tutor e orientatore, posizioni economiche e assemblea ATA<\/a><\/li><li class=\"elementor-sitemap-item elementor-sitemap-item-post page_item page-item-73101\"><a href=\"https:\/\/icripalimosani.edu.it\/site\/2023\/06\/28\/20230628110932unidos\/\">Nuove modalit\u00e0 di formazione e assunzione: USB Scuola denuncia l\u2019ennesima farsa<\/a><\/li><li class=\"elementor-sitemap-item elementor-sitemap-item-post page_item page-item-73100\"><a href=\"https:\/\/icripalimosani.edu.it\/site\/2023\/06\/28\/20230628105818unidos\/\">[UIL Scuola Molise: Notizie] Notiziario telematico dal 31\/05\/2023 al  23\/06\/2023-SegreteriaFederazione UIL Scuola RUA Molise<\/a><\/li><li class=\"elementor-sitemap-item elementor-sitemap-item-post page_item page-item-73099\"><a href=\"https:\/\/icripalimosani.edu.it\/site\/2023\/06\/28\/20230628104244unidos\/\">Convocazione Assemblea sindacale territoriale del PERSONALE ATA (art. 23 CCNL\/2018 Istruzione e Ricerca) \u2013 mercoled\u00ec 5 luglio 2023<\/a><\/li><li class=\"elementor-sitemap-item elementor-sitemap-item-post page_item page-item-73089\"><a href=\"https:\/\/icripalimosani.edu.it\/site\/2023\/06\/26\/pon-edugreen\/\">PON EDUGREEN<\/a><\/li><li class=\"elementor-sitemap-item elementor-sitemap-item-post page_item page-item-73073\"><a href=\"https:\/\/icripalimosani.edu.it\/site\/2023\/06\/22\/20230622120636unidos\/\">Convocazione del Collegio unitario dei Docenti<\/a><\/li><li class=\"elementor-sitemap-item elementor-sitemap-item-post page_item page-item-73072\"><a href=\"https:\/\/icripalimosani.edu.it\/site\/2023\/06\/20\/20230620122132unidos\/\">contratto di prestazione d&#8217;opera per attivit\u00e0 di progettazione. Next generation classrooms<\/a><\/li><li class=\"elementor-sitemap-item elementor-sitemap-item-post page_item page-item-73071\"><a href=\"https:\/\/icripalimosani.edu.it\/site\/2023\/06\/20\/20230620120455unidos\/\">certificato regolare esecuzione fornitura materiale pubblicitario. PON edugreen<\/a><\/li><li class=\"elementor-sitemap-item elementor-sitemap-item-post page_item page-item-73070\"><a href=\"https:\/\/icripalimosani.edu.it\/site\/2023\/06\/20\/20230620120311unidos\/\">Certificato regolare esecuzione materiale pubblicitario. PON Ambienti didattici innovativi<\/a><\/li><li class=\"elementor-sitemap-item elementor-sitemap-item-post page_item page-item-73069\"><a href=\"https:\/\/icripalimosani.edu.it\/site\/2023\/06\/19\/20230619101653unidos\/\">Assemblea Sindacale del Personale ATA &#8211; Marted\u00ec 27.06.2023<\/a><\/li><li class=\"elementor-sitemap-item elementor-sitemap-item-post page_item page-item-73055\"><a href=\"https:\/\/icripalimosani.edu.it\/site\/2023\/06\/17\/progetto-posso-migliorare-anchio\/\">Progetto &#8220;Posso migliorare anch&#8217;io&#8221;<\/a><\/li><li class=\"elementor-sitemap-item elementor-sitemap-item-post page_item page-item-73050\"><a href=\"https:\/\/icripalimosani.edu.it\/site\/2023\/06\/17\/my-dear-kindergarten-different-countries-cultures\/\">My Dear Kindergarten Different Countries Cultures<\/a><\/li><li class=\"elementor-sitemap-item elementor-sitemap-item-post page_item page-item-73043\"><a href=\"https:\/\/icripalimosani.edu.it\/site\/2023\/06\/17\/disseminazione-del-progetto-e-twinning\/\">Disseminazione del progetto E-twinning<\/a><\/li><li class=\"elementor-sitemap-item elementor-sitemap-item-post page_item page-item-73030\"><a href=\"https:\/\/icripalimosani.edu.it\/site\/2023\/06\/17\/alternative-education-at-my-school\/\">&#8220;Alternative education at my school&#8221;<\/a><\/li><li class=\"elementor-sitemap-item elementor-sitemap-item-post page_item page-item-73029\"><a href=\"https:\/\/icripalimosani.edu.it\/site\/2023\/06\/17\/20230617084100unidos\/\">Comunicazione chiusura per elezioni del presidente della Regione<\/a><\/li><li class=\"elementor-sitemap-item elementor-sitemap-item-post page_item page-item-73025\"><a href=\"https:\/\/icripalimosani.edu.it\/site\/2023\/06\/16\/rappresentazione-di-fine-anno\/\">Rappresentazione di fine anno<\/a><\/li><li class=\"elementor-sitemap-item elementor-sitemap-item-post page_item page-item-73015\"><a href=\"https:\/\/icripalimosani.edu.it\/site\/2023\/06\/16\/progetto-di-sperimentazione-a-scuola-di-nuovo-il-mago-di-oz\/\">Progetto di sperimentazione: &#8220;A scuola di nuovo&#8230;il mago di Oz&#8221;<\/a><\/li><li class=\"elementor-sitemap-item elementor-sitemap-item-post page_item page-item-73013\"><a href=\"https:\/\/icripalimosani.edu.it\/site\/2023\/06\/16\/20230616085054unidos\/\">&#8211; Ottime notizie: il Governo verso l\u2019aumento dei posti previsti dalla procedura straordinaria, dal 50% al 70%! &#8211; All&#8217;albo sindacale ex art.25 legge 300\/1970<\/a><\/li><li class=\"elementor-sitemap-item elementor-sitemap-item-post page_item page-item-73012\"><a href=\"https:\/\/icripalimosani.edu.it\/site\/2023\/06\/16\/20230616084741unidos\/\">Carta docente a tutti i precari di religione<\/a><\/li><li class=\"elementor-sitemap-item elementor-sitemap-item-post page_item page-item-73011\"><a href=\"https:\/\/icripalimosani.edu.it\/site\/2023\/06\/15\/20230615162322unidos\/\">Docenti di religione<\/a><\/li><li class=\"elementor-sitemap-item elementor-sitemap-item-post page_item page-item-73010\"><a href=\"https:\/\/icripalimosani.edu.it\/site\/2023\/06\/14\/20230614114528unidos\/\">Organici di religione<\/a><\/li><li class=\"elementor-sitemap-item elementor-sitemap-item-post page_item page-item-73009\"><a href=\"https:\/\/icripalimosani.edu.it\/site\/2023\/06\/14\/20230614083029unidos\/\">rassegna sindacale ANIEF<\/a><\/li><li class=\"elementor-sitemap-item elementor-sitemap-item-post page_item page-item-72997\"><a href=\"https:\/\/icripalimosani.edu.it\/site\/2023\/06\/13\/concerto-di-fine-anno-3\/\">Concerto di fine anno<\/a><\/li><li class=\"elementor-sitemap-item elementor-sitemap-item-post page_item page-item-72983\"><a href=\"https:\/\/icripalimosani.edu.it\/site\/2023\/06\/13\/72983\/\">Educazione all&#8217;ambiente<\/a><\/li><li class=\"elementor-sitemap-item elementor-sitemap-item-post page_item page-item-72979\"><a href=\"https:\/\/icripalimosani.edu.it\/site\/2023\/06\/12\/progetto-pon-semi-di-poesia\/\">Progetto PON: &#8220;Semi di poesia&#8221;<\/a><\/li><li class=\"elementor-sitemap-item elementor-sitemap-item-post page_item page-item-72969\"><a href=\"https:\/\/icripalimosani.edu.it\/site\/2023\/06\/10\/presentazione-dipinto-la-guernica\/\">Presentazione dipinto la &#8220;Guernica&#8221;<\/a><\/li><li class=\"elementor-sitemap-item elementor-sitemap-item-post page_item page-item-72966\"><a href=\"https:\/\/icripalimosani.edu.it\/site\/2023\/06\/10\/miao-il-gatto-che-voleva\/\">&#8220;Miao, il gatto che voleva&#8230;&#8221;<\/a><\/li><li class=\"elementor-sitemap-item elementor-sitemap-item-post page_item page-item-72955\"><a href=\"https:\/\/icripalimosani.edu.it\/site\/2023\/06\/10\/conclusione-progetto-scuola-attiva-kids\/\">Conclusione Progetto Scuola Attiva Kids<\/a><\/li><li class=\"elementor-sitemap-item elementor-sitemap-item-post page_item page-item-72936\"><a href=\"https:\/\/icripalimosani.edu.it\/site\/2023\/06\/10\/spettacolo-finale-il-baule-dei-ricordi\/\">Spettacolo finale &#8220;Il baule dei ricordi&#8221;<\/a><\/li><li class=\"elementor-sitemap-item elementor-sitemap-item-post page_item page-item-72929\"><a href=\"https:\/\/icripalimosani.edu.it\/site\/2023\/06\/10\/spettacolo-di-fine-anno-cera-una-volta\/\">Spettacolo di fine anno &#8220;C&#8217;era una volta&#8230;&#8221;<\/a><\/li><li class=\"elementor-sitemap-item elementor-sitemap-item-post page_item page-item-72928\"><a href=\"https:\/\/icripalimosani.edu.it\/site\/2023\/06\/09\/20230609102840unidos\/\">Comunicato sindacale<\/a><\/li><li class=\"elementor-sitemap-item elementor-sitemap-item-post page_item page-item-72927\"><a href=\"https:\/\/icripalimosani.edu.it\/site\/2023\/06\/09\/20230609093535unidos\/\">Verbale di COLLAUDO PON EDUGREEN<\/a><\/li><li class=\"elementor-sitemap-item elementor-sitemap-item-post page_item page-item-72926\"><a href=\"https:\/\/icripalimosani.edu.it\/site\/2023\/06\/08\/20230608113607unidos\/\">[SINDACATO DOCENTI &#8211; SADOC INFORMA] AL PERSONALE DOCENTE &#8211; ALL&#8217;ALBO SINDACA<\/a><\/li><li class=\"elementor-sitemap-item elementor-sitemap-item-post page_item page-item-72925\"><a href=\"https:\/\/icripalimosani.edu.it\/site\/2023\/06\/08\/20230608100407unidos\/\">USB Scuola: 14 giugno ore 17 Question Time su TFA, immissioni e concorso<\/a><\/li><li class=\"elementor-sitemap-item elementor-sitemap-item-post page_item page-item-72916\"><a href=\"https:\/\/icripalimosani.edu.it\/site\/2023\/06\/07\/progetto-extra-curriculare-ce-di-mezzo-il-mare\/\">Progetto extra-curriculare: &#8220;C&#8217;\u00e8 di mezzo il mare&#8221;<\/a><\/li><li class=\"elementor-sitemap-item elementor-sitemap-item-post page_item page-item-72914\"><a href=\"https:\/\/icripalimosani.edu.it\/site\/2023\/06\/07\/20230607133143unidos\/\">COMUNICAZIONE<\/a><\/li><li class=\"elementor-sitemap-item elementor-sitemap-item-post page_item page-item-72913\"><a href=\"https:\/\/icripalimosani.edu.it\/site\/2023\/06\/07\/20230607091217unidos\/\">USB Scuola: apertura sportello assegnazioni provvisorie e utilizzazioni<\/a><\/li><li class=\"elementor-sitemap-item elementor-sitemap-item-post page_item page-item-72912\"><a href=\"https:\/\/icripalimosani.edu.it\/site\/2023\/06\/06\/20230606144247unidos\/\">assunzione incarico Project manager. PNRR Next Gen Classrooms<\/a><\/li><li class=\"elementor-sitemap-item elementor-sitemap-item-post page_item page-item-72911\"><a href=\"https:\/\/icripalimosani.edu.it\/site\/2023\/06\/06\/20230606133326unidos\/\">Sospensione mensa scolastica scuola dell&#8217;infanzia<\/a><\/li><li class=\"elementor-sitemap-item elementor-sitemap-item-post page_item page-item-72910\"><a href=\"https:\/\/icripalimosani.edu.it\/site\/2023\/06\/06\/20230606131615unidos\/\">decreto di conferimento di incarico individuale avente ad oggetto il compito di collaudo. PNRR Next Generation EU<\/a><\/li><li class=\"elementor-sitemap-item elementor-sitemap-item-post page_item page-item-72909\"><a href=\"https:\/\/icripalimosani.edu.it\/site\/2023\/06\/06\/20230606094402unidos\/\">QUESTIONARI DI AUTOVALUTAZIONE D&#8217;ISTITUTO &#8211; A.S. 2022\/20223<\/a><\/li><li class=\"elementor-sitemap-item elementor-sitemap-item-post page_item page-item-72908\"><a href=\"https:\/\/icripalimosani.edu.it\/site\/2023\/06\/06\/20230606085103unidos\/\">Prova finale neo assunti &#8211; Webinar IRASE<\/a><\/li><li class=\"elementor-sitemap-item elementor-sitemap-item-post page_item page-item-72907\"><a href=\"https:\/\/icripalimosani.edu.it\/site\/2023\/06\/06\/20230606083442unidos\/\">RASSEGNA SINDACALE ANIEF N.21 DEL 05 GIUGNO 2023<\/a><\/li><li class=\"elementor-sitemap-item elementor-sitemap-item-post page_item page-item-72900\"><a href=\"https:\/\/icripalimosani.edu.it\/site\/2023\/06\/05\/20230605131021unidos\/\">Comunicato Corso TFA sostegno.2023 Molise<\/a><\/li><li class=\"elementor-sitemap-item elementor-sitemap-item-post page_item page-item-72899\"><a href=\"https:\/\/icripalimosani.edu.it\/site\/2023\/06\/05\/20230605130257unidos\/\">BANDO OTTAVO CICLO TFA SOSTEGNO<\/a><\/li><li class=\"elementor-sitemap-item elementor-sitemap-item-post page_item page-item-72896\"><a href=\"https:\/\/icripalimosani.edu.it\/site\/2023\/06\/04\/progetto-continuita-il-nostro-amico-semino\/\">Progetto continuit\u00e0: &#8220;Il nostro amico semino&#8221;<\/a><\/li><li class=\"elementor-sitemap-item elementor-sitemap-item-post page_item page-item-72887\"><a href=\"https:\/\/icripalimosani.edu.it\/site\/2023\/06\/04\/innovamenti_tech-scuola-futura\/\">Innovamenti_Tech-Scuola Futura<\/a><\/li><li class=\"elementor-sitemap-item elementor-sitemap-item-post page_item page-item-72874\"><a href=\"https:\/\/icripalimosani.edu.it\/site\/2023\/06\/04\/la-mia-maschera-pensata\/\">&#8220;La mia maschera pensata&#8221;<\/a><\/li><li class=\"elementor-sitemap-item elementor-sitemap-item-post page_item page-item-72859\"><a href=\"https:\/\/icripalimosani.edu.it\/site\/2023\/06\/01\/giochi-finali-progetto-scuola-attiva-kids\/\">Giochi finali Progetto Scuola Attiva Kids<\/a><\/li><li class=\"elementor-sitemap-item elementor-sitemap-item-post page_item page-item-72851\"><a href=\"https:\/\/icripalimosani.edu.it\/site\/2023\/06\/01\/progetto-giococalciando\/\">Progetto &#8220;Giococalciando&#8221;<\/a><\/li><li class=\"elementor-sitemap-item elementor-sitemap-item-post page_item page-item-72850\"><a href=\"https:\/\/icripalimosani.edu.it\/site\/2023\/06\/01\/20230601143703unidos\/\">Decreto afficamento incarico progettista .Azione 1: Next generation classrooms &#8211; Ambienti di apprendimento innovativi\u201d.<\/a><\/li><li class=\"elementor-sitemap-item elementor-sitemap-item-post page_item page-item-72849\"><a href=\"https:\/\/icripalimosani.edu.it\/site\/2023\/06\/01\/20230601081644unidos\/\">Chiarimenti su termine delle lezioni e obblighi di servizio del personale docente<\/a><\/li><li class=\"elementor-sitemap-item elementor-sitemap-item-post page_item page-item-72846\"><a href=\"https:\/\/icripalimosani.edu.it\/site\/2023\/05\/31\/20230531131500unidos\/\">Lettera di incarico. Attivit\u00e0 di supporto tecnico operativo specialistico finalizzato alla realizzazione del progetto e al raggiungimento dei target e milestone. PNRR Next Generation EU<\/a><\/li><li class=\"elementor-sitemap-item elementor-sitemap-item-post page_item page-item-72845\"><a href=\"https:\/\/icripalimosani.edu.it\/site\/2023\/05\/31\/20230531123123unidos\/\">PNRR Next generation classrooms. Decreto affidamento per il supporto tecnico operativo specialistico finalizzato alla realizzazione del progetto e al raggiungimento dei target e milestone<\/a><\/li><li class=\"elementor-sitemap-item elementor-sitemap-item-post page_item page-item-72844\"><a href=\"https:\/\/icripalimosani.edu.it\/site\/2023\/05\/31\/20230531075451unidos\/\">USB Scuola &#8211; insegnante accoltellata in classe: docenti soli davanti a una societ\u00e0 priva di bussola e a uno Stato assente<\/a><\/li><li class=\"elementor-sitemap-item elementor-sitemap-item-post page_item page-item-72835\"><a href=\"https:\/\/icripalimosani.edu.it\/site\/2023\/05\/30\/progetto-finanziato-con-il-piano-delle-arti\/\">Progetto finanziato con il Piano delle arti<\/a><\/li><li class=\"elementor-sitemap-item elementor-sitemap-item-post page_item page-item-72827\"><a href=\"https:\/\/icripalimosani.edu.it\/site\/2023\/05\/30\/evento-ite-etwinning-for-future-teachers\/\">Evento ITE &#8220;eTwinning for future teachers&#8221;<\/a><\/li><li class=\"elementor-sitemap-item elementor-sitemap-item-post page_item page-item-72822\"><a href=\"https:\/\/icripalimosani.edu.it\/site\/2023\/05\/30\/unimol-progetto-telling-japan-with-steam\/\">UNIMOL &#8211; Progetto &#8220;Telling Japan with STEAM&#8221;<\/a><\/li><li class=\"elementor-sitemap-item elementor-sitemap-item-post page_item page-item-72818\"><a href=\"https:\/\/icripalimosani.edu.it\/site\/2023\/05\/30\/incontro-di-coordinamento-nazionale-ite-etwinning\/\">Incontro di coordinamento nazionale ITE eTwinning<\/a><\/li><li class=\"elementor-sitemap-item elementor-sitemap-item-post page_item page-item-72817\"><a href=\"https:\/\/icripalimosani.edu.it\/site\/2023\/05\/30\/20230530142837unidos\/\">Adempimenti di fine anno<\/a><\/li><li class=\"elementor-sitemap-item elementor-sitemap-item-post page_item page-item-72815\"><a href=\"https:\/\/icripalimosani.edu.it\/site\/2023\/05\/30\/20230530102536unidos\/\">dimensionamento scolastico, si rischia il taglio di 9 scuole in Molise<\/a><\/li><li class=\"elementor-sitemap-item elementor-sitemap-item-post page_item page-item-72814\"><a href=\"https:\/\/icripalimosani.edu.it\/site\/2023\/05\/30\/20230530101633unidos\/\">[FLC CGIL] Scuola, docenti: esiti mobilit\u00e0. Precari, circa 75.000 posti disponibili<\/a><\/li><li class=\"elementor-sitemap-item elementor-sitemap-item-post page_item page-item-72813\"><a href=\"https:\/\/icripalimosani.edu.it\/site\/2023\/05\/30\/20230530101215unidos\/\">[SINDACATO DOCENTI &#8211; SADOC INFORMA]<\/a><\/li><li class=\"elementor-sitemap-item elementor-sitemap-item-post page_item page-item-72812\"><a href=\"https:\/\/icripalimosani.edu.it\/site\/2023\/05\/30\/20230530095529unidos\/\">RASSEGNA SINDACALE ANIEF N.20 DEL 29 MAGGIO 2023<\/a><\/li><li class=\"elementor-sitemap-item elementor-sitemap-item-post page_item page-item-72790\"><a href=\"https:\/\/icripalimosani.edu.it\/site\/2023\/05\/28\/parola-dordine-inclusione\/\">Parola d&#8217;ordine: Inclusione<\/a><\/li><li class=\"elementor-sitemap-item elementor-sitemap-item-post page_item page-item-72778\"><a href=\"https:\/\/icripalimosani.edu.it\/site\/2023\/05\/27\/piccoli-pompieri-per-un-giorno\/\">Piccoli pompieri per un giorno<\/a><\/li><li class=\"elementor-sitemap-item elementor-sitemap-item-post page_item page-item-72769\"><a href=\"https:\/\/icripalimosani.edu.it\/site\/2023\/05\/26\/scacco-matto-col-maestro-antonio-petruccioli\/\">SCACCO MATTO COL MAESTRO ANTONIO PETRUCCIOLI<\/a><\/li><li class=\"elementor-sitemap-item elementor-sitemap-item-post page_item page-item-72744\"><a href=\"https:\/\/icripalimosani.edu.it\/site\/2023\/05\/26\/concerto-di-fine-anno-2\/\">Concerto di fine anno<\/a><\/li><li class=\"elementor-sitemap-item elementor-sitemap-item-post page_item page-item-72740\"><a href=\"https:\/\/icripalimosani.edu.it\/site\/2023\/05\/25\/20230525120136unidos\/\">sospensione mensa scolastica<\/a><\/li><li class=\"elementor-sitemap-item elementor-sitemap-item-post page_item page-item-72739\"><a href=\"https:\/\/icripalimosani.edu.it\/site\/2023\/05\/25\/20230525092707unidos\/\">SOSPENSIONE ATTIVITA&#8217; DIDATTICHE<\/a><\/li><li class=\"elementor-sitemap-item elementor-sitemap-item-post page_item page-item-72732\"><a href=\"https:\/\/icripalimosani.edu.it\/site\/2023\/05\/24\/progetto-legalita-2\/\">Progetto legalit\u00e0<\/a><\/li><li class=\"elementor-sitemap-item elementor-sitemap-item-post page_item page-item-72720\"><a href=\"https:\/\/icripalimosani.edu.it\/site\/2023\/05\/24\/1o-concorso-regionale-di-esecuzione-musicale-di-ricerca-storica-e-di-innovazione-multimediale-2022-anno-perosiano\/\">1\u00ba Concorso Regionale di esecuzione musicale, di ricerca storica e di innovazione multimediale &#8220;2022 Anno Perosiano<\/a><\/li><li class=\"elementor-sitemap-item elementor-sitemap-item-post page_item page-item-72719\"><a href=\"https:\/\/icripalimosani.edu.it\/site\/2023\/05\/24\/20230524125726unidos\/\">verbale commissione giudicatrice domande per supporto tecnico operativo specialistico. PNRR Next Generation<\/a><\/li><li class=\"elementor-sitemap-item elementor-sitemap-item-post page_item page-item-72718\"><a href=\"https:\/\/icripalimosani.edu.it\/site\/2023\/05\/24\/20230524125453unidos\/\">verbale commissione giudicatrice domande per incarico di progettista e collaudatore. Graduatorie provvisorie PNRR Next Generation<\/a><\/li><li class=\"elementor-sitemap-item elementor-sitemap-item-post page_item page-item-72717\"><a href=\"https:\/\/icripalimosani.edu.it\/site\/2023\/05\/24\/20230524095122unidos\/\">Calendario delle attivit\u00e0 del mese di Giugno 2023<\/a><\/li><li class=\"elementor-sitemap-item elementor-sitemap-item-post page_item page-item-72716\"><a href=\"https:\/\/icripalimosani.edu.it\/site\/2023\/05\/24\/20230524094447unidos\/\">VADEMECUM ESAMI DI STATO CONCLUSIVI DEL PRIMO CICLO DI ISTRUZIONE A.S. 2022\/2023<\/a><\/li><li class=\"elementor-sitemap-item elementor-sitemap-item-post page_item page-item-72712\"><a href=\"https:\/\/icripalimosani.edu.it\/site\/2023\/05\/23\/progetto-scuola-attiva-junior-attiviamoci\/\">Progetto Scuola Attiva Junior &#8211; &#8220;Attiviamoci&#8221;<\/a><\/li><li class=\"elementor-sitemap-item elementor-sitemap-item-post page_item page-item-72711\"><a href=\"https:\/\/icripalimosani.edu.it\/site\/2023\/05\/23\/20230523143552unidos\/\">comunicazione eventi orchestra_ trasporto alunni alla sede di Ripalimosani<\/a><\/li><li class=\"elementor-sitemap-item elementor-sitemap-item-post page_item page-item-72710\"><a href=\"https:\/\/icripalimosani.edu.it\/site\/2023\/05\/23\/20230523132840unidos\/\">decreto costituzione commissione di valutazione per la selezione di una figura professionale esperta per il supporto tecnico operativo specialistico finalizzato alla realizzazione del progetto e al raggiungimento dei target e milestone<\/a><\/li><li class=\"elementor-sitemap-item elementor-sitemap-item-post page_item page-item-72700\"><a href=\"https:\/\/icripalimosani.edu.it\/site\/2023\/05\/23\/20230523123216unidos\/\">decreto di nomina commissione di valutazione domande per progettista e collaudatore. PNRR New generation classrooms<\/a><\/li><li class=\"elementor-sitemap-item elementor-sitemap-item-post page_item page-item-72698\"><a href=\"https:\/\/icripalimosani.edu.it\/site\/2023\/05\/23\/20230523105742unidos\/\">Convocazione di un\u2019assemblea sindacale nazionale, dei DSGA delle istituzioni scolastiche di ogni ordine e grado<\/a><\/li><li class=\"elementor-sitemap-item elementor-sitemap-item-post page_item page-item-72697\"><a href=\"https:\/\/icripalimosani.edu.it\/site\/2023\/05\/23\/20230523093259unidos\/\">INCONTRO FORMATIVO<\/a><\/li><li class=\"elementor-sitemap-item elementor-sitemap-item-post page_item page-item-72696\"><a href=\"https:\/\/icripalimosani.edu.it\/site\/2023\/05\/23\/20230523081658unidos\/\">RASSEGNA SINDACALE ANIEF N.19 DEL 22 MAGGIO 2023<\/a><\/li><li class=\"elementor-sitemap-item elementor-sitemap-item-post page_item page-item-72694\"><a href=\"https:\/\/icripalimosani.edu.it\/site\/2023\/05\/20\/20230520105024unidos\/\">esami certificazione Cambridge_YLE Flyers<\/a><\/li><li class=\"elementor-sitemap-item elementor-sitemap-item-post page_item page-item-72693\"><a href=\"https:\/\/icripalimosani.edu.it\/site\/2023\/05\/20\/20230520101243unidos\/\">esami certificazione Cambridge_YLE Movers<\/a><\/li><li class=\"elementor-sitemap-item elementor-sitemap-item-post page_item page-item-72692\"><a href=\"https:\/\/icripalimosani.edu.it\/site\/2023\/05\/19\/20230519082121unidos\/\">trasmissione comunicazione sindacale<\/a><\/li><li class=\"elementor-sitemap-item elementor-sitemap-item-post page_item page-item-72688\"><a href=\"https:\/\/icripalimosani.edu.it\/site\/2023\/05\/18\/progetto-continuita-dal-seme-del-grano-alla-farina\/\">Progetto continuit\u00e0: &#8220;Dal seme del grano&#8230; alla farina&#8221;<\/a><\/li><li class=\"elementor-sitemap-item elementor-sitemap-item-post page_item page-item-72684\"><a href=\"https:\/\/icripalimosani.edu.it\/site\/2023\/05\/18\/incontro-informativo-con-la-polizia-postale\/\">Incontro informativo con la Polizia Postale<\/a><\/li><li class=\"elementor-sitemap-item elementor-sitemap-item-post page_item page-item-72676\"><a href=\"https:\/\/icripalimosani.edu.it\/site\/2023\/05\/18\/la-musica-unisce-la-scuola\/\">La musica unisce la scuola<\/a><\/li><li class=\"elementor-sitemap-item elementor-sitemap-item-post page_item page-item-72664\"><a href=\"https:\/\/icripalimosani.edu.it\/site\/2023\/05\/17\/20230517105926unidos\/\">formazione anief TAS\/RSU<\/a><\/li><li class=\"elementor-sitemap-item elementor-sitemap-item-post page_item page-item-72663\"><a href=\"https:\/\/icripalimosani.edu.it\/site\/2023\/05\/16\/20230516103845unidos\/\">comunicazione eventi orchestra_ trasporto alunni alla sede di Petrella.<\/a><\/li><li class=\"elementor-sitemap-item elementor-sitemap-item-post page_item page-item-72662\"><a href=\"https:\/\/icripalimosani.edu.it\/site\/2023\/05\/16\/20230516083115unidos\/\">RASSEGNA SINDACALE ANIEF N.18 DEL 15 MAGGIO 2023<\/a><\/li><li class=\"elementor-sitemap-item elementor-sitemap-item-post page_item page-item-72661\"><a href=\"https:\/\/icripalimosani.edu.it\/site\/2023\/05\/16\/20230516082135unidos\/\">Report incontro al Ministero su rotazione Dirigenti Scolastici del 15.05.2023.<\/a><\/li><li class=\"elementor-sitemap-item elementor-sitemap-item-post page_item page-item-72660\"><a href=\"https:\/\/icripalimosani.edu.it\/site\/2023\/05\/15\/20230515120457unidos\/\">Valutazione attivit\u00e0 di Tutor e Orientatore &#8211; Chiarimenti<\/a><\/li><li class=\"elementor-sitemap-item elementor-sitemap-item-post page_item page-item-72659\"><a href=\"https:\/\/icripalimosani.edu.it\/site\/2023\/05\/15\/20230515115945unidos\/\">Newsletter USB Scuola maggio 2023<\/a><\/li><li class=\"elementor-sitemap-item elementor-sitemap-item-post page_item page-item-72644\"><a href=\"https:\/\/icripalimosani.edu.it\/site\/2023\/05\/14\/premio-progetto-scuole-viaggianti\/\">Premio Progetto &#8220;Scuole viaggianti&#8221;<\/a><\/li><li class=\"elementor-sitemap-item elementor-sitemap-item-post page_item page-item-72643\"><a href=\"https:\/\/icripalimosani.edu.it\/site\/2023\/05\/13\/20230513130937unidos\/\">AI DOCENTI DI RELIGIONE &#8211; ALL&#8217;ALBO SINDACALE<\/a><\/li><li class=\"elementor-sitemap-item elementor-sitemap-item-post page_item page-item-72642\"><a href=\"https:\/\/icripalimosani.edu.it\/site\/2023\/05\/13\/20230513121130unidos\/\">Seminario Educare alla salute gioved\u00ec 18 maggio 2023<\/a><\/li><li class=\"elementor-sitemap-item elementor-sitemap-item-post page_item page-item-72641\"><a href=\"https:\/\/icripalimosani.edu.it\/site\/2023\/05\/13\/20230513120956unidos\/\">Assemblea sindacale online<\/a><\/li><li class=\"elementor-sitemap-item elementor-sitemap-item-post page_item page-item-72634\"><a href=\"https:\/\/icripalimosani.edu.it\/site\/2023\/05\/12\/cultura-alla-legalita\/\">Cultura alla legalit\u00e0<\/a><\/li><li class=\"elementor-sitemap-item elementor-sitemap-item-post page_item page-item-72631\"><a href=\"https:\/\/icripalimosani.edu.it\/site\/2023\/05\/12\/20230512075807unidos\/\">USB Scuola &#8211; Basta falsit\u00e0, la scuola vuole dignit\u00e0: il 26 maggio \u00e8 sciopero!<\/a><\/li><li class=\"elementor-sitemap-item elementor-sitemap-item-post page_item page-item-72630\"><a href=\"https:\/\/icripalimosani.edu.it\/site\/2023\/05\/11\/20230511142515unidos\/\">selezione di una figura professionale esperta per il supporto tecnico operativo specialistico finalizzato alla realizzazione del progetto e al raggiungimento dei target e milestone. PNRR Next Generation EU<\/a><\/li><li class=\"elementor-sitemap-item elementor-sitemap-item-post page_item page-item-72629\"><a href=\"https:\/\/icripalimosani.edu.it\/site\/2023\/05\/11\/20230511142055unidos\/\">bando selezione gruppo di lavoro PNRR. Next Generation EU<\/a><\/li><li class=\"elementor-sitemap-item elementor-sitemap-item-post page_item page-item-72628\"><a href=\"https:\/\/icripalimosani.edu.it\/site\/2023\/05\/11\/20230511141136unidos\/\">PNRR. Next Generation EU. Decreto avvio selezioni<\/a><\/li><li class=\"elementor-sitemap-item elementor-sitemap-item-post page_item page-item-72627\"><a href=\"https:\/\/icripalimosani.edu.it\/site\/2023\/05\/11\/20230511133907unidos\/\">Sospensione lezioni di strumento \u2013 18\/05\/2023<\/a><\/li><li class=\"elementor-sitemap-item elementor-sitemap-item-post page_item page-item-72626\"><a href=\"https:\/\/icripalimosani.edu.it\/site\/2023\/05\/11\/20230511132535unidos\/\">Comunicazione conclusione laboratori musicali<\/a><\/li><li class=\"elementor-sitemap-item elementor-sitemap-item-post page_item page-item-72625\"><a href=\"https:\/\/icripalimosani.edu.it\/site\/2023\/05\/11\/20230511122601unidos\/\">Convocazione del Collegio unitario dei docenti<\/a><\/li><li class=\"elementor-sitemap-item elementor-sitemap-item-post page_item page-item-72624\"><a href=\"https:\/\/icripalimosani.edu.it\/site\/2023\/05\/11\/20230511115254unidos\/\">avvio attivit\u00e0. Next Generation Classroom<\/a><\/li><li class=\"elementor-sitemap-item elementor-sitemap-item-post page_item page-item-72623\"><a href=\"https:\/\/icripalimosani.edu.it\/site\/2023\/05\/10\/20230510123454unidos\/\">Sospensione attivit\u00e0 didattiche per Festa Santo Patrono<\/a><\/li><li class=\"elementor-sitemap-item elementor-sitemap-item-post page_item page-item-72622\"><a href=\"https:\/\/icripalimosani.edu.it\/site\/2023\/05\/10\/20230510120841unidos\/\">autonomia differenziata, dal Molise tante firme per dire NO<\/a><\/li><li class=\"elementor-sitemap-item elementor-sitemap-item-post page_item page-item-72621\"><a href=\"https:\/\/icripalimosani.edu.it\/site\/2023\/05\/10\/20230510120442unidos\/\">Raggiunto l&#8217;obiettivo della raccolta firma contro l&#8217;autonomia differenziata a scuola<\/a><\/li><li class=\"elementor-sitemap-item elementor-sitemap-item-post page_item page-item-72620\"><a href=\"https:\/\/icripalimosani.edu.it\/site\/2023\/05\/10\/20230510114728unidos\/\">Consigli di classe, di interclasse e di intersezione con la presenza della Rappresentanza dei genitori.<\/a><\/li><li class=\"elementor-sitemap-item elementor-sitemap-item-post page_item page-item-72619\"><a href=\"https:\/\/icripalimosani.edu.it\/site\/2023\/05\/09\/20230509132408unidos\/\">RASSEGNA SINDACALE ANIEF N.17 DEL 08 MAGGIO 2023<\/a><\/li><li class=\"elementor-sitemap-item elementor-sitemap-item-post page_item page-item-72618\"><a href=\"https:\/\/icripalimosani.edu.it\/site\/2023\/05\/09\/20230509114226unidos\/\">SOSPENSIONE ATTIVITA&#8217; DIDATTICA PLESSO DI LUCITO PER FESTIVITA&#8217; SANTO PATRONO<\/a><\/li><li class=\"elementor-sitemap-item elementor-sitemap-item-post page_item page-item-72617\"><a href=\"https:\/\/icripalimosani.edu.it\/site\/2023\/05\/09\/20230509105016unidos\/\">Elezioni amministrative del 14 e 15 maggio 2023_Comune di Oratino<\/a><\/li><li class=\"elementor-sitemap-item elementor-sitemap-item-post page_item page-item-72616\"><a href=\"https:\/\/icripalimosani.edu.it\/site\/2023\/05\/08\/20230508133216unidos\/\">TUTTI I SETTORI \u2013 TUTTI I COMPARTI. SCIOPERO L\u2019INTERA GIORNATA DEL 26 MAGGIO 2023 \u2013 FISI &#8211; UBS<\/a><\/li><li class=\"elementor-sitemap-item elementor-sitemap-item-post page_item page-item-72615\"><a href=\"https:\/\/icripalimosani.edu.it\/site\/2023\/05\/08\/20230508112244unidos\/\">Tutor e orientatore: USB Scuola dice basta alle beffe ai danni dei docenti e della scuola<\/a><\/li><li class=\"elementor-sitemap-item elementor-sitemap-item-post page_item page-item-72614\"><a href=\"https:\/\/icripalimosani.edu.it\/site\/2023\/05\/08\/20230508102829unidos\/\">[UIL Scuola Molise: Notizie] Notiziario telematico dal 17\/04\/2023 al 06\/05\/2023-SegreteriaFederazione UIL Scuola RUA Molise<\/a><\/li><li class=\"elementor-sitemap-item elementor-sitemap-item-post page_item page-item-72606\"><a href=\"https:\/\/icripalimosani.edu.it\/site\/2023\/05\/07\/premio-letterario-lucius-calidius\/\">Premio Letterario \u201cLucius Calidius\u201d<\/a><\/li><li class=\"elementor-sitemap-item elementor-sitemap-item-post page_item page-item-72605\"><a href=\"https:\/\/icripalimosani.edu.it\/site\/2023\/05\/06\/20230506100849unidos\/\">assemblea sindacale anief<\/a><\/li><li class=\"elementor-sitemap-item elementor-sitemap-item-post page_item page-item-72596\"><a href=\"https:\/\/icripalimosani.edu.it\/site\/2023\/05\/05\/cuoriconnessi\/\">&#8220;#cuoriconnessi&#8221;<\/a><\/li><li class=\"elementor-sitemap-item elementor-sitemap-item-post page_item page-item-72583\"><a href=\"https:\/\/icripalimosani.edu.it\/site\/2023\/05\/04\/i-colori-delle-stagioni\/\">I colori delle stagioni<\/a><\/li><li class=\"elementor-sitemap-item elementor-sitemap-item-post page_item page-item-72570\"><a href=\"https:\/\/icripalimosani.edu.it\/site\/2023\/05\/04\/progetto-continuita-laborator-iamo\/\">Progetto continuit\u00e0: &#8220;Laborator&#8230;iamo&#8221;<\/a><\/li><li class=\"elementor-sitemap-item elementor-sitemap-item-post page_item page-item-72568\"><a href=\"https:\/\/icripalimosani.edu.it\/site\/2023\/05\/04\/20230504095446unidos\/\">SNADIR INFO-POINT n.181 &#8211; All&#8217;albo sindacale ex art.25 legge 300\/1970 &#8211; Cassazione: siamo a 40 sentenze<\/a><\/li><li class=\"elementor-sitemap-item elementor-sitemap-item-post page_item page-item-72567\"><a href=\"https:\/\/icripalimosani.edu.it\/site\/2023\/05\/04\/20230504094746unidos\/\">RASSEGNA SINDACALE ANIEF N.16 DEL 02 MAGGIO 2023<\/a><\/li><li class=\"elementor-sitemap-item elementor-sitemap-item-post page_item page-item-72566\"><a href=\"https:\/\/icripalimosani.edu.it\/site\/2023\/05\/03\/20230503134133unidos\/\">Convocazione di un\u2019assemblea sindacale nazionale, del personale ATA delle istituzioni scolastiche di ogni ordine e grado<\/a><\/li><li class=\"elementor-sitemap-item elementor-sitemap-item-post page_item page-item-72565\"><a href=\"https:\/\/icripalimosani.edu.it\/site\/2023\/05\/03\/20230503130021unidos\/\">USB Scuola: Assemblea sindacale online 10 maggio ore 17-19<\/a><\/li><li class=\"elementor-sitemap-item elementor-sitemap-item-post page_item page-item-72564\"><a href=\"https:\/\/icripalimosani.edu.it\/site\/2023\/05\/02\/20230502120251unidos\/\">PERSONALE ATA; ANCORA TAGLI NELLE SCUOLE MOLISANE<\/a><\/li><li class=\"elementor-sitemap-item elementor-sitemap-item-post page_item page-item-72563\"><a href=\"https:\/\/icripalimosani.edu.it\/site\/2023\/05\/02\/20230502111626unidos\/\">UIL SCUOLA RUA -Semplificazioni e Procedure Incontro al Ministero<\/a><\/li><li class=\"elementor-sitemap-item elementor-sitemap-item-post page_item page-item-72555\"><a href=\"https:\/\/icripalimosani.edu.it\/site\/2023\/04\/30\/salvare-una-vita-le-manovre-di-primo-soccorso\/\">Salvare una vita: le manovre di primo soccorso<\/a><\/li><li class=\"elementor-sitemap-item elementor-sitemap-item-post page_item page-item-72553\"><a href=\"https:\/\/icripalimosani.edu.it\/site\/2023\/04\/28\/20230428134909unidos\/\">nomina rup. Piano Nazionale di Ripresa e Resilienza Next Generation EU<\/a><\/li><li class=\"elementor-sitemap-item elementor-sitemap-item-post page_item page-item-72552\"><a href=\"https:\/\/icripalimosani.edu.it\/site\/2023\/04\/28\/20230428134017unidos\/\">Disseminazione. Piano Nazionale di Ripresa e Resilienza Next Generation EU<\/a><\/li><li class=\"elementor-sitemap-item elementor-sitemap-item-post page_item page-item-72551\"><a href=\"https:\/\/icripalimosani.edu.it\/site\/2023\/04\/28\/20230428105919unidos\/\">Convocazione Dipartimenti Disciplinari mese di maggio 2023<\/a><\/li><li class=\"elementor-sitemap-item elementor-sitemap-item-post page_item page-item-72549\"><a href=\"https:\/\/icripalimosani.edu.it\/site\/2023\/04\/27\/20230427115639unidos\/\">AI DOCENTI DI RELIGIONE<\/a><\/li><li class=\"elementor-sitemap-item elementor-sitemap-item-post page_item page-item-72548\"><a href=\"https:\/\/icripalimosani.edu.it\/site\/2023\/04\/27\/20230427084805unidos\/\">Corso di aggiornamento e formazione su PNRR<\/a><\/li><li class=\"elementor-sitemap-item elementor-sitemap-item-post page_item page-item-72547\"><a href=\"https:\/\/icripalimosani.edu.it\/site\/2023\/04\/27\/20230427084508unidos\/\">[FLC CGIL] #ATAnews n. 1\/2023<\/a><\/li><li class=\"elementor-sitemap-item elementor-sitemap-item-post page_item page-item-72546\"><a href=\"https:\/\/icripalimosani.edu.it\/site\/2023\/04\/26\/20230426091351unidos\/\">[Sindacato Nazionale FederATA] ANCORA VITTORIA PER I PRECARI ATA<\/a><\/li><li class=\"elementor-sitemap-item elementor-sitemap-item-post page_item page-item-72545\"><a href=\"https:\/\/icripalimosani.edu.it\/site\/2023\/04\/26\/20230426084000unidos\/\">CHIARIMENTI SCIOPERO DURANTE LE PROVE INVALSI ALLA SCUOLA PRIMARIA<\/a><\/li><li class=\"elementor-sitemap-item elementor-sitemap-item-post page_item page-item-72544\"><a href=\"https:\/\/icripalimosani.edu.it\/site\/2023\/04\/26\/20230426081536unidos\/\">RASSEGNA SINDACALE ANIEF N.15 DEL 24 APRILE 2023<\/a><\/li><li class=\"elementor-sitemap-item elementor-sitemap-item-post page_item page-item-72537\"><a href=\"https:\/\/icripalimosani.edu.it\/site\/2023\/04\/22\/giornata-mondiale-della-terra-2023\/\">Giornata mondiale della Terra 2023<\/a><\/li><li class=\"elementor-sitemap-item elementor-sitemap-item-post page_item page-item-72535\"><a href=\"https:\/\/icripalimosani.edu.it\/site\/2023\/04\/20\/20230420122901unidos\/\">COLLOQUI CON LE FAMIGLIE &#8211; APRILE 2023<\/a><\/li><li class=\"elementor-sitemap-item elementor-sitemap-item-post page_item page-item-72525\"><a href=\"https:\/\/icripalimosani.edu.it\/site\/2023\/04\/19\/la-cellula\/\">LA CELLULA<\/a><\/li><li class=\"elementor-sitemap-item elementor-sitemap-item-post page_item page-item-72523\"><a href=\"https:\/\/icripalimosani.edu.it\/site\/2023\/04\/19\/20230419120131unidos\/\">PROVE INVALSI SCUOLA PRIMARIA<\/a><\/li><li class=\"elementor-sitemap-item elementor-sitemap-item-post page_item page-item-72522\"><a href=\"https:\/\/icripalimosani.edu.it\/site\/2023\/04\/19\/20230419082909unidos\/\">Ponte dell\u2019Anniversario della Liberazione (25 aprile): sospensione delle attivit\u00e0 didattiche<\/a><\/li><li class=\"elementor-sitemap-item elementor-sitemap-item-post page_item page-item-72521\"><a href=\"https:\/\/icripalimosani.edu.it\/site\/2023\/04\/19\/20230419082823unidos\/\">Ponte dell\u2019Anniversario della Liberazione (25 aprile): sospensione delle attivit\u00e0 didattiche<\/a><\/li><li class=\"elementor-sitemap-item elementor-sitemap-item-post page_item page-item-72518\"><a href=\"https:\/\/icripalimosani.edu.it\/site\/2023\/04\/18\/20230418134221unidos\/\">Mobilitazione contro autonomia differenziata<\/a><\/li><li class=\"elementor-sitemap-item elementor-sitemap-item-post page_item page-item-72517\"><a href=\"https:\/\/icripalimosani.edu.it\/site\/2023\/04\/18\/20230418131123unidos\/\">Professione Ir \u2013 aprile 2023 Mensile di attualit\u00e0, cultura e informazione a cura dello Snadir<\/a><\/li><li class=\"elementor-sitemap-item elementor-sitemap-item-post page_item page-item-72516\"><a href=\"https:\/\/icripalimosani.edu.it\/site\/2023\/04\/18\/20230418123606unidos\/\">RASSEGNA SINDACALE ANIEF N.14 DEL 17 APRILE 2023<\/a><\/li><li class=\"elementor-sitemap-item elementor-sitemap-item-post page_item page-item-72513\"><a href=\"https:\/\/icripalimosani.edu.it\/site\/2023\/04\/18\/20230418080812unidos\/\">sciopero del 21 aprile<\/a><\/li><li class=\"elementor-sitemap-item elementor-sitemap-item-post page_item page-item-72512\"><a href=\"https:\/\/icripalimosani.edu.it\/site\/2023\/04\/17\/20230417122911unidos\/\">presentazione corso per TFA sostegno marted\u00ec 18 aprile ore 16,00 presso CGIL di Campobasso<\/a><\/li><li class=\"elementor-sitemap-item elementor-sitemap-item-post page_item page-item-72511\"><a href=\"https:\/\/icripalimosani.edu.it\/site\/2023\/04\/17\/20230417122727unidos\/\">[UIL Scuola Molise: Notizie] Notiziario telematico dal 29\/03\/2023 al 15\/04\/2023-Segreteria Federazione UIL Scuola RUA Molise<\/a><\/li><li class=\"elementor-sitemap-item elementor-sitemap-item-post page_item page-item-72510\"><a href=\"https:\/\/icripalimosani.edu.it\/site\/2023\/04\/17\/20230417100315unidos\/\">sciopero intera giornata 21 aprile 2023<\/a><\/li><li class=\"elementor-sitemap-item elementor-sitemap-item-post page_item page-item-72509\"><a href=\"https:\/\/icripalimosani.edu.it\/site\/2023\/04\/15\/20230415125848unidos\/\">Informativa USB Scuola Aprile 2023<\/a><\/li><li class=\"elementor-sitemap-item elementor-sitemap-item-post page_item page-item-72508\"><a href=\"https:\/\/icripalimosani.edu.it\/site\/2023\/04\/15\/20230415121109unidos\/\">Determina acquisto testi per PON my first english certification<\/a><\/li><li class=\"elementor-sitemap-item elementor-sitemap-item-post page_item page-item-72507\"><a href=\"https:\/\/icripalimosani.edu.it\/site\/2023\/04\/15\/20230415083228unidos\/\">Comunicazione variazione temporanea orari scuolabus \u2013 15\/04\/2023<\/a><\/li><li class=\"elementor-sitemap-item elementor-sitemap-item-post page_item page-item-72506\"><a href=\"https:\/\/icripalimosani.edu.it\/site\/2023\/04\/14\/20230414135509unidos\/\">Bando selezione per incarico piano delle arti<\/a><\/li><li class=\"elementor-sitemap-item elementor-sitemap-item-post page_item page-item-72505\"><a href=\"https:\/\/icripalimosani.edu.it\/site\/2023\/04\/13\/20230413101838unidos\/\">Frequenza scolastica<\/a><\/li><li class=\"elementor-sitemap-item elementor-sitemap-item-post page_item page-item-72504\"><a href=\"https:\/\/icripalimosani.edu.it\/site\/2023\/04\/13\/20230413085652unidos\/\">USB Scuola: sportello ATA 24 mesi<\/a><\/li><li class=\"elementor-sitemap-item elementor-sitemap-item-post page_item page-item-72479\"><a href=\"https:\/\/icripalimosani.edu.it\/site\/2023\/04\/12\/progetto-continuita-2\/\">Progetto Continuit\u00e0<\/a><\/li><li class=\"elementor-sitemap-item elementor-sitemap-item-post page_item page-item-72477\"><a href=\"https:\/\/icripalimosani.edu.it\/site\/2023\/04\/12\/20230412135545unidos\/\">Somministrazione prove INVALSI Scuola Secondaria di Primo Grado<\/a><\/li><li class=\"elementor-sitemap-item elementor-sitemap-item-post page_item page-item-72476\"><a href=\"https:\/\/icripalimosani.edu.it\/site\/2023\/04\/12\/20230412131905unidos\/\">Somministrazione prove INVALSI Scuola Secondaria di Primo Grado<\/a><\/li><li class=\"elementor-sitemap-item elementor-sitemap-item-post page_item page-item-72475\"><a href=\"https:\/\/icripalimosani.edu.it\/site\/2023\/04\/12\/20230412122432unidos\/\">Sciopero del 5 maggio<\/a><\/li><li class=\"elementor-sitemap-item elementor-sitemap-item-post page_item page-item-72474\"><a href=\"https:\/\/icripalimosani.edu.it\/site\/2023\/04\/12\/20230412120054unidos\/\">Sciopero del 1 maggio 2023<\/a><\/li><li class=\"elementor-sitemap-item elementor-sitemap-item-post page_item page-item-72473\"><a href=\"https:\/\/icripalimosani.edu.it\/site\/2023\/04\/12\/20230412115652unidos\/\">presentazione corso per TFA sostegno marted\u00ec 18 aprile ore 16,00 presso CGIL di Campobasso<\/a><\/li><li class=\"elementor-sitemap-item elementor-sitemap-item-post page_item page-item-72472\"><a href=\"https:\/\/icripalimosani.edu.it\/site\/2023\/04\/12\/20230412102112unidos\/\">ASSEMBLEA.SINDACALE.on.LINE.UNICOBAS.SCUOLA.GIOVED\u00cc.20.APRILE.2023.h.14.30<\/a><\/li><li class=\"elementor-sitemap-item elementor-sitemap-item-post page_item page-item-72471\"><a href=\"https:\/\/icripalimosani.edu.it\/site\/2023\/04\/07\/20230407083753unidos\/\">Comunicato su iscrizioni e organici a.s 2023\/24<\/a><\/li><li class=\"elementor-sitemap-item elementor-sitemap-item-post page_item page-item-72466\"><a href=\"https:\/\/icripalimosani.edu.it\/site\/2023\/04\/06\/20230406085647unidos\/\">seminario di formazione DSTA\/TAS<\/a><\/li><li class=\"elementor-sitemap-item elementor-sitemap-item-post page_item page-item-72465\"><a href=\"https:\/\/icripalimosani.edu.it\/site\/2023\/04\/06\/20230406085039unidos\/\">RETTIFICA SEDE ASSEMBLEA SINDACALE<\/a><\/li><li class=\"elementor-sitemap-item elementor-sitemap-item-post page_item page-item-72461\"><a href=\"https:\/\/icripalimosani.edu.it\/site\/2023\/04\/05\/buona-pasqua-dalla-classe-seconda-di-matrice\/\">Buona Pasqua dalla classe seconda di Matrice<\/a><\/li><li class=\"elementor-sitemap-item elementor-sitemap-item-post page_item page-item-72457\"><a href=\"https:\/\/icripalimosani.edu.it\/site\/2023\/04\/05\/buona-pasqua-dalla-classe-quarta-di-matrice\/\">Buona Pasqua dalla classe quarta di Matrice<\/a><\/li><li class=\"elementor-sitemap-item elementor-sitemap-item-post page_item page-item-72456\"><a href=\"https:\/\/icripalimosani.edu.it\/site\/2023\/04\/05\/20230405131514unidos\/\">USB Scuola: sportello inserimento negli elenchi aggiuntivi I fascia GPS<\/a><\/li><li class=\"elementor-sitemap-item elementor-sitemap-item-post page_item page-item-72455\"><a href=\"https:\/\/icripalimosani.edu.it\/site\/2023\/04\/05\/20230405093026unidos\/\">comunicazione calendario prove e concerti finali Orchestra \u201cAlighieri\u201d di Ripalimosani_a.s. 2022-23<\/a><\/li><li class=\"elementor-sitemap-item elementor-sitemap-item-post page_item page-item-72451\"><a href=\"https:\/\/icripalimosani.edu.it\/site\/2023\/04\/04\/20230404141621unidos\/\">Manifestazione di interesse per individuazione interessati all&#8217;organizzazione di viaggio di istruzione<\/a><\/li><li class=\"elementor-sitemap-item elementor-sitemap-item-post page_item page-item-72450\"><a href=\"https:\/\/icripalimosani.edu.it\/site\/2023\/04\/04\/20230404084627unidos\/\">RASSEGNA SINDACALE ANIEF N.12 DEL 03 APRILE 2023<\/a><\/li><li class=\"elementor-sitemap-item elementor-sitemap-item-post page_item page-item-72449\"><a href=\"https:\/\/icripalimosani.edu.it\/site\/2023\/04\/03\/20230403103310unidos\/\">sospensione attivit\u00e0 didattica e chiusura uffici di segreteria festivit\u00e0 pasquali<\/a><\/li><li class=\"elementor-sitemap-item elementor-sitemap-item-post page_item page-item-72445\"><a href=\"https:\/\/icripalimosani.edu.it\/site\/2023\/04\/02\/scuola-attiva-kids-contest-sulla-corretta-alimentazione\/\">Scuola Attiva Kids &#8211; Contest sulla corretta alimentazione<\/a><\/li><li class=\"elementor-sitemap-item elementor-sitemap-item-post page_item page-item-72436\"><a href=\"https:\/\/icripalimosani.edu.it\/site\/2023\/04\/01\/20230401132341unidos\/\">SADOC INFORMA N. 1-2023<\/a><\/li><li class=\"elementor-sitemap-item elementor-sitemap-item-post page_item page-item-72435\"><a href=\"https:\/\/icripalimosani.edu.it\/site\/2023\/04\/01\/20230401111340unidos\/\">Corso di formazione Le scienze sperimentali 13 e 14 aprile 2023<\/a><\/li><li class=\"elementor-sitemap-item elementor-sitemap-item-post page_item page-item-72434\"><a href=\"https:\/\/icripalimosani.edu.it\/site\/2023\/04\/01\/20230401110818unidos\/\">SAIR INFORMA N. 3<\/a><\/li><li class=\"elementor-sitemap-item elementor-sitemap-item-post page_item page-item-72433\"><a href=\"https:\/\/icripalimosani.edu.it\/site\/2023\/04\/01\/20230401083419unidos\/\">Fwd: FLC INFORMA: raccolta firme, reclutamento sostegno, tutor e orientatore<\/a><\/li><li class=\"elementor-sitemap-item elementor-sitemap-item-post page_item page-item-72432\"><a href=\"https:\/\/icripalimosani.edu.it\/site\/2023\/03\/31\/20230331110227unidos\/\">Snadir News n.288 &#8211; Perch\u00e9 \u00e8 importante dire no all\u2019autonomia differenziata? Ne parliamo alle 18 con Betty Leone, vicepresidente nazionale ANPI<\/a><\/li><li class=\"elementor-sitemap-item elementor-sitemap-item-post page_item page-item-72431\"><a href=\"https:\/\/icripalimosani.edu.it\/site\/2023\/03\/31\/20230331105432unidos\/\">Snadir News n.179 &#8211; Ancora una vittoria in Cassazione. All&#8217;albo sindacale ex art.25 legge 300\/1970<\/a><\/li><li class=\"elementor-sitemap-item elementor-sitemap-item-post page_item page-item-72429\"><a href=\"https:\/\/icripalimosani.edu.it\/site\/2023\/03\/30\/20230330121747unidos\/\">Determina affidamento materiale pubblicitario PON edugreen<\/a><\/li><li class=\"elementor-sitemap-item elementor-sitemap-item-post page_item page-item-72428\"><a href=\"https:\/\/icripalimosani.edu.it\/site\/2023\/03\/30\/20230330121602unidos\/\">Determina affidamento materiale pubblicitario PON ambienti didattici<\/a><\/li><li class=\"elementor-sitemap-item elementor-sitemap-item-post page_item page-item-72411\"><a href=\"https:\/\/icripalimosani.edu.it\/site\/2023\/03\/29\/progetto-continuita-primaria-infanzia\/\">Progetto Continuit\u00e0 primaria\/infanzia<\/a><\/li><li class=\"elementor-sitemap-item elementor-sitemap-item-post page_item page-item-72410\"><a href=\"https:\/\/icripalimosani.edu.it\/site\/2023\/03\/28\/20230328083412unidos\/\">RASSEGNA SINDACALE ANIEF N.11 DEL 27 MARZO 2023<\/a><\/li><li class=\"elementor-sitemap-item elementor-sitemap-item-post page_item page-item-72409\"><a href=\"https:\/\/icripalimosani.edu.it\/site\/2023\/03\/27\/20230327125618unidos\/\">[UIL Scuola Molise: Notizie] Notiziario telematico dal 06\/03\/2023 al 25\/03\/2023 &#8211; SegreteriaFederazione UIL Scuola RUA Molise<\/a><\/li><li class=\"elementor-sitemap-item elementor-sitemap-item-post page_item page-item-72400\"><a href=\"https:\/\/icripalimosani.edu.it\/site\/2023\/03\/26\/25-marzo-dantedi-2\/\">25 Marzo &#8211; Danted\u00ec<\/a><\/li><li class=\"elementor-sitemap-item elementor-sitemap-item-post page_item page-item-72398\"><a href=\"https:\/\/icripalimosani.edu.it\/site\/2023\/03\/24\/20230324143700unidos\/\">contratto sito misura 1.4.1<\/a><\/li><li class=\"elementor-sitemap-item elementor-sitemap-item-post page_item page-item-72397\"><a href=\"https:\/\/icripalimosani.edu.it\/site\/2023\/03\/23\/20230323113649unidos\/\">Nomina collaudatore progetto PON &#8220;edugreen&#8221;<\/a><\/li><li class=\"elementor-sitemap-item elementor-sitemap-item-post page_item page-item-72396\"><a href=\"https:\/\/icripalimosani.edu.it\/site\/2023\/03\/23\/20230323113315unidos\/\">Nomina collaudatore progetto PON &#8220;Ambienti didattici innovativi&#8221;<\/a><\/li><li class=\"elementor-sitemap-item elementor-sitemap-item-post page_item page-item-72395\"><a href=\"https:\/\/icripalimosani.edu.it\/site\/2023\/03\/22\/20230322093707unidos\/\">Fwd: Versione corretta<\/a><\/li><li class=\"elementor-sitemap-item elementor-sitemap-item-post page_item page-item-72394\"><a href=\"https:\/\/icripalimosani.edu.it\/site\/2023\/03\/22\/20230322093430unidos\/\">[FLC CGIL] Contratto: settore scuola, emanata l\u2019integrazione all\u2019Atto di indirizzo<\/a><\/li><li class=\"elementor-sitemap-item elementor-sitemap-item-post page_item page-item-72392\"><a href=\"https:\/\/icripalimosani.edu.it\/site\/2023\/03\/21\/20230321140140unidos\/\">SNADIR INFO-POINT n.178 &#8212; Pioggia di sentenze a favore dello Snadir<\/a><\/li><li class=\"elementor-sitemap-item elementor-sitemap-item-post page_item page-item-72391\"><a href=\"https:\/\/icripalimosani.edu.it\/site\/2023\/03\/21\/20230321091010unidos\/\">RASSEGNA SINDACALE ANIEF N.10 DEL 20 MARZO 2023<\/a><\/li><li class=\"elementor-sitemap-item elementor-sitemap-item-post page_item page-item-72390\"><a href=\"https:\/\/icripalimosani.edu.it\/site\/2023\/03\/18\/20230318114922unidos\/\">dichiarazione avvio modulo. Titolo del Modulo: Lallo torna a scuola!<\/a><\/li><li class=\"elementor-sitemap-item elementor-sitemap-item-post page_item page-item-72389\"><a href=\"https:\/\/icripalimosani.edu.it\/site\/2023\/03\/18\/20230318105706unidos\/\">Manifestazione di interesse per visite guidate A.S. 2022\/23<\/a><\/li><li class=\"elementor-sitemap-item elementor-sitemap-item-post page_item page-item-72388\"><a href=\"https:\/\/icripalimosani.edu.it\/site\/2023\/03\/18\/20230318103948unidos\/\">Bando di selezione Collaboratore Scolastico. PON FSE<\/a><\/li><li class=\"elementor-sitemap-item elementor-sitemap-item-post page_item page-item-72387\"><a href=\"https:\/\/icripalimosani.edu.it\/site\/2023\/03\/18\/20230318092451unidos\/\">Progetto PON my first english certification. Contratto di prestazione esperto esterno<\/a><\/li><li class=\"elementor-sitemap-item elementor-sitemap-item-post page_item page-item-72386\"><a href=\"https:\/\/icripalimosani.edu.it\/site\/2023\/03\/18\/20230318092136unidos\/\">Confronto pubblico sul tema dell&#8217;Autonomia Differenziata &#8211; Campobasso 23\/03\/2023<\/a><\/li><li class=\"elementor-sitemap-item elementor-sitemap-item-post page_item page-item-72385\"><a href=\"https:\/\/icripalimosani.edu.it\/site\/2023\/03\/17\/20230317113430unidos\/\">Adozione libri di testo a.s. 2023\/2024 &#8211; Circolare<\/a><\/li><li class=\"elementor-sitemap-item elementor-sitemap-item-post page_item page-item-72384\"><a href=\"https:\/\/icripalimosani.edu.it\/site\/2023\/03\/17\/20230317092909unidos\/\">Mobilit\u00e0 docenti religione cattolica: lo Snadir chiede la titolarit\u00e0 sulla sede scolastica<\/a><\/li><li class=\"elementor-sitemap-item elementor-sitemap-item-post page_item page-item-72383\"><a href=\"https:\/\/icripalimosani.edu.it\/site\/2023\/03\/15\/20230315141136unidos\/\">assunzione in bilancio investimento 1.2 abilitazione al cloud per le pa locali scuole<\/a><\/li><li class=\"elementor-sitemap-item elementor-sitemap-item-post page_item page-item-72382\"><a href=\"https:\/\/icripalimosani.edu.it\/site\/2023\/03\/15\/20230315141046unidos\/\">Disseminazione investimento 1.2 abilitazione al cloud per le pa locali scuole<\/a><\/li><li class=\"elementor-sitemap-item elementor-sitemap-item-post page_item page-item-72381\"><a href=\"https:\/\/icripalimosani.edu.it\/site\/2023\/03\/15\/20230315133830unidos\/\">graduatoria provvisoria collaudatore interno. Progetto PON ambienti didattici<\/a><\/li><li class=\"elementor-sitemap-item elementor-sitemap-item-post page_item page-item-72380\"><a href=\"https:\/\/icripalimosani.edu.it\/site\/2023\/03\/15\/20230315133705unidos\/\">graduatoria provvisoria collaudatore interno. Progetto PON edugreen<\/a><\/li><li class=\"elementor-sitemap-item elementor-sitemap-item-post page_item page-item-72379\"><a href=\"https:\/\/icripalimosani.edu.it\/site\/2023\/03\/15\/20230315114045unidos\/\">SNADIR: Convenzione \u201cRami Danni e Vita\u201d<\/a><\/li><li class=\"elementor-sitemap-item elementor-sitemap-item-post page_item page-item-72378\"><a href=\"https:\/\/icripalimosani.edu.it\/site\/2023\/03\/15\/20230315095751unidos\/\">avvio modulo PON 10.2.2A Competenze di base. Titolo del Modulo: Alla scoperta delle radici<\/a><\/li><li class=\"elementor-sitemap-item elementor-sitemap-item-post page_item page-item-72377\"><a href=\"https:\/\/icripalimosani.edu.it\/site\/2023\/03\/15\/20230315095415unidos\/\">avvio modulo PON posso migliorare anch&#8217;io<\/a><\/li><li class=\"elementor-sitemap-item elementor-sitemap-item-post page_item page-item-72376\"><a href=\"https:\/\/icripalimosani.edu.it\/site\/2023\/03\/15\/20230315084515unidos\/\">Ancora una sentenza dal Tribunale di Catania a sostegno delle ragioni dei precari Idr<\/a><\/li><li class=\"elementor-sitemap-item elementor-sitemap-item-post page_item page-item-72375\"><a href=\"https:\/\/icripalimosani.edu.it\/site\/2023\/03\/14\/20230314112311unidos\/\">RASSEGNA SINDACALE ANIEF N.9 DEL 13 MARZO 2023<\/a><\/li><li class=\"elementor-sitemap-item elementor-sitemap-item-post page_item page-item-72374\"><a href=\"https:\/\/icripalimosani.edu.it\/site\/2023\/03\/13\/20230313134545unidos\/\">Consigli di classe, di interclasse e di intersezione<\/a><\/li><li class=\"elementor-sitemap-item elementor-sitemap-item-post page_item page-item-72373\"><a href=\"https:\/\/icripalimosani.edu.it\/site\/2023\/03\/11\/20230311102844unidos\/\">insegnanti di religione di RUOLO<\/a><\/li><li class=\"elementor-sitemap-item elementor-sitemap-item-post page_item page-item-72372\"><a href=\"https:\/\/icripalimosani.edu.it\/site\/2023\/03\/11\/20230311095741unidos\/\">Calendario Aggiornato &#8211; Consigli e scrutini quadrimestrali &#8211; Calendario Esami di Stato conclusivi primo ciclo di Istruzione _A.S 2022-23<\/a><\/li><li class=\"elementor-sitemap-item elementor-sitemap-item-post page_item page-item-72371\"><a href=\"https:\/\/icripalimosani.edu.it\/site\/2023\/03\/10\/20230310114653unidos\/\">10.2.2A-FDRPOC-MO-2022-26 &#8211; dichiarazione di avvio Modulo partire bene per andare lontano<\/a><\/li><li class=\"elementor-sitemap-item elementor-sitemap-item-post page_item page-item-72370\"><a href=\"https:\/\/icripalimosani.edu.it\/site\/2023\/03\/10\/20230310104848unidos\/\">Fwd: Seminario previdenza complementare Espero marted\u00ec 14 marzo 2023 ore 16,00<\/a><\/li><li class=\"elementor-sitemap-item elementor-sitemap-item-post page_item page-item-72353\"><a href=\"https:\/\/icripalimosani.edu.it\/site\/2023\/03\/09\/inaugurazione-palestra-a-petrella-tifernina\/\">Inaugurazione palestra a Petrella Tifernina<\/a><\/li><li class=\"elementor-sitemap-item elementor-sitemap-item-post page_item page-item-72352\"><a href=\"https:\/\/icripalimosani.edu.it\/site\/2023\/03\/09\/20230309111400unidos\/\">assemblea sindacale<\/a><\/li><li class=\"elementor-sitemap-item elementor-sitemap-item-post page_item page-item-72351\"><a href=\"https:\/\/icripalimosani.edu.it\/site\/2023\/03\/09\/20230309105331unidos\/\">Rilevazione Organico di diritto dei docenti di religione<\/a><\/li><li class=\"elementor-sitemap-item elementor-sitemap-item-post page_item page-item-72344\"><a href=\"https:\/\/icripalimosani.edu.it\/site\/2023\/03\/08\/tradizioni-molisane-il-diavolo-di-tufara\/\">Tradizioni molisane: il diavolo di Tufara<\/a><\/li><li class=\"elementor-sitemap-item elementor-sitemap-item-post page_item page-item-72343\"><a href=\"https:\/\/icripalimosani.edu.it\/site\/2023\/03\/08\/20230308105536unidos\/\">Bando collaudatore interno. Progetto PON ambienti didattici per l&#8217;infanzia<\/a><\/li><li class=\"elementor-sitemap-item elementor-sitemap-item-post page_item page-item-72342\"><a href=\"https:\/\/icripalimosani.edu.it\/site\/2023\/03\/08\/20230308104317unidos\/\">Bando collaudatore progetto PON edugreen<\/a><\/li><li class=\"elementor-sitemap-item elementor-sitemap-item-post page_item page-item-72341\"><a href=\"https:\/\/icripalimosani.edu.it\/site\/2023\/03\/08\/20230308101530unidos\/\">10.2.2A Competenze di base. Modulo \u201cmy first english certification\u201d.  Approvazione graduatoria provvisoria esperto esterno<\/a><\/li><li class=\"elementor-sitemap-item elementor-sitemap-item-post page_item page-item-72340\"><a href=\"https:\/\/icripalimosani.edu.it\/site\/2023\/03\/07\/20230307090421unidos\/\">RASSEGNA SINDACALE ANIEF N.8 DEL 06 MARZO 2023<\/a><\/li><li class=\"elementor-sitemap-item elementor-sitemap-item-post page_item page-item-72334\"><a href=\"https:\/\/icripalimosani.edu.it\/site\/2023\/03\/06\/atene-un-viaggio-nel-tempo\/\">Atene: un viaggio nel tempo<\/a><\/li><li class=\"elementor-sitemap-item elementor-sitemap-item-post page_item page-item-72330\"><a href=\"https:\/\/icripalimosani.edu.it\/site\/2023\/03\/06\/progetto-etwinning-my-dear-kingergarten\/\">Progetto Etwinning My dear kingergarten<\/a><\/li><li class=\"elementor-sitemap-item elementor-sitemap-item-post page_item page-item-72327\"><a href=\"https:\/\/icripalimosani.edu.it\/site\/2023\/03\/06\/progetto-alternative-education-at-my-school-2022-23-online-meeting\/\">Progetto Alternative Education at my school 2022\/23 online meeting<\/a><\/li><li class=\"elementor-sitemap-item elementor-sitemap-item-post page_item page-item-72323\"><a href=\"https:\/\/icripalimosani.edu.it\/site\/2023\/03\/06\/progetto-etwinning-scuola-dellinfanzia-ripalimosani\/\">Progetto Etwinning Scuola dell&#8217;Infanzia Ripalimosani<\/a><\/li><li class=\"elementor-sitemap-item elementor-sitemap-item-post page_item page-item-72322\"><a href=\"https:\/\/icripalimosani.edu.it\/site\/2023\/03\/06\/20230306091511unidos\/\">[UIL Scuola Molise: Notizie] Notiziario telematico dal 15\/02\/2023 al 04\/03\/2023 &#8211; SegreteriaFederazione UIL Scuola RUA Molise<\/a><\/li><li class=\"elementor-sitemap-item elementor-sitemap-item-post page_item page-item-72321\"><a href=\"https:\/\/icripalimosani.edu.it\/site\/2023\/03\/06\/20230306090717unidos\/\">SEMINARIO LEGISLAZIONE SCOLASTICA<\/a><\/li><li class=\"elementor-sitemap-item elementor-sitemap-item-post page_item page-item-72320\"><a href=\"https:\/\/icripalimosani.edu.it\/site\/2023\/03\/06\/20230306084132unidos\/\">Fwd: Fondo Espero, a domanda risponde l&#8217;esperto. Marted\u00ec 14 marzo ore 16,00<\/a><\/li><li class=\"elementor-sitemap-item elementor-sitemap-item-post page_item page-item-72319\"><a href=\"https:\/\/icripalimosani.edu.it\/site\/2023\/03\/04\/20230304102804unidos\/\">Certificato di eccellenza EU Code Week 2022<\/a><\/li><li class=\"elementor-sitemap-item elementor-sitemap-item-post page_item page-item-72318\"><a href=\"https:\/\/icripalimosani.edu.it\/site\/2023\/03\/03\/20230303133046unidos\/\">Mobilit\u00e0 2023\/24: al via le domande, attivo il servizio di consulenza FLC Molise<\/a><\/li><li class=\"elementor-sitemap-item elementor-sitemap-item-post page_item page-item-72317\"><a href=\"https:\/\/icripalimosani.edu.it\/site\/2023\/03\/03\/20230303125240unidos\/\">Assemblea sindacale FLC CGIL Molise (art. 23 CCNL\/2018) \/ gioved\u00ec 9 marzo 2023<\/a><\/li><li class=\"elementor-sitemap-item elementor-sitemap-item-post page_item page-item-72316\"><a href=\"https:\/\/icripalimosani.edu.it\/site\/2023\/03\/03\/20230303090913unidos\/\">Al via le domande di mobilit\u00e0 2023\/24: sportello USB Scuola<\/a><\/li><li class=\"elementor-sitemap-item elementor-sitemap-item-post page_item page-item-72315\"><a href=\"https:\/\/icripalimosani.edu.it\/site\/2023\/03\/02\/20230302121745unidos\/\">seminario formazione Anief<\/a><\/li><li class=\"elementor-sitemap-item elementor-sitemap-item-post page_item page-item-72314\"><a href=\"https:\/\/icripalimosani.edu.it\/site\/2023\/03\/01\/20230301130004unidos\/\">10.2.2A Competenze di base. Modulo \u201cmy first english certification\u201d. Bando di selezione esperti esterni<\/a><\/li><li class=\"elementor-sitemap-item elementor-sitemap-item-post page_item page-item-72313\"><a href=\"https:\/\/icripalimosani.edu.it\/site\/2023\/03\/01\/20230301124208unidos\/\">10.2.2A Competenze di base. Modulo \u201cmy first english certification\u201d. Delibera avvio procedura di selezione per esperto esterno<\/a><\/li><li class=\"elementor-sitemap-item elementor-sitemap-item-post page_item page-item-72312\"><a href=\"https:\/\/icripalimosani.edu.it\/site\/2023\/03\/01\/20230301095643unidos\/\">Consigli e scrutini quadrimestrali Calendario Esami di Stato conclusivi primo ciclo di Istruzione _A.S 2022-23<\/a><\/li><li class=\"elementor-sitemap-item elementor-sitemap-item-post page_item page-item-72311\"><a href=\"https:\/\/icripalimosani.edu.it\/site\/2023\/03\/01\/20230301085530unidos\/\">USB Scuola: l&#8217;antifascismo non \u00e8 una ritualit\u00e0, ma una pratica quotidiana<\/a><\/li><li class=\"elementor-sitemap-item elementor-sitemap-item-post page_item page-item-72310\"><a href=\"https:\/\/icripalimosani.edu.it\/site\/2023\/02\/28\/20230228153219unidos\/\">Comunicato recupero scatto 2013<\/a><\/li><li class=\"elementor-sitemap-item elementor-sitemap-item-post page_item page-item-72302\"><a href=\"https:\/\/icripalimosani.edu.it\/site\/2023\/02\/28\/20230228091019unidos\/\">RASSEGNA SINDACALE ANIEF N.7 DEL 27 FEBBRAIO 2023<\/a><\/li><li class=\"elementor-sitemap-item elementor-sitemap-item-post page_item page-item-72301\"><a href=\"https:\/\/icripalimosani.edu.it\/site\/2023\/02\/28\/20230228090404unidos\/\">albo sindacale legge 300\/20.05.70<\/a><\/li><li class=\"elementor-sitemap-item elementor-sitemap-item-post page_item page-item-72299\"><a href=\"https:\/\/icripalimosani.edu.it\/site\/2023\/02\/27\/20230227135643unidos\/\">Graduatoria interne di Istituto per l&#8217;individuazione dei soprannumerari per l\u2019a.s 2023\/2024<\/a><\/li><li class=\"elementor-sitemap-item elementor-sitemap-item-post page_item page-item-72298\"><a href=\"https:\/\/icripalimosani.edu.it\/site\/2023\/02\/27\/20230227122036unidos\/\">10.2.2A-FDRPOC-MO-2022-26. PON competenti si diventa. Modulo Alla scoperta delle radici. Nomina tutor ed esperto interni<\/a><\/li><li class=\"elementor-sitemap-item elementor-sitemap-item-post page_item page-item-72297\"><a href=\"https:\/\/icripalimosani.edu.it\/site\/2023\/02\/27\/20230227121756unidos\/\">10.2.2A-FDRPOC-MO-2022-26. PON competenti si diventa. Modulo my first english certification. Nomina tutor interno<\/a><\/li><li class=\"elementor-sitemap-item elementor-sitemap-item-post page_item page-item-72296\"><a href=\"https:\/\/icripalimosani.edu.it\/site\/2023\/02\/27\/20230227121459unidos\/\">10.2.2A-FDRPOC-MO-2022-26. PON Competenti si diventa. Modulo posso migliorare anch&#8217;io. Nomina esperto e tutor interni<\/a><\/li><li class=\"elementor-sitemap-item elementor-sitemap-item-post page_item page-item-72295\"><a href=\"https:\/\/icripalimosani.edu.it\/site\/2023\/02\/27\/20230227121019unidos\/\">10.2.2A-FDRPOC-MO-2022-26 PON Competenti si diventa. Modulo partire bene per andare lontano. Nomina tutor e esperto interni<\/a><\/li><li class=\"elementor-sitemap-item elementor-sitemap-item-post page_item page-item-72294\"><a href=\"https:\/\/icripalimosani.edu.it\/site\/2023\/02\/27\/20230227120536unidos\/\">10.1.1A-FDRPOC-MO-2022-22 PON Per non perdere la strada. modulo Lallo torna a scuola. Nomina esperto e tutor interni<\/a><\/li><li class=\"elementor-sitemap-item elementor-sitemap-item-post page_item page-item-72293\"><a href=\"https:\/\/icripalimosani.edu.it\/site\/2023\/02\/27\/20230227101858unidos\/\">Recupero anno 2013 ai fini della carriera &#8211; Iniziativa Uil Scuola<\/a><\/li><li class=\"elementor-sitemap-item elementor-sitemap-item-post page_item page-item-72292\"><a href=\"https:\/\/icripalimosani.edu.it\/site\/2023\/02\/27\/20230227090138unidos\/\">Domanda di partecipazione &#8211; Bando di selezione per l\u2019attribuzione di incarico di esperto &#8211; Azione 10.2.2A Competenze di base. Progetto \u201ccompetenti si diventa\u201d. Modulo \u201cMy first English certification\u201d &#8211; All. A<\/a><\/li><li class=\"elementor-sitemap-item elementor-sitemap-item-post page_item page-item-72257\"><a href=\"https:\/\/icripalimosani.edu.it\/site\/2023\/02\/25\/la-settimana-tiflologica\/\">La settimana TIFLOLOGICA<\/a><\/li><li class=\"elementor-sitemap-item elementor-sitemap-item-post page_item page-item-72255\"><a href=\"https:\/\/icripalimosani.edu.it\/site\/2023\/02\/24\/20230224121314unidos\/\">L&#8217;antifascismo non si punisce, solidariet\u00e0 di USB Scuola alla preside Savino contro le minacce del ministro Valditara<\/a><\/li><li class=\"elementor-sitemap-item elementor-sitemap-item-post page_item page-item-72254\"><a href=\"https:\/\/icripalimosani.edu.it\/site\/2023\/02\/24\/20230224110406unidos\/\">10.2.2A Competenze di base. Modulo \u201cmy first english certification\u201d. selezione esperto. Allegati da compilare a cura del candidato<\/a><\/li><li class=\"elementor-sitemap-item elementor-sitemap-item-post page_item page-item-72253\"><a href=\"https:\/\/icripalimosani.edu.it\/site\/2023\/02\/24\/20230224104116unidos\/\">[INFORMAZIONI SINDACALI E INIZIATIVE] Albo Unico Formatori della Federazione Sindacale &#8211; invito ad aderire<\/a><\/li><li class=\"elementor-sitemap-item elementor-sitemap-item-post page_item page-item-72252\"><a href=\"https:\/\/icripalimosani.edu.it\/site\/2023\/02\/24\/20230224091638unidos\/\">Assemblea sindacale online<\/a><\/li><li class=\"elementor-sitemap-item elementor-sitemap-item-post page_item page-item-72251\"><a href=\"https:\/\/icripalimosani.edu.it\/site\/2023\/02\/24\/20230224091243unidos\/\">Fwd: scatto di anzianit\u00e0 2013 videoconferenza marted\u00ec 28 febbraio ore 16,30<\/a><\/li><li class=\"elementor-sitemap-item elementor-sitemap-item-post page_item page-item-72246\"><a href=\"https:\/\/icripalimosani.edu.it\/site\/2023\/02\/22\/telling-with-steam\/\">Telling with steam<\/a><\/li><li class=\"elementor-sitemap-item elementor-sitemap-item-post page_item page-item-72245\"><a href=\"https:\/\/icripalimosani.edu.it\/site\/2023\/02\/22\/20230222125451unidos\/\">1.4.1 Esperienza del cittadino nei servizi pubblici &#8211; stipula<\/a><\/li><li class=\"elementor-sitemap-item elementor-sitemap-item-post page_item page-item-72233\"><a href=\"https:\/\/icripalimosani.edu.it\/site\/2023\/02\/22\/buon-carnevale-2023\/\">Buon Carnevale 2023<\/a><\/li><li class=\"elementor-sitemap-item elementor-sitemap-item-post page_item page-item-72231\"><a href=\"https:\/\/icripalimosani.edu.it\/site\/2023\/02\/21\/20230221170509unidos\/\">10.2.2A Competenze di base. Modulo \u201cmy first english certification\u201d. Bando collaborazioni plurime per selezione di esperto &#8211; errata corrige<\/a><\/li><li class=\"elementor-sitemap-item elementor-sitemap-item-post page_item page-item-72230\"><a href=\"https:\/\/icripalimosani.edu.it\/site\/2023\/02\/21\/20230221140214unidos\/\">piano nazionale di ripresa e resilienza. Misura 1.4.1 \u201cesperienza del cittadino nei servizi pubblici\u201d Determina per l\u2019affidamento diretto ai sensi dell\u2019art. 36, comma 2, lettera a) del D.Lgs. 50\/2016, mediante Trattativa Diretta sul MEPA<\/a><\/li><li class=\"elementor-sitemap-item elementor-sitemap-item-post page_item page-item-72229\"><a href=\"https:\/\/icripalimosani.edu.it\/site\/2023\/02\/21\/20230221121829unidos\/\">10.2.2A Competenze di base. Modulo \u201cmy first english certification\u201d. Bando collaborazioni plurime per selezione di esperto<\/a><\/li><li class=\"elementor-sitemap-item elementor-sitemap-item-post page_item page-item-72220\"><a href=\"https:\/\/icripalimosani.edu.it\/site\/2023\/02\/21\/20230221111752unidos\/\">10.2.2A Competenze di base. Modulo \u201cmy first english certification\u201d. Graduatoria provvisoria tutor<\/a><\/li><li class=\"elementor-sitemap-item elementor-sitemap-item-post page_item page-item-72215\"><a href=\"https:\/\/icripalimosani.edu.it\/site\/2023\/02\/21\/20230221111255unidos\/\">10.2.2A Competenze di base. Modulo \u201calla scoperta delle radici\u201d. Graduatorie provvisorie per tutor e esperto interni<\/a><\/li><li class=\"elementor-sitemap-item elementor-sitemap-item-post page_item page-item-72211\"><a href=\"https:\/\/icripalimosani.edu.it\/site\/2023\/02\/21\/20230221110621unidos\/\">10.1.1A Interventi per il successo scolastico degli studenti. Modulo \u201cLallo torna a scuola\u201d. Graduatorie provvisorie esperto e tutor interni<\/a><\/li><li class=\"elementor-sitemap-item elementor-sitemap-item-post page_item page-item-72200\"><a href=\"https:\/\/icripalimosani.edu.it\/site\/2023\/02\/21\/20230221105917unidos\/\">10.2.2A Competenze di base. Modulo \u201cpartire bene per andare lontano\u201d. Graduatorie provvisorie tutor e esperto<\/a><\/li><li class=\"elementor-sitemap-item elementor-sitemap-item-post page_item page-item-72198\"><a href=\"https:\/\/icripalimosani.edu.it\/site\/2023\/02\/21\/20230221105139unidos\/\">10.2.2A Competenze di base. Modulo \u201cposso migliorare anch\u2019io\u201d. Graduatorie provvisorie esperto e tutor interni<\/a><\/li><li class=\"elementor-sitemap-item elementor-sitemap-item-post page_item page-item-72196\"><a href=\"https:\/\/icripalimosani.edu.it\/site\/2023\/02\/21\/20230221104117unidos\/\">verbale commissione PON. Candidature FSE 2023<\/a><\/li><li class=\"elementor-sitemap-item elementor-sitemap-item-post page_item page-item-72192\"><a href=\"https:\/\/icripalimosani.edu.it\/site\/2023\/02\/20\/e-twinning-coffee\/\">E-twinning coffee<\/a><\/li><li class=\"elementor-sitemap-item elementor-sitemap-item-post page_item page-item-72190\"><a href=\"https:\/\/icripalimosani.edu.it\/site\/2023\/02\/20\/20230220141044unidos\/\">Proclamazione sciopero per il giorno 8 marzo 2022<\/a><\/li><li class=\"elementor-sitemap-item elementor-sitemap-item-post page_item page-item-72189\"><a href=\"https:\/\/icripalimosani.edu.it\/site\/2023\/02\/20\/20230220131229unidos\/\">RASSEGNA SINDACALE ANIEF N.6 DEL 20 FEBBRAIO 2023<\/a><\/li><li class=\"elementor-sitemap-item elementor-sitemap-item-post page_item page-item-72188\"><a href=\"https:\/\/icripalimosani.edu.it\/site\/2023\/02\/17\/20230217180617unidos\/\">Sciopero 24 e 25 febbraio<\/a><\/li><li class=\"elementor-sitemap-item elementor-sitemap-item-post page_item page-item-72120\"><a href=\"https:\/\/icripalimosani.edu.it\/site\/2023\/02\/17\/20230217091226unidos\/\">Seminario di formazione : Fare la differenza 6 marzo 2023 ore 16,00 &#8211; 18,00<\/a><\/li><li class=\"elementor-sitemap-item elementor-sitemap-item-post page_item page-item-72119\"><a href=\"https:\/\/icripalimosani.edu.it\/site\/2023\/02\/16\/20230216131355unidos\/\">USB Scuola avvia le prenotazioni per le consulenze sulla mobilit\u00e0 docenti e ATA 2023\/24<\/a><\/li><li class=\"elementor-sitemap-item elementor-sitemap-item-post page_item page-item-72118\"><a href=\"https:\/\/icripalimosani.edu.it\/site\/2023\/02\/16\/20230216103728unidos\/\">Comunicazione sospensione attivit\u00e0 didattica giorno 22 febbraio 2023.<\/a><\/li><li class=\"elementor-sitemap-item elementor-sitemap-item-post page_item page-item-72108\"><a href=\"https:\/\/icripalimosani.edu.it\/site\/2023\/02\/14\/20230214145609unidos\/\">SNADIR INFO-POINT n.171 &#8211; All&#8217;albo sindacale ex art.25 legge 300\/1970 &#8211; Procedure concorsuali insegnanti di religione: Fgu\/Snadir convocata al MIM<\/a><\/li><li class=\"elementor-sitemap-item elementor-sitemap-item-post page_item page-item-72107\"><a href=\"https:\/\/icripalimosani.edu.it\/site\/2023\/02\/14\/20230214144225unidos\/\">Concorso scuole. Iscrizioni entro il 15 febbraio<\/a><\/li><li class=\"elementor-sitemap-item elementor-sitemap-item-post page_item page-item-72106\"><a href=\"https:\/\/icripalimosani.edu.it\/site\/2023\/02\/14\/20230214120828unidos\/\">RASSEGNA SINDACALE ANIEF N.5 DEL 13 FEBBRAIO 2023<\/a><\/li><li class=\"elementor-sitemap-item elementor-sitemap-item-post page_item page-item-72105\"><a href=\"https:\/\/icripalimosani.edu.it\/site\/2023\/02\/14\/20230214095727unidos\/\">progetto di realizzazione del sito. Piano Nazionale di Ripresa e Resilienza &#8211; missione 1 &#8211; componente 1 &#8211; investimento 1.4 \u201cservizi e cittadinanza digitale\u201d misura 1.4.1 \u201cesperienza del cittadino nei servizi pubblici\u201d &#8211; scuole aprile 2022<\/a><\/li><li class=\"elementor-sitemap-item elementor-sitemap-item-post page_item page-item-72104\"><a href=\"https:\/\/icripalimosani.edu.it\/site\/2023\/02\/14\/20230214093946unidos\/\">comunicazione esiti prove attitudinali percorsi ad indirizzo Musicale.<\/a><\/li><li class=\"elementor-sitemap-item elementor-sitemap-item-post page_item page-item-72101\"><a href=\"https:\/\/icripalimosani.edu.it\/site\/2023\/02\/13\/dalluovo-al-pulcino\/\">Dall&#8217;uovo al pulcino&#8230;<\/a><\/li><li class=\"elementor-sitemap-item elementor-sitemap-item-post page_item page-item-72097\"><a href=\"https:\/\/icripalimosani.edu.it\/site\/2023\/02\/13\/20230213092544unidos\/\">[UIL Scuola Molise: Notizie] Notiziario telematico dal 23\/01\/2023 al 11\/02\/2023 &#8211; SegreteriaFederazione UIL Scuola RUA Molise<\/a><\/li><li class=\"elementor-sitemap-item elementor-sitemap-item-post page_item page-item-72096\"><a href=\"https:\/\/icripalimosani.edu.it\/site\/2023\/02\/11\/20230211135933unidos\/\">misura 1.4.1 Esperienza del cittadino nei servizi pubblici avvio attivit\u00e0<\/a><\/li><li class=\"elementor-sitemap-item elementor-sitemap-item-post page_item page-item-72095\"><a href=\"https:\/\/icripalimosani.edu.it\/site\/2023\/02\/11\/20230211135842unidos\/\">candidatura misura 1.4.1 Esperienza del cittadino nei servizi pubblici nomina RUP<\/a><\/li><li class=\"elementor-sitemap-item elementor-sitemap-item-post page_item page-item-72094\"><a href=\"https:\/\/icripalimosani.edu.it\/site\/2023\/02\/11\/20230211135757unidos\/\">candidatura misura 1.4.1 Esperienza del cittadino nei servizi pubblici disseminazione<\/a><\/li><li class=\"elementor-sitemap-item elementor-sitemap-item-post page_item page-item-72093\"><a href=\"https:\/\/icripalimosani.edu.it\/site\/2023\/02\/11\/20230211135720unidos\/\">candidatura misura 1.4.1 Esperienza del cittadino nei servizi pubblici assunzione in bilancio<\/a><\/li><li class=\"elementor-sitemap-item elementor-sitemap-item-post page_item page-item-72092\"><a href=\"https:\/\/icripalimosani.edu.it\/site\/2023\/02\/11\/20230211135507unidos\/\">candidatura misura 1.4.1 Esperienza del cittadino nei servizi pubblici<\/a><\/li><li class=\"elementor-sitemap-item elementor-sitemap-item-post page_item page-item-72091\"><a href=\"https:\/\/icripalimosani.edu.it\/site\/2023\/02\/11\/20230211115618unidos\/\">10.2.2A-FDRPOC-MO-2022-26. PON competenti si diventa. Modulo Alla scoperta delle radici. Bando selezione tutor.<\/a><\/li><li class=\"elementor-sitemap-item elementor-sitemap-item-post page_item page-item-72090\"><a href=\"https:\/\/icripalimosani.edu.it\/site\/2023\/02\/11\/20230211115437unidos\/\">10.2.2A-FDRPOC-MO-2022-26. PON competenti si diventa. Modulo Alla scoperta delle radici. Bando selezione esperto.<\/a><\/li><li class=\"elementor-sitemap-item elementor-sitemap-item-post page_item page-item-72089\"><a href=\"https:\/\/icripalimosani.edu.it\/site\/2023\/02\/11\/20230211115031unidos\/\">10.2.2A-FDRPOC-MO-2022-26. PON competenti si diventa. Modulo my first english certification. Bando selezione tutor.<\/a><\/li><li class=\"elementor-sitemap-item elementor-sitemap-item-post page_item page-item-72088\"><a href=\"https:\/\/icripalimosani.edu.it\/site\/2023\/02\/11\/20230211114750unidos\/\">10.2.2A-FDRPOC-MO-2022-26. PON competenti si diventa. Modulo my first english certification. Bando selezione esperto.<\/a><\/li><li class=\"elementor-sitemap-item elementor-sitemap-item-post page_item page-item-72087\"><a href=\"https:\/\/icripalimosani.edu.it\/site\/2023\/02\/11\/20230211114405unidos\/\">10.2.2A-FDRPOC-MO-2022-26. PON Competenti si diventa. Modulo posso migliorare anch&#8217;io. Bando selezione tutor.<\/a><\/li><li class=\"elementor-sitemap-item elementor-sitemap-item-post page_item page-item-72086\"><a href=\"https:\/\/icripalimosani.edu.it\/site\/2023\/02\/11\/20230211114232unidos\/\">10.2.2A-FDRPOC-MO-2022-26. PON Competenti si diventa. Modulo posso migliorare anch&#8217;io. Bando selezione esperto.<\/a><\/li><li class=\"elementor-sitemap-item elementor-sitemap-item-post page_item page-item-72085\"><a href=\"https:\/\/icripalimosani.edu.it\/site\/2023\/02\/11\/20230211113827unidos\/\">10.2.2A-FDRPOC-MO-2022-26 PON Competenti si diventa. Modulo partire bene per andare lontano. Bando selezione tutor.<\/a><\/li><li class=\"elementor-sitemap-item elementor-sitemap-item-post page_item page-item-72084\"><a href=\"https:\/\/icripalimosani.edu.it\/site\/2023\/02\/11\/20230211113658unidos\/\">10.2.2A-FDRPOC-MO-2022-26 PON Competenti si diventa. Modulo partire bene per andare lontano. Bando selezione esperto.<\/a><\/li><li class=\"elementor-sitemap-item elementor-sitemap-item-post page_item page-item-72083\"><a href=\"https:\/\/icripalimosani.edu.it\/site\/2023\/02\/11\/20230211113210unidos\/\">10.1.1A-FDRPOC-MO-2022-22 PON Per non perdere la strada &#8211; modulo Lallo torna a scuola. Bando selezione tutor<\/a><\/li><li class=\"elementor-sitemap-item elementor-sitemap-item-post page_item page-item-72082\"><a href=\"https:\/\/icripalimosani.edu.it\/site\/2023\/02\/11\/20230211112948unidos\/\">10.1.1A-FDRPOC-MO-2022-22 PON Per non perdere la strada &#8211; modulo Lallo torna a scuola. Bando selezione esperto<\/a><\/li><li class=\"elementor-sitemap-item elementor-sitemap-item-post page_item page-item-72081\"><a href=\"https:\/\/icripalimosani.edu.it\/site\/2023\/02\/10\/20230210112411unidos\/\">nomina collaboratore scolastico. Pon certify your english 2bis<\/a><\/li><li class=\"elementor-sitemap-item elementor-sitemap-item-post page_item page-item-72080\"><a href=\"https:\/\/icripalimosani.edu.it\/site\/2023\/02\/09\/20230209124447unidos\/\">Pove orientativo-attitudinali per l\u2019ammissione ai corsi ad indirizzo musicale &#8211; A.S.  2023\/2024 \u2013 Rinvio data<\/a><\/li><li class=\"elementor-sitemap-item elementor-sitemap-item-post page_item page-item-72079\"><a href=\"https:\/\/icripalimosani.edu.it\/site\/2023\/02\/09\/20230209123224unidos\/\">Colloqui scuola famiglia<\/a><\/li><li class=\"elementor-sitemap-item elementor-sitemap-item-post page_item page-item-72078\"><a href=\"https:\/\/icripalimosani.edu.it\/site\/2023\/02\/09\/20230209081529unidos\/\">Ordinanza sindacale n.02 del 08.02.2023 &#8211; Chiusura scuola primaria e dell&#8217;infanzia di Lucito il giorno 09.02.2023 per avverse condizioni meteorologiche<\/a><\/li><li class=\"elementor-sitemap-item elementor-sitemap-item-post page_item page-item-72077\"><a href=\"https:\/\/icripalimosani.edu.it\/site\/2023\/02\/09\/20230209080822unidos\/\">Prot. N.713 del 08-02-2023 &#8211; CHIUSURA SCUOLA  PRIMARIA DI MATRICE E  SOSPENSIONE SERVIZIO TRASPORTO SCOLASTICO PER AVVERSE CONDIZIONI METEOROLOGICHE  &#8211; GIORNO 9 FEBBRAIO 2023 &#8211; TRASMISSIONE<\/a><\/li><li class=\"elementor-sitemap-item elementor-sitemap-item-post page_item page-item-72076\"><a href=\"https:\/\/icripalimosani.edu.it\/site\/2023\/02\/09\/20230209075750unidos\/\">ORDINANZA N. 4 DEL 08.02.2023. CHIUSURA SCUOLA DELL&#8217;INFANZIA DI MONTAGANO CAUSA NEVE PER IL GIORNO 09.02.2023<\/a><\/li><li class=\"elementor-sitemap-item elementor-sitemap-item-post page_item page-item-72075\"><a href=\"https:\/\/icripalimosani.edu.it\/site\/2023\/02\/09\/20230209075305unidos\/\">Prot. N.624 del 08-02-2023 &#8211; TRASMISSIONE ORDINANZA n. 04 del 08\/02\/2023<\/a><\/li><li class=\"elementor-sitemap-item elementor-sitemap-item-post page_item page-item-72034\"><a href=\"https:\/\/icripalimosani.edu.it\/site\/2023\/02\/07\/20230207135817unidos\/\">COMUNICATO SINDACALE: CHIUSURA DI 482 SCUOLE NELLE REGIONI DEL SUD, GABBIE SALARIALI E VINCOLI ALLA MOBILITA\u2019 PER I DOCENTI. QUESTA \u00c8 L\u2019IDEA DI NAZIONE DEL GOVERNO MELONI<\/a><\/li><li class=\"elementor-sitemap-item elementor-sitemap-item-post page_item page-item-72033\"><a href=\"https:\/\/icripalimosani.edu.it\/site\/2023\/02\/07\/20230207110818unidos\/\">Rettifica nomina commission prova orientativo attitudinale. Percorso musicale a.s. 2023\/24<\/a><\/li><li class=\"elementor-sitemap-item elementor-sitemap-item-post page_item page-item-72032\"><a href=\"https:\/\/icripalimosani.edu.it\/site\/2023\/02\/07\/20230207101552unidos\/\">USB Scuola: 10 febbraio docenti, ATA e studenti in sciopero per dire, uniti, basta precariet\u00e0!<\/a><\/li><li class=\"elementor-sitemap-item elementor-sitemap-item-post page_item page-item-72031\"><a href=\"https:\/\/icripalimosani.edu.it\/site\/2023\/02\/07\/20230207094019unidos\/\">RASSEGNA SINDACALE ANIEF N.4 DEL 06 FEBBRAIO 2023<\/a><\/li><li class=\"elementor-sitemap-item elementor-sitemap-item-post page_item page-item-72030\"><a href=\"https:\/\/icripalimosani.edu.it\/site\/2023\/02\/07\/20230207085323unidos\/\">Petrella Tifernina \u2013 Sospensione servizio mensa dal 07\/02\/2023.<\/a><\/li><li class=\"elementor-sitemap-item elementor-sitemap-item-post page_item page-item-72018\"><a href=\"https:\/\/icripalimosani.edu.it\/site\/2023\/02\/06\/giornata-dei-calzini-spaiati\/\">Giornata dei calzini spaiati<\/a><\/li><li class=\"elementor-sitemap-item elementor-sitemap-item-post page_item page-item-72006\"><a href=\"https:\/\/icripalimosani.edu.it\/site\/2023\/02\/06\/20230206111046unidos\/\">Convocazione Collegio dei docenti<\/a><\/li><li class=\"elementor-sitemap-item elementor-sitemap-item-post page_item page-item-71998\"><a href=\"https:\/\/icripalimosani.edu.it\/site\/2023\/02\/06\/progetto-etwinning-scuola-primaria-hello-italy-2022-23\/\">Progetto eTwinning scuola primaria &#8220;&#8221;Hello Italy&#8221; 2022\/23<\/a><\/li><li class=\"elementor-sitemap-item elementor-sitemap-item-post page_item page-item-71995\"><a href=\"https:\/\/icripalimosani.edu.it\/site\/2023\/02\/06\/e-twinning-quality-label\/\">E-twinning quality label<\/a><\/li><li class=\"elementor-sitemap-item elementor-sitemap-item-post page_item page-item-71992\"><a href=\"https:\/\/icripalimosani.edu.it\/site\/2023\/02\/06\/progetto-etwinning-scuola-primaria-telling-with-steam-2022-23\/\">Progetto eTwinning scuola primaria &#8220;Telling with steam&#8221; 2022\/23<\/a><\/li><li class=\"elementor-sitemap-item elementor-sitemap-item-post page_item page-item-71991\"><a href=\"https:\/\/icripalimosani.edu.it\/site\/2023\/02\/06\/20230206083144unidos\/\">Corsi di preparazione al concorso DS e TFA sostegno. Materiali<\/a><\/li><li class=\"elementor-sitemap-item elementor-sitemap-item-post page_item page-item-71985\"><a href=\"https:\/\/icripalimosani.edu.it\/site\/2023\/02\/04\/lalbero-della-legalita\/\">L&#8217;albero della legalit\u00e0<\/a><\/li><li class=\"elementor-sitemap-item elementor-sitemap-item-post page_item page-item-71984\"><a href=\"https:\/\/icripalimosani.edu.it\/site\/2023\/02\/04\/20230204100749unidos\/\">Rettifica nomina &#8211; Commissione prove orientativo-attitudinali per l\u2019ammissione ai corsi ad indirizzo musicale &#8211; A.S. 2023\/202<\/a><\/li><li class=\"elementor-sitemap-item elementor-sitemap-item-post page_item page-item-71971\"><a href=\"https:\/\/icripalimosani.edu.it\/site\/2023\/02\/03\/la-giornata-dei-calzini-spaiati-2\/\">La giornata dei calzini spaiati<\/a><\/li><li class=\"elementor-sitemap-item elementor-sitemap-item-post page_item page-item-71960\"><a href=\"https:\/\/icripalimosani.edu.it\/site\/2023\/02\/03\/la-giornata-dei-calzini-spaiati\/\">La giornata dei calzini spaiati<\/a><\/li><li class=\"elementor-sitemap-item elementor-sitemap-item-post page_item page-item-71953\"><a href=\"https:\/\/icripalimosani.edu.it\/site\/2023\/02\/03\/20230203133745unidos\/\">determina affidamento diretto fornitura libri &#8211; progetto scrittori in erba<\/a><\/li><li class=\"elementor-sitemap-item elementor-sitemap-item-post page_item page-item-71952\"><a href=\"https:\/\/icripalimosani.edu.it\/site\/2023\/02\/03\/20230203133519unidos\/\">determina affidamento diretto fornitura libri &#8211; progetti certify your english 2 e certify your english 2bis<\/a><\/li><li class=\"elementor-sitemap-item elementor-sitemap-item-post page_item page-item-71948\"><a href=\"https:\/\/icripalimosani.edu.it\/site\/2023\/02\/02\/il-giorno-della-memoria-vietato-agli-elefanti\/\">Il giorno della memoria &#8211; &#8220;Vietato agli elefanti&#8221;<\/a><\/li><li class=\"elementor-sitemap-item elementor-sitemap-item-post page_item page-item-71938\"><a href=\"https:\/\/icripalimosani.edu.it\/site\/2023\/02\/02\/nomi-rubati-laboratorio-sulla-shoah\/\">Nomi rubati &#8211; laboratorio sulla shoah<\/a><\/li><li class=\"elementor-sitemap-item elementor-sitemap-item-post page_item page-item-71892\"><a href=\"https:\/\/icripalimosani.edu.it\/site\/2023\/02\/02\/20230202130946unidos\/\">prove orientativo-attitudinali di strumento musicale<\/a><\/li><li class=\"elementor-sitemap-item elementor-sitemap-item-post page_item page-item-71848\"><a href=\"https:\/\/icripalimosani.edu.it\/site\/2023\/02\/02\/music-open-day\/\">Music Open Day<\/a><\/li><li class=\"elementor-sitemap-item elementor-sitemap-item-post page_item page-item-71847\"><a href=\"https:\/\/icripalimosani.edu.it\/site\/2023\/02\/02\/20230202125833unidos\/\">Nomina Commissione prove orientativo-attitudinali per l\u2019ammissione ai corsi ad indirizzo musicale &#8211; A.S. 2023\/2024<\/a><\/li><li class=\"elementor-sitemap-item elementor-sitemap-item-post page_item page-item-71844\"><a href=\"https:\/\/icripalimosani.edu.it\/site\/2023\/02\/02\/sintesi-progetti-etwinning\/\">Sintesi progetti Etwinning<\/a><\/li><li class=\"elementor-sitemap-item elementor-sitemap-item-post page_item page-item-71841\"><a href=\"https:\/\/icripalimosani.edu.it\/site\/2023\/02\/02\/quality-label\/\">Quality label<\/a><\/li><li class=\"elementor-sitemap-item elementor-sitemap-item-post page_item page-item-71836\"><a href=\"https:\/\/icripalimosani.edu.it\/site\/2023\/02\/02\/il-giorno-della-memoria\/\">Il giorno della memoria<\/a><\/li><li class=\"elementor-sitemap-item elementor-sitemap-item-post page_item page-item-71828\"><a href=\"https:\/\/icripalimosani.edu.it\/site\/2023\/02\/02\/71828\/\">I giorni della merla<\/a><\/li><li class=\"elementor-sitemap-item elementor-sitemap-item-post page_item page-item-71826\"><a href=\"https:\/\/icripalimosani.edu.it\/site\/2023\/02\/01\/20230201162344unidos\/\">Comunicazione sospensione lezioni indirizzo musicale<\/a><\/li><li class=\"elementor-sitemap-item elementor-sitemap-item-post page_item page-item-71825\"><a href=\"https:\/\/icripalimosani.edu.it\/site\/2023\/02\/01\/20230201122924unidos\/\">Bando selezione collaboratore scolastico Progetto Pon certify your english 2bis<\/a><\/li><li class=\"elementor-sitemap-item elementor-sitemap-item-post page_item page-item-71824\"><a href=\"https:\/\/icripalimosani.edu.it\/site\/2023\/02\/01\/20230201121919unidos\/\">Bando selezione personale ATA &#8211; progetto Pon_Certify your English 2<\/a><\/li><li class=\"elementor-sitemap-item elementor-sitemap-item-post page_item page-item-71822\"><a href=\"https:\/\/icripalimosani.edu.it\/site\/2023\/01\/31\/20230131132916unidos\/\">dichiarazione di chiusura PON reti cablate<\/a><\/li><li class=\"elementor-sitemap-item elementor-sitemap-item-post page_item page-item-71821\"><a href=\"https:\/\/icripalimosani.edu.it\/site\/2023\/01\/31\/20230131132615unidos\/\">dichiaraione di chiusura PON digital board<\/a><\/li><li class=\"elementor-sitemap-item elementor-sitemap-item-post page_item page-item-71820\"><a href=\"https:\/\/icripalimosani.edu.it\/site\/2023\/01\/31\/20230131111232unidos\/\">PON reti cablate dichiarazione assenza doppio finanziamento<\/a><\/li><li class=\"elementor-sitemap-item elementor-sitemap-item-post page_item page-item-71819\"><a href=\"https:\/\/icripalimosani.edu.it\/site\/2023\/01\/30\/20230130164116unidos\/\">certificato regolare esecuzione targhe pubblicitarie pon reti cablate<\/a><\/li><li class=\"elementor-sitemap-item elementor-sitemap-item-post page_item page-item-71818\"><a href=\"https:\/\/icripalimosani.edu.it\/site\/2023\/01\/30\/20230130125219unidos\/\">RASSEGNA SINDACALE ANIEF N.3 DEL 30 GENNAIO 2023<\/a><\/li><li class=\"elementor-sitemap-item elementor-sitemap-item-post page_item page-item-71817\"><a href=\"https:\/\/icripalimosani.edu.it\/site\/2023\/01\/30\/20230130094841unidos\/\">Snadir News n.260 &#8211; Le organizzazioni sindacali chiedono un incontro al Miur per predisporre i due bandi di religione: ordinario e straordinario<\/a><\/li><li class=\"elementor-sitemap-item elementor-sitemap-item-post page_item page-item-71816\"><a href=\"https:\/\/icripalimosani.edu.it\/site\/2023\/01\/30\/20230130094248unidos\/\">ALL&#8217;ALBO SINDACALE E AI DOCENTI DI RELIGIONE<\/a><\/li><li class=\"elementor-sitemap-item elementor-sitemap-item-post page_item page-item-71815\"><a href=\"https:\/\/icripalimosani.edu.it\/site\/2023\/01\/30\/20230130093735unidos\/\">Trattamento di pensione anticipata e opzione donna: incontro MIM e scheda esplicativa<\/a><\/li><li class=\"elementor-sitemap-item elementor-sitemap-item-post page_item page-item-71814\"><a href=\"https:\/\/icripalimosani.edu.it\/site\/2023\/01\/30\/20230130090224unidos\/\">SNADIR INFO-POINT n.170 &#8211; 28 gennaio 2023. All&#8217;albo sindacale ex art.25 legge 300\/1970<\/a><\/li><li class=\"elementor-sitemap-item elementor-sitemap-item-post page_item page-item-71813\"><a href=\"https:\/\/icripalimosani.edu.it\/site\/2023\/01\/28\/20230128132429unidos\/\">Proposte didattiche in occasione del giorno della memoria 27 gennaio 2023<\/a><\/li><li class=\"elementor-sitemap-item elementor-sitemap-item-post page_item page-item-71812\"><a href=\"https:\/\/icripalimosani.edu.it\/site\/2023\/01\/28\/20230128131849unidos\/\">USB Scuola: assemblea sindacale streaming 2 febbraio<\/a><\/li><li class=\"elementor-sitemap-item elementor-sitemap-item-post page_item page-item-71809\"><a href=\"https:\/\/icripalimosani.edu.it\/site\/2023\/01\/27\/per-non-dimenticare\/\">Per non dimenticare<\/a><\/li><li class=\"elementor-sitemap-item elementor-sitemap-item-post page_item page-item-71801\"><a href=\"https:\/\/icripalimosani.edu.it\/site\/2023\/01\/27\/giornata-della-memoria-le-coccinelle-a-righe\/\">Giornata della memoria &#8211; &#8220;Le coccinelle a righe&#8221;<\/a><\/li><li class=\"elementor-sitemap-item elementor-sitemap-item-post page_item page-item-71799\"><a href=\"https:\/\/icripalimosani.edu.it\/site\/2023\/01\/27\/20230127113747unidos\/\">Comunicato stampa &#8211; 2 \u00b0 Congresso FLC CGIL Abruzzo &#8211; Molise<\/a><\/li><li class=\"elementor-sitemap-item elementor-sitemap-item-post page_item page-item-71798\"><a href=\"https:\/\/icripalimosani.edu.it\/site\/2023\/01\/27\/20230127112834unidos\/\">Dichiarazione di Avvio del Modulo certify your english livello 2 bis<\/a><\/li><li class=\"elementor-sitemap-item elementor-sitemap-item-post page_item page-item-71797\"><a href=\"https:\/\/icripalimosani.edu.it\/site\/2023\/01\/25\/20230125120631unidos\/\">dichiarazione avvio modulo certify your english livello 2<\/a><\/li><li class=\"elementor-sitemap-item elementor-sitemap-item-post page_item page-item-71791\"><a href=\"https:\/\/icripalimosani.edu.it\/site\/2023\/01\/25\/20230125095147unidos\/\">SOSPENSIONE ATTIVITA&#8217; DIDATTICA DELLA SCUOLA DELL&#8217;INFANZIA DI MONTAGANO PER LA GIORNATA DEL 26\/01\/2023<\/a><\/li><li class=\"elementor-sitemap-item elementor-sitemap-item-post page_item page-item-71780\"><a href=\"https:\/\/icripalimosani.edu.it\/site\/2023\/01\/23\/20230123133554unidos\/\">RASSEGNA SINDACALE ANIEF N.2 DEL 23 GENNAIO 2023<\/a><\/li><li class=\"elementor-sitemap-item elementor-sitemap-item-post page_item page-item-71779\"><a href=\"https:\/\/icripalimosani.edu.it\/site\/2023\/01\/23\/20230123125206unidos\/\">Sciopero del 10 febbraio<\/a><\/li><li class=\"elementor-sitemap-item elementor-sitemap-item-post page_item page-item-71778\"><a href=\"https:\/\/icripalimosani.edu.it\/site\/2023\/01\/23\/20230123123326unidos\/\">Commemorazione Giornata della Memoria a.s. 2022\/2023<\/a><\/li><li class=\"elementor-sitemap-item elementor-sitemap-item-post page_item page-item-71777\"><a href=\"https:\/\/icripalimosani.edu.it\/site\/2023\/01\/20\/20230120204015unidos\/\">Sospensione attivit\u00e0 didattiche per neve per il giorno 21\/01\/2023 Comune di Petrella Tifernina<\/a><\/li><li class=\"elementor-sitemap-item elementor-sitemap-item-post page_item page-item-71776\"><a href=\"https:\/\/icripalimosani.edu.it\/site\/2023\/01\/20\/20230120175322unidos\/\">Chiusura scuola causa neve.Comune di Matrice e Limosano<\/a><\/li><li class=\"elementor-sitemap-item elementor-sitemap-item-post page_item page-item-71775\"><a href=\"https:\/\/icripalimosani.edu.it\/site\/2023\/01\/20\/20230120085726unidos\/\">Fwd: Seminario di formazione sul giorno della memoria. 25 gennaio ore 17,00 -19,00<\/a><\/li><li class=\"elementor-sitemap-item elementor-sitemap-item-post page_item page-item-71774\"><a href=\"https:\/\/icripalimosani.edu.it\/site\/2023\/01\/17\/20230117141340unidos\/\">RASSEGNA SINDACALE ANIEF N.1 DEL 17 GENNAIO 2023<\/a><\/li><li class=\"elementor-sitemap-item elementor-sitemap-item-post page_item page-item-71773\"><a href=\"https:\/\/icripalimosani.edu.it\/site\/2023\/01\/16\/20230116135007unidos\/\">determina acquisto materiale pubblicitario<\/a><\/li><li class=\"elementor-sitemap-item elementor-sitemap-item-post page_item page-item-71772\"><a href=\"https:\/\/icripalimosani.edu.it\/site\/2023\/01\/16\/20230116111214unidos\/\">Convocazione Consigli di Classe\/Interclasse e Intersezione, scrutini primo quadrimestre a.s.2022\/23.<\/a><\/li><li class=\"elementor-sitemap-item elementor-sitemap-item-post page_item page-item-71767\"><a href=\"https:\/\/icripalimosani.edu.it\/site\/2023\/01\/14\/20230114132311unidos\/\">stipula contratto di fornitura pon ambienti digitali per l&#8217;infanzia<\/a><\/li><li class=\"elementor-sitemap-item elementor-sitemap-item-post page_item page-item-71766\"><a href=\"https:\/\/icripalimosani.edu.it\/site\/2023\/01\/14\/20230114100514unidos\/\">segnalazione malfunzionamento Me.PA e stipula contratto di forniture &#8211; progetto PON Ambienti didattici innovativi per le scuole dell\u2019infanzia<\/a><\/li><li class=\"elementor-sitemap-item elementor-sitemap-item-post page_item page-item-71765\"><a href=\"https:\/\/icripalimosani.edu.it\/site\/2023\/01\/13\/20230113120444unidos\/\">determina di stipula contratto di forniture &#8211; progetto pon Ambienti didattici innovativi per le scuole dell\u2019infanzia<\/a><\/li><li class=\"elementor-sitemap-item elementor-sitemap-item-post page_item page-item-71752\"><a href=\"https:\/\/icripalimosani.edu.it\/site\/2023\/01\/12\/i-frutti-invernali\/\">I frutti invernali<\/a><\/li><li class=\"elementor-sitemap-item elementor-sitemap-item-post page_item page-item-71740\"><a href=\"https:\/\/icripalimosani.edu.it\/site\/2023\/01\/11\/20230111123200unidos\/\">NUOVA VITTORIA IN CONSIGLIO DI STATO PER GLI ATA- IL SERVIZIO MILITARE DEVE VALERE 6 PUNTI<\/a><\/li><li class=\"elementor-sitemap-item elementor-sitemap-item-post page_item page-item-71724\"><a href=\"https:\/\/icripalimosani.edu.it\/site\/2023\/01\/11\/20230111084647unidos\/\">[UIL Scuola Molise: Notizie] Notiziario telematico dal 02\/01\/2023 al 09\/01\/2023 &#8211; Segreteria Federazione UIL Scuola RUA Molise<\/a><\/li><li class=\"elementor-sitemap-item elementor-sitemap-item-post page_item page-item-71721\"><a href=\"https:\/\/icripalimosani.edu.it\/site\/2023\/01\/10\/buone-feste\/\">Buone feste<\/a><\/li><li class=\"elementor-sitemap-item elementor-sitemap-item-post page_item page-item-71720\"><a href=\"https:\/\/icripalimosani.edu.it\/site\/2023\/01\/09\/20230109155914unidos\/\">Le nuove regole di gestione dei casi e dei contatti stretti di ipotesi di COVID-19. Circolare Ministero della salute del 31 dicembre 2022 n. 0051961.<\/a><\/li><li class=\"elementor-sitemap-item elementor-sitemap-item-post page_item page-item-71707\"><a href=\"https:\/\/icripalimosani.edu.it\/site\/2023\/01\/05\/20230105085422unidos\/\">Locandina open day 2022\/2023 &#8211; Primaria &#8211; Infanzia<\/a><\/li><li class=\"elementor-sitemap-item elementor-sitemap-item-post page_item page-item-71698\"><a href=\"https:\/\/icripalimosani.edu.it\/site\/2023\/01\/04\/20230104130134unidos\/\">capitolato tecnico<\/a><\/li><li class=\"elementor-sitemap-item elementor-sitemap-item-post page_item page-item-71697\"><a href=\"https:\/\/icripalimosani.edu.it\/site\/2023\/01\/04\/20230104094157unidos\/\">Corso TFA sostegno. Materiale disponibile<\/a><\/li><li class=\"elementor-sitemap-item elementor-sitemap-item-post page_item page-item-71696\"><a href=\"https:\/\/icripalimosani.edu.it\/site\/2023\/01\/03\/20230103115315unidos\/\">USB Scuola organizza un corso di preparazione alla selezione per il TFA sostegno VIII ciclo<\/a><\/li><li class=\"elementor-sitemap-item elementor-sitemap-item-post page_item page-item-71695\"><a href=\"https:\/\/icripalimosani.edu.it\/site\/2023\/01\/03\/20230103114839unidos\/\">chiarimenti su arretrati, legge di bilancio e interventi sulla scuola<\/a><\/li><li class=\"elementor-sitemap-item elementor-sitemap-item-post page_item page-item-71694\"><a href=\"https:\/\/icripalimosani.edu.it\/site\/2023\/01\/02\/20230102100630unidos\/\">ANQUAP: prosecuzione  azioni di protesta sindacale per Direttori SGA e Assistenti amministrativi dal 2 gennaio al 31 gennaio 2023   Rilevazione dati di adesione<\/a><\/li><li class=\"elementor-sitemap-item elementor-sitemap-item-post page_item page-item-72116\"><a href=\"https:\/\/icripalimosani.edu.it\/site\/2022\/12\/30\/20230215161441unidos\/\">Regolamento percorsi ad indirizzo musicale<\/a><\/li><li class=\"elementor-sitemap-item elementor-sitemap-item-post page_item page-item-71691\"><a href=\"https:\/\/icripalimosani.edu.it\/site\/2022\/12\/29\/buone-feste-dai-bambini-di-petrella-tifernina\/\">Buone feste dai bambini di Petrella Tifernina<\/a><\/li><li class=\"elementor-sitemap-item elementor-sitemap-item-post page_item page-item-71646\"><a href=\"https:\/\/icripalimosani.edu.it\/site\/2022\/12\/28\/open-day-limosano-2\/\">Open day Limosano<\/a><\/li><li class=\"elementor-sitemap-item elementor-sitemap-item-post page_item page-item-71634\"><a href=\"https:\/\/icripalimosani.edu.it\/site\/2022\/12\/28\/71634\/\">Premio &#8220;Zarrilli&#8221;<\/a><\/li><li class=\"elementor-sitemap-item elementor-sitemap-item-post page_item page-item-71612\"><a href=\"https:\/\/icripalimosani.edu.it\/site\/2022\/12\/28\/buone-feste-dal-plesso-di-matrice\/\">Buone feste dal plesso di Matrice<\/a><\/li><li class=\"elementor-sitemap-item elementor-sitemap-item-post page_item page-item-71624\"><a href=\"https:\/\/icripalimosani.edu.it\/site\/2022\/12\/28\/buone-feste-dal-plesso-di-limosano\/\">Buone feste dal plesso di Limosano<\/a><\/li><li class=\"elementor-sitemap-item elementor-sitemap-item-post page_item page-item-71619\"><a href=\"https:\/\/icripalimosani.edu.it\/site\/2022\/12\/23\/20221223123403unidos\/\">Determina Avvio Confronto di preventivi. Pon Ambienti didattici innovativi per le scuole dell\u2019infanzia<\/a><\/li><li class=\"elementor-sitemap-item elementor-sitemap-item-post page_item page-item-71595\"><a href=\"https:\/\/icripalimosani.edu.it\/site\/2022\/12\/22\/buone-feste-dai-piccoli-di-petrellan-tifernina\/\">Buone feste dai piccoli di Petrella Tifernina<\/a><\/li><li class=\"elementor-sitemap-item elementor-sitemap-item-post page_item page-item-71590\"><a href=\"https:\/\/icripalimosani.edu.it\/site\/2022\/12\/22\/progetto-continuita-ripalimosani\/\">Progetto Continuit\u00e0 Ripalimosani<\/a><\/li><li class=\"elementor-sitemap-item elementor-sitemap-item-post page_item page-item-71584\"><a href=\"https:\/\/icripalimosani.edu.it\/site\/2022\/12\/22\/20221222084810unidos\/\">[Ai Vicepresidi &#8211; Resp. Plesso &#8211; Staff DS &#8211; FS] Ai Collaboratori del Dirigente Scolastico &#8211; FS &#8211; Resp. di Plesso &#8211; All&#8217;Albo Sindacale<\/a><\/li><li class=\"elementor-sitemap-item elementor-sitemap-item-post page_item page-item-71535\"><a href=\"https:\/\/icripalimosani.edu.it\/site\/2022\/12\/21\/20221221112907unidos\/\">Sospensione attivit\u00e0 didattiche per le festivit\u00e0 del Santo Natale<\/a><\/li><li class=\"elementor-sitemap-item elementor-sitemap-item-post page_item page-item-71483\"><a href=\"https:\/\/icripalimosani.edu.it\/site\/2022\/12\/20\/20221220095036unidos\/\">RICORSO RISARCIMENTO DEL DANNO<\/a><\/li><li class=\"elementor-sitemap-item elementor-sitemap-item-post page_item page-item-71482\"><a href=\"https:\/\/icripalimosani.edu.it\/site\/2022\/12\/19\/20221219094545unidos\/\">Lo Snadir incontra la sottosegretaria all\u2019istruzione Frassinetti<\/a><\/li><li class=\"elementor-sitemap-item elementor-sitemap-item-post page_item page-item-71477\"><a href=\"https:\/\/icripalimosani.edu.it\/site\/2022\/12\/18\/progetto-continuita-plesso-petrella-tifernins\/\">Progetto Continuit\u00e0 &#8211; Plesso Petrella Tifernins<\/a><\/li><li class=\"elementor-sitemap-item elementor-sitemap-item-post page_item page-item-71470\"><a href=\"https:\/\/icripalimosani.edu.it\/site\/2022\/12\/18\/la-giornata-della-disabilita\/\">La giornata della disabilit\u00e0<\/a><\/li><li class=\"elementor-sitemap-item elementor-sitemap-item-post page_item page-item-71469\"><a href=\"https:\/\/icripalimosani.edu.it\/site\/2022\/12\/17\/20221217134734unidos\/\">Contributi figurativi ex LSU,LPU, ASU,Tirocinanti e COCOCO: scadenza 31 dicembre 2022<\/a><\/li><li class=\"elementor-sitemap-item elementor-sitemap-item-post page_item page-item-71468\"><a href=\"https:\/\/icripalimosani.edu.it\/site\/2022\/12\/16\/20221216092640unidos\/\">Manifestazione Uil &#8211; Campobasso 15.12.2022 &#8211; In piazza la protesta contro la legge di bilancio per il 2023<\/a><\/li><li class=\"elementor-sitemap-item elementor-sitemap-item-post page_item page-item-71452\"><a href=\"https:\/\/icripalimosani.edu.it\/site\/2022\/12\/15\/progetto-continuita\/\">Progetto Continuit\u00e0<\/a><\/li><li class=\"elementor-sitemap-item elementor-sitemap-item-post page_item page-item-71449\"><a href=\"https:\/\/icripalimosani.edu.it\/site\/2022\/12\/15\/giornata-fai-dautunno\/\">Giornata FAI d&#8217;autunno<\/a><\/li><li class=\"elementor-sitemap-item elementor-sitemap-item-post page_item page-item-71443\"><a href=\"https:\/\/icripalimosani.edu.it\/site\/2022\/12\/15\/scribi-per-un-giorno\/\">Scribi per un giorno<\/a><\/li><li class=\"elementor-sitemap-item elementor-sitemap-item-post page_item page-item-71442\"><a href=\"https:\/\/icripalimosani.edu.it\/site\/2022\/12\/14\/20221214122845unidos\/\">Comunicato stampa II congresso FLC territoriale Molise<\/a><\/li><li class=\"elementor-sitemap-item elementor-sitemap-item-post page_item page-item-71441\"><a href=\"https:\/\/icripalimosani.edu.it\/site\/2022\/12\/14\/20221214104839unidos\/\">RASSEGNA SINDACALE ANIEF N.37 DEL 12 DICEMBRE 2022<\/a><\/li><li class=\"elementor-sitemap-item elementor-sitemap-item-post page_item page-item-71422\"><a href=\"https:\/\/icripalimosani.edu.it\/site\/2022\/12\/13\/progetto-continuita-matrice-montagano-2\/\">Progetto Continuit\u00e0 Matrice\/Montagano<\/a><\/li><li class=\"elementor-sitemap-item elementor-sitemap-item-post page_item page-item-71421\"><a href=\"https:\/\/icripalimosani.edu.it\/site\/2022\/12\/13\/20221213121714unidos\/\">nomina progettista. Fondi Strutturali Europei \u2013 Programma Operativo Nazionale \u201cPer la scuola, competenze e ambienti per l\u2019apprendimento\u201d 2014-2020 &#8211; Asse II &#8211; Infrastrutture per l\u2019istruzione \u2013 Fondo Europeo di Sviluppo Regionale (FESR) \u2013 REACT EU. Asse V<\/a><\/li><li class=\"elementor-sitemap-item elementor-sitemap-item-post page_item page-item-71411\"><a href=\"https:\/\/icripalimosani.edu.it\/site\/2022\/12\/13\/progetto-continuita-matrice-montagano\/\">Progetto Continuit\u00e0 Matrice &#8211; Montagano<\/a><\/li><li class=\"elementor-sitemap-item elementor-sitemap-item-post page_item page-item-71410\"><a href=\"https:\/\/icripalimosani.edu.it\/site\/2022\/12\/13\/20221213083645unidos\/\">[UIL Scuola Molise: Notizie] Notiziario telematico dal 22\/11\/2022 al 09\/12\/2022-Segreteria Federazione UIL Scuola RUA Molise<\/a><\/li><li class=\"elementor-sitemap-item elementor-sitemap-item-post page_item page-item-71408\"><a href=\"https:\/\/icripalimosani.edu.it\/site\/2022\/12\/12\/20221212155025unidos\/\">SCIOPERO GENERALE REGIONALE  DEL 16 DICEMBRE 2022<\/a><\/li><li class=\"elementor-sitemap-item elementor-sitemap-item-post page_item page-item-71407\"><a href=\"https:\/\/icripalimosani.edu.it\/site\/2022\/12\/12\/20221212092708unidos\/\">Mobilitazione Regionale Campobasso 15.12.2022<\/a><\/li><li class=\"elementor-sitemap-item elementor-sitemap-item-post page_item page-item-71406\"><a href=\"https:\/\/icripalimosani.edu.it\/site\/2022\/12\/12\/20221212084823unidos\/\">USB Scuola: cambia il ministro ma non cambia la politica di tagli<\/a><\/li><li class=\"elementor-sitemap-item elementor-sitemap-item-post page_item page-item-71405\"><a href=\"https:\/\/icripalimosani.edu.it\/site\/2022\/12\/12\/20221212084250unidos\/\">Comunicato sciopero della scuola 16 dicembre<\/a><\/li><li class=\"elementor-sitemap-item elementor-sitemap-item-post page_item page-item-71404\"><a href=\"https:\/\/icripalimosani.edu.it\/site\/2022\/12\/10\/20221210113530unidos\/\">Open Day e Concerti di Natale della scuola secondaria<\/a><\/li><li class=\"elementor-sitemap-item elementor-sitemap-item-post page_item page-item-71403\"><a href=\"https:\/\/icripalimosani.edu.it\/site\/2022\/12\/10\/20221210113317unidos\/\">Open Day e Concerti di Natale della scuola secondaria<\/a><\/li><li class=\"elementor-sitemap-item elementor-sitemap-item-post page_item page-item-71392\"><a href=\"https:\/\/icripalimosani.edu.it\/site\/2022\/12\/07\/concorso-scrittori-di-classe\/\">Concorso &#8220;Scrittori di classe&#8221;<\/a><\/li><li class=\"elementor-sitemap-item elementor-sitemap-item-post page_item page-item-71391\"><a href=\"https:\/\/icripalimosani.edu.it\/site\/2022\/12\/07\/20221207123354unidos\/\">Congresso FLC Terrtoriale Molise &#8211; 13 dicembre 2022<\/a><\/li><li class=\"elementor-sitemap-item elementor-sitemap-item-post page_item page-item-71390\"><a href=\"https:\/\/icripalimosani.edu.it\/site\/2022\/12\/07\/20221207122527unidos\/\">Convocazione del Collegio unitario dei docenti<\/a><\/li><li class=\"elementor-sitemap-item elementor-sitemap-item-post page_item page-item-71389\"><a href=\"https:\/\/icripalimosani.edu.it\/site\/2022\/12\/07\/20221207085252unidos\/\">RASSEGNA SINDACALE ANIEF N.36 DEL 06 DICEMBRE 2022<\/a><\/li><li class=\"elementor-sitemap-item elementor-sitemap-item-post page_item page-item-71377\"><a href=\"https:\/\/icripalimosani.edu.it\/site\/2022\/12\/06\/20221206142803unidos\/\">contratto piccoli lavori progetto edugreen<\/a><\/li><li class=\"elementor-sitemap-item elementor-sitemap-item-post page_item page-item-71376\"><a href=\"https:\/\/icripalimosani.edu.it\/site\/2022\/12\/06\/20221206133603unidos\/\">ASSEMBLEA SINDACALE GILDA UNAMS<\/a><\/li><li class=\"elementor-sitemap-item elementor-sitemap-item-post page_item page-item-71375\"><a href=\"https:\/\/icripalimosani.edu.it\/site\/2022\/12\/06\/20221206105220unidos\/\">Iscrizioni a. s. 2023\/2024<\/a><\/li><li class=\"elementor-sitemap-item elementor-sitemap-item-post page_item page-item-71374\"><a href=\"https:\/\/icripalimosani.edu.it\/site\/2022\/12\/06\/20221206103921unidos\/\">Nomina Commissione valutazione domande progettista e collaudatore &#8211; Progetto PON Ambienti didattici per l&#8217;infanzia<\/a><\/li><li class=\"elementor-sitemap-item elementor-sitemap-item-post page_item page-item-71373\"><a href=\"https:\/\/icripalimosani.edu.it\/site\/2022\/12\/06\/20221206102359unidos\/\">Bando progettista interno &#8211; progetto PON FESR Ambienti didattici innovativi per l&#8217;infanzia<\/a><\/li><li class=\"elementor-sitemap-item elementor-sitemap-item-post page_item page-item-71372\"><a href=\"https:\/\/icripalimosani.edu.it\/site\/2022\/12\/05\/20221205125932unidos\/\">determina affidamento diretto servizio esperto PON certify your english 2 e certify your english 2 bis<\/a><\/li><li class=\"elementor-sitemap-item elementor-sitemap-item-post page_item page-item-71371\"><a href=\"https:\/\/icripalimosani.edu.it\/site\/2022\/12\/05\/20221205100332unidos\/\">comunicazione sospensione attivit\u00e0 didattica giorni 9 e 10 dicembre 2022.<\/a><\/li><li class=\"elementor-sitemap-item elementor-sitemap-item-post page_item page-item-71370\"><a href=\"https:\/\/icripalimosani.edu.it\/site\/2022\/12\/05\/20221205091859unidos\/\">Consigli di classe, di interclasse e di intersezione<\/a><\/li><li class=\"elementor-sitemap-item elementor-sitemap-item-post page_item page-item-71369\"><a href=\"https:\/\/icripalimosani.edu.it\/site\/2022\/12\/03\/20221203112457unidos\/\">determina affidamento piccoli lavori di sistemazione del terreno &#8211; progetto PON edugreen<\/a><\/li><li class=\"elementor-sitemap-item elementor-sitemap-item-post page_item page-item-71368\"><a href=\"https:\/\/icripalimosani.edu.it\/site\/2022\/12\/03\/20221203105905unidos\/\">Comunicazione variazione incontri per l\u2019attivit\u00e0 di orientamento &#8211; alunni classi terze della scuola Secondaria di primo grado dei plessi di Limosano e di Petrella.<\/a><\/li><li class=\"elementor-sitemap-item elementor-sitemap-item-post page_item page-item-71367\"><a href=\"https:\/\/icripalimosani.edu.it\/site\/2022\/12\/03\/20221203102316unidos\/\">Comunicato dimensionamento scolastico<\/a><\/li><li class=\"elementor-sitemap-item elementor-sitemap-item-post page_item page-item-71354\"><a href=\"https:\/\/icripalimosani.edu.it\/site\/2022\/12\/01\/giochi-matematici-del-mediterraneo\/\">Giochi matematici del mediterraneo<\/a><\/li><li class=\"elementor-sitemap-item elementor-sitemap-item-post page_item page-item-71351\"><a href=\"https:\/\/icripalimosani.edu.it\/site\/2022\/12\/01\/20221201084304unidos\/\">Piano aggiornato \u201dAttivit\u00e0 di orientamento per gli alunni delle classi terze della scuola Secondaria di primo grado dell\u2019Istituto\u201d<\/a><\/li><li class=\"elementor-sitemap-item elementor-sitemap-item-post page_item page-item-71348\"><a href=\"https:\/\/icripalimosani.edu.it\/site\/2022\/11\/30\/e-twinning-videoconferenza-italy-turkey\/\">E-twinning &#8211; videoconferenza Italy &#8211; Turkey<\/a><\/li><li class=\"elementor-sitemap-item elementor-sitemap-item-post page_item page-item-71346\"><a href=\"https:\/\/icripalimosani.edu.it\/site\/2022\/11\/30\/20221130130533unidos\/\">ordine diretto di acquisto forniture edugreen<\/a><\/li><li class=\"elementor-sitemap-item elementor-sitemap-item-post page_item page-item-71345\"><a href=\"https:\/\/icripalimosani.edu.it\/site\/2022\/11\/30\/20221130125155unidos\/\">determina affidamento diretto fuori mepa per forniture edugreen<\/a><\/li><li class=\"elementor-sitemap-item elementor-sitemap-item-post page_item page-item-71344\"><a href=\"https:\/\/icripalimosani.edu.it\/site\/2022\/11\/30\/20221130113816unidos\/\">RASSEGNA SINDACALE ANIEF N.35 DEL 28 NOVEMBRE 2022<\/a><\/li><li class=\"elementor-sitemap-item elementor-sitemap-item-post page_item page-item-71343\"><a href=\"https:\/\/icripalimosani.edu.it\/site\/2022\/11\/29\/20221129080830unidos\/\">COLLOQUI CON LE FAMIGLIE<\/a><\/li><li class=\"elementor-sitemap-item elementor-sitemap-item-post page_item page-item-71342\"><a href=\"https:\/\/icripalimosani.edu.it\/site\/2022\/11\/28\/20221128132748unidos\/\">CONVOCAZIONE ASSEMBLEA SINDACALE  IN ERRATA CORRIGE<\/a><\/li><li class=\"elementor-sitemap-item elementor-sitemap-item-post page_item page-item-71339\"><a href=\"https:\/\/icripalimosani.edu.it\/site\/2022\/11\/28\/25-novembre-2022-giornata-mondiale-contro-la-violenza-sulle-donne\/\">25 novembre 2022 &#8211; Giornata Mondiale contro la violenza sulle donne<\/a><\/li><li class=\"elementor-sitemap-item elementor-sitemap-item-post page_item page-item-71332\"><a href=\"https:\/\/icripalimosani.edu.it\/site\/2022\/11\/28\/25-novembre-2022\/\">25 novembre 2022 &#8211; Giornata Mondiale contro la violenza sulle donne<\/a><\/li><li class=\"elementor-sitemap-item elementor-sitemap-item-post page_item page-item-71322\"><a href=\"https:\/\/icripalimosani.edu.it\/site\/2022\/11\/28\/71322\/\">Progetto &#8220;Libriamoci&#8221; &#8211; incontro con l&#8217;autrice<\/a><\/li><li class=\"elementor-sitemap-item elementor-sitemap-item-post page_item page-item-71314\"><a href=\"https:\/\/icripalimosani.edu.it\/site\/2022\/11\/25\/progetto-libriamoci\/\">Progetto &#8220;Libriamoci&#8221;<\/a><\/li><li class=\"elementor-sitemap-item elementor-sitemap-item-post page_item page-item-71313\"><a href=\"https:\/\/icripalimosani.edu.it\/site\/2022\/11\/25\/20221125122136unidos\/\">visita guidata a Napoli (Scampia-Citt\u00e0 della Scienza)-programma e autorizzazione.<\/a><\/li><li class=\"elementor-sitemap-item elementor-sitemap-item-post page_item page-item-71312\"><a href=\"https:\/\/icripalimosani.edu.it\/site\/2022\/11\/25\/20221125114027unidos\/\">UNICOBAS:PROCLAMAZIONE.SCIOPERO.GENERALE.2.DICEMBRE.2022<\/a><\/li><li class=\"elementor-sitemap-item elementor-sitemap-item-post page_item page-item-71311\"><a href=\"https:\/\/icripalimosani.edu.it\/site\/2022\/11\/25\/20221125095250unidos\/\">LA GESTIONE DELLE SUPPLENZE NELLA SCUOLA DELL&#8217;AUTONOMIA<\/a><\/li><li class=\"elementor-sitemap-item elementor-sitemap-item-post page_item page-item-71310\"><a href=\"https:\/\/icripalimosani.edu.it\/site\/2022\/11\/25\/20221125085658unidos\/\">versamento quota assicurativa a.s. 2022-23<\/a><\/li><li class=\"elementor-sitemap-item elementor-sitemap-item-post page_item page-item-71309\"><a href=\"https:\/\/icripalimosani.edu.it\/site\/2022\/11\/24\/20221124124049unidos\/\">Finale Giochi Matematici del Mediterraneo<\/a><\/li><li class=\"elementor-sitemap-item elementor-sitemap-item-post page_item page-item-71308\"><a href=\"https:\/\/icripalimosani.edu.it\/site\/2022\/11\/24\/20221124083402unidos\/\">Chiusura scuole plesso di Oratino per interruzione di energia elettrica il 25\/11\/2022<\/a><\/li><li class=\"elementor-sitemap-item elementor-sitemap-item-post page_item page-item-71307\"><a href=\"https:\/\/icripalimosani.edu.it\/site\/2022\/11\/23\/20221123123506unidos\/\">Convocazione di un\u2019assemblea sindacale regionale, dei docenti IRC delle istituzioni scolastiche di ogni ordine e grado delle regioni Campania, Basilicata, Molise, Calabria, Puglia e Sicilia<\/a><\/li><li class=\"elementor-sitemap-item elementor-sitemap-item-post page_item page-item-71306\"><a href=\"https:\/\/icripalimosani.edu.it\/site\/2022\/11\/23\/20221123121955unidos\/\">comunicazione evento Officine Sostenibili del 05 dicembre 2022 &#8211; plesso Ripalimosani<\/a><\/li><li class=\"elementor-sitemap-item elementor-sitemap-item-post page_item page-item-71303\"><a href=\"https:\/\/icripalimosani.edu.it\/site\/2022\/11\/22\/21-novembre-2022-festa-dellalbero-4\/\">21 novembre 2022 &#8211; Festa dell&#8217;albero<\/a><\/li><li class=\"elementor-sitemap-item elementor-sitemap-item-post page_item page-item-71297\"><a href=\"https:\/\/icripalimosani.edu.it\/site\/2022\/11\/22\/21-novembre-2022-festa-dellalbero-3\/\">21 novembre 2022 &#8211; Festa dell&#8217;albero<\/a><\/li><li class=\"elementor-sitemap-item elementor-sitemap-item-post page_item page-item-71299\"><a href=\"https:\/\/icripalimosani.edu.it\/site\/2022\/11\/22\/20221122112915unidos\/\">RASSEGNA SINDACALE ANIEF N.34 DEL 21 NOVEMBRE 2022<\/a><\/li><li class=\"elementor-sitemap-item elementor-sitemap-item-post page_item page-item-71298\"><a href=\"https:\/\/icripalimosani.edu.it\/site\/2022\/11\/22\/20221122094812unidos\/\">rimodulazione calendario lezioni Orchestra I.C. \u201cAlighieri\u201d di Ripalimosani<\/a><\/li><li class=\"elementor-sitemap-item elementor-sitemap-item-post page_item page-item-71296\"><a href=\"https:\/\/icripalimosani.edu.it\/site\/2022\/11\/21\/20221121211706unidos\/\">rinvio visita guidata per allerta meteo (come da ordinanza del sindaco di Napoli del 21-11-2022)<\/a><\/li><li class=\"elementor-sitemap-item elementor-sitemap-item-post page_item page-item-71284\"><a href=\"https:\/\/icripalimosani.edu.it\/site\/2022\/11\/21\/21-novembre-2022-festa-dellalbero-2\/\">21 novembre 2022 &#8211; Festa dell&#8217;albero<\/a><\/li><li class=\"elementor-sitemap-item elementor-sitemap-item-post page_item page-item-71261\"><a href=\"https:\/\/icripalimosani.edu.it\/site\/2022\/11\/21\/21-novembre-2022-festa-dellalbero\/\">21 novembre 2022 &#8211; Festa dell&#8217;albero<\/a><\/li><li class=\"elementor-sitemap-item elementor-sitemap-item-post page_item page-item-71260\"><a href=\"https:\/\/icripalimosani.edu.it\/site\/2022\/11\/21\/20221121150029unidos\/\">Periodo di formazione e prova per i docenti neoassunti e per i docenti che hanno ottenuto il passaggio di ruolo.<\/a><\/li><li class=\"elementor-sitemap-item elementor-sitemap-item-post page_item page-item-71258\"><a href=\"https:\/\/icripalimosani.edu.it\/site\/2022\/11\/21\/20221121102918unidos\/\">DOCENTI DI RELIGIONE<\/a><\/li><li class=\"elementor-sitemap-item elementor-sitemap-item-post page_item page-item-71257\"><a href=\"https:\/\/icripalimosani.edu.it\/site\/2022\/11\/21\/20221121095734unidos\/\">USB Scuola: le ragioni dello sciopero del 2 dicembre<\/a><\/li><li class=\"elementor-sitemap-item elementor-sitemap-item-post page_item page-item-71253\"><a href=\"https:\/\/icripalimosani.edu.it\/site\/2022\/11\/20\/giornata-internazionale-dei-diritti-dellinfanzia-20-novembre-2022\/\">Giornata internazionale dei diritti dell&#8217;infanzia   20 novembre 2022<\/a><\/li><li class=\"elementor-sitemap-item elementor-sitemap-item-post page_item page-item-71235\"><a href=\"https:\/\/icripalimosani.edu.it\/site\/2022\/11\/19\/giornata-dello-sport-2022\/\">Giornata dello sport 2022<\/a><\/li><li class=\"elementor-sitemap-item elementor-sitemap-item-post page_item page-item-71233\"><a href=\"https:\/\/icripalimosani.edu.it\/site\/2022\/11\/19\/20221119095854unidos\/\">Indizione assemblea sindacale regionale &#8211; Campobasso 01 dicembre 2022<\/a><\/li><li class=\"elementor-sitemap-item elementor-sitemap-item-post page_item page-item-71225\"><a href=\"https:\/\/icripalimosani.edu.it\/site\/2022\/11\/18\/pon-scrittori-in-erba-work-in-progress\/\">PON &#8211; &#8220;Scrittori in erba&#8221; &#8211; work in progress<\/a><\/li><li class=\"elementor-sitemap-item elementor-sitemap-item-post page_item page-item-71203\"><a href=\"https:\/\/icripalimosani.edu.it\/site\/2022\/11\/18\/20221118092733unidos\/\">[UIL Scuola Molise: Notizie] Graduatorie ATA: Ricorso per il mancato riconoscimento del Servizio militare specifico<\/a><\/li><li class=\"elementor-sitemap-item elementor-sitemap-item-post page_item page-item-71202\"><a href=\"https:\/\/icripalimosani.edu.it\/site\/2022\/11\/18\/20221118085051unidos\/\">Piano \u201dAttivit\u00e0 di orientamento per gli alunni delle classi terze della scuola Secondaria di primo grado dell\u2019Istituto\u201d<\/a><\/li><li class=\"elementor-sitemap-item elementor-sitemap-item-post page_item page-item-71191\"><a href=\"https:\/\/icripalimosani.edu.it\/site\/2022\/11\/17\/20221117133504unidos\/\">USB Scuola: Assemblea sindacale streaming 24 novembre<\/a><\/li><li class=\"elementor-sitemap-item elementor-sitemap-item-post page_item page-item-71190\"><a href=\"https:\/\/icripalimosani.edu.it\/site\/2022\/11\/17\/20221117123425unidos\/\">Raccolta firme per contrastare la regionalizzazione del sistema d&#8217;istruzione<\/a><\/li><li class=\"elementor-sitemap-item elementor-sitemap-item-post page_item page-item-71189\"><a href=\"https:\/\/icripalimosani.edu.it\/site\/2022\/11\/16\/20221116162204unidos\/\">comunicazione sospensione laboratori pomeridiani di musica-lezioni individuali (sede di Ripalimosani)<\/a><\/li><li class=\"elementor-sitemap-item elementor-sitemap-item-post page_item page-item-71188\"><a href=\"https:\/\/icripalimosani.edu.it\/site\/2022\/11\/15\/20221115110807unidos\/\">RASSEGNA SINDACALE ANIEF N.33 DEL 14 NOVEMBRE 2022<\/a><\/li><li class=\"elementor-sitemap-item elementor-sitemap-item-post page_item page-item-71187\"><a href=\"https:\/\/icripalimosani.edu.it\/site\/2022\/11\/15\/20221115095037unidos\/\">Comunicazione prova per concerto di Natale Orchestra dell\u2019I.C. \u201cAlighieri\u201d.<\/a><\/li><li class=\"elementor-sitemap-item elementor-sitemap-item-post page_item page-item-71186\"><a href=\"https:\/\/icripalimosani.edu.it\/site\/2022\/11\/15\/20221115091351unidos\/\">Sciopero del 2 dicembre<\/a><\/li><li class=\"elementor-sitemap-item elementor-sitemap-item-post page_item page-item-71180\"><a href=\"https:\/\/icripalimosani.edu.it\/site\/2022\/11\/14\/teens-for-climate-hack\/\">&#8216;Teens for Climate Hack&#8217;<\/a><\/li><li class=\"elementor-sitemap-item elementor-sitemap-item-post page_item page-item-71179\"><a href=\"https:\/\/icripalimosani.edu.it\/site\/2022\/11\/14\/20221114085507unidos\/\">Contratto scuola: aumenti stipendiali e arretrati per docenti e personale ATA<\/a><\/li><li class=\"elementor-sitemap-item elementor-sitemap-item-post page_item page-item-71175\"><a href=\"https:\/\/icripalimosani.edu.it\/site\/2022\/11\/13\/13-novembre-giornata-della-gentilezza\/\">13 novembre &#8211; Giornata della Gentilezza<\/a><\/li><li class=\"elementor-sitemap-item elementor-sitemap-item-post page_item page-item-71172\"><a href=\"https:\/\/icripalimosani.edu.it\/site\/2022\/11\/13\/progetto-legalita\/\">&#8220;Progetto legalit\u00e0&#8221;<\/a><\/li><li class=\"elementor-sitemap-item elementor-sitemap-item-post page_item page-item-71157\"><a href=\"https:\/\/icripalimosani.edu.it\/site\/2022\/11\/13\/8-novembre-attiviamoci-in-consiglio\/\">8 novembre &#8220;Attiviamoci in consiglio<\/a><\/li><li class=\"elementor-sitemap-item elementor-sitemap-item-post page_item page-item-71143\"><a href=\"https:\/\/icripalimosani.edu.it\/site\/2022\/11\/13\/attiviamoci-in-consiglio-consiglieri-regionali-per-un-giorno-2\/\">10 novembre &#8220;Attiviamoci in consiglio&#8221;: consiglieri regionali per un giorno<\/a><\/li><li class=\"elementor-sitemap-item elementor-sitemap-item-post page_item page-item-71113\"><a href=\"https:\/\/icripalimosani.edu.it\/site\/2022\/11\/13\/attiviamoci-in-consiglio-consiglieri-regionali-per-un-giorno\/\">9 novembre &#8211; &#8220;Attiviamoci in consiglio&#8221;: consiglieri regionali per un giorno<\/a><\/li><li class=\"elementor-sitemap-item elementor-sitemap-item-post page_item page-item-71106\"><a href=\"https:\/\/icripalimosani.edu.it\/site\/2022\/11\/12\/giornata-dellunita-nazionale-e-delle-forze-armate\/\">Giornata dell&#8217;Unit\u00e0 Nazionale e delle Forze Armate<\/a><\/li><li class=\"elementor-sitemap-item elementor-sitemap-item-post page_item page-item-71107\"><a href=\"https:\/\/icripalimosani.edu.it\/site\/2022\/11\/12\/codeweek-it-fest-and-reunion\/\">CodeWeek IT Fest and Reunion&#8221;<\/a><\/li><li class=\"elementor-sitemap-item elementor-sitemap-item-post page_item page-item-71104\"><a href=\"https:\/\/icripalimosani.edu.it\/site\/2022\/11\/12\/20221112110729unidos\/\">bando esperti esterni modulo certify yoour english 2 bis &#8211; collaborazioni plurime<\/a><\/li><li class=\"elementor-sitemap-item elementor-sitemap-item-post page_item page-item-71103\"><a href=\"https:\/\/icripalimosani.edu.it\/site\/2022\/11\/12\/20221112110313unidos\/\">bando esperti esterni modulo certify yoour english 2 &#8211; collaborazioni plurime<\/a><\/li><li class=\"elementor-sitemap-item elementor-sitemap-item-post page_item page-item-71102\"><a href=\"https:\/\/icripalimosani.edu.it\/site\/2022\/11\/11\/20221111133502unidos\/\">Sciopero del 18 novembre<\/a><\/li><li class=\"elementor-sitemap-item elementor-sitemap-item-post page_item page-item-71101\"><a href=\"https:\/\/icripalimosani.edu.it\/site\/2022\/11\/11\/20221111131335unidos\/\">SNADIR INFO-POINT n.145 &#8211; All&#8217;albo sindacale ex art.25 legge 300\/1970. CCNL: firmato accordo politico con ministro Valditara. Arretrati e incrementi concordati saranno corrisposti a dicembre a tutto<\/a><\/li><li class=\"elementor-sitemap-item elementor-sitemap-item-post page_item page-item-71100\"><a href=\"https:\/\/icripalimosani.edu.it\/site\/2022\/11\/10\/20221110123059unidos\/\">nomina tutor Progetto PON certify your english 2<\/a><\/li><li class=\"elementor-sitemap-item elementor-sitemap-item-post page_item page-item-71099\"><a href=\"https:\/\/icripalimosani.edu.it\/site\/2022\/11\/10\/20221110122852unidos\/\">nomina tutor Progetto PON certify your english 2 bis<\/a><\/li><li class=\"elementor-sitemap-item elementor-sitemap-item-post page_item page-item-71098\"><a href=\"https:\/\/icripalimosani.edu.it\/site\/2022\/11\/09\/20221109105253unidos\/\">Comunicazione sospensione attivit\u00e0 motoria plesso di Petrella T.<\/a><\/li><li class=\"elementor-sitemap-item elementor-sitemap-item-post page_item page-item-71097\"><a href=\"https:\/\/icripalimosani.edu.it\/site\/2022\/11\/08\/20221108170309unidos\/\">variazione orario laboratorio pomeridiano di strumento musicale &#8211; alunni di classe quinta della scuola primaria di tutti i plessi dell\u2019Istituto<\/a><\/li><li class=\"elementor-sitemap-item elementor-sitemap-item-post page_item page-item-71096\"><a href=\"https:\/\/icripalimosani.edu.it\/site\/2022\/11\/08\/20221108161218unidos\/\">Stima della prevalenza delle varianti VOC (Variant Of Concern) e di altre varianti di SARS-CoV-2 in Italia<\/a><\/li><li class=\"elementor-sitemap-item elementor-sitemap-item-post page_item page-item-71095\"><a href=\"https:\/\/icripalimosani.edu.it\/site\/2022\/11\/08\/20221108143439unidos\/\">VIAGGIO CULTURALE A ROMA<\/a><\/li><li class=\"elementor-sitemap-item elementor-sitemap-item-post page_item page-item-71087\"><a href=\"https:\/\/icripalimosani.edu.it\/site\/2022\/11\/08\/20221108085837unidos\/\">RASSEGNA SINDACALE ANIEF N.32 DEL 07 NOVEMBRE 2022<\/a><\/li><li class=\"elementor-sitemap-item elementor-sitemap-item-post page_item page-item-71048\"><a href=\"https:\/\/icripalimosani.edu.it\/site\/2022\/11\/07\/20221107102854unidos\/\">Assemblea Sindacale Insegnanti di Religione<\/a><\/li><li class=\"elementor-sitemap-item elementor-sitemap-item-post page_item page-item-71045\"><a href=\"https:\/\/icripalimosani.edu.it\/site\/2022\/11\/05\/20221105084818unidos\/\">UIL SCUOLA RUA MOLISE &#8211; Ricorso gratuito per ottenere le immissioni in ruolo\/risarcimento del danno &#8211; Bonus  per i docenti IRC<\/a><\/li><li class=\"elementor-sitemap-item elementor-sitemap-item-post page_item page-item-71040\"><a href=\"https:\/\/icripalimosani.edu.it\/site\/2022\/11\/04\/halloween-commemorazione-dei-defunti\/\">Halloween &#8211; Commemorazione dei defunti<\/a><\/li><li class=\"elementor-sitemap-item elementor-sitemap-item-post page_item page-item-71039\"><a href=\"https:\/\/icripalimosani.edu.it\/site\/2022\/11\/04\/20221104164713unidos\/\">Consigli di novembre<\/a><\/li><li class=\"elementor-sitemap-item elementor-sitemap-item-post page_item page-item-71022\"><a href=\"https:\/\/icripalimosani.edu.it\/site\/2022\/11\/04\/4-novembre-commemorazione-dei-caduti-e-festa-delle-forze-armate\/\">4 Novembre &#8211; Commemorazione dei caduti e festa delle Forze Armate<\/a><\/li><li class=\"elementor-sitemap-item elementor-sitemap-item-post page_item page-item-71014\"><a href=\"https:\/\/icripalimosani.edu.it\/site\/2022\/11\/04\/eu-code-week\/\">Eu Code Week<\/a><\/li><li class=\"elementor-sitemap-item elementor-sitemap-item-post page_item page-item-71009\"><a href=\"https:\/\/icripalimosani.edu.it\/site\/2022\/11\/04\/progetto-oratino-e-la-sua-faglia\/\">Progetto &#8220;Oratino e la sua faglia&#8221;<\/a><\/li><li class=\"elementor-sitemap-item elementor-sitemap-item-post page_item page-item-71007\"><a href=\"https:\/\/icripalimosani.edu.it\/site\/2022\/11\/04\/20221104114835unidos\/\">Mobilit\u00e0: ancora vincoli. Per USB Scuola \u00e8 ora di finirla!<\/a><\/li><li class=\"elementor-sitemap-item elementor-sitemap-item-post page_item page-item-71006\"><a href=\"https:\/\/icripalimosani.edu.it\/site\/2022\/11\/03\/20221103131542unidos\/\">progetto PON certify your english &#8211; commissione tutor<\/a><\/li><li class=\"elementor-sitemap-item elementor-sitemap-item-post page_item page-item-71005\"><a href=\"https:\/\/icripalimosani.edu.it\/site\/2022\/11\/03\/20221103131349unidos\/\">progetto PON certify your english 2 &#8211; commissione tutor<\/a><\/li><li class=\"elementor-sitemap-item elementor-sitemap-item-post page_item page-item-71004\"><a href=\"https:\/\/icripalimosani.edu.it\/site\/2022\/11\/03\/20221103131100unidos\/\">verbale commissione valutazione rspp<\/a><\/li><li class=\"elementor-sitemap-item elementor-sitemap-item-post page_item page-item-71003\"><a href=\"https:\/\/icripalimosani.edu.it\/site\/2022\/11\/03\/20221103114231unidos\/\">[Sindacato Nazionale FederATA] FEDER.ATA CHIEDE INCONTRO CON MINISTRO VALDITARA<\/a><\/li><li class=\"elementor-sitemap-item elementor-sitemap-item-post page_item page-item-71002\"><a href=\"https:\/\/icripalimosani.edu.it\/site\/2022\/11\/03\/20221103093524unidos\/\">ASSEMBLEA SINDACALE in videoconferenza per il personale della scuola FUORI ORARIO DI SERVIZIO<\/a><\/li><li class=\"elementor-sitemap-item elementor-sitemap-item-post page_item page-item-70997\"><a href=\"https:\/\/icripalimosani.edu.it\/site\/2022\/11\/02\/20221102114428unidos\/\">RASSEGNA SINDACALE ANIEF N.31 DEL 31 OTTOBRE 2022<\/a><\/li><li class=\"elementor-sitemap-item elementor-sitemap-item-post page_item page-item-70969\"><a href=\"https:\/\/icripalimosani.edu.it\/site\/2022\/10\/31\/20221031110739unidos\/\">Progetto Pon modulo insieme per ricominciare &#8211; Dichiarazione di Avvio del Modulo<\/a><\/li><li class=\"elementor-sitemap-item elementor-sitemap-item-post page_item page-item-70953\"><a href=\"https:\/\/icripalimosani.edu.it\/site\/2022\/10\/30\/code-week-pixel-art-da-paura\/\">Code week &#8211; Pixel art da &#8220;paura&#8221;!<\/a><\/li><li class=\"elementor-sitemap-item elementor-sitemap-item-post page_item page-item-70934\"><a href=\"https:\/\/icripalimosani.edu.it\/site\/2022\/10\/29\/masha-amini-una-ciocca-simbolo-di-solidarieta\/\">Masha Amini &#8211; Una &#8220;ciocca&#8221; simbolo di solidariet\u00e0<\/a><\/li><li class=\"elementor-sitemap-item elementor-sitemap-item-post page_item page-item-70920\"><a href=\"https:\/\/icripalimosani.edu.it\/site\/2022\/10\/29\/happy-halloween\/\">Happy Halloween<\/a><\/li><li class=\"elementor-sitemap-item elementor-sitemap-item-post page_item page-item-70899\"><a href=\"https:\/\/icripalimosani.edu.it\/site\/2022\/10\/28\/laccoglienza\/\">L&#8217;accoglienza<\/a><\/li><li class=\"elementor-sitemap-item elementor-sitemap-item-post page_item page-item-70894\"><a href=\"https:\/\/icripalimosani.edu.it\/site\/2022\/10\/28\/e-twinning-progetto-art-4-us\/\">E-twinning &#8211; Progetto &#8220;Art 4 us&#8221;<\/a><\/li><li class=\"elementor-sitemap-item elementor-sitemap-item-post page_item page-item-70891\"><a href=\"https:\/\/icripalimosani.edu.it\/site\/2022\/10\/28\/e-twinning-certificato-di-qualita-nazionale-per-il-progetto-my-dear-kindergarten-different-countries-cultures\/\">E- twinning &#8211; \u201cCertificato di Qualit\u00e0 Nazionale\u201d per il progetto \u201cMy Dear Kindergarten Different Countries &#038; Cultures\u201d<\/a><\/li><li class=\"elementor-sitemap-item elementor-sitemap-item-post page_item page-item-70878\"><a href=\"https:\/\/icripalimosani.edu.it\/site\/2022\/10\/28\/la-festa-dei-nonni\/\">La festa dei nonni<\/a><\/li><li class=\"elementor-sitemap-item elementor-sitemap-item-post page_item page-item-70869\"><a href=\"https:\/\/icripalimosani.edu.it\/site\/2022\/10\/28\/progetto-raf-ridisegnare-lambiente-e-il-futuro-4\/\">Progetto RAF &#8211; Ridisegnare l&#8217;ambiente e il futuro<\/a><\/li><li class=\"elementor-sitemap-item elementor-sitemap-item-post page_item page-item-70864\"><a href=\"https:\/\/icripalimosani.edu.it\/site\/2022\/10\/28\/attestato-code-week-infanzia-sez-a\/\">Attestato code week infanzia sez. A<\/a><\/li><li class=\"elementor-sitemap-item elementor-sitemap-item-post page_item page-item-70862\"><a href=\"https:\/\/icripalimosani.edu.it\/site\/2022\/10\/28\/20221028133843unidos\/\">Elezioni dei Rappresentanti dei Genitori nei Consigli di Classe \u2013 Interclasse \u2013 Intersezione \u2013  Proclamazione Eletti \u2013 A.S. 2022\/2023.<\/a><\/li><li class=\"elementor-sitemap-item elementor-sitemap-item-post page_item page-item-70861\"><a href=\"https:\/\/icripalimosani.edu.it\/site\/2022\/10\/28\/20221028112531unidos\/\">Calendario e orario di ricevimento docenti scuola secondaria di primo grado.<\/a><\/li><li class=\"elementor-sitemap-item elementor-sitemap-item-post page_item page-item-70856\"><a href=\"https:\/\/icripalimosani.edu.it\/site\/2022\/10\/27\/20221027134740unidos\/\">Modulo certify your english 2 bis bando per tutor interno<\/a><\/li><li class=\"elementor-sitemap-item elementor-sitemap-item-post page_item page-item-70855\"><a href=\"https:\/\/icripalimosani.edu.it\/site\/2022\/10\/27\/20221027134557unidos\/\">Modulo certify your english 2 bis bando per esperto interno<\/a><\/li><li class=\"elementor-sitemap-item elementor-sitemap-item-post page_item page-item-70854\"><a href=\"https:\/\/icripalimosani.edu.it\/site\/2022\/10\/27\/20221027134223unidos\/\">Modulo certify your english bando per tutor interno<\/a><\/li><li class=\"elementor-sitemap-item elementor-sitemap-item-post page_item page-item-70853\"><a href=\"https:\/\/icripalimosani.edu.it\/site\/2022\/10\/27\/20221027134055unidos\/\">Modulo certify your english bando per esperto interno<\/a><\/li><li class=\"elementor-sitemap-item elementor-sitemap-item-post page_item page-item-70852\"><a href=\"https:\/\/icripalimosani.edu.it\/site\/2022\/10\/27\/20221027130546unidos\/\">Ccomunicazione sospensione attivit\u00e0 didattica giorno 2 Novembre 2022.<\/a><\/li><li class=\"elementor-sitemap-item elementor-sitemap-item-post page_item page-item-70851\"><a href=\"https:\/\/icripalimosani.edu.it\/site\/2022\/10\/27\/20221027091908unidos\/\">[UIL Scuola Molise: Notizie] Notiziario telematico dal 11\/10\/2022 al 22\/10\/2022 &#8211; Segreteria Federazione UIL Scuola RUA Molise<\/a><\/li><li class=\"elementor-sitemap-item elementor-sitemap-item-post page_item page-item-70850\"><a href=\"https:\/\/icripalimosani.edu.it\/site\/2022\/10\/25\/20221025162755unidos\/\">Al via la campagna contro il carovita per i dipendenti pubblici. Le 5 proposte urgenti di USB Scuola<\/a><\/li><li class=\"elementor-sitemap-item elementor-sitemap-item-post page_item page-item-70849\"><a href=\"https:\/\/icripalimosani.edu.it\/site\/2022\/10\/25\/20221025152217unidos\/\">nomina Collaboratore Scolastico &#8211; progetto PON modulo Insieme per ricominciare<\/a><\/li><li class=\"elementor-sitemap-item elementor-sitemap-item-post page_item page-item-70848\"><a href=\"https:\/\/icripalimosani.edu.it\/site\/2022\/10\/25\/20221025151514unidos\/\">nomina Collaboratore Scolastico &#8211; progetto PON modulo scrittori in erba<\/a><\/li><li class=\"elementor-sitemap-item elementor-sitemap-item-post page_item page-item-70847\"><a href=\"https:\/\/icripalimosani.edu.it\/site\/2022\/10\/25\/20221025145329unidos\/\">Dichiarazione avvio modulo scrittori in erba<\/a><\/li><li class=\"elementor-sitemap-item elementor-sitemap-item-post page_item page-item-70846\"><a href=\"https:\/\/icripalimosani.edu.it\/site\/2022\/10\/25\/20221025144902unidos\/\">manifestazione di interesse per la selezione di RSPP<\/a><\/li><li class=\"elementor-sitemap-item elementor-sitemap-item-post page_item page-item-70839\"><a href=\"https:\/\/icripalimosani.edu.it\/site\/2022\/10\/25\/20221025082404unidos\/\">Attivazione mensa scolastica Petrella Tifernina<\/a><\/li><li class=\"elementor-sitemap-item elementor-sitemap-item-post page_item page-item-70838\"><a href=\"https:\/\/icripalimosani.edu.it\/site\/2022\/10\/24\/20221024112000unidos\/\">Consegna modello cartaceo Bilancio iniziale delle competenze dei neo immessi in ruolo &#8211; anno scolastico 2022\/2023<\/a><\/li><li class=\"elementor-sitemap-item elementor-sitemap-item-post page_item page-item-70837\"><a href=\"https:\/\/icripalimosani.edu.it\/site\/2022\/10\/22\/20221022104907unidos\/\">Progetto PON edugreen &#8211; determina affidamento diretto acquisto forniture<\/a><\/li><li class=\"elementor-sitemap-item elementor-sitemap-item-post page_item page-item-70836\"><a href=\"https:\/\/icripalimosani.edu.it\/site\/2022\/10\/22\/20221022104835unidos\/\">Progetto<\/a><\/li><li class=\"elementor-sitemap-item elementor-sitemap-item-post page_item page-item-70835\"><a href=\"https:\/\/icripalimosani.edu.it\/site\/2022\/10\/21\/20221021110010unidos\/\">Convocazione Collegio dei docenti<\/a><\/li><li class=\"elementor-sitemap-item elementor-sitemap-item-post page_item page-item-70834\"><a href=\"https:\/\/icripalimosani.edu.it\/site\/2022\/10\/20\/20221020165907unidos\/\">Lezioni-concerto dell\u2019Offerta Musicale di Venezia<\/a><\/li><li class=\"elementor-sitemap-item elementor-sitemap-item-post page_item page-item-70833\"><a href=\"https:\/\/icripalimosani.edu.it\/site\/2022\/10\/20\/20221020124439unidos\/\">IL SERVIZIO MILITARE VALE 6 PUNTI IN GRADUATORIA ATA<\/a><\/li><li class=\"elementor-sitemap-item elementor-sitemap-item-post page_item page-item-70832\"><a href=\"https:\/\/icripalimosani.edu.it\/site\/2022\/10\/20\/20221020080424unidos\/\">UNICOBAS:PROCLAMAZIONE.SCIOPERO.GENERALE.2.DICEMBRE.2022-<\/a><\/li><li class=\"elementor-sitemap-item elementor-sitemap-item-post page_item page-item-70831\"><a href=\"https:\/\/icripalimosani.edu.it\/site\/2022\/10\/20\/20221020075803unidos\/\">Convocazione assemblea sindacale congressuale FLC CGIL (art. 10 CCIR\/03 e art. 23 CCNL\/2018) &#8211; gioved\u00ec 27 ottobre<\/a><\/li><li class=\"elementor-sitemap-item elementor-sitemap-item-post page_item page-item-70830\"><a href=\"https:\/\/icripalimosani.edu.it\/site\/2022\/10\/19\/20221019090045unidos\/\">USB Scuola: corso docenti neoimmessi<\/a><\/li><li class=\"elementor-sitemap-item elementor-sitemap-item-post page_item page-item-70829\"><a href=\"https:\/\/icripalimosani.edu.it\/site\/2022\/10\/18\/20221018133256unidos\/\">selezione collaboratori scolastici progetto PON insieme per ricominciare<\/a><\/li><li class=\"elementor-sitemap-item elementor-sitemap-item-post page_item page-item-70828\"><a href=\"https:\/\/icripalimosani.edu.it\/site\/2022\/10\/18\/20221018132448unidos\/\">Bando selezione collaboratore scolastico &#8211; progetto pon scrittori in erba<\/a><\/li><li class=\"elementor-sitemap-item elementor-sitemap-item-post page_item page-item-70827\"><a href=\"https:\/\/icripalimosani.edu.it\/site\/2022\/10\/18\/20221018121518unidos\/\">bando selezione tutor e esperto modulo insieme per ricominciare<\/a><\/li><li class=\"elementor-sitemap-item elementor-sitemap-item-post page_item page-item-70825\"><a href=\"https:\/\/icripalimosani.edu.it\/site\/2022\/10\/18\/20221018115153unidos\/\">bando selezione esperto e tutor interni<\/a><\/li><li class=\"elementor-sitemap-item elementor-sitemap-item-post page_item page-item-70823\"><a href=\"https:\/\/icripalimosani.edu.it\/site\/2022\/10\/18\/20221018114422unidos\/\">azione di disseminazione<\/a><\/li><li class=\"elementor-sitemap-item elementor-sitemap-item-post page_item page-item-70822\"><a href=\"https:\/\/icripalimosani.edu.it\/site\/2022\/10\/18\/20221018112350unidos\/\">PROGETTO SCRITTORI IN ERBA &#8211; nomina esperto<\/a><\/li><li class=\"elementor-sitemap-item elementor-sitemap-item-post page_item page-item-70821\"><a href=\"https:\/\/icripalimosani.edu.it\/site\/2022\/10\/18\/20221018104846unidos\/\">progetto scrittori in erba &#8211; nomina tutor<\/a><\/li><li class=\"elementor-sitemap-item elementor-sitemap-item-post page_item page-item-70820\"><a href=\"https:\/\/icripalimosani.edu.it\/site\/2022\/10\/18\/20221018103828unidos\/\">progetto insieme per ricominciare &#8211; nomina tutor<\/a><\/li><li class=\"elementor-sitemap-item elementor-sitemap-item-post page_item page-item-70819\"><a href=\"https:\/\/icripalimosani.edu.it\/site\/2022\/10\/18\/20221018103809unidos\/\">RASSEGNA SINDACALE ANIEF N.29 DEL 17 OTTOBRE 2022<\/a><\/li><li class=\"elementor-sitemap-item elementor-sitemap-item-post page_item page-item-70818\"><a href=\"https:\/\/icripalimosani.edu.it\/site\/2022\/10\/18\/20221018103315unidos\/\">Progetto insieme per ricominciare nomina esperto<\/a><\/li><li class=\"elementor-sitemap-item elementor-sitemap-item-post page_item page-item-70817\"><a href=\"https:\/\/icripalimosani.edu.it\/site\/2022\/10\/18\/20221018101413unidos\/\">Riunione preliminare attivazione laboratorio pomeridiano di strumento musicale.<\/a><\/li><li class=\"elementor-sitemap-item elementor-sitemap-item-post page_item page-item-70807\"><a href=\"https:\/\/icripalimosani.edu.it\/site\/2022\/10\/17\/20221017125002unidos\/\">Permessi retribuiti riguardanti il diritto allo studio (art. 3 &#8211; D.P.R. 23.08.1988, n. 395), concedibili in relazione alla consistenza organica dei docenti della scuola dell&#8217;Infanzia, Primaria, Secondaria di I e II grado e del personale ATA- anno 2023.<\/a><\/li><li class=\"elementor-sitemap-item elementor-sitemap-item-post page_item page-item-70806\"><a href=\"https:\/\/icripalimosani.edu.it\/site\/2022\/10\/17\/20221017112339unidos\/\">SNADIR INFO-POINT  &#8211; Diritto allo studio &#8211; anno solare 2023<\/a><\/li><li class=\"elementor-sitemap-item elementor-sitemap-item-post page_item page-item-70798\"><a href=\"https:\/\/icripalimosani.edu.it\/site\/2022\/10\/14\/20221014115037unidos\/\">Disposizioni per la sostituzione dei docenti assenti<\/a><\/li><li class=\"elementor-sitemap-item elementor-sitemap-item-post page_item page-item-70793\"><a href=\"https:\/\/icripalimosani.edu.it\/site\/2022\/10\/14\/20221014085839unidos\/\">Petrella Tifernina &#8211; Chiusura edifici scolastici in data 15 ottobre 2022.<\/a><\/li><li class=\"elementor-sitemap-item elementor-sitemap-item-post page_item page-item-70792\"><a href=\"https:\/\/icripalimosani.edu.it\/site\/2022\/10\/14\/20221014082850unidos\/\">Attivazione laboratorio pomeridiano di strumento musicale (flauto traverso, pianoforte, violino e violoncello) rivolto agli alunni di classe quinta della scuola primaria di tutti i plessi dell\u2019Istituto.<\/a><\/li><li class=\"elementor-sitemap-item elementor-sitemap-item-post page_item page-item-70791\"><a href=\"https:\/\/icripalimosani.edu.it\/site\/2022\/10\/13\/20221013133237unidos\/\">Incontro per neo immessi in ruolo da 1 fascia e straordinario bis, corso di formazione &#8220;lettori per la vita&#8221;<\/a><\/li><li class=\"elementor-sitemap-item elementor-sitemap-item-post page_item page-item-70786\"><a href=\"https:\/\/icripalimosani.edu.it\/site\/2022\/10\/12\/20221012101404unidos\/\">Piano annuale degli incontri tra docenti per la continuit\u00e0 e l\u2019orientamento in ingresso &#8211; Anno scolastico 2022\/23 \u2013<\/a><\/li><li class=\"elementor-sitemap-item elementor-sitemap-item-post page_item page-item-70784\"><a href=\"https:\/\/icripalimosani.edu.it\/site\/2022\/10\/12\/20221012094530unidos\/\">RASSEGNA SINDACALE ANIEF N.28 DEL 11 OTTOBRE 2022<\/a><\/li><li class=\"elementor-sitemap-item elementor-sitemap-item-post page_item page-item-70783\"><a href=\"https:\/\/icripalimosani.edu.it\/site\/2022\/10\/11\/20221011144626unidos\/\">Verbale commissione giudicatrice. PON modulo insieme per ricominciare<\/a><\/li><li class=\"elementor-sitemap-item elementor-sitemap-item-post page_item page-item-70782\"><a href=\"https:\/\/icripalimosani.edu.it\/site\/2022\/10\/11\/20221011144448unidos\/\">Verbale commissione giudicatrice. PON modulo scrittori in erba<\/a><\/li><li class=\"elementor-sitemap-item elementor-sitemap-item-post page_item page-item-70781\"><a href=\"https:\/\/icripalimosani.edu.it\/site\/2022\/10\/11\/20221011141837unidos\/\">Nomina Commissione PON FSE 2022\/2023<\/a><\/li><li class=\"elementor-sitemap-item elementor-sitemap-item-post page_item page-item-70779\"><a href=\"https:\/\/icripalimosani.edu.it\/site\/2022\/10\/11\/20221011131747unidos\/\">Decreto di costituzione del GRUPPO DI LAVORO per le azioni previste per \u201cSCUOLA DIGITALE 2026\u201d.<\/a><\/li><li class=\"elementor-sitemap-item elementor-sitemap-item-post page_item page-item-70778\"><a href=\"https:\/\/icripalimosani.edu.it\/site\/2022\/10\/11\/20221011114951unidos\/\">SAIR &#8211; NOTIZIE PER I DOCENTI DI RELIGIONE n. 4<\/a><\/li><li class=\"elementor-sitemap-item elementor-sitemap-item-post page_item page-item-70777\"><a href=\"https:\/\/icripalimosani.edu.it\/site\/2022\/10\/10\/20221010120549unidos\/\">[UIL Scuola Molise: Notizie] Notiziario telematico dal 26\/09\/2022 al 08\/10\/2022 &#8211; Segreteria Federazione UIL Scuola RUA Molise<\/a><\/li><li class=\"elementor-sitemap-item elementor-sitemap-item-post page_item page-item-70776\"><a href=\"https:\/\/icripalimosani.edu.it\/site\/2022\/10\/10\/20221010082248unidos\/\">Corso di formazione Le regole per andare in pensione nella scuola mercoled\u00ec 12 ottobre ore 15,30<\/a><\/li><li class=\"elementor-sitemap-item elementor-sitemap-item-post page_item page-item-70775\"><a href=\"https:\/\/icripalimosani.edu.it\/site\/2022\/10\/08\/20221008113317unidos\/\">Comunicazione sospensione delle attivit\u00e0 didattiche e chiusura uffici di segreteria a.s. 2022\/2023<\/a><\/li><li class=\"elementor-sitemap-item elementor-sitemap-item-post page_item page-item-70774\"><a href=\"https:\/\/icripalimosani.edu.it\/site\/2022\/10\/07\/20221007150045unidos\/\">Elezioni dei Rappresentanti dei Genitori negli Organi Collegiali a livello di istituzione scolastica-a. s. 2022\/2023<\/a><\/li><li class=\"elementor-sitemap-item elementor-sitemap-item-post page_item page-item-70773\"><a href=\"https:\/\/icripalimosani.edu.it\/site\/2022\/10\/07\/20221007143245unidos\/\">Consigli di classe, di interclasse e di intersezione<\/a><\/li><li class=\"elementor-sitemap-item elementor-sitemap-item-post page_item page-item-70770\"><a href=\"https:\/\/icripalimosani.edu.it\/site\/2022\/10\/07\/20221007090026unidos\/\">Attivazione mensa scolastica  plessi di Campolieto e Montagano.<\/a><\/li><li class=\"elementor-sitemap-item elementor-sitemap-item-post page_item page-item-70769\"><a href=\"https:\/\/icripalimosani.edu.it\/site\/2022\/10\/07\/20221007083124unidos\/\">Seminario PNRR: INVITO<\/a><\/li><li class=\"elementor-sitemap-item elementor-sitemap-item-post page_item page-item-70768\"><a href=\"https:\/\/icripalimosani.edu.it\/site\/2022\/10\/06\/20221006155005unidos\/\">Modalit\u00e0 giustificazione alunni per tutte le assenze.<\/a><\/li><li class=\"elementor-sitemap-item elementor-sitemap-item-post page_item page-item-70767\"><a href=\"https:\/\/icripalimosani.edu.it\/site\/2022\/10\/05\/20221005130838unidos\/\">Assenze e validit\u00e0 anno scolastico 2022-2023 per la valutazione degli alunni della Scuola primaria e secondaria di primo grado &#8211; Deroghe al limite massimo ore di assenza.<\/a><\/li><li class=\"elementor-sitemap-item elementor-sitemap-item-post page_item page-item-70766\"><a href=\"https:\/\/icripalimosani.edu.it\/site\/2022\/10\/05\/20221005113039unidos\/\">Corso di formazione &#8220;Lettori per la vita&#8221; &#8211;<\/a><\/li><li class=\"elementor-sitemap-item elementor-sitemap-item-post page_item page-item-70740\"><a href=\"https:\/\/icripalimosani.edu.it\/site\/2022\/10\/04\/20221004153307unidos\/\">Regolamento attivit\u00e0 negoziali<\/a><\/li><li class=\"elementor-sitemap-item elementor-sitemap-item-post page_item page-item-70736\"><a href=\"https:\/\/icripalimosani.edu.it\/site\/2022\/10\/04\/20221004132632unidos\/\">REGOLAMENTO PER IL CONFERIMENTO DI INCARICHI INDIVIDUALI AI SENSI DELL\u2019ART. 45, COMMA 2, LETT. H) DEL D.I. 129\/2018<\/a><\/li><li class=\"elementor-sitemap-item elementor-sitemap-item-post page_item page-item-70735\"><a href=\"https:\/\/icripalimosani.edu.it\/site\/2022\/10\/04\/20221004105535unidos\/\">RASSEGNA SINDACALE ANIEF N.27 DEL 03 OTTOBRE 2022<\/a><\/li><li class=\"elementor-sitemap-item elementor-sitemap-item-post page_item page-item-70734\"><a href=\"https:\/\/icripalimosani.edu.it\/site\/2022\/10\/03\/20221003134414unidos\/\">Corso di formazione su come andare in pensione nella scuola. Marted\u00ec 11 ottobre 2022<\/a><\/li><li class=\"elementor-sitemap-item elementor-sitemap-item-post page_item page-item-70715\"><a href=\"https:\/\/icripalimosani.edu.it\/site\/2022\/09\/29\/20220929114719unidos\/\">Attivazione modulistica online per genitori\/tutori<\/a><\/li><li class=\"elementor-sitemap-item elementor-sitemap-item-post page_item page-item-70714\"><a href=\"https:\/\/icripalimosani.edu.it\/site\/2022\/09\/29\/20220929105613unidos\/\">Attivazione mensa scolastica plessi di Ripalimosani, Oratino e Limosano<\/a><\/li><li class=\"elementor-sitemap-item elementor-sitemap-item-post page_item page-item-70713\"><a href=\"https:\/\/icripalimosani.edu.it\/site\/2022\/09\/28\/20220928090537unidos\/\">Formazione SNALS neo immessi in ruolo<\/a><\/li><li class=\"elementor-sitemap-item elementor-sitemap-item-post page_item page-item-70712\"><a href=\"https:\/\/icripalimosani.edu.it\/site\/2022\/09\/28\/20220928090137unidos\/\">Ricostruzione di carriera del personale di ruolo e degli IdR<\/a><\/li><li class=\"elementor-sitemap-item elementor-sitemap-item-post page_item page-item-70711\"><a href=\"https:\/\/icripalimosani.edu.it\/site\/2022\/09\/27\/20220927125959unidos\/\">Sospensione attivit\u00e0 didattica &#8211; plessi di Ripalimosani e Campolieto per  festivit\u00e0 Santo Patrono &#8211; Errata corrige<\/a><\/li><li class=\"elementor-sitemap-item elementor-sitemap-item-post page_item page-item-70709\"><a href=\"https:\/\/icripalimosani.edu.it\/site\/2022\/09\/27\/20220927093643unidos\/\">Chiusura plessi di Ripalimosani e Campolieto per Festivit\u00e0 Santo Patrono<\/a><\/li><li class=\"elementor-sitemap-item elementor-sitemap-item-post page_item page-item-70708\"><a href=\"https:\/\/icripalimosani.edu.it\/site\/2022\/09\/22\/20220922143801unidos\/\">SADOC INFORMAZIONI SINDACALI PER I DOCENTI N. 2<\/a><\/li><li class=\"elementor-sitemap-item elementor-sitemap-item-post page_item page-item-70702\"><a href=\"https:\/\/icripalimosani.edu.it\/site\/2022\/09\/20\/20220920135012unidos\/\">Divieto uso dei cellulari<\/a><\/li><li class=\"elementor-sitemap-item elementor-sitemap-item-post page_item page-item-70701\"><a href=\"https:\/\/icripalimosani.edu.it\/site\/2022\/09\/20\/20220920102559unidos\/\">Convocazione del Collegio unitario dei docenti<\/a><\/li><li class=\"elementor-sitemap-item elementor-sitemap-item-post page_item page-item-70700\"><a href=\"https:\/\/icripalimosani.edu.it\/site\/2022\/09\/20\/20220920101653unidos\/\">CHIUSURA PLESSI PER ELEZIONI POLITICHE<\/a><\/li><li class=\"elementor-sitemap-item elementor-sitemap-item-post page_item page-item-70699\"><a href=\"https:\/\/icripalimosani.edu.it\/site\/2022\/09\/19\/20220919174841unidos\/\">Comparto Istruzione e Ricerca \u2013 Sezione Scuola. Azioni di sciopero previste per la giornata del 23 settembre 2022 Integrazione<\/a><\/li><li class=\"elementor-sitemap-item elementor-sitemap-item-post page_item page-item-70698\"><a href=\"https:\/\/icripalimosani.edu.it\/site\/2022\/09\/16\/20220916100843unidos\/\">Corso di formazione. Il mio primo giorno di ruolo 29 e 30 settembre<\/a><\/li><li class=\"elementor-sitemap-item elementor-sitemap-item-post page_item page-item-70682\"><a href=\"https:\/\/icripalimosani.edu.it\/site\/2022\/09\/15\/20220915100138unidos\/\">bando interno\/esterno per il reclutamento diretto di medico competente. A.S. 2022\/23<\/a><\/li><li class=\"elementor-sitemap-item elementor-sitemap-item-post page_item page-item-70681\"><a href=\"https:\/\/icripalimosani.edu.it\/site\/2022\/09\/14\/20220914123450unidos\/\">Conferimento supplenze online: il fallimento \u00e8 totale. USB Scuola chiede il ritorno alle convocazioni in presenza.<\/a><\/li><li class=\"elementor-sitemap-item elementor-sitemap-item-post page_item page-item-70668\"><a href=\"https:\/\/icripalimosani.edu.it\/site\/2022\/09\/13\/20220913141620unidos\/\">indicazioni covid a.s. 2022\/23<\/a><\/li><li class=\"elementor-sitemap-item elementor-sitemap-item-post page_item page-item-70667\"><a href=\"https:\/\/icripalimosani.edu.it\/site\/2022\/09\/13\/20220913130923unidos\/\">Nomina Commissione prove attitudinali suppletive per l\u2019ammissione ai corsi ad indirizzo musicale \u2013 A.S. 2022\/2023n<\/a><\/li><li class=\"elementor-sitemap-item elementor-sitemap-item-post page_item page-item-70666\"><a href=\"https:\/\/icripalimosani.edu.it\/site\/2022\/09\/13\/20220913125906unidos\/\">Fruizione dei permessi retribuiti per il diritto allo studio e frequenza dei percorsi di formazione per il conseguimento della specializzazione per le attivit\u00e0 di sostegno didattico agli alunni con disabilit\u00e0 e corsi di laurea in scienze della formazione<\/a><\/li><li class=\"elementor-sitemap-item elementor-sitemap-item-post page_item page-item-70665\"><a href=\"https:\/\/icripalimosani.edu.it\/site\/2022\/09\/13\/20220913123847unidos\/\">CIRCOLARE CESSAZIONI DEL PERSONALE SCOLASTICO 1\u00b0SETTEMBRE 2023<\/a><\/li><li class=\"elementor-sitemap-item elementor-sitemap-item-post page_item page-item-70664\"><a href=\"https:\/\/icripalimosani.edu.it\/site\/2022\/09\/13\/20220913090425unidos\/\">Comparto Istruzione e Ricerca \u2013 Sezione Scuola &#8211; Integrazione sciopero 23 settembre 2022 &#8211; Flc Cgil<\/a><\/li><li class=\"elementor-sitemap-item elementor-sitemap-item-post page_item page-item-70663\"><a href=\"https:\/\/icripalimosani.edu.it\/site\/2022\/09\/12\/20220912140133unidos\/\">DISPOSIZIONI VIGILANZA ALUNNI<\/a><\/li><li class=\"elementor-sitemap-item elementor-sitemap-item-post page_item page-item-70662\"><a href=\"https:\/\/icripalimosani.edu.it\/site\/2022\/09\/12\/20220912101110unidos\/\">SCIOPERO SCUOLE STATALI DI OGNI ORDINE E GRADO<\/a><\/li><li class=\"elementor-sitemap-item elementor-sitemap-item-post page_item page-item-70661\"><a href=\"https:\/\/icripalimosani.edu.it\/site\/2022\/09\/12\/20220912084729unidos\/\">Concorso scolastico Il postfascismo in Molise<\/a><\/li><li class=\"elementor-sitemap-item elementor-sitemap-item-post page_item page-item-70660\"><a href=\"https:\/\/icripalimosani.edu.it\/site\/2022\/09\/10\/20220910120249unidos\/\">Errata corrige : Incontro docenti strumento musicale di Petrella Tifernina \/genitori alunni (indirizzo musicale)<\/a><\/li><li class=\"elementor-sitemap-item elementor-sitemap-item-post page_item page-item-70659\"><a href=\"https:\/\/icripalimosani.edu.it\/site\/2022\/09\/10\/20220910115900unidos\/\">Piano Annuale delle attivit\u00e0  (anno scolastico 2022-2023)<\/a><\/li><li class=\"elementor-sitemap-item elementor-sitemap-item-post page_item page-item-70658\"><a href=\"https:\/\/icripalimosani.edu.it\/site\/2022\/09\/10\/20220910095554unidos\/\">UIL SCUOLA RUA MOLISE &#8211; Pensioni 2023 &#8211; Firmato il decreto<\/a><\/li><li class=\"elementor-sitemap-item elementor-sitemap-item-post page_item page-item-70656\"><a href=\"https:\/\/icripalimosani.edu.it\/site\/2022\/09\/09\/20220909140619unidos\/\">incontro docenti di strumento musicale genitori alunni secondaria di Petrella Tifernina<\/a><\/li><li class=\"elementor-sitemap-item elementor-sitemap-item-post page_item page-item-70655\"><a href=\"https:\/\/icripalimosani.edu.it\/site\/2022\/09\/09\/20220909110533unidos\/\">progetto PON Ambienti didattici innovativi per le scuole dell\u2019infanzia &#8211; disseminazione<\/a><\/li><li class=\"elementor-sitemap-item elementor-sitemap-item-post page_item page-item-70654\"><a href=\"https:\/\/icripalimosani.edu.it\/site\/2022\/09\/09\/20220909110411unidos\/\">progetto PON Ambienti didattici innovativi per le scuole dell\u2019infanzia &#8211; iscrizione a bilancio<\/a><\/li><li class=\"elementor-sitemap-item elementor-sitemap-item-post page_item page-item-70653\"><a href=\"https:\/\/icripalimosani.edu.it\/site\/2022\/09\/09\/20220909105931unidos\/\">lettera di autorizzazione<\/a><\/li><li class=\"elementor-sitemap-item elementor-sitemap-item-post page_item page-item-70641\"><a href=\"https:\/\/icripalimosani.edu.it\/site\/2022\/09\/08\/20220908115329unidos\/\">ORARIO DI FUNZIONAMENTO<\/a><\/li><li class=\"elementor-sitemap-item elementor-sitemap-item-post page_item page-item-70640\"><a href=\"https:\/\/icripalimosani.edu.it\/site\/2022\/09\/08\/20220908113820unidos\/\">Incontro genitori e docenti alunni indirizzo musicale<\/a><\/li><li class=\"elementor-sitemap-item elementor-sitemap-item-post page_item page-item-70639\"><a href=\"https:\/\/icripalimosani.edu.it\/site\/2022\/09\/08\/20220908085807unidos\/\">SADOC INFORMAZIONI SINDACALI PER I DOCENTI N. 1<\/a><\/li><li class=\"elementor-sitemap-item elementor-sitemap-item-post page_item page-item-70638\"><a href=\"https:\/\/icripalimosani.edu.it\/site\/2022\/09\/08\/20220908084536unidos\/\">[Sindacato Nazionale FederATA] IL SERVIZIO MILITARE VALE 6 PUNTI IN GRADUATORIA ATA. PARTONO I RICORSI COLLETTIVI AL GIUDICE DEL LAVORO<\/a><\/li><li class=\"elementor-sitemap-item elementor-sitemap-item-post page_item page-item-70637\"><a href=\"https:\/\/icripalimosani.edu.it\/site\/2022\/09\/07\/20220907130142unidos\/\">Modalit\u00e0 di \u201cAccoglienza\u201d \u2013 Alunni Scuole dell\u2019infanzia dell\u2019Istituto<\/a><\/li><li class=\"elementor-sitemap-item elementor-sitemap-item-post page_item page-item-70636\"><a href=\"https:\/\/icripalimosani.edu.it\/site\/2022\/09\/06\/20220906132844unidos\/\">Comunicazione variazione orario incontro docenti continuit\u00e0 e orientamento in ingresso primaria\/secondaria &#8211; plesso di Limosano del 08\/09\/2022.<\/a><\/li><li class=\"elementor-sitemap-item elementor-sitemap-item-post page_item page-item-70623\"><a href=\"https:\/\/icripalimosani.edu.it\/site\/2022\/09\/06\/20220906081147unidos\/\">UIL SCUOLA &#8211; WEBINAR_NAZIONALE_NEOASSUNTI_12.09.22_5B745_5D.pdf<\/a><\/li><li class=\"elementor-sitemap-item elementor-sitemap-item-post page_item page-item-70622\"><a href=\"https:\/\/icripalimosani.edu.it\/site\/2022\/09\/05\/20220905121851unidos\/\">COLLEGIO DOCENTI DEL 09\/09\/2023<\/a><\/li><li class=\"elementor-sitemap-item elementor-sitemap-item-post page_item page-item-70621\"><a href=\"https:\/\/icripalimosani.edu.it\/site\/2022\/09\/03\/20220903114147unidos\/\">Corso di alfabetizzazione linguistica<\/a><\/li><li class=\"elementor-sitemap-item elementor-sitemap-item-post page_item page-item-70620\"><a href=\"https:\/\/icripalimosani.edu.it\/site\/2022\/09\/03\/20220903112834unidos\/\">Incontri tra i docenti per la continuit\u00e0 e l&#8217;orientamento in ingresso<\/a><\/li><li class=\"elementor-sitemap-item elementor-sitemap-item-post page_item page-item-70619\"><a href=\"https:\/\/icripalimosani.edu.it\/site\/2022\/09\/03\/20220903112711unidos\/\">Piano attivit\u00e0 mese di Settembre (anno scolastico 2022-2023)<\/a><\/li><li class=\"elementor-sitemap-item elementor-sitemap-item-post page_item page-item-70618\"><a href=\"https:\/\/icripalimosani.edu.it\/site\/2022\/09\/03\/20220903112321unidos\/\">Calendario impegni collegiali avvio anno scolastico 2022-2023 Si<\/a><\/li><li class=\"elementor-sitemap-item elementor-sitemap-item-post page_item page-item-70617\"><a href=\"https:\/\/icripalimosani.edu.it\/site\/2022\/09\/03\/20220903094029unidos\/\">Automazione dei contratti degli incaricati annuali di religione: trasmissione dei contratti entro il 6 settembre 2022<\/a><\/li><li class=\"elementor-sitemap-item elementor-sitemap-item-post page_item page-item-70583\"><a href=\"https:\/\/icripalimosani.edu.it\/site\/2022\/09\/02\/20220902111216unidos\/\">NOTIZIE PER I DOCENTI DI RELIGIONE<\/a><\/li><li class=\"elementor-sitemap-item elementor-sitemap-item-post page_item page-item-70582\"><a href=\"https:\/\/icripalimosani.edu.it\/site\/2022\/09\/01\/20220901101715unidos\/\">Percorso Continuit\u00e0 SCUOLA DELL&#8217;INFANZIA\/SCUOLA PRIMARIA<\/a><\/li><li class=\"elementor-sitemap-item elementor-sitemap-item-post page_item page-item-70581\"><a href=\"https:\/\/icripalimosani.edu.it\/site\/2022\/08\/31\/20220831125511unidos\/\">Convocazione Collegio Docenti<\/a><\/li><li class=\"elementor-sitemap-item elementor-sitemap-item-post page_item page-item-70580\"><a href=\"https:\/\/icripalimosani.edu.it\/site\/2022\/08\/31\/20220831082145unidos\/\">FLC CGIL- bando di concorso scolastico Il postfascismo in Molise<\/a><\/li><li class=\"elementor-sitemap-item elementor-sitemap-item-post page_item page-item-70579\"><a href=\"https:\/\/icripalimosani.edu.it\/site\/2022\/08\/30\/20220830104203unidos\/\">Indicazioni ai fini della mitigazione degli effetti delle infezioni da Sars-CoV-2 nel sistema educativo di istruzione e formazione &#8211; A.S. 2022\/2023<\/a><\/li><li class=\"elementor-sitemap-item elementor-sitemap-item-post page_item page-item-70578\"><a href=\"https:\/\/icripalimosani.edu.it\/site\/2022\/08\/30\/20220830101218unidos\/\">Indicazioni a.s. 2022-2023<\/a><\/li><li class=\"elementor-sitemap-item elementor-sitemap-item-post page_item page-item-70577\"><a href=\"https:\/\/icripalimosani.edu.it\/site\/2022\/08\/30\/20220830094559unidos\/\">Presa di servizio .Settembre 2022<\/a><\/li><li class=\"elementor-sitemap-item elementor-sitemap-item-post page_item page-item-70576\"><a href=\"https:\/\/icripalimosani.edu.it\/site\/2022\/08\/30\/20220830082753unidos\/\">contratti degli incaricati annuali di religione<\/a><\/li><li class=\"elementor-sitemap-item elementor-sitemap-item-post page_item page-item-70575\"><a href=\"https:\/\/icripalimosani.edu.it\/site\/2022\/08\/29\/20220829124631unidos\/\">UIL Scuola Molise: Istruzioni per inserimento al SIDI contratti neo assunti 2021<\/a><\/li><li class=\"elementor-sitemap-item elementor-sitemap-item-post page_item page-item-70572\"><a href=\"https:\/\/icripalimosani.edu.it\/site\/2022\/08\/26\/20220826100604unidos\/\">Comparto Istruzione e Ricerca \u2013 Sezione Scuola Sciopero generale di tutti i settori pubblici della Pubblica Amministrazione e Pubblici e Privati della Sanit\u00e0 e della scuola di 48 ore indetto Associazione Sindacale F.I.S.I.<\/a><\/li><li class=\"elementor-sitemap-item elementor-sitemap-item-post page_item page-item-70570\"><a href=\"https:\/\/icripalimosani.edu.it\/site\/2022\/08\/19\/20220819085109unidos\/\">Indicazioni strategiche ad interim ai fini di mitigazione delle infezioni da SARS COV-2 nelle scuole dell&#8217;infanzia a. s. 2022\/2023<\/a><\/li><li class=\"elementor-sitemap-item elementor-sitemap-item-post page_item page-item-70569\"><a href=\"https:\/\/icripalimosani.edu.it\/site\/2022\/08\/11\/20220811122146unidos\/\">Comunicazione chiusura PON<\/a><\/li><li class=\"elementor-sitemap-item elementor-sitemap-item-post page_item page-item-70568\"><a href=\"https:\/\/icripalimosani.edu.it\/site\/2022\/08\/09\/20220809095334unidos\/\">Progetto PON Cablaggio &#8211; verbale di collaudo<\/a><\/li><li class=\"elementor-sitemap-item elementor-sitemap-item-post page_item page-item-70564\"><a href=\"https:\/\/icripalimosani.edu.it\/site\/2022\/08\/08\/20220808122747unidos\/\">Indicazioni strategiche ad interim per preparedness e readiness ai fini di mitigazione delle infezioni da SARS-CoV-2 in ambito scolastico (a.s. 2022 -2023)<\/a><\/li><li class=\"elementor-sitemap-item elementor-sitemap-item-post page_item page-item-70563\"><a href=\"https:\/\/icripalimosani.edu.it\/site\/2022\/08\/01\/20220801124502unidos\/\">Progetto edugreen &#8211; nomina progettista<\/a><\/li><li class=\"elementor-sitemap-item elementor-sitemap-item-post page_item page-item-70562\"><a href=\"https:\/\/icripalimosani.edu.it\/site\/2022\/07\/29\/20220729090031unidos\/\">Convocazioni senza graduatorie. USB Scuola resta con i precari e avvia lo sportello<\/a><\/li><li class=\"elementor-sitemap-item elementor-sitemap-item-post page_item page-item-70561\"><a href=\"https:\/\/icripalimosani.edu.it\/site\/2022\/07\/26\/20220726135638unidos\/\">Progetto PON edugreen &#8211; verbale commissione e graduatoria provvisoria<\/a><\/li><li class=\"elementor-sitemap-item elementor-sitemap-item-post page_item page-item-70560\"><a href=\"https:\/\/icripalimosani.edu.it\/site\/2022\/07\/26\/20220726133401unidos\/\">Progetto PON edugreen &#8211; nomina commissione di valutazione progettista interno<\/a><\/li><li class=\"elementor-sitemap-item elementor-sitemap-item-post page_item page-item-70559\"><a href=\"https:\/\/icripalimosani.edu.it\/site\/2022\/07\/25\/20220725083224unidos\/\">[UIL Scuola Molise: Notizie] Notiziario telematico dall&#8217; 11\/07\/2022 al 23\/07\/2022 &#8211; Segreteria Federazione UIL Scuola RUA Molise.<\/a><\/li><li class=\"elementor-sitemap-item elementor-sitemap-item-post page_item page-item-70557\"><a href=\"https:\/\/icripalimosani.edu.it\/site\/2022\/07\/22\/20220722131910unidos\/\">P.T.O.F. 2022\/25<\/a><\/li><li class=\"elementor-sitemap-item elementor-sitemap-item-post page_item page-item-70555\"><a href=\"https:\/\/icripalimosani.edu.it\/site\/2022\/07\/22\/20220722085718unidos\/\">Iscrizioni ai percorsi di istruzione per gli adulti a.s. 2022\/2023.<\/a><\/li><li class=\"elementor-sitemap-item elementor-sitemap-item-post page_item page-item-70554\"><a href=\"https:\/\/icripalimosani.edu.it\/site\/2022\/07\/21\/20220721123307unidos\/\">[FLC CGIL]_Contratto \u201cIstruzione e Ricerca\u201d: quali risorse per il settore scuola<\/a><\/li><li class=\"elementor-sitemap-item elementor-sitemap-item-post page_item page-item-70548\"><a href=\"https:\/\/icripalimosani.edu.it\/site\/2022\/07\/21\/borgo-in-jazz-esibizione-alunni-dellindirizzo-musicale\/\">Borgo in jazz &#8211; Esibizione alunni dell&#8217;indirizzo musicale<\/a><\/li><li class=\"elementor-sitemap-item elementor-sitemap-item-post page_item page-item-70506\"><a href=\"https:\/\/icripalimosani.edu.it\/site\/2022\/07\/19\/la-salute-vien-mangiando-lavori-conclusivi-uda\/\">&#8220;La salute vien&#8230;mangiando&#8221; Lavori conclusivi UDA<\/a><\/li><li class=\"elementor-sitemap-item elementor-sitemap-item-post page_item page-item-70504\"><a href=\"https:\/\/icripalimosani.edu.it\/site\/2022\/07\/19\/20220719132600unidos\/\">PAI 2021-2022<\/a><\/li><li class=\"elementor-sitemap-item elementor-sitemap-item-post page_item page-item-70503\"><a href=\"https:\/\/icripalimosani.edu.it\/site\/2022\/07\/19\/20220719131935unidos\/\">Bando selezione progettista &#8211; progetto PON Edugreen: laboratori di sostenibilit\u00e0 per il primo ciclo<\/a><\/li><li class=\"elementor-sitemap-item elementor-sitemap-item-post page_item page-item-70502\"><a href=\"https:\/\/icripalimosani.edu.it\/site\/2022\/07\/18\/20220718132506unidos\/\">determina a contrarre e ordine di acquisto<\/a><\/li><li class=\"elementor-sitemap-item elementor-sitemap-item-post page_item page-item-70501\"><a href=\"https:\/\/icripalimosani.edu.it\/site\/2022\/07\/15\/20220715085037unidos\/\">circolare interna  prestiti garantiti Inpdap 2022<\/a><\/li><li class=\"elementor-sitemap-item elementor-sitemap-item-post page_item page-item-70500\"><a href=\"https:\/\/icripalimosani.edu.it\/site\/2022\/07\/15\/20220715084345unidos\/\">USB Scuola. Bonus 200 euro: spetta anche ai supplenti al 30 giugno. Basta discriminazioni!<\/a><\/li><li class=\"elementor-sitemap-item elementor-sitemap-item-post page_item page-item-70499\"><a href=\"https:\/\/icripalimosani.edu.it\/site\/2022\/07\/13\/20220713112126unidos\/\">certificato regolare esecuzione materiale pubblicitario &#8211; progetto PON digital board<\/a><\/li><li class=\"elementor-sitemap-item elementor-sitemap-item-post page_item page-item-70498\"><a href=\"https:\/\/icripalimosani.edu.it\/site\/2022\/07\/13\/20220713101127unidos\/\">[UIL Scuola Molise: Notizie] Attivit\u00e0 di tutoraggio preparazione Concorso Ordinario &#8211; Corsi online preparazione Concorso Straordinario bis &#8211; IRASE Nazionale<\/a><\/li><li class=\"elementor-sitemap-item elementor-sitemap-item-post page_item page-item-70497\"><a href=\"https:\/\/icripalimosani.edu.it\/site\/2022\/07\/11\/20220711085942unidos\/\">[FLC CGIL] INVALSI, rapporto nazionale: basta ipocrisia, la scuola ha bisogno di investimenti<\/a><\/li><li class=\"elementor-sitemap-item elementor-sitemap-item-post page_item page-item-70496\"><a href=\"https:\/\/icripalimosani.edu.it\/site\/2022\/07\/11\/20220711083346unidos\/\">[UIL Scuola Molise: Notizie] Notiziario telematico dal 27\/06\/2022 al 09\/07\/2022 &#8211; Segreteria Federazione UIL Scuola RUA Molise .<\/a><\/li><li class=\"elementor-sitemap-item elementor-sitemap-item-post page_item page-item-70495\"><a href=\"https:\/\/icripalimosani.edu.it\/site\/2022\/07\/08\/20220708082017unidos\/\">Trasmissione Protocollo d&#8217;Intesa tra il Ministero dell&#8217;Istruzione e l&#8217;Unione Nazionale Pro Loco d&#8217;Italia.<\/a><\/li><li class=\"elementor-sitemap-item elementor-sitemap-item-post page_item page-item-70494\"><a href=\"https:\/\/icripalimosani.edu.it\/site\/2022\/07\/07\/20220707110416unidos\/\">Determina di acquisto materiale pubblicitario &#8211; progetto PON digital board<\/a><\/li><li class=\"elementor-sitemap-item elementor-sitemap-item-post page_item page-item-70493\"><a href=\"https:\/\/icripalimosani.edu.it\/site\/2022\/07\/07\/20220707084305unidos\/\">[Sindacato Nazionale FederATA] I: IL SERVIZIO MILITARE PER GLI ATA VALE 6 PUNTI- DOPO LA SENTENZA FAVOREVOLE DEL CONISGLIO DI STATO FEDERATA AVVIA IL RICORSO ANCHE AL GIUDICE DEL LAVORO<\/a><\/li><li class=\"elementor-sitemap-item elementor-sitemap-item-post page_item page-item-70488\"><a href=\"https:\/\/icripalimosani.edu.it\/site\/2022\/07\/06\/corso-di-manipolazione-e-decorazione-della-ceramica\/\">Corso di manipolazione e decorazione della ceramica<\/a><\/li><li class=\"elementor-sitemap-item elementor-sitemap-item-post page_item page-item-70484\"><a href=\"https:\/\/icripalimosani.edu.it\/site\/2022\/07\/04\/20220704085510unidos\/\">Corso di formazione STRADALEGGENDO<\/a><\/li><li class=\"elementor-sitemap-item elementor-sitemap-item-post page_item page-item-70480\"><a href=\"https:\/\/icripalimosani.edu.it\/site\/2022\/06\/30\/progetto-ascolto-con-il-corpo\/\">Progetto &#8220;Ascolto con il corpo&#8221;<\/a><\/li><li class=\"elementor-sitemap-item elementor-sitemap-item-post page_item page-item-70475\"><a href=\"https:\/\/icripalimosani.edu.it\/site\/2022\/06\/30\/arte-in-vacanza\/\">ARTE IN VACANZA<\/a><\/li><li class=\"elementor-sitemap-item elementor-sitemap-item-post page_item page-item-70470\"><a href=\"https:\/\/icripalimosani.edu.it\/site\/2022\/06\/30\/attivita-clil-celts\/\">Attivit\u00e0 CLIL &#8220;Celts&#8221;<\/a><\/li><li class=\"elementor-sitemap-item elementor-sitemap-item-post page_item page-item-70466\"><a href=\"https:\/\/icripalimosani.edu.it\/site\/2022\/06\/30\/buone-vacanze\/\">Buone vacanze!<\/a><\/li><li class=\"elementor-sitemap-item elementor-sitemap-item-post page_item page-item-70465\"><a href=\"https:\/\/icripalimosani.edu.it\/site\/2022\/06\/30\/20220630112348unidos\/\">TRATTATIVA_CONTRATTO_ISTRUZIONE E RICERCA<\/a><\/li><li class=\"elementor-sitemap-item elementor-sitemap-item-post page_item page-item-70464\"><a href=\"https:\/\/icripalimosani.edu.it\/site\/2022\/06\/28\/20220628084511unidos\/\">RASSEGNA SINDACALE ANIEF N.25 DEL 27 GIUGNO 2022<\/a><\/li><li class=\"elementor-sitemap-item elementor-sitemap-item-post page_item page-item-70463\"><a href=\"https:\/\/icripalimosani.edu.it\/site\/2022\/06\/28\/20220628082725unidos\/\">Notiziario telematico dal 15\/06\/2022 al 24\/06\/2022 &#8211; Segreteria Federazione UIL Scuola RUA Molise<\/a><\/li><li class=\"elementor-sitemap-item elementor-sitemap-item-post page_item page-item-70461\"><a href=\"https:\/\/icripalimosani.edu.it\/site\/2022\/06\/27\/i-capolavori-dei-piccoli-artisti-di-oratino\/\">I &#8220;Capolavori&#8221; dei piccoli artisti di Oratino<\/a><\/li><li class=\"elementor-sitemap-item elementor-sitemap-item-post page_item page-item-70412\"><a href=\"https:\/\/icripalimosani.edu.it\/site\/2022\/06\/25\/una-passeggiata-per-il-tratturo-di-oratino\/\">Una passeggiata per il tratturo di Oratino<\/a><\/li><li class=\"elementor-sitemap-item elementor-sitemap-item-post page_item page-item-70407\"><a href=\"https:\/\/icripalimosani.edu.it\/site\/2022\/06\/25\/la-divina-commedia\/\">La Divina Commedia<\/a><\/li><li class=\"elementor-sitemap-item elementor-sitemap-item-post page_item page-item-70403\"><a href=\"https:\/\/icripalimosani.edu.it\/site\/2022\/06\/25\/seconda-parte-progetto-multimediale-io-e-gli-altri-cittadini-del-mondo\/\">Seconda parte Progetto multimediale &#8220;Io e gli altri&#8230;cittadini del mondo&#8221;<\/a><\/li><li class=\"elementor-sitemap-item elementor-sitemap-item-post page_item page-item-70400\"><a href=\"https:\/\/icripalimosani.edu.it\/site\/2022\/06\/25\/prima-parte-progetto-multimediale-io-e-gli-altri-cittadini-del-mondo\/\">Prima parte Progetto multimediale &#8220;Io e gli altri&#8230; cittadini del mondo&#8221;<\/a><\/li><li class=\"elementor-sitemap-item elementor-sitemap-item-post page_item page-item-70398\"><a href=\"https:\/\/icripalimosani.edu.it\/site\/2022\/06\/25\/concorso-nazionale-la-privacy-diritto-umano-nella-societa-digitale-2022\/\">Concorso Nazionale: &#8220;La privacy: diritto umano nella societ\u00e0 digitale &#8211; 2022\u201d<\/a><\/li><li class=\"elementor-sitemap-item elementor-sitemap-item-post page_item page-item-70385\"><a href=\"https:\/\/icripalimosani.edu.it\/site\/2022\/06\/25\/nati-per-leggere\/\">&#8220;Nati per leggere&#8221;<\/a><\/li><li class=\"elementor-sitemap-item elementor-sitemap-item-post page_item page-item-70381\"><a href=\"https:\/\/icripalimosani.edu.it\/site\/2022\/06\/25\/progetto-curriculare-chi-trova-un-amico-trova-un-tesoro\/\">Progetto curriculare &#8220;Chi trova un amico, trova un tesoro&#8221;<\/a><\/li><li class=\"elementor-sitemap-item elementor-sitemap-item-post page_item page-item-70380\"><a href=\"https:\/\/icripalimosani.edu.it\/site\/2022\/06\/24\/20220624133819unidos\/\">Adierre News &#8211; Libri preparazione concorso ordinario e straordinario docenti di religione<\/a><\/li><li class=\"elementor-sitemap-item elementor-sitemap-item-post page_item page-item-70378\"><a href=\"https:\/\/icripalimosani.edu.it\/site\/2022\/06\/23\/20220623093625unidos\/\">Assemblea\/incontro informativo ANIEF Area Sud 28 giugno 2022<\/a><\/li><li class=\"elementor-sitemap-item elementor-sitemap-item-post page_item page-item-70377\"><a href=\"https:\/\/icripalimosani.edu.it\/site\/2022\/06\/22\/20220622160903unidos\/\">Calendario prove suppletive e ratifica finale esami di stato a.s.2021\/2022<\/a><\/li><li class=\"elementor-sitemap-item elementor-sitemap-item-post page_item page-item-70376\"><a href=\"https:\/\/icripalimosani.edu.it\/site\/2022\/06\/22\/20220622160116unidos\/\">turni di assistenza suppletiva esami conclusivi I ciclo d&#8217;istruzione a.s. 2021\/2022 di I grado di Petrella Tifernina<\/a><\/li><li class=\"elementor-sitemap-item elementor-sitemap-item-post page_item page-item-70375\"><a href=\"https:\/\/icripalimosani.edu.it\/site\/2022\/06\/22\/20220622084336unidos\/\">Snadir Info-Point n.157 &#8211; Procedura straordinaria per i precari di religione: approvato emendamento &#8211; All&#8217;albo sindacale ex art.25 legge 300\/1970<\/a><\/li><li class=\"elementor-sitemap-item elementor-sitemap-item-post page_item page-item-70374\"><a href=\"https:\/\/icripalimosani.edu.it\/site\/2022\/06\/22\/20220622082837unidos\/\">[Sindacato Nazionale FederATA] IL SERVIZIO MILITARE VALE 6 PUNTI. IL CONSIGLIO DI STATO ACCOGLIE IL RICORSO DELLE FEDER-ATA<\/a><\/li><li class=\"elementor-sitemap-item elementor-sitemap-item-post page_item page-item-70373\"><a href=\"https:\/\/icripalimosani.edu.it\/site\/2022\/06\/21\/20220621112300unidos\/\">Questionari di autovalutazione d&#8217;Istituto 2021_2022<\/a><\/li><li class=\"elementor-sitemap-item elementor-sitemap-item-post page_item page-item-70372\"><a href=\"https:\/\/icripalimosani.edu.it\/site\/2022\/06\/21\/20220621110611unidos\/\">Convocazione Collegio dei Docenti<\/a><\/li><li class=\"elementor-sitemap-item elementor-sitemap-item-post page_item page-item-70371\"><a href=\"https:\/\/icripalimosani.edu.it\/site\/2022\/06\/21\/20220621102322unidos\/\">Attestato menzione d&#8217;onore concorso &#8220;&#8221;La privacy: diritto umano nella societ\u00e0 digitale 2022&#8221; &#8211; sezione A infanzia Ripalimosani<\/a><\/li><li class=\"elementor-sitemap-item elementor-sitemap-item-post page_item page-item-70370\"><a href=\"https:\/\/icripalimosani.edu.it\/site\/2022\/06\/21\/20220621091537unidos\/\">determina di acquisto materiale. PON Facciamo arte &#8211; modulo Arte in vacanza<\/a><\/li><li class=\"elementor-sitemap-item elementor-sitemap-item-post page_item page-item-70366\"><a href=\"https:\/\/icripalimosani.edu.it\/site\/2022\/06\/19\/backstage-del-progetto-vi-nar-s\/\">Backstage del progetto Vi. Nar. S.<\/a><\/li><li class=\"elementor-sitemap-item elementor-sitemap-item-post page_item page-item-70364\"><a href=\"https:\/\/icripalimosani.edu.it\/site\/2022\/06\/17\/20220617102503unidos\/\">rinuncia modulo  CODING PON 10.2.2A -FSEPON-MO-2021-16 \u201cNessuno indietro\u201d-<\/a><\/li><li class=\"elementor-sitemap-item elementor-sitemap-item-post page_item page-item-70363\"><a href=\"https:\/\/icripalimosani.edu.it\/site\/2022\/06\/16\/20220616140430unidos\/\">Convocazione Comitato di valutazione docenti<\/a><\/li><li class=\"elementor-sitemap-item elementor-sitemap-item-post page_item page-item-70362\"><a href=\"https:\/\/icripalimosani.edu.it\/site\/2022\/06\/16\/20220616083535unidos\/\">BONUS 200 EURO AL PERSONALE<\/a><\/li><li class=\"elementor-sitemap-item elementor-sitemap-item-post page_item page-item-70361\"><a href=\"https:\/\/icripalimosani.edu.it\/site\/2022\/06\/15\/20220615082759unidos\/\">Convocazione laboratori-Giugno 2022.<\/a><\/li><li class=\"elementor-sitemap-item elementor-sitemap-item-post page_item page-item-70360\"><a href=\"https:\/\/icripalimosani.edu.it\/site\/2022\/06\/15\/20220615082734unidos\/\">Comunicato sindacale<\/a><\/li><li class=\"elementor-sitemap-item elementor-sitemap-item-post page_item page-item-70359\"><a href=\"https:\/\/icripalimosani.edu.it\/site\/2022\/06\/15\/20220615082318unidos\/\">UIL Scuola Molise: Notizie] Notiziario telematico dal 07\/06\/2022 al 14\/06\/2022 &#8211; Segreteria Federazione UIL Scuola RUA Molise .<\/a><\/li><li class=\"elementor-sitemap-item elementor-sitemap-item-post page_item page-item-70358\"><a href=\"https:\/\/icripalimosani.edu.it\/site\/2022\/06\/15\/20220615082034unidos\/\">Comunicato sindacale<\/a><\/li><li class=\"elementor-sitemap-item elementor-sitemap-item-post page_item page-item-70357\"><a href=\"https:\/\/icripalimosani.edu.it\/site\/2022\/06\/15\/20220615081012unidos\/\">Riunione Dipartimenti Disciplinari &#8211; Giugno 2022.<\/a><\/li><li class=\"elementor-sitemap-item elementor-sitemap-item-post page_item page-item-70354\"><a href=\"https:\/\/icripalimosani.edu.it\/site\/2022\/06\/14\/20220614132132unidos\/\">VERBALE DI COLLAUDO DIGITAL BOARD<\/a><\/li><li class=\"elementor-sitemap-item elementor-sitemap-item-post page_item page-item-70353\"><a href=\"https:\/\/icripalimosani.edu.it\/site\/2022\/06\/14\/20220614085455unidos\/\">Comunicazione incontri docenti per la Continuit\u00e0 e l\u2019Orientamento in ingresso del 27 giugno 2022 .<\/a><\/li><li class=\"elementor-sitemap-item elementor-sitemap-item-post page_item page-item-70333\"><a href=\"https:\/\/icripalimosani.edu.it\/site\/2022\/06\/11\/progetto-scuola-attiva-kids-plesso-di-ripalimosani\/\">Progetto &#8220;Scuola attiva kids&#8221; &#8211; plesso di Ripalimosani<\/a><\/li><li class=\"elementor-sitemap-item elementor-sitemap-item-post page_item page-item-70322\"><a href=\"https:\/\/icripalimosani.edu.it\/site\/2022\/06\/11\/progetto-scuola-attiva-kids-petrella-tifernina\/\">Progetto &#8220;Scuola attiva Kids&#8221; &#8211; Petrella Tifernina<\/a><\/li><li class=\"elementor-sitemap-item elementor-sitemap-item-post page_item page-item-70310\"><a href=\"https:\/\/icripalimosani.edu.it\/site\/2022\/06\/10\/20220610083423unidos\/\">Chiarimenti su termine delle lezioni e obblighi di servizio del personale docente<\/a><\/li><li class=\"elementor-sitemap-item elementor-sitemap-item-post page_item page-item-70305\"><a href=\"https:\/\/icripalimosani.edu.it\/site\/2022\/06\/09\/il-patrimonio-artistico-del-molise\/\">Il patrimonio artistico del Molise<\/a><\/li><li class=\"elementor-sitemap-item elementor-sitemap-item-post page_item page-item-70294\"><a href=\"https:\/\/icripalimosani.edu.it\/site\/2022\/06\/09\/tifernum\/\">TIFERNUM<\/a><\/li><li class=\"elementor-sitemap-item elementor-sitemap-item-post page_item page-item-70285\"><a href=\"https:\/\/icripalimosani.edu.it\/site\/2022\/06\/09\/progetto-raf-ridisegnare-lambiente-e-il-futuro-3\/\">Progetto RAF &#8211; &#8220;Ridisegnare l&#8217;ambiente e il futuro&#8221;<\/a><\/li><li class=\"elementor-sitemap-item elementor-sitemap-item-post page_item page-item-70284\"><a href=\"https:\/\/icripalimosani.edu.it\/site\/2022\/06\/09\/20220609082919unidos\/\">Snadir Inof-Point n.156 &#8211; \ud83d\udc49 All&#8217;albo sindacale ex art.25 legge 300\/1970<\/a><\/li><li class=\"elementor-sitemap-item elementor-sitemap-item-post page_item page-item-70282\"><a href=\"https:\/\/icripalimosani.edu.it\/site\/2022\/06\/08\/20220608144038unidos\/\">Chiusura scuola<\/a><\/li><li class=\"elementor-sitemap-item elementor-sitemap-item-post page_item page-item-70280\"><a href=\"https:\/\/icripalimosani.edu.it\/site\/2022\/06\/08\/20220608123823unidos\/\">Nomina collaudatore PON Reti Cablate<\/a><\/li><li class=\"elementor-sitemap-item elementor-sitemap-item-post page_item page-item-70279\"><a href=\"https:\/\/icripalimosani.edu.it\/site\/2022\/06\/08\/20220608083739unidos\/\">RASSEGNA SINDACALE ANIEF N.22 DEL 7 GIUGNO 2022<\/a><\/li><li class=\"elementor-sitemap-item elementor-sitemap-item-post page_item page-item-70278\"><a href=\"https:\/\/icripalimosani.edu.it\/site\/2022\/06\/07\/20220607131303unidos\/\">AVVISO SULLE FERIE PER I DOCENTI PRECARI<\/a><\/li><li class=\"elementor-sitemap-item elementor-sitemap-item-post page_item page-item-70277\"><a href=\"https:\/\/icripalimosani.edu.it\/site\/2022\/06\/07\/20220607093623unidos\/\">DISCLAIMER PUBBLICAZIONE E CONSULTAZIONE DEGLI ESITI DEGLI SCRUTINI<\/a><\/li><li class=\"elementor-sitemap-item elementor-sitemap-item-post page_item page-item-70263\"><a href=\"https:\/\/icripalimosani.edu.it\/site\/2022\/06\/07\/alla-scoperta-del-territorio-santa-maria-della-strada\/\">Alla scoperta del territorio &#8211; Santa Maria della Strada<\/a><\/li><li class=\"elementor-sitemap-item elementor-sitemap-item-post page_item page-item-70260\"><a href=\"https:\/\/icripalimosani.edu.it\/site\/2022\/06\/07\/progetto-didattico-coltivo-il-mio-giardino-e-il-mio-giardino-mi-coltiva\/\">Progetto didattico &#8220;Coltivo il mio giardino e il mio giardino mi coltiva&#8221;<\/a><\/li><li class=\"elementor-sitemap-item elementor-sitemap-item-post page_item page-item-70251\"><a href=\"https:\/\/icripalimosani.edu.it\/site\/2022\/06\/07\/progetto-scuola-attiva-kids\/\">Progetto &#8220;Scuola Attiva Kids&#8221; &#8211; Oratino<\/a><\/li><li class=\"elementor-sitemap-item elementor-sitemap-item-post page_item page-item-70249\"><a href=\"https:\/\/icripalimosani.edu.it\/site\/2022\/06\/03\/20220603090033unidos\/\">Concorso il postfascismo in Molise<\/a><\/li><li class=\"elementor-sitemap-item elementor-sitemap-item-post page_item page-item-70241\"><a href=\"https:\/\/icripalimosani.edu.it\/site\/2022\/06\/02\/progetto-scuola-attiva-kids-campolieto\/\">Progetto &#8220;Scuola Attiva Kids&#8221; &#8211; Campolieto<\/a><\/li><li class=\"elementor-sitemap-item elementor-sitemap-item-post page_item page-item-70240\"><a href=\"https:\/\/icripalimosani.edu.it\/site\/2022\/06\/01\/20220601132819unidos\/\">Vademecum esami di Stato del primo ciclo<\/a><\/li><li class=\"elementor-sitemap-item elementor-sitemap-item-post page_item page-item-70239\"><a href=\"https:\/\/icripalimosani.edu.it\/site\/2022\/06\/01\/20220601113355unidos\/\">COLLOQUI GENITORI ALUNNI FREQUENTANTI L&#8217;ULTIMO ANNO DELLA SCUOLA DELL&#8217;INFANZIA &#8211; DOCENTI<\/a><\/li><li class=\"elementor-sitemap-item elementor-sitemap-item-post page_item page-item-70237\"><a href=\"https:\/\/icripalimosani.edu.it\/site\/2022\/06\/01\/progetto-io-sto-con-le-api\/\">Progetto &#8220;Io sto con le api&#8221;<\/a><\/li><li class=\"elementor-sitemap-item elementor-sitemap-item-post page_item page-item-70219\"><a href=\"https:\/\/icripalimosani.edu.it\/site\/2022\/06\/01\/limportanza-delle-api-incontro-con-il-prof-luigi-iafigliola\/\">Limportanza delle api: incontro con il prof. Luigi Iafigliola<\/a><\/li><li class=\"elementor-sitemap-item elementor-sitemap-item-post page_item page-item-70208\"><a href=\"https:\/\/icripalimosani.edu.it\/site\/2022\/06\/01\/incontro-il-futuro-appartiene-a-noi\/\">Incontro &#8220;Il futuro appartiene a noi&#8221;<\/a><\/li><li class=\"elementor-sitemap-item elementor-sitemap-item-post page_item page-item-70202\"><a href=\"https:\/\/icripalimosani.edu.it\/site\/2022\/05\/31\/concerto-di-fine-anno\/\">Concerto di fine anno<\/a><\/li><li class=\"elementor-sitemap-item elementor-sitemap-item-post page_item page-item-70197\"><a href=\"https:\/\/icripalimosani.edu.it\/site\/2022\/05\/31\/20220531085837unidos\/\">1 giugno seminario di formazione sul postfascismo in Molise<\/a><\/li><li class=\"elementor-sitemap-item elementor-sitemap-item-post page_item page-item-70196\"><a href=\"https:\/\/icripalimosani.edu.it\/site\/2022\/05\/31\/20220531081111unidos\/\">RASSEGNA SINDACALE ANIEF N.21 DEL 30 MAGGIO 2022<\/a><\/li><li class=\"elementor-sitemap-item elementor-sitemap-item-post page_item page-item-70195\"><a href=\"https:\/\/icripalimosani.edu.it\/site\/2022\/05\/30\/20220530124834unidos\/\">Concerto di fine anno marted\u00ec 31 maggio 2022 &#8211; Ripalimosani<\/a><\/li><li class=\"elementor-sitemap-item elementor-sitemap-item-post page_item page-item-70194\"><a href=\"https:\/\/icripalimosani.edu.it\/site\/2022\/05\/30\/20220530122152unidos\/\">Verbale commissione collaudatore e graduatoria provvisoria<\/a><\/li><li class=\"elementor-sitemap-item elementor-sitemap-item-post page_item page-item-70193\"><a href=\"https:\/\/icripalimosani.edu.it\/site\/2022\/05\/30\/20220530102355unidos\/\">Snadir Info-Point n.153 &#8211; All&#8217;albo sindacale ex art.25 legge 300\/1970<\/a><\/li><li class=\"elementor-sitemap-item elementor-sitemap-item-post page_item page-item-70192\"><a href=\"https:\/\/icripalimosani.edu.it\/site\/2022\/05\/30\/20220530084816unidos\/\">USB Scuola organizza un corso di preparazione all&#8217;orale del concorso ordinario e allo straordinario bis<\/a><\/li><li class=\"elementor-sitemap-item elementor-sitemap-item-post page_item page-item-70191\"><a href=\"https:\/\/icripalimosani.edu.it\/site\/2022\/05\/30\/20220530082403unidos\/\">Convocazione Assemblea sindacale iscritti Uil Scuola.<\/a><\/li><li class=\"elementor-sitemap-item elementor-sitemap-item-post page_item page-item-70189\"><a href=\"https:\/\/icripalimosani.edu.it\/site\/2022\/05\/30\/20220530082124unidos\/\">30 MAGGIO: LA SCUOLA SCIOPERA<\/a><\/li><li class=\"elementor-sitemap-item elementor-sitemap-item-post page_item page-item-70178\"><a href=\"https:\/\/icripalimosani.edu.it\/site\/2022\/05\/30\/progetto-vi-nar-s-empowerment-video-narrazione-sociale\/\">Progetto VI.NAR.S Empowerment &#8211; Video narrazione sociale<\/a><\/li><li class=\"elementor-sitemap-item elementor-sitemap-item-post page_item page-item-70153\"><a href=\"https:\/\/icripalimosani.edu.it\/site\/2022\/05\/28\/progetto-scuola-kids-plesso-matrice\/\">Progetto SCUOLA ATTIVA KIDS &#8211; Plesso Matrice<\/a><\/li><li class=\"elementor-sitemap-item elementor-sitemap-item-post page_item page-item-70151\"><a href=\"https:\/\/icripalimosani.edu.it\/site\/2022\/05\/27\/20220527094842unidos\/\">Sciopero del 30 maggio \u2013 indicazioni unitarie<\/a><\/li><li class=\"elementor-sitemap-item elementor-sitemap-item-post page_item page-item-70150\"><a href=\"https:\/\/icripalimosani.edu.it\/site\/2022\/05\/27\/20220527085118unidos\/\">[FLC CGIL] Scuola: luned\u00ec 30 maggio sciopero e manifestazione nazionale a Roma<\/a><\/li><li class=\"elementor-sitemap-item elementor-sitemap-item-post page_item page-item-70149\"><a href=\"https:\/\/icripalimosani.edu.it\/site\/2022\/05\/27\/20220527083659unidos\/\">Seminario il vischioso postfascismo mercoled\u00ec 1 giugno 2022 ore 15,30<\/a><\/li><li class=\"elementor-sitemap-item elementor-sitemap-item-post page_item page-item-70148\"><a href=\"https:\/\/icripalimosani.edu.it\/site\/2022\/05\/26\/20220526124619unidos\/\">Lettera di autorizzazione: Edugreen laboratori di sostenibilit\u00e0 per il primo ciclo<\/a><\/li><li class=\"elementor-sitemap-item elementor-sitemap-item-post page_item page-item-70147\"><a href=\"https:\/\/icripalimosani.edu.it\/site\/2022\/05\/26\/20220526124434unidos\/\">Progetto PON &#8211; Edugreen: laboratori di sostenibilit\u00e0 per il primo ciclo. Iscrizione a bilancio<\/a><\/li><li class=\"elementor-sitemap-item elementor-sitemap-item-post page_item page-item-70146\"><a href=\"https:\/\/icripalimosani.edu.it\/site\/2022\/05\/26\/20220526124339unidos\/\">Progetto PON Edugreen: laboratori di sostenibilit\u00e0 per il primo ciclo. Azione di informazione e sensibilizzazione<\/a><\/li><li class=\"elementor-sitemap-item elementor-sitemap-item-post page_item page-item-70129\"><a href=\"https:\/\/icripalimosani.edu.it\/site\/2022\/05\/26\/20220526093241unidos\/\">Comunicazione Sciopero ANIEF del personale docente, ATA ed educativo a tempo determinato e indeterminato delle istituzioni scolastiche ed educative, per l\u2019intera giornata, del 30 maggio<\/a><\/li><li class=\"elementor-sitemap-item elementor-sitemap-item-post page_item page-item-70122\"><a href=\"https:\/\/icripalimosani.edu.it\/site\/2022\/05\/25\/23-maggio-giornata-della-legalita-2\/\">23 maggio GIORNATA DELLA LEGALITA&#8217;<\/a><\/li><li class=\"elementor-sitemap-item elementor-sitemap-item-post page_item page-item-70114\"><a href=\"https:\/\/icripalimosani.edu.it\/site\/2022\/05\/25\/art-4-us-etwinning-project-italy-spain\/\">ART 4 US &#8220;eTwinning project Italy-Spain&#8221;<\/a><\/li><li class=\"elementor-sitemap-item elementor-sitemap-item-post page_item page-item-70105\"><a href=\"https:\/\/icripalimosani.edu.it\/site\/2022\/05\/25\/iniziativa-plasticfree\/\">Iniziativa Plasticfree<\/a><\/li><li class=\"elementor-sitemap-item elementor-sitemap-item-post page_item page-item-70098\"><a href=\"https:\/\/icripalimosani.edu.it\/site\/2022\/05\/25\/progetto-ricreo-con-larte\/\">Progetto &#8220;Ricreo con l&#8217;arte&#8221;<\/a><\/li><li class=\"elementor-sitemap-item elementor-sitemap-item-post page_item page-item-70087\"><a href=\"https:\/\/icripalimosani.edu.it\/site\/2022\/05\/25\/marcia-per-la-legalita-se-non-ora-quando\/\">Marcia per la legalit\u00e0: &#8220;Se non ora, quando?&#8221;<\/a><\/li><li class=\"elementor-sitemap-item elementor-sitemap-item-post page_item page-item-70086\"><a href=\"https:\/\/icripalimosani.edu.it\/site\/2022\/05\/25\/20220525124254unidos\/\">Sciopero 30 maggio &#8211; materiali e scheda con indicazioni unitarie<\/a><\/li><li class=\"elementor-sitemap-item elementor-sitemap-item-post page_item page-item-70085\"><a href=\"https:\/\/icripalimosani.edu.it\/site\/2022\/05\/24\/20220524125653unidos\/\">Adempimenti relativi alla chiusura dell\u2019anno scolastico 2021\/2022.<\/a><\/li><li class=\"elementor-sitemap-item elementor-sitemap-item-post page_item page-item-70084\"><a href=\"https:\/\/icripalimosani.edu.it\/site\/2022\/05\/24\/20220524114430unidos\/\">COMUNICAZIONE AD ENTE PROPRIETARIO IMMOBILE<\/a><\/li><li class=\"elementor-sitemap-item elementor-sitemap-item-post page_item page-item-70083\"><a href=\"https:\/\/icripalimosani.edu.it\/site\/2022\/05\/24\/20220524110308unidos\/\">Nomina commissione di valutazione collaudatore &#8211; PON reti cablate<\/a><\/li><li class=\"elementor-sitemap-item elementor-sitemap-item-post page_item page-item-70082\"><a href=\"https:\/\/icripalimosani.edu.it\/site\/2022\/05\/24\/20220524095353unidos\/\">RASSEGNA SINDACALE ANIEF N.20 DEL 23 MAGGIO 2022<\/a><\/li><li class=\"elementor-sitemap-item elementor-sitemap-item-post page_item page-item-70081\"><a href=\"https:\/\/icripalimosani.edu.it\/site\/2022\/05\/24\/20220524083450unidos\/\">AZIONE DI SCIOPERO 30 maggio 2022<\/a><\/li><li class=\"elementor-sitemap-item elementor-sitemap-item-post page_item page-item-70080\"><a href=\"https:\/\/icripalimosani.edu.it\/site\/2022\/05\/23\/20220523103523unidos\/\">Sospensione attivit\u00e0 didattica e chiusura uffici di Segreteria 2 giugno 2022<\/a><\/li><li class=\"elementor-sitemap-item elementor-sitemap-item-post page_item page-item-70079\"><a href=\"https:\/\/icripalimosani.edu.it\/site\/2022\/05\/23\/20220523084104unidos\/\">Notiziario telematico dal 16\/05\/2022 al 21\/05\/2022 &#8211; Segreteria Federazione UIL Scuola RUA Molise .<\/a><\/li><li class=\"elementor-sitemap-item elementor-sitemap-item-post page_item page-item-70078\"><a href=\"https:\/\/icripalimosani.edu.it\/site\/2022\/05\/23\/20220523083705unidos\/\">SCIOPERO UNITARIO DELLA SCUOLA IL 30 MAGGIO<\/a><\/li><li class=\"elementor-sitemap-item elementor-sitemap-item-post page_item page-item-70077\"><a href=\"https:\/\/icripalimosani.edu.it\/site\/2022\/05\/23\/20220523083322unidos\/\">SNADIR INFO-POINT n.152 &#8211; All&#8217;albo sindacale ex art.25 legge 300\/1970<\/a><\/li><li class=\"elementor-sitemap-item elementor-sitemap-item-post page_item page-item-70076\"><a href=\"https:\/\/icripalimosani.edu.it\/site\/2022\/05\/23\/20220523083028unidos\/\">Azioni di sciopero previste per l&#8217;intera giornata del 30  maggio 2022<\/a><\/li><li class=\"elementor-sitemap-item elementor-sitemap-item-post page_item page-item-70075\"><a href=\"https:\/\/icripalimosani.edu.it\/site\/2022\/05\/21\/20220521084949unidos\/\">Comunicato stampa: la scuola si mobilita, sciopero il 30 maggio<\/a><\/li><li class=\"elementor-sitemap-item elementor-sitemap-item-post page_item page-item-70074\"><a href=\"https:\/\/icripalimosani.edu.it\/site\/2022\/05\/20\/20220520133059unidos\/\">Progetto PON reti cablate &#8211; bando collaudatore interno\/esterno<\/a><\/li><li class=\"elementor-sitemap-item elementor-sitemap-item-post page_item page-item-70073\"><a href=\"https:\/\/icripalimosani.edu.it\/site\/2022\/05\/20\/20220520124740unidos\/\">[FLC CGIL] Speciale contratto \u201cIstruzione e Ricerca\u201d<\/a><\/li><li class=\"elementor-sitemap-item elementor-sitemap-item-post page_item page-item-70072\"><a href=\"https:\/\/icripalimosani.edu.it\/site\/2022\/05\/20\/20220520123954unidos\/\">Comunicato sindacale<\/a><\/li><li class=\"elementor-sitemap-item elementor-sitemap-item-post page_item page-item-70071\"><a href=\"https:\/\/icripalimosani.edu.it\/site\/2022\/05\/20\/20220520111917unidos\/\">Dichiarazione di Avvio del Modulo Ceramicando 2 &#8211; progetto PON Facciamo arte<\/a><\/li><li class=\"elementor-sitemap-item elementor-sitemap-item-post page_item page-item-70070\"><a href=\"https:\/\/icripalimosani.edu.it\/site\/2022\/05\/20\/20220520111441unidos\/\">Dichiarazione di Avvio del Modulo Arte in vacanza! &#8211; progetto PON Facciamo arte<\/a><\/li><li class=\"elementor-sitemap-item elementor-sitemap-item-post page_item page-item-70069\"><a href=\"https:\/\/icripalimosani.edu.it\/site\/2022\/05\/20\/20220520100030unidos\/\">Calendario delle attivit\u00e0 del mese di Giugno 2022<\/a><\/li><li class=\"elementor-sitemap-item elementor-sitemap-item-post page_item page-item-70058\"><a href=\"https:\/\/icripalimosani.edu.it\/site\/2022\/05\/18\/progetto-raf-ridisegnare-lambiente-e-il-futuro-2\/\">PROGETTO RAF &#8220;Ridisegnare l&#8217;ambiente e il futuro&#8221;<\/a><\/li><li class=\"elementor-sitemap-item elementor-sitemap-item-post page_item page-item-70056\"><a href=\"https:\/\/icripalimosani.edu.it\/site\/2022\/05\/18\/20220518131904unidos\/\">Convocazione di un\u2019assemblea sindacale regionale, del personale delle istituzioni scolastiche di ogni ordine e grado della regione MOLISE<\/a><\/li><li class=\"elementor-sitemap-item elementor-sitemap-item-post page_item page-item-70055\"><a href=\"https:\/\/icripalimosani.edu.it\/site\/2022\/05\/18\/20220518103832unidos\/\">RASSEGNA SINDACALE ANIEF N.19 DEL 18 MAGGIO 2022<\/a><\/li><li class=\"elementor-sitemap-item elementor-sitemap-item-post page_item page-item-70054\"><a href=\"https:\/\/icripalimosani.edu.it\/site\/2022\/05\/18\/20220518102015unidos\/\">Rinvio data Seminario post fascismo in Molise 1 giugno 22<\/a><\/li><li class=\"elementor-sitemap-item elementor-sitemap-item-post page_item page-item-70050\"><a href=\"https:\/\/icripalimosani.edu.it\/site\/2022\/05\/17\/20220517094445unidos\/\">Convocazione assemblea regionale unitaria in orario di servizio (art. 23 CCNL\/2018 e art. 10 CIR\/03)<\/a><\/li><li class=\"elementor-sitemap-item elementor-sitemap-item-post page_item page-item-70036\"><a href=\"https:\/\/icripalimosani.edu.it\/site\/2022\/05\/16\/20220516100036unidos\/\">[UIL Scuola Molise: Notizie] Notiziario telematico dal 05\/05\/2022 al 15\/05\/2022 &#8211; Segreteria Federazione UIL Scuola RUA Molise .<\/a><\/li><li class=\"elementor-sitemap-item elementor-sitemap-item-post page_item page-item-70035\"><a href=\"https:\/\/icripalimosani.edu.it\/site\/2022\/05\/16\/20220516095824unidos\/\">SNADIR INFO-POINT n.151 &#8211; All&#8217;albo sindacale ex art.25 legge 300\/1970<\/a><\/li><li class=\"elementor-sitemap-item elementor-sitemap-item-post page_item page-item-70028\"><a href=\"https:\/\/icripalimosani.edu.it\/site\/2022\/05\/14\/festa-delleuropa\/\">Festa dell&#8217;Europa<\/a><\/li><li class=\"elementor-sitemap-item elementor-sitemap-item-post page_item page-item-70019\"><a href=\"https:\/\/icripalimosani.edu.it\/site\/2022\/05\/14\/limportanza-della-legalita\/\">L&#8217;importanza della legalit\u00e0<\/a><\/li><li class=\"elementor-sitemap-item elementor-sitemap-item-post page_item page-item-70006\"><a href=\"https:\/\/icripalimosani.edu.it\/site\/2022\/05\/14\/visita-al-macte\/\">Visita al MACTE<\/a><\/li><li class=\"elementor-sitemap-item elementor-sitemap-item-post page_item page-item-70003\"><a href=\"https:\/\/icripalimosani.edu.it\/site\/2022\/05\/14\/concerto-per-la-pace-palazzo-ex-gil-campobasso\/\">Concerto per la pace &#8211; Palazzo Ex-Gil Campobasso<\/a><\/li><li class=\"elementor-sitemap-item elementor-sitemap-item-post page_item page-item-69969\"><a href=\"https:\/\/icripalimosani.edu.it\/site\/2022\/05\/14\/20220514105644unidos\/\">CIB.UNICOBAS:CIRCOLARE.MINISTERO.ISTRUZIONE.SCIOPERO.GENERALE.INTERA.GIORNATA.20.MAGGIO.2022<\/a><\/li><li class=\"elementor-sitemap-item elementor-sitemap-item-post page_item page-item-69968\"><a href=\"https:\/\/icripalimosani.edu.it\/site\/2022\/05\/14\/20220514084507unidos\/\">[FLC CGIL] #ATAnews n. 1\/2022. Il 30 maggio la scuola sciopera<\/a><\/li><li class=\"elementor-sitemap-item elementor-sitemap-item-post page_item page-item-69967\"><a href=\"https:\/\/icripalimosani.edu.it\/site\/2022\/05\/14\/20220514084132unidos\/\">Sciopero 30 maggio 2022 (1)<\/a><\/li><li class=\"elementor-sitemap-item elementor-sitemap-item-post page_item page-item-69966\"><a href=\"https:\/\/icripalimosani.edu.it\/site\/2022\/05\/13\/20220513112900unidos\/\">AZIONE DI SCIOPERO 20 maggio<\/a><\/li><li class=\"elementor-sitemap-item elementor-sitemap-item-post page_item page-item-69965\"><a href=\"https:\/\/icripalimosani.edu.it\/site\/2022\/05\/13\/20220513084157unidos\/\">Azioni di sciopero previste per l&#8217;intera giornata del 20  maggio 2022<\/a><\/li><li class=\"elementor-sitemap-item elementor-sitemap-item-post page_item page-item-69960\"><a href=\"https:\/\/icripalimosani.edu.it\/site\/2022\/05\/11\/20220511093522unidos\/\">RASSEGNA SINDACALE ANIEF N.18 DEL 10 MAGGIO 2022<\/a><\/li><li class=\"elementor-sitemap-item elementor-sitemap-item-post page_item page-item-69959\"><a href=\"https:\/\/icripalimosani.edu.it\/site\/2022\/05\/11\/20220511092151unidos\/\">Seminario di formazione 20 maggio 2022. Il postfascismo in Molise.<\/a><\/li><li class=\"elementor-sitemap-item elementor-sitemap-item-post page_item page-item-69958\"><a href=\"https:\/\/icripalimosani.edu.it\/site\/2022\/05\/11\/20220511084436unidos\/\">ASSEMBLEA.SINDACALE.ON.LINE.UNICOBAS.SCUOLA.MARTED\u00cc.17.MAGGIO.2022.h.16.00<\/a><\/li><li class=\"elementor-sitemap-item elementor-sitemap-item-post page_item page-item-69953\"><a href=\"https:\/\/icripalimosani.edu.it\/site\/2022\/05\/10\/presentazione-progetto-etwinning\/\">PRESENTAZIONE PROGETTO ETWINNING<\/a><\/li><li class=\"elementor-sitemap-item elementor-sitemap-item-post page_item page-item-69934\"><a href=\"https:\/\/icripalimosani.edu.it\/site\/2022\/05\/10\/20220510170326unidos\/\">Progetto Digital Board &#8211; nomina collaudatore<\/a><\/li><li class=\"elementor-sitemap-item elementor-sitemap-item-post page_item page-item-69931\"><a href=\"https:\/\/icripalimosani.edu.it\/site\/2022\/05\/10\/20220510132120unidos\/\">INTEGRAZIONE &#8211; CHIUSURA UFFICI DI SEGRETERIA 2021\/2022<\/a><\/li><li class=\"elementor-sitemap-item elementor-sitemap-item-post page_item page-item-69930\"><a href=\"https:\/\/icripalimosani.edu.it\/site\/2022\/05\/10\/20220510131604unidos\/\">Chiusura Santo Patrono Comune di Oratino<\/a><\/li><li class=\"elementor-sitemap-item elementor-sitemap-item-post page_item page-item-69928\"><a href=\"https:\/\/icripalimosani.edu.it\/site\/2022\/05\/10\/20220510121934unidos\/\">Progetto PON Digital Board. Verbale commissione di valutazione. Bando per collaudatore<\/a><\/li><li class=\"elementor-sitemap-item elementor-sitemap-item-post page_item page-item-69927\"><a href=\"https:\/\/icripalimosani.edu.it\/site\/2022\/05\/10\/20220510120411unidos\/\">Ricorrenza Santo Patrono. Chiusura del plesso di Matrice in data 14 maggio 2022<\/a><\/li><li class=\"elementor-sitemap-item elementor-sitemap-item-post page_item page-item-69926\"><a href=\"https:\/\/icripalimosani.edu.it\/site\/2022\/05\/10\/20220510104158unidos\/\">Convocazione Collegio dei docenti<\/a><\/li><li class=\"elementor-sitemap-item elementor-sitemap-item-post page_item page-item-69925\"><a href=\"https:\/\/icripalimosani.edu.it\/site\/2022\/05\/10\/20220510102015unidos\/\">Snadir Info-Point n.150 &#8211; All&#8217;albo sindacale ex art.25 legge 300\/1970<\/a><\/li><li class=\"elementor-sitemap-item elementor-sitemap-item-post page_item page-item-69924\"><a href=\"https:\/\/icripalimosani.edu.it\/site\/2022\/05\/10\/20220510083526unidos\/\">[FLC CGIL] Scuola: sciopero per l\u2019intera giornata il 30 maggio<\/a><\/li><li class=\"elementor-sitemap-item elementor-sitemap-item-post page_item page-item-69923\"><a href=\"https:\/\/icripalimosani.edu.it\/site\/2022\/05\/09\/20220509121203unidos\/\">Progetto PON CABLAGGIO_ Determina Dirigenziale di proroga dei termini RDO e relativa comunicazione sul portale MEPA<\/a><\/li><li class=\"elementor-sitemap-item elementor-sitemap-item-post page_item page-item-69917\"><a href=\"https:\/\/icripalimosani.edu.it\/site\/2022\/05\/07\/20220507104115unidos\/\">17 maggio &#8211; Giornata internazionale contro l&#8217;omofobia,   la bifobia e la transfobia.<\/a><\/li><li class=\"elementor-sitemap-item elementor-sitemap-item-post page_item page-item-69916\"><a href=\"https:\/\/icripalimosani.edu.it\/site\/2022\/05\/07\/20220507085152unidos\/\">Assemblea informativa docenti precari &#8211; 10 maggio ore 15.30<\/a><\/li><li class=\"elementor-sitemap-item elementor-sitemap-item-post page_item page-item-69915\"><a href=\"https:\/\/icripalimosani.edu.it\/site\/2022\/05\/07\/20220507084942unidos\/\">Notiziario telematico Segreteria Federazione UIL Scuola RUA Molise &#8211; Invito al voto Elezioni Fondo Espero &#8211; Assemblea RSU 06 maggio &#8211; Scheda UIL Decreto n.36.<\/a><\/li><li class=\"elementor-sitemap-item elementor-sitemap-item-post page_item page-item-69914\"><a href=\"https:\/\/icripalimosani.edu.it\/site\/2022\/05\/07\/20220507082406unidos\/\">comunicazione sindacale urgente: Stop allo sfruttamento del personale di Segreteria<\/a><\/li><li class=\"elementor-sitemap-item elementor-sitemap-item-post page_item page-item-69911\"><a href=\"https:\/\/icripalimosani.edu.it\/site\/2022\/05\/06\/20220506085710unidos\/\">Decreto Legge n. 36 &#8211; Scheda Tecnica Uil Scuola<\/a><\/li><li class=\"elementor-sitemap-item elementor-sitemap-item-post page_item page-item-69910\"><a href=\"https:\/\/icripalimosani.edu.it\/site\/2022\/05\/06\/20220506085010unidos\/\">Gestione delle Gps da parte delle scuole &#8211; Incontro al Ministero<\/a><\/li><li class=\"elementor-sitemap-item elementor-sitemap-item-post page_item page-item-69898\"><a href=\"https:\/\/icripalimosani.edu.it\/site\/2022\/05\/05\/20220505131243unidos\/\">Nomina Commissione .Bando interno per collaudatore.Progetto Digital Board<\/a><\/li><li class=\"elementor-sitemap-item elementor-sitemap-item-post page_item page-item-69897\"><a href=\"https:\/\/icripalimosani.edu.it\/site\/2022\/05\/05\/20220505130750unidos\/\">Bando interno per collaudatore.Progetto Digital Board<\/a><\/li><li class=\"elementor-sitemap-item elementor-sitemap-item-post page_item page-item-69896\"><a href=\"https:\/\/icripalimosani.edu.it\/site\/2022\/05\/05\/20220505125419unidos\/\">Calendario Esami di Stato conclusivi primo ciclo d\u2019istruzione a. s. 20212022 &#8211; Scuola Secondaria di I grado<\/a><\/li><li class=\"elementor-sitemap-item elementor-sitemap-item-post page_item page-item-69895\"><a href=\"https:\/\/icripalimosani.edu.it\/site\/2022\/05\/05\/20220505104236unidos\/\">[FLC CGIL] Formazione in servizio e valutazione degli insegnanti: avviata la mobilitazione<\/a><\/li><li class=\"elementor-sitemap-item elementor-sitemap-item-post page_item page-item-69894\"><a href=\"https:\/\/icripalimosani.edu.it\/site\/2022\/05\/05\/20220505101000unidos\/\">Frequenza scolastica<\/a><\/li><li class=\"elementor-sitemap-item elementor-sitemap-item-post page_item page-item-69888\"><a href=\"https:\/\/icripalimosani.edu.it\/site\/2022\/05\/04\/20220504105800unidos\/\">INDIVIDUAZIONE RLS D&#8217;ISTITUTO &#8211; 2022 &#8211; 2023 &#8211; 2024<\/a><\/li><li class=\"elementor-sitemap-item elementor-sitemap-item-post page_item page-item-69887\"><a href=\"https:\/\/icripalimosani.edu.it\/site\/2022\/05\/04\/20220504084100unidos\/\">Avviso per i genitori attivazione sportello di ascolto e calendarizzazione ore da svolgere<\/a><\/li><li class=\"elementor-sitemap-item elementor-sitemap-item-post page_item page-item-69876\"><a href=\"https:\/\/icripalimosani.edu.it\/site\/2022\/05\/03\/20220503152302unidos\/\">determina a contrarre &#8211; Cablaggio strutturato e sicuro all\u2019interno degli edifici scolastici<\/a><\/li><li class=\"elementor-sitemap-item elementor-sitemap-item-post page_item page-item-69875\"><a href=\"https:\/\/icripalimosani.edu.it\/site\/2022\/05\/03\/20220503151338unidos\/\">RdO Firmata Numero 3000626 &#8211; Descrizione RdO Realizzazione di reti locali, cablate e wireless, nelle scuole<\/a><\/li><li class=\"elementor-sitemap-item elementor-sitemap-item-post page_item page-item-69874\"><a href=\"https:\/\/icripalimosani.edu.it\/site\/2022\/05\/03\/20220503140452unidos\/\">Nomina Esperto PON 10.1.1A -FSEPON-MO-2021-13 \u201cFacciamo arte\u201d- Sottoazione  10.1.1A<\/a><\/li><li class=\"elementor-sitemap-item elementor-sitemap-item-post page_item page-item-69873\"><a href=\"https:\/\/icripalimosani.edu.it\/site\/2022\/05\/03\/20220503140049unidos\/\">nomina tutor PON 10.1.1A -FSEPON-MO-2021-13 \u201cFacciamo arte<\/a><\/li><li class=\"elementor-sitemap-item elementor-sitemap-item-post page_item page-item-69872\"><a href=\"https:\/\/icripalimosani.edu.it\/site\/2022\/05\/03\/20220503135232unidos\/\">decreto approvazione graduatoria definitiva esperto relativamente al progetto PON 10.1.1A &#8211; FSEPON-MO-2021-13 \u201cFacciamo arte\u201d &#8211;<\/a><\/li><li class=\"elementor-sitemap-item elementor-sitemap-item-post page_item page-item-69871\"><a href=\"https:\/\/icripalimosani.edu.it\/site\/2022\/05\/03\/20220503131457unidos\/\">Numero RDO: 3000626 &#8211; Descrizione RDO: Realizzazione di reti locali, cablate e wireless, nelle scuole<\/a><\/li><li class=\"elementor-sitemap-item elementor-sitemap-item-post page_item page-item-69869\"><a href=\"https:\/\/icripalimosani.edu.it\/site\/2022\/05\/03\/20220503121749unidos\/\">Convocazione Consigli di classe di maggio<\/a><\/li><li class=\"elementor-sitemap-item elementor-sitemap-item-post page_item page-item-69868\"><a href=\"https:\/\/icripalimosani.edu.it\/site\/2022\/05\/03\/20220503103530unidos\/\">Informativa regionale Organici ATA 2022\/23 &#8211; Comunicato Uilscuola<\/a><\/li><li class=\"elementor-sitemap-item elementor-sitemap-item-post page_item page-item-69867\"><a href=\"https:\/\/icripalimosani.edu.it\/site\/2022\/05\/03\/20220503085155unidos\/\">Comunicazione Sciopero ANIEF del personale docente, ATA ed educativo a tempo determinato e indeterminato delle istituzioni scolastiche ed educative, per l\u2019intera giornata, del 6 maggio<\/a><\/li><li class=\"elementor-sitemap-item elementor-sitemap-item-post page_item page-item-69866\"><a href=\"https:\/\/icripalimosani.edu.it\/site\/2022\/05\/03\/20220503084307unidos\/\">ANQUAP azione di sciopero<\/a><\/li><li class=\"elementor-sitemap-item elementor-sitemap-item-post page_item page-item-69840\"><a href=\"https:\/\/icripalimosani.edu.it\/site\/2022\/05\/02\/progetto-didattico-il-bello-e-la-musica-orchestra-da-camera-di-venezia\/\">PROGETTO DIDATTICO &#8220;IL BELLO E LA MUSICA&#8221; &#8211; &#8220;ORCHESTRA DA CAMERA DI VENEZIA&#8221;<\/a><\/li><li class=\"elementor-sitemap-item elementor-sitemap-item-post page_item page-item-69828\"><a href=\"https:\/\/icripalimosani.edu.it\/site\/2022\/05\/02\/bullismo-e-cyberbullismo-incontro-con-lispettore-vitarelli\/\">BULLISMO E CYBERBULLISMO: INCONTRO CON L&#8217;ISPETTORE VITARELLI<\/a><\/li><li class=\"elementor-sitemap-item elementor-sitemap-item-post page_item page-item-69819\"><a href=\"https:\/\/icripalimosani.edu.it\/site\/2022\/05\/02\/progetto-ite-enjoy-stem\/\">PROGETTO &#8220;ITE: ENJOY&#8230;STEM&#8221;<\/a><\/li><li class=\"elementor-sitemap-item elementor-sitemap-item-post page_item page-item-69817\"><a href=\"https:\/\/icripalimosani.edu.it\/site\/2022\/05\/02\/osservatorio-antimafia-incontro-con-vincenzo-musacchio\/\">OSSERVATORIO ANTIMAFIA &#8211; INCONTRO CON VINCENZO MUSACCHIO<\/a><\/li><li class=\"elementor-sitemap-item elementor-sitemap-item-post page_item page-item-69808\"><a href=\"https:\/\/icripalimosani.edu.it\/site\/2022\/05\/02\/20220502134103unidos\/\">Azioni di sciopero previste per la giornata del 6 maggio 2022<\/a><\/li><li class=\"elementor-sitemap-item elementor-sitemap-item-post page_item page-item-69807\"><a href=\"https:\/\/icripalimosani.edu.it\/site\/2022\/05\/02\/20220502131230unidos\/\">Progetto PON Digital Board &#8211; Contratti di fornitura<\/a><\/li><li class=\"elementor-sitemap-item elementor-sitemap-item-post page_item page-item-69806\"><a href=\"https:\/\/icripalimosani.edu.it\/site\/2022\/05\/02\/20220502125913unidos\/\">Comunicazione Comuni progetto PON Digital Board<\/a><\/li><li class=\"elementor-sitemap-item elementor-sitemap-item-post page_item page-item-69805\"><a href=\"https:\/\/icripalimosani.edu.it\/site\/2022\/05\/02\/20220502112354unidos\/\">Invito al voto &#8211; Elezioni Fondo Espero 2022 &#8211;  Segreteria Federazione UIL Scuola RUA Molise<\/a><\/li><li class=\"elementor-sitemap-item elementor-sitemap-item-post page_item page-item-69804\"><a href=\"https:\/\/icripalimosani.edu.it\/site\/2022\/05\/02\/20220502111222unidos\/\">Comunicato stampa organico ATA 22\/23<\/a><\/li><li class=\"elementor-sitemap-item elementor-sitemap-item-post page_item page-item-69803\"><a href=\"https:\/\/icripalimosani.edu.it\/site\/2022\/05\/02\/20220502084022unidos\/\">Notiziario telematico Segreteria Federazione UIL Scuola RUA Molise dal 12\/04\/2022 al 29\/04\/2022<\/a><\/li><li class=\"elementor-sitemap-item elementor-sitemap-item-post page_item page-item-69802\"><a href=\"https:\/\/icripalimosani.edu.it\/site\/2022\/05\/02\/20220502083719unidos\/\">Snadir Info-Point n.149 &#8211; All&#8217;albo sindacale ex art.25 legge 300\/1970<\/a><\/li><li class=\"elementor-sitemap-item elementor-sitemap-item-post page_item page-item-69801\"><a href=\"https:\/\/icripalimosani.edu.it\/site\/2022\/04\/30\/20220430101530unidos\/\">Ordinanza_Min._Salute_28_Aprile_2022.<\/a><\/li><li class=\"elementor-sitemap-item elementor-sitemap-item-post page_item page-item-69785\"><a href=\"https:\/\/icripalimosani.edu.it\/site\/2022\/04\/30\/26-aprile-2022-concerto-per-la-pace\/\">26 APRILE 2022 &#8211; CONCERTO PER LA PACE<\/a><\/li><li class=\"elementor-sitemap-item elementor-sitemap-item-post page_item page-item-69784\"><a href=\"https:\/\/icripalimosani.edu.it\/site\/2022\/04\/29\/20220429130421unidos\/\">Elezioni fondo ESPERO<\/a><\/li><li class=\"elementor-sitemap-item elementor-sitemap-item-post page_item page-item-69779\"><a href=\"https:\/\/icripalimosani.edu.it\/site\/2022\/04\/29\/20220429100923unidos\/\">SCIOPERO INVALSI ALLA SCUOLA PRIMARIA<\/a><\/li><li class=\"elementor-sitemap-item elementor-sitemap-item-post page_item page-item-69778\"><a href=\"https:\/\/icripalimosani.edu.it\/site\/2022\/04\/29\/20220429095542unidos\/\">Ordine di acquisto. Digitalizzazione amministrativa<\/a><\/li><li class=\"elementor-sitemap-item elementor-sitemap-item-post page_item page-item-69777\"><a href=\"https:\/\/icripalimosani.edu.it\/site\/2022\/04\/29\/20220429094410unidos\/\">Attivazione sportelli consulenza GPS<\/a><\/li><li class=\"elementor-sitemap-item elementor-sitemap-item-post page_item page-item-69776\"><a href=\"https:\/\/icripalimosani.edu.it\/site\/2022\/04\/29\/20220429082246unidos\/\">PROGETTO DIDATTICO MUSICALE<\/a><\/li><li class=\"elementor-sitemap-item elementor-sitemap-item-post page_item page-item-69775\"><a href=\"https:\/\/icripalimosani.edu.it\/site\/2022\/04\/28\/20220428123850unidos\/\">Progetto PON Digital Board. Determina a contrarre. Digitalizzazione amministrativa<\/a><\/li><li class=\"elementor-sitemap-item elementor-sitemap-item-post page_item page-item-69774\"><a href=\"https:\/\/icripalimosani.edu.it\/site\/2022\/04\/28\/20220428123710unidos\/\">Progetto PON Digital Board. Determina a contrarre. Digitalizzazione amministrativa<\/a><\/li><li class=\"elementor-sitemap-item elementor-sitemap-item-post page_item page-item-69773\"><a href=\"https:\/\/icripalimosani.edu.it\/site\/2022\/04\/28\/20220428123454unidos\/\">Progetto PON Digital Board. Determina a contrarre. acquisto monitor digitali<\/a><\/li><li class=\"elementor-sitemap-item elementor-sitemap-item-post page_item page-item-69772\"><a href=\"https:\/\/icripalimosani.edu.it\/site\/2022\/04\/28\/20220428110049unidos\/\">Seminario progetto ThiCreNet &#8211; 2 maggio 2022<\/a><\/li><li class=\"elementor-sitemap-item elementor-sitemap-item-post page_item page-item-69771\"><a href=\"https:\/\/icripalimosani.edu.it\/site\/2022\/04\/28\/20220428105304unidos\/\">Azione di sciopero 6 maggio integrazione<\/a><\/li><li class=\"elementor-sitemap-item elementor-sitemap-item-post page_item page-item-69770\"><a href=\"https:\/\/icripalimosani.edu.it\/site\/2022\/04\/28\/20220428101559unidos\/\">Seminario di formazione venerd\u00ec 6 maggio . Il post fascismo in molise<\/a><\/li><li class=\"elementor-sitemap-item elementor-sitemap-item-post page_item page-item-69769\"><a href=\"https:\/\/icripalimosani.edu.it\/site\/2022\/04\/27\/20220427132102unidos\/\">Progetto PON facciamo arte &#8211; modulo arte in vacanza. Selezione tutor ed esperto<\/a><\/li><li class=\"elementor-sitemap-item elementor-sitemap-item-post page_item page-item-69767\"><a href=\"https:\/\/icripalimosani.edu.it\/site\/2022\/04\/27\/20220427130319unidos\/\">Progetto PON Facciamo arte &#8211; Moduli Ceramicando 1 e Ceramicando 2. Decreto composizione Commissione<\/a><\/li><li class=\"elementor-sitemap-item elementor-sitemap-item-post page_item page-item-69766\"><a href=\"https:\/\/icripalimosani.edu.it\/site\/2022\/04\/27\/20220427112517unidos\/\">PON Facciamo arte &#8211; modulo Ceramicando 2. Verbale commissione e nomina tutor ed esperto<\/a><\/li><li class=\"elementor-sitemap-item elementor-sitemap-item-post page_item page-item-69765\"><a href=\"https:\/\/icripalimosani.edu.it\/site\/2022\/04\/27\/20220427105126unidos\/\">PON Ceramicando 1.Verbale Commissione.Nomina Tutor ed esperto<\/a><\/li><li class=\"elementor-sitemap-item elementor-sitemap-item-post page_item page-item-69764\"><a href=\"https:\/\/icripalimosani.edu.it\/site\/2022\/04\/27\/20220427100207unidos\/\">USB Scuola: Assemblea sindacale online 3 maggio ore 17-19<\/a><\/li><li class=\"elementor-sitemap-item elementor-sitemap-item-post page_item page-item-69763\"><a href=\"https:\/\/icripalimosani.edu.it\/site\/2022\/04\/27\/20220427092706unidos\/\">RASSEGNA SINDACALE ANIEF N.16 DEL 26 APRILE 2022<\/a><\/li><li class=\"elementor-sitemap-item elementor-sitemap-item-post page_item page-item-69762\"><a href=\"https:\/\/icripalimosani.edu.it\/site\/2022\/04\/27\/20220427085554unidos\/\">Seminario di formazione Il postfascismo in Molise 6 maggio 2022<\/a><\/li><li class=\"elementor-sitemap-item elementor-sitemap-item-post page_item page-item-69760\"><a href=\"https:\/\/icripalimosani.edu.it\/site\/2022\/04\/26\/20220426130313unidos\/\">Circolare somministrazione prove INVALSI Scuola Primaria<\/a><\/li><li class=\"elementor-sitemap-item elementor-sitemap-item-post page_item page-item-69759\"><a href=\"https:\/\/icripalimosani.edu.it\/site\/2022\/04\/26\/20220426124127unidos\/\">AZIONE DI SCIOPERO 6 maggio 2022<\/a><\/li><li class=\"elementor-sitemap-item elementor-sitemap-item-post page_item page-item-69753\"><a href=\"https:\/\/icripalimosani.edu.it\/site\/2022\/04\/25\/25-aprile-festa-della-liberazione\/\">25 APRILE &#8211; FESTA DELLA LIBERAZIONE<\/a><\/li><li class=\"elementor-sitemap-item elementor-sitemap-item-post page_item page-item-69745\"><a href=\"https:\/\/icripalimosani.edu.it\/site\/2022\/04\/23\/23-aprile-giornata-della-terra\/\">23 APRILE GIORNATA DELLA TERRA<\/a><\/li><li class=\"elementor-sitemap-item elementor-sitemap-item-post page_item page-item-69741\"><a href=\"https:\/\/icripalimosani.edu.it\/site\/2022\/04\/23\/22-aprile-giornata-della-terra\/\">22 APRILE GIORNATA DELLA TERRA<\/a><\/li><li class=\"elementor-sitemap-item elementor-sitemap-item-post page_item page-item-69740\"><a href=\"https:\/\/icripalimosani.edu.it\/site\/2022\/04\/23\/20220423100201unidos\/\">Sciopero 6 maggio<\/a><\/li><li class=\"elementor-sitemap-item elementor-sitemap-item-post page_item page-item-69739\"><a href=\"https:\/\/icripalimosani.edu.it\/site\/2022\/04\/23\/20220423082448unidos\/\">Messaggio del Ministro dell&#8217;Istruzione, Prof.   Patrizio Bianchi in occasione dell&#8217;anniversario del 25 aprile 2022<\/a><\/li><li class=\"elementor-sitemap-item elementor-sitemap-item-post page_item page-item-69738\"><a href=\"https:\/\/icripalimosani.edu.it\/site\/2022\/04\/23\/20220423081313unidos\/\">Incontri Dipartimenti<\/a><\/li><li class=\"elementor-sitemap-item elementor-sitemap-item-post page_item page-item-69736\"><a href=\"https:\/\/icripalimosani.edu.it\/site\/2022\/04\/22\/20220422113026unidos\/\">PROCLAMAZIONE DEGLI ELETTI RSU<\/a><\/li><li class=\"elementor-sitemap-item elementor-sitemap-item-post page_item page-item-69735\"><a href=\"https:\/\/icripalimosani.edu.it\/site\/2022\/04\/22\/20220422111712unidos\/\">SPETT.DIRIGENTE:UNICOBAS:CIRCOLARE MINISTERO FUNZIONE PUBBLICA SCIOPERO INTERA GIORNATA 6                                                            MAGGIO.2022<\/a><\/li><li class=\"elementor-sitemap-item elementor-sitemap-item-post page_item page-item-69734\"><a href=\"https:\/\/icripalimosani.edu.it\/site\/2022\/04\/22\/20220422100100unidos\/\">Comunicato sindacale<\/a><\/li><li class=\"elementor-sitemap-item elementor-sitemap-item-post page_item page-item-69733\"><a href=\"https:\/\/icripalimosani.edu.it\/site\/2022\/04\/22\/20220422083939unidos\/\">Periodo di formazione e prova per i docenti neoassunti e per i docenti che hanno ottenuto il passaggio di ruolo. Indicazioni per il completamento delle attivit\u00e0 formative &#8211; anno scolastico 2021\/2022. Nota MI D.G. per il personale scolastico-<\/a><\/li><li class=\"elementor-sitemap-item elementor-sitemap-item-post page_item page-item-69732\"><a href=\"https:\/\/icripalimosani.edu.it\/site\/2022\/04\/21\/20220421125206unidos\/\">rettifica nomina progettista digital board<\/a><\/li><li class=\"elementor-sitemap-item elementor-sitemap-item-post page_item page-item-69731\"><a href=\"https:\/\/icripalimosani.edu.it\/site\/2022\/04\/21\/20220421121149unidos\/\">Disciplinare di gara<\/a><\/li><li class=\"elementor-sitemap-item elementor-sitemap-item-post page_item page-item-69730\"><a href=\"https:\/\/icripalimosani.edu.it\/site\/2022\/04\/21\/20220421111136unidos\/\">determina DS gara PON cablaggio<\/a><\/li><li class=\"elementor-sitemap-item elementor-sitemap-item-post page_item page-item-69729\"><a href=\"https:\/\/icripalimosani.edu.it\/site\/2022\/04\/21\/20220421105931unidos\/\">Autodichiarazione di non incompatibilit\u00e0<\/a><\/li><li class=\"elementor-sitemap-item elementor-sitemap-item-post page_item page-item-69728\"><a href=\"https:\/\/icripalimosani.edu.it\/site\/2022\/04\/21\/20220421095425unidos\/\">nomina collaudatore PON digital board<\/a><\/li><li class=\"elementor-sitemap-item elementor-sitemap-item-post page_item page-item-69727\"><a href=\"https:\/\/icripalimosani.edu.it\/site\/2022\/04\/21\/20220421093027unidos\/\">Snadir Info-Point n.148 &#8211; All&#8217;albo sindacale ex art.25 legge 300\/1970<\/a><\/li><li class=\"elementor-sitemap-item elementor-sitemap-item-post page_item page-item-69726\"><a href=\"https:\/\/icripalimosani.edu.it\/site\/2022\/04\/21\/20220421092721unidos\/\">RASSEGNA SINDACALE ANIEF N.15 DEL 20 APRILE 2022<\/a><\/li><li class=\"elementor-sitemap-item elementor-sitemap-item-post page_item page-item-69723\"><a href=\"https:\/\/icripalimosani.edu.it\/site\/2022\/04\/20\/il-gatto-che-voleva-volare\/\">IL GATTO CHE VOLEVA VOLARE<\/a><\/li><li class=\"elementor-sitemap-item elementor-sitemap-item-post page_item page-item-69697\"><a href=\"https:\/\/icripalimosani.edu.it\/site\/2022\/04\/19\/concerto-per-la-pace\/\">CONCERTO PER LA PACE 26 APRILE 2022<\/a><\/li><li class=\"elementor-sitemap-item elementor-sitemap-item-post page_item page-item-69687\"><a href=\"https:\/\/icripalimosani.edu.it\/site\/2022\/04\/16\/buona-pasqua-dallinfanzia-di-campolieto\/\">Buona Pasqua dall&#8217;infanzia di Campolieto<\/a><\/li><li class=\"elementor-sitemap-item elementor-sitemap-item-post page_item page-item-69674\"><a href=\"https:\/\/icripalimosani.edu.it\/site\/2022\/04\/14\/via-crucis-per-la-pace-nel-mondo\/\">VIA CRUCIS PER LA PACE NEL MONDO<\/a><\/li><li class=\"elementor-sitemap-item elementor-sitemap-item-post page_item page-item-69667\"><a href=\"https:\/\/icripalimosani.edu.it\/site\/2022\/04\/14\/prodotto-multimediale-del-percorso-didattico-pasqua-e-pace\/\">Prodotto multimediale del percorso didattico &#8220;PASQUA \u00c8 PACE&#8221;<\/a><\/li><li class=\"elementor-sitemap-item elementor-sitemap-item-post page_item page-item-69664\"><a href=\"https:\/\/icripalimosani.edu.it\/site\/2022\/04\/14\/tinkering-game-elaborato-finalee\/\">TINKERING Game &#8211; Elaborato finale<\/a><\/li><li class=\"elementor-sitemap-item elementor-sitemap-item-post page_item page-item-69635\"><a href=\"https:\/\/icripalimosani.edu.it\/site\/2022\/04\/14\/buona-pasqua\/\">BUONA PASQUA<\/a><\/li><li class=\"elementor-sitemap-item elementor-sitemap-item-post page_item page-item-69634\"><a href=\"https:\/\/icripalimosani.edu.it\/site\/2022\/04\/13\/20220413114013unidos\/\">Bando esperto interno -esterno PON Facciamo arte .Ceramicando 2  Bando tutor PON Facciamo arte .Ceramicando 2<\/a><\/li><li class=\"elementor-sitemap-item elementor-sitemap-item-post page_item page-item-69633\"><a href=\"https:\/\/icripalimosani.edu.it\/site\/2022\/04\/13\/20220413110329unidos\/\">Auguri Pasquali<\/a><\/li><li class=\"elementor-sitemap-item elementor-sitemap-item-post page_item page-item-69632\"><a href=\"https:\/\/icripalimosani.edu.it\/site\/2022\/04\/13\/20220413103632unidos\/\">Auguri di Pasqua 2022 Ministro dell&#8217;Istruzione, Prof. Patrizio Bianchi<\/a><\/li><li class=\"elementor-sitemap-item elementor-sitemap-item-post page_item page-item-69631\"><a href=\"https:\/\/icripalimosani.edu.it\/site\/2022\/04\/13\/20220413093201unidos\/\">Azione di sciopero 22 e 23 aprile 2022<\/a><\/li><li class=\"elementor-sitemap-item elementor-sitemap-item-post page_item page-item-69630\"><a href=\"https:\/\/icripalimosani.edu.it\/site\/2022\/04\/13\/20220413093012unidos\/\">Comparto istruzione e ricerca &#8211; settore scuola: azioni di sciopero previste per la giornata del 22 aprile 2022<\/a><\/li><li class=\"elementor-sitemap-item elementor-sitemap-item-post page_item page-item-69629\"><a href=\"https:\/\/icripalimosani.edu.it\/site\/2022\/04\/13\/20220413083602unidos\/\">SNADIR INFO-POINT n.147 &#8211; All&#8217;albo sindacale ex art.25 legge 300\/1970<\/a><\/li><li class=\"elementor-sitemap-item elementor-sitemap-item-post page_item page-item-69628\"><a href=\"https:\/\/icripalimosani.edu.it\/site\/2022\/04\/12\/20220412125200unidos\/\">Bando selezione esperto interno\/esterno e tutor .PON FACCIAMO ARTE MODULO CERAMICANDO 1<\/a><\/li><li class=\"elementor-sitemap-item elementor-sitemap-item-post page_item page-item-69627\"><a href=\"https:\/\/icripalimosani.edu.it\/site\/2022\/04\/12\/20220412121523unidos\/\">Colloqui scuola famiglia<\/a><\/li><li class=\"elementor-sitemap-item elementor-sitemap-item-post page_item page-item-69626\"><a href=\"https:\/\/icripalimosani.edu.it\/site\/2022\/04\/12\/20220412110456unidos\/\">PROCLAMAZIONE SCIOPERO CSLE 22 e 23 APRILE 2022<\/a><\/li><li class=\"elementor-sitemap-item elementor-sitemap-item-post page_item page-item-69624\"><a href=\"https:\/\/icripalimosani.edu.it\/site\/2022\/04\/12\/20220412094526unidos\/\">AI DOCENTI DI RELIGIONE &#8211; UIL SCUOLA IRC INFORMA N. 10-2022 &#8211; Concorsi di religione nulla di fatto &#8211; proposte giudiziarie<\/a><\/li><li class=\"elementor-sitemap-item elementor-sitemap-item-post page_item page-item-69623\"><a href=\"https:\/\/icripalimosani.edu.it\/site\/2022\/04\/12\/20220412082742unidos\/\">Elezioni RSU 2022 : ringraziamenti FLC CGIL<\/a><\/li><li class=\"elementor-sitemap-item elementor-sitemap-item-post page_item page-item-69622\"><a href=\"https:\/\/icripalimosani.edu.it\/site\/2022\/04\/11\/20220411140153unidos\/\">Bando mediatore culturale per accoglienza alunni profughi ucraini<\/a><\/li><li class=\"elementor-sitemap-item elementor-sitemap-item-post page_item page-item-69621\"><a href=\"https:\/\/icripalimosani.edu.it\/site\/2022\/04\/11\/20220411085356unidos\/\">COMUNICATO SINDACALE<\/a><\/li><li class=\"elementor-sitemap-item elementor-sitemap-item-post page_item page-item-69620\"><a href=\"https:\/\/icripalimosani.edu.it\/site\/2022\/04\/11\/20220411084827unidos\/\">TFA sostegno. Corso di preparazione. Scadenza iscrizioni 20 aprile 2022<\/a><\/li><li class=\"elementor-sitemap-item elementor-sitemap-item-post page_item page-item-69619\"><a href=\"https:\/\/icripalimosani.edu.it\/site\/2022\/04\/11\/20220411084244unidos\/\">SNADIR INFO-POINT n.146 &#8211; All&#8217;albo sindacale ex art.25 legge 300\/1970<\/a><\/li><li class=\"elementor-sitemap-item elementor-sitemap-item-post page_item page-item-69618\"><a href=\"https:\/\/icripalimosani.edu.it\/site\/2022\/04\/11\/20220411083915unidos\/\">Notiziario telematico Segreteria Federazione UIL Scuola Molise dal 28\/03\/2022 al 09\/04\/2022<\/a><\/li><li class=\"elementor-sitemap-item elementor-sitemap-item-post page_item page-item-69617\"><a href=\"https:\/\/icripalimosani.edu.it\/site\/2022\/04\/11\/20220411083653unidos\/\">ANCORA UNA SUCCESSO DELLA UIL SCUOLA<\/a><\/li><li class=\"elementor-sitemap-item elementor-sitemap-item-post page_item page-item-69616\"><a href=\"https:\/\/icripalimosani.edu.it\/site\/2022\/04\/11\/20220411083320unidos\/\">AI DOCENTI DI RELIGIONE<\/a><\/li><li class=\"elementor-sitemap-item elementor-sitemap-item-post page_item page-item-69613\"><a href=\"https:\/\/icripalimosani.edu.it\/site\/2022\/04\/09\/i-bambini-dicono-no-alla-guerra\/\">I BAMBINI DICONO &#8220;NO ALLA GUERRA&#8221;<\/a><\/li><li class=\"elementor-sitemap-item elementor-sitemap-item-post page_item page-item-69600\"><a href=\"https:\/\/icripalimosani.edu.it\/site\/2022\/04\/08\/no-alla-guerra-si-alla-pace\/\">NO ALLA GUERRA, S\u00cc ALLA PACE<\/a><\/li><li class=\"elementor-sitemap-item elementor-sitemap-item-post page_item page-item-69598\"><a href=\"https:\/\/icripalimosani.edu.it\/site\/2022\/04\/08\/20220408131147unidos\/\">RISULTATO VOTAZIONI RSU<\/a><\/li><li class=\"elementor-sitemap-item elementor-sitemap-item-post page_item page-item-69597\"><a href=\"https:\/\/icripalimosani.edu.it\/site\/2022\/04\/07\/20220407101254unidos\/\">Calendario scrutini Secondo Quadrimestre<\/a><\/li><li class=\"elementor-sitemap-item elementor-sitemap-item-post page_item page-item-69596\"><a href=\"https:\/\/icripalimosani.edu.it\/site\/2022\/04\/07\/20220407090133unidos\/\">Adozione degli \u201cOrientamenti nazionali per i servizi educativi per l\u2019infanzia\u201d di cui all\u2019articolo 5, comma 1, lettera f) del decreto legislativo 13 aprile 2017, n. 65_SISTEMA 0-6<\/a><\/li><li class=\"elementor-sitemap-item elementor-sitemap-item-post page_item page-item-69595\"><a href=\"https:\/\/icripalimosani.edu.it\/site\/2022\/04\/07\/20220407085838unidos\/\">Decreto-legge 24 marzo 2022, n. 24 \u2013 impiego delle certificazioni verdi (green pass base). Chiarimenti.<\/a><\/li><li class=\"elementor-sitemap-item elementor-sitemap-item-post page_item page-item-69594\"><a href=\"https:\/\/icripalimosani.edu.it\/site\/2022\/04\/07\/20220407085459unidos\/\">[INFORMAZIONI SINDACALI] AI DOCENTI DI RELIGIONE &#8211; UIL SCUOLA IRC INFORMA N. 9-2022 &#8211; problemi stipendiali\/graduatorie\/carta docenti<\/a><\/li><li class=\"elementor-sitemap-item elementor-sitemap-item-post page_item page-item-69593\"><a href=\"https:\/\/icripalimosani.edu.it\/site\/2022\/04\/07\/20220407083249unidos\/\">ELEZIONI RESU &#8211; CHIARIMENTI ANIEF<\/a><\/li><li class=\"elementor-sitemap-item elementor-sitemap-item-post page_item page-item-69591\"><a href=\"https:\/\/icripalimosani.edu.it\/site\/2022\/04\/06\/20220406121029unidos\/\">Progetto PON modulo coding nomina esperto e tutor<\/a><\/li><li class=\"elementor-sitemap-item elementor-sitemap-item-post page_item page-item-69589\"><a href=\"https:\/\/icripalimosani.edu.it\/site\/2022\/04\/06\/20220406114447unidos\/\">AGGIORNAMENTO GRADUATORIE PERSONALE ATA &#8211; 24 MESI<\/a><\/li><li class=\"elementor-sitemap-item elementor-sitemap-item-post page_item page-item-69588\"><a href=\"https:\/\/icripalimosani.edu.it\/site\/2022\/04\/06\/20220406112903unidos\/\">Linee guida per la ripresa delle attivita&#8217; economiche e sociali 31.03.2022 Ordinanza 01.04.2022<\/a><\/li><li class=\"elementor-sitemap-item elementor-sitemap-item-post page_item page-item-69587\"><a href=\"https:\/\/icripalimosani.edu.it\/site\/2022\/04\/06\/20220406094630unidos\/\">[UIL Scuola Molise: Notizie] Elezioni RSU 5-6-7 aprile 2022 &#8220;Diamo il voto alla UIL Scuola&#8221;<\/a><\/li><li class=\"elementor-sitemap-item elementor-sitemap-item-post page_item page-item-69586\"><a href=\"https:\/\/icripalimosani.edu.it\/site\/2022\/04\/06\/20220406093732unidos\/\">Comunicato sindacale<\/a><\/li><li class=\"elementor-sitemap-item elementor-sitemap-item-post page_item page-item-69585\"><a href=\"https:\/\/icripalimosani.edu.it\/site\/2022\/04\/05\/20220405155053unidos\/\">Bando esperto interno-esterno PON Arte in vacanza<\/a><\/li><li class=\"elementor-sitemap-item elementor-sitemap-item-post page_item page-item-69575\"><a href=\"https:\/\/icripalimosani.edu.it\/site\/2022\/04\/05\/20220405130354unidos\/\">Applicazione in ambito scolastico delle disposizioni previste dal decreto-legge 24 marzo 2022, n. 24 &#8211; aggiornamento delle modalit\u00e0 di gestione dei contatti con casi di positivit\u00e0 all\u2019infezione da SARS-CoV-2 .<\/a><\/li><li class=\"elementor-sitemap-item elementor-sitemap-item-post page_item page-item-69574\"><a href=\"https:\/\/icripalimosani.edu.it\/site\/2022\/04\/05\/20220405123627unidos\/\">[FLC CGIL] 5, 6 e 7 aprile elezioni RSU. Insieme #FacciamoQuadrato!<\/a><\/li><li class=\"elementor-sitemap-item elementor-sitemap-item-post page_item page-item-69572\"><a href=\"https:\/\/icripalimosani.edu.it\/site\/2022\/04\/05\/20220405081958unidos\/\">ELEZIONI RSU &#8211;<\/a><\/li><li class=\"elementor-sitemap-item elementor-sitemap-item-post page_item page-item-69571\"><a href=\"https:\/\/icripalimosani.edu.it\/site\/2022\/04\/04\/20220404125246unidos\/\">Avviso di indagine di mercato.Cablaggio strutturato e sicuro all\u2019interno degli edifici scolastici.<\/a><\/li><li class=\"elementor-sitemap-item elementor-sitemap-item-post page_item page-item-69570\"><a href=\"https:\/\/icripalimosani.edu.it\/site\/2022\/04\/04\/20220404120616unidos\/\">Prime indicazioni relative alle misure di sicurezza di carattere sanitario da applicare a partire dal 1\/4\/2022<\/a><\/li><li class=\"elementor-sitemap-item elementor-sitemap-item-post page_item page-item-69569\"><a href=\"https:\/\/icripalimosani.edu.it\/site\/2022\/04\/04\/20220404120341unidos\/\">Nuove modalit\u00e0 di gestione dei casi e dei contatti stretti di caso COVID-19.<\/a><\/li><li class=\"elementor-sitemap-item elementor-sitemap-item-post page_item page-item-69568\"><a href=\"https:\/\/icripalimosani.edu.it\/site\/2022\/04\/04\/20220404105936unidos\/\">Elezioni RSU<\/a><\/li><li class=\"elementor-sitemap-item elementor-sitemap-item-post page_item page-item-69564\"><a href=\"https:\/\/icripalimosani.edu.it\/site\/2022\/04\/03\/flipped-classroom-limpero-carolingio-e-i-franchi\/\">Flipped classroom &#8211; &#8220;L&#8217;impero Carolingio e i Franchi&#8221;<\/a><\/li><li class=\"elementor-sitemap-item elementor-sitemap-item-post page_item page-item-69559\"><a href=\"https:\/\/icripalimosani.edu.it\/site\/2022\/04\/02\/20220402102917unidos\/\">ELEZIONI RSU &#8211; NOMINE COMPONENTI SEGGIO<\/a><\/li><li class=\"elementor-sitemap-item elementor-sitemap-item-post page_item page-item-69558\"><a href=\"https:\/\/icripalimosani.edu.it\/site\/2022\/04\/02\/20220402090532unidos\/\">Servizio mensa scuola infanzia Montagano<\/a><\/li><li class=\"elementor-sitemap-item elementor-sitemap-item-post page_item page-item-69547\"><a href=\"https:\/\/icripalimosani.edu.it\/site\/2022\/04\/01\/20220401141658unidos\/\">Nuove modalit\u00e0 di gestione dei casi e dei contatti stretti di caso COVID-19.<\/a><\/li><li class=\"elementor-sitemap-item elementor-sitemap-item-post page_item page-item-69546\"><a href=\"https:\/\/icripalimosani.edu.it\/site\/2022\/04\/01\/20220401141303unidos\/\">Nuove disposizioni in materia di sicurezza sul luogo di lavoro<\/a><\/li><li class=\"elementor-sitemap-item elementor-sitemap-item-post page_item page-item-69545\"><a href=\"https:\/\/icripalimosani.edu.it\/site\/2022\/04\/01\/20220401135555unidos\/\">individuazione esperto e tutor PON &#8211; Modulo Coding<\/a><\/li><li class=\"elementor-sitemap-item elementor-sitemap-item-post page_item page-item-69543\"><a href=\"https:\/\/icripalimosani.edu.it\/site\/2022\/04\/01\/20220401111333unidos\/\">\u201cPiano per la prosecuzione, nell\u2019anno scolastico 2021-2022&#8243;<\/a><\/li><li class=\"elementor-sitemap-item elementor-sitemap-item-post page_item page-item-69542\"><a href=\"https:\/\/icripalimosani.edu.it\/site\/2022\/04\/01\/20220401110857unidos\/\">Giornata_Mondiale_della_Consapevolezza_dell&#8217;Autismo_2_aprile_2022<\/a><\/li><li class=\"elementor-sitemap-item elementor-sitemap-item-post page_item page-item-69541\"><a href=\"https:\/\/icripalimosani.edu.it\/site\/2022\/04\/01\/20220401110531unidos\/\">Divieto dell\u2019uso di cellulari a scuola<\/a><\/li><li class=\"elementor-sitemap-item elementor-sitemap-item-post page_item page-item-69536\"><a href=\"https:\/\/icripalimosani.edu.it\/site\/2022\/03\/31\/concorso-nazionale-fai-greenfuture-nellambito-del-progetto-ambiente-tutto-cio-che-ci-circonda\/\">Concorso Nazionale\u00a0FAI #GREENFUTURE nell\u2019ambito del Progetto \u201cAMBIENTE? TUTTO CIO\u2019 CHE CI CIRCONDA\u201d.<\/a><\/li><li class=\"elementor-sitemap-item elementor-sitemap-item-post page_item page-item-69531\"><a href=\"https:\/\/icripalimosani.edu.it\/site\/2022\/03\/31\/progetto-interdisciplinare-gli-indios-sono-uomini\/\">Progetto interdisciplinare: &#8220;Gli indios sono uomini?&#8221;<\/a><\/li><li class=\"elementor-sitemap-item elementor-sitemap-item-post page_item page-item-69527\"><a href=\"https:\/\/icripalimosani.edu.it\/site\/2022\/03\/31\/lolocausto-con-la-metodologia-della-flipped\/\">L&#8217;Olocausto con la metodologia della Flipped<\/a><\/li><li class=\"elementor-sitemap-item elementor-sitemap-item-post page_item page-item-69526\"><a href=\"https:\/\/icripalimosani.edu.it\/site\/2022\/03\/31\/20220331143955unidos\/\">Rettifica bando psicologo<\/a><\/li><li class=\"elementor-sitemap-item elementor-sitemap-item-post page_item page-item-69522\"><a href=\"https:\/\/icripalimosani.edu.it\/site\/2022\/03\/30\/ggetto-aggiornamento-delle-modalita-di-gestione-dei-contatti-con-casi-di-positivita-allinfezione-da-sars-cov-2-applicazione-in-ambito-scolastico-delle-disposizioni-previste-dal-decreto-leg\/\">OGGETTO: aggiornamento delle modalit\u00e0 di gestione dei contatti con casi di positivit\u00e0 all\u2019infezione da SARS-CoV-2: applicazione in ambito scolastico delle disposizioni previste  dal decreto-legge 24 marzo 2022, n.24<\/a><\/li><li class=\"elementor-sitemap-item elementor-sitemap-item-post page_item page-item-69518\"><a href=\"https:\/\/icripalimosani.edu.it\/site\/2022\/03\/29\/20220329133357unidos\/\">Comunicato ricorso carta docente precari<\/a><\/li><li class=\"elementor-sitemap-item elementor-sitemap-item-post page_item page-item-69517\"><a href=\"https:\/\/icripalimosani.edu.it\/site\/2022\/03\/29\/20220329120605unidos\/\">SCIOPERO NAZIONALE INDETTO PER L&#8217;08 APRILE 2022 per tutto il personale docente e ATA a tempo indeterminato, atipico e precario ai sensi della L 146\/90 e successive integrazioni e modifiche<\/a><\/li><li class=\"elementor-sitemap-item elementor-sitemap-item-post page_item page-item-69516\"><a href=\"https:\/\/icripalimosani.edu.it\/site\/2022\/03\/29\/20220329091452unidos\/\">USB Scuola. Assemblea sindacale 4 aprile ore 17:00<\/a><\/li><li class=\"elementor-sitemap-item elementor-sitemap-item-post page_item page-item-69515\"><a href=\"https:\/\/icripalimosani.edu.it\/site\/2022\/03\/29\/20220329090820unidos\/\">ASSEMBLEA SINDACALE<\/a><\/li><li class=\"elementor-sitemap-item elementor-sitemap-item-post page_item page-item-69514\"><a href=\"https:\/\/icripalimosani.edu.it\/site\/2022\/03\/29\/20220329090449unidos\/\">RASSEGNA SINDACALE ANIEF N. 12 DEL 28\/03\/2022<\/a><\/li><li class=\"elementor-sitemap-item elementor-sitemap-item-post page_item page-item-69513\"><a href=\"https:\/\/icripalimosani.edu.it\/site\/2022\/03\/29\/20220329085645unidos\/\">Assemblea Sindacale del 30\/03\/2022: comunicazione LINK<\/a><\/li><li class=\"elementor-sitemap-item elementor-sitemap-item-post page_item page-item-69512\"><a href=\"https:\/\/icripalimosani.edu.it\/site\/2022\/03\/29\/20220329082733unidos\/\">Snadir News n. 154 &#8211; All&#8217;albo sindacale ex art. 25 legge 300\/197<\/a><\/li><li class=\"elementor-sitemap-item elementor-sitemap-item-post page_item page-item-69511\"><a href=\"https:\/\/icripalimosani.edu.it\/site\/2022\/03\/28\/20220328135730unidos\/\">Sospensione mensa scuola dell&#8217;Infanzia di Petrella Tifernina<\/a><\/li><li class=\"elementor-sitemap-item elementor-sitemap-item-post page_item page-item-69510\"><a href=\"https:\/\/icripalimosani.edu.it\/site\/2022\/03\/28\/20220328093146unidos\/\">Comunicato sindacale<\/a><\/li><li class=\"elementor-sitemap-item elementor-sitemap-item-post page_item page-item-69509\"><a href=\"https:\/\/icripalimosani.edu.it\/site\/2022\/03\/28\/20220328092830unidos\/\">USB Scuola: Assemblea sindacale 4 aprile ore 17<\/a><\/li><li class=\"elementor-sitemap-item elementor-sitemap-item-post page_item page-item-69508\"><a href=\"https:\/\/icripalimosani.edu.it\/site\/2022\/03\/28\/20220328083631unidos\/\">Notiziario telematico Segreteria Federazione UIL Scuola Molise dal 12\/03\/2022 al 26\/03\/2022<\/a><\/li><li class=\"elementor-sitemap-item elementor-sitemap-item-post page_item page-item-69507\"><a href=\"https:\/\/icripalimosani.edu.it\/site\/2022\/03\/28\/20220328083201unidos\/\">SNADIR INFO-POINT n.143 &#8211; 21 marzo 2022 &#8211; All&#8217;albo sindacale ex art.25 legge 300\/1970<\/a><\/li><li class=\"elementor-sitemap-item elementor-sitemap-item-post page_item page-item-69500\"><a href=\"https:\/\/icripalimosani.edu.it\/site\/2022\/03\/27\/aiutiamo-lambiente-reciclando\/\">Aiutiamo l&#8217;ambiente&#8230; reciclando!<\/a><\/li><li class=\"elementor-sitemap-item elementor-sitemap-item-post page_item page-item-69499\"><a href=\"https:\/\/icripalimosani.edu.it\/site\/2022\/03\/26\/20220326094834unidos\/\">Elezioni RSU 5, 6 e 7 aprile: lettera invito al voto e lista candidati<\/a><\/li><li class=\"elementor-sitemap-item elementor-sitemap-item-post page_item page-item-69498\"><a href=\"https:\/\/icripalimosani.edu.it\/site\/2022\/03\/26\/20220326090752unidos\/\">Esami conclusivi Scuola secondaria di primo grado a.s.2021\/2022<\/a><\/li><li class=\"elementor-sitemap-item elementor-sitemap-item-post page_item page-item-69497\"><a href=\"https:\/\/icripalimosani.edu.it\/site\/2022\/03\/25\/20220325103232unidos\/\">AVVISO ASSEGNAZIONE RISORSE FINANZIARIE FINALIZZATE ALL\u2019ATTIVAZIONE DI SERVIZI PER L\u2019ASSISTENZA E IL SUPPORTO PSICOLOGICO-ART.1 comma 697 ,L.n. 234\/2021.<\/a><\/li><li class=\"elementor-sitemap-item elementor-sitemap-item-post page_item page-item-69496\"><a href=\"https:\/\/icripalimosani.edu.it\/site\/2022\/03\/24\/20220324103401unidos\/\">FLC INFORMA: proroga contratti covid, aggiornamento GAE, assemblea sindacale il 31 marzo<\/a><\/li><li class=\"elementor-sitemap-item elementor-sitemap-item-post page_item page-item-69495\"><a href=\"https:\/\/icripalimosani.edu.it\/site\/2022\/03\/22\/20220322110229unidos\/\">Ulteriore prosecuzione azioni di protesta sindacale per Direttori SGA e Assistenti Amministrativi delle Istruzioni Scolastiche ed Educative dal 1\u00b0 al 30 aprile 2022 (artt. 10e11 Accordo Sindacale del 02\/12\/2020).<\/a><\/li><li class=\"elementor-sitemap-item elementor-sitemap-item-post page_item page-item-69494\"><a href=\"https:\/\/icripalimosani.edu.it\/site\/2022\/03\/22\/20220322081059unidos\/\">Sospensione servizio mensa scuola dell&#8217;Infanzia di Montagano<\/a><\/li><li class=\"elementor-sitemap-item elementor-sitemap-item-post page_item page-item-69493\"><a href=\"https:\/\/icripalimosani.edu.it\/site\/2022\/03\/21\/20220321123832unidos\/\">SNADIR INFO-POINT n.141 &#8211; 21 marzo 2022 &#8211; All&#8217;albo sindacale ex art.25 legge 300\/1970<\/a><\/li><li class=\"elementor-sitemap-item elementor-sitemap-item-post page_item page-item-69485\"><a href=\"https:\/\/icripalimosani.edu.it\/site\/2022\/03\/20\/anniversario-unita-ditalia-2022\/\">Anniversario Unit\u00e0 d&#8217;Italia 2022<\/a><\/li><li class=\"elementor-sitemap-item elementor-sitemap-item-post page_item page-item-69483\"><a href=\"https:\/\/icripalimosani.edu.it\/site\/2022\/03\/19\/20220319124022unidos\/\">Snadir News n.150 &#8211; Professione i.r. 03\/2022 &#8211; Informativa sindacale ex art.25 legge 300\/1970<\/a><\/li><li class=\"elementor-sitemap-item elementor-sitemap-item-post page_item page-item-69473\"><a href=\"https:\/\/icripalimosani.edu.it\/site\/2022\/03\/18\/20220318120829unidos\/\">FLC CGIL 25 MARZO SCIOPERO ISTRUZIONE E RICERCA: IN PIAZZA CON I FRIDAYS FOR FUTURE<\/a><\/li><li class=\"elementor-sitemap-item elementor-sitemap-item-post page_item page-item-69462\"><a href=\"https:\/\/icripalimosani.edu.it\/site\/2022\/03\/18\/progetto-bullismo-e-cyberbullismo-petrella-tifernina\/\">Progetto bullismo e cyberbullismo &#8211; Petrella Tifernina<\/a><\/li><li class=\"elementor-sitemap-item elementor-sitemap-item-post page_item page-item-69455\"><a href=\"https:\/\/icripalimosani.edu.it\/site\/2022\/03\/18\/progetto-raf-ridisegnare-lambiente-e-il-futuro\/\">Progetto RAF &#8220;Ridisegnare l&#8217;ambiente e il futuro&#8221;<\/a><\/li><li class=\"elementor-sitemap-item elementor-sitemap-item-post page_item page-item-69444\"><a href=\"https:\/\/icripalimosani.edu.it\/site\/2022\/03\/18\/lotta-al-bullismo-e-al-cyberbullismo\/\">LOTTA AL BULLISMO E  AL CYBERBULLISMO<\/a><\/li><li class=\"elementor-sitemap-item elementor-sitemap-item-post page_item page-item-69443\"><a href=\"https:\/\/icripalimosani.edu.it\/site\/2022\/03\/17\/20220317141329unidos\/\">Convocazione assemblea territoriale FLC CGIL Molise &#8211; 31 marzo 2022<\/a><\/li><li class=\"elementor-sitemap-item elementor-sitemap-item-post page_item page-item-69442\"><a href=\"https:\/\/icripalimosani.edu.it\/site\/2022\/03\/17\/20220317140932unidos\/\">AI DOCENTI DI RELIGIONE &#8211; UIL SCUOLA IRC INFORMA N. 8-2022 &#8211; Carta docenti ai docenti di religione incaricati<\/a><\/li><li class=\"elementor-sitemap-item elementor-sitemap-item-post page_item page-item-69441\"><a href=\"https:\/\/icripalimosani.edu.it\/site\/2022\/03\/17\/20220317140701unidos\/\">Snadir News n.148 &#8211; Carta docente ai precari &#8211; All&#8217;albo sindacale ex art.25 legge 300\/1970<\/a><\/li><li class=\"elementor-sitemap-item elementor-sitemap-item-post page_item page-item-69435\"><a href=\"https:\/\/icripalimosani.edu.it\/site\/2022\/03\/16\/20220316122154unidos\/\">PROCLAMAZIONE SCIOPERO DEL 25 MARZO 2022<\/a><\/li><li class=\"elementor-sitemap-item elementor-sitemap-item-post page_item page-item-69434\"><a href=\"https:\/\/icripalimosani.edu.it\/site\/2022\/03\/16\/20220316120310unidos\/\">ORDINANZE ESAMI DI STATO A.S. 2021\/2022<\/a><\/li><li class=\"elementor-sitemap-item elementor-sitemap-item-post page_item page-item-69433\"><a href=\"https:\/\/icripalimosani.edu.it\/site\/2022\/03\/15\/20220315134616unidos\/\">Consigli di classe, di interclasse e di intersezione in modalit\u00e0 a distanza, con la presenza della Rappresentanza dei genitori.<\/a><\/li><li class=\"elementor-sitemap-item elementor-sitemap-item-post page_item page-item-69349\"><a href=\"https:\/\/icripalimosani.edu.it\/site\/2022\/03\/14\/20220314114739unidos\/\">Decreto Ministeriale n. 60 per aggiornamento Graduatorie ad Esaurimento (GAE) &#8211; Allegato da Segreteria UIL Scuola RUA MOLISE<\/a><\/li><li class=\"elementor-sitemap-item elementor-sitemap-item-post page_item page-item-69348\"><a href=\"https:\/\/icripalimosani.edu.it\/site\/2022\/03\/14\/20220314104938unidos\/\">Notiziario telematico Segreteria UIL Scuola Molise dal 27\/02\/2022 al 10\/03\/2022<\/a><\/li><li class=\"elementor-sitemap-item elementor-sitemap-item-post page_item page-item-69337\"><a href=\"https:\/\/icripalimosani.edu.it\/site\/2022\/03\/13\/flashmob-sulla-pace-scuola-primaria-di-matrice\/\">FLASHMOB SULLA PACE &#8211; Scuola Primaria di Matrice<\/a><\/li><li class=\"elementor-sitemap-item elementor-sitemap-item-post page_item page-item-69299\"><a href=\"https:\/\/icripalimosani.edu.it\/site\/2022\/03\/12\/20220312130714unidos\/\">USB Scuola: sportello consulenze per aggiornamento GaE<\/a><\/li><li class=\"elementor-sitemap-item elementor-sitemap-item-post page_item page-item-69298\"><a href=\"https:\/\/icripalimosani.edu.it\/site\/2022\/03\/11\/20220311135718unidos\/\">invito incontro 15.03.2022 Comune di Ripalimosani<\/a><\/li><li class=\"elementor-sitemap-item elementor-sitemap-item-post page_item page-item-69297\"><a href=\"https:\/\/icripalimosani.edu.it\/site\/2022\/03\/11\/20220311130400unidos\/\">Decreto Ministeriale n. 60 del 10 marzo 2022 &#8211; Aggiornamento delle graduatorie ad  esaurimento e delle graduatorie di istituto di I fascia del personale docente ed educativo,  valevoli per il triennio scolastico 2022\/2023, 2023\/2024 e 2024\/2025.<\/a><\/li><li class=\"elementor-sitemap-item elementor-sitemap-item-post page_item page-item-69296\"><a href=\"https:\/\/icripalimosani.edu.it\/site\/2022\/03\/11\/20220311121307unidos\/\">[Sindacato Nazionale FederATA] WEBINAR MOBILITA\u2019 PERSONALE ATA 2022-2023<\/a><\/li><li class=\"elementor-sitemap-item elementor-sitemap-item-post page_item page-item-69295\"><a href=\"https:\/\/icripalimosani.edu.it\/site\/2022\/03\/11\/20220311120452unidos\/\">O.M. n. 46 del 29.03.2021 relativa alla mobilit\u00e0 del personale docente di religione<\/a><\/li><li class=\"elementor-sitemap-item elementor-sitemap-item-post page_item page-item-69294\"><a href=\"https:\/\/icripalimosani.edu.it\/site\/2022\/03\/11\/20220311085810unidos\/\">Locandina sportello d\u2019ascolto marzo<\/a><\/li><li class=\"elementor-sitemap-item elementor-sitemap-item-post page_item page-item-69293\"><a href=\"https:\/\/icripalimosani.edu.it\/site\/2022\/03\/10\/20220310151021unidos\/\">Seminario di formazione per delegati e candidati FLC CGIL Molise: professionalit\u00e0 e rappresentanza nei settori della conoscenza<\/a><\/li><li class=\"elementor-sitemap-item elementor-sitemap-item-post page_item page-item-69292\"><a href=\"https:\/\/icripalimosani.edu.it\/site\/2022\/03\/10\/20220310142258unidos\/\">Seminario di formazione per delegati e candidati FLC CGIL Molise: professionalit\u00e0 e rappresentanza nei settori della conoscenza<\/a><\/li><li class=\"elementor-sitemap-item elementor-sitemap-item-post page_item page-item-69291\"><a href=\"https:\/\/icripalimosani.edu.it\/site\/2022\/03\/10\/20220310122645unidos\/\">Convocazione di un\u2019assemblea sindacale territoriale, del personale delle istituzioni scolastiche di ogni ordine e grado<\/a><\/li><li class=\"elementor-sitemap-item elementor-sitemap-item-post page_item page-item-69290\"><a href=\"https:\/\/icripalimosani.edu.it\/site\/2022\/03\/09\/20220309093101unidos\/\">avvio Pon inglese<\/a><\/li><li class=\"elementor-sitemap-item elementor-sitemap-item-post page_item page-item-69289\"><a href=\"https:\/\/icripalimosani.edu.it\/site\/2022\/03\/08\/20220308130153unidos\/\">Ordinanza sindacale_chiusura dell\u2019intero plesso scolastico di Limosano per la giornata di marted\u00ec 8 marzo 2022.<\/a><\/li><li class=\"elementor-sitemap-item elementor-sitemap-item-post page_item page-item-69288\"><a href=\"https:\/\/icripalimosani.edu.it\/site\/2022\/03\/08\/20220308114052unidos\/\">Bando per la selezione di un esperto e un tutor per il progetto PON CODING<\/a><\/li><li class=\"elementor-sitemap-item elementor-sitemap-item-post page_item page-item-69287\"><a href=\"https:\/\/icripalimosani.edu.it\/site\/2022\/03\/08\/20220308113222unidos\/\">ORDINANZA SINDACALE N. 4_ COMUNE DI PETRELLA TIFERNINA_CHIUSURA SCUOLA PER CONDIZIONI METEREOLOGICHE AVVERSE<\/a><\/li><li class=\"elementor-sitemap-item elementor-sitemap-item-post page_item page-item-69286\"><a href=\"https:\/\/icripalimosani.edu.it\/site\/2022\/03\/08\/20220308112536unidos\/\">Ordinanza sindacale_ Comune di Campolieto_Condizioni meteo avverse. Chiusura delle scuole di ogni ordine e grado per il giorno 8 marzo 2022.<\/a><\/li><li class=\"elementor-sitemap-item elementor-sitemap-item-post page_item page-item-69285\"><a href=\"https:\/\/icripalimosani.edu.it\/site\/2022\/03\/08\/20220308110938unidos\/\">ORDINANZA CHIUSURA SCUOLE COMUNE DI LUCITO<\/a><\/li><li class=\"elementor-sitemap-item elementor-sitemap-item-post page_item page-item-69284\"><a href=\"https:\/\/icripalimosani.edu.it\/site\/2022\/03\/08\/20220308105819unidos\/\">Comunicato sindacale<\/a><\/li><li class=\"elementor-sitemap-item elementor-sitemap-item-post page_item page-item-69283\"><a href=\"https:\/\/icripalimosani.edu.it\/site\/2022\/03\/08\/20220308105553unidos\/\">Comunicato sindacale<\/a><\/li><li class=\"elementor-sitemap-item elementor-sitemap-item-post page_item page-item-69282\"><a href=\"https:\/\/icripalimosani.edu.it\/site\/2022\/03\/08\/20220308105405unidos\/\">Comunicato sindacale<\/a><\/li><li class=\"elementor-sitemap-item elementor-sitemap-item-post page_item page-item-69281\"><a href=\"https:\/\/icripalimosani.edu.it\/site\/2022\/03\/08\/20220308104444unidos\/\">CONVOCAZIONE ASSEMBLEA SINDACALE TERRITORIALE CISL-SCUOLA ABRUZZO MOLISE<\/a><\/li><li class=\"elementor-sitemap-item elementor-sitemap-item-post page_item page-item-69280\"><a href=\"https:\/\/icripalimosani.edu.it\/site\/2022\/03\/07\/20220307102453unidos\/\">AI DOCENTI DI RELIGIONE &#8211; UIL SCUOLA IRC INFORMA N. 7-2022 e Locandina Corsi Preparazione al concorso<\/a><\/li><li class=\"elementor-sitemap-item elementor-sitemap-item-post page_item page-item-69279\"><a href=\"https:\/\/icripalimosani.edu.it\/site\/2022\/03\/07\/20220307091430unidos\/\">SNADIR INFO-POINT n.140 &#8211; 7 marzo 2022 &#8211; All&#8217;albo sindacale ex art.25 legge 300\/1970<\/a><\/li><li class=\"elementor-sitemap-item elementor-sitemap-item-post page_item page-item-69278\"><a href=\"https:\/\/icripalimosani.edu.it\/site\/2022\/03\/05\/20220305132205unidos\/\">Sospensione attivit\u00e0 didattiche_Ordinanza_Comune di Ripalimosani<\/a><\/li><li class=\"elementor-sitemap-item elementor-sitemap-item-post page_item page-item-69276\"><a href=\"https:\/\/icripalimosani.edu.it\/site\/2022\/03\/05\/20220305130630unidos\/\">CHIUSURA SCUOLA PER AVVERSE CONDIZIONI METEOROLOGICHE &#8211; GIORNO 5 MARZO 2022_ ORDINANZA_COMUNE DI MATRICE<\/a><\/li><li class=\"elementor-sitemap-item elementor-sitemap-item-post page_item page-item-69274\"><a href=\"https:\/\/icripalimosani.edu.it\/site\/2022\/03\/05\/20220305104709unidos\/\">Assemblee regionali in videoconferenza: DOCENTI PRECARI (9 marzo) e PERSONALE ATA (10 marzo)<\/a><\/li><li class=\"elementor-sitemap-item elementor-sitemap-item-post page_item page-item-69269\"><a href=\"https:\/\/icripalimosani.edu.it\/site\/2022\/03\/03\/20220303122449unidos\/\">Aperte le iscrizioni al concorso ordinario per discipline STEM<\/a><\/li><li class=\"elementor-sitemap-item elementor-sitemap-item-post page_item page-item-69255\"><a href=\"https:\/\/icripalimosani.edu.it\/site\/2022\/03\/03\/20220303103951unidos\/\">Circolare adozione libri di testo<\/a><\/li><li class=\"elementor-sitemap-item elementor-sitemap-item-post page_item page-item-69254\"><a href=\"https:\/\/icripalimosani.edu.it\/site\/2022\/03\/03\/20220303092224unidos\/\">Formazione Docenti Neoassunti 2021-22 dell&#8217;Ambito 1 Campobasso &#8211; Molise. Calendario Laboratori formativinpresso la sede del Liceo Classico &#8220;M. Pagano&#8221; di Campobasso<\/a><\/li><li class=\"elementor-sitemap-item elementor-sitemap-item-post page_item page-item-69253\"><a href=\"https:\/\/icripalimosani.edu.it\/site\/2022\/03\/03\/20220303091844unidos\/\">Convocazione Assemblea sindacale territoriale PERSONALE ATA in orario di servizio (art. 23 CCNL\/2018 Istruzione e Ricerca) e CIR Molise<\/a><\/li><li class=\"elementor-sitemap-item elementor-sitemap-item-post page_item page-item-69252\"><a href=\"https:\/\/icripalimosani.edu.it\/site\/2022\/03\/02\/20220302110707unidos\/\">Circolare su &#8221;Giornata dei giusti 2022&#8221;<\/a><\/li><li class=\"elementor-sitemap-item elementor-sitemap-item-post page_item page-item-69251\"><a href=\"https:\/\/icripalimosani.edu.it\/site\/2022\/03\/02\/20220302085636unidos\/\">SNADIR INFO-POINT n.137 &#8211; 28 febbraio 2022. All&#8217;albo sindacale ex art.25 legge 300\/1970<\/a><\/li><li class=\"elementor-sitemap-item elementor-sitemap-item-post page_item page-item-69239\"><a href=\"https:\/\/icripalimosani.edu.it\/site\/2022\/03\/01\/stop-al-bullismo-e-cyberbullismo-classe-quinta-matrice\/\">STOP AL BULLISMO E CYBERBULLISMO &#8211; Classe quinta Matrice<\/a><\/li><li class=\"elementor-sitemap-item elementor-sitemap-item-post page_item page-item-69238\"><a href=\"https:\/\/icripalimosani.edu.it\/site\/2022\/03\/01\/20220301130224unidos\/\">ORDINANZA_ CHIUSURA SCUOLA DELL&#8217;INFANZIA E PRIMARIA  DI LUCITO  IL GIORNO 01.03.2022 PER AVVERSE CONDIZIONI METEREOLOGICHE.<\/a><\/li><li class=\"elementor-sitemap-item elementor-sitemap-item-post page_item page-item-69237\"><a href=\"https:\/\/icripalimosani.edu.it\/site\/2022\/03\/01\/20220301124552unidos\/\">CHIUSURA SCUOLA PER CONDIZIONI METEREOLOGICHE AVVERSE<\/a><\/li><li class=\"elementor-sitemap-item elementor-sitemap-item-post page_item page-item-69236\"><a href=\"https:\/\/icripalimosani.edu.it\/site\/2022\/03\/01\/20220301123123unidos\/\">Sciopero generale nazionale proclamato per l\u20198 marzo 2022. Proclamazioni e adesioni.<\/a><\/li><li class=\"elementor-sitemap-item elementor-sitemap-item-post page_item page-item-69223\"><a href=\"https:\/\/icripalimosani.edu.it\/site\/2022\/03\/01\/buon-carnevale-dalla-sez-a-dellinfanzia-di-ripalimosani\/\">BUON CARNEVALE DALLA SEZ. A DELL&#8217;INFANZIA DI RIPALIMOSANI<\/a><\/li><li class=\"elementor-sitemap-item elementor-sitemap-item-post page_item page-item-69219\"><a href=\"https:\/\/icripalimosani.edu.it\/site\/2022\/03\/01\/giochi-matematici-del-mediterraneo-2022-elenco-alunni\/\">GIOCHI MATEMATICI DEL MEDITERRANEO 2022 &#8211; ELENCO ALUNNI<\/a><\/li><li class=\"elementor-sitemap-item elementor-sitemap-item-post page_item page-item-69221\"><a href=\"https:\/\/icripalimosani.edu.it\/site\/2022\/03\/01\/20220301105547unidos\/\">ORDINANZA SINDACALE_SOSPENSION EATTIVIT\u00c0 DIDATTICHE PER NEVE, NELLE SCUOLE DI OGNI ORDINE E GRADO,PER IL GIORNO 1 MARZO 2022<\/a><\/li><li class=\"elementor-sitemap-item elementor-sitemap-item-post page_item page-item-69214\"><a href=\"https:\/\/icripalimosani.edu.it\/site\/2022\/03\/01\/inno-alla-pace-scuola-primaria-di-campolieto\/\">INNO ALLA PACE &#8211; SCUOLA PRIMARIA DI CAMPOLIETO<\/a><\/li><li class=\"elementor-sitemap-item elementor-sitemap-item-post page_item page-item-69211\"><a href=\"https:\/\/icripalimosani.edu.it\/site\/2022\/03\/01\/20220301102536unidos\/\">Chiusura del plesso scolastico di Campolieto.<\/a><\/li><li class=\"elementor-sitemap-item elementor-sitemap-item-post page_item page-item-69210\"><a href=\"https:\/\/icripalimosani.edu.it\/site\/2022\/03\/01\/20220301095426unidos\/\">Graduatoria interne di Istituto per l&#8217;individuazione dei soprannumerari per l\u2019a.s 2022\/2023<\/a><\/li><li class=\"elementor-sitemap-item elementor-sitemap-item-post page_item page-item-69209\"><a href=\"https:\/\/icripalimosani.edu.it\/site\/2022\/03\/01\/20220301084028unidos\/\">CHIUSURA SCUOLA DELL&#8217;INFANZIA PER IL GIORNO 01.03.2022_MONTAGANO<\/a><\/li><li class=\"elementor-sitemap-item elementor-sitemap-item-post page_item page-item-69208\"><a href=\"https:\/\/icripalimosani.edu.it\/site\/2022\/03\/01\/20220301083847unidos\/\">CHIUSURA SCUOLA PER AVVERSE CONDIZIONI METEO_MATRICE<\/a><\/li><li class=\"elementor-sitemap-item elementor-sitemap-item-post page_item page-item-69206\"><a href=\"https:\/\/icripalimosani.edu.it\/site\/2022\/02\/28\/20220228130104unidos\/\">Mobilit\u00e0 territoriale\/professionale e Graduatoria Regionale del personale docente di religione per l&#8217;a.s. 2022\/2023.<\/a><\/li><li class=\"elementor-sitemap-item elementor-sitemap-item-post page_item page-item-69205\"><a href=\"https:\/\/icripalimosani.edu.it\/site\/2022\/02\/28\/20220228115856unidos\/\">Ordinanze Ministeriali n. 45 e n. 46 \u201cMobilit\u00e0 personale docente, educativo ed ATA  a.s. 2022\/2023\u201d \u2013 \u201cMobilit\u00e0 IRC a.s. 2022-23\u201d. Pubblicazione e adempimenti.<\/a><\/li><li class=\"elementor-sitemap-item elementor-sitemap-item-post page_item page-item-69204\"><a href=\"https:\/\/icripalimosani.edu.it\/site\/2022\/02\/28\/20220228105254unidos\/\">[UIL Scuola Molise: Notizie] Segreteria Regionale UIL Scuola RUA Molise &#8211;  OM Mobilit\u00e0 a.s. 2022\/23<\/a><\/li><li class=\"elementor-sitemap-item elementor-sitemap-item-post page_item page-item-69203\"><a href=\"https:\/\/icripalimosani.edu.it\/site\/2022\/02\/28\/20220228105101unidos\/\">[FLC CGIL] Scuola: al via le domande di mobilit\u00e0<\/a><\/li><li class=\"elementor-sitemap-item elementor-sitemap-item-post page_item page-item-69202\"><a href=\"https:\/\/icripalimosani.edu.it\/site\/2022\/02\/28\/20220228090922unidos\/\">Chiusura della scuola primaria di Matrice a causa delle avverse condizioni meteo<\/a><\/li><li class=\"elementor-sitemap-item elementor-sitemap-item-post page_item page-item-69201\"><a href=\"https:\/\/icripalimosani.edu.it\/site\/2022\/02\/28\/20220228090626unidos\/\">chiusura scuola dell&#8217;infanzia di Montagano<\/a><\/li><li class=\"elementor-sitemap-item elementor-sitemap-item-post page_item page-item-69200\"><a href=\"https:\/\/icripalimosani.edu.it\/site\/2022\/02\/28\/20220228085931unidos\/\">Chiusura del plesso scolastico di Campolieto per condizioni meteo avverse<\/a><\/li><li class=\"elementor-sitemap-item elementor-sitemap-item-post page_item page-item-69193\"><a href=\"https:\/\/icripalimosani.edu.it\/site\/2022\/02\/27\/le-maschere-di-carnevale-classe-terza-plesso-di-matrice\/\">Le maschere di Carnevale &#8211; Classe terza plesso di Matrice<\/a><\/li><li class=\"elementor-sitemap-item elementor-sitemap-item-post page_item page-item-69192\"><a href=\"https:\/\/icripalimosani.edu.it\/site\/2022\/02\/26\/20220226122544unidos\/\">ELEZIONI RSU 2022: LA FLC CGIL MOLISE SARA\u2019 PRESENTE IN TUTTI I LUOGHI DI LAVORO<\/a><\/li><li class=\"elementor-sitemap-item elementor-sitemap-item-post page_item page-item-69189\"><a href=\"https:\/\/icripalimosani.edu.it\/site\/2022\/02\/24\/saferinternet-stories-2022-sez-a-scuola-dellinfanzia-di-ripalimosani\/\">SaferInternet Stories 2022 &#8211; sez. A scuola dell&#8217;infanzia di Ripalimosani<\/a><\/li><li class=\"elementor-sitemap-item elementor-sitemap-item-post page_item page-item-69186\"><a href=\"https:\/\/icripalimosani.edu.it\/site\/2022\/02\/24\/20220224135659unidos\/\">sospensione attivit\u00e0 didattiche<\/a><\/li><li class=\"elementor-sitemap-item elementor-sitemap-item-post page_item page-item-69185\"><a href=\"https:\/\/icripalimosani.edu.it\/site\/2022\/02\/23\/20220223120923unidos\/\">Si comunica che alla Scuola dell&#8217;Infanzia, sezione A, di Ripalimosani \u00e8 stato assegnato il il badge Storytelling Explorer per aver partecipato alla sfida STORYTELLING imparare narrando del progetto InnovaMenti<\/a><\/li><li class=\"elementor-sitemap-item elementor-sitemap-item-post page_item page-item-69147\"><a href=\"https:\/\/icripalimosani.edu.it\/site\/2022\/02\/22\/20220222145930unidos\/\">SPORTELLO D&#8217;ASCOLTO MESE DI MARZO<\/a><\/li><li class=\"elementor-sitemap-item elementor-sitemap-item-post page_item page-item-69135\"><a href=\"https:\/\/icripalimosani.edu.it\/site\/2022\/02\/22\/incontro-on-line-con-angela-iantosca-autrice-del-libro-in-trincea-per-amore\/\">Incontro on-line con Angela Iantosca autrice del libro &#8220;In trincea per amore&#8221;<\/a><\/li><li class=\"elementor-sitemap-item elementor-sitemap-item-post page_item page-item-69083\"><a href=\"https:\/\/icripalimosani.edu.it\/site\/2022\/02\/19\/20220219122237unidos\/\">Nomina Commissione prove attitudinali per l\u2019ammissione ai corsi ad indirizzo musicale \u2013 a.s. 2022-20223<\/a><\/li><li class=\"elementor-sitemap-item elementor-sitemap-item-post page_item page-item-69082\"><a href=\"https:\/\/icripalimosani.edu.it\/site\/2022\/02\/19\/20220219084534unidos\/\">Prove attitudinali di strumento musicale<\/a><\/li><li class=\"elementor-sitemap-item elementor-sitemap-item-post page_item page-item-69079\"><a href=\"https:\/\/icripalimosani.edu.it\/site\/2022\/02\/18\/incontro-con-lautrice-del-libro-in-trincea-con-amore-angela-iantosca\/\">Incontro con l&#8217;autrice del libro &#8220;In trincea per amore&#8221; Angela Iantosca<\/a><\/li><li class=\"elementor-sitemap-item elementor-sitemap-item-post page_item page-item-69077\"><a href=\"https:\/\/icripalimosani.edu.it\/site\/2022\/02\/18\/20220218114207unidos\/\">Azione di sciopero 18 febbraio 20222<\/a><\/li><li class=\"elementor-sitemap-item elementor-sitemap-item-post page_item page-item-69072\"><a href=\"https:\/\/icripalimosani.edu.it\/site\/2022\/02\/16\/san-valentino-scuola-dellinfanzia-di-campolieto\/\">SAN VALENTINO &#8211; SCUOLA DELL&#8217;INFANZIA DI CAMPOLIETO<\/a><\/li><li class=\"elementor-sitemap-item elementor-sitemap-item-post page_item page-item-69059\"><a href=\"https:\/\/icripalimosani.edu.it\/site\/2022\/02\/16\/san-valentino-scuola-primaria-petrella-tifernina\/\">SAN VALENTINO &#8211; SCUOLA PRIMARIA PETRELLA TIFERNINA<\/a><\/li><li class=\"elementor-sitemap-item elementor-sitemap-item-post page_item page-item-69057\"><a href=\"https:\/\/icripalimosani.edu.it\/site\/2022\/02\/16\/20220216132515unidos\/\">COSTITUZIONE COMMISSIONE ELETTORALE &#8211; ELEZIONI RSU 2022<\/a><\/li><li class=\"elementor-sitemap-item elementor-sitemap-item-post page_item page-item-69056\"><a href=\"https:\/\/icripalimosani.edu.it\/site\/2022\/02\/16\/20220216115422unidos\/\">Avvio Pon Latino<\/a><\/li><li class=\"elementor-sitemap-item elementor-sitemap-item-post page_item page-item-69055\"><a href=\"https:\/\/icripalimosani.edu.it\/site\/2022\/02\/15\/20220215112509unidos\/\">RASSEGNA SINDACALE ANIEF N. 6 DEL 14  FEBBRAIO 2022<\/a><\/li><li class=\"elementor-sitemap-item elementor-sitemap-item-post page_item page-item-69054\"><a href=\"https:\/\/icripalimosani.edu.it\/site\/2022\/02\/15\/20220215112214unidos\/\">REGOLAMENTO PER I CORSI AD INDIRIZZO MUSICALE DELLA SCUOLA SECONDARIA DI I GRADO<\/a><\/li><li class=\"elementor-sitemap-item elementor-sitemap-item-post page_item page-item-69053\"><a href=\"https:\/\/icripalimosani.edu.it\/site\/2022\/02\/14\/20220214113527unidos\/\">Corso gratuito di formazione per ACCESSO AGLI ATTI e ACCESSO CIVICO<\/a><\/li><li class=\"elementor-sitemap-item elementor-sitemap-item-post page_item page-item-69052\"><a href=\"https:\/\/icripalimosani.edu.it\/site\/2022\/02\/14\/20220214085401unidos\/\">[Sindacato Nazionale FederATA] ASSEMBLEA SINDACALE ON LINE FEDER.ATA 16\/02\/2022 ore 17:00 &#8211;  19:00<\/a><\/li><li class=\"elementor-sitemap-item elementor-sitemap-item-post page_item page-item-69051\"><a href=\"https:\/\/icripalimosani.edu.it\/site\/2022\/02\/12\/20220212092018unidos\/\">ERRATA CORRIGE &#8211; ASSEMBLEA SINDACALE ON LINE NAZIONALE FEDER.ATA 16\/02\/2022 ore 17:00 &#8211;  19:00<\/a><\/li><li class=\"elementor-sitemap-item elementor-sitemap-item-post page_item page-item-69050\"><a href=\"https:\/\/icripalimosani.edu.it\/site\/2022\/02\/12\/20220212091909unidos\/\">Formazione docenti nell\u2019ambito del Progetto \u201cFutureLab Marconi\u201d Avvio corsi anno 2022.<\/a><\/li><li class=\"elementor-sitemap-item elementor-sitemap-item-post page_item page-item-69041\"><a href=\"https:\/\/icripalimosani.edu.it\/site\/2022\/02\/12\/la-cellula-animale-e-vegetale-classe-quarta-petrella-tifernina\/\">La cellula animale e vegetale &#8211; classe quarta Petrella Tifernina<\/a><\/li><li class=\"elementor-sitemap-item elementor-sitemap-item-post page_item page-item-69040\"><a href=\"https:\/\/icripalimosani.edu.it\/site\/2022\/02\/11\/20220211130420unidos\/\">ASSEMBLEA SINDACALE ON LINE FEDER.ATA 16\/02\/2022 ore 17:00 &#8211;  19:00<\/a><\/li><li class=\"elementor-sitemap-item elementor-sitemap-item-post page_item page-item-69034\"><a href=\"https:\/\/icripalimosani.edu.it\/site\/2022\/02\/11\/educazione-alla-legalita-scuola-primaria-di-campolieto\/\">Educazione alla legalit\u00e0 &#8211; Scuola primaria di Campolieto<\/a><\/li><li class=\"elementor-sitemap-item elementor-sitemap-item-post page_item page-item-69026\"><a href=\"https:\/\/icripalimosani.edu.it\/site\/2022\/02\/11\/la-giornata-dei-calzini-spaiati-scuola-primaria-oratino\/\">LA GIORNATA DEI CALZINI SPAIATI &#8211; Scuola primaria Oratino<\/a><\/li><li class=\"elementor-sitemap-item elementor-sitemap-item-post page_item page-item-69025\"><a href=\"https:\/\/icripalimosani.edu.it\/site\/2022\/02\/11\/20220211091110unidos\/\">Disposizioni relative alle attivit\u00e0 didattiche della sezione dell&#8217;infanzia di Petrella Tifernina<\/a><\/li><li class=\"elementor-sitemap-item elementor-sitemap-item-post page_item page-item-69007\"><a href=\"https:\/\/icripalimosani.edu.it\/site\/2022\/02\/08\/20220208113649unidos\/\">Prosecuzione azioni di protesta sindacale per DSGA e Assistenti Amministrativi dal 15 febbraio al 15 marzo 2022 (artt. 10e11 Accordo Sindacale del 02\/12\/2020)<\/a><\/li><li class=\"elementor-sitemap-item elementor-sitemap-item-post page_item page-item-69006\"><a href=\"https:\/\/icripalimosani.edu.it\/site\/2022\/02\/08\/20220208112932unidos\/\">RASSEGNA SINDACALE ANIEF N.5 DEL 08 FEBBRAIO 2022 e LOGO ANIEF PER ELEZIONI RSU 2022<\/a><\/li><li class=\"elementor-sitemap-item elementor-sitemap-item-post page_item page-item-68998\"><a href=\"https:\/\/icripalimosani.edu.it\/site\/2022\/02\/07\/4-febbraio-2022-giornata-dei-calzini-spaiati-scuola-primaria-campolieto\/\">4 FEBBRAIO 2022 &#8211; GIORNATA DEI CALZINI SPAIATI &#8211; Scuola Primaria Campolieto<\/a><\/li><li class=\"elementor-sitemap-item elementor-sitemap-item-post page_item page-item-68997\"><a href=\"https:\/\/icripalimosani.edu.it\/site\/2022\/02\/07\/20220207123456unidos\/\">Disposizioni relative alle attivit\u00e0 educative della sezione della Scuola dell\u2019infanzia di Matrice<\/a><\/li><li class=\"elementor-sitemap-item elementor-sitemap-item-post page_item page-item-68939\"><a href=\"https:\/\/icripalimosani.edu.it\/site\/2022\/02\/07\/20220207113828unidos\/\">Notiziario telematico Segreteria UIL Scuola Molise dal 24\/01\/2022 al 05\/02\/2022<\/a><\/li><li class=\"elementor-sitemap-item elementor-sitemap-item-post page_item page-item-68938\"><a href=\"https:\/\/icripalimosani.edu.it\/site\/2022\/02\/07\/20220207111301unidos\/\">Notiziario telematico Segreteria UIL Scuola Molise dal 24\/01\/2022 al 05\/02\/2022<\/a><\/li><li class=\"elementor-sitemap-item elementor-sitemap-item-post page_item page-item-68937\"><a href=\"https:\/\/icripalimosani.edu.it\/site\/2022\/02\/07\/20220207101309unidos\/\">vademecum gestione emergenza covid<\/a><\/li><li class=\"elementor-sitemap-item elementor-sitemap-item-post page_item page-item-68924\"><a href=\"https:\/\/icripalimosani.edu.it\/site\/2022\/02\/06\/4-febbrario-2022-la-giornata-dei-calzini-spaiati-quando-la-diversita-e-ricchezza-plesso-di-matrice\/\">4 FEBBRARIO 2022 &#8211; La giornata dei calzini spaiati: quando la diversit\u00e0 \u00e8 ricchezza &#8211; Plesso di Matrice<\/a><\/li><li class=\"elementor-sitemap-item elementor-sitemap-item-post page_item page-item-68919\"><a href=\"https:\/\/icripalimosani.edu.it\/site\/2022\/02\/06\/laboratori-di-scienze-classe-2-scuola-secondaria-ripalimosani\/\">LABORATORI DI SCIENZE &#8211; CLASSE 2 SCUOLA SECONDARIA RIPALIMOSANI<\/a><\/li><li class=\"elementor-sitemap-item elementor-sitemap-item-post page_item page-item-68917\"><a href=\"https:\/\/icripalimosani.edu.it\/site\/2022\/02\/06\/20220206112956unidos\/\">Ridefinizione disposizioni attivit\u00e0 educative e didattiche classe III secondaria di Ripalimosani<\/a><\/li><li class=\"elementor-sitemap-item elementor-sitemap-item-post page_item page-item-68916\"><a href=\"https:\/\/icripalimosani.edu.it\/site\/2022\/02\/05\/20220205131849unidos\/\">Ridefinizione disposizioni relative alle attivit\u00e0 educative della classe III secondaria di primo grado di Ripalimosani<\/a><\/li><li class=\"elementor-sitemap-item elementor-sitemap-item-post page_item page-item-68915\"><a href=\"https:\/\/icripalimosani.edu.it\/site\/2022\/02\/05\/20220205122643unidos\/\">Mensa scolastica Campolieto<\/a><\/li><li class=\"elementor-sitemap-item elementor-sitemap-item-post page_item page-item-68914\"><a href=\"https:\/\/icripalimosani.edu.it\/site\/2022\/02\/05\/20220205120145unidos\/\">Ridefinizione disposizioni relative alle attivit\u00e0 educative della sezione dell&#8217;infanzia di Matrice<\/a><\/li><li class=\"elementor-sitemap-item elementor-sitemap-item-post page_item page-item-68913\"><a href=\"https:\/\/icripalimosani.edu.it\/site\/2022\/02\/05\/20220205095824unidos\/\">nuove misure per la gestione dei casi di positivit\u00e0 nel sistema educativo, scolastico e formativo. D.L. 4 febbraio 2022 n. 5<\/a><\/li><li class=\"elementor-sitemap-item elementor-sitemap-item-post page_item page-item-68912\"><a href=\"https:\/\/icripalimosani.edu.it\/site\/2022\/02\/05\/20220205095638unidos\/\">Aggiornamento sulle misure di quarantena e autosorveglianza per i contatti stretti (ad alto rischio) di casi di infezione da SARS CoV 2<\/a><\/li><li class=\"elementor-sitemap-item elementor-sitemap-item-post page_item page-item-68877\"><a href=\"https:\/\/icripalimosani.edu.it\/site\/2022\/02\/04\/20220204135612unidos\/\">sospensione attivit\u00e0 educative in presenza scuola dell&#8217;Infanzia sezione di Matrice<\/a><\/li><li class=\"elementor-sitemap-item elementor-sitemap-item-post page_item page-item-68876\"><a href=\"https:\/\/icripalimosani.edu.it\/site\/2022\/02\/04\/20220204122614unidos\/\">Convocazione del Collegio unitario dei docenti<\/a><\/li><li class=\"elementor-sitemap-item elementor-sitemap-item-post page_item page-item-68875\"><a href=\"https:\/\/icripalimosani.edu.it\/site\/2022\/02\/04\/20220204121814unidos\/\">Estensione agli alunni della Scuola Primaria del diritto di poter ricevere test antigenici rapidi in farmacia, dietro prescrizione medica (art.30, c. 2 del D.L. 27.01.22).<\/a><\/li><li class=\"elementor-sitemap-item elementor-sitemap-item-post page_item page-item-68874\"><a href=\"https:\/\/icripalimosani.edu.it\/site\/2022\/02\/04\/20220204120603unidos\/\">COLLOQUI DOCENTI GENITORI<\/a><\/li><li class=\"elementor-sitemap-item elementor-sitemap-item-post page_item page-item-68872\"><a href=\"https:\/\/icripalimosani.edu.it\/site\/2022\/02\/03\/20220203133527unidos\/\">NOMINA TUTOR E ESPERTO PON LATINO<\/a><\/li><li class=\"elementor-sitemap-item elementor-sitemap-item-post page_item page-item-68871\"><a href=\"https:\/\/icripalimosani.edu.it\/site\/2022\/02\/03\/20220203112233unidos\/\">SAFER INTERNET DAY<\/a><\/li><li class=\"elementor-sitemap-item elementor-sitemap-item-post page_item page-item-68870\"><a href=\"https:\/\/icripalimosani.edu.it\/site\/2022\/02\/02\/20220202135129unidos\/\">[INFORMAZIONI SINDACALI] AI DOCENTI DI RELIGIONE &#8211; UIL SCUOLA IRC INFORMA NN. 3 e 4 &#8211; 2022<\/a><\/li><li class=\"elementor-sitemap-item elementor-sitemap-item-post page_item page-item-68869\"><a href=\"https:\/\/icripalimosani.edu.it\/site\/2022\/02\/02\/20220202134503unidos\/\">Formazione Docenti Neoassunti 2021-22 dell&#8217;Ambito 1 Campobasso &#8211; Molise. Calendario Laboratori formativinpresso la sede del Liceo Classico &#8220;M. Pagano&#8221; di Campobasso<\/a><\/li><li class=\"elementor-sitemap-item elementor-sitemap-item-post page_item page-item-68868\"><a href=\"https:\/\/icripalimosani.edu.it\/site\/2022\/02\/01\/20220201133234unidos\/\">Prospetto orario progetto extra Curriculare Infanzia Lucito<\/a><\/li><li class=\"elementor-sitemap-item elementor-sitemap-item-post page_item page-item-68867\"><a href=\"https:\/\/icripalimosani.edu.it\/site\/2022\/02\/01\/20220201125007unidos\/\">CELEBRAZIONE &#8220;GIORNO DEL RICORDO&#8221;<\/a><\/li><li class=\"elementor-sitemap-item elementor-sitemap-item-post page_item page-item-68866\"><a href=\"https:\/\/icripalimosani.edu.it\/site\/2022\/02\/01\/20220201124005unidos\/\">chiusura scuola dell&#8217; infanzia di Montagano<\/a><\/li><li class=\"elementor-sitemap-item elementor-sitemap-item-post page_item page-item-68865\"><a href=\"https:\/\/icripalimosani.edu.it\/site\/2022\/02\/01\/20220201123956unidos\/\">AZIONE DI SCIOPERO 7 febbraio 2022<\/a><\/li><li class=\"elementor-sitemap-item elementor-sitemap-item-post page_item page-item-68864\"><a href=\"https:\/\/icripalimosani.edu.it\/site\/2022\/01\/31\/20220131102240unidos\/\">Sospensione attivit\u00e0 didattiche in presenza III secondaria di primo grado di Ripalimosani<\/a><\/li><li class=\"elementor-sitemap-item elementor-sitemap-item-post page_item page-item-68863\"><a href=\"https:\/\/icripalimosani.edu.it\/site\/2022\/01\/29\/20220129111616unidos\/\">PROROGA ISCRIZIONI A.S.2022\/2023<\/a><\/li><li class=\"elementor-sitemap-item elementor-sitemap-item-post page_item page-item-68862\"><a href=\"https:\/\/icripalimosani.edu.it\/site\/2022\/01\/28\/20220128140511unidos\/\">Bando selezione esperto Pon reti cablate<\/a><\/li><li class=\"elementor-sitemap-item elementor-sitemap-item-post page_item page-item-68860\"><a href=\"https:\/\/icripalimosani.edu.it\/site\/2022\/01\/28\/20220128125126unidos\/\">AZIONE DI SCIOPERO 28 gennaio 2022<\/a><\/li><li class=\"elementor-sitemap-item elementor-sitemap-item-post page_item page-item-68859\"><a href=\"https:\/\/icripalimosani.edu.it\/site\/2022\/01\/28\/20220128124213unidos\/\">elezioni RSU SNALS -INFORMAZIONE<\/a><\/li><li class=\"elementor-sitemap-item elementor-sitemap-item-post page_item page-item-68858\"><a href=\"https:\/\/icripalimosani.edu.it\/site\/2022\/01\/28\/20220128100253unidos\/\">Snadir News n.132 &#8211; Al via i nuovi ricorsi (GRATUITI PER GLI ISCRITTI SNADIR) per l\u2019illegittima reiterazione dei contratti a termine<\/a><\/li><li class=\"elementor-sitemap-item elementor-sitemap-item-post page_item page-item-68857\"><a href=\"https:\/\/icripalimosani.edu.it\/site\/2022\/01\/28\/20220128090858unidos\/\">COMUNICAZIONE SCIOPERO DEL 07\/02\/2022<\/a><\/li><li class=\"elementor-sitemap-item elementor-sitemap-item-post page_item page-item-68856\"><a href=\"https:\/\/icripalimosani.edu.it\/site\/2022\/01\/27\/20220127182428unidos\/\">Sospensione delle attivit\u00e0 educative in presenza. Scuola dell&#8217;Infanzia di Campolieto.<\/a><\/li><li class=\"elementor-sitemap-item elementor-sitemap-item-post page_item page-item-68855\"><a href=\"https:\/\/icripalimosani.edu.it\/site\/2022\/01\/27\/20220127174620unidos\/\">Sospensione delle attivit\u00e0 didattiche in presenza. Classe IV. Scuola Primaria di Matrice<\/a><\/li><li class=\"elementor-sitemap-item elementor-sitemap-item-post page_item page-item-68854\"><a href=\"https:\/\/icripalimosani.edu.it\/site\/2022\/01\/27\/20220127103819unidos\/\">Giorno della Memoria &#8211; il messaggio della Senatrice a vita Liliana Segre alle scuole molisane<\/a><\/li><li class=\"elementor-sitemap-item elementor-sitemap-item-post page_item page-item-68853\"><a href=\"https:\/\/icripalimosani.edu.it\/site\/2022\/01\/26\/20220126111516unidos\/\">SOSPENSIONE ATTIVITA&#8217; DIDATTICHE ED EDUCATIVE V PRIMARIA DI RIPALIMOSANI<\/a><\/li><li class=\"elementor-sitemap-item elementor-sitemap-item-post page_item page-item-68851\"><a href=\"https:\/\/icripalimosani.edu.it\/site\/2022\/01\/26\/20220126102620unidos\/\">Iniziative Giorno della Memoria 27 &#8211; 28 gennaio 2022.<\/a><\/li><li class=\"elementor-sitemap-item elementor-sitemap-item-post page_item page-item-68850\"><a href=\"https:\/\/icripalimosani.edu.it\/site\/2022\/01\/25\/20220125113336unidos\/\">Gestione caso Sars &#8211; Cov 2 Positivo in ambiente scolastico nella regione MOLISE<\/a><\/li><li class=\"elementor-sitemap-item elementor-sitemap-item-post page_item page-item-68849\"><a href=\"https:\/\/icripalimosani.edu.it\/site\/2022\/01\/25\/20220125085228unidos\/\">[INFORMAZIONI SINDACALI] AI DOCENTI DI RELIGIONE &#8211; UIL SCUOLA IRC INFORMA N. 2-2022<\/a><\/li><li class=\"elementor-sitemap-item elementor-sitemap-item-post page_item page-item-68848\"><a href=\"https:\/\/icripalimosani.edu.it\/site\/2022\/01\/24\/20220124135037unidos\/\">CALENDARIO SCRUTINI IN MODALITA&#8217; TELEMATICA<\/a><\/li><li class=\"elementor-sitemap-item elementor-sitemap-item-post page_item page-item-68847\"><a href=\"https:\/\/icripalimosani.edu.it\/site\/2022\/01\/20\/20220120131940unidos\/\">LOCANDINA SPORTELLO D&#8217;ASCOLTO<\/a><\/li><li class=\"elementor-sitemap-item elementor-sitemap-item-post page_item page-item-68846\"><a href=\"https:\/\/icripalimosani.edu.it\/site\/2022\/01\/19\/20220119083558unidos\/\">[INFORMAZIONI SINDACALI] AI DOCENTI DI RELIGIONE &#8211; UIL SCUOLA IRC INFORMA N. 1-2022<\/a><\/li><li class=\"elementor-sitemap-item elementor-sitemap-item-post page_item page-item-68832\"><a href=\"https:\/\/icripalimosani.edu.it\/site\/2022\/01\/18\/20220118133945unidos\/\">Sospensione attivit\u00e0 didattica Infanzia Oratino<\/a><\/li><li class=\"elementor-sitemap-item elementor-sitemap-item-post page_item page-item-68831\"><a href=\"https:\/\/icripalimosani.edu.it\/site\/2022\/01\/18\/20220118083515unidos\/\">Linee guida per il contrasto all&#8217;antisemitismo nella scuola<\/a><\/li><li class=\"elementor-sitemap-item elementor-sitemap-item-post page_item page-item-68811\"><a href=\"https:\/\/icripalimosani.edu.it\/site\/2022\/01\/15\/20220115130143unidos\/\">Riapertura scuola dell&#8217; infanzia e primaria di Campolieto<\/a><\/li><li class=\"elementor-sitemap-item elementor-sitemap-item-post page_item page-item-68810\"><a href=\"https:\/\/icripalimosani.edu.it\/site\/2022\/01\/15\/20220115123949unidos\/\">&#8220;Adozione delle &#8220;Linee pedagogiche per il sistema integrato zerosei&#8221; di cui all&#8217;articolo 10, comma 4, del decreto legislativo 13 aprile 2017, n. 65&#8243; &#8211; decreto ministeriale 22 novembre 2021, n. 334.<\/a><\/li><li class=\"elementor-sitemap-item elementor-sitemap-item-post page_item page-item-68796\"><a href=\"https:\/\/icripalimosani.edu.it\/site\/2022\/01\/14\/20220114111115unidos\/\">OGGETTO: SCIOPERO SCUOLE STATALI DI OGNI ORDINE E GRADO \u2013 21 GENNAIO 2022<\/a><\/li><li class=\"elementor-sitemap-item elementor-sitemap-item-post page_item page-item-68795\"><a href=\"https:\/\/icripalimosani.edu.it\/site\/2022\/01\/13\/20220113165939unidos\/\">COMUNICAZIONE ATTIVAZIONE DIDATTICA A DISTANZA<\/a><\/li><li class=\"elementor-sitemap-item elementor-sitemap-item-post page_item page-item-68794\"><a href=\"https:\/\/icripalimosani.edu.it\/site\/2022\/01\/13\/20220113160300unidos\/\">ORDINANZA CHIUSURA SCUOLA DELL&#8217;INFANZIA E SCUOLA PRIMARIA COMUNE DI LUCITO<\/a><\/li><li class=\"elementor-sitemap-item elementor-sitemap-item-post page_item page-item-68793\"><a href=\"https:\/\/icripalimosani.edu.it\/site\/2022\/01\/13\/20220113134900unidos\/\">COMUNICAZIONI SINDACALI<\/a><\/li><li class=\"elementor-sitemap-item elementor-sitemap-item-post page_item page-item-68792\"><a href=\"https:\/\/icripalimosani.edu.it\/site\/2022\/01\/13\/20220113125305unidos\/\">Decreto incarico di tutor nel modulo Certify your English&#8221; 10.2.2A nell&#8217;ambito del PON FSE &#8220;Apprendimento e Socialit\u00e0&#8221;<\/a><\/li><li class=\"elementor-sitemap-item elementor-sitemap-item-post page_item page-item-68789\"><a href=\"https:\/\/icripalimosani.edu.it\/site\/2022\/01\/13\/20220113083649unidos\/\">Promuovere e rafforzare il benessere scolastico, l&#8217;inclusione e favorire il diritto allo studio degli studenti adottati<\/a><\/li><li class=\"elementor-sitemap-item elementor-sitemap-item-post page_item page-item-68788\"><a href=\"https:\/\/icripalimosani.edu.it\/site\/2022\/01\/13\/20220113082753unidos\/\">[UIL Scuola Molise: Notizie] Notiziario telematico Segreteria UIL Scuola Molise &#8211; 23.12.2021\/08.01.2022<\/a><\/li><li class=\"elementor-sitemap-item elementor-sitemap-item-post page_item page-item-68787\"><a href=\"https:\/\/icripalimosani.edu.it\/site\/2022\/01\/12\/20220112122000unidos\/\">Oggetto: La gestione delle attivit\u00e0 didattiche in caso di positivit\u00e0 all&#8217;infezione da SARS-CoV (art. 4 D.L. 1\/2022, Nota Ministero dell\u2019istruzione-Ministero della salute 8 gennaio 2022, n. 11 e Nota Ministero dell\u2019istruzione 10 gennaio 2022, n. 14) e delle attivit\u00e0 scolastiche.<\/a><\/li><li class=\"elementor-sitemap-item elementor-sitemap-item-post page_item page-item-68774\"><a href=\"https:\/\/icripalimosani.edu.it\/site\/2022\/01\/11\/20220111122428unidos\/\">Oggetto : Piano Nazionale per la Scuola Digitale (PNSD). Avviso pubblico prot. n. 10812 del 13 maggio 2021 \u201cSpazi e strumenti digitali per le STEM\u201d. Decreti del direttore della Direzione Generale per i fondi strutturali per l\u2019istruzione,l\u2019edilizia scolastica e la scuola digitale 20 luglio 2021, n. 201 e 6 ottobre 2021, n. 321. Missione 4, Componente 1, Investi mento 3.2., del Pia no Nazionale di Ripresa e Resilienza, relativa a \u201cScuola 4.0: scuole innovative, cablaggio, nuovi ambienti diapprendimento e laboratori.<\/a><\/li><li class=\"elementor-sitemap-item elementor-sitemap-item-post page_item page-item-68773\"><a href=\"https:\/\/icripalimosani.edu.it\/site\/2022\/01\/11\/20220111092604unidos\/\">sospensione servizio di trasporto scolastico comune di Petrella Tifernina<\/a><\/li><li class=\"elementor-sitemap-item elementor-sitemap-item-post page_item page-item-68765\"><a href=\"https:\/\/icripalimosani.edu.it\/site\/2022\/01\/10\/20220110131221unidos\/\">: link per la partecipazione agli \u201copen day\u201d virtuali &#8211; iscrizioni a.s. 2022\/202<\/a><\/li><li class=\"elementor-sitemap-item elementor-sitemap-item-post page_item page-item-68764\"><a href=\"https:\/\/icripalimosani.edu.it\/site\/2022\/01\/10\/20220110130306unidos\/\">PROGETTO VINARS-EMPOWERMENT &#8211; EMERGENZA COVID COMUNICAZIONE DI SOSPENSIONE ATTIVITA LABORATORIALI<\/a><\/li><li class=\"elementor-sitemap-item elementor-sitemap-item-post page_item page-item-68763\"><a href=\"https:\/\/icripalimosani.edu.it\/site\/2022\/01\/10\/20220110112524unidos\/\">Comunicato sindacale: nuovo assegno familiare<\/a><\/li><li class=\"elementor-sitemap-item elementor-sitemap-item-post page_item page-item-68760\"><a href=\"https:\/\/icripalimosani.edu.it\/site\/2022\/01\/10\/20220110104451unidos\/\">Comunicazione chiusura causa neve plesso Montagano<\/a><\/li><li class=\"elementor-sitemap-item elementor-sitemap-item-post page_item page-item-68759\"><a href=\"https:\/\/icripalimosani.edu.it\/site\/2022\/01\/10\/20220110095922unidos\/\">Congedo parentale o malattia del figlio: computo delle vacanze di Natale o di Pasqua &#8211; Nuove regole quarantena a scuola. Una scheda di sintesi per orientarsi al meglio<\/a><\/li><li class=\"elementor-sitemap-item elementor-sitemap-item-post page_item page-item-68758\"><a href=\"https:\/\/icripalimosani.edu.it\/site\/2022\/01\/10\/20220110094638unidos\/\">OGGETTO: nuove modalit\u00e0 di gestione dei casi di positivit\u00e0 all\u2019infezione da SARS-CoV-2 in ambito scolastico \u2013 art. 4, del decreto-legge 7 gennaio 2022, n. 1 \u2013 prime indicazioni operative<\/a><\/li><li class=\"elementor-sitemap-item elementor-sitemap-item-post page_item page-item-68757\"><a href=\"https:\/\/icripalimosani.edu.it\/site\/2022\/01\/10\/20220110092012unidos\/\">Sospensione attivit\u00e0 didattiche plesso di Montagano<\/a><\/li><li class=\"elementor-sitemap-item elementor-sitemap-item-post page_item page-item-68756\"><a href=\"https:\/\/icripalimosani.edu.it\/site\/2022\/01\/10\/20220110084012unidos\/\">[FLC CGIL] Scuola, incontro con il Ministro Bianchi su sicurezza, contratto, investimenti<\/a><\/li><li class=\"elementor-sitemap-item elementor-sitemap-item-post page_item page-item-68755\"><a href=\"https:\/\/icripalimosani.edu.it\/site\/2022\/01\/08\/20220108124600unidos\/\">Sospensione attivit\u00e0 didattiche in presenza scuola primaria e dell&#8217;infanzia di Campolieto<\/a><\/li><li class=\"elementor-sitemap-item elementor-sitemap-item-post page_item page-item-68754\"><a href=\"https:\/\/icripalimosani.edu.it\/site\/2022\/01\/08\/20220108123957unidos\/\">Chiusura della scuola dell&#8217;infanzia e primaria di Campolieto<\/a><\/li><li class=\"elementor-sitemap-item elementor-sitemap-item-post page_item page-item-68753\"><a href=\"https:\/\/icripalimosani.edu.it\/site\/2022\/01\/08\/20220108122346unidos\/\">Sospensione attivit\u00e0 didattiche scuola primaria e dell&#8217;infanzia a Matrice<\/a><\/li><li class=\"elementor-sitemap-item elementor-sitemap-item-post page_item page-item-68752\"><a href=\"https:\/\/icripalimosani.edu.it\/site\/2022\/01\/08\/20220108115517unidos\/\">Locandina Open day anno scolastico 2021\/22<\/a><\/li><li class=\"elementor-sitemap-item elementor-sitemap-item-post page_item page-item-68751\"><a href=\"https:\/\/icripalimosani.edu.it\/site\/2022\/01\/08\/20220108105750unidos\/\">Prot. N.61 del 08-01-2022 &#8211; ORDINANZA N.1\/2022 &#8211; SOSPENSIONE ATTIVITA&#8217; DIDATTICHE IN PRESENZA SCUOLA PRIMARIA E DELL&#8217;INFANZIA DI MATRICE<\/a><\/li><li class=\"elementor-sitemap-item elementor-sitemap-item-post page_item page-item-68749\"><a href=\"https:\/\/icripalimosani.edu.it\/site\/2022\/01\/07\/20220107140352unidos\/\">Sospensione attivit\u00e0 didattiche<\/a><\/li><li class=\"elementor-sitemap-item elementor-sitemap-item-post page_item page-item-68748\"><a href=\"https:\/\/icripalimosani.edu.it\/site\/2022\/01\/07\/20220107135645unidos\/\">Ordinanza . sospensione attivit\u00e0 didattiche<\/a><\/li><li class=\"elementor-sitemap-item elementor-sitemap-item-post page_item page-item-68747\"><a href=\"https:\/\/icripalimosani.edu.it\/site\/2022\/01\/07\/20220107125911unidos\/\">Gestione dei casi di positivit\u00e0 a scuola<\/a><\/li><li class=\"elementor-sitemap-item elementor-sitemap-item-post page_item page-item-68746\"><a href=\"https:\/\/icripalimosani.edu.it\/site\/2022\/01\/04\/20220104140711unidos\/\">modulo iscrizione scuola dell&#8217;infanzia<\/a><\/li><li class=\"elementor-sitemap-item elementor-sitemap-item-post page_item page-item-68745\"><a href=\"https:\/\/icripalimosani.edu.it\/site\/2022\/01\/04\/20220104134927unidos\/\">INFORMATIVA ISCRIZIONE INFANZIA<\/a><\/li><li class=\"elementor-sitemap-item elementor-sitemap-item-post page_item page-item-68743\"><a href=\"https:\/\/icripalimosani.edu.it\/site\/2022\/01\/04\/20220104105614unidos\/\">[Sindacato Nazionale FederATA] proroga dei contratti &#8220;COVID&#8221; per gli ATA sottoscritti ai sensi dell&#8217;art. 58, comma 4-ter, del D.L. 73\/2021, recante &#8220;Misure urgenti per la scuola&#8221;<\/a><\/li><li class=\"elementor-sitemap-item elementor-sitemap-item-post page_item page-item-68742\"><a href=\"https:\/\/icripalimosani.edu.it\/site\/2022\/01\/04\/20220104091326unidos\/\">Proroga stato di emergenza &#8211; Tutte le misure riguardanti la scuola &#8211; Scheda Uil Scuola<\/a><\/li><li class=\"elementor-sitemap-item elementor-sitemap-item-post page_item page-item-68741\"><a href=\"https:\/\/icripalimosani.edu.it\/site\/2022\/01\/04\/20220104091216unidos\/\">[FLC CGIL] Contratti COVID prorogati dal 31 dicembre al 31 marzo 2022<\/a><\/li><li class=\"elementor-sitemap-item elementor-sitemap-item-post page_item page-item-68740\"><a href=\"https:\/\/icripalimosani.edu.it\/site\/2022\/01\/03\/20220103083118unidos\/\">Contratti COVID: prorogati dal 31 dicembre al 31 marzo 2022 tutti i contratti in essere del personale docente e ATA<\/a><\/li><li class=\"elementor-sitemap-item elementor-sitemap-item-post page_item page-item-68739\"><a href=\"https:\/\/icripalimosani.edu.it\/site\/2022\/01\/03\/20220103082858unidos\/\">Moduli per l&#8217;adesione alle azioni di protesta promosse dall&#8217;ANQUAP con inizio il 03 gennaio 2022<\/a><\/li><li class=\"elementor-sitemap-item elementor-sitemap-item-post page_item page-item-68738\"><a href=\"https:\/\/icripalimosani.edu.it\/site\/2022\/01\/03\/20220103082155unidos\/\">Moduli per l&#8217;adesione alle azioni di protesta promosse dall&#8217;ANQUAP con inizio il 03 gennaio 2022<\/a><\/li><li class=\"elementor-sitemap-item elementor-sitemap-item-post page_item page-item-68737\"><a href=\"https:\/\/icripalimosani.edu.it\/site\/2021\/12\/30\/20211230103848unidos\/\">[Sindacato Nazionale FederATA] POSTI COVID ATA: ecco ufficialmente la proroga fino a giugno 2022. Grazie all\u2019impegno e allo sciopero di FederATA, gli ATA hanno ottenuto la proroga<\/a><\/li><li class=\"elementor-sitemap-item elementor-sitemap-item-post page_item page-item-68700\"><a href=\"https:\/\/icripalimosani.edu.it\/site\/2021\/12\/30\/20211230101343unidos\/\">[FLC CGIL] Scuola, legge di bilancio 2022: sintesi delle misure approvate dal Senato<\/a><\/li><li class=\"elementor-sitemap-item elementor-sitemap-item-post page_item page-item-68660\"><a href=\"https:\/\/icripalimosani.edu.it\/site\/2021\/12\/29\/20211229124357unidos\/\">Protocollo d&#8217;intesa tra il Ministero dell&#8217;Istruzione (MI)   e la Commissione Nazionale per le Adozioni Internazionali (CAI)   &#8211; Promuovere e rafforzare il benessere scolastico, l&#8217;  inclusione e favorire il diritto allo studio degli studenti adottati<\/a><\/li><li class=\"elementor-sitemap-item elementor-sitemap-item-post page_item page-item-68656\"><a href=\"https:\/\/icripalimosani.edu.it\/site\/2021\/12\/28\/20211228090609unidos\/\">Lettera aperta di USB Scuola agli insegnanti delle scuole romane<\/a><\/li><li class=\"elementor-sitemap-item elementor-sitemap-item-post page_item page-item-68655\"><a href=\"https:\/\/icripalimosani.edu.it\/site\/2021\/12\/28\/20211228083425unidos\/\">Seminario di formazione PNRR<\/a><\/li><li class=\"elementor-sitemap-item elementor-sitemap-item-post page_item page-item-68654\"><a href=\"https:\/\/icripalimosani.edu.it\/site\/2021\/12\/28\/20211228083048unidos\/\">Bando prove Invalsi<\/a><\/li><li class=\"elementor-sitemap-item elementor-sitemap-item-post page_item page-item-68653\"><a href=\"https:\/\/icripalimosani.edu.it\/site\/2021\/12\/28\/20211228082447unidos\/\">Programmazione regionale incontri formativi-informativi INNOVA\u2026\u2026MOLISE \u2013 \u201cACCADEMIA\u201d  DELL\u2019INNOVAZIONE<\/a><\/li><li class=\"elementor-sitemap-item elementor-sitemap-item-post page_item page-item-68648\"><a href=\"https:\/\/icripalimosani.edu.it\/site\/2021\/12\/27\/20211227110138unidos\/\">OGGETTO: proroga della validit\u00e0 delle certificazioni di esenzione alla vaccinazione anti-SARS-CoV-2\/COVID-19.<\/a><\/li><li class=\"elementor-sitemap-item elementor-sitemap-item-post page_item page-item-68643\"><a href=\"https:\/\/icripalimosani.edu.it\/site\/2021\/12\/24\/68643\/\">&#8220;UN NATALE ECOSOSTENIBILE&#8221; &#8211; SEZ. A SCUOLA DELL&#8217;INFANZIA DI RIPALIMOSANI<\/a><\/li><li class=\"elementor-sitemap-item elementor-sitemap-item-post page_item page-item-68639\"><a href=\"https:\/\/icripalimosani.edu.it\/site\/2021\/12\/24\/buone-feste-dai-bambini-della-sez-b-scuola-dellinfanzia-di-ripalimosani\/\">BUONE FESTE DAI BAMBINI DELLA SEZ. B &#8211; SCUOLA DELL&#8217;INFANZIA DI RIPALIMOSANI<\/a><\/li><li class=\"elementor-sitemap-item elementor-sitemap-item-post page_item page-item-68633\"><a href=\"https:\/\/icripalimosani.edu.it\/site\/2021\/12\/24\/buone-feste-sez-c-scuola-dellinfanzia-di-ripalimosani\/\">BUONE FESTE &#8211; SEZ. C SCUOLA DELL&#8217;INFANZIA DI RIPALIMOSANI<\/a><\/li><li class=\"elementor-sitemap-item elementor-sitemap-item-post page_item page-item-68630\"><a href=\"https:\/\/icripalimosani.edu.it\/site\/2021\/12\/24\/auguri-a-distanza-dalla-scuola-primaria-di-petrella-tifernina\/\">AUGURI A DISTANZA DALLA SCUOLA PRIMARIA DI PETRELLA TIFERNINA<\/a><\/li><li class=\"elementor-sitemap-item elementor-sitemap-item-post page_item page-item-68627\"><a href=\"https:\/\/icripalimosani.edu.it\/site\/2021\/12\/24\/auguri-dalla-scuola-primaria-di-limosano\/\">AUGURI DALLA SCUOLA PRIMARIA DI LIMOSANO<\/a><\/li><li class=\"elementor-sitemap-item elementor-sitemap-item-post page_item page-item-68623\"><a href=\"https:\/\/icripalimosani.edu.it\/site\/2021\/12\/24\/lautunno-nei-suoi-vari-aspetti-scuola-primaria-di-oratino\/\">L&#8217;autunno nei suoi vari aspetti &#8211; Scuola primaria di Oratino<\/a><\/li><li class=\"elementor-sitemap-item elementor-sitemap-item-post page_item page-item-68535\"><a href=\"https:\/\/icripalimosani.edu.it\/site\/2021\/12\/23\/20211223131049unidos\/\">[FLC CGIL] Scuola, obbligo vaccinale: dal Ministero dell\u2019Istruzione note e pareri imprecisi e approssimativi<\/a><\/li><li class=\"elementor-sitemap-item elementor-sitemap-item-post page_item page-item-68534\"><a href=\"https:\/\/icripalimosani.edu.it\/site\/2021\/12\/23\/20211223094736unidos\/\">[UIL Scuola Molise: Notizie] Notiziario telematico Segreteria UIL Scuola Molise &#8211; dal 13\/12 al  22\/12\/2021<\/a><\/li><li class=\"elementor-sitemap-item elementor-sitemap-item-post page_item page-item-68522\"><a href=\"https:\/\/icripalimosani.edu.it\/site\/2021\/12\/22\/20211222125445unidos\/\">AUGURI DEL DIRIGENTE SCOLASTICO<\/a><\/li><li class=\"elementor-sitemap-item elementor-sitemap-item-post page_item page-item-68481\"><a href=\"https:\/\/icripalimosani.edu.it\/site\/2021\/12\/21\/20211221125328unidos\/\">Obbligo vaccinale del personale scolastico &#8211; Specifica<\/a><\/li><li class=\"elementor-sitemap-item elementor-sitemap-item-post page_item page-item-68480\"><a href=\"https:\/\/icripalimosani.edu.it\/site\/2021\/12\/21\/20211221110906unidos\/\">Comunicazione date degli incontri sincroni 17\/01\/2022 e 23\/02\/2022 &#8211; corso di formazione OBBLIGATORIO ex DM 188\/2021<\/a><\/li><li class=\"elementor-sitemap-item elementor-sitemap-item-post page_item page-item-68479\"><a href=\"https:\/\/icripalimosani.edu.it\/site\/2021\/12\/20\/20211220100956unidos\/\">Azione di sciopero 22 dicembre 2021<\/a><\/li><li class=\"elementor-sitemap-item elementor-sitemap-item-post page_item page-item-68478\"><a href=\"https:\/\/icripalimosani.edu.it\/site\/2021\/12\/20\/20211220083935unidos\/\">PREDISPOSIZIONE DAD<\/a><\/li><li class=\"elementor-sitemap-item elementor-sitemap-item-post page_item page-item-68470\"><a href=\"https:\/\/icripalimosani.edu.it\/site\/2021\/12\/18\/20211218130351unidos\/\">REGOLAMENTO_PER_IL_CONFERIMENTO_DI_INCARICHI_INDIVIDUALI.pdf<\/a><\/li><li class=\"elementor-sitemap-item elementor-sitemap-item-post page_item page-item-68469\"><a href=\"https:\/\/icripalimosani.edu.it\/site\/2021\/12\/18\/20211218125800unidos\/\">MUSIC OPEN DAY<\/a><\/li><li class=\"elementor-sitemap-item elementor-sitemap-item-post page_item page-item-68468\"><a href=\"https:\/\/icripalimosani.edu.it\/site\/2021\/12\/18\/20211218111056unidos\/\">Predisposizione DAD<\/a><\/li><li class=\"elementor-sitemap-item elementor-sitemap-item-post page_item page-item-68467\"><a href=\"https:\/\/icripalimosani.edu.it\/site\/2021\/12\/17\/20211217130544unidos\/\">NOTIZIARIO<\/a><\/li><li class=\"elementor-sitemap-item elementor-sitemap-item-post page_item page-item-68465\"><a href=\"https:\/\/icripalimosani.edu.it\/site\/2021\/12\/17\/20211217082738unidos\/\">Indicazioni in merito alle modalit\u00e0 di controllo semplificato dello stato vaccinale Dirigente scolastico<\/a><\/li><li class=\"elementor-sitemap-item elementor-sitemap-item-post page_item page-item-68464\"><a href=\"https:\/\/icripalimosani.edu.it\/site\/2021\/12\/17\/20211217082339unidos\/\">Sciopero CSLE_CONALPE_ 22 dicembre 2021<\/a><\/li><li class=\"elementor-sitemap-item elementor-sitemap-item-post page_item page-item-68463\"><a href=\"https:\/\/icripalimosani.edu.it\/site\/2021\/12\/17\/20211217081818unidos\/\">Comunicato sindacale<\/a><\/li><li class=\"elementor-sitemap-item elementor-sitemap-item-post page_item page-item-68461\"><a href=\"https:\/\/icripalimosani.edu.it\/site\/2021\/12\/15\/20211215095944unidos\/\">UNICOBAS.ELEZIONI.RSU.2022<\/a><\/li><li class=\"elementor-sitemap-item elementor-sitemap-item-post page_item page-item-68449\"><a href=\"https:\/\/icripalimosani.edu.it\/site\/2021\/12\/14\/20211214095950unidos\/\">precisazioni sciopero generale 16 dicembre 2021 &#8211; esclusione settore scuola &#8211;<\/a><\/li><li class=\"elementor-sitemap-item elementor-sitemap-item-post page_item page-item-68448\"><a href=\"https:\/\/icripalimosani.edu.it\/site\/2021\/12\/14\/20211214095311unidos\/\">Indicazioni operative ASREM<\/a><\/li><li class=\"elementor-sitemap-item elementor-sitemap-item-post page_item page-item-68447\"><a href=\"https:\/\/icripalimosani.edu.it\/site\/2021\/12\/14\/20211214093242unidos\/\">Progetto formativo Protocollo d&#8217;Intesa<\/a><\/li><li class=\"elementor-sitemap-item elementor-sitemap-item-post page_item page-item-68446\"><a href=\"https:\/\/icripalimosani.edu.it\/site\/2021\/12\/13\/20211213130615unidos\/\">CONVOCAZIONE COLLEGIO DEI DOCENTI<\/a><\/li><li class=\"elementor-sitemap-item elementor-sitemap-item-post page_item page-item-68445\"><a href=\"https:\/\/icripalimosani.edu.it\/site\/2021\/12\/13\/20211213122742unidos\/\">[UIL Scuola Molise: Notizie] Notiziario telematico Segreteria Regionale UIL Scuola Molise dal 29.11.2021 al 12.12.2021<\/a><\/li><li class=\"elementor-sitemap-item elementor-sitemap-item-post page_item page-item-68444\"><a href=\"https:\/\/icripalimosani.edu.it\/site\/2021\/12\/11\/20211211085629unidos\/\">Giustifica assenza per somministrazione vaccino<\/a><\/li><li class=\"elementor-sitemap-item elementor-sitemap-item-post page_item page-item-68438\"><a href=\"https:\/\/icripalimosani.edu.it\/site\/2021\/12\/09\/20211209152951unidos\/\">AZIONE DI SCIOPERO 10 Dicembre<\/a><\/li><li class=\"elementor-sitemap-item elementor-sitemap-item-post page_item page-item-68437\"><a href=\"https:\/\/icripalimosani.edu.it\/site\/2021\/12\/09\/20211209151831unidos\/\">Trasmissione nota congiunta prot. n. 54914 del 30 novembre 2021 &#8220;Specifiche alla Circolare &#8216;Aggiornamento delle indicazioni per l&#8217;individuazione e la gestione dei contatti di casi di infezione da SARS-CoV-2 in ambito scolastico&#8221;.<\/a><\/li><li class=\"elementor-sitemap-item elementor-sitemap-item-post page_item page-item-68433\"><a href=\"https:\/\/icripalimosani.edu.it\/site\/2021\/12\/09\/20211209110831unidos\/\">Comparto  Istruzione  e  Ricerca  \u2013  Sezione  Scuola.  Azioni  di  sciopero  per  la  giornata  del  10 dicembre 2021<\/a><\/li><li class=\"elementor-sitemap-item elementor-sitemap-item-post page_item page-item-68432\"><a href=\"https:\/\/icripalimosani.edu.it\/site\/2021\/12\/09\/20211209105643unidos\/\">orientamento<\/a><\/li><li class=\"elementor-sitemap-item elementor-sitemap-item-post page_item page-item-68431\"><a href=\"https:\/\/icripalimosani.edu.it\/site\/2021\/12\/09\/20211209105352unidos\/\">[UIL Scuola Molise: Notizie] Notiziario sindacale UIL Scuola Molise &#8211; Venerd\u00ec 10 dicembre 2021 sciopero del comparto scuola<\/a><\/li><li class=\"elementor-sitemap-item elementor-sitemap-item-post page_item page-item-68430\"><a href=\"https:\/\/icripalimosani.edu.it\/site\/2021\/12\/09\/20211209105229unidos\/\">Comunicato sindacale<\/a><\/li><li class=\"elementor-sitemap-item elementor-sitemap-item-post page_item page-item-68429\"><a href=\"https:\/\/icripalimosani.edu.it\/site\/2021\/12\/09\/20211209105110unidos\/\">USB Scuola &#8211; Assemblea sindacale online USB Scuola 14 dicembre ore 17<\/a><\/li><li class=\"elementor-sitemap-item elementor-sitemap-item-post page_item page-item-68428\"><a href=\"https:\/\/icripalimosani.edu.it\/site\/2021\/12\/09\/20211209104750unidos\/\">Circolare Ministero obbligo vaccinale<\/a><\/li><li class=\"elementor-sitemap-item elementor-sitemap-item-post page_item page-item-68427\"><a href=\"https:\/\/icripalimosani.edu.it\/site\/2021\/12\/09\/20211209083445unidos\/\">Introduzione obbligo vaccinale personale della scuola DL 172\/2021. Nota MI n. 1898 del 07.12.21<\/a><\/li><li class=\"elementor-sitemap-item elementor-sitemap-item-post page_item page-item-68418\"><a href=\"https:\/\/icripalimosani.edu.it\/site\/2021\/12\/07\/20211207152339unidos\/\">bando selezione tutorPon inglese<\/a><\/li><li class=\"elementor-sitemap-item elementor-sitemap-item-post page_item page-item-68417\"><a href=\"https:\/\/icripalimosani.edu.it\/site\/2021\/12\/07\/20211207152143unidos\/\">bando selezione esperto Pon inglese<\/a><\/li><li class=\"elementor-sitemap-item elementor-sitemap-item-post page_item page-item-68416\"><a href=\"https:\/\/icripalimosani.edu.it\/site\/2021\/12\/07\/20211207151701unidos\/\">bando selezione esperto Pon latino<\/a><\/li><li class=\"elementor-sitemap-item elementor-sitemap-item-post page_item page-item-68415\"><a href=\"https:\/\/icripalimosani.edu.it\/site\/2021\/12\/07\/20211207151601unidos\/\">bando selezione tutor Pon latino<\/a><\/li><li class=\"elementor-sitemap-item elementor-sitemap-item-post page_item page-item-68410\"><a href=\"https:\/\/icripalimosani.edu.it\/site\/2021\/12\/07\/20211207125901unidos\/\">COMUNICAZIONE SCIOPERO DEL 10 DICEMBRE 2021<\/a><\/li><li class=\"elementor-sitemap-item elementor-sitemap-item-post page_item page-item-68409\"><a href=\"https:\/\/icripalimosani.edu.it\/site\/2021\/12\/07\/20211207122830unidos\/\">E-TWINNING<\/a><\/li><li class=\"elementor-sitemap-item elementor-sitemap-item-post page_item page-item-68408\"><a href=\"https:\/\/icripalimosani.edu.it\/site\/2021\/12\/06\/20211206123101unidos\/\">PROGETTO SOSTEGNO PSICOLOGICO<\/a><\/li><li class=\"elementor-sitemap-item elementor-sitemap-item-post page_item page-item-68407\"><a href=\"https:\/\/icripalimosani.edu.it\/site\/2021\/12\/06\/20211206113932unidos\/\">TABELLA ATTIVIT\u00c0 CONSENTITE SENZA\/CON GREEN PASS \u201cBASE\u201d\/\u201dRAFFORZATO\u201d DAL 6\/12\/2021 AL 15\/1\/2022_Green pass rafforzato \/ Super green pass<\/a><\/li><li class=\"elementor-sitemap-item elementor-sitemap-item-post page_item page-item-68406\"><a href=\"https:\/\/icripalimosani.edu.it\/site\/2021\/12\/06\/20211206112740unidos\/\">Informativa sul trattamento dei dati personali  per la verifica del possesso delle certificazioni verdi COVID-19   del personale docente e ATA  (Art. 14 del Regolamento UE 679\/2016)<\/a><\/li><li class=\"elementor-sitemap-item elementor-sitemap-item-post page_item page-item-68404\"><a href=\"https:\/\/icripalimosani.edu.it\/site\/2021\/12\/04\/20211204123347unidos\/\">Locandina Open day anno scolastico 2021\/22<\/a><\/li><li class=\"elementor-sitemap-item elementor-sitemap-item-post page_item page-item-68403\"><a href=\"https:\/\/icripalimosani.edu.it\/site\/2021\/12\/04\/20211204101029unidos\/\">Convocazione Assemblea Sindacale Nazionale ANIEF, del personale ATA delle istituzioni scolastiche di ogni ordine e grado<\/a><\/li><li class=\"elementor-sitemap-item elementor-sitemap-item-post page_item page-item-68402\"><a href=\"https:\/\/icripalimosani.edu.it\/site\/2021\/12\/04\/20211204100725unidos\/\">assemblee sindacali regionali in orario di servizio (art. 23 CCNL\/2018)<\/a><\/li><li class=\"elementor-sitemap-item elementor-sitemap-item-post page_item page-item-68401\"><a href=\"https:\/\/icripalimosani.edu.it\/site\/2021\/12\/04\/20211204095634unidos\/\">Comunicazione sospensione delle attivit\u00e0 didattiche e chiusura uffici di Segreteria a.s. 2021\/2022<\/a><\/li><li class=\"elementor-sitemap-item elementor-sitemap-item-post page_item page-item-68400\"><a href=\"https:\/\/icripalimosani.edu.it\/site\/2021\/12\/04\/20211204095417unidos\/\">SCIOPERO DELLA SCUOLA 10 dicembre: manifestazione a Roma e assemblee unitarie<\/a><\/li><li class=\"elementor-sitemap-item elementor-sitemap-item-post page_item page-item-68399\"><a href=\"https:\/\/icripalimosani.edu.it\/site\/2021\/12\/03\/20211203084827unidos\/\">avviso USR Molise, prot. n. 6779 del 16.10.2021 per la &#8220;Selezione di scuole innovative con consolidata propensione all&#8217;innovazione organizzativa e didattica per l&#8217;organizzazione di visite dei docenti neo assunti nell&#8217;ambito del periodo di formazione e I:<\/a><\/li><li class=\"elementor-sitemap-item elementor-sitemap-item-post page_item page-item-68398\"><a href=\"https:\/\/icripalimosani.edu.it\/site\/2021\/12\/03\/20211203083901unidos\/\">eTwinning &#8211; la community delle scuole in Europa nell&#8217;  ambito del Programma Erasmus  per il periodo 2021-2027.   Formazione dei docenti in servizio nelle scuole di ogni ordine e grado.<\/a><\/li><li class=\"elementor-sitemap-item elementor-sitemap-item-post page_item page-item-68397\"><a href=\"https:\/\/icripalimosani.edu.it\/site\/2021\/12\/02\/20211202165802unidos\/\">Colloqui Genitori-Docenti dicembre 2021.<\/a><\/li><li class=\"elementor-sitemap-item elementor-sitemap-item-post page_item page-item-68396\"><a href=\"https:\/\/icripalimosani.edu.it\/site\/2021\/12\/02\/20211202154941unidos\/\">CONVOCAZIONE CONSIGLI DI CLASSE,INTERCLASSE E INTERSEZIONE DICEMBRE 2021<\/a><\/li><li class=\"elementor-sitemap-item elementor-sitemap-item-post page_item page-item-68395\"><a href=\"https:\/\/icripalimosani.edu.it\/site\/2021\/12\/01\/20211201121731unidos\/\">ISCRIZIONI PER L\u2019ANNO SCOLASTICO 2022\/2023<\/a><\/li><li class=\"elementor-sitemap-item elementor-sitemap-item-post page_item page-item-68389\"><a href=\"https:\/\/icripalimosani.edu.it\/site\/2021\/12\/01\/20211201085050unidos\/\">[FLC CGIL] #ATAnews n. 3\/2021. Sciopero scuola 10 dicembre<\/a><\/li><li class=\"elementor-sitemap-item elementor-sitemap-item-post page_item page-item-68388\"><a href=\"https:\/\/icripalimosani.edu.it\/site\/2021\/12\/01\/20211201084737unidos\/\">[FLC CGIL] #ATAnews n. 3\/2021. Sciopero scuola 10 dicembre<\/a><\/li><li class=\"elementor-sitemap-item elementor-sitemap-item-post page_item page-item-68381\"><a href=\"https:\/\/icripalimosani.edu.it\/site\/2021\/11\/30\/giornata-mondiale-della-gentilezza-plesso-di-oratino\/\">GIORNATA MONDIALE DELLA GENTILEZZA &#8211; PLESSO DI ORATINO<\/a><\/li><li class=\"elementor-sitemap-item elementor-sitemap-item-post page_item page-item-68379\"><a href=\"https:\/\/icripalimosani.edu.it\/site\/2021\/11\/30\/20211130155356unidos\/\">Comunicato Stampa del 26\/11\/2021 FEDER.ATA:\u201d I primi dati ufficiali del Ministero sono positivi e confortanti,  l\u2019adesione dei lavoratori ATA non \u00e8 mancata&#8221;<\/a><\/li><li class=\"elementor-sitemap-item elementor-sitemap-item-post page_item page-item-68378\"><a href=\"https:\/\/icripalimosani.edu.it\/site\/2021\/11\/30\/20211130122839unidos\/\">SCIOPERI SCUOLE STATALI DI OGNI ORDINE E GRADO \u2013 ISTRUZIONE RICERCA IL 9 e 10 DICEMBRE 2021<\/a><\/li><li class=\"elementor-sitemap-item elementor-sitemap-item-post page_item page-item-68360\"><a href=\"https:\/\/icripalimosani.edu.it\/site\/2021\/11\/29\/20211129105802unidos\/\">[UIL Scuola Molise: Notizie] Notiziario UIL Scuola Molise dal 15\/11\/2021 al 28\/11\/2021<\/a><\/li><li class=\"elementor-sitemap-item elementor-sitemap-item-post page_item page-item-68359\"><a href=\"https:\/\/icripalimosani.edu.it\/site\/2021\/11\/29\/20211129090114unidos\/\">FLC CGIL &#8211; La scuola sciopera il 10 dicembre 2021<\/a><\/li><li class=\"elementor-sitemap-item elementor-sitemap-item-post page_item page-item-68358\"><a href=\"https:\/\/icripalimosani.edu.it\/site\/2021\/11\/29\/20211129082954unidos\/\">USB Scuola: RSU2022 Canditati!<\/a><\/li><li class=\"elementor-sitemap-item elementor-sitemap-item-post page_item page-item-68354\"><a href=\"https:\/\/icripalimosani.edu.it\/site\/2021\/11\/27\/classe-terza-plesso-di-matrice\/\">CLASSE TERZA &#8211; PLESSO DI MATRICE<\/a><\/li><li class=\"elementor-sitemap-item elementor-sitemap-item-post page_item page-item-68349\"><a href=\"https:\/\/icripalimosani.edu.it\/site\/2021\/11\/27\/classe-quinta-scuola-primaria-di-matrice\/\">CLASSE QUINTA &#8211; SCUOLA PRIMARIA DI MATRICE<\/a><\/li><li class=\"elementor-sitemap-item elementor-sitemap-item-post page_item page-item-68348\"><a href=\"https:\/\/icripalimosani.edu.it\/site\/2021\/11\/26\/20211126105521unidos\/\">Piano aggiornato \u201dAttivit\u00e0 di orientamento per gli alunni delle classi terze della scuola  Secondaria di primo grado dell\u2019Istituto\u201d<\/a><\/li><li class=\"elementor-sitemap-item elementor-sitemap-item-post page_item page-item-68342\"><a href=\"https:\/\/icripalimosani.edu.it\/site\/2021\/11\/25\/giornata-mondiale-contro-la-violenza-sulle-donne-scuola-primaria-di-campolieto\/\">Giornata mondiale contro la violenza sulle donne &#8211; Scuola primaria di Campolieto<\/a><\/li><li class=\"elementor-sitemap-item elementor-sitemap-item-post page_item page-item-68331\"><a href=\"https:\/\/icripalimosani.edu.it\/site\/2021\/11\/25\/giornata-mondiale-contro-la-violenza-sulle-donne-classe-v-plesso-di-petrella-tifernina-nza-sulle-donne-classe-v-petrell\/\">Giornata mondiale contro la violenza sulle donne &#8211; classe V plesso di Petrella Tifernina nza sulle donne &#8211; classe V petrell<\/a><\/li><li class=\"elementor-sitemap-item elementor-sitemap-item-post page_item page-item-68328\"><a href=\"https:\/\/icripalimosani.edu.it\/site\/2021\/11\/24\/20211124102027unidos\/\">CALENDARIO &#8220;PIANETA GIOCoSPORT&#8221; 2021-22  SCUOLA DELL&#8217;INFANZIA DI  LUCITO<\/a><\/li><li class=\"elementor-sitemap-item elementor-sitemap-item-post page_item page-item-68317\"><a href=\"https:\/\/icripalimosani.edu.it\/site\/2021\/11\/23\/festa-dellalbero-2021-2022-albero-abbraccio-e-respiro-del-mondo\/\">Festa dell&#8217;albero 2021\/2022 &#8211; &#8220;Albero abbraccio e respiro del mondo&#8221;<\/a><\/li><li class=\"elementor-sitemap-item elementor-sitemap-item-post page_item page-item-68280\"><a href=\"https:\/\/icripalimosani.edu.it\/site\/2021\/11\/23\/festa-dellalbero-plesso-di-matrice\/\">Festa dell&#8217;albero &#8211; Plesso di Matrice<\/a><\/li><li class=\"elementor-sitemap-item elementor-sitemap-item-post page_item page-item-68297\"><a href=\"https:\/\/icripalimosani.edu.it\/site\/2021\/11\/23\/a-livella-scuola-primaria-oratino\/\">&#8220;A LIVELLA&#8221; &#8211; Scuola Primaria Oratino<\/a><\/li><li class=\"elementor-sitemap-item elementor-sitemap-item-post page_item page-item-68290\"><a href=\"https:\/\/icripalimosani.edu.it\/site\/2021\/11\/23\/code-week-scuola-primaria-petrella-tifernina\/\">Code Week &#8211; Scuola Primaria Petrella Tifernina<\/a><\/li><li class=\"elementor-sitemap-item elementor-sitemap-item-post page_item page-item-68287\"><a href=\"https:\/\/icripalimosani.edu.it\/site\/2021\/11\/23\/diritti-dei-bambini-e-festa-dellalbero-plesso-petrella-tifernina\/\">Diritti dei bambini e Festa dell&#8217;albero &#8211; Plesso Petrella Tifernina<\/a><\/li><li class=\"elementor-sitemap-item elementor-sitemap-item-post page_item page-item-68283\"><a href=\"https:\/\/icripalimosani.edu.it\/site\/2021\/11\/23\/20211123104028unidos\/\">Formazione docenti<\/a><\/li><li class=\"elementor-sitemap-item elementor-sitemap-item-post page_item page-item-68282\"><a href=\"https:\/\/icripalimosani.edu.it\/site\/2021\/11\/23\/20211123095445unidos\/\">Convegno &#8220;A scuola di emozioni&#8221; &#8211; venerd\u00ec 03 dicembre 2021 &#8211; ore 15.30-18.00 &#8211;  Associazione IRASE Molise<\/a><\/li><li class=\"elementor-sitemap-item elementor-sitemap-item-post page_item page-item-68279\"><a href=\"https:\/\/icripalimosani.edu.it\/site\/2021\/11\/22\/20211122141350unidos\/\">Sospensione servizio mensa Infanzia Campolieto<\/a><\/li><li class=\"elementor-sitemap-item elementor-sitemap-item-post page_item page-item-68278\"><a href=\"https:\/\/icripalimosani.edu.it\/site\/2021\/11\/22\/20211122094537unidos\/\">SIT IN DI PROTESTA DEI SINDACATI UIL SCUOLA &#8211; FLC CGIL &#8211; SNALS &#8211; GILDA<\/a><\/li><li class=\"elementor-sitemap-item elementor-sitemap-item-post page_item page-item-68277\"><a href=\"https:\/\/icripalimosani.edu.it\/site\/2021\/11\/22\/20211122093542unidos\/\">Sciopero nazionale personale A.T.A. Se non ora Quando? Sciopera con noi &#8211; 24 novembre 2021<\/a><\/li><li class=\"elementor-sitemap-item elementor-sitemap-item-post page_item page-item-68276\"><a href=\"https:\/\/icripalimosani.edu.it\/site\/2021\/11\/22\/20211122091108unidos\/\">SEMINARIO SU EDUCARE ALLA DIFFERENZA DI GENERE &#8211; 25 NOVEMBRE 2021<\/a><\/li><li class=\"elementor-sitemap-item elementor-sitemap-item-post page_item page-item-68275\"><a href=\"https:\/\/icripalimosani.edu.it\/site\/2021\/11\/22\/20211122090220unidos\/\">Giornata internazionale per l&#8217;eliminazione della violenza contro le donne &#8211; 25 novembre 2021<\/a><\/li><li class=\"elementor-sitemap-item elementor-sitemap-item-post page_item page-item-68274\"><a href=\"https:\/\/icripalimosani.edu.it\/site\/2021\/11\/22\/20211122085454unidos\/\">SCIOPERO NAZIONALE PERSONALE ATA 24 NOVEMBRE 2021<\/a><\/li><li class=\"elementor-sitemap-item elementor-sitemap-item-post page_item page-item-68273\"><a href=\"https:\/\/icripalimosani.edu.it\/site\/2021\/11\/22\/20211122084901unidos\/\">Assemblea sindacale territoriale personale ATA del 26\/11\/2021<\/a><\/li><li class=\"elementor-sitemap-item elementor-sitemap-item-post page_item page-item-68268\"><a href=\"https:\/\/icripalimosani.edu.it\/site\/2021\/11\/21\/giornata-nazionale-degli-alberi-sez-b-ripalimosani\/\">Giornata nazionale degli alberi &#8211; Sez. B Ripalimosani<\/a><\/li><li class=\"elementor-sitemap-item elementor-sitemap-item-post page_item page-item-68260\"><a href=\"https:\/\/icripalimosani.edu.it\/site\/2021\/11\/21\/giornata-nazionale-degli-alberi-sez-a-plesso-ripalimosani\/\">Giornata nazionale degli alberi &#8211; Sez. A plesso Ripalimosani<\/a><\/li><li class=\"elementor-sitemap-item elementor-sitemap-item-post page_item page-item-68254\"><a href=\"https:\/\/icripalimosani.edu.it\/site\/2021\/11\/21\/giornata-dei-diritti-dei-bambini-plesso-di-petrella-tifernina\/\">Giornata dei diritti dei bambini &#8211; Plesso di Petrella Tifernina<\/a><\/li><li class=\"elementor-sitemap-item elementor-sitemap-item-post page_item page-item-68242\"><a href=\"https:\/\/icripalimosani.edu.it\/site\/2021\/11\/20\/20-novembre-giornata-mondiale-dei-diritti-dei-bambini-plesso-di-campolieto\/\">20 novembre &#8211; Giornata mondiale dei diritti dei bambini &#8211; Plesso di Campolieto<\/a><\/li><li class=\"elementor-sitemap-item elementor-sitemap-item-post page_item page-item-68241\"><a href=\"https:\/\/icripalimosani.edu.it\/site\/2021\/11\/20\/20211120110023unidos\/\">LOCANDINA FLC CGIL<\/a><\/li><li class=\"elementor-sitemap-item elementor-sitemap-item-post page_item page-item-68226\"><a href=\"https:\/\/icripalimosani.edu.it\/site\/2021\/11\/19\/progetto-libriamoci-plesso-di-matrice\/\">PROGETTO LIBRIAMOCI &#8211; Plesso di Matrice<\/a><\/li><li class=\"elementor-sitemap-item elementor-sitemap-item-post page_item page-item-68216\"><a href=\"https:\/\/icripalimosani.edu.it\/site\/2021\/11\/19\/progetto-libriamoci-plesso-di-petrella-tifernina-limosano\/\">PROGETTO &#8220;LIBRIAMOCI&#8221; &#8211; Plesso di Petrella Tifernina &#8211; Limosano<\/a><\/li><li class=\"elementor-sitemap-item elementor-sitemap-item-post page_item page-item-68215\"><a href=\"https:\/\/icripalimosani.edu.it\/site\/2021\/11\/19\/20211119085225unidos\/\">FEDERATA DIFFIDA IL MINISTERO DELL&#8217;ISTRUZIONE PER LO SCIOPERO DEL 24 NOVEMBRE 2021<\/a><\/li><li class=\"elementor-sitemap-item elementor-sitemap-item-post page_item page-item-68212\"><a href=\"https:\/\/icripalimosani.edu.it\/site\/2021\/11\/18\/20211118111733unidos\/\">Comunicazione relativa al nuovo consiglio direttivo della GILDA DEGLI INSEGNANTI DI CAMPOBASSO<\/a><\/li><li class=\"elementor-sitemap-item elementor-sitemap-item-post page_item page-item-68210\"><a href=\"https:\/\/icripalimosani.edu.it\/site\/2021\/11\/18\/20211118094722unidos\/\">Convocazione assemblea sindacale territoriale in orario di servizio<\/a><\/li><li class=\"elementor-sitemap-item elementor-sitemap-item-post page_item page-item-68209\"><a href=\"https:\/\/icripalimosani.edu.it\/site\/2021\/11\/17\/20211117133009unidos\/\">Piano attivit\u00e0 di orientamento per gli alunni delle classi terze della scuola Secondaria di primo grado<\/a><\/li><li class=\"elementor-sitemap-item elementor-sitemap-item-post page_item page-item-68208\"><a href=\"https:\/\/icripalimosani.edu.it\/site\/2021\/11\/17\/20211117094533unidos\/\">Assemblea Congressuale 22 novembre 2021 dalle ore 15:30 alle ore 17:30<\/a><\/li><li class=\"elementor-sitemap-item elementor-sitemap-item-post page_item page-item-68207\"><a href=\"https:\/\/icripalimosani.edu.it\/site\/2021\/11\/17\/20211117083159unidos\/\">[FLC CGIL] Scuola: legge di bilancio, al via la mobilitazione<\/a><\/li><li class=\"elementor-sitemap-item elementor-sitemap-item-post page_item page-item-68202\"><a href=\"https:\/\/icripalimosani.edu.it\/site\/2021\/11\/16\/listituto-comprensivo-d-alighieri-di-ripalimosani-inaugura-il-progetto-il-mandolino-nella-tradizione-ripese\/\">L\u2019Istituto Comprensivo \u201cD. Alighieri\u201d di Ripalimosani inaugura il progetto \u201cIL MANDOLINO NELLA TRADIZIONE RIPESE\u201d<\/a><\/li><li class=\"elementor-sitemap-item elementor-sitemap-item-post page_item page-item-68199\"><a href=\"https:\/\/icripalimosani.edu.it\/site\/2021\/11\/16\/20211116124200unidos\/\">TRASPORTO SCOLASTICO COMUNE DI CAMPOLIETO<\/a><\/li><li class=\"elementor-sitemap-item elementor-sitemap-item-post page_item page-item-68197\"><a href=\"https:\/\/icripalimosani.edu.it\/site\/2021\/11\/16\/20211116112320unidos\/\">Comunicato UIL<\/a><\/li><li class=\"elementor-sitemap-item elementor-sitemap-item-post page_item page-item-68188\"><a href=\"https:\/\/icripalimosani.edu.it\/site\/2021\/11\/15\/20211115115442unidos\/\">Sciopero Nazionale FEDER. A.T.A. indetto il 24\/11\/2021<\/a><\/li><li class=\"elementor-sitemap-item elementor-sitemap-item-post page_item page-item-68185\"><a href=\"https:\/\/icripalimosani.edu.it\/site\/2021\/11\/13\/20211113114604unidos\/\">Mensa scuola dell&#8217;Infanzia<\/a><\/li><li class=\"elementor-sitemap-item elementor-sitemap-item-post page_item page-item-68184\"><a href=\"https:\/\/icripalimosani.edu.it\/site\/2021\/11\/13\/20211113111612unidos\/\">Progetto VI.NAR.S. &#8211; calendario laboratori cinematografici<\/a><\/li><li class=\"elementor-sitemap-item elementor-sitemap-item-post page_item page-item-68163\"><a href=\"https:\/\/icripalimosani.edu.it\/site\/2021\/11\/10\/20211110094136unidos\/\">chiusura plesso di Limosano<\/a><\/li><li class=\"elementor-sitemap-item elementor-sitemap-item-post page_item page-item-68162\"><a href=\"https:\/\/icripalimosani.edu.it\/site\/2021\/11\/09\/20211109113256unidos\/\">Comunicazione_FEDER_ATA &#8211; Comunicato stampa del 28 ottobre 2021 sciopero della scuola &#8211; sciopero 24 novembre 2021<\/a><\/li><li class=\"elementor-sitemap-item elementor-sitemap-item-post page_item page-item-68161\"><a href=\"https:\/\/icripalimosani.edu.it\/site\/2021\/11\/09\/20211109104237unidos\/\">Pubblicazione della nota tecnica relativa a: \u201cIndicazioni per l\u2019individuazione e la gestione dei contatti di casi di infezione da SARS-CoV-2 in ambito scolastico\u201d.<\/a><\/li><li class=\"elementor-sitemap-item elementor-sitemap-item-post page_item page-item-68160\"><a href=\"https:\/\/icripalimosani.edu.it\/site\/2021\/11\/08\/20211108122900unidos\/\">Scheda tecnica_UIL_SCUOLA_RUA_MOLISE<\/a><\/li><li class=\"elementor-sitemap-item elementor-sitemap-item-post page_item page-item-68159\"><a href=\"https:\/\/icripalimosani.edu.it\/site\/2021\/11\/08\/20211108110442unidos\/\">LABORATORIO PROGETTO VINARS.<\/a><\/li><li class=\"elementor-sitemap-item elementor-sitemap-item-post page_item page-item-68158\"><a href=\"https:\/\/icripalimosani.edu.it\/site\/2021\/11\/08\/20211108102642unidos\/\">Indizione assemblea sindacale ANIEF marted\u00ec 16 novembre 2021<\/a><\/li><li class=\"elementor-sitemap-item elementor-sitemap-item-post page_item page-item-68146\"><a href=\"https:\/\/icripalimosani.edu.it\/site\/2021\/11\/07\/4-novembre-giornata-dellunita-nazionale-e-delle-forze-armate-matrice\/\">4 NOVEMBRE: GIORNATA DELL&#8217;UNITA&#8217; NAZIONALE E DELLE FORZE ARMATE &#8211; MATRICE<\/a><\/li><li class=\"elementor-sitemap-item elementor-sitemap-item-post page_item page-item-68134\"><a href=\"https:\/\/icripalimosani.edu.it\/site\/2021\/11\/07\/4-novembre-giornata-dellunita-nazionale-e-delle-forze-armate-petrella-tifernina\/\">4 NOVEMBRE: GIORNATA DELL&#8217;UNITA&#8217; NAZIONALE E DELLE FORZE ARMATE &#8211; PETRELLA TIFERNINA<\/a><\/li><li class=\"elementor-sitemap-item elementor-sitemap-item-post page_item page-item-68122\"><a href=\"https:\/\/icripalimosani.edu.it\/site\/2021\/11\/07\/4-novembre-2021-una-delegazione-di-alunni-e-la-dirigente-ricevono-una-bandiera-italiana-dal-prefetto-di-campobasso\/\">4 NOVEMBRE 2021: UNA DELEGAZIONE DI ALUNNI E LA DIRIGENTE RICEVONO UNA BANDIERA ITALIANA DAL PREFETTO DI CAMPOBASSO<\/a><\/li><li class=\"elementor-sitemap-item elementor-sitemap-item-post page_item page-item-68118\"><a href=\"https:\/\/icripalimosani.edu.it\/site\/2021\/11\/06\/europe-code-week-2021-scuola-primaria-di-lucito\/\">&#8220;EUROPE CODE WEEK 2021&#8221; &#8211; SCUOLA PRIMARIA DI LUCITO<\/a><\/li><li class=\"elementor-sitemap-item elementor-sitemap-item-post page_item page-item-68115\"><a href=\"https:\/\/icripalimosani.edu.it\/site\/2021\/11\/06\/20211106091816unidos\/\">Deliberazione n. 21\/256: Sciopero generale proclamato ad oltranza, dalla Segreteria nazionale della Federazione Italiana Sindacati Intercategoriali, in data 29 ottobre 2021, \u201cper tutti i settori pubblici e privati a oltranza dalle ore 00.01 del 1\u00b0 novembre 2021, alle 23.59 del 15 novembre 2021 (Pos. 1297\/21)<\/a><\/li><li class=\"elementor-sitemap-item elementor-sitemap-item-post page_item page-item-68114\"><a href=\"https:\/\/icripalimosani.edu.it\/site\/2021\/11\/06\/20211106084126unidos\/\">Digital board: trasformazione digitale nella didattica e nell\u2019organizzazione\u201d Fondi Strutturali Europei \u2013 Programma Operativo Nazionale \u201cPer la scuola, competenze e ambienti per l\u2019apprendimento\u201d 2014-2020 &#8211; Fondo europeo di sviluppo regionale (FESR) \u2013 REACT EU Asse V &#8211; Priorit\u00e0 d&#8217;investimento: 13i &#8211; (FESR) \u201cPromuovere il superamento degli effetti della crisi nel contesto della pandemia di COVID-19 e delle sue conseguenze sociali e preparare una ripresa verde, digitale e resiliente dell\u2019economia\u201d \u2013 Obiettivo specifico 13.1: Facilitare una ripresa verde, digitale e resiliente dell&#8217;economia &#8211; Azione 13.1.2 \u201cDigital board: trasformazione digitale nella didattica e nell\u2019organizzazione\u201d<\/a><\/li><li class=\"elementor-sitemap-item elementor-sitemap-item-post page_item page-item-68112\"><a href=\"https:\/\/icripalimosani.edu.it\/site\/2021\/11\/05\/20211105100247unidos\/\">Sciopero generale del comparto istruzione e ricerca dal 1\u00b0 al 15 novembre<\/a><\/li><li class=\"elementor-sitemap-item elementor-sitemap-item-post page_item page-item-68111\"><a href=\"https:\/\/icripalimosani.edu.it\/site\/2021\/11\/05\/20211105092911unidos\/\">Consigli di classe, di interclasse e di intersezione in modalit\u00e0 a  distanza, con la presenza della Rappresentanza dei genitori.<\/a><\/li><li class=\"elementor-sitemap-item elementor-sitemap-item-post page_item page-item-68110\"><a href=\"https:\/\/icripalimosani.edu.it\/site\/2021\/11\/05\/20211105090543unidos\/\">Sciopero generale &#8211; Sciopero nazionale personale ATA<\/a><\/li><li class=\"elementor-sitemap-item elementor-sitemap-item-post page_item page-item-68108\"><a href=\"https:\/\/icripalimosani.edu.it\/site\/2021\/11\/04\/20211104130430unidos\/\">ORARIO DELLA LEZIONE DI STRUMENTO MUSICALE A.S. 2021\/2022<\/a><\/li><li class=\"elementor-sitemap-item elementor-sitemap-item-post page_item page-item-68107\"><a href=\"https:\/\/icripalimosani.edu.it\/site\/2021\/11\/04\/20211104092521unidos\/\">Convocazione Assemblea sindacale territoriale PERSONALE ATA in orario di servizio (art. 23 CCNL\/2018 Istruzione e Ricerca) e CIR Molise<\/a><\/li><li class=\"elementor-sitemap-item elementor-sitemap-item-post page_item page-item-68106\"><a href=\"https:\/\/icripalimosani.edu.it\/site\/2021\/11\/03\/20211103123441unidos\/\">Comparto Scuola &#8211; Sciopero Nazionale indetto per il 12 novembre 2021 per tutto il personale docente e ATA a tempo determinato<\/a><\/li><li class=\"elementor-sitemap-item elementor-sitemap-item-post page_item page-item-68105\"><a href=\"https:\/\/icripalimosani.edu.it\/site\/2021\/11\/03\/20211103084010unidos\/\">Assemblea sindacale ATA<\/a><\/li><li class=\"elementor-sitemap-item elementor-sitemap-item-post page_item page-item-68101\"><a href=\"https:\/\/icripalimosani.edu.it\/site\/2021\/11\/02\/20211102101918unidos\/\">Webinar \u201cEspero: Il Fondo pensioni dei lavoratori della scuola\u201d &#8211; IRASE Molise in collaborazione con Segreteria UIL Scuola Molise &#8211; 09 novembre &#8211; ore 17.00 &#8211; 18.30.<\/a><\/li><li class=\"elementor-sitemap-item elementor-sitemap-item-post page_item page-item-68100\"><a href=\"https:\/\/icripalimosani.edu.it\/site\/2021\/11\/02\/20211102101554unidos\/\">Webinar formativo \u201cEspero: Il Fondo pensioni dei lavoratori della scuola\u201d, 09 novembre 2021 ore 17.00 &#8211; 18.30<\/a><\/li><li class=\"elementor-sitemap-item elementor-sitemap-item-post page_item page-item-68099\"><a href=\"https:\/\/icripalimosani.edu.it\/site\/2021\/11\/02\/20211102100544unidos\/\">Notiziario UIL Scuola Molise  dal 18\/10\/2021 al 29\/10\/2021<\/a><\/li><li class=\"elementor-sitemap-item elementor-sitemap-item-post page_item page-item-68098\"><a href=\"https:\/\/icripalimosani.edu.it\/site\/2021\/11\/02\/20211102082835unidos\/\">Sciopero Nazionale del personale ATA il 24 novembre 2021<\/a><\/li><li class=\"elementor-sitemap-item elementor-sitemap-item-post page_item page-item-68094\"><a href=\"https:\/\/icripalimosani.edu.it\/site\/2021\/10\/31\/our-dream-a-virtual-erasmus-journey-classe-v-ripalimosani\/\">&#8220;OUR DREAM: A VIRTUAL ERASMUS JOURNEY&#8221; &#8211; CLASSE V RIPALIMOSANI<\/a><\/li><li class=\"elementor-sitemap-item elementor-sitemap-item-post page_item page-item-68090\"><a href=\"https:\/\/icripalimosani.edu.it\/site\/2021\/10\/31\/week-code-scuola-dellinfanzia-di-ripalimosani-sez-b\/\">&#8220;EUROPE CODE WEEK 2021&#8221; &#8211; SCUOLA DELL&#8217;INFANZIA DI RIPALIMOSANI SEZ. B<\/a><\/li><li class=\"elementor-sitemap-item elementor-sitemap-item-post page_item page-item-68077\"><a href=\"https:\/\/icripalimosani.edu.it\/site\/2021\/10\/30\/teens-for-climate-hack-campobasso-classi-terze-scuole-secondarie\/\">&#8220;Teens for climate hack Campobasso&#8221; &#8211; Classi terze scuole secondarie<\/a><\/li><li class=\"elementor-sitemap-item elementor-sitemap-item-post page_item page-item-68071\"><a href=\"https:\/\/icripalimosani.edu.it\/site\/2021\/10\/30\/code-week-scuola-dellinfanzia-di-ripalimosani-sez-a\/\">&#8220;EUROPE CODE WEEK 2021&#8221; &#8211; SCUOLA DELL&#8217;INFANZIA DI RIPALIMOSANI SEZ. A<\/a><\/li><li class=\"elementor-sitemap-item elementor-sitemap-item-post page_item page-item-68070\"><a href=\"https:\/\/icripalimosani.edu.it\/site\/2021\/10\/29\/20211029125116unidos\/\">Sciopero Nazionale del 12 novembre 2021<\/a><\/li><li class=\"elementor-sitemap-item elementor-sitemap-item-post page_item page-item-68069\"><a href=\"https:\/\/icripalimosani.edu.it\/site\/2021\/10\/29\/20211029124918unidos\/\">MODULISTICA COMODATO D&#8217;USO STRUMENTO MUSICALE<\/a><\/li><li class=\"elementor-sitemap-item elementor-sitemap-item-post page_item page-item-68063\"><a href=\"https:\/\/icripalimosani.edu.it\/site\/2021\/10\/29\/20211029112158unidos\/\">REGOLAMENTO PER L\u2019ASSEGNAZIONE STRUMENTI MUSICALI IN COMODATO D\u2019USO<\/a><\/li><li class=\"elementor-sitemap-item elementor-sitemap-item-post page_item page-item-68060\"><a href=\"https:\/\/icripalimosani.edu.it\/site\/2021\/10\/29\/20211029084407unidos\/\">Sciopero Nazionale FEDER.ATA 24 novembre 2021<\/a><\/li><li class=\"elementor-sitemap-item elementor-sitemap-item-post page_item page-item-68053\"><a href=\"https:\/\/icripalimosani.edu.it\/site\/2021\/10\/28\/68053\/\">#68053 (senza titolo)<\/a><\/li><li class=\"elementor-sitemap-item elementor-sitemap-item-post page_item page-item-68052\"><a href=\"https:\/\/icripalimosani.edu.it\/site\/2021\/10\/28\/20211028134857unidos\/\">Sospensione delle attivit\u00e0 didattiche ed educative<\/a><\/li><li class=\"elementor-sitemap-item elementor-sitemap-item-post page_item page-item-68051\"><a href=\"https:\/\/icripalimosani.edu.it\/site\/2021\/10\/28\/20211028094655unidos\/\">Monitoraggio COVID. Scuola sentinella.<\/a><\/li><li class=\"elementor-sitemap-item elementor-sitemap-item-post page_item page-item-68040\"><a href=\"https:\/\/icripalimosani.edu.it\/site\/2021\/10\/27\/20211027092010unidos\/\">Servizio mensa di Campolieto.<\/a><\/li><li class=\"elementor-sitemap-item elementor-sitemap-item-post page_item page-item-68037\"><a href=\"https:\/\/icripalimosani.edu.it\/site\/2021\/10\/26\/20211026134939unidos\/\">Avviso di selezione per il conferimento di incarico di prestazione d&#8217;opera intellettuale di psicologo nell&#8217;ambito dell\u2019attivit\u00e0 di sostegno psicologico alunni e docenti anno 2021-2022<\/a><\/li><li class=\"elementor-sitemap-item elementor-sitemap-item-post page_item page-item-68035\"><a href=\"https:\/\/icripalimosani.edu.it\/site\/2021\/10\/26\/progetto-contrasto-alla-poverta-educativa-plesso-di-petrella-scuola-primaria\/\">PROGETTO &#8220;CONTRASTO ALLA POVERTA&#8217; EDUCATIVA&#8221; &#8211; PLESSO DI PETRELLA &#8211; SCUOLA PRIMARIA<\/a><\/li><li class=\"elementor-sitemap-item elementor-sitemap-item-post page_item page-item-68027\"><a href=\"https:\/\/icripalimosani.edu.it\/site\/2021\/10\/26\/laboratorio-educativo-lamico-immaginario-plesso-di-petrella-scuola-primaria-bifernina\/\">LABORATORIO EDUCATIVO &#8220;L&#8217;AMICO IMMAGINARIO&#8221; PLESSO DI PETRELLA &#8211; SCUOLA PRIMARIA BIFERNINA<\/a><\/li><li class=\"elementor-sitemap-item elementor-sitemap-item-post page_item page-item-68025\"><a href=\"https:\/\/icripalimosani.edu.it\/site\/2021\/10\/26\/20211026124210unidos\/\">Comparto Istruzione e Ricerca \u2013 Sezione Scuola. Proclamazione di sciopero di tutto il personale  amministrativo, informatico e con mansioni remotizzabili e telelavorabili del pubblico impiego e  relative partecipate indetto da Smart Workers Union per l\u2019intera giornata del 28 ottobre 2021.<\/a><\/li><li class=\"elementor-sitemap-item elementor-sitemap-item-post page_item page-item-68024\"><a href=\"https:\/\/icripalimosani.edu.it\/site\/2021\/10\/26\/20211026123413unidos\/\">UIL SCUOLA IRC INFORMA<\/a><\/li><li class=\"elementor-sitemap-item elementor-sitemap-item-post page_item page-item-68023\"><a href=\"https:\/\/icripalimosani.edu.it\/site\/2021\/10\/26\/20211026091740unidos\/\">PENSIONI COMPARTO SCUOLA &#8211; PATRONATO EPAC<\/a><\/li><li class=\"elementor-sitemap-item elementor-sitemap-item-post page_item page-item-68022\"><a href=\"https:\/\/icripalimosani.edu.it\/site\/2021\/10\/26\/20211026091128unidos\/\">[Sindacato Nazionale FederATA] Richiesta per gli ATA<\/a><\/li><li class=\"elementor-sitemap-item elementor-sitemap-item-post page_item page-item-68021\"><a href=\"https:\/\/icripalimosani.edu.it\/site\/2021\/10\/26\/20211026084144unidos\/\">FLC CGIL Le regole per andare in pensione &#8211;<\/a><\/li><li class=\"elementor-sitemap-item elementor-sitemap-item-post page_item page-item-68020\"><a href=\"https:\/\/icripalimosani.edu.it\/site\/2021\/10\/25\/20211025130104unidos\/\">Informazione, Comunicazione, sensibilizzazione e pubblicizzazione finanziamenti PON-FESR Fondi Strutturali Europei \u2013 Programma Operativo Nazionale \u201cPer la scuola, competenze e ambienti per l\u2019apprendimento\u201d 2014-2020.<\/a><\/li><li class=\"elementor-sitemap-item elementor-sitemap-item-post page_item page-item-68019\"><a href=\"https:\/\/icripalimosani.edu.it\/site\/2021\/10\/23\/20211023102120unidos\/\">PROCLAMAZIONE SCIOPERO FEDERATA<\/a><\/li><li class=\"elementor-sitemap-item elementor-sitemap-item-post page_item page-item-68018\"><a href=\"https:\/\/icripalimosani.edu.it\/site\/2021\/10\/23\/20211023083923unidos\/\">FLC CGIL Le regole per andare in pensione &#8211;<\/a><\/li><li class=\"elementor-sitemap-item elementor-sitemap-item-post page_item page-item-68016\"><a href=\"https:\/\/icripalimosani.edu.it\/site\/2021\/10\/22\/20211022132920unidos\/\">Convocazione collegio dei docenti<\/a><\/li><li class=\"elementor-sitemap-item elementor-sitemap-item-post page_item page-item-68015\"><a href=\"https:\/\/icripalimosani.edu.it\/site\/2021\/10\/21\/20211021124011unidos\/\">Sciopero generale nota del 18 ottobre 2021<\/a><\/li><li class=\"elementor-sitemap-item elementor-sitemap-item-post page_item page-item-68009\"><a href=\"https:\/\/icripalimosani.edu.it\/site\/2021\/10\/20\/20211020085549unidos\/\">ORARIO DEFINITIVO SECONDARIA PETRELLA TIFERNINA. ORARIO E CALENDARIO RICEVIMENTO DOCENTI<\/a><\/li><li class=\"elementor-sitemap-item elementor-sitemap-item-post page_item page-item-68008\"><a href=\"https:\/\/icripalimosani.edu.it\/site\/2021\/10\/20\/20211020084521unidos\/\">orario definitivo Ripalimosani e Limosano .Orario di ricevimento genitori Ripalimosani e Limosano<\/a><\/li><li class=\"elementor-sitemap-item elementor-sitemap-item-post page_item page-item-68007\"><a href=\"https:\/\/icripalimosani.edu.it\/site\/2021\/10\/20\/20211020083054unidos\/\">[FLC CGIL] Scuola: &#8220;Valutazione: prospettive a confronto&#8221;, convegno online il 20 ottobre. Partecipa il Ministro Bianchi<\/a><\/li><li class=\"elementor-sitemap-item elementor-sitemap-item-post page_item page-item-68006\"><a href=\"https:\/\/icripalimosani.edu.it\/site\/2021\/10\/20\/20211020082943unidos\/\">Comunicazione sindacale Confsal Anaps &#8211; appello per benessere psicofisico degli insegnanti<\/a><\/li><li class=\"elementor-sitemap-item elementor-sitemap-item-post page_item page-item-68005\"><a href=\"https:\/\/icripalimosani.edu.it\/site\/2021\/10\/19\/20211019130249unidos\/\">Elezioni dei Rappresentanti dei Genitori negli Organi Collegiali a livello di istituzione scolastica-a. s. 2021\/2022. Errata corrige.<\/a><\/li><li class=\"elementor-sitemap-item elementor-sitemap-item-post page_item page-item-68004\"><a href=\"https:\/\/icripalimosani.edu.it\/site\/2021\/10\/19\/20211019122535unidos\/\">NOTIZIARIO UIL<\/a><\/li><li class=\"elementor-sitemap-item elementor-sitemap-item-post page_item page-item-68003\"><a href=\"https:\/\/icripalimosani.edu.it\/site\/2021\/10\/19\/20211019111402unidos\/\">Laboratorio didattico. L\u2019AMICO IMMAGINARIO. Educazione finanziaria.<\/a><\/li><li class=\"elementor-sitemap-item elementor-sitemap-item-post page_item page-item-68002\"><a href=\"https:\/\/icripalimosani.edu.it\/site\/2021\/10\/19\/20211019102234unidos\/\">ASSEMBLEA SINDACALE DEL 20\/10\/2021<\/a><\/li><li class=\"elementor-sitemap-item elementor-sitemap-item-post page_item page-item-68001\"><a href=\"https:\/\/icripalimosani.edu.it\/site\/2021\/10\/19\/20211019081335unidos\/\">Assicurazione infortuni<\/a><\/li><li class=\"elementor-sitemap-item elementor-sitemap-item-post page_item page-item-68000\"><a href=\"https:\/\/icripalimosani.edu.it\/site\/2021\/10\/18\/20211018113831unidos\/\">Seminario &#8220;I VACCINI COV &#8211; 2 TRA MITO E REALTA&#8217; &#8220;<\/a><\/li><li class=\"elementor-sitemap-item elementor-sitemap-item-post page_item page-item-67999\"><a href=\"https:\/\/icripalimosani.edu.it\/site\/2021\/10\/18\/20211018104339unidos\/\">DIRITTO ALLO STUDIO<\/a><\/li><li class=\"elementor-sitemap-item elementor-sitemap-item-post page_item page-item-67998\"><a href=\"https:\/\/icripalimosani.edu.it\/site\/2021\/10\/18\/20211018102730unidos\/\">ASSEMBLEA SINDACALE FLCCGIL<\/a><\/li><li class=\"elementor-sitemap-item elementor-sitemap-item-post page_item page-item-67997\"><a href=\"https:\/\/icripalimosani.edu.it\/site\/2021\/10\/16\/20211016093356unidos\/\">CONVOCAZIONE ASSEMBLEA SINDACALE<\/a><\/li><li class=\"elementor-sitemap-item elementor-sitemap-item-post page_item page-item-67987\"><a href=\"https:\/\/icripalimosani.edu.it\/site\/2021\/10\/15\/contrasto-alla-poverta-educativa-scuola-primaria-plesso-di-petrella-tifernina\/\">&#8220;Contrasto alla povert\u00e0 educativa&#8221; &#8211; Scuola Primaria plesso di Petrella Tifernina<\/a><\/li><li class=\"elementor-sitemap-item elementor-sitemap-item-post page_item page-item-67978\"><a href=\"https:\/\/icripalimosani.edu.it\/site\/2021\/10\/15\/larcivescovo-bregantini-in-visita-al-plesso-di-campolieto\/\">L&#8217;arcivescovo Bregantini in visita al plesso di Campolieto<\/a><\/li><li class=\"elementor-sitemap-item elementor-sitemap-item-post page_item page-item-67972\"><a href=\"https:\/\/icripalimosani.edu.it\/site\/2021\/10\/15\/our-dream-a-virtual-erasmus-journey\/\">&#8220;OUR DREAM: A VIRTUAL ERASMUS JOURNEY&#8221;<\/a><\/li><li class=\"elementor-sitemap-item elementor-sitemap-item-post page_item page-item-67971\"><a href=\"https:\/\/icripalimosani.edu.it\/site\/2021\/10\/15\/20211015084645unidos\/\">VARIAZIONE ORARIO SCUOLA DELL&#8217;INFANZIA<\/a><\/li><li class=\"elementor-sitemap-item elementor-sitemap-item-post page_item page-item-67970\"><a href=\"https:\/\/icripalimosani.edu.it\/site\/2021\/10\/14\/20211014165432unidos\/\">Sanificazione Scuola Primaria<\/a><\/li><li class=\"elementor-sitemap-item elementor-sitemap-item-post page_item page-item-67962\"><a href=\"https:\/\/icripalimosani.edu.it\/site\/2021\/10\/12\/20211012131429unidos\/\">Elezioni dei Rappresentanti dei Genitori negli Organi Collegiali a livello di istituzione scolastica a. s. 2021\/2022<\/a><\/li><li class=\"elementor-sitemap-item elementor-sitemap-item-post page_item page-item-67961\"><a href=\"https:\/\/icripalimosani.edu.it\/site\/2021\/10\/12\/20211012124736unidos\/\">Comparto  Istruzione  e  Ricerca  \u2013  Sezione  Scuola.  Sciopero  generale  proclamato  dal  15  al  20  ottobre 2021 dall\u2019Associazione Sindacale F.I.S.I.  Adempimenti previsti dall\u2019Accordo sulle norme di garanzia dei servizi pubblici essenziali del 2  dicembre 2020 (Gazzetta Ufficiale n. 8 del 12 gennaio 2021) con particolare riferimento agli artt.  3 e 10<\/a><\/li><li class=\"elementor-sitemap-item elementor-sitemap-item-post page_item page-item-67960\"><a href=\"https:\/\/icripalimosani.edu.it\/site\/2021\/10\/12\/20211012123951unidos\/\">Protocollo  di  regolamentazione  delle  misure  per  il  contrasto  e  il  contenimento  della  diffusione  del  virus  Covid-19  redatto  secondo  il  D.L.  111  del  6.08.2021,  il  documento per la pianificazione delle attivit\u00e0 scolastiche, educative e formative in  tutte le Istituzioni del Sistema nazionale di Istruzione del 6.08.2021, del Protocollo  d\u2019intesa del 14.08.2021  Piano scuola 2021-2022<\/a><\/li><li class=\"elementor-sitemap-item elementor-sitemap-item-post page_item page-item-67959\"><a href=\"https:\/\/icripalimosani.edu.it\/site\/2021\/10\/12\/20211012084452unidos\/\">Seminario di formazione &#8211; I VACCINI COV &#8211; 2 TRA MITO E REALTA&#8217;<\/a><\/li><li class=\"elementor-sitemap-item elementor-sitemap-item-post page_item page-item-67958\"><a href=\"https:\/\/icripalimosani.edu.it\/site\/2021\/10\/11\/20211011115816unidos\/\">CONGRESSO PROVINCIALE GILDA DEGLI INSEGNANTI 15.10.2021<\/a><\/li><li class=\"elementor-sitemap-item elementor-sitemap-item-post page_item page-item-67957\"><a href=\"https:\/\/icripalimosani.edu.it\/site\/2021\/10\/11\/20211011115656unidos\/\">[UIL Scuola Molise: Notizie] Notiziario UIL Scuola Molise (29\/09\/2021 &#8211; 05\/10\/2021)<\/a><\/li><li class=\"elementor-sitemap-item elementor-sitemap-item-post page_item page-item-67956\"><a href=\"https:\/\/icripalimosani.edu.it\/site\/2021\/10\/11\/20211011114912unidos\/\">Inizio mensa scuola dell&#8217;Infanzia nel Comune di Petrella Tifernina il 12\/10\/2021<\/a><\/li><li class=\"elementor-sitemap-item elementor-sitemap-item-post page_item page-item-67953\"><a href=\"https:\/\/icripalimosani.edu.it\/site\/2021\/10\/09\/20211009113839unidos\/\">Requisiti per andare inpensione<\/a><\/li><li class=\"elementor-sitemap-item elementor-sitemap-item-post page_item page-item-67952\"><a href=\"https:\/\/icripalimosani.edu.it\/site\/2021\/10\/09\/20211009103234unidos\/\">PENSIONAMENTI<\/a><\/li><li class=\"elementor-sitemap-item elementor-sitemap-item-post page_item page-item-67904\"><a href=\"https:\/\/icripalimosani.edu.it\/site\/2021\/10\/08\/20211008120050unidos\/\">Comunicato sindacale IN PENSIONE<\/a><\/li><li class=\"elementor-sitemap-item elementor-sitemap-item-post page_item page-item-67899\"><a href=\"https:\/\/icripalimosani.edu.it\/site\/2021\/10\/07\/20211007084330unidos\/\">periodo di formazione e prova per i docenti neoassunti e per i docenti che hanno ottenuto il passaggio di ruolo. Attivit\u00e0 formative per l\u2019a.s. 2021-2022<\/a><\/li><li class=\"elementor-sitemap-item elementor-sitemap-item-post page_item page-item-67892\"><a href=\"https:\/\/icripalimosani.edu.it\/site\/2021\/10\/06\/20211006121558unidos\/\">CONSIGLI DI CLASSE, DI INTERCLASSE E DI INTERSEZIONE A.S. 2021\/2022<\/a><\/li><li class=\"elementor-sitemap-item elementor-sitemap-item-post page_item page-item-67891\"><a href=\"https:\/\/icripalimosani.edu.it\/site\/2021\/10\/06\/20211006112631unidos\/\">Disposizioni  del  D.L.  111\/2021  cos\u00ec  come  modificato  dalla  legge  di  conversione  n.  133  del  24\/9\/2021 (Comparto Scuola). Testo e osservazioni<\/a><\/li><li class=\"elementor-sitemap-item elementor-sitemap-item-post page_item page-item-67881\"><a href=\"https:\/\/icripalimosani.edu.it\/site\/2021\/10\/05\/pandora-per-unicef-concorso-disegna-i-tuoi-sogni-vincitrice-giorgia-gasbarrino-scuola-secondaria-di-petrella-tifernina\/\">PANDORA PER UNICEF: concorso &#8220;Disegna i tuoi sogni&#8221; &#8211; vincitrice Giorgia Gasbarrino &#8211; scuola secondaria di Petrella Tifernina<\/a><\/li><li class=\"elementor-sitemap-item elementor-sitemap-item-post page_item page-item-67880\"><a href=\"https:\/\/icripalimosani.edu.it\/site\/2021\/10\/05\/20211005131804unidos\/\">CIRCOLARE PENSIONI<\/a><\/li><li class=\"elementor-sitemap-item elementor-sitemap-item-post page_item page-item-67879\"><a href=\"https:\/\/icripalimosani.edu.it\/site\/2021\/10\/05\/20211005131151unidos\/\">VACCINO STUDENTI<\/a><\/li><li class=\"elementor-sitemap-item elementor-sitemap-item-post page_item page-item-67878\"><a href=\"https:\/\/icripalimosani.edu.it\/site\/2021\/10\/05\/20211005105910unidos\/\">Sciopero per l&#8217;intera giornata del 11 ottobre 2021<\/a><\/li><li class=\"elementor-sitemap-item elementor-sitemap-item-post page_item page-item-67877\"><a href=\"https:\/\/icripalimosani.edu.it\/site\/2021\/10\/05\/20211005105410unidos\/\">GIORNATA DELLA PACE<\/a><\/li><li class=\"elementor-sitemap-item elementor-sitemap-item-post page_item page-item-67876\"><a href=\"https:\/\/icripalimosani.edu.it\/site\/2021\/10\/05\/20211005083430unidos\/\">Dimissioni Personale della Scuola decorrenza 01\/09\/2022<\/a><\/li><li class=\"elementor-sitemap-item elementor-sitemap-item-post page_item page-item-67868\"><a href=\"https:\/\/icripalimosani.edu.it\/site\/2021\/10\/04\/20211004124218unidos\/\">Piano annuale  degli  incontri tra docenti previsti dal progetto d\u2019Istituto \u201cContinuit\u00e0 e  Orientamento\u201d &#8211; Anno scolastico 2021\/22<\/a><\/li><li class=\"elementor-sitemap-item elementor-sitemap-item-post page_item page-item-67867\"><a href=\"https:\/\/icripalimosani.edu.it\/site\/2021\/10\/04\/20211004122733unidos\/\">PENSIONAMENTI SCUOLA: ENTRO IL 31 OTTOBRE 2021 LE DOMANDE ON LINE<\/a><\/li><li class=\"elementor-sitemap-item elementor-sitemap-item-post page_item page-item-67866\"><a href=\"https:\/\/icripalimosani.edu.it\/site\/2021\/10\/04\/20211004115235unidos\/\">CORSO FORMAZIONE<\/a><\/li><li class=\"elementor-sitemap-item elementor-sitemap-item-post page_item page-item-67864\"><a href=\"https:\/\/icripalimosani.edu.it\/site\/2021\/10\/04\/20211004083132unidos\/\">Assemblea sindacale 06 ottobre 2021<\/a><\/li><li class=\"elementor-sitemap-item elementor-sitemap-item-post page_item page-item-67862\"><a href=\"https:\/\/icripalimosani.edu.it\/site\/2021\/10\/02\/20211002134108unidos\/\">ERASMUS<\/a><\/li><li class=\"elementor-sitemap-item elementor-sitemap-item-post page_item page-item-67861\"><a href=\"https:\/\/icripalimosani.edu.it\/site\/2021\/10\/01\/20211001134855unidos\/\">Assemblea sindacale<\/a><\/li><li class=\"elementor-sitemap-item elementor-sitemap-item-post page_item page-item-67860\"><a href=\"https:\/\/icripalimosani.edu.it\/site\/2021\/10\/01\/20211001121252unidos\/\">Avvio mensa &#8211; scuola dell&#8217;infanzia di Montagano<\/a><\/li><li class=\"elementor-sitemap-item elementor-sitemap-item-post page_item page-item-67859\"><a href=\"https:\/\/icripalimosani.edu.it\/site\/2021\/10\/01\/20211001120518unidos\/\">Avvio mensa &#8211; scuola dell&#8217;infanzia di Limosano<\/a><\/li><li class=\"elementor-sitemap-item elementor-sitemap-item-post page_item page-item-67852\"><a href=\"https:\/\/icripalimosani.edu.it\/site\/2021\/09\/30\/progetto-accoglienza-contrasto-alla-poverta-ed-allemergenza-educativa-scuola-primaria-campolieto\/\">Progetto accoglienza: &#8220;Contrasto alla povert\u00e0 ed all&#8217;emergenza educativa&#8221; &#8211; Scuola Primaria Campolieto<\/a><\/li><li class=\"elementor-sitemap-item elementor-sitemap-item-post page_item page-item-67845\"><a href=\"https:\/\/icripalimosani.edu.it\/site\/2021\/09\/30\/monitoraggio-covid-scuola-sentinella\/\">MONITORAGGIO COVID- SCUOLA SENTINELLA<\/a><\/li><li class=\"elementor-sitemap-item elementor-sitemap-item-post page_item page-item-67839\"><a href=\"https:\/\/icripalimosani.edu.it\/site\/2021\/09\/30\/20210930113050unidos\/\">avvio mensa scolastica plesso di Ripalimosani<\/a><\/li><li class=\"elementor-sitemap-item elementor-sitemap-item-post page_item page-item-67833\"><a href=\"https:\/\/icripalimosani.edu.it\/site\/2021\/09\/29\/20210929122703unidos\/\">Chiusura locali scolastici Comune di Matrice<\/a><\/li><li class=\"elementor-sitemap-item elementor-sitemap-item-post page_item page-item-67832\"><a href=\"https:\/\/icripalimosani.edu.it\/site\/2021\/09\/28\/20210928130300unidos\/\">WEBINAR OPPORTUNITA&#8217; E SFIDE DELLA CITTADINANZA DIGITALE &#8211; 1 OTTOBRE 2021<\/a><\/li><li class=\"elementor-sitemap-item elementor-sitemap-item-post page_item page-item-67831\"><a href=\"https:\/\/icripalimosani.edu.it\/site\/2021\/09\/28\/20210928122048unidos\/\">&#8220;AIUTACI A CRESCERE,REGALACI UN LIBRO&#8221;<\/a><\/li><li class=\"elementor-sitemap-item elementor-sitemap-item-post page_item page-item-67829\"><a href=\"https:\/\/icripalimosani.edu.it\/site\/2021\/09\/27\/20210927131754unidos\/\">Festivit\u00e0 Santo Patrono 29 settembre 2021<\/a><\/li><li class=\"elementor-sitemap-item elementor-sitemap-item-post page_item page-item-67826\"><a href=\"https:\/\/icripalimosani.edu.it\/site\/2021\/09\/27\/20210927114243unidos\/\">Proroga della validit\u00e0 delle certificazioni di esenzione alla vaccinazione anti-COVID19<\/a><\/li><li class=\"elementor-sitemap-item elementor-sitemap-item-post page_item page-item-67823\"><a href=\"https:\/\/icripalimosani.edu.it\/site\/2021\/09\/25\/20210925104959unidos\/\">SCIOPERO 11 OTTOBRE 2021<\/a><\/li><li class=\"elementor-sitemap-item elementor-sitemap-item-post page_item page-item-67822\"><a href=\"https:\/\/icripalimosani.edu.it\/site\/2021\/09\/24\/20210924113019unidos\/\">PIANO PER IL MONITORAGGIO SCUOLE SENTINELLE &#8211; CAMPOBASSO<\/a><\/li><li class=\"elementor-sitemap-item elementor-sitemap-item-post page_item page-item-67818\"><a href=\"https:\/\/icripalimosani.edu.it\/site\/2021\/09\/24\/20210924095036unidos\/\">\u201cTeens  For  Climate  Hack  Campobasso\u201d<\/a><\/li><li class=\"elementor-sitemap-item elementor-sitemap-item-post page_item page-item-67811\"><a href=\"https:\/\/icripalimosani.edu.it\/site\/2021\/09\/22\/20210922100639unidos\/\">CONVOCAZIONE COLLEGIO DOCENTI<\/a><\/li><li class=\"elementor-sitemap-item elementor-sitemap-item-post page_item page-item-67803\"><a href=\"https:\/\/icripalimosani.edu.it\/site\/2021\/09\/21\/20210921135525unidos\/\">Indicazioni operative redazione del PEI<\/a><\/li><li class=\"elementor-sitemap-item elementor-sitemap-item-post page_item page-item-67799\"><a href=\"https:\/\/icripalimosani.edu.it\/site\/2021\/09\/21\/20210921094550unidos\/\">Calendario delle somministrazioni prove Invalsi &#8211; Anno scolastico 2021\/22<\/a><\/li><li class=\"elementor-sitemap-item elementor-sitemap-item-post page_item page-item-67798\"><a href=\"https:\/\/icripalimosani.edu.it\/site\/2021\/09\/21\/20210921091552unidos\/\">Comparto Istruzione e Ricerca \u2013 Sezione Scuola. Azione di sciopero prevista per il 27 settembre 2021. Nuovi adempimenti previsti dall\u2019Accordo sulle norme di garanzia dei servizi pubblici essenziali del 2 dicembre 2020 (Gazzetta Ufficiale n. 8 del 12 gennaio 2021) con particolare riferimento agli artt. 3 e 10. Sindacato la Confederazione CSLE: \u201csciopero per tutto il personale Docente e ATA a tempo determinato e indeterminato, del comparto scuola (Istruzione)\u201d.<\/a><\/li><li class=\"elementor-sitemap-item elementor-sitemap-item-post page_item page-item-67783\"><a href=\"https:\/\/icripalimosani.edu.it\/site\/2021\/09\/20\/20210920091418unidos\/\">Oggetto: misure di prevenzione e contrasto da Covid-19: aggiornamenti<\/a><\/li><li class=\"elementor-sitemap-item elementor-sitemap-item-post page_item page-item-67782\"><a href=\"https:\/\/icripalimosani.edu.it\/site\/2021\/09\/20\/20210920090332unidos\/\">Formazione obbligatoria sul sostegno &#8211; Comunicato Uilscuola<\/a><\/li><li class=\"elementor-sitemap-item elementor-sitemap-item-post page_item page-item-67781\"><a href=\"https:\/\/icripalimosani.edu.it\/site\/2021\/09\/18\/20210918111509unidos\/\">Calendario incontri progetto &#8220;Contrasto alla povert\u00e0 ed emergenza educativa&#8221;<\/a><\/li><li class=\"elementor-sitemap-item elementor-sitemap-item-post page_item page-item-67780\"><a href=\"https:\/\/icripalimosani.edu.it\/site\/2021\/09\/18\/20210918095341unidos\/\">Planimetrie protocollo covid<\/a><\/li><li class=\"elementor-sitemap-item elementor-sitemap-item-post page_item page-item-67779\"><a href=\"https:\/\/icripalimosani.edu.it\/site\/2021\/09\/18\/20210918092029unidos\/\">Comparto Istruzione e Ricerca Sezione Scuola. Azione di sciopero prevista per il 27 settembre 2021<\/a><\/li><li class=\"elementor-sitemap-item elementor-sitemap-item-post page_item page-item-67772\"><a href=\"https:\/\/icripalimosani.edu.it\/site\/2021\/09\/15\/20210915120608unidos\/\">Disposizioni per l&#8217;accesso ai locali della scuola<\/a><\/li><li class=\"elementor-sitemap-item elementor-sitemap-item-post page_item page-item-67771\"><a href=\"https:\/\/icripalimosani.edu.it\/site\/2021\/09\/15\/20210915110427unidos\/\">Piano annuale anno scolastico 2021\/2022<\/a><\/li><li class=\"elementor-sitemap-item elementor-sitemap-item-post page_item page-item-67770\"><a href=\"https:\/\/icripalimosani.edu.it\/site\/2021\/09\/15\/20210915081525unidos\/\">Orario delle lezioni di Strumento Musicale a.s. 2021\/2022<\/a><\/li><li class=\"elementor-sitemap-item elementor-sitemap-item-post page_item page-item-67769\"><a href=\"https:\/\/icripalimosani.edu.it\/site\/2021\/09\/15\/20210915081213unidos\/\">Disposizioni dirigenziali inerenti l&#8217;avvio dell&#8217;anno scolastico<\/a><\/li><li class=\"elementor-sitemap-item elementor-sitemap-item-post page_item page-item-67768\"><a href=\"https:\/\/icripalimosani.edu.it\/site\/2021\/09\/14\/20210914135625unidos\/\">decreto costituzione commissione covid<\/a><\/li><li class=\"elementor-sitemap-item elementor-sitemap-item-post page_item page-item-67766\"><a href=\"https:\/\/icripalimosani.edu.it\/site\/2021\/09\/14\/20210914131901unidos\/\">Calendario incontri relativi al progetto \u201ccontrasto alla povert\u00e0 ed emergenza educativa\u201d.<\/a><\/li><li class=\"elementor-sitemap-item elementor-sitemap-item-post page_item page-item-67765\"><a href=\"https:\/\/icripalimosani.edu.it\/site\/2021\/09\/14\/20210914131846unidos\/\">Sicurezza<\/a><\/li><li class=\"elementor-sitemap-item elementor-sitemap-item-post page_item page-item-67764\"><a href=\"https:\/\/icripalimosani.edu.it\/site\/2021\/09\/14\/20210914082517unidos\/\">Atto di Indirizzo del Dirigente Scolastico per la predisposizione del Piano Triennale dell\u2019Offerta Formativa ex art.1, comma 14, legge n.107\/2015.<\/a><\/li><li class=\"elementor-sitemap-item elementor-sitemap-item-post page_item page-item-67760\"><a href=\"https:\/\/icripalimosani.edu.it\/site\/2021\/09\/13\/20210913112446unidos\/\">Modalit\u00e0 accesso ai locali della scuola<\/a><\/li><li class=\"elementor-sitemap-item elementor-sitemap-item-post page_item page-item-67759\"><a href=\"https:\/\/icripalimosani.edu.it\/site\/2021\/09\/13\/20210913110221unidos\/\">Comunicazione_green_pass<\/a><\/li><li class=\"elementor-sitemap-item elementor-sitemap-item-post page_item page-item-67754\"><a href=\"https:\/\/icripalimosani.edu.it\/site\/2021\/09\/11\/20210911122750unidos\/\">Decreto legge 122 COVID<\/a><\/li><li class=\"elementor-sitemap-item elementor-sitemap-item-post page_item page-item-67753\"><a href=\"https:\/\/icripalimosani.edu.it\/site\/2021\/09\/11\/20210911113224unidos\/\">Lettera del Ministro Bianchi<\/a><\/li><li class=\"elementor-sitemap-item elementor-sitemap-item-post page_item page-item-67750\"><a href=\"https:\/\/icripalimosani.edu.it\/site\/2021\/09\/07\/20210907103341unidos\/\">Modalit\u00e0 accoglienza alunni Scuole dell&#8217;Infanzia dell&#8217;Istituto<\/a><\/li><li class=\"elementor-sitemap-item elementor-sitemap-item-post page_item page-item-67749\"><a href=\"https:\/\/icripalimosani.edu.it\/site\/2021\/09\/07\/20210907102625unidos\/\">Convocazione Collegio unitario dei docenti<\/a><\/li><li class=\"elementor-sitemap-item elementor-sitemap-item-post page_item page-item-67748\"><a href=\"https:\/\/icripalimosani.edu.it\/site\/2021\/09\/07\/20210907100128unidos\/\">Accoglienza alunni scuola dell&#8217;Infanzia.<\/a><\/li><li class=\"elementor-sitemap-item elementor-sitemap-item-post page_item page-item-67745\"><a href=\"https:\/\/icripalimosani.edu.it\/site\/2021\/09\/06\/modalita-di-svolgimento-incontro-continuita-plesso-di-ripalimosani\/\">MODALITA&#8217; DI SVOLGIMENTO INCONTRO CONTINUITA&#8217; &#8211; PLESSO DI RIPALIMOSANI<\/a><\/li><li class=\"elementor-sitemap-item elementor-sitemap-item-post page_item page-item-67743\"><a href=\"https:\/\/icripalimosani.edu.it\/site\/2021\/09\/06\/20210906131247unidos\/\">Incontro con la Dirigente Famiglie \/insegnanti della classe I della primaria di Ripalimosani<\/a><\/li><li class=\"elementor-sitemap-item elementor-sitemap-item-post page_item page-item-67735\"><a href=\"https:\/\/icripalimosani.edu.it\/site\/2021\/09\/02\/20210902131128unidos\/\">Disposizioni per l&#8217;attuazione del Dlgs 6 agosto 2021, n. 111 &#8211; errata corrige &#8211;<\/a><\/li><li class=\"elementor-sitemap-item elementor-sitemap-item-post page_item page-item-67732\"><a href=\"https:\/\/icripalimosani.edu.it\/site\/2021\/09\/02\/calendario-incontri-percorso-didattico-continuita-alunni-classi-prime-della-scuola-primaria-docenti-scuola-dellinfanzia-scuola-primaria\/\">Calendario incontri percorso didattico &#8220;Continuit\u00e0&#8221; &#8211; alunni classi prime della scuola primaria\/Docenti Scuola dell&#8217;Infanzia-Scuola Primaria<\/a><\/li><li class=\"elementor-sitemap-item elementor-sitemap-item-post page_item page-item-67731\"><a href=\"https:\/\/icripalimosani.edu.it\/site\/2021\/09\/02\/20210902092946unidos\/\">PROTOCOLLO SCUOLA<\/a><\/li><li class=\"elementor-sitemap-item elementor-sitemap-item-post page_item page-item-67730\"><a href=\"https:\/\/icripalimosani.edu.it\/site\/2021\/09\/01\/20210901134157unidos\/\">Calendario incontri percorso didattico di continuit\u00e0 classe prima  infanzia<\/a><\/li><li class=\"elementor-sitemap-item elementor-sitemap-item-post page_item page-item-67728\"><a href=\"https:\/\/icripalimosani.edu.it\/site\/2021\/09\/01\/20210901120812unidos\/\">Informativa Covid 19 Scuola<\/a><\/li><li class=\"elementor-sitemap-item elementor-sitemap-item-post page_item page-item-67727\"><a href=\"https:\/\/icripalimosani.edu.it\/site\/2021\/09\/01\/20210901112330unidos\/\">Disposizioni per attuazione del D.lgs 06\/08\/2021<\/a><\/li><li class=\"elementor-sitemap-item elementor-sitemap-item-post page_item page-item-67711\"><a href=\"https:\/\/icripalimosani.edu.it\/site\/2021\/08\/31\/20210831122933unidos\/\">Progetto &#8220;Diamo ritmo alla vita&#8221; &#8211; piano estate &#8211;<\/a><\/li><li class=\"elementor-sitemap-item elementor-sitemap-item-post page_item page-item-67710\"><a href=\"https:\/\/icripalimosani.edu.it\/site\/2021\/08\/31\/20210831103831unidos\/\">Calendario impegni collegiali avvio anno scolastico 2021-2022<\/a><\/li><li class=\"elementor-sitemap-item elementor-sitemap-item-post page_item page-item-67708\"><a href=\"https:\/\/icripalimosani.edu.it\/site\/2021\/08\/30\/20210830114359unidos\/\">Informativa al personale scolastico relativa alle misure urgenti per l\u2019esercizio in sicurezza delle attivit\u00e0 scolastiche<\/a><\/li><li class=\"elementor-sitemap-item elementor-sitemap-item-post page_item page-item-67705\"><a href=\"https:\/\/icripalimosani.edu.it\/site\/2021\/08\/27\/20210827131428unidos\/\">Progetto: &#8220;Contrasto alla povert\u00e0 e alla emergenza educativa&#8221;<\/a><\/li><li class=\"elementor-sitemap-item elementor-sitemap-item-post page_item page-item-67704\"><a href=\"https:\/\/icripalimosani.edu.it\/site\/2021\/08\/26\/20210826125023unidos\/\">Formazione registro elettronico<\/a><\/li><li class=\"elementor-sitemap-item elementor-sitemap-item-post page_item page-item-67703\"><a href=\"https:\/\/icripalimosani.edu.it\/site\/2021\/08\/26\/20210826115806unidos\/\">Convocazione del Collegio unitario dei Docenti<\/a><\/li><li class=\"elementor-sitemap-item elementor-sitemap-item-post page_item page-item-67702\"><a href=\"https:\/\/icripalimosani.edu.it\/site\/2021\/08\/24\/20210824110943unidos\/\">Presa di servizio personale Docente e ATA in entrata primo settembre 2021.<\/a><\/li><li class=\"elementor-sitemap-item elementor-sitemap-item-post page_item page-item-67701\"><a href=\"https:\/\/icripalimosani.edu.it\/site\/2021\/08\/24\/20210824110639unidos\/\">Obbligo green pass personale scolastico dal 1\u00b0 settembre 2021<\/a><\/li><li class=\"elementor-sitemap-item elementor-sitemap-item-post page_item page-item-67700\"><a href=\"https:\/\/icripalimosani.edu.it\/site\/2021\/08\/19\/20210819124240unidos\/\">MIUR &#8211; Trasmissione Protocollo di sicurezza a.s. 2021-2022<\/a><\/li><li class=\"elementor-sitemap-item elementor-sitemap-item-post page_item page-item-67699\"><a href=\"https:\/\/icripalimosani.edu.it\/site\/2021\/08\/17\/20210817094926unidos\/\">FLC CGIL &#8211; Comunicato ruoli ATA e ripartenza, convocazioni e disponibilit\u00e0 ATA<\/a><\/li><li class=\"elementor-sitemap-item elementor-sitemap-item-post page_item page-item-67698\"><a href=\"https:\/\/icripalimosani.edu.it\/site\/2021\/08\/17\/20210817081841unidos\/\">UIL SCUOLA IRC  docenti di religione immessi in ruolo &#8211; Anno di formazione e prova<\/a><\/li><li class=\"elementor-sitemap-item elementor-sitemap-item-post page_item page-item-67697\"><a href=\"https:\/\/icripalimosani.edu.it\/site\/2021\/08\/16\/20210816104713unidos\/\">Piano Scuola 2021-2022<\/a><\/li><li class=\"elementor-sitemap-item elementor-sitemap-item-post page_item page-item-67696\"><a href=\"https:\/\/icripalimosani.edu.it\/site\/2021\/07\/26\/20210726105439unidos\/\">BANDO DOCENTI ESPERTI INDIRE<\/a><\/li><li class=\"elementor-sitemap-item elementor-sitemap-item-post page_item page-item-67695\"><a href=\"https:\/\/icripalimosani.edu.it\/site\/2021\/07\/15\/20210715095249unidos\/\">PUBBLICAZIONE GRADUATORIE TERZA FASCIA PERSONALE ATA &#8211; TRIENNIO 2021\/2024<\/a><\/li><li class=\"elementor-sitemap-item elementor-sitemap-item-post page_item page-item-67694\"><a href=\"https:\/\/icripalimosani.edu.it\/site\/2021\/07\/09\/20210709090702unidos\/\">GRATUATORIA TERZA FASCIA &#8211; DECRETO ESCLUSI<\/a><\/li><li class=\"elementor-sitemap-item elementor-sitemap-item-post page_item page-item-67693\"><a href=\"https:\/\/icripalimosani.edu.it\/site\/2021\/07\/08\/20210708120825unidos\/\">Fondi Strutturali Europei Programma Operativo Nazionale \u201cPer la scuola, competenze e ambienti per l\u2019apprendimento\u201d 2014 2020. Asse I Istruzione Fondo Sociale Europeo (F SE). Programma Operativo Complementare \u201cPer la scuola, competenze e ambienti per l\u2019apprendimento\u201d 2014 2020.<\/a><\/li><li class=\"elementor-sitemap-item elementor-sitemap-item-post page_item page-item-67690\"><a href=\"https:\/\/icripalimosani.edu.it\/site\/2021\/07\/07\/20210707132121unidos\/\">Azione di Informazione e pubblicit\u00e0- Comunicazione avvenuta autorizzazione e finanziamento del progetto Contrasto alla povert\u00e0 ed all\u2019emergenza educativa .A.S. 2021\/2022 DM 48 art 3 comma 1 Lettera<\/a><\/li><li class=\"elementor-sitemap-item elementor-sitemap-item-post page_item page-item-67689\"><a href=\"https:\/\/icripalimosani.edu.it\/site\/2021\/07\/07\/20210707102557unidos\/\">INFORMATIVA<\/a><\/li><li class=\"elementor-sitemap-item elementor-sitemap-item-post page_item page-item-67687\"><a href=\"https:\/\/icripalimosani.edu.it\/site\/2021\/07\/06\/20210706104055unidos\/\">Piano annuale per l&#8217;inclusivit\u00e0 &#8211; a. s. 2021\/22<\/a><\/li><li class=\"elementor-sitemap-item elementor-sitemap-item-post page_item page-item-67683\"><a href=\"https:\/\/icripalimosani.edu.it\/site\/2021\/06\/26\/saluto-ai-bambini-di-5-anni-scuola-dellinfanzia-di-limosano\/\">SALUTO AI BAMBINI DI 5 ANNI &#8211; SCUOLA DELL&#8217;INFANZIA DI LIMOSANO<\/a><\/li><li class=\"elementor-sitemap-item elementor-sitemap-item-post page_item page-item-67679\"><a href=\"https:\/\/icripalimosani.edu.it\/site\/2021\/06\/26\/scuola-secondaria-di-primo-grado-di-petrella-tifernina\/\">SCUOLA SECONDARIA DI PRIMO GRADO DI PETRELLA TIFERNINA<\/a><\/li><li class=\"elementor-sitemap-item elementor-sitemap-item-post page_item page-item-67671\"><a href=\"https:\/\/icripalimosani.edu.it\/site\/2021\/06\/26\/67671\/\">PROGETTO U. N. E. S. C. O &#8220;IO E GLI ALTRI&#8230; CITTADINI DEL MONDO&#8221; ALUNNI 3 ANNI SEZ B ORATINO A. S. 2020-2021<\/a><\/li><li class=\"elementor-sitemap-item elementor-sitemap-item-post page_item page-item-67665\"><a href=\"https:\/\/icripalimosani.edu.it\/site\/2021\/06\/26\/progetto-le-parole-verdi-scuola-dellinfanzia-di-montagano\/\">PROGETTO: &#8220;LE PAROLE VERDI&#8221; SCUOLA DELL&#8217;INFANZIA DI MONTAGANO<\/a><\/li><li class=\"elementor-sitemap-item elementor-sitemap-item-post page_item page-item-67664\"><a href=\"https:\/\/icripalimosani.edu.it\/site\/2021\/06\/25\/20210625101959unidos\/\">Sportello di ascolto psicologico<\/a><\/li><li class=\"elementor-sitemap-item elementor-sitemap-item-post page_item page-item-67649\"><a href=\"https:\/\/icripalimosani.edu.it\/site\/2021\/06\/24\/a-scuola-di-pasticceria-scuola-dellinfanzia-di-montagano\/\">&#8220;A SCUOLA DI&#8230; PASTICCERIA&#8221; &#8211; SCUOLA DELL&#8217;INFANZIA DI MONTAGANO<\/a><\/li><li class=\"elementor-sitemap-item elementor-sitemap-item-post page_item page-item-67647\"><a href=\"https:\/\/icripalimosani.edu.it\/site\/2021\/06\/22\/20210622105506unidos\/\">COMUNICATO DOCENTI IRC<\/a><\/li><li class=\"elementor-sitemap-item elementor-sitemap-item-post page_item page-item-67646\"><a href=\"https:\/\/icripalimosani.edu.it\/site\/2021\/06\/21\/20210621121952unidos\/\">Invito mostra Lucito<\/a><\/li><li class=\"elementor-sitemap-item elementor-sitemap-item-post page_item page-item-67645\"><a href=\"https:\/\/icripalimosani.edu.it\/site\/2021\/06\/18\/20210618114007unidos\/\">Convocazione collegio dei docenti<\/a><\/li><li class=\"elementor-sitemap-item elementor-sitemap-item-post page_item page-item-67644\"><a href=\"https:\/\/icripalimosani.edu.it\/site\/2021\/06\/17\/20210617083046unidos\/\">Utilizzazioni ed Assegnazioni provvisorie a.s. 2021\/22<\/a><\/li><li class=\"elementor-sitemap-item elementor-sitemap-item-post page_item page-item-67640\"><a href=\"https:\/\/icripalimosani.edu.it\/site\/2021\/06\/16\/my-european-friends-scuola-dellinfanzia-di-ripalimosani-sez-a\/\">&#8220;MY EUROPEAN FRIENDS&#8221; &#8211; SCUOLA DELL&#8217;INFANZIA DI RIPALIMOSANI SEZ. A<\/a><\/li><li class=\"elementor-sitemap-item elementor-sitemap-item-post page_item page-item-67636\"><a href=\"https:\/\/icripalimosani.edu.it\/site\/2021\/06\/16\/progetto-unesco-scuola-dellinfanzia-di-ripalimosani-sezione-a\/\">PROGETTO UNESCO &#8211; SCUOLA DELL&#8217;INFANZIA DI RIPALIMOSANI SEZIONE A<\/a><\/li><li class=\"elementor-sitemap-item elementor-sitemap-item-post page_item page-item-67628\"><a href=\"https:\/\/icripalimosani.edu.it\/site\/2021\/06\/15\/20210615110226unidos\/\">CUP: I29J21002050006 e I39J21002170006 Nomina Responsabile Unico del Procedimento.<\/a><\/li><li class=\"elementor-sitemap-item elementor-sitemap-item-post page_item page-item-67612\"><a href=\"https:\/\/icripalimosani.edu.it\/site\/2021\/06\/14\/scuola-primaria-di-matrice-classe-quarta\/\">SCUOLA PRIMARIA DI MATRICE: CLASSE QUARTA<\/a><\/li><li class=\"elementor-sitemap-item elementor-sitemap-item-post page_item page-item-67610\"><a href=\"https:\/\/icripalimosani.edu.it\/site\/2021\/06\/14\/20210614124004unidos\/\">Assunzione in bilancio<\/a><\/li><li class=\"elementor-sitemap-item elementor-sitemap-item-post page_item page-item-67602\"><a href=\"https:\/\/icripalimosani.edu.it\/site\/2021\/06\/14\/apprendimento-e-socialita\/\">Apprendimento e Socialit\u00e0<\/a><\/li><li class=\"elementor-sitemap-item elementor-sitemap-item-post page_item page-item-67587\"><a href=\"https:\/\/icripalimosani.edu.it\/site\/2021\/06\/13\/libro-digitale-giasone-e-la-conquista-del-vello-doro\/\">LIBRO DIGITALE : &#8220;GIASONE E LA CONQUISTA DEL VELLO D&#8217;ORO&#8221;<\/a><\/li><li class=\"elementor-sitemap-item elementor-sitemap-item-post page_item page-item-67586\"><a href=\"https:\/\/icripalimosani.edu.it\/site\/2021\/06\/11\/20210611124647unidos\/\">Convocazione comitato di valutazione per la valutazione del servizio dei docenti in anno di formazione e prova a.s. 2020\/21<\/a><\/li><li class=\"elementor-sitemap-item elementor-sitemap-item-post page_item page-item-67585\"><a href=\"https:\/\/icripalimosani.edu.it\/site\/2021\/06\/11\/20210611104741unidos\/\">Misure organizzative di prevenzione e di protezione per lo svolgimento dell&#8217;Esame di Stato 2020\/2021<\/a><\/li><li class=\"elementor-sitemap-item elementor-sitemap-item-post page_item page-item-67583\"><a href=\"https:\/\/icripalimosani.edu.it\/site\/2021\/06\/10\/20210610091426unidos\/\">CORSO TFA SOSTEGNO FLC<\/a><\/li><li class=\"elementor-sitemap-item elementor-sitemap-item-post page_item page-item-67582\"><a href=\"https:\/\/icripalimosani.edu.it\/site\/2021\/06\/10\/20210610085102unidos\/\">Protocollo COVID esami stato &#8211; integrazione\/modifica Ripalimosani<\/a><\/li><li class=\"elementor-sitemap-item elementor-sitemap-item-post page_item page-item-67581\"><a href=\"https:\/\/icripalimosani.edu.it\/site\/2021\/06\/09\/20210609091330unidos\/\">RESTITUZIONE TABLET RICEVUTI IN COMODATO D\u2019USO<\/a><\/li><li class=\"elementor-sitemap-item elementor-sitemap-item-post page_item page-item-67571\"><a href=\"https:\/\/icripalimosani.edu.it\/site\/2021\/06\/08\/20210608122354unidos\/\">[UIL Scuola Molise: Notizie] 07 giugno 2021: Sindacati in piazza, Piano estate, Mobilit\u00e0, Decreto ristori, Patto per la scuola, Formazione docenti, Fondi per la scuola, Piano integrativo, Organici e precariato, Congedi e lavoratori fragili, Reclutamento, Fondo pensione, , Ricorsi e Ricostruzione di carriera, Concorsi, ecc.<\/a><\/li><li class=\"elementor-sitemap-item elementor-sitemap-item-post page_item page-item-67569\"><a href=\"https:\/\/icripalimosani.edu.it\/site\/2021\/06\/08\/20210608100150unidos\/\">Riunione plenaria Sc. Sec. di I grado<\/a><\/li><li class=\"elementor-sitemap-item elementor-sitemap-item-post page_item page-item-67567\"><a href=\"https:\/\/icripalimosani.edu.it\/site\/2021\/06\/08\/20210608090358unidos\/\">DISCLAIMER PUBBLICAZIONE E CONSULTAZIONE DEGLI ESITI DEGLI SCRUTINI<\/a><\/li><li class=\"elementor-sitemap-item elementor-sitemap-item-post page_item page-item-67561\"><a href=\"https:\/\/icripalimosani.edu.it\/site\/2021\/06\/07\/progetto-racconti-e-tradizioni-del-mio-paese-campolieto\/\">PROGETTO RACCONTI E TRADIZIONI DEL MIO PAESE: CAMPOLIETO<\/a><\/li><li class=\"elementor-sitemap-item elementor-sitemap-item-post page_item page-item-67535\"><a href=\"https:\/\/icripalimosani.edu.it\/site\/2021\/06\/03\/progetto-lorto-didattico-a-scuola-scuola-primaria-di-campolieto\/\">PROGETTO &#8220;L&#8217;ORTO DIDATTICO A SCUOLA&#8221; &#8211; SCUOLA PRIMARIA DI CAMPOLIETO<\/a><\/li><li class=\"elementor-sitemap-item elementor-sitemap-item-post page_item page-item-67531\"><a href=\"https:\/\/icripalimosani.edu.it\/site\/2021\/06\/02\/progetto-continuita-scuola-secondaria-di-primo-grado-scuola-primaria-di-limosano\/\">PROGETTO CONTINUITA&#8217; SCUOLA SECONDARIA DI PRIMO GRADO &#8211; SCUOLA PRIMARIA DI LIMOSANO<\/a><\/li><li class=\"elementor-sitemap-item elementor-sitemap-item-post page_item page-item-67530\"><a href=\"https:\/\/icripalimosani.edu.it\/site\/2021\/06\/01\/20210601144802unidos\/\">Questionari di autovalutazione d\u2019Istituto<\/a><\/li><li class=\"elementor-sitemap-item elementor-sitemap-item-post page_item page-item-67529\"><a href=\"https:\/\/icripalimosani.edu.it\/site\/2021\/06\/01\/20210601083646unidos\/\">COMUNICATO SINDACALE<\/a><\/li><li class=\"elementor-sitemap-item elementor-sitemap-item-post page_item page-item-67522\"><a href=\"https:\/\/icripalimosani.edu.it\/site\/2021\/05\/31\/20210531101725unidos\/\">SOSPENSIONE MENSA &#8211; A.S. 2020\/2021<\/a><\/li><li class=\"elementor-sitemap-item elementor-sitemap-item-post page_item page-item-67515\"><a href=\"https:\/\/icripalimosani.edu.it\/site\/2021\/05\/28\/20210528123207unidos\/\">Scrutini quadrimestrali \u2013 calendario esami conclusivi I ciclo d\u2019istruzione a.s. 2020\/2021 Scuola Secondaria di I grado di Ripalimosani, Petrella Tifernina e Limosano<\/a><\/li><li class=\"elementor-sitemap-item elementor-sitemap-item-post page_item page-item-67514\"><a href=\"https:\/\/icripalimosani.edu.it\/site\/2021\/05\/28\/20210528114549unidos\/\">Trasmissione dell\u2019elaborato. Esami di Stato nel Primo ciclo di Istruzione per l\u2019anno scolastico 2020\/2021 (Ordinanza n.52 del 03\/03\/2021).<\/a><\/li><li class=\"elementor-sitemap-item elementor-sitemap-item-post page_item page-item-67513\"><a href=\"https:\/\/icripalimosani.edu.it\/site\/2021\/05\/28\/20210528091947unidos\/\">[UIL Scuola Molise: Notizie] 24 maggio 2021: CU, Piano estate, Mobilit\u00e0 ATA, Decreto ristori, Incontri al MI e all\u2019ARAN, Organici e precariato, Congedo Covid, Don Milani, Reclutamento, Fondo pensione, Apple e suola, Ricorsi e Ricostruzione di carriera, ecc.<\/a><\/li><li class=\"elementor-sitemap-item elementor-sitemap-item-post page_item page-item-67512\"><a href=\"https:\/\/icripalimosani.edu.it\/site\/2021\/05\/28\/20210528081640unidos\/\">Frequenza Scolastica<\/a><\/li><li class=\"elementor-sitemap-item elementor-sitemap-item-post page_item page-item-67492\"><a href=\"https:\/\/icripalimosani.edu.it\/site\/2021\/05\/27\/20210527110701unidos\/\">Valutazione Scuola Primaria &#8211; Piano di Formazione.<\/a><\/li><li class=\"elementor-sitemap-item elementor-sitemap-item-post page_item page-item-67485\"><a href=\"https:\/\/icripalimosani.edu.it\/site\/2021\/05\/26\/premiazione-alunni-scuola-primaria-di-campolieto-per-il-progetto-darte-celebrando-leonardo\/\">PREMIAZIONE ALUNNI SCUOLA PRIMARIA DI CAMPOLIETO PER IL PROGETTO D&#8217;ARTE &#8220;CELEBRANDO LEONARDO&#8221;<\/a><\/li><li class=\"elementor-sitemap-item elementor-sitemap-item-post page_item page-item-67482\"><a href=\"https:\/\/icripalimosani.edu.it\/site\/2021\/05\/26\/classe-quarta-ripalimosani-realizzazione-di-un-e-book-su-dante\/\">CLASSE QUARTA RIPALIMOSANI: REALIZZAZIONE DI UN E-BOOK SU DANTE<\/a><\/li><li class=\"elementor-sitemap-item elementor-sitemap-item-post page_item page-item-67481\"><a href=\"https:\/\/icripalimosani.edu.it\/site\/2021\/05\/26\/20210526111600unidos\/\">Calendario scrutini scuola primaria e consigli di intersezione scuola dell\u2019infanzia per l\u2019a.s. 2020-2021<\/a><\/li><li class=\"elementor-sitemap-item elementor-sitemap-item-post page_item page-item-67479\"><a href=\"https:\/\/icripalimosani.edu.it\/site\/2021\/05\/26\/20210526105635unidos\/\">Calendario delle attivit\u00e0 del mese di Giugno 2021<\/a><\/li><li class=\"elementor-sitemap-item elementor-sitemap-item-post page_item page-item-67478\"><a href=\"https:\/\/icripalimosani.edu.it\/site\/2021\/05\/26\/20210526104108unidos\/\">Adempimenti relativi alla chiusura dell\u2019anno scolastico 2020\/2021<\/a><\/li><li class=\"elementor-sitemap-item elementor-sitemap-item-post page_item page-item-67477\"><a href=\"https:\/\/icripalimosani.edu.it\/site\/2021\/05\/25\/20210525075348unidos\/\">POSTA CERTIFICATA: AI DOCENTI DI RELIGIONE CATTOLICA E ALL&#8217;ALBO SINDACALE &#8211; Informativa \tConcorsi<\/a><\/li><li class=\"elementor-sitemap-item elementor-sitemap-item-post page_item page-item-67471\"><a href=\"https:\/\/icripalimosani.edu.it\/site\/2021\/05\/22\/evento-settimana-della-musica-parliamo-di-musica-26-maggio-2021-ore-1700\/\">Evento settimana della musica  &#8220;&#8230;PARLIAMO DI MUSICA&#8221; (26 maggio 2021 ore 17:00)<\/a><\/li><li class=\"elementor-sitemap-item elementor-sitemap-item-post page_item page-item-67467\"><a href=\"https:\/\/icripalimosani.edu.it\/site\/2021\/05\/21\/quarta-edizione-del-progetto-pretendiamo-la-legalita\/\">QUARTA EDIZIONE DEL PROGETTO &#8220;PretenDiamo legalit\u00e0&#8221;<\/a><\/li><li class=\"elementor-sitemap-item elementor-sitemap-item-post page_item page-item-67465\"><a href=\"https:\/\/icripalimosani.edu.it\/site\/2021\/05\/20\/20210520103714unidos\/\">Convocazione del Collegio unitario dei docenti<\/a><\/li><li class=\"elementor-sitemap-item elementor-sitemap-item-post page_item page-item-67452\"><a href=\"https:\/\/icripalimosani.edu.it\/site\/2021\/05\/19\/scuola-dellinfanzia-di-montagano-la-semina\/\">SCUOLA DELL&#8217;INFANZIA DI MONTAGANO: LA SEMINA<\/a><\/li><li class=\"elementor-sitemap-item elementor-sitemap-item-post page_item page-item-67449\"><a href=\"https:\/\/icripalimosani.edu.it\/site\/2021\/05\/19\/attestato-dantesocial\/\">ATTESTATO &#8220;DANTESOCIAL&#8221;<\/a><\/li><li class=\"elementor-sitemap-item elementor-sitemap-item-post page_item page-item-67447\"><a href=\"https:\/\/icripalimosani.edu.it\/site\/2021\/05\/18\/20210518132254unidos\/\">Piano scuola estate 2021.Monitoraggio alunni.<\/a><\/li><li class=\"elementor-sitemap-item elementor-sitemap-item-post page_item page-item-67446\"><a href=\"https:\/\/icripalimosani.edu.it\/site\/2021\/05\/18\/20210518114725unidos\/\">Periodo di formazione e prova per i docenti neo-assunti e per i docenti che hanno ottenuto il passaggio di ruolo. Attivit\u00e0 formative per l\u2019a.s. 2020-2021. Calendario degli incontri di restituzione finali.<\/a><\/li><li class=\"elementor-sitemap-item elementor-sitemap-item-post page_item page-item-67445\"><a href=\"https:\/\/icripalimosani.edu.it\/site\/2021\/05\/18\/20210518085207unidos\/\">Progetto Clil Earth Day &#8211; Legumello 2021<\/a><\/li><li class=\"elementor-sitemap-item elementor-sitemap-item-post page_item page-item-67444\"><a href=\"https:\/\/icripalimosani.edu.it\/site\/2021\/05\/15\/20210515085655unidos\/\">XXX anniversario della ratifica in Italia della Convenzione ONU sui diritti dell\u2019infanzia e dell\u2019adolescenza \u2013 Adesione alla campagna UNICEF \u201cLunga vita ai diritti\u201d &#8211; 27 maggio 2021. Nota MI prot. n. 1175 del 13\/05\/2021.<\/a><\/li><li class=\"elementor-sitemap-item elementor-sitemap-item-post page_item page-item-67443\"><a href=\"https:\/\/icripalimosani.edu.it\/site\/2021\/05\/14\/20210514082816unidos\/\">CISL Scuola Abruzzo &#8211; Molise -Link corso di formazione in orario di servizio: DM 50 2021 GRADUATORIE ATA TERZA FASCIA<\/a><\/li><li class=\"elementor-sitemap-item elementor-sitemap-item-post page_item page-item-67436\"><a href=\"https:\/\/icripalimosani.edu.it\/site\/2021\/05\/12\/20210512083430unidos\/\">Comunicato flccgil<\/a><\/li><li class=\"elementor-sitemap-item elementor-sitemap-item-post page_item page-item-67435\"><a href=\"https:\/\/icripalimosani.edu.it\/site\/2021\/05\/11\/20210511085306unidos\/\">CORSO FORMAZIONE FLCCGIL<\/a><\/li><li class=\"elementor-sitemap-item elementor-sitemap-item-post page_item page-item-67434\"><a href=\"https:\/\/icripalimosani.edu.it\/site\/2021\/05\/10\/20210510125822unidos\/\">Progetto frutta e verdura nelle scuole<\/a><\/li><li class=\"elementor-sitemap-item elementor-sitemap-item-post page_item page-item-67431\"><a href=\"https:\/\/icripalimosani.edu.it\/site\/2021\/05\/09\/auguri-alle-mamma-dalla-sezione-b-della-scuola-dellinfanzia-di-ripalimosani\/\">AUGURI ALLE MAMMA DALLA SEZIONE B DELLA SCUOLA DELL&#8217;INFANZIA DI RIPALIMOSANI<\/a><\/li><li class=\"elementor-sitemap-item elementor-sitemap-item-post page_item page-item-67428\"><a href=\"https:\/\/icripalimosani.edu.it\/site\/2021\/05\/09\/auguri-alle-mamme-dai-bambini-di-campolieto\/\">AUGURI ALLE MAMME DAI BAMBINI DI CAMPOLIETO<\/a><\/li><li class=\"elementor-sitemap-item elementor-sitemap-item-post page_item page-item-67424\"><a href=\"https:\/\/icripalimosani.edu.it\/site\/2021\/05\/09\/auguri-alle-mamme-dalla-sez-a-della-scuola-dellinfanzia-di-ripalimosani\/\">AUGURI ALLE MAMME DALLA SEZ. A DELLA SCUOLA DELL&#8217;INFANZIA DI RIPALIMOSANI<\/a><\/li><li class=\"elementor-sitemap-item elementor-sitemap-item-post page_item page-item-67418\"><a href=\"https:\/\/icripalimosani.edu.it\/site\/2021\/05\/09\/un-augurio-alle-mamme-dalla-scuola-dellinfanzia-di-limosano\/\">UN AUGURIO ALLE MAMME DALLA SCUOLA DELL&#8217;INFANZIA DI LIMOSANO<\/a><\/li><li class=\"elementor-sitemap-item elementor-sitemap-item-post page_item page-item-67414\"><a href=\"https:\/\/icripalimosani.edu.it\/site\/2021\/05\/07\/rappresentazione-del-mito-ade-e-persefone-alunna-garofalo-giada-v-a-petrella-tifernina\/\">Rappresentazione del mito &#8221; Ade e Persefone&#8221; &#8211; Alunna Garofalo Giada V A Petrella Tifernina<\/a><\/li><li class=\"elementor-sitemap-item elementor-sitemap-item-post page_item page-item-67413\"><a href=\"https:\/\/icripalimosani.edu.it\/site\/2021\/05\/07\/20210507124444unidos\/\">Profilassi vaccinale in favore del personale scolastico, docente e non docente. Mascherine FFP2. Piani di sicurezza &#8211; Aggiornamenti in tema di emergenza Covid-19. Nota MI 698 DEL 06.05.2021.<\/a><\/li><li class=\"elementor-sitemap-item elementor-sitemap-item-post page_item page-item-67412\"><a href=\"https:\/\/icripalimosani.edu.it\/site\/2021\/05\/07\/20210507123743unidos\/\">Valutazione periodica e finale nelle classi intermedie. Primo ciclo di istruzione. (Nota MI 699 del 06.05.2021)<\/a><\/li><li class=\"elementor-sitemap-item elementor-sitemap-item-post page_item page-item-67411\"><a href=\"https:\/\/icripalimosani.edu.it\/site\/2021\/05\/07\/20210507101945unidos\/\">Profilassi vaccinale in favore del personale scolastico,   docente e non docente. Mascherine FFP2.   Piani di sicurezza &#8211; Aggiornamenti in tema di emergenza Covid-19.<\/a><\/li><li class=\"elementor-sitemap-item elementor-sitemap-item-post page_item page-item-67410\"><a href=\"https:\/\/icripalimosani.edu.it\/site\/2021\/05\/07\/20210507091705unidos\/\">Istruzioni per formazione sperimentazione sul coding<\/a><\/li><li class=\"elementor-sitemap-item elementor-sitemap-item-post page_item page-item-67408\"><a href=\"https:\/\/icripalimosani.edu.it\/site\/2021\/05\/07\/20210507090635unidos\/\">ASSEMBLEA SINDACALE ANIEF &#8211; ATA<\/a><\/li><li class=\"elementor-sitemap-item elementor-sitemap-item-post page_item page-item-67407\"><a href=\"https:\/\/icripalimosani.edu.it\/site\/2021\/05\/06\/20210506085744unidos\/\">Piano scuola estate 2021. Un ponte per il nuovo inizio. Integrazione o.d.g. Consigli di classe.<\/a><\/li><li class=\"elementor-sitemap-item elementor-sitemap-item-post page_item page-item-67406\"><a href=\"https:\/\/icripalimosani.edu.it\/site\/2021\/05\/05\/20210505122638unidos\/\">Nomina Commissione prove attitudinali per l\u2019ammissione ai corsi ad indirizzo musicale \u2013 a.s. 2021-2022 I<\/a><\/li><li class=\"elementor-sitemap-item elementor-sitemap-item-post page_item page-item-67405\"><a href=\"https:\/\/icripalimosani.edu.it\/site\/2021\/05\/05\/20210505094626unidos\/\">Consigli di classe, di interclasse e di intersezione in modalit\u00e0 a distanza, con la presenza della Rappresentanza dei genitori.<\/a><\/li><li class=\"elementor-sitemap-item elementor-sitemap-item-post page_item page-item-67404\"><a href=\"https:\/\/icripalimosani.edu.it\/site\/2021\/05\/05\/20210505092757unidos\/\">Calendario degli incontri tra docenti prefissati per il mese di maggio, come dal Piano annuale allegato al Progetto \u201cContinuit\u00e0 e Orientamento\u201d d\u2019Istituto.<\/a><\/li><li class=\"elementor-sitemap-item elementor-sitemap-item-post page_item page-item-67402\"><a href=\"https:\/\/icripalimosani.edu.it\/site\/2021\/05\/04\/20210504105032unidos\/\">ASSEMBLEA SINDACALE ANIEF<\/a><\/li><li class=\"elementor-sitemap-item elementor-sitemap-item-post page_item page-item-67399\"><a href=\"https:\/\/icripalimosani.edu.it\/site\/2021\/05\/03\/20210503102832unidos\/\">ASSEMBLEA SINDACALE ANIEF<\/a><\/li><li class=\"elementor-sitemap-item elementor-sitemap-item-post page_item page-item-67398\"><a href=\"https:\/\/icripalimosani.edu.it\/site\/2021\/05\/03\/20210503092237unidos\/\">ASSEMBLEA SINDACALE FLCCGIL<\/a><\/li><li class=\"elementor-sitemap-item elementor-sitemap-item-post page_item page-item-67397\"><a href=\"https:\/\/icripalimosani.edu.it\/site\/2021\/05\/02\/20210502102102unidos\/\">Ripresa attivit\u00e0 educative in presenza Scuola dell\u2019infanzia di Montagano<\/a><\/li><li class=\"elementor-sitemap-item elementor-sitemap-item-post page_item page-item-67396\"><a href=\"https:\/\/icripalimosani.edu.it\/site\/2021\/04\/30\/20210430133135unidos\/\">convocazione collegio dei docenti straordinario<\/a><\/li><li class=\"elementor-sitemap-item elementor-sitemap-item-post page_item page-item-67395\"><a href=\"https:\/\/icripalimosani.edu.it\/site\/2021\/04\/30\/20210430131951unidos\/\">Convocazione dipartimenti disciplinari<\/a><\/li><li class=\"elementor-sitemap-item elementor-sitemap-item-post page_item page-item-67392\"><a href=\"https:\/\/icripalimosani.edu.it\/site\/2021\/04\/30\/20210430121743unidos\/\">somministrazione prove INVALSI \u2013 Scuola Primaria e Secondaria Di Primo Grado.<\/a><\/li><li class=\"elementor-sitemap-item elementor-sitemap-item-post page_item page-item-67391\"><a href=\"https:\/\/icripalimosani.edu.it\/site\/2021\/04\/27\/20210427143645unidos\/\">NOTA INTEGRAZIONE SCIPERO 6 MAGGIO 2021<\/a><\/li><li class=\"elementor-sitemap-item elementor-sitemap-item-post page_item page-item-67390\"><a href=\"https:\/\/icripalimosani.edu.it\/site\/2021\/04\/27\/20210427133558unidos\/\">Comparto Istruzione e Ricerca &#8211; Sezione Scuola. azioni di sciopero previste per il giorno 6 maggio 2021 e ss -Cobas Scuola Sardegna \u2013 Usb Pi Scuola \u2013 Unicobas Scuola &#038; Universit\u00e0.<\/a><\/li><li class=\"elementor-sitemap-item elementor-sitemap-item-post page_item page-item-67389\"><a href=\"https:\/\/icripalimosani.edu.it\/site\/2021\/04\/27\/20210427101035unidos\/\">Comunicazione sospensione attivit\u00e0 educative in presenza Sezione dell\u2019Infanzia \u2013 Plesso di Montagano.<\/a><\/li><li class=\"elementor-sitemap-item elementor-sitemap-item-post page_item page-item-67388\"><a href=\"https:\/\/icripalimosani.edu.it\/site\/2021\/04\/26\/20210426111957unidos\/\">Comunicazione sospensione attivit\u00e0 didattiche ed educative in presenza Scuola dell\u2019Infanzia \u2013 Scuola Primaria \u2013 Scuola Secondaria I Grado Plesso di Petrella Tifernina.<\/a><\/li><li class=\"elementor-sitemap-item elementor-sitemap-item-post page_item page-item-67387\"><a href=\"https:\/\/icripalimosani.edu.it\/site\/2021\/04\/24\/20210424081948unidos\/\">Progetto di sperimentazione del coding nell\u2019ambito del Protocollo di Intesa stipulato fra il MI e Makeblock Europe.<\/a><\/li><li class=\"elementor-sitemap-item elementor-sitemap-item-post page_item page-item-67382\"><a href=\"https:\/\/icripalimosani.edu.it\/site\/2021\/04\/23\/22-aprile-2021-giornata-mondiale-della-terra-scuola-primaria-di-campolieto\/\">22 APRILE 2021 &#8211; GIORNATA MONDIALE DELLA TERRA &#8211; Scuola Primaria di Campolieto<\/a><\/li><li class=\"elementor-sitemap-item elementor-sitemap-item-post page_item page-item-67375\"><a href=\"https:\/\/icripalimosani.edu.it\/site\/2021\/04\/23\/22-aprile-2021-giornata-mondiale-della-terra-scuola-dellinfanzia-di-campolieto\/\">22 APRILE 2021 &#8211; GIORNATA MONDIALE DELLA TERRA &#8211; Scuola dell&#8217;infanzia di Campolieto<\/a><\/li><li class=\"elementor-sitemap-item elementor-sitemap-item-post page_item page-item-67371\"><a href=\"https:\/\/icripalimosani.edu.it\/site\/2021\/04\/23\/22-aprile-2021-giornata-mondiale-della-terra-scuola-primaria-di-petrella-classe-iv\/\">22 APRILE 2021 &#8211; GIORNATA MONDIALE DELLA TERRA &#8211; Scuola Primaria di Petrella &#8211; Classe IV<\/a><\/li><li class=\"elementor-sitemap-item elementor-sitemap-item-post page_item page-item-67368\"><a href=\"https:\/\/icripalimosani.edu.it\/site\/2021\/04\/23\/22-aprile-2021-giornata-mondiale-della-terra-scuola-dellinfanzia-di-ripalimosani-sez-a\/\">22 APRILE 2021 &#8211; GIORNATA MONDIALE DELLA TERRA &#8211; Scuola dell&#8217;infanzia di Ripalimosani sez. A<\/a><\/li><li class=\"elementor-sitemap-item elementor-sitemap-item-post page_item page-item-67367\"><a href=\"https:\/\/icripalimosani.edu.it\/site\/2021\/04\/23\/20210423130356unidos\/\">Attivit\u00e0 straordinaria di sanificazione<\/a><\/li><li class=\"elementor-sitemap-item elementor-sitemap-item-post page_item page-item-67366\"><a href=\"https:\/\/icripalimosani.edu.it\/site\/2021\/04\/23\/20210423124954unidos\/\">calendario maggio e giugno -Locandina<\/a><\/li><li class=\"elementor-sitemap-item elementor-sitemap-item-post page_item page-item-67364\"><a href=\"https:\/\/icripalimosani.edu.it\/site\/2021\/04\/23\/20210423120107unidos\/\">Comparto Istruzione e Ricerca &#8211; Sezione Scuola. Azioni di sciopero previste  per il giorno 6 maggio 2021 e ss &#8211; Cobas Scuola Sardegna \u2013 Usb Pi Scuola \u2013 Unicobas  Scuola&#038;Universit\u00e0<\/a><\/li><li class=\"elementor-sitemap-item elementor-sitemap-item-post page_item page-item-67361\"><a href=\"https:\/\/icripalimosani.edu.it\/site\/2021\/04\/23\/20210423105443unidos\/\">D.m. 20 aprile 2021 n. 138 \u2013 Proroga del termine di presentazione delle domande per l\u2019inserimento nelle graduatorie di terza fascia del personale ATA \u2013 D.m. 3 marzo 2021, n. 50.<\/a><\/li><li class=\"elementor-sitemap-item elementor-sitemap-item-post page_item page-item-67352\"><a href=\"https:\/\/icripalimosani.edu.it\/site\/2021\/04\/19\/22-aprile-incontro-con-on-line-con-angela-iantosca-autrice-del-libro-gli-eroi-di-leucolizia\/\">22 APRILE: Incontro on line con Angela Iantosca, autrice del libro &#8220;Gli eroi di Leucolizia&#8221;<\/a><\/li><li class=\"elementor-sitemap-item elementor-sitemap-item-post page_item page-item-67350\"><a href=\"https:\/\/icripalimosani.edu.it\/site\/2021\/04\/19\/20210419112039unidos\/\">Educazione alla legalit\u00e0<\/a><\/li><li class=\"elementor-sitemap-item elementor-sitemap-item-post page_item page-item-67343\"><a href=\"https:\/\/icripalimosani.edu.it\/site\/2021\/04\/15\/20210415084505unidos\/\">Fwd: Seminario formativo &#8220;#NextgenerationItalia Gioved\u00ec 22 aprile ore 15,00<\/a><\/li><li class=\"elementor-sitemap-item elementor-sitemap-item-post page_item page-item-67342\"><a href=\"https:\/\/icripalimosani.edu.it\/site\/2021\/04\/14\/20210414105345unidos\/\">progetto Prova di Ancoraggio. Plesso CBEE830026 &#8211; Sezione A &#8211; V primaria &#8211; Prova da svolgere: INGLESE<\/a><\/li><li class=\"elementor-sitemap-item elementor-sitemap-item-post page_item page-item-67341\"><a href=\"https:\/\/icripalimosani.edu.it\/site\/2021\/04\/13\/20210413113801unidos\/\">Colloqui Genitori-Docenti aprile 2021.<\/a><\/li><li class=\"elementor-sitemap-item elementor-sitemap-item-post page_item page-item-67335\"><a href=\"https:\/\/icripalimosani.edu.it\/site\/2021\/04\/12\/67335\/\">PROGETTO: &#8220;PICCOLI GIORNALISTI IN ERBA&#8221;<\/a><\/li><li class=\"elementor-sitemap-item elementor-sitemap-item-post page_item page-item-67333\"><a href=\"https:\/\/icripalimosani.edu.it\/site\/2021\/04\/12\/20210412132136unidos\/\">Procedure per la segnalazione di alunni inadempienti all\u2019obbligo scolastico (disposizioni a carattere permanente).<\/a><\/li><li class=\"elementor-sitemap-item elementor-sitemap-item-post page_item page-item-67332\"><a href=\"https:\/\/icripalimosani.edu.it\/site\/2021\/04\/12\/20210412080850unidos\/\">Prot. N.1797 del 11-04-2021 &#8211; Ordinanza n. 15\/2021 &#8211; Proroga chiusura scuola primaria di Matrice &#8211; trasmissione<\/a><\/li><li class=\"elementor-sitemap-item elementor-sitemap-item-post page_item page-item-67331\"><a href=\"https:\/\/icripalimosani.edu.it\/site\/2021\/04\/12\/20210412080725unidos\/\">ORDINANZA N. 12 DEL 11.04.2021 AVENTE AD OGGETTO: EMERGENZA SANITARIA COVID -19. PROROGA SOSPENSIONE ATTIVITA&#8217; EDUCATIVE IN PRESENZA PRESSO LA SCUOLA DELL&#8217;INFANZIA &#8211; LIMITATAMENTE ALLE 2 SEZIONI DI MATRICE &#8211; FINO AL 18 APRILE 2021<\/a><\/li><li class=\"elementor-sitemap-item elementor-sitemap-item-post page_item page-item-67330\"><a href=\"https:\/\/icripalimosani.edu.it\/site\/2021\/04\/11\/20210411185107unidos\/\">Proroga sospensione delle attivit\u00e0 didattiche ed educative in presenza<\/a><\/li><li class=\"elementor-sitemap-item elementor-sitemap-item-post page_item page-item-67329\"><a href=\"https:\/\/icripalimosani.edu.it\/site\/2021\/04\/09\/20210409132413unidos\/\">PREMIO SCUOLA DIGITALE<\/a><\/li><li class=\"elementor-sitemap-item elementor-sitemap-item-post page_item page-item-67328\"><a href=\"https:\/\/icripalimosani.edu.it\/site\/2021\/04\/08\/20210408124321unidos\/\">locandina sportello di ascolto psicologico di aprile<\/a><\/li><li class=\"elementor-sitemap-item elementor-sitemap-item-post page_item page-item-67324\"><a href=\"https:\/\/icripalimosani.edu.it\/site\/2021\/04\/07\/20210407110556unidos\/\">Ministero della Salute distanziamento a seguito varianti covid per mensa<\/a><\/li><li class=\"elementor-sitemap-item elementor-sitemap-item-post page_item page-item-67323\"><a href=\"https:\/\/icripalimosani.edu.it\/site\/2021\/04\/06\/20210406204055unidos\/\">Sospensione delle attivit\u00e0 didattiche ed educative in presenza<\/a><\/li><li class=\"elementor-sitemap-item elementor-sitemap-item-post page_item page-item-67321\"><a href=\"https:\/\/icripalimosani.edu.it\/site\/2021\/04\/06\/20210406082752unidos\/\">Chiusura dell\u2019intero Plesso scolastico di Limosano dal 7aprile fino al 17 aprile 2021. Attivit\u00e0 didattiche ed educative in modalit\u00e0 a distanza.<\/a><\/li><li class=\"elementor-sitemap-item elementor-sitemap-item-post page_item page-item-67320\"><a href=\"https:\/\/icripalimosani.edu.it\/site\/2021\/04\/02\/20210402175543unidos\/\">Ripresa attivit\u00e0 educative e didattiche in presenza<\/a><\/li><li class=\"elementor-sitemap-item elementor-sitemap-item-post page_item page-item-67319\"><a href=\"https:\/\/icripalimosani.edu.it\/site\/2021\/04\/02\/20210402175255unidos\/\">prestazione lavorativa in presenza<\/a><\/li><li class=\"elementor-sitemap-item elementor-sitemap-item-post page_item page-item-67305\"><a href=\"https:\/\/icripalimosani.edu.it\/site\/2021\/04\/02\/concorso-la-mia-maschera-pensata-carnevale-2021\/\">CONCORSO &#8220;LA MIA MASCHERA PENSATA&#8221; &#8211; CARNEVALE 2021<\/a><\/li><li class=\"elementor-sitemap-item elementor-sitemap-item-post page_item page-item-67304\"><a href=\"https:\/\/icripalimosani.edu.it\/site\/2021\/04\/02\/20210402093859unidos\/\">FW: Giornata Mondiale della Consapevolezza sull&#8217;Autismo &#8211; 2 aprile 2021<\/a><\/li><li class=\"elementor-sitemap-item elementor-sitemap-item-post page_item page-item-67303\"><a href=\"https:\/\/icripalimosani.edu.it\/site\/2021\/03\/31\/20210331125041unidos\/\">Graduatoria interne di Istituto per l&#8217;individuazione dei soprannumerari per l\u2019a.s 2021\/2022<\/a><\/li><li class=\"elementor-sitemap-item elementor-sitemap-item-post page_item page-item-67302\"><a href=\"https:\/\/icripalimosani.edu.it\/site\/2021\/03\/31\/20210331112651unidos\/\">O.M. n. 107 del 29.03.2021 relativa alla mobilit\u00e0 del personale docente di religione cattolica a.s. 2021\/2022<\/a><\/li><li class=\"elementor-sitemap-item elementor-sitemap-item-post page_item page-item-67292\"><a href=\"https:\/\/icripalimosani.edu.it\/site\/2021\/03\/30\/20210330132416unidos\/\">Mobilit\u00e0 personale docente, educativo e ATA 2021\/2022<\/a><\/li><li class=\"elementor-sitemap-item elementor-sitemap-item-post page_item page-item-67289\"><a href=\"https:\/\/icripalimosani.edu.it\/site\/2021\/03\/29\/lavoro-digitale-su-martin-luther-king\/\">LAVORO DIGITALE SU MARTIN LUTHER KING<\/a><\/li><li class=\"elementor-sitemap-item elementor-sitemap-item-post page_item page-item-67287\"><a href=\"https:\/\/icripalimosani.edu.it\/site\/2021\/03\/29\/20210329132112unidos\/\">Sospensione delle attivit\u00e0 didattiche ed educative &#8211; Chiusura prefestiva uffici &#8211; Vacanze Pasquali<\/a><\/li><li class=\"elementor-sitemap-item elementor-sitemap-item-post page_item page-item-67280\"><a href=\"https:\/\/icripalimosani.edu.it\/site\/2021\/03\/29\/20210329103228unidos\/\">Prove comuni per classi parallele a. s. 2021\/2022<\/a><\/li><li class=\"elementor-sitemap-item elementor-sitemap-item-post page_item page-item-67275\"><a href=\"https:\/\/icripalimosani.edu.it\/site\/2021\/03\/26\/25-marzo-dantedi\/\">25 MARZO DANTEDI&#8217;<\/a><\/li><li class=\"elementor-sitemap-item elementor-sitemap-item-post page_item page-item-67274\"><a href=\"https:\/\/icripalimosani.edu.it\/site\/2021\/03\/26\/20210326115448unidos\/\">Educazione alla legalit\u00e0 &#8211; Pretendiamo legalit\u00e0<\/a><\/li><li class=\"elementor-sitemap-item elementor-sitemap-item-post page_item page-item-67269\"><a href=\"https:\/\/icripalimosani.edu.it\/site\/2021\/03\/24\/25-marzo-2021-dantedi-2\/\">25 marzo 2021 Danted\u00ec<\/a><\/li><li class=\"elementor-sitemap-item elementor-sitemap-item-post page_item page-item-67260\"><a href=\"https:\/\/icripalimosani.edu.it\/site\/2021\/03\/24\/25-marzo-2021-dantedi\/\">25  MARZO 2021 DANTEDI&#8217;<\/a><\/li><li class=\"elementor-sitemap-item elementor-sitemap-item-post page_item page-item-67259\"><a href=\"https:\/\/icripalimosani.edu.it\/site\/2021\/03\/24\/20210324100319unidos\/\">CONVEGNO RECUPERO SCOLASTICO E LE OPPORTUNITA&#8217; DELLE AZIONI SCUOLA LAVORO &#8211; 24\/03\/2021 ORE 18.00<\/a><\/li><li class=\"elementor-sitemap-item elementor-sitemap-item-post page_item page-item-67258\"><a href=\"https:\/\/icripalimosani.edu.it\/site\/2021\/03\/23\/20210323124110unidos\/\">Giochi Matematici del Mediterraneo 2020 \u2013 Finale regionale<\/a><\/li><li class=\"elementor-sitemap-item elementor-sitemap-item-post page_item page-item-67257\"><a href=\"https:\/\/icripalimosani.edu.it\/site\/2021\/03\/23\/20210323122351unidos\/\">Partecipazione all\u2019iniziativa Futura Dante live<\/a><\/li><li class=\"elementor-sitemap-item elementor-sitemap-item-post page_item page-item-67255\"><a href=\"https:\/\/icripalimosani.edu.it\/site\/2021\/03\/22\/20210322152406unidos\/\">Partecipazione all\u2019iniziativa Futura Dante live<\/a><\/li><li class=\"elementor-sitemap-item elementor-sitemap-item-post page_item page-item-67248\"><a href=\"https:\/\/icripalimosani.edu.it\/site\/2021\/03\/22\/20210322101237unidos\/\">Codice CUP: I26J20000970006 Rinuncia Progetto PON FSE dal titolo Tutti insieme, nessuno escluso \u2013 codice 10.2.2AFSEPON-MO-2020-37<\/a><\/li><li class=\"elementor-sitemap-item elementor-sitemap-item-post page_item page-item-67247\"><a href=\"https:\/\/icripalimosani.edu.it\/site\/2021\/03\/22\/20210322100509unidos\/\">Seminario Legislazione Scolastica 31 marzo 2021 ore 9.00-11.00<\/a><\/li><li class=\"elementor-sitemap-item elementor-sitemap-item-post page_item page-item-67246\"><a href=\"https:\/\/icripalimosani.edu.it\/site\/2021\/03\/22\/20210322095748unidos\/\">Adozione libri di testo a.s. 2021\/2022<\/a><\/li><li class=\"elementor-sitemap-item elementor-sitemap-item-post page_item page-item-67242\"><a href=\"https:\/\/icripalimosani.edu.it\/site\/2021\/03\/21\/67242\/\">LAVORO DIGITALE SU ANNA FRANK<\/a><\/li><li class=\"elementor-sitemap-item elementor-sitemap-item-post page_item page-item-67231\"><a href=\"https:\/\/icripalimosani.edu.it\/site\/2021\/03\/21\/lavoro-digitale-su-nelson-mandela\/\">LAVORO DIGITALE SU NELSON MANDELA<\/a><\/li><li class=\"elementor-sitemap-item elementor-sitemap-item-post page_item page-item-67225\"><a href=\"https:\/\/icripalimosani.edu.it\/site\/2021\/03\/21\/lavoro-digitale-su-malala-yousafzai-premio-nobel-per-la-pace\/\">LAVORO DIGITALE SU MALALA YOUSAFZAI (PREMIO NOBEL PER LA PACE)<\/a><\/li><li class=\"elementor-sitemap-item elementor-sitemap-item-post page_item page-item-67223\"><a href=\"https:\/\/icripalimosani.edu.it\/site\/2021\/03\/20\/20210320123233unidos\/\">Attivit\u00e0 didattiche ed educative in modalit\u00e0 a distanza. Periodo 22-31 marzo 2021.<\/a><\/li><li class=\"elementor-sitemap-item elementor-sitemap-item-post page_item page-item-67222\"><a href=\"https:\/\/icripalimosani.edu.it\/site\/2021\/03\/20\/20210320115951unidos\/\">Sciopero per l\u2019intera giornata 26 marzo 2021 indetto dai COBAS e dal SAESE.<\/a><\/li><li class=\"elementor-sitemap-item elementor-sitemap-item-post page_item page-item-67221\"><a href=\"https:\/\/icripalimosani.edu.it\/site\/2021\/03\/19\/20210319123651unidos\/\">NOTIZIARIO N. 7<\/a><\/li><li class=\"elementor-sitemap-item elementor-sitemap-item-post page_item page-item-67220\"><a href=\"https:\/\/icripalimosani.edu.it\/site\/2021\/03\/19\/20210319104258unidos\/\">Aggiornamento graduatorie di circolo e di istituto di terza fascia del personale ATA per il triennio scolastico 2021-23<\/a><\/li><li class=\"elementor-sitemap-item elementor-sitemap-item-post page_item page-item-67219\"><a href=\"https:\/\/icripalimosani.edu.it\/site\/2021\/03\/17\/20210317115150unidos\/\">Attivit\u00e0 DPO &#8211; Trattamento dei dati relativi alla vaccinazione anti Covid-19<\/a><\/li><li class=\"elementor-sitemap-item elementor-sitemap-item-post page_item page-item-67212\"><a href=\"https:\/\/icripalimosani.edu.it\/site\/2021\/03\/17\/premio-aritistico-letteraria-ardea-larte-delle-idee\/\">PREMIO ARITISTICO-LETTERARIO ARDEA &#8220;L&#8217;arte delle idee&#8221;<\/a><\/li><li class=\"elementor-sitemap-item elementor-sitemap-item-post page_item page-item-67211\"><a href=\"https:\/\/icripalimosani.edu.it\/site\/2021\/03\/16\/20210316103950unidos\/\">Consigli di classe, di interclasse e di intersezione in modalit\u00e0 a  distanza, con la presenza della Rappresentanza dei genitori.<\/a><\/li><li class=\"elementor-sitemap-item elementor-sitemap-item-post page_item page-item-67210\"><a href=\"https:\/\/icripalimosani.edu.it\/site\/2021\/03\/16\/20210316103547unidos\/\">Scuola, il 22 marzo l\u2019incontro dedicato alla poesia \u201cFREE&#8230; liberi di leggere\u201d<\/a><\/li><li class=\"elementor-sitemap-item elementor-sitemap-item-post page_item page-item-67209\"><a href=\"https:\/\/icripalimosani.edu.it\/site\/2021\/03\/16\/20210316090424unidos\/\">Sciopero 26 Marzo 2021<\/a><\/li><li class=\"elementor-sitemap-item elementor-sitemap-item-post page_item page-item-67207\"><a href=\"https:\/\/icripalimosani.edu.it\/site\/2021\/03\/15\/pubblicazione-del-progetto-larca-di-noe-sulla-piattaforma-indire\/\">PUBBLICAZIONE DEL PROGETTO &#8220;L&#8217;ARCA DI NOE'&#8221; SULLA PIATTAFORMA INDIRE<\/a><\/li><li class=\"elementor-sitemap-item elementor-sitemap-item-post page_item page-item-67204\"><a href=\"https:\/\/icripalimosani.edu.it\/site\/2021\/03\/15\/20210315113845unidos\/\">Nota adozione libri di testo a.s. 2021\/2022<\/a><\/li><li class=\"elementor-sitemap-item elementor-sitemap-item-post page_item page-item-67170\"><a href=\"https:\/\/icripalimosani.edu.it\/site\/2021\/03\/13\/20210313185331unidos\/\">Proroga svolgimento delle attivit\u00e0 didattiche ed educative in modalit\u00e0 a distanza. Periodo 15-29 marzo 2021.<\/a><\/li><li class=\"elementor-sitemap-item elementor-sitemap-item-post page_item page-item-67169\"><a href=\"https:\/\/icripalimosani.edu.it\/site\/2021\/03\/13\/20210313115837unidos\/\">Vademecum Bullismo e Cyberbullismo<\/a><\/li><li class=\"elementor-sitemap-item elementor-sitemap-item-post page_item page-item-67155\"><a href=\"https:\/\/icripalimosani.edu.it\/site\/2021\/03\/09\/20210309084439unidos\/\">Vaccino Anti-Covid Docenti e ATA \u2013 modalit\u00e0 di richiesta di permesso per il giorno della somministrazione e giustifica assenza<\/a><\/li><li class=\"elementor-sitemap-item elementor-sitemap-item-post page_item page-item-67154\"><a href=\"https:\/\/icripalimosani.edu.it\/site\/2021\/03\/08\/20210308101634unidos\/\">Linee di orientamento  per la prevenzione e il contrasto dei fenomeni di Bullismo e Cyberbullismo<\/a><\/li><li class=\"elementor-sitemap-item elementor-sitemap-item-post page_item page-item-67153\"><a href=\"https:\/\/icripalimosani.edu.it\/site\/2021\/03\/08\/20210308093344unidos\/\">Esame di Fine Ciclo &#8211; A.S. 2020-2021 &#8211; Vademecum sull&#8217;ordinanza Ministeriale N\u00b0 52 del 3 marzo 2021<\/a><\/li><li class=\"elementor-sitemap-item elementor-sitemap-item-post page_item page-item-67152\"><a href=\"https:\/\/icripalimosani.edu.it\/site\/2021\/03\/08\/20210308083325unidos\/\">FLC CGIL  Seminario formativo sulla vaccinazione e la cultura della prevenzione 10 marzo 21<\/a><\/li><li class=\"elementor-sitemap-item elementor-sitemap-item-post page_item page-item-67144\"><a href=\"https:\/\/icripalimosani.edu.it\/site\/2021\/03\/05\/20210305130357unidos\/\">Giornata dei Giusti dell\u2019umanit\u00e0 \u2013 6 marzo 2021.<\/a><\/li><li class=\"elementor-sitemap-item elementor-sitemap-item-post page_item page-item-67143\"><a href=\"https:\/\/icripalimosani.edu.it\/site\/2021\/03\/05\/20210305122748unidos\/\">Decreto del Presidente del Consiglio dei Ministri del 2 marzo 2021<\/a><\/li><li class=\"elementor-sitemap-item elementor-sitemap-item-post page_item page-item-67142\"><a href=\"https:\/\/icripalimosani.edu.it\/site\/2021\/03\/05\/20210305120238unidos\/\">Divieto dell\u2019uso di cellulari a scuola<\/a><\/li><li class=\"elementor-sitemap-item elementor-sitemap-item-post page_item page-item-67141\"><a href=\"https:\/\/icripalimosani.edu.it\/site\/2021\/03\/05\/20210305113558unidos\/\">FLC CGIL &#8211; SEMINARIO 29 MARZO<\/a><\/li><li class=\"elementor-sitemap-item elementor-sitemap-item-post page_item page-item-67140\"><a href=\"https:\/\/icripalimosani.edu.it\/site\/2021\/03\/05\/20210305100909unidos\/\">SCIOPERO 8 MARZO 2021 &#8211; REVOCA<\/a><\/li><li class=\"elementor-sitemap-item elementor-sitemap-item-post page_item page-item-67139\"><a href=\"https:\/\/icripalimosani.edu.it\/site\/2021\/03\/05\/20210305100830unidos\/\">svolgimento delle attivit\u00e0 didattiche ed educative in modalit\u00e0 a distanza. Periodo 6-15 marzo 2021.<\/a><\/li><li class=\"elementor-sitemap-item elementor-sitemap-item-post page_item page-item-67138\"><a href=\"https:\/\/icripalimosani.edu.it\/site\/2021\/03\/04\/20210304080109unidos\/\">[UIL Scuola Molise: Notizie] 02 marzo 2021: IRASE per la Scuola, Mobilit\u00e0, Incontri al MI, Part-time, MyIs, Graduatorie e rettifica punteggi, GPS, Concorsi, Ricorsi e Ricostruzione di carriera, ecc.<\/a><\/li><li class=\"elementor-sitemap-item elementor-sitemap-item-post page_item page-item-67137\"><a href=\"https:\/\/icripalimosani.edu.it\/site\/2021\/03\/03\/20210303134319unidos\/\">Formazione docenti nell\u2019ambito del Progetto \u201c FutureLab Marconi\u201d &#8211; Dettaglio corsi<\/a><\/li><li class=\"elementor-sitemap-item elementor-sitemap-item-post page_item page-item-67136\"><a href=\"https:\/\/icripalimosani.edu.it\/site\/2021\/03\/03\/20210303133801unidos\/\">LOCANDINA SPORTELLO ASCOLTO<\/a><\/li><li class=\"elementor-sitemap-item elementor-sitemap-item-post page_item page-item-67135\"><a href=\"https:\/\/icripalimosani.edu.it\/site\/2021\/03\/03\/20210303133202unidos\/\">Calendario degli incontri tra docenti prefissati per il mese di marzo, come dal Piano annuale allegato al Progetto \u201cContinuit\u00e0 e Orientamento\u201d d\u2019Istituto.<\/a><\/li><li class=\"elementor-sitemap-item elementor-sitemap-item-post page_item page-item-67134\"><a href=\"https:\/\/icripalimosani.edu.it\/site\/2021\/03\/03\/20210303121104unidos\/\">Comparto Istruzione e Ricerca \u2013 Sezione Scuola Sciopero generale nazionale per l\u2019intera giornata dell\u20198 marzo 2021 di tutti i settori pubblici, privati e cooperativi. Varie sigle sindacali. Nuovi adempimenti previsti dall\u2019Accordo sulle norme di garanzia dei servizi pubblici essenziali del 2 dicembre 2020 (Gazzetta Ufficiale n. 8 del 12 gennaio 2021) con particolare riferimento agli artt. 3 e 10 (Prot. 0009070 del 01-03-2021).<\/a><\/li><li class=\"elementor-sitemap-item elementor-sitemap-item-post page_item page-item-67133\"><a href=\"https:\/\/icripalimosani.edu.it\/site\/2021\/03\/02\/20210302131657unidos\/\">Sciopero 8 marzo<\/a><\/li><li class=\"elementor-sitemap-item elementor-sitemap-item-post page_item page-item-67131\"><a href=\"https:\/\/icripalimosani.edu.it\/site\/2021\/03\/01\/20210301090609unidos\/\">Comune di Ripalimosani  Trasmissione Ordinanza Sindacale n. 11\/2021.<\/a><\/li><li class=\"elementor-sitemap-item elementor-sitemap-item-post page_item page-item-67130\"><a href=\"https:\/\/icripalimosani.edu.it\/site\/2021\/03\/01\/20210301090443unidos\/\">Comune di Limosano Prot. N.1003 del 28-02-2021 &#8211; Trasmissione ordinanza n. 6-2021<\/a><\/li><li class=\"elementor-sitemap-item elementor-sitemap-item-post page_item page-item-67129\"><a href=\"https:\/\/icripalimosani.edu.it\/site\/2021\/03\/01\/20210301080823unidos\/\">SOSPENSIONE DELLE ATTIVITA&#8217; DIDATTICHE ED EDUCATIVE IN PRESENZA<\/a><\/li><li class=\"elementor-sitemap-item elementor-sitemap-item-post page_item page-item-67128\"><a href=\"https:\/\/icripalimosani.edu.it\/site\/2021\/02\/28\/20210228204032unidos\/\">sospensione delle attivit\u00e0 didattiche ed educative in presenza .Campolieto<\/a><\/li><li class=\"elementor-sitemap-item elementor-sitemap-item-post page_item page-item-67127\"><a href=\"https:\/\/icripalimosani.edu.it\/site\/2021\/02\/28\/20210228193015unidos\/\">Chiusura Plesso di Limosano<\/a><\/li><li class=\"elementor-sitemap-item elementor-sitemap-item-post page_item page-item-67126\"><a href=\"https:\/\/icripalimosani.edu.it\/site\/2021\/02\/28\/20210228084303unidos\/\">sospensione attivit\u00e0 didattiche ed educative .Ripalimosani<\/a><\/li><li class=\"elementor-sitemap-item elementor-sitemap-item-post page_item page-item-67125\"><a href=\"https:\/\/icripalimosani.edu.it\/site\/2021\/02\/28\/20210228084106unidos\/\">Sospensione attivit\u00e0 didattiche in presenza<\/a><\/li><li class=\"elementor-sitemap-item elementor-sitemap-item-post page_item page-item-67123\"><a href=\"https:\/\/icripalimosani.edu.it\/site\/2021\/02\/27\/20210227125835unidos\/\">Rispetto della normativa privacy delle piattaforme per la DAD e DID &#8211; GDPR Compliance<\/a><\/li><li class=\"elementor-sitemap-item elementor-sitemap-item-post page_item page-item-67122\"><a href=\"https:\/\/icripalimosani.edu.it\/site\/2021\/02\/27\/20210227101401unidos\/\">23 maggio 2021 \u2013 XXIX Anniversario delle Stragi di Capaci e Via D\u2019Amelio \u2013 Bando di concorso \u201cCittadini di un\u2019Europa libera dalle mafie\u201d a.s. 2020\/21. Nota Ministero dell\u2019Istruzione m_pi.AOODPPR.R.U.0000090.26-01-2021.<\/a><\/li><li class=\"elementor-sitemap-item elementor-sitemap-item-post page_item page-item-67121\"><a href=\"https:\/\/icripalimosani.edu.it\/site\/2021\/02\/27\/20210227084433unidos\/\">RICORSO LEGALE PER PRECARI COVID<\/a><\/li><li class=\"elementor-sitemap-item elementor-sitemap-item-post page_item page-item-67120\"><a href=\"https:\/\/icripalimosani.edu.it\/site\/2021\/02\/26\/20210226163436unidos\/\">Locandina sportello di ascolto<\/a><\/li><li class=\"elementor-sitemap-item elementor-sitemap-item-post page_item page-item-67119\"><a href=\"https:\/\/icripalimosani.edu.it\/site\/2021\/02\/26\/20210226132201unidos\/\">Attivit\u00e0 didattiche a distanza. Classe quinta Scuola Elementare di Ripalimosani<\/a><\/li><li class=\"elementor-sitemap-item elementor-sitemap-item-post page_item page-item-67117\"><a href=\"https:\/\/icripalimosani.edu.it\/site\/2021\/02\/26\/20210226113733unidos\/\">Proroga attivit\u00e0 educative e didattiche a distanza. Plesso di PETRELLA TIFERNINA<\/a><\/li><li class=\"elementor-sitemap-item elementor-sitemap-item-post page_item page-item-67116\"><a href=\"https:\/\/icripalimosani.edu.it\/site\/2021\/02\/26\/20210226112818unidos\/\">Convocazione del Collegio unitario dei docenti<\/a><\/li><li class=\"elementor-sitemap-item elementor-sitemap-item-post page_item page-item-67115\"><a href=\"https:\/\/icripalimosani.edu.it\/site\/2021\/02\/25\/20210225085405unidos\/\">Comparto Istruzione e Ricerca &#8211; Sezione Scuola Sciopero nazionale Feder. A.T.A. del 3 marzo2021 degli assistenti amministrativi facenti funzioni di DSGA.<\/a><\/li><li class=\"elementor-sitemap-item elementor-sitemap-item-post page_item page-item-67114\"><a href=\"https:\/\/icripalimosani.edu.it\/site\/2021\/02\/24\/20210224133318unidos\/\">Attivit\u00e0 didattiche a distanza. Classe seconda scuola elementare di Ripalimosani<\/a><\/li><li class=\"elementor-sitemap-item elementor-sitemap-item-post page_item page-item-67113\"><a href=\"https:\/\/icripalimosani.edu.it\/site\/2021\/02\/23\/20210223151616unidos\/\">Assemblea sindacale regionale Federazione UIL SCUOLA RUA Molise 25\/02\/2021<\/a><\/li><li class=\"elementor-sitemap-item elementor-sitemap-item-post page_item page-item-67112\"><a href=\"https:\/\/icripalimosani.edu.it\/site\/2021\/02\/23\/20210223144522unidos\/\">SCIOPERO NAZIONALE PER TUTTO IL PERSONALE DOCENTE E DIRIGENTE, DI RUOLO E PRECARIO, IN ITALIA E ALL&#8217;ESTERO, CON TOTALE ESCLUSIONE DEL PERSONALE DI RUOLO E PRECARIO, INDETTO PER L&#8217;INTERA GIORNATA DI LUNEDI 1\u00b0 MARZO 2021 DA SISA- SINDACATO INDIPENDENTE SCUOLA E AMBIENTE<\/a><\/li><li class=\"elementor-sitemap-item elementor-sitemap-item-post page_item page-item-67111\"><a href=\"https:\/\/icripalimosani.edu.it\/site\/2021\/02\/23\/20210223143925unidos\/\">COSTITUZIONE COMMISSIONE ELETTORALE D&#8217;ISTITUTO PER L&#8217;ELEZIONE DEL CONSIGLIO SUPERIORE DELLA PUBBLICA ISTRUZIONE &#8211; O. M. n. 173 DEL 9 dicembre 2020<\/a><\/li><li class=\"elementor-sitemap-item elementor-sitemap-item-post page_item page-item-67110\"><a href=\"https:\/\/icripalimosani.edu.it\/site\/2021\/02\/23\/20210223143419unidos\/\">ORDINANZA MINISTERIALE N. 173 DEL 09\/12\/2021 &#8211; INDIZIONE DELLE ELEZIONI DELLE COMPONENTI ELETTIVE DEL CONSIGLIO SUPERIORE DELLA PUBBLICA ISTRUZIONE. 13 APRILE 2021<\/a><\/li><li class=\"elementor-sitemap-item elementor-sitemap-item-post page_item page-item-67107\"><a href=\"https:\/\/icripalimosani.edu.it\/site\/2021\/02\/23\/open-day-limosano\/\">OPEN DAY LIMOSANO<\/a><\/li><li class=\"elementor-sitemap-item elementor-sitemap-item-post page_item page-item-67105\"><a href=\"https:\/\/icripalimosani.edu.it\/site\/2021\/02\/22\/20210222105422unidos\/\">Ordinanza n.06 del 21.02.2021- Chiusura scuole dal 22.02. al 28.02.2021<\/a><\/li><li class=\"elementor-sitemap-item elementor-sitemap-item-post page_item page-item-67104\"><a href=\"https:\/\/icripalimosani.edu.it\/site\/2021\/02\/22\/20210222085609unidos\/\">COMUNE DI MONTAGANO &#8211; 20\/02\/2021 &#8211; 0001626<\/a><\/li><li class=\"elementor-sitemap-item elementor-sitemap-item-post page_item page-item-67103\"><a href=\"https:\/\/icripalimosani.edu.it\/site\/2021\/02\/22\/20210222085445unidos\/\">Comune di Petrella Tifernina ORDINANZA SINDACALE N. 13 DEL 21\/02\/2021<\/a><\/li><li class=\"elementor-sitemap-item elementor-sitemap-item-post page_item page-item-67102\"><a href=\"https:\/\/icripalimosani.edu.it\/site\/2021\/02\/22\/20210222083558unidos\/\">Prot. N.1003 del 20-02-2021 &#8211; Ordinanza n. 6 di sospensione delle attivit\u00e0 didattiche in presenza scuola primaria del Comune di Matrice dal 22 al 28 febbraio 2021 &#8211; trasmissione provvedimento<\/a><\/li><li class=\"elementor-sitemap-item elementor-sitemap-item-post page_item page-item-67101\"><a href=\"https:\/\/icripalimosani.edu.it\/site\/2021\/02\/22\/20210222082907unidos\/\">Prot. N.1000 del 20-02-2021 &#8211; TRASMISSIONE ORDINANZA N. 10 &#8211; CHIUSURA SCUOLE<\/a><\/li><li class=\"elementor-sitemap-item elementor-sitemap-item-post page_item page-item-67100\"><a href=\"https:\/\/icripalimosani.edu.it\/site\/2021\/02\/21\/20210221120320unidos\/\">Comunicazione sospensione attivit\u00e0 educative e  didattiche in presenza<\/a><\/li><li class=\"elementor-sitemap-item elementor-sitemap-item-post page_item page-item-67096\"><a href=\"https:\/\/icripalimosani.edu.it\/site\/2021\/02\/19\/20210219123626unidos\/\">: Sciopero proclamato dall\u2019Organizzazione sindacale SISA \u201cper il comparto scuola per l\u2019intera giornata di luned\u00ec 1 marzo 2021 per tutto il personale Docente e Dirigente, di ruolo e precario, in Italia e all\u2019estero, con totale esclusione del personale ATA di ruolo e precario\u201d. (Prot. 7089 del 17.02.2021)<\/a><\/li><li class=\"elementor-sitemap-item elementor-sitemap-item-post page_item page-item-67089\"><a href=\"https:\/\/icripalimosani.edu.it\/site\/2021\/02\/19\/20210219101523unidos\/\">Incontro con il prof. Fiorucci 17 febbraio 2021<\/a><\/li><li class=\"elementor-sitemap-item elementor-sitemap-item-post page_item page-item-67088\"><a href=\"https:\/\/icripalimosani.edu.it\/site\/2021\/02\/19\/20210219101437unidos\/\">INCONTRI DI FORMAZIONE SU AUTONOMIA SCOLASTICA E NUOVA PEDAGOGIA<\/a><\/li><li class=\"elementor-sitemap-item elementor-sitemap-item-post page_item page-item-67025\"><a href=\"https:\/\/icripalimosani.edu.it\/site\/2021\/02\/18\/20210218075423unidos\/\">Assemblea Sindacale  Regionale in orario di servizio in videoconferenza  25\/02\/2021<\/a><\/li><li class=\"elementor-sitemap-item elementor-sitemap-item-post page_item page-item-67024\"><a href=\"https:\/\/icripalimosani.edu.it\/site\/2021\/02\/17\/20210217112247unidos\/\">ORDINANZA SINDACALE N. 12 DEL 16\/02\/2021<\/a><\/li><li class=\"elementor-sitemap-item elementor-sitemap-item-post page_item page-item-67018\"><a href=\"https:\/\/icripalimosani.edu.it\/site\/2021\/02\/16\/20210216091914unidos\/\">Seminario di formazione sull&#8217;Educazione civica.3 marzo 2021 ore 15,30-17,30<\/a><\/li><li class=\"elementor-sitemap-item elementor-sitemap-item-post page_item page-item-67014\"><a href=\"https:\/\/icripalimosani.edu.it\/site\/2021\/02\/15\/20210215101859unidos\/\">Comunicazione chiusura scuola per condizioni metereologiche avverse<\/a><\/li><li class=\"elementor-sitemap-item elementor-sitemap-item-post page_item page-item-67009\"><a href=\"https:\/\/icripalimosani.edu.it\/site\/2021\/02\/13\/20210213085558unidos\/\">POSTA CERTIFICATA: comunicazion<\/a><\/li><li class=\"elementor-sitemap-item elementor-sitemap-item-post page_item page-item-67008\"><a href=\"https:\/\/icripalimosani.edu.it\/site\/2021\/02\/12\/20210212090812unidos\/\">Divieto manifestazioni in occasione del Carnevale.<\/a><\/li><li class=\"elementor-sitemap-item elementor-sitemap-item-post page_item page-item-67007\"><a href=\"https:\/\/icripalimosani.edu.it\/site\/2021\/02\/11\/20210211132626unidos\/\">Indicazioni ricambio aria nelle aule<\/a><\/li><li class=\"elementor-sitemap-item elementor-sitemap-item-post page_item page-item-67006\"><a href=\"https:\/\/icripalimosani.edu.it\/site\/2021\/02\/11\/20210211120611unidos\/\">Oggetto Avviso di Selezione Progetto PON FSE dal titolo Tutti insieme, nessuno escluso CIP 10.2.2A-FSEPON-MO-2020-37. CUP: I26J20000970006 Bando di selezione allievi per l\u2019ammissione al contributo sotto forma di supporti didattici (kit libri scolastici o comunque legati alla didattica, vocabolari manuali, prontuari, sia in forma cartacea che in forma digitale, da concedere in comodato d\u2019uso per l\u2019anno scolastico 2020\/2021.<\/a><\/li><li class=\"elementor-sitemap-item elementor-sitemap-item-post page_item page-item-67004\"><a href=\"https:\/\/icripalimosani.edu.it\/site\/2021\/02\/11\/20210211092228unidos\/\">CORSO FORMAZIONE<\/a><\/li><li class=\"elementor-sitemap-item elementor-sitemap-item-post page_item page-item-67003\"><a href=\"https:\/\/icripalimosani.edu.it\/site\/2021\/02\/06\/20210206101437unidos\/\">comunicazione ripresa attivit\u00e0 educative in presenza<\/a><\/li><li class=\"elementor-sitemap-item elementor-sitemap-item-post page_item page-item-67002\"><a href=\"https:\/\/icripalimosani.edu.it\/site\/2021\/02\/06\/20210206085302unidos\/\">REGOLAMENTO SCIOPERO I.C. ALIGHIERI<\/a><\/li><li class=\"elementor-sitemap-item elementor-sitemap-item-post page_item page-item-67001\"><a href=\"https:\/\/icripalimosani.edu.it\/site\/2021\/02\/05\/20210205081606unidos\/\">Trasmissione copia Ordinanza Sindacale n.07\/2021<\/a><\/li><li class=\"elementor-sitemap-item elementor-sitemap-item-post page_item page-item-67000\"><a href=\"https:\/\/icripalimosani.edu.it\/site\/2021\/02\/04\/20210204185945unidos\/\">Comunicazione Plesso di Ripalimosani<\/a><\/li><li class=\"elementor-sitemap-item elementor-sitemap-item-post page_item page-item-66999\"><a href=\"https:\/\/icripalimosani.edu.it\/site\/2021\/02\/03\/20210203084018unidos\/\">Formazione Docenti Neoassunti 2020\/21 dell\u2019Ambito del Molise 01 &#8211; Calendario Laboratori formativi a distanza<\/a><\/li><li class=\"elementor-sitemap-item elementor-sitemap-item-post page_item page-item-66998\"><a href=\"https:\/\/icripalimosani.edu.it\/site\/2021\/02\/03\/20210203082907unidos\/\">Prot. N.632 del 02-02-2021 &#8211; TRASMSIONE ORIDNANZA N. 7 DEL 02-02-2021 CHIUSURA SCUOLE<\/a><\/li><li class=\"elementor-sitemap-item elementor-sitemap-item-post page_item page-item-66997\"><a href=\"https:\/\/icripalimosani.edu.it\/site\/2021\/02\/02\/20210202120624unidos\/\">Colloqui Genitori-Docenti<\/a><\/li><li class=\"elementor-sitemap-item elementor-sitemap-item-post page_item page-item-66996\"><a href=\"https:\/\/icripalimosani.edu.it\/site\/2021\/02\/02\/20210202115956unidos\/\">Prove comuni per classi parallele a. s. 2020\/2021.<\/a><\/li><li class=\"elementor-sitemap-item elementor-sitemap-item-post page_item page-item-66995\"><a href=\"https:\/\/icripalimosani.edu.it\/site\/2021\/02\/02\/20210202115147unidos\/\">RIUNIONE DIPARTIMENTI<\/a><\/li><li class=\"elementor-sitemap-item elementor-sitemap-item-post page_item page-item-66994\"><a href=\"https:\/\/icripalimosani.edu.it\/site\/2021\/02\/01\/20210201124741unidos\/\">Comunicazione sospensione attivit\u00e0 didattiche in presenza.<\/a><\/li><li class=\"elementor-sitemap-item elementor-sitemap-item-post page_item page-item-66993\"><a href=\"https:\/\/icripalimosani.edu.it\/site\/2021\/02\/01\/20210201081615unidos\/\">Comunicazione sospensione attivit\u00e0 educative in presenza scuola Infanzia Petrella Tifernina<\/a><\/li><li class=\"elementor-sitemap-item elementor-sitemap-item-post page_item page-item-66991\"><a href=\"https:\/\/icripalimosani.edu.it\/site\/2021\/01\/30\/20210130103914unidos\/\">Prot. N.367 del 30-01-2021 &#8211; ORDINANZA SINDACALE N. 6 DEL 30 GENNAIO 2021<\/a><\/li><li class=\"elementor-sitemap-item elementor-sitemap-item-post page_item page-item-66990\"><a href=\"https:\/\/icripalimosani.edu.it\/site\/2021\/01\/30\/20210130090529unidos\/\">Proroga chiusura scuola secondaria di primo grado<\/a><\/li><li class=\"elementor-sitemap-item elementor-sitemap-item-post page_item page-item-66989\"><a href=\"https:\/\/icripalimosani.edu.it\/site\/2021\/01\/30\/20210130081609unidos\/\">Prot. N.366 del 29-01-2021 &#8211; ORDINANZA SINDACALE N. 5 DEL 29 GENNAIO 2021<\/a><\/li><li class=\"elementor-sitemap-item elementor-sitemap-item-post page_item page-item-66988\"><a href=\"https:\/\/icripalimosani.edu.it\/site\/2021\/01\/29\/20210129105308unidos\/\">Ripresa attivit\u00e0 in presenza . Scuola Secondaria di I Grado di Petrella Tifernina.<\/a><\/li><li class=\"elementor-sitemap-item elementor-sitemap-item-post page_item page-item-66987\"><a href=\"https:\/\/icripalimosani.edu.it\/site\/2021\/01\/29\/20210129103053unidos\/\">TRASMISSIONE ORDINANZA SINDACALE N 4 DEL 27\/01\/2021 &#8211; SANIFICAZIONE SCUOLA COMUNICAZIONE<\/a><\/li><li class=\"elementor-sitemap-item elementor-sitemap-item-post page_item page-item-66986\"><a href=\"https:\/\/icripalimosani.edu.it\/site\/2021\/01\/28\/20210128130516unidos\/\">Locandina sportello d&#8217;ascolto<\/a><\/li><li class=\"elementor-sitemap-item elementor-sitemap-item-post page_item page-item-66985\"><a href=\"https:\/\/icripalimosani.edu.it\/site\/2021\/01\/28\/20210128085602unidos\/\">comunicazione sospensione attivit\u00e0 didattiche in presenza scuola Primaria e Secondaria di primo grado di Petrella Tifernina<\/a><\/li><li class=\"elementor-sitemap-item elementor-sitemap-item-post page_item page-item-66982\"><a href=\"https:\/\/icripalimosani.edu.it\/site\/2021\/01\/27\/20210127083016unidos\/\">Trasmissione Ordinanza Sindacale n. 5\/2021<\/a><\/li><li class=\"elementor-sitemap-item elementor-sitemap-item-post page_item page-item-66981\"><a href=\"https:\/\/icripalimosani.edu.it\/site\/2021\/01\/27\/20210127082731unidos\/\">Prot. N.371 del 26-01-2021 &#8211; Trasmissione ordinanza n. 3 del 26-01-2021<\/a><\/li><li class=\"elementor-sitemap-item elementor-sitemap-item-post page_item page-item-66980\"><a href=\"https:\/\/icripalimosani.edu.it\/site\/2021\/01\/27\/20210127081142unidos\/\">Convocazione Consigli di Classe e Consigli d\u2019Intersezione. Scrutini primo Quadrimestre A.S. 2020\/2021<\/a><\/li><li class=\"elementor-sitemap-item elementor-sitemap-item-post page_item page-item-66979\"><a href=\"https:\/\/icripalimosani.edu.it\/site\/2021\/01\/26\/20210126133639unidos\/\">Prot. N.511 del 26-01-2021 &#8211; ORDINANZA N. 4 Chiusura anticipata della scuola primaria e della scuola dell&#8217;infanzia di Campolieto per il giorno 26.01.2021<\/a><\/li><li class=\"elementor-sitemap-item elementor-sitemap-item-post page_item page-item-66978\"><a href=\"https:\/\/icripalimosani.edu.it\/site\/2021\/01\/25\/20210125081246unidos\/\">Comunicazione chiusura Plesso di Limosano.<\/a><\/li><li class=\"elementor-sitemap-item elementor-sitemap-item-post page_item page-item-66976\"><a href=\"https:\/\/icripalimosani.edu.it\/site\/2021\/01\/22\/20210122121549unidos\/\">Buono d ordine acquisto Sussidi didattici l\u2019Avviso Pubblico 1914 6 del06\/07\/2020 FSE Supporto per libri di testo e kit scolastici per secondarie di I e II grado . Progetto PON FSE dal titolo Tutti insieme, nessuno escluso codice 10.2.2A FSEPON MO 2020 37 Codice CUP: I26J20000970006 CIG ZE3304D92F<\/a><\/li><li class=\"elementor-sitemap-item elementor-sitemap-item-post page_item page-item-66975\"><a href=\"https:\/\/icripalimosani.edu.it\/site\/2021\/01\/22\/20210122121017unidos\/\">Determina a contrarre acquisto n. 427 libri di narrativa. Progetto PON FSE dal titolo Tutti insieme, nessuno escluso \u2013 codice 10.2.2A-FSEPON-MO-2020-37 Codice CUP: I26J20000970006 CIG ZE3304D92Fn<\/a><\/li><li class=\"elementor-sitemap-item elementor-sitemap-item-post page_item page-item-66973\"><a href=\"https:\/\/icripalimosani.edu.it\/site\/2021\/01\/22\/20210122095226unidos\/\">AZIONE DI SCIOPERO _ SETTORE SCUOLA _ 29 gennaio 2021<\/a><\/li><li class=\"elementor-sitemap-item elementor-sitemap-item-post page_item page-item-66968\"><a href=\"https:\/\/icripalimosani.edu.it\/site\/2021\/01\/21\/scuola-dellinfanzia-di-matricesez-a-progetto-agenzia-spaziale-avventura-alla-scoperta-delluniverso\/\">SCUOLA DELL&#8217;INFANZIA DI MATRICE SEZ. A &#8211; PROGETTO  AGENZIA SPAZIALE &#8211; &#8220;AVVENTURA ALLA SCOPERTA DELL&#8217;UNIVERSO&#8221;<\/a><\/li><li class=\"elementor-sitemap-item elementor-sitemap-item-post page_item page-item-66965\"><a href=\"https:\/\/icripalimosani.edu.it\/site\/2021\/01\/21\/open-day-scuola-dellinfanzia-petrella-tifernina\/\">OPEN DAY SCUOLA DELL&#8217;INFANZIA PETRELLA TIFERNINA<\/a><\/li><li class=\"elementor-sitemap-item elementor-sitemap-item-post page_item page-item-66962\"><a href=\"https:\/\/icripalimosani.edu.it\/site\/2021\/01\/21\/openday-scuola-primaria-di-petrella-tifernina\/\">OPENDAY SCUOLA PRIMARIA DI PETRELLA TIFERNINA<\/a><\/li><li class=\"elementor-sitemap-item elementor-sitemap-item-post page_item page-item-66960\"><a href=\"https:\/\/icripalimosani.edu.it\/site\/2021\/01\/21\/20210121131155unidos\/\">Istituzione &#8220;Giorno della Memoria&#8221; &#8211; 27 gennaio 2021<\/a><\/li><li class=\"elementor-sitemap-item elementor-sitemap-item-post page_item page-item-66959\"><a href=\"https:\/\/icripalimosani.edu.it\/site\/2021\/01\/21\/20210121105924unidos\/\">Contenimento e gestione dell&#8217;emergenza epidemiologica da COVID-19 &#8211; Decreto Legge 14 gennaio 2021 n. 2 &#8211; Decreto del Presidente del Consiglio dei Ministri 14 gennaio 2021 &#8211; Circolare<\/a><\/li><li class=\"elementor-sitemap-item elementor-sitemap-item-post page_item page-item-66958\"><a href=\"https:\/\/icripalimosani.edu.it\/site\/2021\/01\/20\/20210120132411unidos\/\">Comparto Istruzione e Ricerca \u201cSezione Scuola\u201d Sciopero generale del 29 Gennaio 2021<\/a><\/li><li class=\"elementor-sitemap-item elementor-sitemap-item-post page_item page-item-66957\"><a href=\"https:\/\/icripalimosani.edu.it\/site\/2021\/01\/20\/20210120125443unidos\/\">Assemblea sindacale fuori dall&#8217;orario di lavoro<\/a><\/li><li class=\"elementor-sitemap-item elementor-sitemap-item-post page_item page-item-66956\"><a href=\"https:\/\/icripalimosani.edu.it\/site\/2021\/01\/20\/20210120124759unidos\/\">Sospensione attivit\u00e0 educative e didattiche in presenza Plesso Ripalimosani<\/a><\/li><li class=\"elementor-sitemap-item elementor-sitemap-item-post page_item page-item-66955\"><a href=\"https:\/\/icripalimosani.edu.it\/site\/2021\/01\/20\/20210120123205unidos\/\">Comunicazione alle famiglie sulla nuova modalit\u00e0 di valutazione nella Scuola Primaria<\/a><\/li><li class=\"elementor-sitemap-item elementor-sitemap-item-post page_item page-item-66953\"><a href=\"https:\/\/icripalimosani.edu.it\/site\/2021\/01\/18\/20210118084039unidos\/\">UIL SCUOLA RUA MOLISE &#8211; AI DOCENTI DI RELIGIONE CATTOLICA &#8211; ALL&#8217;ALBO SINDACALE<\/a><\/li><li class=\"elementor-sitemap-item elementor-sitemap-item-post page_item page-item-66952\"><a href=\"https:\/\/icripalimosani.edu.it\/site\/2021\/01\/18\/20210118082732unidos\/\">ASSEMBLEA IRC<\/a><\/li><li class=\"elementor-sitemap-item elementor-sitemap-item-post page_item page-item-66951\"><a href=\"https:\/\/icripalimosani.edu.it\/site\/2021\/01\/18\/20210118080446unidos\/\">CHIUSURA PLESSO DI CAMPOLIETO<\/a><\/li><li class=\"elementor-sitemap-item elementor-sitemap-item-post page_item page-item-66950\"><a href=\"https:\/\/icripalimosani.edu.it\/site\/2021\/01\/17\/20210117155059unidos\/\">Ripresa attivit\u00e0 didattiche ed educative in presenza.<\/a><\/li><li class=\"elementor-sitemap-item elementor-sitemap-item-post page_item page-item-66947\"><a href=\"https:\/\/icripalimosani.edu.it\/site\/2021\/01\/17\/open-day-2020-scuola-dellinfanzia-matrice-montagano\/\">OPEN DAY 2020 SCUOLA DELL&#8217;INFANZIA MATRICE\/MONTAGANO<\/a><\/li><li class=\"elementor-sitemap-item elementor-sitemap-item-post page_item page-item-66946\"><a href=\"https:\/\/icripalimosani.edu.it\/site\/2021\/01\/16\/20210116111429unidos\/\">COLLEGIO DEI DOCENTI &#8211; GENNAIO<\/a><\/li><li class=\"elementor-sitemap-item elementor-sitemap-item-post page_item page-item-66944\"><a href=\"https:\/\/icripalimosani.edu.it\/site\/2021\/01\/16\/20210116083011unidos\/\">Ordinanza riapertura turno pomeridiano<\/a><\/li><li class=\"elementor-sitemap-item elementor-sitemap-item-post page_item page-item-66943\"><a href=\"https:\/\/icripalimosani.edu.it\/site\/2021\/01\/16\/20210116082112unidos\/\">ASSEMBLEA INSEGNANTI RELIGIONE CATTOLICA<\/a><\/li><li class=\"elementor-sitemap-item elementor-sitemap-item-post page_item page-item-66942\"><a href=\"https:\/\/icripalimosani.edu.it\/site\/2021\/01\/16\/20210116081726unidos\/\">Incontro formativo &#8220;Nuova valutazione per la scuola Primaria&#8221;<\/a><\/li><li class=\"elementor-sitemap-item elementor-sitemap-item-post page_item page-item-66941\"><a href=\"https:\/\/icripalimosani.edu.it\/site\/2021\/01\/15\/20210115105632unidos\/\">Modalita&#8217; per l&#8217;  assegnazione delle misure di sostegno e nuovo modello di PEI<\/a><\/li><li class=\"elementor-sitemap-item elementor-sitemap-item-post page_item page-item-66930\"><a href=\"https:\/\/icripalimosani.edu.it\/site\/2021\/01\/14\/noi-siamo-scuola-etwinning\/\">Noi siamo SCUOLA ETWINNING<\/a><\/li><li class=\"elementor-sitemap-item elementor-sitemap-item-post page_item page-item-66925\"><a href=\"https:\/\/icripalimosani.edu.it\/site\/2021\/01\/13\/open-day-scuola-dellinfanzia-di-ripalimosani\/\">OPEN DAY &#8211; SCUOLA DELL&#8217;INFANZIA DI RIPALIMOSANI<\/a><\/li><li class=\"elementor-sitemap-item elementor-sitemap-item-post page_item page-item-66922\"><a href=\"https:\/\/icripalimosani.edu.it\/site\/2021\/01\/13\/progetto-continuita-infanzia-primaria\/\">PROGETTO CONTINUITA&#8217; INFANZIA-PRIMARIA<\/a><\/li><li class=\"elementor-sitemap-item elementor-sitemap-item-post page_item page-item-66919\"><a href=\"https:\/\/icripalimosani.edu.it\/site\/2021\/01\/13\/modulo-iscrizione-scuola-dellinfanzia\/\">MODULO ISCRIZIONE SCUOLA DELL&#8217;INFANZIA<\/a><\/li><li class=\"elementor-sitemap-item elementor-sitemap-item-post page_item page-item-66917\"><a href=\"https:\/\/icripalimosani.edu.it\/site\/2021\/01\/13\/20210113132236unidos\/\">Consigli di classe, di interclasse e di intersezione in modalit\u00e0 a distanza<\/a><\/li><li class=\"elementor-sitemap-item elementor-sitemap-item-post page_item page-item-66916\"><a href=\"https:\/\/icripalimosani.edu.it\/site\/2021\/01\/13\/20210113083127unidos\/\">Trasmissione copia Ordinanza Sindacale n.02\/2021<\/a><\/li><li class=\"elementor-sitemap-item elementor-sitemap-item-post page_item page-item-66915\"><a href=\"https:\/\/icripalimosani.edu.it\/site\/2021\/01\/12\/20210112211450unidos\/\">Comunicazione sospensione attivit\u00e0 educative e didattiche in presenza<\/a><\/li><li class=\"elementor-sitemap-item elementor-sitemap-item-post page_item page-item-66914\"><a href=\"https:\/\/icripalimosani.edu.it\/site\/2021\/01\/12\/20210112112726unidos\/\">Convocazione soci IRASE.<\/a><\/li><li class=\"elementor-sitemap-item elementor-sitemap-item-post page_item page-item-66913\"><a href=\"https:\/\/icripalimosani.edu.it\/site\/2021\/01\/12\/20210112081641unidos\/\">LINK OPEN DAY VIRTUALI PREFISSATI PER IL 13 E IL 18 GENNAIO<\/a><\/li><li class=\"elementor-sitemap-item elementor-sitemap-item-post page_item page-item-66912\"><a href=\"https:\/\/icripalimosani.edu.it\/site\/2021\/01\/11\/20210111100244unidos\/\">Comune di Campolieto Ordinanza sindacale n. 2 del 10-01-2021<\/a><\/li><li class=\"elementor-sitemap-item elementor-sitemap-item-post page_item page-item-66908\"><a href=\"https:\/\/icripalimosani.edu.it\/site\/2021\/01\/10\/concorso-super-b-salva-il-natale\/\">CONCORSO &#8220;SUPER B SALVA IL NATALE&#8221;<\/a><\/li><li class=\"elementor-sitemap-item elementor-sitemap-item-post page_item page-item-66905\"><a href=\"https:\/\/icripalimosani.edu.it\/site\/2021\/01\/10\/brochure-infanzia-ripalimosani\/\">BROCHURE INFANZIA RIPALIMOSANI<\/a><\/li><li class=\"elementor-sitemap-item elementor-sitemap-item-post page_item page-item-66902\"><a href=\"https:\/\/icripalimosani.edu.it\/site\/2021\/01\/10\/brochure-primaria-ripalimosani\/\">BROCHURE PRIMARIA RIPALIMOSANI<\/a><\/li><li class=\"elementor-sitemap-item elementor-sitemap-item-post page_item page-item-66882\"><a href=\"https:\/\/icripalimosani.edu.it\/site\/2021\/01\/08\/mini-ptof\/\">MINI PTOF: Vi presentiamo la  nostra scuola.<\/a><\/li><li class=\"elementor-sitemap-item elementor-sitemap-item-post page_item page-item-66879\"><a href=\"https:\/\/icripalimosani.edu.it\/site\/2021\/01\/08\/recita-natalizia-scuola-infanzia-e-primaria-lucito\/\">Recita natalizia scuola infanzia e primaria Lucito<\/a><\/li><li class=\"elementor-sitemap-item elementor-sitemap-item-post page_item page-item-66878\"><a href=\"https:\/\/icripalimosani.edu.it\/site\/2021\/01\/07\/20210107153235unidos\/\">INVALSI Bando per l\u2019individuazione degli osservatori esterni nelle classi campione della rilevazione nazionale degli apprendimenti a. s. 2020\/202<\/a><\/li><li class=\"elementor-sitemap-item elementor-sitemap-item-post page_item page-item-66877\"><a href=\"https:\/\/icripalimosani.edu.it\/site\/2021\/01\/07\/20210107152930unidos\/\">INVALSI  Individuazione della scuola polo regionale e degli osservatori esterni. Rilevazione degli apprendimenti  nell\u2019anno scolastico 2020-2021<\/a><\/li><li class=\"elementor-sitemap-item elementor-sitemap-item-post page_item page-item-66876\"><a href=\"https:\/\/icripalimosani.edu.it\/site\/2021\/01\/07\/20210107140444unidos\/\">ISCRIZIONI PER L\u2019ANNO SCOLASTICO 2021\/2022<\/a><\/li><li class=\"elementor-sitemap-item elementor-sitemap-item-post page_item page-item-66875\"><a href=\"https:\/\/icripalimosani.edu.it\/site\/2021\/01\/07\/20210107133913unidos\/\">Convocazione Coordinatori dipartimenti disciplinari (Scuola Primaria) e Consigli di interclasse.<\/a><\/li><li class=\"elementor-sitemap-item elementor-sitemap-item-post page_item page-item-66874\"><a href=\"https:\/\/icripalimosani.edu.it\/site\/2021\/01\/06\/20210106154957unidos\/\">Comunicazione didattica digitale integrata.<\/a><\/li><li class=\"elementor-sitemap-item elementor-sitemap-item-post page_item page-item-66873\"><a href=\"https:\/\/icripalimosani.edu.it\/site\/2021\/01\/06\/20210106154638unidos\/\">COMUNE DI RIPALIMOSANI Ordinanza N. 01\/2021  EMERGENZA COVID 19. DEROGA ALLE MISURE DI CONTENIMENTO DI CUI ALL\u2019ART. 1, COMMA 1, DELL\u2019ORDINANZA DEL PRESIDENTE DELLA GIUNTA REGIONALE N. 51 DEL 07\/12\/2020 ASSUNTE NELL\u2019AMBITO DELL\u2019ATTIVITA\u2019 DI ISTRUZIONE CONFERMATE CON ORDINANZA DEL PRESIDENTE DELLA GIUNTA REGIONALE N. 2 DEL 05\/01\/2021.<\/a><\/li><li class=\"elementor-sitemap-item elementor-sitemap-item-post page_item page-item-66869\"><a href=\"https:\/\/icripalimosani.edu.it\/site\/2021\/01\/05\/nuovo-dl-le-misure-restrittive-dal-7-al-15-gennaio\/\">NUOVO DL &#8211; &#8220;Le misure restrittive dal 7 al 15 gennaio&#8221;<\/a><\/li><li class=\"elementor-sitemap-item elementor-sitemap-item-post page_item page-item-66849\"><a href=\"https:\/\/icripalimosani.edu.it\/site\/2021\/01\/04\/recita-natalizia-scuola-dellinfanzia-matrice-montagano\/\">RECITA NATALIZIA SCUOLA DELL&#8217;INFANZIA MATRICE-MONTAGANO<\/a><\/li><li class=\"elementor-sitemap-item elementor-sitemap-item-post page_item page-item-66845\"><a href=\"https:\/\/icripalimosani.edu.it\/site\/2021\/01\/04\/auguri-di-natale-scuola-dellinfanzia-petrella-tifernina\/\">AUGURI DI NATALE SCUOLA DELL&#8217;INFANZIA PETRELLA TIFERNINA<\/a><\/li><li class=\"elementor-sitemap-item elementor-sitemap-item-post page_item page-item-66836\"><a href=\"https:\/\/icripalimosani.edu.it\/site\/2020\/12\/30\/auguri-di-natale-scuola-secondaria-di-petrella-tifernina\/\">AUGURI DI NATALE &#8211; SCUOLA SECONDARIA DI PETRELLA TIFERNINA<\/a><\/li><li class=\"elementor-sitemap-item elementor-sitemap-item-post page_item page-item-66827\"><a href=\"https:\/\/icripalimosani.edu.it\/site\/2020\/12\/29\/natale-2020-sezione-b-infanzia-ripalimosani\/\">NATALE 2020 &#8220;SEZIONE B&#8221; INFANZIA RIPALIMOSANI<\/a><\/li><li class=\"elementor-sitemap-item elementor-sitemap-item-post page_item page-item-66825\"><a href=\"https:\/\/icripalimosani.edu.it\/site\/2020\/12\/29\/rappresentazione-natalizia-sezione-a-infanzia-ripalimosani\/\">RAPPRESENTAZIONE NATALIZIA &#8220;SEZIONE A&#8221; INFANZIA RIPALIMOSANI<\/a><\/li><li class=\"elementor-sitemap-item elementor-sitemap-item-post page_item page-item-66816\"><a href=\"https:\/\/icripalimosani.edu.it\/site\/2020\/12\/25\/auguri-di-natale-scuola-primaria-petrella-tifernina\/\">AUGURI DI NATALE &#8211; SCUOLA PRIMARIA PETRELLA TIFERNINA<\/a><\/li><li class=\"elementor-sitemap-item elementor-sitemap-item-post page_item page-item-66810\"><a href=\"https:\/\/icripalimosani.edu.it\/site\/2020\/12\/22\/20201222131959unidos\/\">Regolamento pagina \u201cFacebook\u201d dell&#8217;Istituto Comprensivo \u201cDante Alighieri\u201d di Ripalimosani -n LIBERATORIA PER UTILIZZO DELLE IMMAGINI, FOTOGRAFIE E RIPRESE VIDEO<\/a><\/li><li class=\"elementor-sitemap-item elementor-sitemap-item-post page_item page-item-66808\"><a href=\"https:\/\/icripalimosani.edu.it\/site\/2020\/12\/22\/20201222122358unidos\/\">calendario incontri continuit\u00e0 di gennaio.<\/a><\/li><li class=\"elementor-sitemap-item elementor-sitemap-item-post page_item page-item-66807\"><a href=\"https:\/\/icripalimosani.edu.it\/site\/2020\/12\/22\/20201222121359unidos\/\">Open Day e Open Lab<\/a><\/li><li class=\"elementor-sitemap-item elementor-sitemap-item-post page_item page-item-66806\"><a href=\"https:\/\/icripalimosani.edu.it\/site\/2020\/12\/21\/20201221093635unidos\/\">CORSO FORMAZIONE IRC<\/a><\/li><li class=\"elementor-sitemap-item elementor-sitemap-item-post page_item page-item-66804\"><a href=\"https:\/\/icripalimosani.edu.it\/site\/2020\/12\/16\/20201216174443unidos\/\">Premio Nazionale eTwwinning<\/a><\/li><li class=\"elementor-sitemap-item elementor-sitemap-item-post page_item page-item-66803\"><a href=\"https:\/\/icripalimosani.edu.it\/site\/2020\/12\/16\/20201216110125unidos\/\">DICHIARAZIONE DI CHIUSURA PROGETTO 10.8.1.A6-FSC- MO-2019-3. Fondi Strutturali Europei CUP I22G18000400001<\/a><\/li><li class=\"elementor-sitemap-item elementor-sitemap-item-post page_item page-item-66792\"><a href=\"https:\/\/icripalimosani.edu.it\/site\/2020\/12\/15\/plesso-di-campolieto-festa-dellalbero-e-giornata-sui-diritti-dellinfanzia\/\">PLESSO DI CAMPOLIETO &#8211; FESTA DELL&#8217;ALBERO E GIORNATA SUI DIRITTI DELL&#8217;INFANZIA<\/a><\/li><li class=\"elementor-sitemap-item elementor-sitemap-item-post page_item page-item-66791\"><a href=\"https:\/\/icripalimosani.edu.it\/site\/2020\/12\/12\/20201212114318unidos\/\">LIQUIDAZIONE FATTURE PER PICCOLI LAVORI DI ADATTAMENTO EDILIZIO \u2013 FORNITURE E LIQUIDAZIONE COLLAUDATORE E PROGETTISTA C.I.P. 10.8.1.A6-FSC- MO-2019-3 CUP: I22G18000400001<\/a><\/li><li class=\"elementor-sitemap-item elementor-sitemap-item-post page_item page-item-66790\"><a href=\"https:\/\/icripalimosani.edu.it\/site\/2020\/12\/12\/20201212114140unidos\/\">ANTICIPO DI CASSA LIQUIDAZIONE FATTURE PER PICCOLI LAVORI DI ADATTAMENTO EDILIZIO E LIQUIDAZIONE COLLAUDATORE E PROGETTISTA C.I.P. 10.8.1.A6-FSC- MO-2019-3<\/a><\/li><li class=\"elementor-sitemap-item elementor-sitemap-item-post page_item page-item-66789\"><a href=\"https:\/\/icripalimosani.edu.it\/site\/2020\/12\/12\/20201212114119unidos\/\">Lavoro agile del personale amministrativo, tecnico, ausiliario e dsga<\/a><\/li><li class=\"elementor-sitemap-item elementor-sitemap-item-post page_item page-item-66786\"><a href=\"https:\/\/icripalimosani.edu.it\/site\/2020\/12\/12\/20201212083448unidos\/\">CORSO FORMAZIONE<\/a><\/li><li class=\"elementor-sitemap-item elementor-sitemap-item-post page_item page-item-66785\"><a href=\"https:\/\/icripalimosani.edu.it\/site\/2020\/12\/12\/20201212083044unidos\/\">CORSO FORMAZIONE<\/a><\/li><li class=\"elementor-sitemap-item elementor-sitemap-item-post page_item page-item-66769\"><a href=\"https:\/\/icripalimosani.edu.it\/site\/2020\/12\/11\/progetto-libriamoci-classi-prima-seconda-terza-quarta-plesso-di-matrice\/\">PROGETTO LIBRIAMOCI CLASSI PRIMA-SECONDA-TERZA-QUARTA PLESSO DI MATRICE<\/a><\/li><li class=\"elementor-sitemap-item elementor-sitemap-item-post page_item page-item-66765\"><a href=\"https:\/\/icripalimosani.edu.it\/site\/2020\/12\/11\/20201211122903unidos\/\">Consigli delle classi terze della scuola secondaria di primo grado.<\/a><\/li><li class=\"elementor-sitemap-item elementor-sitemap-item-post page_item page-item-66763\"><a href=\"https:\/\/icripalimosani.edu.it\/site\/2020\/12\/11\/20201211112942unidos\/\">Termini richiesta colloqui genitori\/docenti<\/a><\/li><li class=\"elementor-sitemap-item elementor-sitemap-item-post page_item page-item-66762\"><a href=\"https:\/\/icripalimosani.edu.it\/site\/2020\/12\/10\/20201210190346unidos\/\">ORDINANZA SINDACALE N. 21 DEL 10.11.2020 &#8211; RIPRESA DELL&#8217;ATTIVITA&#8217; DIDATTICA IN PRESENZA DELLA SCUOLA DELL&#8217;INFANZIA DI ORATINO. PROVVEDIMENTI.<\/a><\/li><li class=\"elementor-sitemap-item elementor-sitemap-item-post page_item page-item-66761\"><a href=\"https:\/\/icripalimosani.edu.it\/site\/2020\/12\/10\/20201210154021unidos\/\">Prot. N.6045 del 06-12-2020 &#8211; Comunicazione<\/a><\/li><li class=\"elementor-sitemap-item elementor-sitemap-item-post page_item page-item-66760\"><a href=\"https:\/\/icripalimosani.edu.it\/site\/2020\/12\/10\/20201210135226unidos\/\">Emergenza COVID19. Ordinanza del Presidente della Regione Molise n. 51 del 07\/12\/2020. Comunicazione<\/a><\/li><li class=\"elementor-sitemap-item elementor-sitemap-item-post page_item page-item-66758\"><a href=\"https:\/\/icripalimosani.edu.it\/site\/2020\/12\/09\/20201209131944unidos\/\">GIOCHI MATEMATICI DEL MEDITERRANEO 2020<\/a><\/li><li class=\"elementor-sitemap-item elementor-sitemap-item-post page_item page-item-66757\"><a href=\"https:\/\/icripalimosani.edu.it\/site\/2020\/12\/09\/20201209113309unidos\/\">Collegio_n._5_del_17_dicembre_2020<\/a><\/li><li class=\"elementor-sitemap-item elementor-sitemap-item-post page_item page-item-66756\"><a href=\"https:\/\/icripalimosani.edu.it\/site\/2020\/12\/09\/20201209095334unidos\/\">POSTA CERTIFICATA: Prot. N.5394 del 07-12-2020 &#8211; parziale interruzione del servizio scuolabus per il giorno 9.12.2020<\/a><\/li><li class=\"elementor-sitemap-item elementor-sitemap-item-post page_item page-item-66755\"><a href=\"https:\/\/icripalimosani.edu.it\/site\/2020\/12\/09\/20201209092254unidos\/\">POSTA CERTIFICATA: Prot. N.5396 del 07-12-2020 &#8211; ORDINANZA N.28 DEL 7.12.2020 &#8211; FUNZIONAMENTO SCUOLA<\/a><\/li><li class=\"elementor-sitemap-item elementor-sitemap-item-post page_item page-item-66754\"><a href=\"https:\/\/icripalimosani.edu.it\/site\/2020\/12\/09\/20201209091343unidos\/\">Prot. N.6299 del 08-12-2020 &#8211;  Ordinanza n. 25  Deroga alle disposizioni di cui all&#8217;ordinanza del Presidente della Giunta regionale n. 51\/2020. Attivit\u00e0 didattica in presenza. Scuola Primaria.<\/a><\/li><li class=\"elementor-sitemap-item elementor-sitemap-item-post page_item page-item-66753\"><a href=\"https:\/\/icripalimosani.edu.it\/site\/2020\/12\/09\/20201209090841unidos\/\">Prot. N.5746 del 08-12-2020 &#8211; ORDINANZA SINDACALE N. 34 DEL 8-12-2020<\/a><\/li><li class=\"elementor-sitemap-item elementor-sitemap-item-post page_item page-item-66752\"><a href=\"https:\/\/icripalimosani.edu.it\/site\/2020\/12\/09\/20201209081224unidos\/\">Attivit\u00e0 didattiche in presenza nella scuola Primaria di Ripalimosani, Matrice, Montagano, Lucito e Petrella.<\/a><\/li><li class=\"elementor-sitemap-item elementor-sitemap-item-post page_item page-item-66751\"><a href=\"https:\/\/icripalimosani.edu.it\/site\/2020\/12\/08\/20201208114748unidos\/\">Comunicazione<\/a><\/li><li class=\"elementor-sitemap-item elementor-sitemap-item-post page_item page-item-66750\"><a href=\"https:\/\/icripalimosani.edu.it\/site\/2020\/12\/08\/20201208112627unidos\/\">Ordinanza Presidente Regione Molise<\/a><\/li><li class=\"elementor-sitemap-item elementor-sitemap-item-post page_item page-item-66749\"><a href=\"https:\/\/icripalimosani.edu.it\/site\/2020\/12\/08\/20201208091406unidos\/\">Parziale interruzione servizio scuolabus Comune di Matrice<\/a><\/li><li class=\"elementor-sitemap-item elementor-sitemap-item-post page_item page-item-66748\"><a href=\"https:\/\/icripalimosani.edu.it\/site\/2020\/12\/07\/20201207160330unidos\/\">CHIUSURA DELL\u2019INTERO PLESSO SCOLASTICO DI LIMOSANO DAL 9 DICEMBRE 2020 FINO A NUOVE DISPOSIZIONI ordinanza n. 9 del 06.12.2020<\/a><\/li><li class=\"elementor-sitemap-item elementor-sitemap-item-post page_item page-item-66747\"><a href=\"https:\/\/icripalimosani.edu.it\/site\/2020\/12\/05\/20201205122715unidos\/\">Prot. N.6275 del 05-12-2020 &#8211; SERVIZIO SCUOLABUS<\/a><\/li><li class=\"elementor-sitemap-item elementor-sitemap-item-post page_item page-item-66746\"><a href=\"https:\/\/icripalimosani.edu.it\/site\/2020\/12\/04\/20201204113945unidos\/\">INDICAZIONI PER LA DURATA DI ISOLAMENTO E QUARANTENA<\/a><\/li><li class=\"elementor-sitemap-item elementor-sitemap-item-post page_item page-item-66745\"><a href=\"https:\/\/icripalimosani.edu.it\/site\/2020\/12\/04\/20201204113010unidos\/\">Sospensione attivit\u00e0 didattica e chiusura Uffici \u2013 7 e 8 dicembre 2020<\/a><\/li><li class=\"elementor-sitemap-item elementor-sitemap-item-post page_item page-item-66744\"><a href=\"https:\/\/icripalimosani.edu.it\/site\/2020\/12\/02\/20201202131907unidos\/\">Ripresa delle attivit\u00e0 didattiche in presenza della Classe I della Scuola Secondaria di I grado di Ripalimosani<\/a><\/li><li class=\"elementor-sitemap-item elementor-sitemap-item-post page_item page-item-66743\"><a href=\"https:\/\/icripalimosani.edu.it\/site\/2020\/12\/01\/20201201111957unidos\/\">Colloqui Genitori-Docenti<\/a><\/li><li class=\"elementor-sitemap-item elementor-sitemap-item-post page_item page-item-66742\"><a href=\"https:\/\/icripalimosani.edu.it\/site\/2020\/12\/01\/20201201110616unidos\/\">Disposizioni Didattica a Distanza &#8211;  Plesso Scolastico Limosano<\/a><\/li><li class=\"elementor-sitemap-item elementor-sitemap-item-post page_item page-item-66741\"><a href=\"https:\/\/icripalimosani.edu.it\/site\/2020\/11\/30\/20201130211029unidos\/\">SOSPENSIONE DELLE ATTIVIT\u00c0 DIDATTICHE IN PRESENZA DELL\u2019INTERO PLESSO SCOLASTICO DI LIMOSANO DAL 1 DICEMBRE 2020 FINO AL 5 DICEMBRE 2020 Ordinanza n. 7 del 30.11.2020<\/a><\/li><li class=\"elementor-sitemap-item elementor-sitemap-item-post page_item page-item-66740\"><a href=\"https:\/\/icripalimosani.edu.it\/site\/2020\/11\/30\/20201130144809unidos\/\">PROCLAMAZIONE DEGLI ELETTI NEL CONSIGLIO D&#8217;ISTITUTO &#8211; COMPONENTE PERSONALE DOCENTE, GENITORI E PERSONALE ATA.<\/a><\/li><li class=\"elementor-sitemap-item elementor-sitemap-item-post page_item page-item-66739\"><a href=\"https:\/\/icripalimosani.edu.it\/site\/2020\/11\/28\/20201128114246unidos\/\">Attivit\u00e0 di orientamento per gli alunni delle classi terze della scuola Secondaria di primo grado.<\/a><\/li><li class=\"elementor-sitemap-item elementor-sitemap-item-post page_item page-item-66738\"><a href=\"https:\/\/icripalimosani.edu.it\/site\/2020\/11\/28\/20201128112029unidos\/\">Comportamento da tenere durante le attivit\u00e0 sincrone.<\/a><\/li><li class=\"elementor-sitemap-item elementor-sitemap-item-post page_item page-item-66732\"><a href=\"https:\/\/icripalimosani.edu.it\/site\/2020\/11\/27\/20201127104120unidos\/\">Ordinanza Sindacale n. 20\/2020 del Comune di Oratino per chiusura plessi scolastici scuola dell&#8217;Infanzia e Primaria<\/a><\/li><li class=\"elementor-sitemap-item elementor-sitemap-item-post page_item page-item-66731\"><a href=\"https:\/\/icripalimosani.edu.it\/site\/2020\/11\/27\/20201127100344unidos\/\">Dichiarazione di CHIUSURA progetto \u201cDAD con SMART: LA CLASSE DIGITALE\u201dattraverso finanziamento Europeo PON Asse II, Infrastrutture per l\u2019Istruzione \u2013 Fondo Europeo di Sviluppo Regionale FESR \u2013 Codice Identificativo Progetto: \u201c10.8.6AFESRPON-MO-2020-33\u201d Codice CUP: I22G20000530007<\/a><\/li><li class=\"elementor-sitemap-item elementor-sitemap-item-post page_item page-item-66730\"><a href=\"https:\/\/icripalimosani.edu.it\/site\/2020\/11\/27\/20201127100233unidos\/\">UIL Scuola Molise: Notizie 26 novembre 2020<\/a><\/li><li class=\"elementor-sitemap-item elementor-sitemap-item-post page_item page-item-66729\"><a href=\"https:\/\/icripalimosani.edu.it\/site\/2020\/11\/27\/20201127100054unidos\/\">dichiarazione di CHIUSURA &#8211; Risorse FSC 2007-2013 \u2013 Delibera del CIPE 11 LUGLIO 2012, n. 79 \u2013\u2013 Piano di Azione Tematico riferito all\u2019Obiettivo di Servizio \u201c Istruzione\u201d. D:G.R. n. 171 del 20 Maggio 2019 \u2013Cod. Progetto: MO5A28.18 CUP: I25E19000110001<\/a><\/li><li class=\"elementor-sitemap-item elementor-sitemap-item-post page_item page-item-66727\"><a href=\"https:\/\/icripalimosani.edu.it\/site\/2020\/11\/27\/20201127081606unidos\/\">Video guida per elezione organi collegiali<\/a><\/li><li class=\"elementor-sitemap-item elementor-sitemap-item-post page_item page-item-66726\"><a href=\"https:\/\/icripalimosani.edu.it\/site\/2020\/11\/26\/20201126200012unidos\/\">Sospensione attivit\u00e0 didattiche in presenza Scuola dell\u2019Infanzia e Primaria plesso di di Oratino<\/a><\/li><li class=\"elementor-sitemap-item elementor-sitemap-item-post page_item page-item-66725\"><a href=\"https:\/\/icripalimosani.edu.it\/site\/2020\/11\/26\/20201126134222unidos\/\">Elezioni dei rappresentanti del Consiglio d&#8217;Istituto &#8211; Modalit\u00e0 di svolgimento online.<\/a><\/li><li class=\"elementor-sitemap-item elementor-sitemap-item-post page_item page-item-66723\"><a href=\"https:\/\/icripalimosani.edu.it\/site\/2020\/11\/25\/20201125101134unidos\/\">AVVISO INGRESSO POSTICIPATO CAUSA ASSEMBLEA SINDACALE<\/a><\/li><li class=\"elementor-sitemap-item elementor-sitemap-item-post page_item page-item-66722\"><a href=\"https:\/\/icripalimosani.edu.it\/site\/2020\/11\/24\/20201124133453unidos\/\">Ordinanza apertura scuole<\/a><\/li><li class=\"elementor-sitemap-item elementor-sitemap-item-post page_item page-item-66721\"><a href=\"https:\/\/icripalimosani.edu.it\/site\/2020\/11\/24\/20201124085933unidos\/\">CORSI DI FORMAZIONE<\/a><\/li><li class=\"elementor-sitemap-item elementor-sitemap-item-post page_item page-item-66720\"><a href=\"https:\/\/icripalimosani.edu.it\/site\/2020\/11\/24\/20201124082913unidos\/\">corso di formazione MIUR\/SOFIA \u201cBullismo e cyberbullismo \u201c C.I. 29969. Terza edizione.<\/a><\/li><li class=\"elementor-sitemap-item elementor-sitemap-item-post page_item page-item-66719\"><a href=\"https:\/\/icripalimosani.edu.it\/site\/2020\/11\/24\/20201124082546unidos\/\">Generazioni Connesse e JOB&#038;ORIENTA 2020 &#8211; Webinar per dirigenti scolastici, docenti e studenti<\/a><\/li><li class=\"elementor-sitemap-item elementor-sitemap-item-post page_item page-item-66718\"><a href=\"https:\/\/icripalimosani.edu.it\/site\/2020\/11\/24\/20201124081818unidos\/\">25 novembre &#8211; Giornata internazionale per l\u2019eliminazione della violenza contro le donne.<\/a><\/li><li class=\"elementor-sitemap-item elementor-sitemap-item-post page_item page-item-66717\"><a href=\"https:\/\/icripalimosani.edu.it\/site\/2020\/11\/24\/20201124081720unidos\/\">Prot. N.5528 del 23-11-2020 &#8211; Riapertura plesso scolastico di Petrella Tifernina<\/a><\/li><li class=\"elementor-sitemap-item elementor-sitemap-item-post page_item page-item-66713\"><a href=\"https:\/\/icripalimosani.edu.it\/site\/2020\/11\/23\/progetto-libriamoci-2020-petrella-ripalimosani\/\">PROGETTO &#8220;LIBRIAMOCI 2020&#8221; PETRELLA &#8211; RIPALIMOSANI<\/a><\/li><li class=\"elementor-sitemap-item elementor-sitemap-item-post page_item page-item-66712\"><a href=\"https:\/\/icripalimosani.edu.it\/site\/2020\/11\/23\/20201123130540unidos\/\">Realizzazione periodo di formazione e di prova personale docente neoassunti 2020\/21<\/a><\/li><li class=\"elementor-sitemap-item elementor-sitemap-item-post page_item page-item-66711\"><a href=\"https:\/\/icripalimosani.edu.it\/site\/2020\/11\/23\/20201123123711unidos\/\">Riapertura Plesso di Petrella Tifernina<\/a><\/li><li class=\"elementor-sitemap-item elementor-sitemap-item-post page_item page-item-66708\"><a href=\"https:\/\/icripalimosani.edu.it\/site\/2020\/11\/23\/20201123083645unidos\/\">IRASE CB: Convocazione riunione soci 27 novembre 2020<\/a><\/li><li class=\"elementor-sitemap-item elementor-sitemap-item-post page_item page-item-66706\"><a href=\"https:\/\/icripalimosani.edu.it\/site\/2020\/11\/22\/20201122213403unidos\/\">Attivazione DDI e sospensione delle attivit\u00e0 didattiche in presenza<\/a><\/li><li class=\"elementor-sitemap-item elementor-sitemap-item-post page_item page-item-66705\"><a href=\"https:\/\/icripalimosani.edu.it\/site\/2020\/11\/22\/20201122121300unidos\/\">Ordinanza sindacale-Apertura scuola primaria. Plesso di Lucito<\/a><\/li><li class=\"elementor-sitemap-item elementor-sitemap-item-post page_item page-item-66704\"><a href=\"https:\/\/icripalimosani.edu.it\/site\/2020\/11\/20\/20201120115227unidos\/\">Giornata nazionale per la sicurezza nelle scuole 2020. Luned\u00ec 23 novembre 2020, ore 10,30.<\/a><\/li><li class=\"elementor-sitemap-item elementor-sitemap-item-post page_item page-item-66703\"><a href=\"https:\/\/icripalimosani.edu.it\/site\/2020\/11\/20\/20201120113017unidos\/\">Promozione iscrizioni 4\u00b0 turno Dislessia Amica Livello Avanzato.<\/a><\/li><li class=\"elementor-sitemap-item elementor-sitemap-item-post page_item page-item-66702\"><a href=\"https:\/\/icripalimosani.edu.it\/site\/2020\/11\/20\/20201120111227unidos\/\">Attivit\u00e0 di orientamento per gli alunni delle classi terze della scuola Secondaria di primo grado .<\/a><\/li><li class=\"elementor-sitemap-item elementor-sitemap-item-post page_item page-item-66701\"><a href=\"https:\/\/icripalimosani.edu.it\/site\/2020\/11\/20\/20201120104905unidos\/\">USB Scuola: sciopero 25 novembre<\/a><\/li><li class=\"elementor-sitemap-item elementor-sitemap-item-post page_item page-item-66676\"><a href=\"https:\/\/icripalimosani.edu.it\/site\/2020\/11\/19\/organigrammi-della-sicurezza-a-s-2019-20\/\">ORGANIGRAMMI DELLA SICUREZZA a. s. 2019\/20<\/a><\/li><li class=\"elementor-sitemap-item elementor-sitemap-item-post page_item page-item-66660\"><a href=\"https:\/\/icripalimosani.edu.it\/site\/2020\/11\/19\/20201119091350unidos\/\">Assemblea sindacale FLC CGIL Molise<\/a><\/li><li class=\"elementor-sitemap-item elementor-sitemap-item-post page_item page-item-66635\"><a href=\"https:\/\/icripalimosani.edu.it\/site\/2020\/11\/14\/20201114135818unidos\/\">Affissione delle liste dei candidati per le Elezioni del Consiglio d\u2019Istituto<\/a><\/li><li class=\"elementor-sitemap-item elementor-sitemap-item-post page_item page-item-66634\"><a href=\"https:\/\/icripalimosani.edu.it\/site\/2020\/11\/14\/20201114112835unidos\/\">Progetto Generazioni Connesse &#8211; Webinar formativi per Docenti<\/a><\/li><li class=\"elementor-sitemap-item elementor-sitemap-item-post page_item page-item-66633\"><a href=\"https:\/\/icripalimosani.edu.it\/site\/2020\/11\/14\/20201114110135unidos\/\">AZIONE DI SCIOPERO 25 novembre 2020 &#8211; SCUOLA<\/a><\/li><li class=\"elementor-sitemap-item elementor-sitemap-item-post page_item page-item-66632\"><a href=\"https:\/\/icripalimosani.edu.it\/site\/2020\/11\/14\/20201114101109unidos\/\">Contrasto e contenimento del diffondersi del virus COVID-19. Chiusura scuola dell&#8217;infanzia e scuola primaria di Lucito per sanificazione degli immobili a partire dal giorno 14 novembre 2020.<\/a><\/li><li class=\"elementor-sitemap-item elementor-sitemap-item-post page_item page-item-66631\"><a href=\"https:\/\/icripalimosani.edu.it\/site\/2020\/11\/14\/20201114100729unidos\/\">Prende il via luned\u00c3\u00ac 16 novembre la settima edizione di &#8220;Libriamoci. Giornate di lettura nelle scuole&#8221;: fino a sabato 21 incontri e letture ad alta voce oltre ogni distanza!<\/a><\/li><li class=\"elementor-sitemap-item elementor-sitemap-item-post page_item page-item-66625\"><a href=\"https:\/\/icripalimosani.edu.it\/site\/2020\/11\/14\/20201114083057unidos\/\">Apertura ambiente online Neoassunti 20\/21<\/a><\/li><li class=\"elementor-sitemap-item elementor-sitemap-item-post page_item page-item-66624\"><a href=\"https:\/\/icripalimosani.edu.it\/site\/2020\/11\/14\/20201114081636unidos\/\">Le regole per andare in pensione venerd\u00ec 27 novembre. Corso di formazione<\/a><\/li><li class=\"elementor-sitemap-item elementor-sitemap-item-post page_item page-item-66565\"><a href=\"https:\/\/icripalimosani.edu.it\/site\/2020\/11\/13\/20201113084432unidos\/\">Richiesta di convocazione URGENTE del tavolo di lavoro permanenteper la ripartenza delle scuole<\/a><\/li><li class=\"elementor-sitemap-item elementor-sitemap-item-post page_item page-item-66564\"><a href=\"https:\/\/icripalimosani.edu.it\/site\/2020\/11\/12\/20201112193522unidos\/\">ORDINANZA COMUNE DI RIPALIMOSANI CHIUSURA SCUOLA INFANZIA -PRIMARIA E SEC. DI I GRADO<\/a><\/li><li class=\"elementor-sitemap-item elementor-sitemap-item-post page_item page-item-66563\"><a href=\"https:\/\/icripalimosani.edu.it\/site\/2020\/11\/12\/20201112125336unidos\/\">GIORNATA NAZIONALE DELLA SICUREZZA DELLE SCUOLE<\/a><\/li><li class=\"elementor-sitemap-item elementor-sitemap-item-post page_item page-item-66562\"><a href=\"https:\/\/icripalimosani.edu.it\/site\/2020\/11\/12\/20201112124037unidos\/\">Dispositivi digitali individuali per l&#8217;apprendimento a distanza<\/a><\/li><li class=\"elementor-sitemap-item elementor-sitemap-item-post page_item page-item-66555\"><a href=\"https:\/\/icripalimosani.edu.it\/site\/2020\/11\/12\/20201112113622unidos\/\">CORSO FORMAZIONE DISLESSIA AMICA LIVELLO AVANZATO<\/a><\/li><li class=\"elementor-sitemap-item elementor-sitemap-item-post page_item page-item-66546\"><a href=\"https:\/\/icripalimosani.edu.it\/site\/2020\/11\/11\/20201111131707unidos\/\">Didattica digitale integrata: note operative.<\/a><\/li><li class=\"elementor-sitemap-item elementor-sitemap-item-post page_item page-item-66528\"><a href=\"https:\/\/icripalimosani.edu.it\/site\/2020\/11\/11\/20201111113225unidos\/\">Plesso di Lucito &#8211; Attivazione della Didattica a Distanza<\/a><\/li><li class=\"elementor-sitemap-item elementor-sitemap-item-post page_item page-item-66520\"><a href=\"https:\/\/icripalimosani.edu.it\/site\/2020\/11\/11\/20201111083318unidos\/\">Disposizioni per la Didattica a Distanza &#8211;  Lucito<\/a><\/li><li class=\"elementor-sitemap-item elementor-sitemap-item-post page_item page-item-66519\"><a href=\"https:\/\/icripalimosani.edu.it\/site\/2020\/11\/11\/20201111080032unidos\/\">ORDINANZA CHIUSURA SCUOLA DELL&#8217;INFANZIA E PRIMARIA DI LUCITO<\/a><\/li><li class=\"elementor-sitemap-item elementor-sitemap-item-post page_item page-item-66518\"><a href=\"https:\/\/icripalimosani.edu.it\/site\/2020\/11\/10\/20201110170703unidos\/\">DISPOSIZIONI PER LA DIDATTICA A DISTANZA<\/a><\/li><li class=\"elementor-sitemap-item elementor-sitemap-item-post page_item page-item-66517\"><a href=\"https:\/\/icripalimosani.edu.it\/site\/2020\/11\/10\/20201110170156unidos\/\">ATTIVAZIONE DIDATTICA A DISTANZA<\/a><\/li><li class=\"elementor-sitemap-item elementor-sitemap-item-post page_item page-item-66516\"><a href=\"https:\/\/icripalimosani.edu.it\/site\/2020\/11\/10\/20201110170057unidos\/\">CONDOTTA E UTILIZZO ETICO DELLE PIATTAFORME ONLINE PER LA DIDATTICA A DISTANZA (DAD) &#8211; STUDENTI<\/a><\/li><li class=\"elementor-sitemap-item elementor-sitemap-item-post page_item page-item-66515\"><a href=\"https:\/\/icripalimosani.edu.it\/site\/2020\/11\/10\/20201110164738unidos\/\">ORDINANZA SINDACALE<\/a><\/li><li class=\"elementor-sitemap-item elementor-sitemap-item-post page_item page-item-66514\"><a href=\"https:\/\/icripalimosani.edu.it\/site\/2020\/11\/10\/20201110122409unidos\/\">POSTA CERTIFICATA: Prot. N.5764 del 10-11-2020 &#8211; servizio scuolabus &#8211; comune di Campolieto<\/a><\/li><li class=\"elementor-sitemap-item elementor-sitemap-item-post page_item page-item-66513\"><a href=\"https:\/\/icripalimosani.edu.it\/site\/2020\/11\/10\/20201110122242unidos\/\">Consigli di Classe, Interclasse e Intersezione in modalit\u00e0 a distanza<\/a><\/li><li class=\"elementor-sitemap-item elementor-sitemap-item-post page_item page-item-66512\"><a href=\"https:\/\/icripalimosani.edu.it\/site\/2020\/11\/10\/20201110094653unidos\/\">ORARI DEFINITIVI LIMOSANO E RIPALIMOSANI E ORARI RICEVIMENTO<\/a><\/li><li class=\"elementor-sitemap-item elementor-sitemap-item-post page_item page-item-66511\"><a href=\"https:\/\/icripalimosani.edu.it\/site\/2020\/11\/10\/20201110083327unidos\/\">Orario di ricevimento docenti<\/a><\/li><li class=\"elementor-sitemap-item elementor-sitemap-item-post page_item page-item-66510\"><a href=\"https:\/\/icripalimosani.edu.it\/site\/2020\/11\/09\/20201109132728unidos\/\">Uso delle mascherine. Dettaglio Nota 5 novembre 2020, n. 1990.<\/a><\/li><li class=\"elementor-sitemap-item elementor-sitemap-item-post page_item page-item-66509\"><a href=\"https:\/\/icripalimosani.edu.it\/site\/2020\/11\/09\/20201109114310unidos\/\">Giochi Matematici del Mediterraneo 2020<\/a><\/li><li class=\"elementor-sitemap-item elementor-sitemap-item-post page_item page-item-66495\"><a href=\"https:\/\/icripalimosani.edu.it\/site\/2020\/11\/09\/progetto-leonardo-plesso-di-campolieto\/\">PROGETTO &#8220;CELEBRANDO LEONARDO&#8221; PLESSO DI CAMPOLIETO<\/a><\/li><li class=\"elementor-sitemap-item elementor-sitemap-item-post page_item page-item-66485\"><a href=\"https:\/\/icripalimosani.edu.it\/site\/2020\/11\/08\/20201108191154unidos\/\">ORDINANZA RIAPERTURA PLESSO DI ORATINO DAL 09\/11\/2017<\/a><\/li><li class=\"elementor-sitemap-item elementor-sitemap-item-post page_item page-item-66482\"><a href=\"https:\/\/icripalimosani.edu.it\/site\/2020\/11\/07\/20201107105057unidos\/\">PROTOCOLLO COVID aggiornato DPCM 3.11.2020<\/a><\/li><li class=\"elementor-sitemap-item elementor-sitemap-item-post page_item page-item-66481\"><a href=\"https:\/\/icripalimosani.edu.it\/site\/2020\/11\/07\/20201107095531unidos\/\">CORSO DI FORMAZIONE COVID 19<\/a><\/li><li class=\"elementor-sitemap-item elementor-sitemap-item-post page_item page-item-66480\"><a href=\"https:\/\/icripalimosani.edu.it\/site\/2020\/11\/07\/20201107092916unidos\/\">Ciclo webinar INVALSI di matematica (Progetto: Percorsi e Strumenti INVALSI)<\/a><\/li><li class=\"elementor-sitemap-item elementor-sitemap-item-post page_item page-item-66479\"><a href=\"https:\/\/icripalimosani.edu.it\/site\/2020\/11\/07\/20201107091907unidos\/\">&#8220;Libriamoci&#8221; 2020: c&#8217;\u00e8 tempo fino a domenica 8 novembre per richiedere un lettore volontario dal 16 al 21 novembre!<\/a><\/li><li class=\"elementor-sitemap-item elementor-sitemap-item-post page_item page-item-66468\"><a href=\"https:\/\/icripalimosani.edu.it\/site\/2020\/11\/06\/progetto-pon-smart-class\/\">PROGETTO PON \u201cSMART CLASS&#8221;<\/a><\/li><li class=\"elementor-sitemap-item elementor-sitemap-item-post page_item page-item-66463\"><a href=\"https:\/\/icripalimosani.edu.it\/site\/2020\/11\/06\/20201106133817unidos\/\">RAPPRESENTANTI ORGANI COLLEGIALI<\/a><\/li><li class=\"elementor-sitemap-item elementor-sitemap-item-post page_item page-item-66453\"><a href=\"https:\/\/icripalimosani.edu.it\/site\/2020\/11\/06\/66453\/\">#66453 (senza titolo)<\/a><\/li><li class=\"elementor-sitemap-item elementor-sitemap-item-post page_item page-item-66427\"><a href=\"https:\/\/icripalimosani.edu.it\/site\/2020\/11\/06\/20201106114852unidos\/\">Liquidazione Risorse FSC 2007-2013 \u2013 Delibera del CIPE 11 LUGLIO 2012, n. 79 progetto: MO5A28.18  CUP: I25E19000110001<\/a><\/li><li class=\"elementor-sitemap-item elementor-sitemap-item-post page_item page-item-66426\"><a href=\"https:\/\/icripalimosani.edu.it\/site\/2020\/11\/06\/20201106104910unidos\/\">DIPARTIMENTO PER IL SISTEMA EDUCATIVO DI ISTRUZIONE E DI FORMAZIONE &#8211; DPCM 3 novembre 2020<\/a><\/li><li class=\"elementor-sitemap-item elementor-sitemap-item-post page_item page-item-66422\"><a href=\"https:\/\/icripalimosani.edu.it\/site\/2020\/11\/05\/20201105123951unidos\/\">Misure urgenti di contenimento del contagio sull&#8217;intero territorio nazionale<\/a><\/li><li class=\"elementor-sitemap-item elementor-sitemap-item-post page_item page-item-66421\"><a href=\"https:\/\/icripalimosani.edu.it\/site\/2020\/11\/05\/20201105112921unidos\/\">ANTICIPO DI CASSA LIQUIDAZIONE FATTURE PER FORNITURE E PICCOLI LAVORI DI ADATTAMENTO EDILIZIO E LIQUIDAZIONE COLLAUDATORE E PROGETTISTA Cod. Progetto: MO5A28.18 CUP: I25E19000110001<\/a><\/li><li class=\"elementor-sitemap-item elementor-sitemap-item-post page_item page-item-66420\"><a href=\"https:\/\/icripalimosani.edu.it\/site\/2020\/11\/05\/20201105112454unidos\/\">Certificato di regolare esecuzione dei lavori Cod. Progetto: MO5A28.18 &#8211; -Candidatura N. 1019789 9911 del 20\/04\/2018 &#8211; FESR &#8211; AmbientinDigitali per la didattica integrata con gli Arredi Scolastici BIS. CUP: I25E19000110001<\/a><\/li><li class=\"elementor-sitemap-item elementor-sitemap-item-post page_item page-item-66414\"><a href=\"https:\/\/icripalimosani.edu.it\/site\/2020\/11\/05\/66414\/\">MODULISTICA<\/a><\/li><li class=\"elementor-sitemap-item elementor-sitemap-item-post page_item page-item-66392\"><a href=\"https:\/\/icripalimosani.edu.it\/site\/2020\/11\/05\/archivio-file-primaria-secondaria\/\">Modulistica<\/a><\/li><li class=\"elementor-sitemap-item elementor-sitemap-item-post page_item page-item-66363\"><a href=\"https:\/\/icripalimosani.edu.it\/site\/2020\/11\/04\/20201104125612unidos\/\">Invito al seminario regionale e Twinning: \u201cdisseminare per condividere, fare rete, innovare\u201d.<\/a><\/li><li class=\"elementor-sitemap-item elementor-sitemap-item-post page_item page-item-66362\"><a href=\"https:\/\/icripalimosani.edu.it\/site\/2020\/11\/04\/20201104121007unidos\/\">Avviso di avvenuto deposito elenco elettori per elezioni Consiglio D&#8217;Istituto<\/a><\/li><li class=\"elementor-sitemap-item elementor-sitemap-item-post page_item page-item-66316\"><a href=\"https:\/\/icripalimosani.edu.it\/site\/2020\/11\/03\/20201103170620unidos\/\">Insieme in un click. Progetto della classe prima della scuola Primaria di Ripalimosani. Laboratorio di creativit\u00e0 digitale.<\/a><\/li><li class=\"elementor-sitemap-item elementor-sitemap-item-post page_item page-item-66307\"><a href=\"https:\/\/icripalimosani.edu.it\/site\/2020\/11\/03\/20201103124736unidos\/\">Corso di formazione per l&#8217;utilizzo del registro elettronico<\/a><\/li><li class=\"elementor-sitemap-item elementor-sitemap-item-post page_item page-item-66302\"><a href=\"https:\/\/icripalimosani.edu.it\/site\/2020\/11\/03\/20201103102808unidos\/\">Certificato di regolare fornitura ed esecuzione CUP: I25E19000110001 CIG: Z412C17B32 \u2013 Risorse FSC 2007-2013 \u2013 Delibera del CIPE 11 LUGLIO 2012, n. 79 \u2013\u2013 Piano di Azione Tematico riferito all\u2019Obiettivo di Servizio \u201c Istruzione\u201d. Progetto: MO5A28.18<\/a><\/li><li class=\"elementor-sitemap-item elementor-sitemap-item-post page_item page-item-66301\"><a href=\"https:\/\/icripalimosani.edu.it\/site\/2020\/10\/31\/20201031131738unidos\/\">REVOCA IN AUTOTUTELA della Determina dirigenziale di aggiudicazione definitiva prot. N. 0002540ndel 23\/04\/2020 e . Progetto: MO5A28.18 Candidatura N. 1019789 9911 del 20\/04\/2018 &#8211; FESR &#8211; Ambienti Digitali per la didattica integrata con glinArredi Scolastici BIS<\/a><\/li><li class=\"elementor-sitemap-item elementor-sitemap-item-post page_item page-item-66298\"><a href=\"https:\/\/icripalimosani.edu.it\/site\/2020\/10\/31\/20201031113854unidos\/\">DISCIPLINARE FORNITURE<\/a><\/li><li class=\"elementor-sitemap-item elementor-sitemap-item-post page_item page-item-66297\"><a href=\"https:\/\/icripalimosani.edu.it\/site\/2020\/10\/31\/20201031113736unidos\/\">DETERMINA ACQUISTO FORNITURE E CAPITOLATO TECNICO<\/a><\/li><li class=\"elementor-sitemap-item elementor-sitemap-item-post page_item page-item-66296\"><a href=\"https:\/\/icripalimosani.edu.it\/site\/2020\/10\/31\/20201031090914unidos\/\">Svolgimento delle attivit\u00e0 didattiche nel Plesso di Oratino. Scuola dell\u2019infanzia e scuola di primo grado.<\/a><\/li><li class=\"elementor-sitemap-item elementor-sitemap-item-post page_item page-item-66295\"><a href=\"https:\/\/icripalimosani.edu.it\/site\/2020\/10\/31\/20201031090044unidos\/\">COMMEMORAZIONE DEI DEFUNTI<\/a><\/li><li class=\"elementor-sitemap-item elementor-sitemap-item-post page_item page-item-66283\"><a href=\"https:\/\/icripalimosani.edu.it\/site\/2020\/10\/30\/20201030104102unidos\/\">Avviso di selezione per il conferimento di incarico di prestazione d&#8217;opera intellettuale di psicologo nell&#8217;ambito dell\u2019attivit\u00e0 di sostegno psicologico alunni e docenti.<\/a><\/li><li class=\"elementor-sitemap-item elementor-sitemap-item-post page_item page-item-66281\"><a href=\"https:\/\/icripalimosani.edu.it\/site\/2020\/10\/30\/20201030094549unidos\/\">Sospensione servizio mensa \u2013 Scuola Infanzia Petrella Tifernina<\/a><\/li><li class=\"elementor-sitemap-item elementor-sitemap-item-post page_item page-item-66280\"><a href=\"https:\/\/icripalimosani.edu.it\/site\/2020\/10\/29\/20201029173430unidos\/\">Certificato di qualit\u00e0 europeo<\/a><\/li><li class=\"elementor-sitemap-item elementor-sitemap-item-post page_item page-item-66279\"><a href=\"https:\/\/icripalimosani.edu.it\/site\/2020\/10\/28\/20201028131300unidos\/\">[Generazioni Connesse] SEMINARIO ONLINE: &#8220;Il GDPR a scuola: immagini di minori e privacy&#8221; 28 OTTOBRE 2020 | ore 15:00-17:00 |<\/a><\/li><li class=\"elementor-sitemap-item elementor-sitemap-item-post page_item page-item-66278\"><a href=\"https:\/\/icripalimosani.edu.it\/site\/2020\/10\/28\/20201028122546unidos\/\">European Quality  Label-eTwinning<\/a><\/li><li class=\"elementor-sitemap-item elementor-sitemap-item-post page_item page-item-66277\"><a href=\"https:\/\/icripalimosani.edu.it\/site\/2020\/10\/27\/20201027131548unidos\/\">CUP: I22G20000530007<\/a><\/li><li class=\"elementor-sitemap-item elementor-sitemap-item-post page_item page-item-66276\"><a href=\"https:\/\/icripalimosani.edu.it\/site\/2020\/10\/27\/20201027105325unidos\/\">Elezioni rappresentanti dei Genitori<\/a><\/li><li class=\"elementor-sitemap-item elementor-sitemap-item-post page_item page-item-66275\"><a href=\"https:\/\/icripalimosani.edu.it\/site\/2020\/10\/27\/20201027101115unidos\/\">Anno di formazione e di prova per i docenti neo-assunti o che hanno ottenuto il passaggio di ruolo a.s. 2020\/21<\/a><\/li><li class=\"elementor-sitemap-item elementor-sitemap-item-post page_item page-item-66274\"><a href=\"https:\/\/icripalimosani.edu.it\/site\/2020\/10\/26\/20201026131940unidos\/\">Certificato di regolare fornitura ai sensi dell\u2019art. 16, comma 1 del DI 129\/2018 e dell\u2019art. 102, comma 2, D. L.gs 50\/2016 e s.m.i. Progetto PON\/FESR codice: 10.8.1.A6-FSC- MO-2019-3\u201d Titolo: \u201cAmbienti 3.0\u201d CUP I22G18000400001 CIG ZF42C12037<\/a><\/li><li class=\"elementor-sitemap-item elementor-sitemap-item-post page_item page-item-66273\"><a href=\"https:\/\/icripalimosani.edu.it\/site\/2020\/10\/26\/20201026131256unidos\/\">Certificato di regolare fornitura e det. liquidazione \u2013 Risorse FSC 2007-2013 \u2013 Delibera del CIPE 11LUGLIO 2012, n. 79 \u2013 Piano di Azione Tematico riferito all\u2019Obiettivo di Servizio \u201cIstruzione\u201d. CUP: I25E19000110001Progetto: MO5A28.18<\/a><\/li><li class=\"elementor-sitemap-item elementor-sitemap-item-post page_item page-item-66272\"><a href=\"https:\/\/icripalimosani.edu.it\/site\/2020\/10\/26\/20201026130359unidos\/\">Certificato di regolare fornitura e determina liquidazione ai sensi dell\u2019art. 16 , comma 1 del DI 129\/2018 e dell\u2019art. 102 , c omma 2, D . L.gs 50\/2016 e s.m. FORNITURA TARGHE ED E TICHETTE Codice CUPnI22G18000400001 Codice Progetto:n\u201c10.8.1.A6 FSCMO 2019 3\u201d<\/a><\/li><li class=\"elementor-sitemap-item elementor-sitemap-item-post page_item page-item-66271\"><a href=\"https:\/\/icripalimosani.edu.it\/site\/2020\/10\/26\/20201026123726unidos\/\">Certificato di regolare fornitura e determina liquidazione ai sensi dell\u2019art. 16, comma 1 del DI 129\/2018 e dell\u2019art. 102, co 2, D. L.gs 50\/2016 e s.m.i. FORNITURA TARGHE ED ETICHETTE Codice CUP: I22G20000530007nCodice Progetto: 10.8.6A-FESRPON-MO-2020-33 &#8211; DAD con SMART: LA CLASSE DIGITALE<\/a><\/li><li class=\"elementor-sitemap-item elementor-sitemap-item-post page_item page-item-66267\"><a href=\"https:\/\/icripalimosani.edu.it\/site\/2020\/10\/25\/20201025193641unidos\/\">ORDINANZA COMUNE DI ORATINO N.17\/20<\/a><\/li><li class=\"elementor-sitemap-item elementor-sitemap-item-post page_item page-item-66266\"><a href=\"https:\/\/icripalimosani.edu.it\/site\/2020\/10\/24\/20201024091140unidos\/\">Inizio servizio mensa per l\u2019anno scolastico 2020\/2021 \u2013 Comunicazione prot. 5150 dell\u201923\/10\/2020 del Comune di Petrella Tifernina.<\/a><\/li><li class=\"elementor-sitemap-item elementor-sitemap-item-post page_item page-item-66265\"><a href=\"https:\/\/icripalimosani.edu.it\/site\/2020\/10\/23\/20201023123600unidos\/\">Prot. N.5460 del 23-10-2020 &#8211; COMUNICAZIONE<\/a><\/li><li class=\"elementor-sitemap-item elementor-sitemap-item-post page_item page-item-66264\"><a href=\"https:\/\/icripalimosani.edu.it\/site\/2020\/10\/23\/20201023081822unidos\/\">ORDINANZA SINDACALE N. 15 DEL 22.10.2020 &#8211; RIAPERTURA DEI PLESSI SCOLASTICI DELLA SCUOLA DELL&#8217;INFANZIA E DELLA SCUOLA PRIMARIA DI ORATINO<\/a><\/li><li class=\"elementor-sitemap-item elementor-sitemap-item-post page_item page-item-66263\"><a href=\"https:\/\/icripalimosani.edu.it\/site\/2020\/10\/22\/20201022143243unidos\/\">Comunicazione &#8211; mensa Campolieto<\/a><\/li><li class=\"elementor-sitemap-item elementor-sitemap-item-post page_item page-item-66262\"><a href=\"https:\/\/icripalimosani.edu.it\/site\/2020\/10\/22\/20201022135745unidos\/\">Regolamento SMART CLASS<\/a><\/li><li class=\"elementor-sitemap-item elementor-sitemap-item-post page_item page-item-66261\"><a href=\"https:\/\/icripalimosani.edu.it\/site\/2020\/10\/22\/20201022091900unidos\/\">Comunicazione inizio mensa scolastica. Scuola dell\u2019infanzia e Primaria di Campolieto<\/a><\/li><li class=\"elementor-sitemap-item elementor-sitemap-item-post page_item page-item-66260\"><a href=\"https:\/\/icripalimosani.edu.it\/site\/2020\/10\/20\/20201020163655unidos\/\">ATTESTATI eTWINNING<\/a><\/li><li class=\"elementor-sitemap-item elementor-sitemap-item-post page_item page-item-66259\"><a href=\"https:\/\/icripalimosani.edu.it\/site\/2020\/10\/20\/20201020140436unidos\/\">Decreto del Presidente del Consiglio dei Ministri 18 ottobre 2020.  Adempimenti dell&#8217;amministrazione e delle istituzioni scolastiche.<\/a><\/li><li class=\"elementor-sitemap-item elementor-sitemap-item-post page_item page-item-66258\"><a href=\"https:\/\/icripalimosani.edu.it\/site\/2020\/10\/20\/20201020131817unidos\/\">Votazioni rappresentanti dei  genitori nelle mono sezioni dell&#8217;infanzia. Plessi di: Petrella Tifernina, Lucito, Campolieto, Montagano, Limosano:<\/a><\/li><li class=\"elementor-sitemap-item elementor-sitemap-item-post page_item page-item-66257\"><a href=\"https:\/\/icripalimosani.edu.it\/site\/2020\/10\/20\/20201020111613unidos\/\">Convocazione del Collegio unitario dei docenti in modalit\u00e0 a distanza.<\/a><\/li><li class=\"elementor-sitemap-item elementor-sitemap-item-post page_item page-item-66256\"><a href=\"https:\/\/icripalimosani.edu.it\/site\/2020\/10\/20\/20201020083910unidos\/\">UIL Scuola Molise: Notizie<\/a><\/li><li class=\"elementor-sitemap-item elementor-sitemap-item-post page_item page-item-66255\"><a href=\"https:\/\/icripalimosani.edu.it\/site\/2020\/10\/19\/20201019132659unidos\/\">DPCM 18 ottobre 2020.pdf<\/a><\/li><li class=\"elementor-sitemap-item elementor-sitemap-item-post page_item page-item-66254\"><a href=\"https:\/\/icripalimosani.edu.it\/site\/2020\/10\/19\/20201019125826unidos\/\">verbale di collaudo<\/a><\/li><li class=\"elementor-sitemap-item elementor-sitemap-item-post page_item page-item-66253\"><a href=\"https:\/\/icripalimosani.edu.it\/site\/2020\/10\/19\/20201019121451unidos\/\">Elezioni per il rinnovo del Consiglio d&#8217;Istituto in tutte le sue componenti. Modalit\u00e0 di svolgimento (triennio 2020\/2021 &#8211; 2021\/2022 &#8211; 2022\/2023).<\/a><\/li><li class=\"elementor-sitemap-item elementor-sitemap-item-post page_item page-item-66252\"><a href=\"https:\/\/icripalimosani.edu.it\/site\/2020\/10\/18\/20201018214812unidos\/\">Ordinanza chiusura plesso di Oratino<\/a><\/li><li class=\"elementor-sitemap-item elementor-sitemap-item-post page_item page-item-66251\"><a href=\"https:\/\/icripalimosani.edu.it\/site\/2020\/10\/17\/20201017084850unidos\/\">Comunicazione inizio mensa scolastica. Scuola dell\u2019infanzia di Lucito<\/a><\/li><li class=\"elementor-sitemap-item elementor-sitemap-item-post page_item page-item-66250\"><a href=\"https:\/\/icripalimosani.edu.it\/site\/2020\/10\/17\/20201017084050unidos\/\">Elezioni dei rappresentanti dei genitori nei Consigli di Intersezione, Interclasse, Classe per l&#8217;a.s. 2020\/2021.<\/a><\/li><li class=\"elementor-sitemap-item elementor-sitemap-item-post page_item page-item-66249\"><a href=\"https:\/\/icripalimosani.edu.it\/site\/2020\/10\/16\/20201016125600unidos\/\">Fruizione permessi per diritto allo studio<\/a><\/li><li class=\"elementor-sitemap-item elementor-sitemap-item-post page_item page-item-66248\"><a href=\"https:\/\/icripalimosani.edu.it\/site\/2020\/10\/16\/20201016094536unidos\/\">Attivazione Didattica Digitale Integrata Plesso di Oratino<\/a><\/li><li class=\"elementor-sitemap-item elementor-sitemap-item-post page_item page-item-66247\"><a href=\"https:\/\/icripalimosani.edu.it\/site\/2020\/10\/16\/20201016082438unidos\/\">ORDINANZA CHIUSURA PLESSI SCOLASTICI DELL&#8217;INFANZIA E DELLA PRIMARIA DEL COMUNE DI ORATINO<\/a><\/li><li class=\"elementor-sitemap-item elementor-sitemap-item-post page_item page-item-66246\"><a href=\"https:\/\/icripalimosani.edu.it\/site\/2020\/10\/15\/20201015092005unidos\/\">[UIL Scuola Molise: Notizie] 10 ottobre 2020: MOBILITAZIONE 14 ottobre, Lavoratori fragili, Contrattazioni MOF, MEMORANDUM, Covid e scuola, Concorsi, Contabilit\u00e0, Ricorsi e Ricostruzione di carriera, ecc.<\/a><\/li><li class=\"elementor-sitemap-item elementor-sitemap-item-post page_item page-item-66245\"><a href=\"https:\/\/icripalimosani.edu.it\/site\/2020\/10\/15\/20201015090842unidos\/\">Comparto Istruzione e Ricerca \u2013 Sezione Scuola Sciopero generale del 23 ottobre 2020<\/a><\/li><li class=\"elementor-sitemap-item elementor-sitemap-item-post page_item page-item-66244\"><a href=\"https:\/\/icripalimosani.edu.it\/site\/2020\/10\/14\/20201014114700unidos\/\">SAVE THE DATE! WEBINAR SIC &#8220;Approcci multidisciplinari per l\u2019identificazione e la presa in carico dei minori abusati attraverso le tecnologie digitali&#8221; 15 Ottobre 2020 ore 15-17<\/a><\/li><li class=\"elementor-sitemap-item elementor-sitemap-item-post page_item page-item-66243\"><a href=\"https:\/\/icripalimosani.edu.it\/site\/2020\/10\/14\/20201014091328unidos\/\">PROGETTO PON &#8220;SMART CLASS&#8221;<\/a><\/li><li class=\"elementor-sitemap-item elementor-sitemap-item-post page_item page-item-66242\"><a href=\"https:\/\/icripalimosani.edu.it\/site\/2020\/10\/14\/20201014084133unidos\/\">Candidatura N. 1039292 19146 del 06\/07\/2020 &#8211; FSE &#8211; Supporto per libri di testo e kit scolastici per secondarie di I e II grado<\/a><\/li><li class=\"elementor-sitemap-item elementor-sitemap-item-post page_item page-item-66241\"><a href=\"https:\/\/icripalimosani.edu.it\/site\/2020\/10\/14\/20201014083821unidos\/\">Autorizzazione progetto<\/a><\/li><li class=\"elementor-sitemap-item elementor-sitemap-item-post page_item page-item-66240\"><a href=\"https:\/\/icripalimosani.edu.it\/site\/2020\/10\/14\/20201014083741unidos\/\">Corso di formazione sui cambiamenti climatici<\/a><\/li><li class=\"elementor-sitemap-item elementor-sitemap-item-post page_item page-item-66239\"><a href=\"https:\/\/icripalimosani.edu.it\/site\/2020\/10\/14\/20201014083552unidos\/\">CUP PON FSE 10.2.2A-FSEPON-MO-2020-37<\/a><\/li><li class=\"elementor-sitemap-item elementor-sitemap-item-post page_item page-item-66238\"><a href=\"https:\/\/icripalimosani.edu.it\/site\/2020\/10\/14\/20201014082227unidos\/\">Piano degli incontri fra docenti &#8211; Progetto d&#8217;istituto &#8220;Continuit\u00e0 ed Orientamento&#8221; &#8211; a. s. 2020\/2021<\/a><\/li><li class=\"elementor-sitemap-item elementor-sitemap-item-post page_item page-item-66237\"><a href=\"https:\/\/icripalimosani.edu.it\/site\/2020\/10\/13\/20201013112105unidos\/\">Chiusura plesso scolastico Petrella Tifernina<\/a><\/li><li class=\"elementor-sitemap-item elementor-sitemap-item-post page_item page-item-66236\"><a href=\"https:\/\/icripalimosani.edu.it\/site\/2020\/10\/13\/20201013105916unidos\/\">Disposizioni del Dirigente Scolastico in merito alla Sicurezza e alla Vigilanza sugli alunni. Anno Scolastico 2020-2021.<\/a><\/li><li class=\"elementor-sitemap-item elementor-sitemap-item-post page_item page-item-66235\"><a href=\"https:\/\/icripalimosani.edu.it\/site\/2020\/10\/13\/20201013105114unidos\/\">COMITATO TECNICO SCIENTIFICO EX OO.C.D.P.C. 03\/02\/2020, N. 630; 18\/04\/2020, N. 663; 15\/05\/2020, N. 673; 07\/10\/2020, N. 706<\/a><\/li><li class=\"elementor-sitemap-item elementor-sitemap-item-post page_item page-item-66234\"><a href=\"https:\/\/icripalimosani.edu.it\/site\/2020\/10\/13\/20201013104847unidos\/\">Ordinanza relativa agli alunni e studenti con patologie gravi o immunodepressi ai sensi dell\u2019articolo 2, comma 1, lettera d-bis) del decreto-legge 8 aprile 2020, n. 22<\/a><\/li><li class=\"elementor-sitemap-item elementor-sitemap-item-post page_item page-item-66233\"><a href=\"https:\/\/icripalimosani.edu.it\/site\/2020\/10\/13\/20201013100250unidos\/\">Assicurazione infortuni &#8211; A.S. 2020\/2021<\/a><\/li><li class=\"elementor-sitemap-item elementor-sitemap-item-post page_item page-item-66232\"><a href=\"https:\/\/icripalimosani.edu.it\/site\/2020\/10\/13\/20201013094431unidos\/\">Informazione, Comunicazione, sensibilizzazione e pubblicizzazione finanziamenti PON-FSE \u2013 Progetto \u201c10.2.2A-FSEPON-MO2020-37\u201d. Codice CUP: I26J20000970006<\/a><\/li><li class=\"elementor-sitemap-item elementor-sitemap-item-post page_item page-item-66231\"><a href=\"https:\/\/icripalimosani.edu.it\/site\/2020\/10\/13\/20201013085002unidos\/\">Nomina Responsabile Unico del Procedimento. Progetto \u201c10.2.2A-FSEPON-MO-2020-37\u201d Codice CUP: I26J20000970006<\/a><\/li><li class=\"elementor-sitemap-item elementor-sitemap-item-post page_item page-item-66230\"><a href=\"https:\/\/icripalimosani.edu.it\/site\/2020\/10\/13\/20201013084012unidos\/\">Modifica al Programma annuale art. 10 &#8211; D.I. 129\/2018. Progetto \u201c10.2.2A-FSEPON-MO-2020-37 Codice CUP: I26J20000970006<\/a><\/li><li class=\"elementor-sitemap-item elementor-sitemap-item-post page_item page-item-66229\"><a href=\"https:\/\/icripalimosani.edu.it\/site\/2020\/10\/12\/20201012100907unidos\/\">Inail_sanificazione_strutture_scolastiche aggiornamento settembre 2020<\/a><\/li><li class=\"elementor-sitemap-item elementor-sitemap-item-post page_item page-item-66223\"><a href=\"https:\/\/icripalimosani.edu.it\/site\/2020\/10\/10\/20201010091954unidos\/\">CONVOCAZIONE CONSIGLIO ISTITUTO<\/a><\/li><li class=\"elementor-sitemap-item elementor-sitemap-item-post page_item page-item-66222\"><a href=\"https:\/\/icripalimosani.edu.it\/site\/2020\/10\/10\/20201010084351unidos\/\">Comunicazione inizio mensa scolastica. Scuola dell\u2019infanzia di Montagano<\/a><\/li><li class=\"elementor-sitemap-item elementor-sitemap-item-post page_item page-item-66221\"><a href=\"https:\/\/icripalimosani.edu.it\/site\/2020\/10\/10\/20201010084056unidos\/\">Decreto-legge 7 ottobre 2020, n. 125 \u2013 Uso delle \u201cmascherine\u201d.<\/a><\/li><li class=\"elementor-sitemap-item elementor-sitemap-item-post page_item page-item-66215\"><a href=\"https:\/\/icripalimosani.edu.it\/site\/2020\/10\/09\/concorso-internazionale-un-poster-per-la-pace-peace\/\">Concorso internazionale &#8220;un poster per la pace&#8221; PEACE<\/a><\/li><li class=\"elementor-sitemap-item elementor-sitemap-item-post page_item page-item-66211\"><a href=\"https:\/\/icripalimosani.edu.it\/site\/2020\/10\/09\/erasmus\/\">ERASMUS +<\/a><\/li><li class=\"elementor-sitemap-item elementor-sitemap-item-post page_item page-item-66210\"><a href=\"https:\/\/icripalimosani.edu.it\/site\/2020\/10\/09\/20201009103942unidos\/\">PEDICULOSI A.S.2020-2021 &#8211; AVVISO<\/a><\/li><li class=\"elementor-sitemap-item elementor-sitemap-item-post page_item page-item-66209\"><a href=\"https:\/\/icripalimosani.edu.it\/site\/2020\/10\/09\/20201009101856unidos\/\">Comunicazione inizio mensa scolastica. Scuola dell\u2019infanzia di Oratino<\/a><\/li><li class=\"elementor-sitemap-item elementor-sitemap-item-post page_item page-item-66208\"><a href=\"https:\/\/icripalimosani.edu.it\/site\/2020\/10\/08\/20201008133718unidos\/\">Comunicazione inizio mensa scolastica Scuola dell&#8217;Infanzia Ripalimosani<\/a><\/li><li class=\"elementor-sitemap-item elementor-sitemap-item-post page_item page-item-66176\"><a href=\"https:\/\/icripalimosani.edu.it\/site\/2020\/10\/06\/e-twinning\/\">E-Twinning<\/a><\/li><li class=\"elementor-sitemap-item elementor-sitemap-item-post page_item page-item-66169\"><a href=\"https:\/\/icripalimosani.edu.it\/site\/2020\/10\/06\/20201006105727unidos\/\">QUINTO D&#8217;OBBLIGO<\/a><\/li><li class=\"elementor-sitemap-item elementor-sitemap-item-post page_item page-item-66168\"><a href=\"https:\/\/icripalimosani.edu.it\/site\/2020\/10\/06\/20201006102738unidos\/\">Convocazione consigli di classe, interclasse, intersezione<\/a><\/li><li class=\"elementor-sitemap-item elementor-sitemap-item-post page_item page-item-66160\"><a href=\"https:\/\/icripalimosani.edu.it\/site\/2020\/10\/03\/20201003123637unidos\/\">Richiesta e fruizione permessi da parte del personale docente<\/a><\/li><li class=\"elementor-sitemap-item elementor-sitemap-item-post page_item page-item-66159\"><a href=\"https:\/\/icripalimosani.edu.it\/site\/2020\/10\/03\/20201003101603unidos\/\">Protocollo Intesa MIUR\/ Associazione \u201cInsegnare Sicuri\u201d per lo sviluppo della cultura della legalit\u00e0 e dei comportamenti responsabili di alunni e personale scolastico.<\/a><\/li><li class=\"elementor-sitemap-item elementor-sitemap-item-post page_item page-item-66155\"><a href=\"https:\/\/icripalimosani.edu.it\/site\/2020\/10\/01\/20201001104252unidos\/\">Calendario delle somministrazioni INVALSI &#8211; a.s. 2020\/21<\/a><\/li><li class=\"elementor-sitemap-item elementor-sitemap-item-post page_item page-item-66154\"><a href=\"https:\/\/icripalimosani.edu.it\/site\/2020\/10\/01\/20201001101705unidos\/\">INFORMATIVA-LAVORO-AGILE-25-febbraio-2020.docx<\/a><\/li><li class=\"elementor-sitemap-item elementor-sitemap-item-post page_item page-item-66153\"><a href=\"https:\/\/icripalimosani.edu.it\/site\/2020\/09\/28\/20200928105515unidos\/\">Invio orario Lucito<\/a><\/li><li class=\"elementor-sitemap-item elementor-sitemap-item-post page_item page-item-66152\"><a href=\"https:\/\/icripalimosani.edu.it\/site\/2020\/09\/28\/20200928095002unidos\/\">ORARIO DI FUNZIONAMENTO DEFINITIVO PLESSO MATRICE<\/a><\/li><li class=\"elementor-sitemap-item elementor-sitemap-item-post page_item page-item-66151\"><a href=\"https:\/\/icripalimosani.edu.it\/site\/2020\/09\/28\/20200928093122unidos\/\">Riapertura delle scuole. Attestati di guarigione da COVID-19 o da patologia diversa da COVID-19 per alunni\/personale scolastico con sospetta infezione da SARS-CoV-2.<\/a><\/li><li class=\"elementor-sitemap-item elementor-sitemap-item-post page_item page-item-66150\"><a href=\"https:\/\/icripalimosani.edu.it\/site\/2020\/09\/28\/20200928092920unidos\/\">Comunicazione sospensione delle attivit\u00e0 didattiche e chiusura uffici di segreteria a. s. 2020\/2021<\/a><\/li><li class=\"elementor-sitemap-item elementor-sitemap-item-post page_item page-item-66149\"><a href=\"https:\/\/icripalimosani.edu.it\/site\/2020\/09\/28\/20200928082013unidos\/\">Riapertura delle scuole. Attestati di guarigione da COVID-19 o da patologia diversa da COVID-19 per alunni\/personale scolastico con sospetta infezione da SARS-CoV-2<\/a><\/li><li class=\"elementor-sitemap-item elementor-sitemap-item-post page_item page-item-66148\"><a href=\"https:\/\/icripalimosani.edu.it\/site\/2020\/09\/26\/20200926120054unidos\/\">Comunicazione inizio mensa Scuola Infanzia &#8211; Limosano<\/a><\/li><li class=\"elementor-sitemap-item elementor-sitemap-item-post page_item page-item-66147\"><a href=\"https:\/\/icripalimosani.edu.it\/site\/2020\/09\/26\/20200926113036unidos\/\">ordine ACQUISTO TARGA ED ETICHETTEAvviso Prot.n. 9911 del 20\/04\/2018 &#8211; FESR &#8211; Ambienti Digitali per la didattica integrata con gli Arredi Scolastici Progetto PON\/FESR 10.8.1.A6-FSCMO-2019-3 CUP: I22G18000400001CIG: ZBC2E275D4<\/a><\/li><li class=\"elementor-sitemap-item elementor-sitemap-item-post page_item page-item-66146\"><a href=\"https:\/\/icripalimosani.edu.it\/site\/2020\/09\/26\/20200926112817unidos\/\">DETERMINA A CONTRARRE ACQUISTO TARGA ED ETICHETTEAvviso Prot.n. 9911 del 20\/04\/2018 &#8211; FESR &#8211; Ambienti Digitali per la didattica integrata con gli Arredi Scolastici Progetto PON\/FESR 10.8.1.A6-FSCMO-2019-3 CUP: I22G18000400001CIG: ZBC2E275D4<\/a><\/li><li class=\"elementor-sitemap-item elementor-sitemap-item-post page_item page-item-66145\"><a href=\"https:\/\/icripalimosani.edu.it\/site\/2020\/09\/26\/20200926090510unidos\/\">CORSO FORMAZIONE GRADUATORIE GPS<\/a><\/li><li class=\"elementor-sitemap-item elementor-sitemap-item-post page_item page-item-66144\"><a href=\"https:\/\/icripalimosani.edu.it\/site\/2020\/09\/26\/20200926082335unidos\/\">INDICAZIONI OPERATIVE<\/a><\/li><li class=\"elementor-sitemap-item elementor-sitemap-item-post page_item page-item-66082\"><a href=\"https:\/\/icripalimosani.edu.it\/site\/2020\/09\/24\/20200924125322unidos\/\">CHIUSURA PER FESTIVITA&#8217; SANTO PATRONO<\/a><\/li><li class=\"elementor-sitemap-item elementor-sitemap-item-post page_item page-item-66081\"><a href=\"https:\/\/icripalimosani.edu.it\/site\/2020\/09\/24\/20200924124931unidos\/\">Certificazioni per il rientro a scuola<\/a><\/li><li class=\"elementor-sitemap-item elementor-sitemap-item-post page_item page-item-66055\"><a href=\"https:\/\/icripalimosani.edu.it\/site\/2020\/09\/23\/20200923115009unidos\/\">ORARI<\/a><\/li><li class=\"elementor-sitemap-item elementor-sitemap-item-post page_item page-item-66053\"><a href=\"https:\/\/icripalimosani.edu.it\/site\/2020\/09\/23\/20200923111512unidos\/\">COLLEGIO DEI DOCENTI<\/a><\/li><li class=\"elementor-sitemap-item elementor-sitemap-item-post page_item page-item-66052\"><a href=\"https:\/\/icripalimosani.edu.it\/site\/2020\/09\/23\/20200923102226unidos\/\">Incontri scuola-famiglia &#8211; classe prima &#8211; Primaria Ripalimosani<\/a><\/li><li class=\"elementor-sitemap-item elementor-sitemap-item-post page_item page-item-66051\"><a href=\"https:\/\/icripalimosani.edu.it\/site\/2020\/09\/23\/20200923081412unidos\/\">Comparto Istruzione e Ricerca \u2013 Sezione Scuola. Sciopero nazionale per il 3 ottobre 2020.<\/a><\/li><li class=\"elementor-sitemap-item elementor-sitemap-item-post page_item page-item-66031\"><a href=\"https:\/\/icripalimosani.edu.it\/site\/2020\/09\/18\/20200918133819unidos\/\">Ordine  ACQUISTO TARGA ED ETICHETTE \u2013Risorse FSC 2007-2013 \u2013 Delibera del CIPE 11 LUGLIO 2012, n. 79 CUP: I25E19000110001 CIG: Z112E2B58D Cod. Progetto: MO5A28.18<\/a><\/li><li class=\"elementor-sitemap-item elementor-sitemap-item-post page_item page-item-66030\"><a href=\"https:\/\/icripalimosani.edu.it\/site\/2020\/09\/18\/20200918133717unidos\/\">DETERMINA A CONTRARRE  ACQUISTO TARGA ED ETICHETTEAffidamento diretto ai sensi dell\u2019art. 36, comma 2, lettera a), D. L.gs. 50\/2016 e s.m.i. \u2013Risorse FSC 2007-2013 \u2013 Delibera del CIPE 11 LUGLIO 2012, n. 79 CUP: I25E19000110001 CIG: Z112E2B58D Cod. Progetto: MO5A28.18<\/a><\/li><li class=\"elementor-sitemap-item elementor-sitemap-item-post page_item page-item-66028\"><a href=\"https:\/\/icripalimosani.edu.it\/site\/2020\/09\/18\/20200918112511unidos\/\">Convocazione collegio orizzontale per segmento<\/a><\/li><li class=\"elementor-sitemap-item elementor-sitemap-item-post page_item page-item-66027\"><a href=\"https:\/\/icripalimosani.edu.it\/site\/2020\/09\/17\/20200917100050unidos\/\">Fornitura mascherine chirurgiche e gel igienizzante &#8211; a.s. 2020-2021<\/a><\/li><li class=\"elementor-sitemap-item elementor-sitemap-item-post page_item page-item-66026\"><a href=\"https:\/\/icripalimosani.edu.it\/site\/2020\/09\/17\/20200917081021unidos\/\">Piano annuale delle attivit\u00e0 a.s. 2020\/2021<\/a><\/li><li class=\"elementor-sitemap-item elementor-sitemap-item-post page_item page-item-66012\"><a href=\"https:\/\/icripalimosani.edu.it\/site\/2020\/09\/15\/20200915120419unidos\/\">Referendum Costituzionale del 20 e 21 settembre 2020<\/a><\/li><li class=\"elementor-sitemap-item elementor-sitemap-item-post page_item page-item-66011\"><a href=\"https:\/\/icripalimosani.edu.it\/site\/2020\/09\/15\/20200915111756unidos\/\">Comparto Istruzione e Ricerca \u2013 Sezione Scuola Scioperi per l\u2019intera giornata dei giorni 24 e 25 settembre 2020<\/a><\/li><li class=\"elementor-sitemap-item elementor-sitemap-item-post page_item page-item-66010\"><a href=\"https:\/\/icripalimosani.edu.it\/site\/2020\/09\/15\/20200915105032unidos\/\">CORSO DI FORMAZIONE.LA CONVALIDA DEI PUNTEGGI<\/a><\/li><li class=\"elementor-sitemap-item elementor-sitemap-item-post page_item page-item-66009\"><a href=\"https:\/\/icripalimosani.edu.it\/site\/2020\/09\/15\/20200915094155unidos\/\">Indicazioni operative SARS COV2<\/a><\/li><li class=\"elementor-sitemap-item elementor-sitemap-item-post page_item page-item-65997\"><a href=\"https:\/\/icripalimosani.edu.it\/site\/2020\/09\/14\/20200914132433unidos\/\">INTEGRAZIONE PRIVACY COVID19<\/a><\/li><li class=\"elementor-sitemap-item elementor-sitemap-item-post page_item page-item-65996\"><a href=\"https:\/\/icripalimosani.edu.it\/site\/2020\/09\/14\/20200914104240unidos\/\">RETTIFICA ORARIO_DI_FUNZIONAMENTO PLESSI<\/a><\/li><li class=\"elementor-sitemap-item elementor-sitemap-item-post page_item page-item-65995\"><a href=\"https:\/\/icripalimosani.edu.it\/site\/2020\/09\/12\/20200912131327unidos\/\">MANDATI E DETERMINE PON SMART CLASS Codice CUP: I22G20000530007 Codice CIG: ZE32E1D9A9 Progetto PON\/FESR \u201c10.8.6A-FESRPON-MO-2020-33\u201d<\/a><\/li><li class=\"elementor-sitemap-item elementor-sitemap-item-post page_item page-item-65994\"><a href=\"https:\/\/icripalimosani.edu.it\/site\/2020\/09\/12\/20200912124943unidos\/\">Circolare interministeriale lavoratori fragili<\/a><\/li><li class=\"elementor-sitemap-item elementor-sitemap-item-post page_item page-item-65993\"><a href=\"https:\/\/icripalimosani.edu.it\/site\/2020\/09\/12\/20200912121550unidos\/\">DISPOSIZIONI DIRIGENZIALI INERENTI L&#8217;AVVIO DELL&#8217;ANNO SCOLASTICO<\/a><\/li><li class=\"elementor-sitemap-item elementor-sitemap-item-post page_item page-item-65992\"><a href=\"https:\/\/icripalimosani.edu.it\/site\/2020\/09\/12\/20200912120150unidos\/\">Protocollo di regolamentazione delle misure per il contrasto e il contenimento della diffusione del virus Covid19<\/a><\/li><li class=\"elementor-sitemap-item elementor-sitemap-item-post page_item page-item-65991\"><a href=\"https:\/\/icripalimosani.edu.it\/site\/2020\/09\/12\/20200912104536unidos\/\">REGOLAMENTO RECANTE MISURE DI PREVENZIONEnE CONTENIMENTO DELLA DIFFUSIONE DEL SARS-COV-2n(INTEGRAZIONE AL REGOLAMENTO D\u2019ISTITUTO<\/a><\/li><li class=\"elementor-sitemap-item elementor-sitemap-item-post page_item page-item-65983\"><a href=\"https:\/\/icripalimosani.edu.it\/site\/2020\/09\/12\/20200912101108unidos\/\">REGOLAMENTO PER LO SVOLGIMENTO DELLE SEDUTE DEGLI ORGANI COLLEGIALI IN MODALIT\u00c0 TELEMATICA<\/a><\/li><li class=\"elementor-sitemap-item elementor-sitemap-item-post page_item page-item-65980\"><a href=\"https:\/\/icripalimosani.edu.it\/site\/2020\/09\/12\/20200912100818unidos\/\">REGOLAMENTO PER LA DIDATTICA DIGITALE INTEGRATA<\/a><\/li><li class=\"elementor-sitemap-item elementor-sitemap-item-post page_item page-item-65976\"><a href=\"https:\/\/icripalimosani.edu.it\/site\/2020\/09\/12\/20200912093249unidos\/\">LINEE GUIDA PER LA DIDATTICA A DISTANZA<\/a><\/li><li class=\"elementor-sitemap-item elementor-sitemap-item-post page_item page-item-65973\"><a href=\"https:\/\/icripalimosani.edu.it\/site\/2020\/09\/12\/20200912093004unidos\/\">Atto di indirizzo per le attivit\u00e0 della scuola ai sensi dell\u2019art. 3, comma 4, del DPR 275\/99. Integrazione anno scolastico 2020\/21<\/a><\/li><li class=\"elementor-sitemap-item elementor-sitemap-item-post page_item page-item-65971\"><a href=\"https:\/\/icripalimosani.edu.it\/site\/2020\/09\/11\/20200911091920unidos\/\">DETERMINA A CONTRARRE Art. 36 comma 2 lettera a) Decreto Lgs. 50\/2016 cos\u00ec come modificato dal D. Lgs. 56\/2017 ACQUISTO TARGA ED ETICHETTE Codice CUP: I22G20000530007 Codice CIG: ZE32E1D9A9 Progetto PON\/FESR \u201c10.8.6A-FESRPON-MO-2020-33\u201d<\/a><\/li><li class=\"elementor-sitemap-item elementor-sitemap-item-post page_item page-item-65970\"><a href=\"https:\/\/icripalimosani.edu.it\/site\/2020\/09\/11\/20200911091749unidos\/\">buono d&#8217;ordineACQUISTO TARGA ED ETICHETTE Codice CUP: I22G20000530007 Codice CIG: ZE32E1D9A9 Progetto PON\/FESR \u201c10.8.6A-FESRPON-MO-2020-33\u201d<\/a><\/li><li class=\"elementor-sitemap-item elementor-sitemap-item-post page_item page-item-65969\"><a href=\"https:\/\/icripalimosani.edu.it\/site\/2020\/09\/10\/20200910133014unidos\/\">Trasmissione verbale 104 del 31.08.20202- Uso delle mascherine.<\/a><\/li><li class=\"elementor-sitemap-item elementor-sitemap-item-post page_item page-item-65952\"><a href=\"https:\/\/icripalimosani.edu.it\/site\/2020\/09\/10\/20200910095549unidos\/\">integrazione patto educativo di corresponsabilit\u00e0<\/a><\/li><li class=\"elementor-sitemap-item elementor-sitemap-item-post page_item page-item-65951\"><a href=\"https:\/\/icripalimosani.edu.it\/site\/2020\/09\/10\/20200910094802unidos\/\">MODALITA&#8217; ACCOGLIENZA ALUNNI INFANZIA &#8211; A.S. 2020\/2021<\/a><\/li><li class=\"elementor-sitemap-item elementor-sitemap-item-post page_item page-item-65948\"><a href=\"https:\/\/icripalimosani.edu.it\/site\/2020\/09\/08\/20200908161011unidos\/\">Indicazioni operative test sierologici su base volontaria Personale docente e non docente<\/a><\/li><li class=\"elementor-sitemap-item elementor-sitemap-item-post page_item page-item-65947\"><a href=\"https:\/\/icripalimosani.edu.it\/site\/2020\/09\/08\/20200908133756unidos\/\">schema orario<\/a><\/li><li class=\"elementor-sitemap-item elementor-sitemap-item-post page_item page-item-65946\"><a href=\"https:\/\/icripalimosani.edu.it\/site\/2020\/09\/08\/20200908131853unidos\/\">CONVOCAZIONE COLLEGIO DOCENTI 11\/09\/2020<\/a><\/li><li class=\"elementor-sitemap-item elementor-sitemap-item-post page_item page-item-65945\"><a href=\"https:\/\/icripalimosani.edu.it\/site\/2020\/09\/08\/20200908095959unidos\/\">alunni fragili<\/a><\/li><li class=\"elementor-sitemap-item elementor-sitemap-item-post page_item page-item-65944\"><a href=\"https:\/\/icripalimosani.edu.it\/site\/2020\/09\/08\/20200908095512unidos\/\">modello dichiarazione caso sospetto COVID 19<\/a><\/li><li class=\"elementor-sitemap-item elementor-sitemap-item-post page_item page-item-65943\"><a href=\"https:\/\/icripalimosani.edu.it\/site\/2020\/09\/08\/20200908095002unidos\/\">percorso di continuit\u00e0 scuola dell&#8217;infanzia -scuola primaria.<\/a><\/li><li class=\"elementor-sitemap-item elementor-sitemap-item-post page_item page-item-65942\"><a href=\"https:\/\/icripalimosani.edu.it\/site\/2020\/09\/08\/20200908094153unidos\/\">informativa Covid alunni famiglie personale<\/a><\/li><li class=\"elementor-sitemap-item elementor-sitemap-item-post page_item page-item-65941\"><a href=\"https:\/\/icripalimosani.edu.it\/site\/2020\/09\/07\/20200907173357unidos\/\">Riunione Dipartimenti scuola Primaria in modalit\u00e0 telematica &#8211; integrazioni<\/a><\/li><li class=\"elementor-sitemap-item elementor-sitemap-item-post page_item page-item-65937\"><a href=\"https:\/\/icripalimosani.edu.it\/site\/2020\/09\/07\/20200907095628unidos\/\">MISURE DI SICUREZZA COVID 19<\/a><\/li><li class=\"elementor-sitemap-item elementor-sitemap-item-post page_item page-item-65936\"><a href=\"https:\/\/icripalimosani.edu.it\/site\/2020\/09\/07\/20200907090329unidos\/\">RINVIO DIPARTIMENTI<\/a><\/li><li class=\"elementor-sitemap-item elementor-sitemap-item-post page_item page-item-65935\"><a href=\"https:\/\/icripalimosani.edu.it\/site\/2020\/09\/05\/20200905094723unidos\/\">Misure di prevenzione e raccomandazioni per gli studenti delle scuole di ogni ordine e grado per la ripresa dell\u2019anno scolastico<\/a><\/li><li class=\"elementor-sitemap-item elementor-sitemap-item-post page_item page-item-65934\"><a href=\"https:\/\/icripalimosani.edu.it\/site\/2020\/09\/05\/20200905093744unidos\/\">Convocazione Commissione per il contenimento ed il  contrasto del Covid 19.<\/a><\/li><li class=\"elementor-sitemap-item elementor-sitemap-item-post page_item page-item-66359\"><a href=\"https:\/\/icripalimosani.edu.it\/site\/2020\/09\/04\/archivio-file\/\">Modulistica progetti<\/a><\/li><li class=\"elementor-sitemap-item elementor-sitemap-item-post page_item page-item-65933\"><a href=\"https:\/\/icripalimosani.edu.it\/site\/2020\/09\/04\/20200904100421unidos\/\">Indagine di mercato per fornitura targa pubblicitaria<\/a><\/li><li class=\"elementor-sitemap-item elementor-sitemap-item-post page_item page-item-65932\"><a href=\"https:\/\/icripalimosani.edu.it\/site\/2020\/09\/04\/20200904095211unidos\/\">CORSO DI FORMAZIONE REFERENTE SCOL.CO COVID 19<\/a><\/li><li class=\"elementor-sitemap-item elementor-sitemap-item-post page_item page-item-65931\"><a href=\"https:\/\/icripalimosani.edu.it\/site\/2020\/09\/04\/20200904084702unidos\/\">Disposizioni per gli accessi alla scuola<\/a><\/li><li class=\"elementor-sitemap-item elementor-sitemap-item-post page_item page-item-65930\"><a href=\"https:\/\/icripalimosani.edu.it\/site\/2020\/09\/03\/20200903134246unidos\/\">Percorso di continuit\u00e0 Comune di Limosano<\/a><\/li><li class=\"elementor-sitemap-item elementor-sitemap-item-post page_item page-item-65929\"><a href=\"https:\/\/icripalimosani.edu.it\/site\/2020\/09\/03\/20200903132048unidos\/\">Convocazione dei Dipartimenti disciplinari e del gruppo di lavoro per il Curriculo di Educazione Civica<\/a><\/li><li class=\"elementor-sitemap-item elementor-sitemap-item-post page_item page-item-65927\"><a href=\"https:\/\/icripalimosani.edu.it\/site\/2020\/09\/03\/20200903123541unidos\/\">VADEMECUM PER LA GESTIONE DELLA DIDATTICA ON LINE NEI GIORNI DI SOSPENSIONE DELLE LEZIONI PER CAUSA DI FORZA MAGGIORE \u2013 EMERGENZA COVID 19<\/a><\/li><li class=\"elementor-sitemap-item elementor-sitemap-item-post page_item page-item-65821\"><a href=\"https:\/\/icripalimosani.edu.it\/site\/2020\/09\/03\/20200903091443unidos\/\">AMBITO 1 &#8211; FORMAZIONE DOCENTI: CORSI IN MODALITA&#8217; TELEMATICA<\/a><\/li><li class=\"elementor-sitemap-item elementor-sitemap-item-post page_item page-item-65820\"><a href=\"https:\/\/icripalimosani.edu.it\/site\/2020\/09\/02\/20200902135322unidos\/\">Percorso di Continuit\u00e0 scuola dell\u2019infanzia\/scuola primaria<\/a><\/li><li class=\"elementor-sitemap-item elementor-sitemap-item-post page_item page-item-65819\"><a href=\"https:\/\/icripalimosani.edu.it\/site\/2020\/09\/02\/20200902133500unidos\/\">Indicazioni operative per la gestione di casi e focolai di SARS-CoV-2 nelle scuole e nei servizi educativi dell\u2019infanzia<\/a><\/li><li class=\"elementor-sitemap-item elementor-sitemap-item-post page_item page-item-65816\"><a href=\"https:\/\/icripalimosani.edu.it\/site\/2020\/09\/02\/20200902133338unidos\/\">\u201cIntegrazione al Patto di corresponsabilit\u00e0 educativa per emergenza \u201cCovid 19\u201d<\/a><\/li><li class=\"elementor-sitemap-item elementor-sitemap-item-post page_item page-item-65814\"><a href=\"https:\/\/icripalimosani.edu.it\/site\/2020\/09\/02\/20200902133047unidos\/\">calendario impegni collegiali avvio anno scolastico 2020\/21<\/a><\/li><li class=\"elementor-sitemap-item elementor-sitemap-item-post page_item page-item-65743\"><a href=\"https:\/\/icripalimosani.edu.it\/site\/2020\/09\/02\/20200902101843unidos\/\">DECRETO DI COSTITUZIONE DELLA COMMISSIONE PER L\u2019APPLICAZIONE, LA VERIFICA E L\u2019AGGIORNAMENTO DEL PROTOCOLLO DI REGOLAMENTAZIONE DELLE MISURE PER IL CONTRASTO ED IL CONTENIMENTO DELLA DIFFUSIONE DEL VIRUS COVID-19 Campo<\/a><\/li><li class=\"elementor-sitemap-item elementor-sitemap-item-post page_item page-item-65683\"><a href=\"https:\/\/icripalimosani.edu.it\/site\/2020\/09\/01\/20200901120722unidos\/\">INFORMATIVA COVID-19 SCUOLA<\/a><\/li><li class=\"elementor-sitemap-item elementor-sitemap-item-post page_item page-item-65550\"><a href=\"https:\/\/icripalimosani.edu.it\/site\/2020\/09\/01\/20200901092826unidos\/\">UIL Scuola Molise: Notizie] 31 agosto 2020<\/a><\/li><li class=\"elementor-sitemap-item elementor-sitemap-item-post page_item page-item-65549\"><a href=\"https:\/\/icripalimosani.edu.it\/site\/2020\/08\/27\/20200827192118unidos\/\">Convocazione del Collegio unitario dei docenti<\/a><\/li><li class=\"elementor-sitemap-item elementor-sitemap-item-post page_item page-item-65548\"><a href=\"https:\/\/icripalimosani.edu.it\/site\/2020\/08\/27\/20200827110431unidos\/\">ALUNNI FRAGILI<\/a><\/li><li class=\"elementor-sitemap-item elementor-sitemap-item-post page_item page-item-65546\"><a href=\"https:\/\/icripalimosani.edu.it\/site\/2020\/08\/27\/20200827095248unidos\/\">Comunicato flccgil<\/a><\/li><li class=\"elementor-sitemap-item elementor-sitemap-item-post page_item page-item-65545\"><a href=\"https:\/\/icripalimosani.edu.it\/site\/2020\/08\/26\/20200826110515unidos\/\">Presa di servizio del personale Docente e ATA trasferito o neo-immesso in ruolo dal primo settembre 2020.<\/a><\/li><li class=\"elementor-sitemap-item elementor-sitemap-item-post page_item page-item-65224\"><a href=\"https:\/\/icripalimosani.edu.it\/site\/2020\/08\/25\/20200825083159unidos\/\">Indirizzi operativi per l\u2019effettuazione su base volontaria dei test sierologici sul personale docente e non docente delle scuole pubbliche e private nell\u2019intero territorio nazionale.<\/a><\/li><li class=\"elementor-sitemap-item elementor-sitemap-item-post page_item page-item-65223\"><a href=\"https:\/\/icripalimosani.edu.it\/site\/2020\/08\/25\/20200825082457unidos\/\">FORMAZIONE USR GEMELLI<\/a><\/li><li class=\"elementor-sitemap-item elementor-sitemap-item-post page_item page-item-65219\"><a href=\"https:\/\/icripalimosani.edu.it\/site\/2020\/08\/20\/20200820104641unidos\/\">indicazioni covid<\/a><\/li><li class=\"elementor-sitemap-item elementor-sitemap-item-post page_item page-item-65206\"><a href=\"https:\/\/icripalimosani.edu.it\/site\/2020\/07\/20\/20200720120328unidos\/\">Comunicato stampa: 21 luglio presidio unitario<\/a><\/li><li class=\"elementor-sitemap-item elementor-sitemap-item-post page_item page-item-65205\"><a href=\"https:\/\/icripalimosani.edu.it\/site\/2020\/07\/20\/20200720120227unidos\/\">FLC CGIL Scuola, protocollo sicurezza e ripartenza: i sindacati incontrano la Ministra Azzolina<\/a><\/li><li class=\"elementor-sitemap-item elementor-sitemap-item-post page_item page-item-65203\"><a href=\"https:\/\/icripalimosani.edu.it\/site\/2020\/07\/20\/20200720083131unidos\/\">UIL Scuola Molise: Notizie] 17 luglio 2020: L\u2019allarme dei sindacati, mobilit\u00e0 annuale, Settembre a scuola, Concorsi, Graduatorie, ATA, Precariato, IRASE-Formazione, Scuolabus per tutti, BONUS vacanze, Formazione obbligatoria, Siamo in ascolto, Bandi INPS, Ricorsi e Ricostruzione di carriera, ecc.<\/a><\/li><li class=\"elementor-sitemap-item elementor-sitemap-item-post page_item page-item-65177\"><a href=\"https:\/\/icripalimosani.edu.it\/site\/2020\/07\/10\/20200710110345unidos\/\">Disposizione_MAD_a.s._2020-21<\/a><\/li><li class=\"elementor-sitemap-item elementor-sitemap-item-post page_item page-item-65171\"><a href=\"https:\/\/icripalimosani.edu.it\/site\/2020\/07\/01\/20200701125022unidos\/\">Lettera alla comunita&#8217; scolastica della Ministra Lucia Azzolina e Piano Scuola 2020\/2021<\/a><\/li><li class=\"elementor-sitemap-item elementor-sitemap-item-post page_item page-item-65170\"><a href=\"https:\/\/icripalimosani.edu.it\/site\/2020\/07\/01\/20200701123829unidos\/\">FLC CGIL Piano Scuola: emanate le linee guida per la ripartenza<\/a><\/li><li class=\"elementor-sitemap-item elementor-sitemap-item-post page_item page-item-65169\"><a href=\"https:\/\/icripalimosani.edu.it\/site\/2020\/07\/01\/20200701122549unidos\/\">Restituzione dispositivi in comodato d&#8217;uso<\/a><\/li><li class=\"elementor-sitemap-item elementor-sitemap-item-post page_item page-item-65168\"><a href=\"https:\/\/icripalimosani.edu.it\/site\/2020\/06\/30\/20200630122122unidos\/\">Obbligo del sistema di pagamento PagoPA dal 30\/06\/2020<\/a><\/li><li class=\"elementor-sitemap-item elementor-sitemap-item-post page_item page-item-65166\"><a href=\"https:\/\/icripalimosani.edu.it\/site\/2020\/06\/25\/20200625120721unidos\/\">Convocazione telematica del Collegio unitario dei docenti<\/a><\/li><li class=\"elementor-sitemap-item elementor-sitemap-item-post page_item page-item-65163\"><a href=\"https:\/\/icripalimosani.edu.it\/site\/2020\/06\/23\/20200623080158unidos\/\">Assemblea Licei musicali\/coreutici\/secondarie ad indirizzo musicale<\/a><\/li><li class=\"elementor-sitemap-item elementor-sitemap-item-post page_item page-item-65133\"><a href=\"https:\/\/icripalimosani.edu.it\/site\/2020\/06\/13\/20200613093432unidos\/\">PUBBLICAZIONE ESITI SCRUTINI<\/a><\/li><li class=\"elementor-sitemap-item elementor-sitemap-item-post page_item page-item-65132\"><a href=\"https:\/\/icripalimosani.edu.it\/site\/2020\/06\/13\/20200613081428unidos\/\">FLC CGIL  Ferie del personale della scuola &#8211; Esame di stato secondo grado<\/a><\/li><li class=\"elementor-sitemap-item elementor-sitemap-item-post page_item page-item-65131\"><a href=\"https:\/\/icripalimosani.edu.it\/site\/2020\/06\/10\/20200610081456unidos\/\">[FLC CGIL] Scuola: sciopero e manifestazioni in tutta Italia per chiedere la riapertura in sicurezza<\/a><\/li><li class=\"elementor-sitemap-item elementor-sitemap-item-post page_item page-item-65130\"><a href=\"https:\/\/icripalimosani.edu.it\/site\/2020\/06\/09\/20200609123043unidos\/\">Modifica calendario attivit\u00e0  giugno 2020<\/a><\/li><li class=\"elementor-sitemap-item elementor-sitemap-item-post page_item page-item-65129\"><a href=\"https:\/\/icripalimosani.edu.it\/site\/2020\/06\/09\/20200609122858unidos\/\">Formazione in servizio (art.1 comma 124 L.107\/2015) deliberata dal Collegio dei docenti.<\/a><\/li><li class=\"elementor-sitemap-item elementor-sitemap-item-post page_item page-item-65128\"><a href=\"https:\/\/icripalimosani.edu.it\/site\/2020\/06\/09\/20200609083516unidos\/\">INDICAZIONI CARICAMENTO DOCUMENTI E SCRUTINI FINALI<\/a><\/li><li class=\"elementor-sitemap-item elementor-sitemap-item-post page_item page-item-65107\"><a href=\"https:\/\/icripalimosani.edu.it\/site\/2020\/06\/06\/20200606131536unidos\/\">CORSO FORMAZIONE REGISTRO ELETTRONICO SCUOLA PRIMARIA<\/a><\/li><li class=\"elementor-sitemap-item elementor-sitemap-item-post page_item page-item-65106\"><a href=\"https:\/\/icripalimosani.edu.it\/site\/2020\/06\/06\/20200606130712unidos\/\">8 GIUGNO- Sciopero della scuola e presidio a Campobasso<\/a><\/li><li class=\"elementor-sitemap-item elementor-sitemap-item-post page_item page-item-65102\"><a href=\"https:\/\/icripalimosani.edu.it\/site\/2020\/06\/06\/20200606091759unidos\/\">UIL SCUOLA RUA &#8211; Sciopero 8 giugno 2020 &#8211; Manifestazione Regionale Piazza Prefettura Campobasso<\/a><\/li><li class=\"elementor-sitemap-item elementor-sitemap-item-post page_item page-item-65101\"><a href=\"https:\/\/icripalimosani.edu.it\/site\/2020\/06\/05\/20200605114523unidos\/\">[FLC CGIL] Scuola, sciopero 8 giugno: le ragioni della protesta. Come aderire<\/a><\/li><li class=\"elementor-sitemap-item elementor-sitemap-item-post page_item page-item-65092\"><a href=\"https:\/\/icripalimosani.edu.it\/site\/2020\/06\/04\/20200604092153unidos\/\">\u201cSCUOLE APERTE ALLO SPORT -. PREMIO ALL\u2019 ISTITUTO \u201cALIGHIERI\u201d<\/a><\/li><li class=\"elementor-sitemap-item elementor-sitemap-item-post page_item page-item-65086\"><a href=\"https:\/\/icripalimosani.edu.it\/site\/2020\/06\/03\/20200603133134unidos\/\">Procedura per la Valutazione del periodo di formazione e di prova ( Nota MIUR 39533 del 05\/04\/2020 ; Nota MIUR 7304 del 27\/03\/2020)<\/a><\/li><li class=\"elementor-sitemap-item elementor-sitemap-item-post page_item page-item-65085\"><a href=\"https:\/\/icripalimosani.edu.it\/site\/2020\/06\/03\/20200603105317unidos\/\">SCIOPERO 8 GIUGNO 2020<\/a><\/li><li class=\"elementor-sitemap-item elementor-sitemap-item-post page_item page-item-65084\"><a href=\"https:\/\/icripalimosani.edu.it\/site\/2020\/06\/03\/20200603075346unidos\/\">Manifesto dei principi e dei diritti dei bambini in ospedale]<\/a><\/li><li class=\"elementor-sitemap-item elementor-sitemap-item-post page_item page-item-65073\"><a href=\"https:\/\/icripalimosani.edu.it\/site\/2020\/06\/01\/20200601103414unidos\/\">Convocazione Presentazione Elaborato Finale.<\/a><\/li><li class=\"elementor-sitemap-item elementor-sitemap-item-post page_item page-item-65072\"><a href=\"https:\/\/icripalimosani.edu.it\/site\/2020\/06\/01\/20200601100740unidos\/\">Fwd: seminario sul protocollo di sicurezza.4.6.20<\/a><\/li><li class=\"elementor-sitemap-item elementor-sitemap-item-post page_item page-item-65071\"><a href=\"https:\/\/icripalimosani.edu.it\/site\/2020\/05\/30\/20200530115426unidos\/\">8 GIUGNO: SCIOPERO DELLA SCUOLA<\/a><\/li><li class=\"elementor-sitemap-item elementor-sitemap-item-post page_item page-item-65070\"><a href=\"https:\/\/icripalimosani.edu.it\/site\/2020\/05\/30\/20200530084148unidos\/\">Adempimenti relativi alla chiusura dell\u2019anno scolastico 2019\/2020<\/a><\/li><li class=\"elementor-sitemap-item elementor-sitemap-item-post page_item page-item-65068\"><a href=\"https:\/\/icripalimosani.edu.it\/site\/2020\/05\/29\/20200529093346unidos\/\">[FLC CGIL] #ATA news n. 4\/2020<\/a><\/li><li class=\"elementor-sitemap-item elementor-sitemap-item-post page_item page-item-65067\"><a href=\"https:\/\/icripalimosani.edu.it\/site\/2020\/05\/29\/20200529093012unidos\/\">SCIOPERO 5 GIUGNO 2020<\/a><\/li><li class=\"elementor-sitemap-item elementor-sitemap-item-post page_item page-item-65066\"><a href=\"https:\/\/icripalimosani.edu.it\/site\/2020\/05\/28\/20200528082518unidos\/\">FLC CGIL Scuola: proclamato lo stato di agitazione<\/a><\/li><li class=\"elementor-sitemap-item elementor-sitemap-item-post page_item page-item-65064\"><a href=\"https:\/\/icripalimosani.edu.it\/site\/2020\/05\/26\/20200526094258unidos\/\">CALENDARIO ADEMPIMENTI DI GIUGNO<\/a><\/li><li class=\"elementor-sitemap-item elementor-sitemap-item-post page_item page-item-65063\"><a href=\"https:\/\/icripalimosani.edu.it\/site\/2020\/05\/26\/20200526082003unidos\/\">Comunicato sindacale unitario<\/a><\/li><li class=\"elementor-sitemap-item elementor-sitemap-item-post page_item page-item-65062\"><a href=\"https:\/\/icripalimosani.edu.it\/site\/2020\/05\/23\/20200523093938unidos\/\">Convocazione Consigli delle classi Terze della Scuola Secondaria di Primo grado e dei Consigli di interclasse delle classi Terze e Quinte della scuola Primaria.<\/a><\/li><li class=\"elementor-sitemap-item elementor-sitemap-item-post page_item page-item-65054\"><a href=\"https:\/\/icripalimosani.edu.it\/site\/2020\/05\/21\/20200521091007unidos\/\">convocazione di un\u2019assemblea sindacale territoriale per il personale ATA delle istituzioni<\/a><\/li><li class=\"elementor-sitemap-item elementor-sitemap-item-post page_item page-item-65050\"><a href=\"https:\/\/icripalimosani.edu.it\/site\/2020\/05\/20\/20200520174240unidos\/\">Modalit\u00e0 di invio dell&#8217;elaborato. Esami di Stato nel Primo ciclo di istituzione per l&#8217;anno scolastico 2019\/2020 (Ordinanza n. 9 del 16\/05\/2020).<\/a><\/li><li class=\"elementor-sitemap-item elementor-sitemap-item-post page_item page-item-65048\"><a href=\"https:\/\/icripalimosani.edu.it\/site\/2020\/05\/20\/20200520134742unidos\/\">Convocazione  telematica del Collegio unitario dei docenti<\/a><\/li><li class=\"elementor-sitemap-item elementor-sitemap-item-post page_item page-item-65046\"><a href=\"https:\/\/icripalimosani.edu.it\/site\/2020\/05\/20\/20200520131915unidos\/\">Calendario scrutini scuola primaria e consigli di intersezione scuola dell&#8217;infanzia per l&#8217;a.s. 2019 &#8211; 2020<\/a><\/li><li class=\"elementor-sitemap-item elementor-sitemap-item-post page_item page-item-65045\"><a href=\"https:\/\/icripalimosani.edu.it\/site\/2020\/05\/20\/20200520123008unidos\/\">ANIEF convocazione di un\u2019assemblea sindacale territoriale per il personale ATA delle istituzioni scolastiche della regione Molise<\/a><\/li><li class=\"elementor-sitemap-item elementor-sitemap-item-post page_item page-item-65043\"><a href=\"https:\/\/icripalimosani.edu.it\/site\/2020\/05\/20\/20200520095601unidos\/\">Calendario scrutini ed esami a.s. 2019-2020<\/a><\/li><li class=\"elementor-sitemap-item elementor-sitemap-item-post page_item page-item-65032\"><a href=\"https:\/\/icripalimosani.edu.it\/site\/2020\/05\/16\/20200516192730unidos\/\">Convocazione Consigli delle classi terze della scuola Secondaria di Primo grado<\/a><\/li><li class=\"elementor-sitemap-item elementor-sitemap-item-post page_item page-item-65031\"><a href=\"https:\/\/icripalimosani.edu.it\/site\/2020\/05\/16\/20200516182605unidos\/\">Modalit\u00e0 di svolgimento degli esami di Stato nel Primo ciclo di Istruzione per l\u2019anno scolastico 2019\/2020 (Ordinanza del 16\/05\/2020).<\/a><\/li><li class=\"elementor-sitemap-item elementor-sitemap-item-post page_item page-item-65030\"><a href=\"https:\/\/icripalimosani.edu.it\/site\/2020\/05\/15\/20200515105105unidos\/\">Pubblicazione Padlet CPS Molise &#8211; DaD &#8211; Diritto Inalienabile ed Universale allo Studio, al Sapere e alla Conoscenza nota USR prot. n. 2578 del 12\/05\/2020.<\/a><\/li><li class=\"elementor-sitemap-item elementor-sitemap-item-post page_item page-item-65029\"><a href=\"https:\/\/icripalimosani.edu.it\/site\/2020\/05\/12\/20200512092640unidos\/\">UIL Scuola Molise: Notizie 11 maggio 2020<\/a><\/li><li class=\"elementor-sitemap-item elementor-sitemap-item-post page_item page-item-65028\"><a href=\"https:\/\/icripalimosani.edu.it\/site\/2020\/05\/12\/20200512080822unidos\/\">Incontri tra docenti previsti dal progetto d\u2019Istituto \u201cContinuit\u00e0 e Orientamento\u201d per mettere in atto la continuit\u00e0 verticale<\/a><\/li><li class=\"elementor-sitemap-item elementor-sitemap-item-post page_item page-item-65027\"><a href=\"https:\/\/icripalimosani.edu.it\/site\/2020\/05\/11\/20200511120105unidos\/\">[UIL Scuola Molise: Notizie] 08 maggio 2020: ATA 24 mesi, Scuola: risorse e sicurzza, Patto per la ripartenza, Concorsi, Siamo in ascolto, Polizza rischio COVID, Didattica a distanza e Emergenza Coronavirus, Ricorsi e Ricostruzione di carriera, ecc<\/a><\/li><li class=\"elementor-sitemap-item elementor-sitemap-item-post page_item page-item-65026\"><a href=\"https:\/\/icripalimosani.edu.it\/site\/2020\/05\/11\/20200511111821unidos\/\">Rimodulazione progetto eTwinning<\/a><\/li><li class=\"elementor-sitemap-item elementor-sitemap-item-post page_item page-item-65024\"><a href=\"https:\/\/icripalimosani.edu.it\/site\/2020\/05\/09\/20200509091921unidos\/\">[FLC CGIL] Scuola: avviato il confronto sul protocollo per la sicurezza<\/a><\/li><li class=\"elementor-sitemap-item elementor-sitemap-item-post page_item page-item-65023\"><a href=\"https:\/\/icripalimosani.edu.it\/site\/2020\/05\/08\/20200508105211unidos\/\">Convocazione assemblea sindacale unitaria in orario di servizio<\/a><\/li><li class=\"elementor-sitemap-item elementor-sitemap-item-post page_item page-item-65022\"><a href=\"https:\/\/icripalimosani.edu.it\/site\/2020\/05\/08\/20200508093914unidos\/\">FLC CGIL &#8211; CISL SCUOLA &#8211; UIL SCUOLA RUA &#8211; SNALS CONFSAL &#8211; GILDA UNAMS Convocazione assemblea sindacale unitaria in orario di servizio<\/a><\/li><li class=\"elementor-sitemap-item elementor-sitemap-item-post page_item page-item-65021\"><a href=\"https:\/\/icripalimosani.edu.it\/site\/2020\/05\/07\/20200507094535unidos\/\">Convocazione assemblea sindacale territoriale del personale delle istituzioni scolastiche della provincia di Campobasso<\/a><\/li><li class=\"elementor-sitemap-item elementor-sitemap-item-post page_item page-item-65020\"><a href=\"https:\/\/icripalimosani.edu.it\/site\/2020\/05\/07\/20200507090100unidos\/\">ANIEF Nota sindacale del 5 maggio 2020<\/a><\/li><li class=\"elementor-sitemap-item elementor-sitemap-item-post page_item page-item-65019\"><a href=\"https:\/\/icripalimosani.edu.it\/site\/2020\/05\/07\/20200507085908unidos\/\">FLC CGIL #ATAnews n. 3\/2020<\/a><\/li><li class=\"elementor-sitemap-item elementor-sitemap-item-post page_item page-item-65017\"><a href=\"https:\/\/icripalimosani.edu.it\/site\/2020\/05\/05\/20200505080552unidos\/\">cancellazione prove INVALSI a.s. 2019-20 a seguito dell&#8217;emergenza COVID 19<\/a><\/li><li class=\"elementor-sitemap-item elementor-sitemap-item-post page_item page-item-65013\"><a href=\"https:\/\/icripalimosani.edu.it\/site\/2020\/05\/04\/20200504111603unidos\/\">PROSEGUIMENTO LAVORO AGILE<\/a><\/li><li class=\"elementor-sitemap-item elementor-sitemap-item-post page_item page-item-65012\"><a href=\"https:\/\/icripalimosani.edu.it\/site\/2020\/04\/30\/20200430122713unidos\/\">Formazione docenti nell&#8217;ambito del progetto &#8220;Future Did@tech Lab&#8221;-Aggiornamento programma corsi on line<\/a><\/li><li class=\"elementor-sitemap-item elementor-sitemap-item-post page_item page-item-65011\"><a href=\"https:\/\/icripalimosani.edu.it\/site\/2020\/04\/30\/20200430084148unidos\/\">Sciopero<\/a><\/li><li class=\"elementor-sitemap-item elementor-sitemap-item-post page_item page-item-65008\"><a href=\"https:\/\/icripalimosani.edu.it\/site\/2020\/04\/28\/20200428121119unidos\/\">Lettera del Ministro dell&#8217;istruzione alle scuole:   Tutela del diritto allo studio degli alunni con disabilita&#8217;<\/a><\/li><li class=\"elementor-sitemap-item elementor-sitemap-item-post page_item page-item-65004\"><a href=\"https:\/\/icripalimosani.edu.it\/site\/2020\/04\/27\/20200427165008unidos\/\">Integrazione al PTOF e al POF dell\u2019istituto Comprensivo \u201cAlighieri\u201d per la gestione della Didattica a Distanza (Approvato dal Collegio dei Docenti nella seduta del 3 aprile 2020)<\/a><\/li><li class=\"elementor-sitemap-item elementor-sitemap-item-post page_item page-item-65001\"><a href=\"https:\/\/icripalimosani.edu.it\/site\/2020\/04\/27\/20200427090502unidos\/\">UIL Scuola Molise: Notizie 23 aprile 2020<\/a><\/li><li class=\"elementor-sitemap-item elementor-sitemap-item-post page_item page-item-65000\"><a href=\"https:\/\/icripalimosani.edu.it\/site\/2020\/04\/24\/20200424095339unidos\/\">Modifica orario di convocazione dei Consigli di interclasse di Oratino del 27 aprile<\/a><\/li><li class=\"elementor-sitemap-item elementor-sitemap-item-post page_item page-item-64999\"><a href=\"https:\/\/icripalimosani.edu.it\/site\/2020\/04\/23\/20200423101355unidos\/\">[FLC CGIL] #ATAnews n. 2\/2020 &#8211; Speciale lavoro agile<\/a><\/li><li class=\"elementor-sitemap-item elementor-sitemap-item-post page_item page-item-64997\"><a href=\"https:\/\/icripalimosani.edu.it\/site\/2020\/04\/21\/20200421081727unidos\/\">Monitoraggio didattica a distanza periodo sospensione attivit\u00e0 didattiche per emergenza Covid19<\/a><\/li><li class=\"elementor-sitemap-item elementor-sitemap-item-post page_item page-item-64996\"><a href=\"https:\/\/icripalimosani.edu.it\/site\/2020\/04\/21\/20200421081529unidos\/\">Consigli di classe, di interclasse e di intersezione<\/a><\/li><li class=\"elementor-sitemap-item elementor-sitemap-item-post page_item page-item-64994\"><a href=\"https:\/\/icripalimosani.edu.it\/site\/2020\/04\/20\/20200420082413unidos\/\">trasmissione parere garante per la protezione dei dati personali &#8211; didattica a distanza<\/a><\/li><li class=\"elementor-sitemap-item elementor-sitemap-item-post page_item page-item-64993\"><a href=\"https:\/\/icripalimosani.edu.it\/site\/2020\/04\/18\/20200418123044unidos\/\">COLLOQUI GENITORI-DOCENTI<\/a><\/li><li class=\"elementor-sitemap-item elementor-sitemap-item-post page_item page-item-64991\"><a href=\"https:\/\/icripalimosani.edu.it\/site\/2020\/04\/17\/20200417090318unidos\/\">PROGETTO &#8220;ALIMENTAZIONE SANA&#8221;: PLESSO DI MATRICE<\/a><\/li><li class=\"elementor-sitemap-item elementor-sitemap-item-post page_item page-item-64990\"><a href=\"https:\/\/icripalimosani.edu.it\/site\/2020\/04\/16\/20200416124143unidos\/\">UIL Scuola Molise: Notizie 15 aprile 2020<\/a><\/li><li class=\"elementor-sitemap-item elementor-sitemap-item-post page_item page-item-64988\"><a href=\"https:\/\/icripalimosani.edu.it\/site\/2020\/04\/15\/20200415133804unidos\/\">Criteri per l&#8217;assegnazione di Dispositivi e\/o connettivit\u00e0 di rete ex co. 2 art. 120 D.L. n. 18 del 17 marzo 2020.<\/a><\/li><li class=\"elementor-sitemap-item elementor-sitemap-item-post page_item page-item-64987\"><a href=\"https:\/\/icripalimosani.edu.it\/site\/2020\/04\/15\/20200415130539unidos\/\">FLC CGIL Organici docenti: confermati i posti del contingente attuale<\/a><\/li><li class=\"elementor-sitemap-item elementor-sitemap-item-post page_item page-item-64983\"><a href=\"https:\/\/icripalimosani.edu.it\/site\/2020\/04\/15\/20200415091527unidos\/\">DPCM 10\/04\/2020: misure urgenti di contenimento del contagio da COVID 19; proroga sospensione attivit\u00e0 didattiche fino al 03 maggio 2020.<\/a><\/li><li class=\"elementor-sitemap-item elementor-sitemap-item-post page_item page-item-64982\"><a href=\"https:\/\/icripalimosani.edu.it\/site\/2020\/04\/14\/20200414130945unidos\/\">Formazione docenti nell&#8217;ambito del progetto &#8220;Future Lab Marconi&#8221;-Aggiornamento programma corsi a seguito emergenza COVID-19<\/a><\/li><li class=\"elementor-sitemap-item elementor-sitemap-item-post page_item page-item-64979\"><a href=\"https:\/\/icripalimosani.edu.it\/site\/2020\/04\/14\/20200414085900unidos\/\">UIL Scuola Molise: Notizie 11 aprile 2020<\/a><\/li><li class=\"elementor-sitemap-item elementor-sitemap-item-post page_item page-item-64978\"><a href=\"https:\/\/icripalimosani.edu.it\/site\/2020\/04\/10\/20200410104732unidos\/\">USB Scuola: NO, LA DAD NON \u00c8 LA SOLUZIONE<\/a><\/li><li class=\"elementor-sitemap-item elementor-sitemap-item-post page_item page-item-64977\"><a href=\"https:\/\/icripalimosani.edu.it\/site\/2020\/04\/10\/20200410104621unidos\/\">UIL Scuola Molise: Notizie 08 aprile 2020<\/a><\/li><li class=\"elementor-sitemap-item elementor-sitemap-item-post page_item page-item-64976\"><a href=\"https:\/\/icripalimosani.edu.it\/site\/2020\/04\/09\/20200409122623unidos\/\">Anief Nota Sindacale prot. n. 2020\/61 del 08 aprile 2020<\/a><\/li><li class=\"elementor-sitemap-item elementor-sitemap-item-post page_item page-item-64967\"><a href=\"https:\/\/icripalimosani.edu.it\/site\/2020\/04\/09\/20200409080414unidos\/\">Formazione docenti sulla DaD<\/a><\/li><li class=\"elementor-sitemap-item elementor-sitemap-item-post page_item page-item-64953\"><a href=\"https:\/\/icripalimosani.edu.it\/site\/2020\/04\/08\/20200408114236unidos\/\">FLC CGIL: Approvato il decreto legge scuola. Il nostro commento<\/a><\/li><li class=\"elementor-sitemap-item elementor-sitemap-item-post page_item page-item-64952\"><a href=\"https:\/\/icripalimosani.edu.it\/site\/2020\/04\/08\/20200408111318unidos\/\">UIL Scuola Molise: Notizie 06 aprile 2020<\/a><\/li><li class=\"elementor-sitemap-item elementor-sitemap-item-post page_item page-item-64951\"><a href=\"https:\/\/icripalimosani.edu.it\/site\/2020\/04\/07\/20200407113443unidos\/\">MESSAGGIO DEL DIRIGENTE SCOLASTICO<\/a><\/li><li class=\"elementor-sitemap-item elementor-sitemap-item-post page_item page-item-64950\"><a href=\"https:\/\/icripalimosani.edu.it\/site\/2020\/04\/06\/20200406101128unidos\/\">UIL SCUOLA MOLISE &#8211; notizie<\/a><\/li><li class=\"elementor-sitemap-item elementor-sitemap-item-post page_item page-item-64942\"><a href=\"https:\/\/icripalimosani.edu.it\/site\/2020\/04\/03\/20200403173506unidos\/\">VADEMECUM PER DOCENTI, GENITORI ED ALUNNI PER LA GESTIONE DELLA DIDATTICA ON LINE NEI GIORNI DI SOSPENSIONE DELLE LEZIONI PER CAUSA DI FORZA MAGGIORE \u2013 EMERGENZA COVID 19<\/a><\/li><li class=\"elementor-sitemap-item elementor-sitemap-item-post page_item page-item-64940\"><a href=\"https:\/\/icripalimosani.edu.it\/site\/2020\/04\/03\/20200403120207unidos\/\">AVVISO AI GENITORI: dispositivi digitali individuali per l\u2019apprendimento a distanza-SIM e servizi di connettivit\u00e0 per gli alunni.<\/a><\/li><li class=\"elementor-sitemap-item elementor-sitemap-item-post page_item page-item-64934\"><a href=\"https:\/\/icripalimosani.edu.it\/site\/2020\/04\/03\/20200403102650unidos\/\">DPCM 1\/04\/2020: proroga efficacia delle misure urgenti di contenimento del contagio da COVID 19; Vacanze Pasquali.<\/a><\/li><li class=\"elementor-sitemap-item elementor-sitemap-item-post page_item page-item-64933\"><a href=\"https:\/\/icripalimosani.edu.it\/site\/2020\/04\/03\/20200403090639unidos\/\">[UIL Scuola Molise: Notizie] 01 aprile 2020: Situazione straordinaria, Smart Working, Mobilit\u00e0, Didattica a distanza, Congedi, Mutui, Formazione, Didattica a distanza e Emergenza Coronavirus, Concorso IRASE, Ricorsi e Ricostruzione di carriera, ecc<\/a><\/li><li class=\"elementor-sitemap-item elementor-sitemap-item-post page_item page-item-64932\"><a href=\"https:\/\/icripalimosani.edu.it\/site\/2020\/04\/02\/20200402095615unidos\/\">UIL Scuola Molise: Notizie 31 marzo 2020: Situazione straordinaria, Smart Working, Mobilit\u00e0, Lavoro agile, Congedi, Mutui, Formazione, Didattica a distanza e Emergenza Coronavirus, Concorso IRASE, Ricorsi e Ricostruzione di carriera, ecc<\/a><\/li><li class=\"elementor-sitemap-item elementor-sitemap-item-post page_item page-item-64931\"><a href=\"https:\/\/icripalimosani.edu.it\/site\/2020\/04\/01\/20200401082135unidos\/\">Coronavirus e scuola, le proposte USB: anno scolastico chiuso al 6 marzo, no studenti respinti o con debiti<\/a><\/li><li class=\"elementor-sitemap-item elementor-sitemap-item-post page_item page-item-64925\"><a href=\"https:\/\/icripalimosani.edu.it\/site\/2020\/03\/31\/20200331122536unidos\/\">FLC CGIL #ATAnews n. 1\/2020<\/a><\/li><li class=\"elementor-sitemap-item elementor-sitemap-item-post page_item page-item-64923\"><a href=\"https:\/\/icripalimosani.edu.it\/site\/2020\/03\/31\/20200331103449unidos\/\">Convocazione straordinaria telematica del Collegio unitario dei docenti<\/a><\/li><li class=\"elementor-sitemap-item elementor-sitemap-item-post page_item page-item-64921\"><a href=\"https:\/\/icripalimosani.edu.it\/site\/2020\/03\/31\/20200331100820unidos\/\">Didattica a distanza: dispositivi digitali individuali e comodato d&#8217;uso<\/a><\/li><li class=\"elementor-sitemap-item elementor-sitemap-item-post page_item page-item-64909\"><a href=\"https:\/\/icripalimosani.edu.it\/site\/2020\/03\/28\/20200328105626unidos\/\">UIL SCUOLA RUA MOLISE &#8211; notizie<\/a><\/li><li class=\"elementor-sitemap-item elementor-sitemap-item-post page_item page-item-64908\"><a href=\"https:\/\/icripalimosani.edu.it\/site\/2020\/03\/27\/20200327135642unidos\/\">Graduatorie interne d\u2019Istituto per l\u2019individuazione di eventuali soprannumerari per l\u2019a.s 2020\/2021<\/a><\/li><li class=\"elementor-sitemap-item elementor-sitemap-item-post page_item page-item-64905\"><a href=\"https:\/\/icripalimosani.edu.it\/site\/2020\/03\/26\/20200326153410unidos\/\">Integrazione informativa all\u2019interessato Privacy della didattica a distanza<\/a><\/li><li class=\"elementor-sitemap-item elementor-sitemap-item-post page_item page-item-64904\"><a href=\"https:\/\/icripalimosani.edu.it\/site\/2020\/03\/26\/20200326080810unidos\/\">UIL SCUOLA RUA<\/a><\/li><li class=\"elementor-sitemap-item elementor-sitemap-item-post page_item page-item-64899\"><a href=\"https:\/\/icripalimosani.edu.it\/site\/2020\/03\/23\/20200323132540unidos\/\">UIL SCUOLA RUA MOLISE &#8211; notizie<\/a><\/li><li class=\"elementor-sitemap-item elementor-sitemap-item-post page_item page-item-64898\"><a href=\"https:\/\/icripalimosani.edu.it\/site\/2020\/03\/21\/20200321101055unidos\/\">[UIL Scuola Molise: Notizie] UIL Scuola Molise: Notizie] 21 marzo 2020: Didattica a distanza e Emergenza Coronavirus, Concorso IRASE, Ricorsi e Ricostruzione di carriera Concorsi, ecc<\/a><\/li><li class=\"elementor-sitemap-item elementor-sitemap-item-post page_item page-item-64896\"><a href=\"https:\/\/icripalimosani.edu.it\/site\/2020\/03\/21\/20200321093019unidos\/\">Emergenze educative<\/a><\/li><li class=\"elementor-sitemap-item elementor-sitemap-item-post page_item page-item-64895\"><a href=\"https:\/\/icripalimosani.edu.it\/site\/2020\/03\/20\/20200320110453unidos\/\">FLC CGIL &#8211; #CuraItalia: le novit\u00e0 per i settori della conoscenza<\/a><\/li><li class=\"elementor-sitemap-item elementor-sitemap-item-post page_item page-item-64877\"><a href=\"https:\/\/icripalimosani.edu.it\/site\/2020\/03\/17\/20200317193723unidos\/\">Applicazione del DPCM 11\/03\/2020<\/a><\/li><li class=\"elementor-sitemap-item elementor-sitemap-item-post page_item page-item-64870\"><a href=\"https:\/\/icripalimosani.edu.it\/site\/2020\/03\/11\/20200311130150unidos\/\">***UNCHECKED*** Fwd: Limitazione presenza personale ATA &#8211; materiali di supporto per attivazione lavoro agile<\/a><\/li><li class=\"elementor-sitemap-item elementor-sitemap-item-post page_item page-item-64869\"><a href=\"https:\/\/icripalimosani.edu.it\/site\/2020\/03\/11\/20200311125950unidos\/\">FLC INFORMA: emergenza coronavirus e indicazioni M.I, consulenza FLC nelle sedi<\/a><\/li><li class=\"elementor-sitemap-item elementor-sitemap-item-post page_item page-item-64868\"><a href=\"https:\/\/icripalimosani.edu.it\/site\/2020\/03\/11\/20200311125836unidos\/\">[FLC CGIL] Scuola, emergenza Coronavirus: indicazioni operative aggiornate<\/a><\/li><li class=\"elementor-sitemap-item elementor-sitemap-item-post page_item page-item-64867\"><a href=\"https:\/\/icripalimosani.edu.it\/site\/2020\/03\/11\/20200311125715unidos\/\">Fwd: Emergenza Coronavirus &#8211; linee generali di orientamento<\/a><\/li><li class=\"elementor-sitemap-item elementor-sitemap-item-post page_item page-item-64866\"><a href=\"https:\/\/icripalimosani.edu.it\/site\/2020\/03\/11\/20200311125547unidos\/\">ridefinizione degli impegni lavorativi del personale ATA in base alla circolare n.279 del 08\/03\/2020 del MI<\/a><\/li><li class=\"elementor-sitemap-item elementor-sitemap-item-post page_item page-item-64865\"><a href=\"https:\/\/icripalimosani.edu.it\/site\/2020\/03\/11\/20200311125322unidos\/\">[UIL Scuola Molise: Notizie] 09 marzo 2020: Emergenza Coronavirus, Par-time, TFA Sostegno, Concorso IRASE, Borse di studio, Ricorsi e Ricostruzione di carriera Concorsi, ecc.<\/a><\/li><li class=\"elementor-sitemap-item elementor-sitemap-item-post page_item page-item-64864\"><a href=\"https:\/\/icripalimosani.edu.it\/site\/2020\/03\/10\/20200310133404unidos\/\">COMUNICATO<\/a><\/li><li class=\"elementor-sitemap-item elementor-sitemap-item-post page_item page-item-64863\"><a href=\"https:\/\/icripalimosani.edu.it\/site\/2020\/03\/10\/20200310112842unidos\/\">Comunicazione apertura uffici di segreteria<\/a><\/li><li class=\"elementor-sitemap-item elementor-sitemap-item-post page_item page-item-64862\"><a href=\"https:\/\/icripalimosani.edu.it\/site\/2020\/03\/10\/20200310112358unidos\/\">comunicazione sospensione attivit\u00e0 didattiche<\/a><\/li><li class=\"elementor-sitemap-item elementor-sitemap-item-post page_item page-item-64858\"><a href=\"https:\/\/icripalimosani.edu.it\/site\/2020\/03\/10\/20200310084045unidos\/\">DPCM 8 marzo 2020<\/a><\/li><li class=\"elementor-sitemap-item elementor-sitemap-item-post page_item page-item-64857\"><a href=\"https:\/\/icripalimosani.edu.it\/site\/2020\/03\/10\/20200310082128unidos\/\">UIL SCUOLA RUA &#8211; nota unitaria emergenza COVID 19<\/a><\/li><li class=\"elementor-sitemap-item elementor-sitemap-item-post page_item page-item-64856\"><a href=\"https:\/\/icripalimosani.edu.it\/site\/2020\/03\/09\/20200309085548unidos\/\">REVOCA SCIPOERO 9 MARZO<\/a><\/li><li class=\"elementor-sitemap-item elementor-sitemap-item-post page_item page-item-64855\"><a href=\"https:\/\/icripalimosani.edu.it\/site\/2020\/03\/07\/20200307114434unidos\/\">COMUNICATO AI GENITORI EMERGENZA COVID-19<\/a><\/li><li class=\"elementor-sitemap-item elementor-sitemap-item-post page_item page-item-64853\"><a href=\"https:\/\/icripalimosani.edu.it\/site\/2020\/03\/07\/20200307103345unidos\/\">IRASE comunicazione<\/a><\/li><li class=\"elementor-sitemap-item elementor-sitemap-item-post page_item page-item-64852\"><a href=\"https:\/\/icripalimosani.edu.it\/site\/2020\/03\/06\/20200306085910unidos\/\">FLC CGIL comunicazioni<\/a><\/li><li class=\"elementor-sitemap-item elementor-sitemap-item-post page_item page-item-64851\"><a href=\"https:\/\/icripalimosani.edu.it\/site\/2020\/03\/05\/20200305133436unidos\/\">Misure urgenti in materia di contenimento e gestione dell&#8217;emergenza epidemiologica del COVID-19. Rete di solidariet\u00e0 delle Piccole Scuole- Calendario di Webinar. &#8211; INDIRE<\/a><\/li><li class=\"elementor-sitemap-item elementor-sitemap-item-post page_item page-item-64850\"><a href=\"https:\/\/icripalimosani.edu.it\/site\/2020\/03\/05\/20200305132648unidos\/\">SOSPENSIONE VIAGGI D&#8217;ISTRUZIONE E USCITE DIDATTICHE.<\/a><\/li><li class=\"elementor-sitemap-item elementor-sitemap-item-post page_item page-item-64841\"><a href=\"https:\/\/icripalimosani.edu.it\/site\/2020\/03\/05\/20200305121730unidos\/\">Disposizione e raccomandazioni su modalit\u00e0 di didattica a distanza.<\/a><\/li><li class=\"elementor-sitemap-item elementor-sitemap-item-post page_item page-item-64830\"><a href=\"https:\/\/icripalimosani.edu.it\/site\/2020\/03\/03\/20200303134037unidos\/\">AVVISO PROGETTO NATI PER LEGGERE<\/a><\/li><li class=\"elementor-sitemap-item elementor-sitemap-item-post page_item page-item-64828\"><a href=\"https:\/\/icripalimosani.edu.it\/site\/2020\/03\/03\/20200303084357unidos\/\">REVOCA SCIOPERO 6 MARZO 2020<\/a><\/li><li class=\"elementor-sitemap-item elementor-sitemap-item-post page_item page-item-64827\"><a href=\"https:\/\/icripalimosani.edu.it\/site\/2020\/03\/02\/20200302134642unidos\/\">Trasmissione locandina assemblea sindacale ANIEF &#8211; 10 marzo 2020<\/a><\/li><li class=\"elementor-sitemap-item elementor-sitemap-item-post page_item page-item-64826\"><a href=\"https:\/\/icripalimosani.edu.it\/site\/2020\/03\/02\/20200302132031unidos\/\">Progetto CLIL \u2013 \u201cA TRIP TO LONDON\u201d<\/a><\/li><li class=\"elementor-sitemap-item elementor-sitemap-item-post page_item page-item-64825\"><a href=\"https:\/\/icripalimosani.edu.it\/site\/2020\/02\/29\/20200229130735unidos\/\">RIPALIMOSANI &#8211; MASCHERATA 2020<\/a><\/li><li class=\"elementor-sitemap-item elementor-sitemap-item-post page_item page-item-64824\"><a href=\"https:\/\/icripalimosani.edu.it\/site\/2020\/02\/26\/20200226080510unidos\/\">SCIOPERO 3 MARZO &#8211;  REVOCA<\/a><\/li><li class=\"elementor-sitemap-item elementor-sitemap-item-post page_item page-item-64823\"><a href=\"https:\/\/icripalimosani.edu.it\/site\/2020\/02\/26\/20200226075703unidos\/\">COMUNICATO SOSPENSIONE DELLO SCIOPERO DEL 06\/03\/2020<\/a><\/li><li class=\"elementor-sitemap-item elementor-sitemap-item-post page_item page-item-64817\"><a href=\"https:\/\/icripalimosani.edu.it\/site\/2020\/02\/25\/20200225130542unidos\/\">Progetto \u201cNATI PER LEGGERE&#8221;<\/a><\/li><li class=\"elementor-sitemap-item elementor-sitemap-item-post page_item page-item-64816\"><a href=\"https:\/\/icripalimosani.edu.it\/site\/2020\/02\/24\/20200224111802unidos\/\">Azioni preventive di contrasto alla diffusione del Covid-19 (Coronavirus)<\/a><\/li><li class=\"elementor-sitemap-item elementor-sitemap-item-post page_item page-item-64815\"><a href=\"https:\/\/icripalimosani.edu.it\/site\/2020\/02\/24\/20200224101504unidos\/\">Fw: FORMAZIONE UILSCUOLA &#8211; IRASE   GRANDE CONSENSO<\/a><\/li><li class=\"elementor-sitemap-item elementor-sitemap-item-post page_item page-item-64814\"><a href=\"https:\/\/icripalimosani.edu.it\/site\/2020\/02\/24\/20200224101128unidos\/\">Fwd: 6 marzo 2020: seminario di formazione &#8220;storie di donne, storie di lotte&#8221;<\/a><\/li><li class=\"elementor-sitemap-item elementor-sitemap-item-post page_item page-item-64811\"><a href=\"https:\/\/icripalimosani.edu.it\/site\/2020\/02\/24\/20200224100538unidos\/\">AZIONI PREVENTIVE DI CONTRASTO ALLA DIFFUSIONE DEL COVID-19<\/a><\/li><li class=\"elementor-sitemap-item elementor-sitemap-item-post page_item page-item-64807\"><a href=\"https:\/\/icripalimosani.edu.it\/site\/2020\/02\/22\/20200222083809unidos\/\">Seminario eSafety Twin Space e Web Tools<\/a><\/li><li class=\"elementor-sitemap-item elementor-sitemap-item-post page_item page-item-64806\"><a href=\"https:\/\/icripalimosani.edu.it\/site\/2020\/02\/20\/20200220155803unidos\/\">Uil Scuola Molise &#8211; Corso di preparazione TFA<\/a><\/li><li class=\"elementor-sitemap-item elementor-sitemap-item-post page_item page-item-64805\"><a href=\"https:\/\/icripalimosani.edu.it\/site\/2020\/02\/20\/20200220155616unidos\/\">FLC CGIL &#8211; notizie<\/a><\/li><li class=\"elementor-sitemap-item elementor-sitemap-item-post page_item page-item-64804\"><a href=\"https:\/\/icripalimosani.edu.it\/site\/2020\/02\/20\/20200220155439unidos\/\">UIL Scuola Molise &#8211; notizie<\/a><\/li><li class=\"elementor-sitemap-item elementor-sitemap-item-post page_item page-item-64803\"><a href=\"https:\/\/icripalimosani.edu.it\/site\/2020\/02\/20\/20200220095214unidos\/\">sospensione attivit\u00e0 didattica<\/a><\/li><li class=\"elementor-sitemap-item elementor-sitemap-item-post page_item page-item-64802\"><a href=\"https:\/\/icripalimosani.edu.it\/site\/2020\/02\/20\/20200220085030unidos\/\">I: SCIOPERO Generale  della Regione Molise &#8211;  tutte le categorie pubbliche e private con alcune limitazioni ed esclusioni &#8211; 3 marzo 2020<\/a><\/li><li class=\"elementor-sitemap-item elementor-sitemap-item-post page_item page-item-64801\"><a href=\"https:\/\/icripalimosani.edu.it\/site\/2020\/02\/18\/20200218113829unidos\/\">sospensione attivit\u00e0 didattica<\/a><\/li><li class=\"elementor-sitemap-item elementor-sitemap-item-post page_item page-item-64800\"><a href=\"https:\/\/icripalimosani.edu.it\/site\/2020\/02\/18\/20200218112529unidos\/\">PROGETTO CLIL<\/a><\/li><li class=\"elementor-sitemap-item elementor-sitemap-item-post page_item page-item-64794\"><a href=\"https:\/\/icripalimosani.edu.it\/site\/2020\/02\/17\/20200217093334unidos\/\">Fwd: corso di preparazione al TFA sostegno<\/a><\/li><li class=\"elementor-sitemap-item elementor-sitemap-item-post page_item page-item-64793\"><a href=\"https:\/\/icripalimosani.edu.it\/site\/2020\/02\/17\/20200217084309unidos\/\">UIL Scuola &#8211; notizie<\/a><\/li><li class=\"elementor-sitemap-item elementor-sitemap-item-post page_item page-item-64785\"><a href=\"https:\/\/icripalimosani.edu.it\/site\/2020\/02\/13\/safer-internet-day\/\">SAFER INTERNET DAY<\/a><\/li><li class=\"elementor-sitemap-item elementor-sitemap-item-post page_item page-item-64784\"><a href=\"https:\/\/icripalimosani.edu.it\/site\/2020\/02\/13\/20200213090100unidos\/\">Somministrazione farmaci nelle scuole<\/a><\/li><li class=\"elementor-sitemap-item elementor-sitemap-item-post page_item page-item-64783\"><a href=\"https:\/\/icripalimosani.edu.it\/site\/2020\/02\/10\/20200210100614unidos\/\">Colloqui Scuola\/Famiglia &#8211; Febbraio 2020<\/a><\/li><li class=\"elementor-sitemap-item elementor-sitemap-item-post page_item page-item-64782\"><a href=\"https:\/\/icripalimosani.edu.it\/site\/2020\/02\/08\/20200208124908unidos\/\">Orario Assemblea sindacale territoriale art. 23 CCNL\/18<\/a><\/li><li class=\"elementor-sitemap-item elementor-sitemap-item-post page_item page-item-64781\"><a href=\"https:\/\/icripalimosani.edu.it\/site\/2020\/02\/08\/20200208103102unidos\/\">UIL Scuola formazione<\/a><\/li><li class=\"elementor-sitemap-item elementor-sitemap-item-post page_item page-item-64780\"><a href=\"https:\/\/icripalimosani.edu.it\/site\/2020\/02\/06\/20200206144100unidos\/\">Sindacato Generale di Base &#8211; comunicazioni<\/a><\/li><li class=\"elementor-sitemap-item elementor-sitemap-item-post page_item page-item-64779\"><a href=\"https:\/\/icripalimosani.edu.it\/site\/2020\/02\/06\/20200206143813unidos\/\">UIL Scuola Molise &#8211; notizie<\/a><\/li><li class=\"elementor-sitemap-item elementor-sitemap-item-post page_item page-item-64776\"><a href=\"https:\/\/icripalimosani.edu.it\/site\/2020\/02\/06\/20200206084101unidos\/\">Notizie UIL Scuola<\/a><\/li><li class=\"elementor-sitemap-item elementor-sitemap-item-post page_item page-item-64775\"><a href=\"https:\/\/icripalimosani.edu.it\/site\/2020\/02\/05\/20200205124420unidos\/\">RETTIFICA CALENDARIO CONSIGLI DI CLASSE E INTERSEZIONE<\/a><\/li><li class=\"elementor-sitemap-item elementor-sitemap-item-post page_item page-item-64771\"><a href=\"https:\/\/icripalimosani.edu.it\/site\/2020\/02\/01\/20200201122224unidos\/\">COMUICAZIONE AZIONE DI SCIOPERO<\/a><\/li><li class=\"elementor-sitemap-item elementor-sitemap-item-post page_item page-item-64770\"><a href=\"https:\/\/icripalimosani.edu.it\/site\/2020\/02\/01\/20200201115813unidos\/\">Calendario progetti Lucito.<\/a><\/li><li class=\"elementor-sitemap-item elementor-sitemap-item-post page_item page-item-64769\"><a href=\"https:\/\/icripalimosani.edu.it\/site\/2020\/02\/01\/20200201112046unidos\/\">Giorno del Ricordo &#8211; 10 febbraio 2020 nota USR prot. n. 544 del 30\/01\/2020.<\/a><\/li><li class=\"elementor-sitemap-item elementor-sitemap-item-post page_item page-item-64768\"><a href=\"https:\/\/icripalimosani.edu.it\/site\/2020\/02\/01\/20200201100950unidos\/\">progetto: &#8220;Viaggio Nel Tempo: dalla preistoria attraverso il mondo sannita ai nostri giorni&#8221; &#8211;  Scuola Secondaria I G rado Limosano<\/a><\/li><li class=\"elementor-sitemap-item elementor-sitemap-item-post page_item page-item-64767\"><a href=\"https:\/\/icripalimosani.edu.it\/site\/2020\/02\/01\/20200201095325unidos\/\">Progetto &#8220;Sani&#8230;amo La tavola&#8221; &#8211; alunni classi III e IV Primaria di Matrice<\/a><\/li><li class=\"elementor-sitemap-item elementor-sitemap-item-post page_item page-item-64765\"><a href=\"https:\/\/icripalimosani.edu.it\/site\/2020\/02\/01\/20200201092640unidos\/\">Avvio progetto di lingua inglese con esperto madrelingua dell&#8217;Accademia Britannica &#8211; Scuola Infanzie e classi IV e V  della Scuola Primaria di Ripalimosani<\/a><\/li><li class=\"elementor-sitemap-item elementor-sitemap-item-post page_item page-item-64764\"><a href=\"https:\/\/icripalimosani.edu.it\/site\/2020\/02\/01\/20200201090709unidos\/\">Comunicato sindacale CISL<\/a><\/li><li class=\"elementor-sitemap-item elementor-sitemap-item-post page_item page-item-64759\"><a href=\"https:\/\/icripalimosani.edu.it\/site\/2020\/01\/28\/20200128100306unidos\/\">comunicazione sindacale<\/a><\/li><li class=\"elementor-sitemap-item elementor-sitemap-item-post page_item page-item-64751\"><a href=\"https:\/\/icripalimosani.edu.it\/site\/2020\/01\/27\/20200127121959unidos\/\">Relazioni sindacali di istituto: AMMESSI SOLO I SINDACATI FIRMATARI<\/a><\/li><li class=\"elementor-sitemap-item elementor-sitemap-item-post page_item page-item-64750\"><a href=\"https:\/\/icripalimosani.edu.it\/site\/2020\/01\/27\/20200127120142unidos\/\">RETTIFICA CALENDARIO ASSEMBLEE ANIEF MOLISE<\/a><\/li><li class=\"elementor-sitemap-item elementor-sitemap-item-post page_item page-item-64749\"><a href=\"https:\/\/icripalimosani.edu.it\/site\/2020\/01\/27\/20200127095421unidos\/\">Rettifica calendario consiglio di classe plesso di Matrice.<\/a><\/li><li class=\"elementor-sitemap-item elementor-sitemap-item-post page_item page-item-64744\"><a href=\"https:\/\/icripalimosani.edu.it\/site\/2020\/01\/23\/20200123134212unidos\/\">Convocazione Consigli di Classe e Consigli d\u2019Intersezione. Scrutini primo quadrimestre A.S. 2019\/2020<\/a><\/li><li class=\"elementor-sitemap-item elementor-sitemap-item-post page_item page-item-64743\"><a href=\"https:\/\/icripalimosani.edu.it\/site\/2020\/01\/23\/20200123125439unidos\/\">PROVE COMUNI PER CLASSI PARALLELE A. S. 2019\/2020.<\/a><\/li><li class=\"elementor-sitemap-item elementor-sitemap-item-post page_item page-item-64739\"><a href=\"https:\/\/icripalimosani.edu.it\/site\/2020\/01\/18\/20200118100304unidos\/\">Rettifica comunicato del 16\/01\/2020<\/a><\/li><li class=\"elementor-sitemap-item elementor-sitemap-item-post page_item page-item-64738\"><a href=\"https:\/\/icripalimosani.edu.it\/site\/2020\/01\/17\/20200117114434unidos\/\">UIL SCUOLA notizie<\/a><\/li><li class=\"elementor-sitemap-item elementor-sitemap-item-post page_item page-item-64737\"><a href=\"https:\/\/icripalimosani.edu.it\/site\/2020\/01\/16\/20200116094944unidos\/\">rettifica comunicazione formazione SNALS<\/a><\/li><li class=\"elementor-sitemap-item elementor-sitemap-item-post page_item page-item-64736\"><a href=\"https:\/\/icripalimosani.edu.it\/site\/2020\/01\/16\/20200116090959unidos\/\">Sciopero Nazionale CGIL CILS UIL<\/a><\/li><li class=\"elementor-sitemap-item elementor-sitemap-item-post page_item page-item-64735\"><a href=\"https:\/\/icripalimosani.edu.it\/site\/2020\/01\/16\/20200116090551unidos\/\">Saluti al DS &#8211; Prerogative Sindacali e nota da affiggere all&#8217;albo sindacale<\/a><\/li><li class=\"elementor-sitemap-item elementor-sitemap-item-post page_item page-item-64734\"><a href=\"https:\/\/icripalimosani.edu.it\/site\/2020\/01\/15\/20200115125408unidos\/\">Decreto di costituzione &#8211; Centro Sportivo Scolastico<\/a><\/li><li class=\"elementor-sitemap-item elementor-sitemap-item-post page_item page-item-64733\"><a href=\"https:\/\/icripalimosani.edu.it\/site\/2020\/01\/11\/20200111133250unidos\/\">AVVISO<\/a><\/li><li class=\"elementor-sitemap-item elementor-sitemap-item-post page_item page-item-64732\"><a href=\"https:\/\/icripalimosani.edu.it\/site\/2020\/01\/09\/20200109122356unidos\/\">Convocazione dipartimenti disciplinari.<\/a><\/li><li class=\"elementor-sitemap-item elementor-sitemap-item-post page_item page-item-64731\"><a href=\"https:\/\/icripalimosani.edu.it\/site\/2020\/01\/08\/20200108093601unidos\/\">SCIPERO 8 GENNAIO 2020<\/a><\/li><li class=\"elementor-sitemap-item elementor-sitemap-item-post page_item page-item-64725\"><a href=\"https:\/\/icripalimosani.edu.it\/site\/2020\/01\/07\/20200107124416unidos\/\">UIL SCUOLA notizie del 4 gennaio 2020<\/a><\/li><li class=\"elementor-sitemap-item elementor-sitemap-item-post page_item page-item-64712\"><a href=\"https:\/\/icripalimosani.edu.it\/site\/2020\/01\/03\/20200103115841unidos\/\">Incontri docenti prefissati per il Progetto d&#8217;Istituto &#8220;Continuit\u00e0 e l&#8217;Orientamento&#8221; &#8211; mese di Gennaio.<\/a><\/li><li class=\"elementor-sitemap-item elementor-sitemap-item-post page_item page-item-64708\"><a href=\"https:\/\/icripalimosani.edu.it\/site\/2019\/12\/27\/20191227102427unidos\/\">PATTO EDUCATIVO DI CORRESPONSABILITA\u2019<\/a><\/li><li class=\"elementor-sitemap-item elementor-sitemap-item-post page_item page-item-64703\"><a href=\"https:\/\/icripalimosani.edu.it\/site\/2019\/12\/21\/brochure-scuola-secondaria-di-i-grado\/\">Brochure Scuola Secondaria di I grado<\/a><\/li><li class=\"elementor-sitemap-item elementor-sitemap-item-post page_item page-item-64697\"><a href=\"https:\/\/icripalimosani.edu.it\/site\/2019\/12\/19\/20191219102001unidos\/\">Valutazione diretta delle candidature per reclutamento di esperto PROGETTISTA<\/a><\/li><li class=\"elementor-sitemap-item elementor-sitemap-item-post page_item page-item-64694\"><a href=\"https:\/\/icripalimosani.edu.it\/site\/2019\/12\/19\/20191219095842unidos\/\">Graduatoria PROVVISORIA esperto COLLAUDATORE &#8211; Cod. Progetto: MO5A28.18 &#8211; CUP: I25E19000110001 -Candidatura N. 1019789 9911 del 20\/04\/2018 &#8211; FESR &#8211; Ambienti Digitali per la didattica integrata con gli Arredi Scolastici BIS.<\/a><\/li><li class=\"elementor-sitemap-item elementor-sitemap-item-post page_item page-item-64693\"><a href=\"https:\/\/icripalimosani.edu.it\/site\/2019\/12\/19\/20191219095027unidos\/\">Elenco candidati<\/a><\/li><li class=\"elementor-sitemap-item elementor-sitemap-item-post page_item page-item-64692\"><a href=\"https:\/\/icripalimosani.edu.it\/site\/2019\/12\/19\/20191219094004unidos\/\">Valutazione diretta delle candidature per reclutamento di esperto COLLAUDATORE Cod. Progetto: MO5A28.18 &#8211; CUP: I25E19000110001 &#8211; Candidatura N. 1019789 9911 del 20\/04\/2018 &#8211; FESR &#8211; Ambienti Digitali per la didattica integrata con gli Arredi Scolastici BIS.<\/a><\/li><li class=\"elementor-sitemap-item elementor-sitemap-item-post page_item page-item-64691\"><a href=\"https:\/\/icripalimosani.edu.it\/site\/2019\/12\/19\/20191219085049unidos\/\">Graduatoria provvisoria esperto PROGETTISTA Cod. Progetto: MO5A28.18 &#8211; CUP: I25E19000110001 -Candidatura N. 1019789<\/a><\/li><li class=\"elementor-sitemap-item elementor-sitemap-item-post page_item page-item-64690\"><a href=\"https:\/\/icripalimosani.edu.it\/site\/2019\/12\/19\/20191219084439unidos\/\">elenco candidati esperto PROGETTISTA  Cod. Progetto: MO5A28.18 &#8211; CUP: I25E19000110001 -Candidatura N. 1019789 9911 del 20\/04\/2018 &#8211; FESR &#8211; Ambienti Digitali per la didattica integrata con gli Arredi Scolastici BIS<\/a><\/li><li class=\"elementor-sitemap-item elementor-sitemap-item-post page_item page-item-64685\"><a href=\"https:\/\/icripalimosani.edu.it\/site\/2019\/12\/18\/20191218121209unidos\/\">Iscrizioni anno scolastico 2020\/2021<\/a><\/li><li class=\"elementor-sitemap-item elementor-sitemap-item-post page_item page-item-64680\"><a href=\"https:\/\/icripalimosani.edu.it\/site\/2019\/12\/17\/videoconferenca-e-twinning\/\">Videoconferenza E-twinning<\/a><\/li><li class=\"elementor-sitemap-item elementor-sitemap-item-post page_item page-item-64679\"><a href=\"https:\/\/icripalimosani.edu.it\/site\/2019\/12\/17\/20191217095826unidos\/\">Locandina aggiornata &#8220;Open day e open lab&#8221; organizzati nei vari plessi dell&#8217;istituto<\/a><\/li><li class=\"elementor-sitemap-item elementor-sitemap-item-post page_item page-item-64673\"><a href=\"https:\/\/icripalimosani.edu.it\/site\/2019\/12\/16\/20191216122134unidos\/\">dichiarazione di CHIUSURA relativa ai FSE &#8211; PON \u201cPer la scuola, competenze e ambienti per l\u2019apprendimento\u201d &#8211; 2014-2020.  Codice Identificativo Progetto: Titolo A Scuola il Nostro Futuro CUP I22G18000400001<\/a><\/li><li class=\"elementor-sitemap-item elementor-sitemap-item-post page_item page-item-64672\"><a href=\"https:\/\/icripalimosani.edu.it\/site\/2019\/12\/16\/20191216121516unidos\/\">dichiarazione di CHIUSURA relativa ai FSE &#8211; PON \u201cPer la scuola, competenze e ambienti per l\u2019apprendimento\u201d &#8211; 2014-2020.  Avviso AOODGEFID4427 del 02\/05\/2017 Codice identificativo Progetto: 10.2.5A-FSEPON-MO-2018-8 Titolo: \u201cIl patrimonio culturale delle nostre terre e noi\u201d CUP I27I17000420007<\/a><\/li><li class=\"elementor-sitemap-item elementor-sitemap-item-post page_item page-item-64665\"><a href=\"https:\/\/icripalimosani.edu.it\/site\/2019\/12\/14\/regolamento-a-tutela-dei-dati-personali\/\">REGOLAMENTO A TUTELA DEI DATI PERSONALI<\/a><\/li><li class=\"elementor-sitemap-item elementor-sitemap-item-post page_item page-item-64655\"><a href=\"https:\/\/icripalimosani.edu.it\/site\/2019\/12\/14\/16-dicembre-2019-proclamazione-sciopero-generale-di-tutte-le-categorie-pubbliche-e-private-della-regione-molise\/\">16 dicembre 2019. Proclamazione sciopero generale di tutte le categorie pubbliche e private della regione Molise<\/a><\/li><li class=\"elementor-sitemap-item elementor-sitemap-item-post page_item page-item-64651\"><a href=\"https:\/\/icripalimosani.edu.it\/site\/2019\/12\/14\/20191214105355unidos\/\">Fwd: Pensioni scuola: al via la presentazione delle domande. Assemblea pubblica a Campobasso venerd\u00ec 13 dicembre<\/a><\/li><li class=\"elementor-sitemap-item elementor-sitemap-item-post page_item page-item-64650\"><a href=\"https:\/\/icripalimosani.edu.it\/site\/2019\/12\/13\/20191213082555unidos\/\">Brochure Open Day Lucito<\/a><\/li><li class=\"elementor-sitemap-item elementor-sitemap-item-post page_item page-item-64649\"><a href=\"https:\/\/icripalimosani.edu.it\/site\/2019\/12\/12\/20191212133150unidos\/\">Bando relativo alla procedura selettiva per l\u2019internalizzazione dei servizi di pulizie ERRATA CORRIGE<\/a><\/li><li class=\"elementor-sitemap-item elementor-sitemap-item-post page_item page-item-64648\"><a href=\"https:\/\/icripalimosani.edu.it\/site\/2019\/12\/12\/20191212103034unidos\/\">Comunicazione variazione calendario attivit\u00e0 motoria del progetto CONI<\/a><\/li><li class=\"elementor-sitemap-item elementor-sitemap-item-post page_item page-item-64647\"><a href=\"https:\/\/icripalimosani.edu.it\/site\/2019\/12\/12\/20191212094647unidos\/\">Nomina Tutor anno di prova docenti neoassunti &#8211; a.s. 2019\/2020 &#8211;<\/a><\/li><li class=\"elementor-sitemap-item elementor-sitemap-item-post page_item page-item-64635\"><a href=\"https:\/\/icripalimosani.edu.it\/site\/2019\/12\/11\/informazione-comunicazione-sensibilizzazione-e-pubblicizzazione-finanziamenti-fondi-strutturali-europei-programma-operativo-nazionale\/\">INFORMAZIONE, COMUNICAZIONE, SENSIBILIZZAZIONE E PUBBLICIZZAZIONE FINANZIAMENTI. FONDI STRUTTURALI EUROPEI . PROGRAMMA OPERATIVO NAZIONALE<\/a><\/li><li class=\"elementor-sitemap-item elementor-sitemap-item-post page_item page-item-64634\"><a href=\"https:\/\/icripalimosani.edu.it\/site\/2019\/12\/11\/20191211102103unidos\/\">Bando relativo alla procedura selettiva per l\u2019internalizzazione dei servizi di pulizie<\/a><\/li><li class=\"elementor-sitemap-item elementor-sitemap-item-post page_item page-item-64630\"><a href=\"https:\/\/icripalimosani.edu.it\/site\/2019\/12\/11\/20191211081659unidos\/\">brochure primaria<\/a><\/li><li class=\"elementor-sitemap-item elementor-sitemap-item-post page_item page-item-64625\"><a href=\"https:\/\/icripalimosani.edu.it\/site\/2019\/12\/10\/progettazione-didattica-natura-amica-i-quattro-elementi\/\">Progettazione didattica &#8221; Natura amica &#8211; i quattro elementi.<\/a><\/li><li class=\"elementor-sitemap-item elementor-sitemap-item-post page_item page-item-64615\"><a href=\"https:\/\/icripalimosani.edu.it\/site\/2019\/12\/10\/convenzione-internazionale-sui-diritti-dellinfanzia-e-delladolescenza\/\">CONVENZIONE INTERNAZIONALE SUI DIRITTI DELL\u2019INFANZIA E DELL\u2019ADOLESCENZA<\/a><\/li><li class=\"elementor-sitemap-item elementor-sitemap-item-post page_item page-item-64609\"><a href=\"https:\/\/icripalimosani.edu.it\/site\/2019\/12\/10\/panchina-rossa-contro-la-violenza-sulle-donne-oratino\/\">Panchina rossa contro la violenza sulle donne &#8211; Oratino<\/a><\/li><li class=\"elementor-sitemap-item elementor-sitemap-item-post page_item page-item-64608\"><a href=\"https:\/\/icripalimosani.edu.it\/site\/2019\/12\/10\/20191210083341unidos\/\">Open day e Open lab<\/a><\/li><li class=\"elementor-sitemap-item elementor-sitemap-item-post page_item page-item-64603\"><a href=\"https:\/\/icripalimosani.edu.it\/site\/2019\/12\/07\/20191207120810unidos\/\">CONVOCAZIONE COLLEGIO DOCENTI 12 DICEMBRE 2019<\/a><\/li><li class=\"elementor-sitemap-item elementor-sitemap-item-post page_item page-item-64602\"><a href=\"https:\/\/icripalimosani.edu.it\/site\/2019\/12\/06\/20191206081631unidos\/\">AZIONI DI SCIOPERO<\/a><\/li><li class=\"elementor-sitemap-item elementor-sitemap-item-post page_item page-item-64601\"><a href=\"https:\/\/icripalimosani.edu.it\/site\/2019\/12\/05\/20191205105456unidos\/\">Comunicazione variazione calendario incontri in cui i rappresentanti delle Scuole secondarie di II grado presenteranno l\u2019offerta formativa agli alunni dell\u2019Istituto Comprensivo di Ripalimosani<\/a><\/li><li class=\"elementor-sitemap-item elementor-sitemap-item-post page_item page-item-64596\"><a href=\"https:\/\/icripalimosani.edu.it\/site\/2019\/12\/05\/20191205094440unidos\/\">Convocazione dei Consigli di classe\/Interclasse\/intersezione<\/a><\/li><li class=\"elementor-sitemap-item elementor-sitemap-item-post page_item page-item-64585\"><a href=\"https:\/\/icripalimosani.edu.it\/site\/2019\/12\/04\/20191204105800unidos\/\">circolare sicurezza<\/a><\/li><li class=\"elementor-sitemap-item elementor-sitemap-item-post page_item page-item-64566\"><a href=\"https:\/\/icripalimosani.edu.it\/site\/2019\/12\/03\/libriamoci-2019\/\">Libriamoci 2019<\/a><\/li><li class=\"elementor-sitemap-item elementor-sitemap-item-post page_item page-item-64559\"><a href=\"https:\/\/icripalimosani.edu.it\/site\/2019\/12\/03\/20191203114110unidos\/\">ORGANIGRAMMI DELLA SICUREZZA  a. s. 2019\/20<\/a><\/li><li class=\"elementor-sitemap-item elementor-sitemap-item-post page_item page-item-64553\"><a href=\"https:\/\/icripalimosani.edu.it\/site\/2019\/11\/30\/20191130091544unidos\/\">Attivita\u2019 progetto \u201cContinuit\u00e0 e Orientamento\u201d d\u2019Istituto<\/a><\/li><li class=\"elementor-sitemap-item elementor-sitemap-item-post page_item page-item-64552\"><a href=\"https:\/\/icripalimosani.edu.it\/site\/2019\/11\/29\/20191129130835unidos\/\">Incontro Scuola\/Famiglia &#8211; Dicembre 2019<\/a><\/li><li class=\"elementor-sitemap-item elementor-sitemap-item-post page_item page-item-64545\"><a href=\"https:\/\/icripalimosani.edu.it\/site\/2019\/11\/28\/20191128113754unidos\/\">Seminario.PON.Campobasso.FLC.<\/a><\/li><li class=\"elementor-sitemap-item elementor-sitemap-item-post page_item page-item-64544\"><a href=\"https:\/\/icripalimosani.edu.it\/site\/2019\/11\/28\/20191128111911unidos\/\">Convocazione GLH operativi<\/a><\/li><li class=\"elementor-sitemap-item elementor-sitemap-item-post page_item page-item-64543\"><a href=\"https:\/\/icripalimosani.edu.it\/site\/2019\/11\/27\/20191127084226unidos\/\">Comunicazione sciopero Generale 6 dicembre 2019<\/a><\/li><li class=\"elementor-sitemap-item elementor-sitemap-item-post page_item page-item-64542\"><a href=\"https:\/\/icripalimosani.edu.it\/site\/2019\/11\/27\/20191127082731unidos\/\">Comunicazione sciopero USB 29 novembre 2019<\/a><\/li><li class=\"elementor-sitemap-item elementor-sitemap-item-post page_item page-item-64541\"><a href=\"https:\/\/icripalimosani.edu.it\/site\/2019\/11\/26\/20191126130953unidos\/\">[UIL Scuola Molise: Notizie] 25 novembre 2019: NO VIOLENZA SULLE DONNE, Legge bilancio, Autonomia differenziata, Recite, Professionalit\u00e0 ATA, Sport in classe, Decreto precari, Pulizia alunni, Contributi pensionistici, PON e ATA, Concorsi e formazione,  Ricorsi e Ricostruzione di carriera, ecc.<\/a><\/li><li class=\"elementor-sitemap-item elementor-sitemap-item-post page_item page-item-64540\"><a href=\"https:\/\/icripalimosani.edu.it\/site\/2019\/11\/26\/20191126125851unidos\/\">corso per collaboratori scolastici. Termoli 2 dicembre 2019<\/a><\/li><li class=\"elementor-sitemap-item elementor-sitemap-item-post page_item page-item-64530\"><a href=\"https:\/\/icripalimosani.edu.it\/site\/2019\/11\/20\/20191120114633unidos\/\">SCIOPERO 29 NOVEMBRE 2019<\/a><\/li><li class=\"elementor-sitemap-item elementor-sitemap-item-post page_item page-item-64529\"><a href=\"https:\/\/icripalimosani.edu.it\/site\/2019\/11\/20\/20191120113110unidos\/\">Comunicazione sciopero USB 29 novembre 2019<\/a><\/li><li class=\"elementor-sitemap-item elementor-sitemap-item-post page_item page-item-64515\"><a href=\"https:\/\/icripalimosani.edu.it\/site\/2019\/11\/16\/libriamoci\/\">Libriamoci<\/a><\/li><li class=\"elementor-sitemap-item elementor-sitemap-item-post page_item page-item-64507\"><a href=\"https:\/\/icripalimosani.edu.it\/site\/2019\/11\/13\/20191113082407unidos\/\">[UIL Scuola Molise: Notizie] 11 novembre 2019: il 20 a Roma-Mobilitazione, Professione docenti, Sport in classe, Decreto precari, Diritto allo studio, Pulizia alunni, Contributi pensionistici, PON e ATA, Concorsi e formazione, Concorso ANMIL-INAIL, Ricorsi e Ricostruzione di carriera, ecc.<\/a><\/li><li class=\"elementor-sitemap-item elementor-sitemap-item-post page_item page-item-64506\"><a href=\"https:\/\/icripalimosani.edu.it\/site\/2019\/11\/11\/20191111104650unidos\/\">Newsletter CISL Scuola &#8211; n. 303<\/a><\/li><li class=\"elementor-sitemap-item elementor-sitemap-item-post page_item page-item-64505\"><a href=\"https:\/\/icripalimosani.edu.it\/site\/2019\/11\/08\/20191108101358unidos\/\">9 novembre &#8211; Giorno della Libert<\/a><\/li><li class=\"elementor-sitemap-item elementor-sitemap-item-post page_item page-item-64504\"><a href=\"https:\/\/icripalimosani.edu.it\/site\/2019\/11\/08\/20191108082046unidos\/\">GIOCHI D&#8217;AUTUNNO &#8220;BOCCONI&#8221;<\/a><\/li><li class=\"elementor-sitemap-item elementor-sitemap-item-post page_item page-item-64496\"><a href=\"https:\/\/icripalimosani.edu.it\/site\/2019\/11\/05\/20191105123215unidos\/\">Rettifica calendario consigli di interclasse &#8211; Campolieto.<\/a><\/li><li class=\"elementor-sitemap-item elementor-sitemap-item-post page_item page-item-64495\"><a href=\"https:\/\/icripalimosani.edu.it\/site\/2019\/11\/05\/20191105104915unidos\/\">Newsletter CISL Scuola &#8211; n. 302<\/a><\/li><li class=\"elementor-sitemap-item elementor-sitemap-item-post page_item page-item-64494\"><a href=\"https:\/\/icripalimosani.edu.it\/site\/2019\/11\/05\/20191105100508unidos\/\">Sciopero ANIEF 12 novembre 2019<\/a><\/li><li class=\"elementor-sitemap-item elementor-sitemap-item-post page_item page-item-64493\"><a href=\"https:\/\/icripalimosani.edu.it\/site\/2019\/11\/05\/20191105095719unidos\/\">Fwd: CORSO DI FORMAZIONE PER COLLABORATORI SCOLASTICI<\/a><\/li><li class=\"elementor-sitemap-item elementor-sitemap-item-post page_item page-item-64492\"><a href=\"https:\/\/icripalimosani.edu.it\/site\/2019\/11\/05\/20191105095258unidos\/\">#ascuolasicuri, al via mobilitazione in Molise<\/a><\/li><li class=\"elementor-sitemap-item elementor-sitemap-item-post page_item page-item-64491\"><a href=\"https:\/\/icripalimosani.edu.it\/site\/2019\/11\/04\/20191104120729unidos\/\">Errata Corrige organi collegiali<\/a><\/li><li class=\"elementor-sitemap-item elementor-sitemap-item-post page_item page-item-64489\"><a href=\"https:\/\/icripalimosani.edu.it\/site\/2019\/10\/31\/20191031092846unidos\/\">RAPPRESENTANTI DI CLASSE, DI INTERCLASSE E DI INTERSEZIONE<\/a><\/li><li class=\"elementor-sitemap-item elementor-sitemap-item-post page_item page-item-64488\"><a href=\"https:\/\/icripalimosani.edu.it\/site\/2019\/10\/30\/20191030133228unidos\/\">CONVOCAZIONE CONSIGLIO DI CLASSE-INTERCLASSE-INTERSEZIONE<\/a><\/li><li class=\"elementor-sitemap-item elementor-sitemap-item-post page_item page-item-64486\"><a href=\"https:\/\/icripalimosani.edu.it\/site\/2019\/10\/30\/20191030091103unidos\/\">ELEZIONI DEL 25\/10\/2019 &#8211; Elenco dei rappresentanti di classe. A.S. 2019\/2020<\/a><\/li><li class=\"elementor-sitemap-item elementor-sitemap-item-post page_item page-item-64485\"><a href=\"https:\/\/icripalimosani.edu.it\/site\/2019\/10\/28\/20191028133706unidos\/\">4 NOVEMBRE 2019 &#8211; Giorno dell&#8217;unit\u00e0 Nazionale e Giornata delle Forze Armate Grazie<\/a><\/li><li class=\"elementor-sitemap-item elementor-sitemap-item-post page_item page-item-64484\"><a href=\"https:\/\/icripalimosani.edu.it\/site\/2019\/10\/28\/20191028120340unidos\/\">PROGETTO NATI PER LEGGERE<\/a><\/li><li class=\"elementor-sitemap-item elementor-sitemap-item-post page_item page-item-64478\"><a href=\"https:\/\/icripalimosani.edu.it\/site\/2019\/10\/26\/20191026114631unidos\/\">Giornata divulgativa sui Georischi<\/a><\/li><li class=\"elementor-sitemap-item elementor-sitemap-item-post page_item page-item-64477\"><a href=\"https:\/\/icripalimosani.edu.it\/site\/2019\/10\/26\/20191026081910unidos\/\">Convocazione Dell&#8217;Assemblwea SOCI IRASE Ente Formazione UIL Sccuola RUA.<\/a><\/li><li class=\"elementor-sitemap-item elementor-sitemap-item-post page_item page-item-64460\"><a href=\"https:\/\/icripalimosani.edu.it\/site\/2019\/10\/25\/orari-definitivi\/\">ORARI DEFINITIVI<\/a><\/li><li class=\"elementor-sitemap-item elementor-sitemap-item-post page_item page-item-64476\"><a href=\"https:\/\/icripalimosani.edu.it\/site\/2019\/10\/25\/20191025130259unidos\/\">comunicazione invalsi<\/a><\/li><li class=\"elementor-sitemap-item elementor-sitemap-item-post page_item page-item-64457\"><a href=\"https:\/\/icripalimosani.edu.it\/site\/2019\/10\/24\/20191024135307unidos\/\">Sospensione delle attivit\u00e0 didattiche e chiusura Uffici di Segreteria giorno 02\/11\/2019<\/a><\/li><li class=\"elementor-sitemap-item elementor-sitemap-item-post page_item page-item-64452\"><a href=\"https:\/\/icripalimosani.edu.it\/site\/2019\/10\/24\/20191024115631unidos\/\">Rettifica sospensione attivit\u00e0 didattiche e chiusura uffici di Segreteria a.s. 2019\/2020<\/a><\/li><li class=\"elementor-sitemap-item elementor-sitemap-item-post page_item page-item-64445\"><a href=\"https:\/\/icripalimosani.edu.it\/site\/2019\/10\/23\/20191023101437unidos\/\">RESTITUZIONE PROVE INVALSI<\/a><\/li><li class=\"elementor-sitemap-item elementor-sitemap-item-post page_item page-item-64442\"><a href=\"https:\/\/icripalimosani.edu.it\/site\/2019\/10\/22\/20191022082929unidos\/\">POSTA CERTIFICATA: Assemblea Sindacale Territoriale FGU Gilda degli Insegnanti di \tCampobasso<\/a><\/li><li class=\"elementor-sitemap-item elementor-sitemap-item-post page_item page-item-64441\"><a href=\"https:\/\/icripalimosani.edu.it\/site\/2019\/10\/22\/20191022081233unidos\/\">Comunicato decreto 10 ottobre<\/a><\/li><li class=\"elementor-sitemap-item elementor-sitemap-item-post page_item page-item-64439\"><a href=\"https:\/\/icripalimosani.edu.it\/site\/2019\/10\/21\/64439-2\/\">#64439 (senza titolo)<\/a><\/li><li class=\"elementor-sitemap-item elementor-sitemap-item-post page_item page-item-64436\"><a href=\"https:\/\/icripalimosani.edu.it\/site\/2019\/10\/21\/64436-2\/\">#64436 (senza titolo)<\/a><\/li><li class=\"elementor-sitemap-item elementor-sitemap-item-post page_item page-item-64423\"><a href=\"https:\/\/icripalimosani.edu.it\/site\/2019\/10\/19\/premiazioni-progetto-etwinning-2018-19\/\">Premiazioni progetto eTwinning 2018\/19<\/a><\/li><li class=\"elementor-sitemap-item elementor-sitemap-item-post page_item page-item-64420\"><a href=\"https:\/\/icripalimosani.edu.it\/site\/2019\/10\/18\/progetto-mascherata-2020\/\">Progetto MASCHERATA 2020<\/a><\/li><li class=\"elementor-sitemap-item elementor-sitemap-item-post page_item page-item-64418\"><a href=\"https:\/\/icripalimosani.edu.it\/site\/2019\/10\/18\/20191018115508unidos\/\">nota Miur sciopero 25 ottobre 2019<\/a><\/li><li class=\"elementor-sitemap-item elementor-sitemap-item-post page_item page-item-64417\"><a href=\"https:\/\/icripalimosani.edu.it\/site\/2019\/10\/18\/20191018112131unidos\/\">[FLC CGIL] #ATAnews n. 6\/2019<\/a><\/li><li class=\"elementor-sitemap-item elementor-sitemap-item-post page_item page-item-64358\"><a href=\"https:\/\/icripalimosani.edu.it\/site\/2019\/10\/17\/64358-2\/\">#64358 (senza titolo)<\/a><\/li><li class=\"elementor-sitemap-item elementor-sitemap-item-post page_item page-item-64350\"><a href=\"https:\/\/icripalimosani.edu.it\/site\/2019\/10\/17\/20191017110039unidos\/\">GESTIONE DI DENARO PUBBLICO &#8211; PAGAMENTI A.S. 2019\/2020<\/a><\/li><li class=\"elementor-sitemap-item elementor-sitemap-item-post page_item page-item-64334\"><a href=\"https:\/\/icripalimosani.edu.it\/site\/2019\/10\/16\/premio-programma-il-futuro\/\">PREMIO PROGRAMMA IL FUTURO<\/a><\/li><li class=\"elementor-sitemap-item elementor-sitemap-item-post page_item page-item-64320\"><a href=\"https:\/\/icripalimosani.edu.it\/site\/2019\/10\/15\/20191015083109unidos\/\">Fwd: FLC INFORMA: decreto scuola, finestra integrazione graduatorie d&#8217;Istituto, servizi INPS &#8211; ENAM<\/a><\/li><li class=\"elementor-sitemap-item elementor-sitemap-item-post page_item page-item-64316\"><a href=\"https:\/\/icripalimosani.edu.it\/site\/2019\/10\/12\/20191012123004unidos\/\">INPS: no ad adempimenti imposti ale scuole<\/a><\/li><li class=\"elementor-sitemap-item elementor-sitemap-item-post page_item page-item-64299\"><a href=\"https:\/\/icripalimosani.edu.it\/site\/2019\/10\/11\/20191011123645unidos\/\">Logo per la rete Green School.<\/a><\/li><li class=\"elementor-sitemap-item elementor-sitemap-item-post page_item page-item-64268\"><a href=\"https:\/\/icripalimosani.edu.it\/site\/2019\/10\/10\/20191010080526unidos\/\">rinnovo organi collegiali<\/a><\/li><li class=\"elementor-sitemap-item elementor-sitemap-item-post page_item page-item-64267\"><a href=\"https:\/\/icripalimosani.edu.it\/site\/2019\/10\/09\/20191009133611unidos\/\">CONVOCAZIONE DEL COLLEGIO UNITARIO DEI DOCENTI<\/a><\/li><li class=\"elementor-sitemap-item elementor-sitemap-item-post page_item page-item-64254\"><a href=\"https:\/\/icripalimosani.edu.it\/site\/2019\/10\/07\/20191007082155unidos\/\">Comunicazione attivazione servizio mensa scolastica Montagano<\/a><\/li><li class=\"elementor-sitemap-item elementor-sitemap-item-post page_item page-item-64253\"><a href=\"https:\/\/icripalimosani.edu.it\/site\/2019\/10\/05\/20191005091123unidos\/\">Comunicazione inizio mensa scuola dell&#8217;infanzia di Petrella Tifernina.<\/a><\/li><li class=\"elementor-sitemap-item elementor-sitemap-item-post page_item page-item-64252\"><a href=\"https:\/\/icripalimosani.edu.it\/site\/2019\/10\/05\/20191005090217unidos\/\">comunicazione inizio mensa e scuolabus scuola dell&#8217;infanzia di Ripalimosani A.S.2019\/2020.<\/a><\/li><li class=\"elementor-sitemap-item elementor-sitemap-item-post page_item page-item-64250\"><a href=\"https:\/\/icripalimosani.edu.it\/site\/2019\/10\/05\/20191005083229unidos\/\">comunicazione inizio mensa scuola di Lucito &#8211; A.S. 2019\/2020<\/a><\/li><li class=\"elementor-sitemap-item elementor-sitemap-item-post page_item page-item-64249\"><a href=\"https:\/\/icripalimosani.edu.it\/site\/2019\/10\/04\/20191004085236unidos\/\">COMUNICAZIONE INIZIO MENSA SCOLASTICA ORATINO A.S. 2019\/2020.<\/a><\/li><li class=\"elementor-sitemap-item elementor-sitemap-item-post page_item page-item-64248\"><a href=\"https:\/\/icripalimosani.edu.it\/site\/2019\/10\/03\/20191003094403unidos\/\">COMPETENZE IRASE<\/a><\/li><li class=\"elementor-sitemap-item elementor-sitemap-item-post page_item page-item-64243\"><a href=\"https:\/\/icripalimosani.edu.it\/site\/2019\/10\/01\/20191001170338unidos\/\">COSTITUZIONE COMMISSIONE TECNICA<\/a><\/li><li class=\"elementor-sitemap-item elementor-sitemap-item-post page_item page-item-64242\"><a href=\"https:\/\/icripalimosani.edu.it\/site\/2019\/10\/01\/20191001115942unidos\/\">A.S. 2019\/2020 PLESSO DI MATRICE<\/a><\/li><li class=\"elementor-sitemap-item elementor-sitemap-item-post page_item page-item-64241\"><a href=\"https:\/\/icripalimosani.edu.it\/site\/2019\/09\/30\/20190930131918unidos\/\">DIVIETO INGRESSO PERSONALE ESTRANEO A SCUOLA<\/a><\/li><li class=\"elementor-sitemap-item elementor-sitemap-item-post page_item page-item-64236\"><a href=\"https:\/\/icripalimosani.edu.it\/site\/2019\/09\/25\/20190925115523unidos\/\">CONVOCAZIONE CONSIGLIO ISTITUTO<\/a><\/li><li class=\"elementor-sitemap-item elementor-sitemap-item-post page_item page-item-64235\"><a href=\"https:\/\/icripalimosani.edu.it\/site\/2019\/09\/21\/20190921124852unidos\/\">Incontro del 26 settembre ore 10:30<\/a><\/li><li class=\"elementor-sitemap-item elementor-sitemap-item-post page_item page-item-64157\"><a href=\"https:\/\/icripalimosani.edu.it\/site\/2019\/09\/21\/orario-provvisorio\/\">ORARIO PROVVISORIO<\/a><\/li><li class=\"elementor-sitemap-item elementor-sitemap-item-post page_item page-item-64232\"><a href=\"https:\/\/icripalimosani.edu.it\/site\/2019\/09\/20\/20190920135648unidos\/\">CONVOCAZIONE DEL COLLEGIO ORIZZONTALE<\/a><\/li><li class=\"elementor-sitemap-item elementor-sitemap-item-post page_item page-item-64226\"><a href=\"https:\/\/icripalimosani.edu.it\/site\/2019\/09\/20\/20190920111130unidos\/\">TENUTA REGISTRI<\/a><\/li><li class=\"elementor-sitemap-item elementor-sitemap-item-post page_item page-item-64223\"><a href=\"https:\/\/icripalimosani.edu.it\/site\/2019\/09\/20\/20190920091214unidos\/\">Corso &#8211; Ambienti di apprendimento in rete per la scuola digitale (3\u00b0 Ed) &#8211; accreditato Miur.<\/a><\/li><li class=\"elementor-sitemap-item elementor-sitemap-item-post page_item page-item-64222\"><a href=\"https:\/\/icripalimosani.edu.it\/site\/2019\/09\/19\/20190919150012unidos\/\">COMUNICATO STAMPA: avvio anno scolastico in Molise<\/a><\/li><li class=\"elementor-sitemap-item elementor-sitemap-item-post page_item page-item-64215\"><a href=\"https:\/\/icripalimosani.edu.it\/site\/2019\/09\/19\/64215-2\/\">COMUNICATO AI GENITORI<\/a><\/li><li class=\"elementor-sitemap-item elementor-sitemap-item-post page_item page-item-64221\"><a href=\"https:\/\/icripalimosani.edu.it\/site\/2019\/09\/19\/20190919120702unidos\/\">Workshop &#8220;eTwinning dalla progettazione alla documentazione&#8221;<\/a><\/li><li class=\"elementor-sitemap-item elementor-sitemap-item-post page_item page-item-64195\"><a href=\"https:\/\/icripalimosani.edu.it\/site\/2019\/09\/19\/tutti-a-scuola\/\">TUTTI A SCUOLA<\/a><\/li><li class=\"elementor-sitemap-item elementor-sitemap-item-post page_item page-item-64219\"><a href=\"https:\/\/icripalimosani.edu.it\/site\/2019\/09\/19\/20190919105325unidos\/\">FORMAZIONE<\/a><\/li><li class=\"elementor-sitemap-item elementor-sitemap-item-post page_item page-item-64207\"><a href=\"https:\/\/icripalimosani.edu.it\/site\/2019\/09\/19\/20190919093110unidos\/\">DIRITTO ALLO STUDIO<\/a><\/li><li class=\"elementor-sitemap-item elementor-sitemap-item-post page_item page-item-64188\"><a href=\"https:\/\/icripalimosani.edu.it\/site\/2019\/09\/18\/20190918114036unidos\/\">Comunicazione CGIL<\/a><\/li><li class=\"elementor-sitemap-item elementor-sitemap-item-post page_item page-item-64187\"><a href=\"https:\/\/icripalimosani.edu.it\/site\/2019\/09\/18\/20190918100820unidos\/\">COMUNICATO UIL<\/a><\/li><li class=\"elementor-sitemap-item elementor-sitemap-item-post page_item page-item-64184\"><a href=\"https:\/\/icripalimosani.edu.it\/site\/2019\/09\/18\/20190918085258unidos\/\">COMUNICAZIONE SOSPENSIONE ATTIVITA&#8217; DIDATTICHE E CHIUSURA UFFICI DI SEGRETERIA A.S. 2019\/2020<\/a><\/li><li class=\"elementor-sitemap-item elementor-sitemap-item-post page_item page-item-64183\"><a href=\"https:\/\/icripalimosani.edu.it\/site\/2019\/09\/17\/20190917084512unidos\/\">ORDINANZE SINDACALI N. 31 e N. 32 DEL COMUNE DI ORATINO &#8211;  CHIUSURA SCUOLA  ORATINO PER INTERRUZIONE FLUSSO IDRICO 16 E 17 SETTEMBRE 2019<\/a><\/li><li class=\"elementor-sitemap-item elementor-sitemap-item-post page_item page-item-64179\"><a href=\"https:\/\/icripalimosani.edu.it\/site\/2019\/09\/16\/auguri-del-dirigente-scolastico\/\">AUGURI DEL DIRIGENTE SCOLASTICO<\/a><\/li><li class=\"elementor-sitemap-item elementor-sitemap-item-post page_item page-item-64177\"><a href=\"https:\/\/icripalimosani.edu.it\/site\/2019\/09\/16\/consegna-kit-scolastico-classi-prime-della-scuola-primaria-di-ripalimosani\/\">Consegna kit scolastico classi prime della Scuola Primaria di Ripalimosani<\/a><\/li><li class=\"elementor-sitemap-item elementor-sitemap-item-post page_item page-item-64174\"><a href=\"https:\/\/icripalimosani.edu.it\/site\/2019\/09\/14\/parco-giochi-annesso-alla-scuola-primaria-di-matrice\/\">Parco giochi annesso alla Scuola Primaria di Matrice<\/a><\/li><li class=\"elementor-sitemap-item elementor-sitemap-item-post page_item page-item-64156\"><a href=\"https:\/\/icripalimosani.edu.it\/site\/2019\/09\/13\/20190913131557unidos\/\">ORARIO_DI_FUNZIONAMENTO_DEI_PLESSI<\/a><\/li><li class=\"elementor-sitemap-item elementor-sitemap-item-post page_item page-item-64154\"><a href=\"https:\/\/icripalimosani.edu.it\/site\/2019\/09\/13\/20190913131240unidos\/\">PIANO_ANNUALE_ATTIVITA__2019_20<\/a><\/li><li class=\"elementor-sitemap-item elementor-sitemap-item-post page_item page-item-64147\"><a href=\"https:\/\/icripalimosani.edu.it\/site\/2019\/09\/10\/20190910123908unidos\/\">AVVISO DESIGNAZIONE DIRETTA TUTOR DA PARTE DEGLI ORGANI COLLEGIALI TUTOR INTERNO ALL&#8217;ISTITUZIONE SCOLASTICA, PER L\u2019ATTUAZIONE DELLE AZIONI RIFERITE AL PROGETTO PON FSE -COMPETENZE DI BASE 10.2.2A &#8211; \u201cA SCUOLA IL NOSTRO FUTURO\u201d-Codice CUP I27I18000190007  Modulo: Enjoy Speaking<\/a><\/li><li class=\"elementor-sitemap-item elementor-sitemap-item-post page_item page-item-64146\"><a href=\"https:\/\/icripalimosani.edu.it\/site\/2019\/09\/10\/20190910122951unidos\/\">PON Patrimonio culturaleAVVISO ESPERTI INTERNI DESIGNAZIONE COLLEGIO Codice identificativo progetto 10.2.5A-FSEPON-MO-2018-8 MODULO: Raccontiamo i nostri Artisti e i nostri Personaggi   CUP: I27I17000420007<\/a><\/li><li class=\"elementor-sitemap-item elementor-sitemap-item-post page_item page-item-64131\"><a href=\"https:\/\/icripalimosani.edu.it\/site\/2019\/08\/30\/avvio-a-s-2019-20\/\">Avvio a.s. 2019\/20<\/a><\/li><li class=\"elementor-sitemap-item elementor-sitemap-item-post page_item page-item-64134\"><a href=\"https:\/\/icripalimosani.edu.it\/site\/2019\/08\/30\/20190830120005unidos\/\">AVVISO<\/a><\/li><li class=\"elementor-sitemap-item elementor-sitemap-item-post page_item page-item-64096\"><a href=\"https:\/\/icripalimosani.edu.it\/site\/2019\/08\/07\/20190807130059unidos\/\">Avviso<\/a><\/li><li class=\"elementor-sitemap-item elementor-sitemap-item-post page_item page-item-64048\"><a href=\"https:\/\/icripalimosani.edu.it\/site\/2019\/07\/15\/messa-a-disposizione-a-s-2019-2020-2\/\">Messa a disposizione a.s. 2019\/2020<\/a><\/li><li class=\"elementor-sitemap-item elementor-sitemap-item-post page_item page-item-64043\"><a href=\"https:\/\/icripalimosani.edu.it\/site\/2019\/07\/11\/libri-di-testo-a-s-2019-20-scuole-primarie-e-secondarie-di-i-grado\/\">Libri di testo a.s.2019\/20 &#8211; scuole primarie e secondarie di I grado<\/a><\/li><li class=\"elementor-sitemap-item elementor-sitemap-item-post page_item page-item-64033\"><a href=\"https:\/\/icripalimosani.edu.it\/site\/2019\/07\/04\/avviso-6\/\">Avviso<\/a><\/li><li class=\"elementor-sitemap-item elementor-sitemap-item-post page_item page-item-64027\"><a href=\"https:\/\/icripalimosani.edu.it\/site\/2019\/07\/03\/disposizione-mad-a-s-2019-20\/\">Disposizione MAD a.s . 2019\/20<\/a><\/li><li class=\"elementor-sitemap-item elementor-sitemap-item-post page_item page-item-64018\"><a href=\"https:\/\/icripalimosani.edu.it\/site\/2019\/07\/03\/pon-fse-competenze-di-base-ripalimosani\/\">PON FSE &#8220;Competenze di base&#8221; &#8211;  Primaria di Ripalimosani<\/a><\/li><li class=\"elementor-sitemap-item elementor-sitemap-item-post page_item page-item-64008\"><a href=\"https:\/\/icripalimosani.edu.it\/site\/2019\/07\/02\/pon-2014-20-ad-oratino\/\">PON 2014\/20 ad Oratino<\/a><\/li><li class=\"elementor-sitemap-item elementor-sitemap-item-post page_item page-item-63999\"><a href=\"https:\/\/icripalimosani.edu.it\/site\/2019\/06\/30\/63999-2\/\">PON 2014\/20 a Matrice<\/a><\/li><li class=\"elementor-sitemap-item elementor-sitemap-item-post page_item page-item-63997\"><a href=\"https:\/\/icripalimosani.edu.it\/site\/2019\/06\/27\/mostra-esperienze-darte-castellino-del-biferno\/\">Mostra &#8220;Esperienze d&#8217;Arte&#8221; &#8211; Castellino del Biferno<\/a><\/li><li class=\"elementor-sitemap-item elementor-sitemap-item-post page_item page-item-63994\"><a href=\"https:\/\/icripalimosani.edu.it\/site\/2019\/06\/25\/collegio-unitario-dei-docenti-29-giugno-2019\/\">Collegio unitario dei docenti &#8211; 29 Giugno 2019<\/a><\/li><li class=\"elementor-sitemap-item elementor-sitemap-item-post page_item page-item-63988\"><a href=\"https:\/\/icripalimosani.edu.it\/site\/2019\/06\/19\/three-assists-accumulating-a-plus-going-to-continue-to-get-austin-johnson-jersey\/\">Three assists accumulating a plus going to continue to get Austin Johnson Jersey<\/a><\/li><li class=\"elementor-sitemap-item elementor-sitemap-item-post page_item page-item-63987\"><a href=\"https:\/\/icripalimosani.edu.it\/site\/2019\/06\/19\/heat-nations-game-is-set-250-homers-think-l-j-collier-jersey\/\">Heat nations game is set 250 homers think L.J. Collier Jersey<\/a><\/li><li class=\"elementor-sitemap-item elementor-sitemap-item-post page_item page-item-63986\"><a href=\"https:\/\/icripalimosani.edu.it\/site\/2019\/06\/19\/follow-year-same-standards-last-gudmundsson-privacy-policy-jersey\/\">Follow year same standards last gudmundsson Privacy Policy Jersey<\/a><\/li><li class=\"elementor-sitemap-item elementor-sitemap-item-post page_item page-item-63985\"><a href=\"https:\/\/icripalimosani.edu.it\/site\/2019\/06\/19\/still-starting-role-winger-21-2011-when-as-a-restricted-new-nike-nfl-jerseys\/\">Still starting role winger 21 2011 when as a restricted new nike nfl jerseys<\/a><\/li><li class=\"elementor-sitemap-item elementor-sitemap-item-post page_item page-item-63984\"><a href=\"https:\/\/icripalimosani.edu.it\/site\/2019\/06\/19\/high-five-tds-date-full-now-will-harris-jersey\/\">High five TDs date &#8216;Full now Will Harris Jersey<\/a><\/li><li class=\"elementor-sitemap-item elementor-sitemap-item-post page_item page-item-63964\"><a href=\"https:\/\/icripalimosani.edu.it\/site\/2019\/06\/19\/pon-fse-valorizzazione-del-patrimonio-culturale-oratino\/\">PON FSE &#8220;Valorizzazione del patrimonio culturale&#8221; &#8211; Oratino<\/a><\/li><li class=\"elementor-sitemap-item elementor-sitemap-item-post page_item page-item-63981\"><a href=\"https:\/\/icripalimosani.edu.it\/site\/2019\/06\/19\/series-well-one-series-might-his-wheelhouse-were-asking-played-womens-dexter-williams-jersey\/\">Series well one series, might his wheelhouse We&#8217;re asking played Womens Dexter Williams Jersey<\/a><\/li><li class=\"elementor-sitemap-item elementor-sitemap-item-post page_item page-item-63980\"><a href=\"https:\/\/icripalimosani.edu.it\/site\/2019\/06\/19\/rushing-touchdowns-by-a-quarterback-pay-soto-at-30-lot-cheap-basketball-jerseys\/\">Rushing touchdowns: by a quarterback pay soto at 30 lot cheap basketball jerseys<\/a><\/li><li class=\"elementor-sitemap-item elementor-sitemap-item-post page_item page-item-63979\"><a href=\"https:\/\/icripalimosani.edu.it\/site\/2019\/06\/19\/chapter-before-entering-the-game-external-link-icon-facebook-marshon-lattimore-youth-jersey\/\">Chapter before entering the game external link icon facebook Marshon Lattimore Youth jersey<\/a><\/li><li class=\"elementor-sitemap-item elementor-sitemap-item-post page_item page-item-63978\"><a href=\"https:\/\/icripalimosani.edu.it\/site\/2019\/06\/19\/certainly-arrow-icon-email-icon-my-money-ready-wholesale-nfl-jerseys-nike\/\">Certainly arrow icon email icon my money ready wholesale nfl jerseys nike<\/a><\/li><li class=\"elementor-sitemap-item elementor-sitemap-item-post page_item page-item-63977\"><a href=\"https:\/\/icripalimosani.edu.it\/site\/2019\/06\/19\/report-what-listing-trying-happy-chip-the-power-wholesale-nfl-jerseys\/\">Report what listing trying happy chip the power wholesale nfl jerseys<\/a><\/li><li class=\"elementor-sitemap-item elementor-sitemap-item-post page_item page-item-63974\"><a href=\"https:\/\/icripalimosani.edu.it\/site\/2019\/06\/19\/guaranteed-white-is-returning-from-fully-2019-post-single-jace-sternberger-authentic-jersey\/\">Guaranteed white is returning from fully 2019 post single Jace Sternberger Authentic Jersey<\/a><\/li><li class=\"elementor-sitemap-item elementor-sitemap-item-post page_item page-item-63973\"><a href=\"https:\/\/icripalimosani.edu.it\/site\/2019\/06\/19\/38-compared-five-its-rivals-isnt-titles-wholesale-nfl-jerseys\/\">$38 compared five its rivals isn&#8217;t titles wholesale nfl jerseys<\/a><\/li><li class=\"elementor-sitemap-item elementor-sitemap-item-post page_item page-item-63972\"><a href=\"https:\/\/icripalimosani.edu.it\/site\/2019\/06\/19\/people-quoted-in-articles-check-countless-defenders-musing-coming-wholesale-nfl-jerseys\/\">People quoted in articles check countless defenders musing coming wholesale nfl jerseys<\/a><\/li><li class=\"elementor-sitemap-item elementor-sitemap-item-post page_item page-item-63971\"><a href=\"https:\/\/icripalimosani.edu.it\/site\/2019\/06\/19\/uncomfortable-drop-down-boxes-feeling-appeared-wholesale-nfl-jerseys-supply\/\">Uncomfortable drop down boxes feeling appeared wholesale nfl jerseys supply<\/a><\/li><li class=\"elementor-sitemap-item elementor-sitemap-item-post page_item page-item-63970\"><a href=\"https:\/\/icripalimosani.edu.it\/site\/2019\/06\/19\/hopes-to-avoid-another-upset-scoring-putting-home-possession-cheap-jerseys\/\">Hopes to avoid another upset scoring putting home possession cheap jerseys<\/a><\/li><li class=\"elementor-sitemap-item elementor-sitemap-item-post page_item page-item-63963\"><a href=\"https:\/\/icripalimosani.edu.it\/site\/2019\/06\/19\/games-but-year-one-finishing-cheap-nhl-jerseys\/\">games but year one finishing cheap nhl jerseys<\/a><\/li><li class=\"elementor-sitemap-item elementor-sitemap-item-post page_item page-item-63962\"><a href=\"https:\/\/icripalimosani.edu.it\/site\/2019\/06\/19\/a-gut-wrencher-assertions-one-quinnen-williams-jersey\/\">a gut wrencher assertions one Quinnen Williams Jersey<\/a><\/li><li class=\"elementor-sitemap-item elementor-sitemap-item-post page_item page-item-63961\"><a href=\"https:\/\/icripalimosani.edu.it\/site\/2019\/06\/19\/rating-was-part-of-17-at-age-10-pro-tape-cam-atkinson-youth-jersey\/\">Rating was part of 17 at age 10 pro tape Cam Atkinson Youth jersey<\/a><\/li><li class=\"elementor-sitemap-item elementor-sitemap-item-post page_item page-item-63960\"><a href=\"https:\/\/icripalimosani.edu.it\/site\/2019\/06\/19\/football-icon-facebook-logo-instagram-in-the-backfield-whether-womens-gardner-minshew-ii-jersey\/\">Football icon facebook logo ( instagram in the backfield whether  Womens Gardner Minshew II Jersey<\/a><\/li><li class=\"elementor-sitemap-item elementor-sitemap-item-post page_item page-item-63959\"><a href=\"https:\/\/icripalimosani.edu.it\/site\/2019\/06\/19\/drop-down-boxes-first-briggss-for-example-cheap-nfl-jerseys-usa\/\">Drop down boxes first Briggs&#8217;s for example cheap nfl jerseys usa<\/a><\/li><li class=\"elementor-sitemap-item elementor-sitemap-item-post page_item page-item-63948\"><a href=\"https:\/\/icripalimosani.edu.it\/site\/2019\/06\/18\/calendario-orali-esame-conclusivo-del-i-ciclo-distruzione\/\">Calendario orali Esame conclusivo del I ciclo d&#8217;Istruzione<\/a><\/li><li class=\"elementor-sitemap-item elementor-sitemap-item-post page_item page-item-63941\"><a href=\"https:\/\/icripalimosani.edu.it\/site\/2019\/06\/17\/premio-alla-scuola-dellinfanzia-di-ripalimosani-per-il-concorsoprogramma-il-futuro\/\">La scuola dell&#8217;infanzia di Ripalimosani premiata a Roma, presso il Ministero dell&#8217;Istruzione<\/a><\/li><li class=\"elementor-sitemap-item elementor-sitemap-item-post page_item page-item-63930\"><a href=\"https:\/\/icripalimosani.edu.it\/site\/2019\/06\/15\/manifestazione-finale-infanzia-di-petrella-tifernina\/\">Manifestazione finale &#8211; Infanzia di Petrella Tifernina<\/a><\/li><li class=\"elementor-sitemap-item elementor-sitemap-item-post page_item page-item-63909\"><a href=\"https:\/\/icripalimosani.edu.it\/site\/2019\/06\/11\/evento-di-disseminazione-del-modulo-pon-ti-racconto-una-storia-petrella-tifernina\/\">Evento di disseminazione del modulo PON &#8220;Ti racconto una storia&#8221; &#8211; Petrella Tifernina<\/a><\/li><li class=\"elementor-sitemap-item elementor-sitemap-item-post page_item page-item-63901\"><a href=\"https:\/\/icripalimosani.edu.it\/site\/2019\/06\/07\/seminario-etwinning-a-ripalimosani-6-giugno-2019-2\/\">Seminario eTwinning a Ripalimosani \u2013 6 Giugno 2019<\/a><\/li><li class=\"elementor-sitemap-item elementor-sitemap-item-post page_item page-item-63896\"><a href=\"https:\/\/icripalimosani.edu.it\/site\/2019\/06\/06\/manifestazione-della-scuola-dellinfanzia-di-ripalimosani\/\">Manifestazione della Scuola dell&#8217;Infanzia di Ripalimosani<\/a><\/li><li class=\"elementor-sitemap-item elementor-sitemap-item-post page_item page-item-63892\"><a href=\"https:\/\/icripalimosani.edu.it\/site\/2019\/06\/05\/saluto-di-fine-anno-della-dirigente-scolastica-2\/\">Saluto di fine anno della Dirigente Scolastica<\/a><\/li><li class=\"elementor-sitemap-item elementor-sitemap-item-post page_item page-item-63888\"><a href=\"https:\/\/icripalimosani.edu.it\/site\/2019\/06\/05\/avviso-5\/\">Avviso<\/a><\/li><li class=\"elementor-sitemap-item elementor-sitemap-item-post page_item page-item-63877\"><a href=\"https:\/\/icripalimosani.edu.it\/site\/2019\/06\/03\/poesia-vincitrice-al-concorso\/\">Poesia vincitrice al Concorso letterario di Campi di Bisenzio<\/a><\/li><li class=\"elementor-sitemap-item elementor-sitemap-item-post page_item page-item-63868\"><a href=\"https:\/\/icripalimosani.edu.it\/site\/2019\/05\/30\/seminario-etwinning-a-ripalimosani-6-giugno-2019\/\">Seminario eTwinning a Ripalimosani &#8211; 6 Giugno 2019<\/a><\/li><li class=\"elementor-sitemap-item elementor-sitemap-item-post page_item page-item-63853\"><a href=\"https:\/\/icripalimosani.edu.it\/site\/2019\/05\/28\/bicentenario-dellinfinito-di-leopardi\/\">Celebrazione del bicentenario de \u201cL\u2019infinito\u201d di Leopardi<\/a><\/li><li class=\"elementor-sitemap-item elementor-sitemap-item-post page_item page-item-63847\"><a href=\"https:\/\/icripalimosani.edu.it\/site\/2019\/05\/27\/evento-etwinning-a-ripalimosani\/\">Evento Etwinning a Ripalimosani<\/a><\/li><li class=\"elementor-sitemap-item elementor-sitemap-item-post page_item page-item-63844\"><a href=\"https:\/\/icripalimosani.edu.it\/site\/2019\/05\/27\/esperienze-darte-scuola-dellinfanzia-di-castellino-del-biferno\/\">Esperienze d&#8217;Arte &#8211; Scuola dell&#8217;Infanzia di Castellino del Biferno<\/a><\/li><li class=\"elementor-sitemap-item elementor-sitemap-item-post page_item page-item-63831\"><a href=\"https:\/\/icripalimosani.edu.it\/site\/2019\/05\/25\/fantathlon-2019\/\">Fantathlon 2019<\/a><\/li><li class=\"elementor-sitemap-item elementor-sitemap-item-post page_item page-item-63824\"><a href=\"https:\/\/icripalimosani.edu.it\/site\/2019\/05\/24\/etwinning-a-malaga\/\">Etwinning a Malaga<\/a><\/li><li class=\"elementor-sitemap-item elementor-sitemap-item-post page_item page-item-63805\"><a href=\"https:\/\/icripalimosani.edu.it\/site\/2019\/05\/21\/incontro-formativo-progetto-legalita\/\">Incontri formativi della Scuola Secondaria di Petrella Tifernina<\/a><\/li><li class=\"elementor-sitemap-item elementor-sitemap-item-post page_item page-item-63801\"><a href=\"https:\/\/icripalimosani.edu.it\/site\/2019\/05\/21\/evento-conclusivo-progetto-agia\/\">Evento conclusivo Progetto AGIA<\/a><\/li><li class=\"elementor-sitemap-item elementor-sitemap-item-post page_item page-item-63795\"><a href=\"https:\/\/icripalimosani.edu.it\/site\/2019\/05\/21\/adempimenti-di-fine-anno\/\">Adempimenti di fine anno<\/a><\/li><li class=\"elementor-sitemap-item elementor-sitemap-item-post page_item page-item-63791\"><a href=\"https:\/\/icripalimosani.edu.it\/site\/2019\/05\/20\/calendario-scrutini-ii-quadrimestre-2\/\">Calendario Scrutini II quadrimestre<\/a><\/li><li class=\"elementor-sitemap-item elementor-sitemap-item-post page_item page-item-63737\"><a href=\"https:\/\/icripalimosani.edu.it\/site\/2019\/05\/14\/consiglio-dei-ragazzi-a-ripalimosani\/\">Consiglio dei ragazzi a Ripalimosani<\/a><\/li><li class=\"elementor-sitemap-item elementor-sitemap-item-post page_item page-item-63725\"><a href=\"https:\/\/icripalimosani.edu.it\/site\/2019\/05\/10\/progetto-majo\/\">Progetto \u201cMajo\u201d<\/a><\/li><li class=\"elementor-sitemap-item elementor-sitemap-item-post page_item page-item-63718\"><a href=\"https:\/\/icripalimosani.edu.it\/site\/2019\/05\/10\/63718-2\/\">Uscita didattica agli studi televisivi di Primo Piano e Teleregione<\/a><\/li><li class=\"elementor-sitemap-item elementor-sitemap-item-post page_item page-item-63707\"><a href=\"https:\/\/icripalimosani.edu.it\/site\/2019\/05\/07\/convocazione-collegio-dei-docenti-16-maggio-2019\/\">Convocazione Collegio dei Docenti &#8211; 16 Maggio 2019<\/a><\/li><li class=\"elementor-sitemap-item elementor-sitemap-item-post page_item page-item-63702\"><a href=\"https:\/\/icripalimosani.edu.it\/site\/2019\/05\/07\/variazione-calendario-incontri-continuita\/\">Variazione calendario incontri  per continuit\u00e0<\/a><\/li><li class=\"elementor-sitemap-item elementor-sitemap-item-post page_item page-item-63685\"><a href=\"https:\/\/icripalimosani.edu.it\/site\/2019\/04\/29\/piano-incontri-per-continuita-maggio-2019\/\">Piano incontri per continuit\u00e0 &#8211; Maggio 2019<\/a><\/li><li class=\"elementor-sitemap-item elementor-sitemap-item-post page_item page-item-63660\"><a href=\"https:\/\/icripalimosani.edu.it\/site\/2019\/04\/27\/aggiornamento-graduatorie-ad-esaurimento-personale-docente\/\">Aggiornamento Graduatorie ad Esaurimento personale docente<\/a><\/li><li class=\"elementor-sitemap-item elementor-sitemap-item-post page_item page-item-63657\"><a href=\"https:\/\/icripalimosani.edu.it\/site\/2019\/04\/26\/graduatoria-provvisoria-esperti-interni-pon-patrimonio-culturale\/\">Graduatoria provvisoria Esperti Interni PON &#8220;Patrimonio culturale&#8221;<\/a><\/li><li class=\"elementor-sitemap-item elementor-sitemap-item-post page_item page-item-63647\"><a href=\"https:\/\/icripalimosani.edu.it\/site\/2019\/04\/22\/prove-invalsi-_-scuola-primaria\/\">Prove Invalsi _ Scuola Primaria<\/a><\/li><li class=\"elementor-sitemap-item elementor-sitemap-item-post page_item page-item-63625\"><a href=\"https:\/\/icripalimosani.edu.it\/site\/2019\/04\/16\/avviso-4\/\">Avviso<\/a><\/li><li class=\"elementor-sitemap-item elementor-sitemap-item-post page_item page-item-63622\"><a href=\"https:\/\/icripalimosani.edu.it\/site\/2019\/04\/16\/graduatoria-interna-personale-docente\/\">Graduatoria Interna personale docente<\/a><\/li><li class=\"elementor-sitemap-item elementor-sitemap-item-post page_item page-item-63603\"><a href=\"https:\/\/icripalimosani.edu.it\/site\/2019\/04\/13\/riconoscimento-alunna-della-scuola-secondaria-di-petrella-tifernina\/\">Riconoscimento alunna della Scuola Secondaria di Petrella Tifernina<\/a><\/li><li class=\"elementor-sitemap-item elementor-sitemap-item-post page_item page-item-63591\"><a href=\"https:\/\/icripalimosani.edu.it\/site\/2019\/04\/10\/graduatorie-interne-personale-docente\/\">Graduatorie interne personale docente<\/a><\/li><li class=\"elementor-sitemap-item elementor-sitemap-item-post page_item page-item-63576\"><a href=\"https:\/\/icripalimosani.edu.it\/site\/2019\/04\/09\/colloqui-generali-_-aprile-2019\/\">Colloqui generali _ Aprile 2019<\/a><\/li><li class=\"elementor-sitemap-item elementor-sitemap-item-post page_item page-item-63568\"><a href=\"https:\/\/icripalimosani.edu.it\/site\/2019\/04\/08\/colloqui-generali-scuola-famiglia-aprile-2019\/\">Colloqui generali Scuola- Famiglia &#8211; Aprile 2019<\/a><\/li><li class=\"elementor-sitemap-item elementor-sitemap-item-post page_item page-item-63563\"><a href=\"https:\/\/icripalimosani.edu.it\/site\/2019\/04\/08\/consigli-di-intersezione-interclasse-e-classe-aprile-2019\/\">Consigli di Intersezione- Interclasse e Classe &#8211; Aprile 2019<\/a><\/li><li class=\"elementor-sitemap-item elementor-sitemap-item-post page_item page-item-63529\"><a href=\"https:\/\/icripalimosani.edu.it\/site\/2019\/04\/07\/gemellaggio-lucito-riccia\/\">Gemellaggio Lucito &#8211; Riccia<\/a><\/li><li class=\"elementor-sitemap-item elementor-sitemap-item-post page_item page-item-63525\"><a href=\"https:\/\/icripalimosani.edu.it\/site\/2019\/04\/06\/evento-pnsd-4-aprile-2019-2\/\">Evento PNSD &#8211; 4 Aprile 2019<\/a><\/li><li class=\"elementor-sitemap-item elementor-sitemap-item-post page_item page-item-63519\"><a href=\"https:\/\/icripalimosani.edu.it\/site\/2019\/04\/04\/avviso-graduatorie-interne-personale-ata\/\">Avviso &#8211; Graduatorie interne personale ATA<\/a><\/li><li class=\"elementor-sitemap-item elementor-sitemap-item-post page_item page-item-63498\"><a href=\"https:\/\/icripalimosani.edu.it\/site\/2019\/03\/30\/riconoscimenti-agli-alunni-della-scuola-secondaria-di-petrella-tifernina\/\">Riconoscimenti agli alunni della Scuola Secondaria di Petrella Tifernina<\/a><\/li><li class=\"elementor-sitemap-item elementor-sitemap-item-post page_item page-item-63493\"><a href=\"https:\/\/icripalimosani.edu.it\/site\/2019\/03\/30\/evento-pnsd-4-aprile-2019\/\">Evento PNSD &#8211; 4 Aprile 2019 &#8211; sede centrale<\/a><\/li><li class=\"elementor-sitemap-item elementor-sitemap-item-post page_item page-item-63487\"><a href=\"https:\/\/icripalimosani.edu.it\/site\/2019\/03\/30\/calendario-prove-invalsi-secondaria\/\">Calendario Prove Invalsi Secondaria<\/a><\/li><li class=\"elementor-sitemap-item elementor-sitemap-item-post page_item page-item-63451\"><a href=\"https:\/\/icripalimosani.edu.it\/site\/2019\/03\/23\/convocazione-collegio-plenario-dei-docenti\/\">Convocazione Collegio plenario dei Docenti<\/a><\/li><li class=\"elementor-sitemap-item elementor-sitemap-item-post page_item page-item-63446\"><a href=\"https:\/\/icripalimosani.edu.it\/site\/2019\/03\/21\/risultati-giochi-del-mediterraneo-matematica\/\">Risultati Giochi Matematici del Mediterraneo 2019<\/a><\/li><li class=\"elementor-sitemap-item elementor-sitemap-item-post page_item page-item-63429\"><a href=\"https:\/\/icripalimosani.edu.it\/site\/2019\/03\/18\/avviso-graduatoria-interna-personale-docente\/\">Avviso- Graduatoria interna personale docente<\/a><\/li><li class=\"elementor-sitemap-item elementor-sitemap-item-post page_item page-item-63419\"><a href=\"https:\/\/icripalimosani.edu.it\/site\/2019\/03\/17\/avviso-per-selezione-esperti-interni-pon-patrimonio-culturale\/\">Avviso per selezione Esperti Interni &#8211; PON  &#8220;Patrimonio culturale&#8221;<\/a><\/li><li class=\"elementor-sitemap-item elementor-sitemap-item-post page_item page-item-63396\"><a href=\"https:\/\/icripalimosani.edu.it\/site\/2019\/03\/12\/informativa-passaggio-dal-dominio-gov-it-al-dominio-edu-it\/\">Informativa passaggio dal dominio GOV.IT al dominio EDU.IT<\/a><\/li><li class=\"elementor-sitemap-item elementor-sitemap-item-post page_item page-item-63392\"><a href=\"https:\/\/icripalimosani.edu.it\/site\/2019\/03\/11\/pubblicazione-eventi-ed-iniziative\/\">Pubblicazione eventi ed iniziative<\/a><\/li><li class=\"elementor-sitemap-item elementor-sitemap-item-post page_item page-item-63372\"><a href=\"https:\/\/icripalimosani.edu.it\/site\/2019\/03\/10\/spostamento-data-del-collegio-dei-docenti\/\">Spostamento data del Collegio dei Docenti<\/a><\/li><li class=\"elementor-sitemap-item elementor-sitemap-item-post page_item page-item-63323\"><a href=\"https:\/\/icripalimosani.edu.it\/site\/2019\/03\/01\/semifinali-delle-olimpiadi-della-lingua-italiana\/\">Semifinali delle Olimpiadi della Lingua Italiana<\/a><\/li><li class=\"elementor-sitemap-item elementor-sitemap-item-post page_item page-item-63313\"><a href=\"https:\/\/icripalimosani.edu.it\/site\/2019\/03\/01\/avviso-3\/\">Avviso<\/a><\/li><li class=\"elementor-sitemap-item elementor-sitemap-item-post page_item page-item-63291\"><a href=\"https:\/\/icripalimosani.edu.it\/site\/2019\/02\/27\/evento-formativo-agia\/\">Evento formativo AGIA<\/a><\/li><li class=\"elementor-sitemap-item elementor-sitemap-item-post page_item page-item-63262\"><a href=\"https:\/\/icripalimosani.edu.it\/site\/2019\/02\/25\/piano-degli-incontri-di-continuita-mese-di-marzo\/\">Piano degli incontri di continuit\u00e0 &#8211; Mese di Marzo<\/a><\/li><li class=\"elementor-sitemap-item elementor-sitemap-item-post page_item page-item-63253\"><a href=\"https:\/\/icripalimosani.edu.it\/site\/2019\/02\/24\/evento-del-26-febbraio-progetto-agia\/\">Evento del 26 Febbraio &#8211; Progetto AGIA<\/a><\/li><li class=\"elementor-sitemap-item elementor-sitemap-item-post page_item page-item-63104\"><a href=\"https:\/\/icripalimosani.edu.it\/site\/2019\/02\/15\/colloqui-generali-febbraio-2019\/\">Colloqui generali &#8211; Febbraio 2019<\/a><\/li><li class=\"elementor-sitemap-item elementor-sitemap-item-post page_item page-item-63078\"><a href=\"https:\/\/icripalimosani.edu.it\/site\/2019\/02\/13\/avviso-pubblicazione-manifestrazione-dinteresse-per-viaggi-istruzione\/\">Avviso Manifestazione d&#8217;interesse per viaggi di istruzione &#8211; durata 1 giorno<\/a><\/li><li class=\"elementor-sitemap-item elementor-sitemap-item-post page_item page-item-63062\"><a href=\"https:\/\/icripalimosani.edu.it\/site\/2019\/02\/06\/avviso-manifestazione-dinteresse-viaggio-distruzione-classi-terze-scuola-secondaria-di-i-grado\/\">Avviso manifestazione d&#8217;interesse &#8211; Viaggio d&#8217;istruzione classi terze &#8211; Scuola secondaria di I grado<\/a><\/li><li class=\"elementor-sitemap-item elementor-sitemap-item-post page_item page-item-63058\"><a href=\"https:\/\/icripalimosani.edu.it\/site\/2019\/01\/31\/avviso-2\/\">Avviso<\/a><\/li><li class=\"elementor-sitemap-item elementor-sitemap-item-post page_item page-item-63052\"><a href=\"https:\/\/icripalimosani.edu.it\/site\/2019\/01\/31\/rettifica-scrutini-dell8-febbraio\/\">Rettifica scrutini dell&#8217;8 Febbraio<\/a><\/li><li class=\"elementor-sitemap-item elementor-sitemap-item-post page_item page-item-63026\"><a href=\"https:\/\/icripalimosani.edu.it\/site\/2019\/01\/28\/giornata-della-memoria-27-gennaio\/\">Giornata della memoria &#8211; 27 Gennaio &#8211; i lavori dei nostri ragazzi<\/a><\/li><li class=\"elementor-sitemap-item elementor-sitemap-item-post page_item page-item-63023\"><a href=\"https:\/\/icripalimosani.edu.it\/site\/2019\/01\/28\/rettifica-orari-scrutini-del-7-febbraio\/\">Rettifica orari scrutini del 7 Febbraio<\/a><\/li><li class=\"elementor-sitemap-item elementor-sitemap-item-post page_item page-item-63019\"><a href=\"https:\/\/icripalimosani.edu.it\/site\/2019\/01\/28\/incontro-di-segmento-primaria\/\">Incontro di segmento &#8211; Primaria<\/a><\/li><li class=\"elementor-sitemap-item elementor-sitemap-item-post page_item page-item-62993\"><a href=\"https:\/\/icripalimosani.edu.it\/site\/2019\/01\/22\/scrutini-i-quadrimestre-e-consigli-dintersezione\/\">Scrutini I quadrimestre e Consigli d&#8217;intersezione<\/a><\/li><li class=\"elementor-sitemap-item elementor-sitemap-item-post page_item page-item-62986\"><a href=\"https:\/\/icripalimosani.edu.it\/site\/2019\/01\/20\/avviso-ai-docenti-3\/\">Avviso ai docenti &#8211; proroga<\/a><\/li><li class=\"elementor-sitemap-item elementor-sitemap-item-post page_item page-item-62923\"><a href=\"https:\/\/icripalimosani.edu.it\/site\/2019\/01\/16\/convocazione-del-collegio-dei-docenti-24-gennaio\/\">Convocazione del Collegio dei docenti &#8211; 24 Gennaio<\/a><\/li><li class=\"elementor-sitemap-item elementor-sitemap-item-post page_item page-item-56579\"><a href=\"https:\/\/icripalimosani.edu.it\/site\/2019\/01\/11\/convocazione-consigli-dinterclasse-e-di-classe\/\">Convocazione Consigli d&#8217;Interclasse e di Classe<\/a><\/li><li class=\"elementor-sitemap-item elementor-sitemap-item-post page_item page-item-42623\"><a href=\"https:\/\/icripalimosani.edu.it\/site\/2019\/01\/04\/iscrizioni-a-s-2019-20-2\/\">Iscrizioni a.s. 2019\/20<\/a><\/li><li class=\"elementor-sitemap-item elementor-sitemap-item-post page_item page-item-35245\"><a href=\"https:\/\/icripalimosani.edu.it\/site\/2018\/12\/30\/open-day-a-ripalimosani\/\">Open Day a Ripalimosani<\/a><\/li><li class=\"elementor-sitemap-item elementor-sitemap-item-post page_item page-item-14218\"><a href=\"https:\/\/icripalimosani.edu.it\/site\/2018\/12\/18\/laboratorio-di-continuita-ad-oratino\/\">Laboratorio di continuit\u00e0 ad Oratino<\/a><\/li><li class=\"elementor-sitemap-item elementor-sitemap-item-post page_item page-item-13249\"><a href=\"https:\/\/icripalimosani.edu.it\/site\/2018\/12\/17\/brochure-informative\/\">Brochure informative<\/a><\/li><li class=\"elementor-sitemap-item elementor-sitemap-item-post page_item page-item-11315\"><a href=\"https:\/\/icripalimosani.edu.it\/site\/2018\/12\/15\/open-day-scuola-aperta-date-di-dicembre\/\">Open Day &#8211; Scuola Aperta: date di Dicembre<\/a><\/li><li class=\"elementor-sitemap-item elementor-sitemap-item-post page_item page-item-11310\"><a href=\"https:\/\/icripalimosani.edu.it\/site\/2018\/12\/15\/progetto-agia-autorita-garante-per-linfanzia-e-per-ladolescenza\/\">Progetto AGIA( Autorit\u00e0 garante per l\u2019infanzia e per l\u2019adolescenza)<\/a><\/li><li class=\"elementor-sitemap-item elementor-sitemap-item-post page_item page-item-11306\"><a href=\"https:\/\/icripalimosani.edu.it\/site\/2018\/12\/15\/calendario-open-days-scuola-aperta\/\">Calendario Open Day- Scuola Aperta<\/a><\/li><li class=\"elementor-sitemap-item elementor-sitemap-item-post page_item page-item-11284\"><a href=\"https:\/\/icripalimosani.edu.it\/site\/2018\/12\/12\/avviso\/\">Avviso<\/a><\/li><li class=\"elementor-sitemap-item elementor-sitemap-item-post page_item page-item-11268\"><a href=\"https:\/\/icripalimosani.edu.it\/site\/2018\/12\/10\/avviso-ai-docenti-2\/\">Avviso ai docenti<\/a><\/li><li class=\"elementor-sitemap-item elementor-sitemap-item-post page_item page-item-11264\"><a href=\"https:\/\/icripalimosani.edu.it\/site\/2018\/12\/10\/calendario-formazione-interna-docenti\/\">Calendario formazione interna docenti<\/a><\/li><li class=\"elementor-sitemap-item elementor-sitemap-item-post page_item page-item-11254\"><a href=\"https:\/\/icripalimosani.edu.it\/site\/2018\/12\/09\/riconoscimenti-al-premio-di-poesia-dialettale-a-termoli\/\">Riconoscimenti al Premio di poesia dialettale a Termoli<\/a><\/li><li class=\"elementor-sitemap-item elementor-sitemap-item-post page_item page-item-11246\"><a href=\"https:\/\/icripalimosani.edu.it\/site\/2018\/12\/05\/avviso-per-i-docenti\/\">Avviso per i docenti<\/a><\/li><li class=\"elementor-sitemap-item elementor-sitemap-item-post page_item page-item-11242\"><a href=\"https:\/\/icripalimosani.edu.it\/site\/2018\/11\/30\/graduatoria-provvisoria-esperti-e-tutor-pon-competenze-di-base\/\">Graduatoria provvisoria Esperti e Tutor PON &#8220;Competenze di base&#8221;<\/a><\/li><li class=\"elementor-sitemap-item elementor-sitemap-item-post page_item page-item-11236\"><a href=\"https:\/\/icripalimosani.edu.it\/site\/2018\/11\/30\/festa-dellalbero-a-petrella-tifernina\/\">Festa dell&#8217;Albero a Petrella Tifernina<\/a><\/li><li class=\"elementor-sitemap-item elementor-sitemap-item-post page_item page-item-11230\"><a href=\"https:\/\/icripalimosani.edu.it\/site\/2018\/11\/29\/visita-alla-bibliomediateca-di-campobasso\/\">Visita alla Bibliomediateca di Campobasso<\/a><\/li><li class=\"elementor-sitemap-item elementor-sitemap-item-post page_item page-item-11218\"><a href=\"https:\/\/icripalimosani.edu.it\/site\/2018\/11\/27\/colloqui-generali-scuola-famiglia-3\/\">Colloqui generali Scuola-Famiglia<\/a><\/li><li class=\"elementor-sitemap-item elementor-sitemap-item-post page_item page-item-11195\"><a href=\"https:\/\/icripalimosani.edu.it\/site\/2018\/11\/25\/futuracampobasso-2018\/\">FUTURACAMPOBASSO 2018<\/a><\/li><li class=\"elementor-sitemap-item elementor-sitemap-item-post page_item page-item-11191\"><a href=\"https:\/\/icripalimosani.edu.it\/site\/2018\/11\/22\/25-novembre-2018-giornata-internazionale-per-leliminazione-della-violenza-contro-le-donne\/\">25 novembre 2018 &#8211; Giornata internazionale per l\u2019eliminazione della violenza contro le donne<\/a><\/li><li class=\"elementor-sitemap-item elementor-sitemap-item-post page_item page-item-11181\"><a href=\"https:\/\/icripalimosani.edu.it\/site\/2018\/11\/21\/cessazioni-dal-servizio-dal-1-settembre-2019\/\">Cessazioni dal servizio dal 1 Settembre 2019<\/a><\/li><li class=\"elementor-sitemap-item elementor-sitemap-item-post page_item page-item-11168\"><a href=\"https:\/\/icripalimosani.edu.it\/site\/2018\/11\/19\/pon-competenze-di-base-individuazione-alunni\/\">PON &#8220;Competenze di base&#8221;- Individuazione alunni<\/a><\/li><li class=\"elementor-sitemap-item elementor-sitemap-item-post page_item page-item-11162\"><a href=\"https:\/\/icripalimosani.edu.it\/site\/2018\/11\/15\/iscrizioni-a-s-2019-20-modalita-operative\/\">Iscrizioni a.s. 2019\/20 &#8211; modalit\u00e0 operative<\/a><\/li><li class=\"elementor-sitemap-item elementor-sitemap-item-post page_item page-item-11159\"><a href=\"https:\/\/icripalimosani.edu.it\/site\/2018\/11\/14\/festa-dellalbero-21-novembre\/\">Festa dell&#8217;Albero &#8211; 21 Novembre<\/a><\/li><li class=\"elementor-sitemap-item elementor-sitemap-item-post page_item page-item-11153\"><a href=\"https:\/\/icripalimosani.edu.it\/site\/2018\/11\/12\/cerimonia-della-giornata-dellunita-nazionale-e-delle-forze-armate\/\">Cerimonia della Giornata dell&#8217;Unit\u00e0 Nazionale e delle Forze Armate<\/a><\/li><li class=\"elementor-sitemap-item elementor-sitemap-item-post page_item page-item-11132\"><a href=\"https:\/\/icripalimosani.edu.it\/site\/2018\/11\/07\/festa-dellalbero-a-ripalimosani\/\">Festa dell&#8217;albero a Ripalimosani<\/a><\/li><li class=\"elementor-sitemap-item elementor-sitemap-item-post page_item page-item-11122\"><a href=\"https:\/\/icripalimosani.edu.it\/site\/2018\/11\/07\/avviso-pubblico-per-la-selezione-di-esperti-e-tutor-interni-pon-fse-competenze-di-base\/\">Avviso pubblico per la selezione di Esperti e Tutor interni PON FSE &#8220;Competenze di base&#8221;<\/a><\/li><li class=\"elementor-sitemap-item elementor-sitemap-item-post page_item page-item-11108\"><a href=\"https:\/\/icripalimosani.edu.it\/site\/2018\/11\/05\/convocazione-consigli-dintersezione-interclasse-e-classe-2\/\">Convocazione Consigli d&#8217;Intersezione, Interclasse e Classe<\/a><\/li><li class=\"elementor-sitemap-item elementor-sitemap-item-post page_item page-item-11102\"><a href=\"https:\/\/icripalimosani.edu.it\/site\/2018\/11\/01\/per-i-docenti-termine-presentazione-pdp\/\">Per i docenti: termine presentazione PDP<\/a><\/li><li class=\"elementor-sitemap-item elementor-sitemap-item-post page_item page-item-11076\"><a href=\"https:\/\/icripalimosani.edu.it\/site\/2018\/10\/28\/per-i-docenti-incontri-di-novembre-per-la-continuita\/\">Per i docenti &#8211; Incontri di Novembre per la continuit\u00e0<\/a><\/li><li class=\"elementor-sitemap-item elementor-sitemap-item-post page_item page-item-11054\"><a href=\"https:\/\/icripalimosani.edu.it\/site\/2018\/10\/26\/per-i-docenti-adempimenti-e-tempistica\/\">Per i docenti: adempimenti e tempistica<\/a><\/li><li class=\"elementor-sitemap-item elementor-sitemap-item-post page_item page-item-11005\"><a href=\"https:\/\/icripalimosani.edu.it\/site\/2018\/10\/22\/certificati-di-qualita-europea-etwinning\/\">Certificati di Qualit\u00e0 Europea Etwinning<\/a><\/li><li class=\"elementor-sitemap-item elementor-sitemap-item-post page_item page-item-10999\"><a href=\"https:\/\/icripalimosani.edu.it\/site\/2018\/10\/22\/ammissione-della-nostra-scuola-alle-azioni-del-progetto-di-promozione-e-diffusione-della-convenzione-sui-diritti-del-fanciullo\/\">Progetto di promozione e diffusione della Convenzione di New York &#8211;  Ammissione della nostra scuola<\/a><\/li><li class=\"elementor-sitemap-item elementor-sitemap-item-post page_item page-item-10987\"><a href=\"https:\/\/icripalimosani.edu.it\/site\/2018\/10\/21\/premiazione-degli-alunni-della-scuola-secondaria-di-petrella-tifernina\/\">Premiazione  degli alunni della Scuola Secondaria di Petrella Tifernina<\/a><\/li><li class=\"elementor-sitemap-item elementor-sitemap-item-post page_item page-item-10898\"><a href=\"https:\/\/icripalimosani.edu.it\/site\/2018\/10\/14\/proposte-educative-a-s-2018-19\/\">Proposte educative a.s. 2018\/19<\/a><\/li><li class=\"elementor-sitemap-item elementor-sitemap-item-post page_item page-item-10876\"><a href=\"https:\/\/icripalimosani.edu.it\/site\/2018\/10\/08\/collegio-dei-docenti-18-ottobre-2018\/\">Collegio dei docenti &#8211; 18 Ottobre 2018<\/a><\/li><li class=\"elementor-sitemap-item elementor-sitemap-item-post page_item page-item-10867\"><a href=\"https:\/\/icripalimosani.edu.it\/site\/2018\/10\/06\/31-ottobre-un-minuto-di-silenzio-per-ricordare\/\">31 Ottobre: un minuto di silenzio per ricordare<\/a><\/li><li class=\"elementor-sitemap-item elementor-sitemap-item-post page_item page-item-10859\"><a href=\"https:\/\/icripalimosani.edu.it\/site\/2018\/10\/04\/collegi-orizzontali-primaria-e-secondaria-di-i-grado\/\">Collegi orizzontali- Primaria e Secondaria di I grado<\/a><\/li><li class=\"elementor-sitemap-item elementor-sitemap-item-post page_item page-item-3028\"><a href=\"https:\/\/icripalimosani.edu.it\/site\/2018\/10\/03\/registro-elettronico\/\">Registro elettronico<\/a><\/li><li class=\"elementor-sitemap-item elementor-sitemap-item-post page_item page-item-10834\"><a href=\"https:\/\/icripalimosani.edu.it\/site\/2018\/09\/28\/collegio-orizzontale-scuola-dellinfanzia\/\">Collegio orizzontale Scuola dell&#8217;Infanzia<\/a><\/li><li class=\"elementor-sitemap-item elementor-sitemap-item-post page_item page-item-10802\"><a href=\"https:\/\/icripalimosani.edu.it\/site\/2018\/09\/23\/concorso-genova-nel-cuore\/\">Concorso  &#8220;Genova nel cuore&#8221;<\/a><\/li><li class=\"elementor-sitemap-item elementor-sitemap-item-post page_item page-item-10781\"><a href=\"https:\/\/icripalimosani.edu.it\/site\/2018\/09\/17\/il-mondo-visto-con-gli-occhi-di-un-albero\/\">&#8220;Il mondo visto con gli occhi di un albero&#8221;<\/a><\/li><li class=\"elementor-sitemap-item elementor-sitemap-item-post page_item page-item-10765\"><a href=\"https:\/\/icripalimosani.edu.it\/site\/2018\/09\/15\/i-giovani-ricordano-la-shoah-a-s-2018-19\/\">I giovani ricordano la Shoah a.s. 2018\/19<\/a><\/li><li class=\"elementor-sitemap-item elementor-sitemap-item-post page_item page-item-10742\"><a href=\"https:\/\/icripalimosani.edu.it\/site\/2018\/09\/07\/convocazione-collegio-dei-docenti-12-settembre\/\">Convocazione Collegio dei docenti 12 Settembre<\/a><\/li><li class=\"elementor-sitemap-item elementor-sitemap-item-post page_item page-item-10721\"><a href=\"https:\/\/icripalimosani.edu.it\/site\/2018\/09\/04\/accettazione-mad-a-s-2018-19\/\">Accettazione MAD a.s. 2018\/19<\/a><\/li><li class=\"elementor-sitemap-item elementor-sitemap-item-post page_item page-item-10712\"><a href=\"https:\/\/icripalimosani.edu.it\/site\/2018\/08\/30\/convocazione-collegio-unitario-dei-docenti-4-settembre\/\">Convocazione Collegio unitario dei Docenti &#8211; 4 Settembre<\/a><\/li><li class=\"elementor-sitemap-item elementor-sitemap-item-post page_item page-item-10707\"><a href=\"https:\/\/icripalimosani.edu.it\/site\/2018\/08\/29\/valorizzazione-docenti-a-s-2017-18\/\">Valorizzazione docenti a.s. 2017\/18<\/a><\/li><li class=\"elementor-sitemap-item elementor-sitemap-item-post page_item page-item-10655\"><a href=\"https:\/\/icripalimosani.edu.it\/site\/2018\/07\/16\/utilizzazioni-e-assegnazioni-provvisorie-personale-ata-a-s-2018-19\/\">Utilizzazioni e Assegnazioni provvisorie personale ata a.s. 2018\/19<\/a><\/li><li class=\"elementor-sitemap-item elementor-sitemap-item-post page_item page-item-10629\"><a href=\"https:\/\/icripalimosani.edu.it\/site\/2018\/07\/12\/mobilita-2018-19\/\">Mobilit\u00e0  annuale 2018\/19<\/a><\/li><li class=\"elementor-sitemap-item elementor-sitemap-item-post page_item page-item-10624\"><a href=\"https:\/\/icripalimosani.edu.it\/site\/2018\/07\/11\/progetto-testimoni-dei-diritti-vincitori\/\">Progetto &#8220;Testimoni dei diritti&#8221; &#8211; vincitori<\/a><\/li><li class=\"elementor-sitemap-item elementor-sitemap-item-post page_item page-item-10618\"><a href=\"https:\/\/icripalimosani.edu.it\/site\/2018\/07\/10\/adempimenti-vaccinali-nuove-indicazioni-operative-per-lanno-scolastico-2018-2019\/\">ADEMPIMENTI VACCINALI &#8211; NUOVE INDICAZIONI OPERATIVE PER L&#8217;ANNO SCOLASTICO 2018\/2019<\/a><\/li><li class=\"elementor-sitemap-item elementor-sitemap-item-post page_item page-item-10526\"><a href=\"https:\/\/icripalimosani.edu.it\/site\/2018\/06\/24\/chiusura-uffici\/\">Chiusura uffici<\/a><\/li><li class=\"elementor-sitemap-item elementor-sitemap-item-post page_item page-item-10505\"><a href=\"https:\/\/icripalimosani.edu.it\/site\/2018\/06\/18\/calendario-prova-orale-esami-i-ciclo\/\">Calendario prova orale Esami I ciclo<\/a><\/li><li class=\"elementor-sitemap-item elementor-sitemap-item-post page_item page-item-10496\"><a href=\"https:\/\/icripalimosani.edu.it\/site\/2018\/06\/16\/manifestazione-alla-scuola-dellinfanzia-di-lucito\/\">Manifestazione alla scuola dell&#8217;infanzia di Lucito<\/a><\/li><li class=\"elementor-sitemap-item elementor-sitemap-item-post page_item page-item-10471\"><a href=\"https:\/\/icripalimosani.edu.it\/site\/2018\/06\/11\/calendario-esame-di-stato-i-ciclo\/\">Calendario Esame di Stato I ciclo<\/a><\/li><li class=\"elementor-sitemap-item elementor-sitemap-item-post page_item page-item-10457\"><a href=\"https:\/\/icripalimosani.edu.it\/site\/2018\/06\/10\/spettacolo-teatrale-della-scuola-secondaria-di-ripalimosani\/\">Spettacolo teatrale della scuola secondaria di Ripalimosani<\/a><\/li><li class=\"elementor-sitemap-item elementor-sitemap-item-post page_item page-item-10448\"><a href=\"https:\/\/icripalimosani.edu.it\/site\/2018\/06\/10\/manifestazione-di-fine-anno-a-petrella\/\">Manifestazione di fine anno a Petrella<\/a><\/li><li class=\"elementor-sitemap-item elementor-sitemap-item-post page_item page-item-10419\"><a href=\"https:\/\/icripalimosani.edu.it\/site\/2018\/06\/08\/10419-2\/\">Manifestazione finale ad Oratino<\/a><\/li><li class=\"elementor-sitemap-item elementor-sitemap-item-post page_item page-item-10386\"><a href=\"https:\/\/icripalimosani.edu.it\/site\/2018\/06\/08\/etwinning-school-day-2\/\">Etwinning School Day<\/a><\/li><li class=\"elementor-sitemap-item elementor-sitemap-item-post page_item page-item-10374\"><a href=\"https:\/\/icripalimosani.edu.it\/site\/2018\/06\/08\/manifestazione-di-fine-anno-scolastico-della-scuola-dellinfanzia-di-ripalimosani\/\">Manifestazione di fine anno scolastico della scuola dell\u2019Infanzia di Ripalimosani<\/a><\/li><li class=\"elementor-sitemap-item elementor-sitemap-item-post page_item page-item-10351\"><a href=\"https:\/\/icripalimosani.edu.it\/site\/2018\/06\/06\/musical-a-limosano\/\">Musical a Limosano<\/a><\/li><li class=\"elementor-sitemap-item elementor-sitemap-item-post page_item page-item-10346\"><a href=\"https:\/\/icripalimosani.edu.it\/site\/2018\/06\/06\/recita-alla-scuola-primaria-di-matrice\/\">Recita alla scuola primaria di Matrice<\/a><\/li><li class=\"elementor-sitemap-item elementor-sitemap-item-post page_item page-item-10340\"><a href=\"https:\/\/icripalimosani.edu.it\/site\/2018\/06\/05\/manifestazione-finale-pon-ripalimosani\/\">Manifestazione finale PON &#8220;Inclusione sociale&#8221; &#8211; Ripalimosani<\/a><\/li><li class=\"elementor-sitemap-item elementor-sitemap-item-post page_item page-item-10332\"><a href=\"https:\/\/icripalimosani.edu.it\/site\/2018\/06\/02\/questionario-alunni-infanzia\/\">Questionario alunni Infanzia<\/a><\/li><li class=\"elementor-sitemap-item elementor-sitemap-item-post page_item page-item-10324\"><a href=\"https:\/\/icripalimosani.edu.it\/site\/2018\/06\/02\/questionario-alunni\/\">QUESTIONARIO ALUNNI<\/a><\/li><li class=\"elementor-sitemap-item elementor-sitemap-item-post page_item page-item-10318\"><a href=\"https:\/\/icripalimosani.edu.it\/site\/2018\/06\/01\/etwinning-school-day\/\">Etwinning School Day<\/a><\/li><li class=\"elementor-sitemap-item elementor-sitemap-item-post page_item page-item-10293\"><a href=\"https:\/\/icripalimosani.edu.it\/site\/2018\/05\/30\/10293-2\/\">Recita della scuola primaria di Lucito<\/a><\/li><li class=\"elementor-sitemap-item elementor-sitemap-item-post page_item page-item-10289\"><a href=\"https:\/\/icripalimosani.edu.it\/site\/2018\/05\/30\/festa-di-fine-anno-a-castellino-del-biferno\/\">Festa di fine anno a Castellino del Biferno<\/a><\/li><li class=\"elementor-sitemap-item elementor-sitemap-item-post page_item page-item-10282\"><a href=\"https:\/\/icripalimosani.edu.it\/site\/2018\/05\/30\/preinformativa-privacy-gdpr\/\">Applicazione del Regolamento del Parlamento europeo e del Consiglio in materia di protezione dati personali<\/a><\/li><li class=\"elementor-sitemap-item elementor-sitemap-item-post page_item page-item-10278\"><a href=\"https:\/\/icripalimosani.edu.it\/site\/2018\/05\/30\/informativa-privacy-gdpr\/\">Informativa Privacy GDPR<\/a><\/li><li class=\"elementor-sitemap-item elementor-sitemap-item-post page_item page-item-64633\"><a href=\"https:\/\/icripalimosani.edu.it\/site\/2018\/05\/28\/festa-pnsd\/\">Festa PNSD<\/a><\/li><li class=\"elementor-sitemap-item elementor-sitemap-item-post page_item page-item-64632\"><a href=\"https:\/\/icripalimosani.edu.it\/site\/2018\/05\/27\/udienza-simulata-a-petrella-tifernina\/\">Udienza simulata a Petrella Tifernina<\/a><\/li><li class=\"elementor-sitemap-item elementor-sitemap-item-post page_item page-item-10247\"><a href=\"https:\/\/icripalimosani.edu.it\/site\/2018\/05\/27\/primo-posto-al-concorso-letterario-lucrezia-tangorra\/\">Primo posto al Concorso Letterario Lucrezia Tangorra<\/a><\/li><li class=\"elementor-sitemap-item elementor-sitemap-item-post page_item page-item-10231\"><a href=\"https:\/\/icripalimosani.edu.it\/site\/2018\/05\/25\/dati-di-contatto-dpo-rpd\/\">Dati di contatto DPO &#8211; RPD<\/a><\/li><li class=\"elementor-sitemap-item elementor-sitemap-item-post page_item page-item-10221\"><a href=\"https:\/\/icripalimosani.edu.it\/site\/2018\/05\/24\/gdpr-regolamento-europeo-privacy\/\">GDPR &#8211; Regolamento europeo privacy<\/a><\/li><li class=\"elementor-sitemap-item elementor-sitemap-item-post page_item page-item-10196\"><a href=\"https:\/\/icripalimosani.edu.it\/site\/2018\/05\/21\/manuale-al-buon-uso-etwinning\/\">Manuale al buon uso etwinning<\/a><\/li><li class=\"elementor-sitemap-item elementor-sitemap-item-post page_item page-item-10191\"><a href=\"https:\/\/icripalimosani.edu.it\/site\/2018\/05\/21\/comunicazione-docenti-neoimmessi-in-ruolo\/\">Comunicazione docenti neoimmessi in ruolo<\/a><\/li><li class=\"elementor-sitemap-item elementor-sitemap-item-post page_item page-item-10181\"><a href=\"https:\/\/icripalimosani.edu.it\/site\/2018\/05\/21\/fantathlon-2018\/\">Fantathlon 2018<\/a><\/li><li class=\"elementor-sitemap-item elementor-sitemap-item-post page_item page-item-10172\"><a href=\"https:\/\/icripalimosani.edu.it\/site\/2018\/05\/18\/calendario-scrutini-di-giugno-2\/\">Calendario Scrutini di Giugno<\/a><\/li><li class=\"elementor-sitemap-item elementor-sitemap-item-post page_item page-item-10165\"><a href=\"https:\/\/icripalimosani.edu.it\/site\/2018\/05\/17\/premiazione-a-milano-di-una-nostra-alunna-per-concorso-letterario\/\">Premiazione a Milano di una nostra alunna per concorso letterario<\/a><\/li><li class=\"elementor-sitemap-item elementor-sitemap-item-post page_item page-item-10159\"><a href=\"https:\/\/icripalimosani.edu.it\/site\/2018\/05\/14\/concorso-programma-le-regole\/\">Concorso &#8220;Programma le regole&#8221;<\/a><\/li><li class=\"elementor-sitemap-item elementor-sitemap-item-post page_item page-item-10149\"><a href=\"https:\/\/icripalimosani.edu.it\/site\/2018\/05\/12\/pubblicazione-codice-disciplinare\/\">Pubblicazione Codice Disciplinare<\/a><\/li><li class=\"elementor-sitemap-item elementor-sitemap-item-post page_item page-item-10142\"><a href=\"https:\/\/icripalimosani.edu.it\/site\/2018\/05\/10\/calendarizzazione-prove-esami-i-ciclo\/\">Calendarizzazione prove Esami I Ciclo<\/a><\/li><li class=\"elementor-sitemap-item elementor-sitemap-item-post page_item page-item-10128\"><a href=\"https:\/\/icripalimosani.edu.it\/site\/2018\/05\/08\/adozioni-libri-di-testo-a-s-2018-19\/\">Adozioni libri di testo a.s. 2018\/19<\/a><\/li><li class=\"elementor-sitemap-item elementor-sitemap-item-post page_item page-item-10122\"><a href=\"https:\/\/icripalimosani.edu.it\/site\/2018\/05\/08\/convocazione-del-collegio-dei-docenti-3\/\">Convocazione del Collegio dei Docenti &#8211; 17 maggio 2018<\/a><\/li><li class=\"elementor-sitemap-item elementor-sitemap-item-post page_item page-item-10102\"><a href=\"https:\/\/icripalimosani.edu.it\/site\/2018\/05\/04\/uscita-per-il-progetto-unesco-scuola-dellinfanzia-di-ripalimosani\/\">Uscita per il Progetto Unesco &#8211; Scuola dell&#8217;Infanzia di Ripalimosani<\/a><\/li><li class=\"elementor-sitemap-item elementor-sitemap-item-post page_item page-item-10073\"><a href=\"https:\/\/icripalimosani.edu.it\/site\/2018\/04\/23\/colloqui-scuola-famiglie-maggio\/\">Colloqui scuola-famiglie di  Maggio<\/a><\/li><li class=\"elementor-sitemap-item elementor-sitemap-item-post page_item page-item-10054\"><a href=\"https:\/\/icripalimosani.edu.it\/site\/2018\/04\/23\/questionari-autovalutazione\/\">Questionari Autovalutazione<\/a><\/li><li class=\"elementor-sitemap-item elementor-sitemap-item-post page_item page-item-10039\"><a href=\"https:\/\/icripalimosani.edu.it\/site\/2018\/04\/20\/il-nostro-saper-fare-scuola-primaria-di-petrella\/\">Il nostro saper fare- Scuola primaria di Petrella<\/a><\/li><li class=\"elementor-sitemap-item elementor-sitemap-item-post page_item page-item-9971\"><a href=\"https:\/\/icripalimosani.edu.it\/site\/2018\/04\/12\/evento-digitale-a-ripalimosani-11-aprile\/\">Evento digitale a Ripalimosani 11 Aprile<\/a><\/li><li class=\"elementor-sitemap-item elementor-sitemap-item-post page_item page-item-9962\"><a href=\"https:\/\/icripalimosani.edu.it\/site\/2018\/04\/12\/comunicazione-chiusura-per-elezioni-amministrative\/\">Comunicazione chiusura per elezioni amministrative<\/a><\/li><li class=\"elementor-sitemap-item elementor-sitemap-item-post page_item page-item-9951\"><a href=\"https:\/\/icripalimosani.edu.it\/site\/2018\/04\/12\/partecipazione-della-scuola-dellinfanzia-di-ripalimosani-al-tablet-school\/\">Partecipazione della Scuola dell&#8217;Infanzia di Ripalimosani al Tablet School<\/a><\/li><li class=\"elementor-sitemap-item elementor-sitemap-item-post page_item page-item-9939\"><a href=\"https:\/\/icripalimosani.edu.it\/site\/2018\/04\/11\/siamo-scuola-etwinning\/\">Siamo Scuola  eTwinning<\/a><\/li><li class=\"elementor-sitemap-item elementor-sitemap-item-post page_item page-item-9925\"><a href=\"https:\/\/icripalimosani.edu.it\/site\/2018\/04\/09\/evento-digitale-11-aprile-2018\/\">Evento digitale &#8211; 11 Aprile 2018<\/a><\/li><li class=\"elementor-sitemap-item elementor-sitemap-item-post page_item page-item-9917\"><a href=\"https:\/\/icripalimosani.edu.it\/site\/2018\/04\/07\/consigli-di-classe-interclasse-ed-intersezione-aprile\/\">Consigli di classe, interclasse ed intersezione- Aprile<\/a><\/li><li class=\"elementor-sitemap-item elementor-sitemap-item-post page_item page-item-9886\"><a href=\"https:\/\/icripalimosani.edu.it\/site\/2018\/04\/03\/autorizzazione-pon-patrimonio-culturale-artistico-paesaggistico\/\">Autorizzazione PON &#8220;Patrimonio culturale, artistico, paesaggistico&#8221;<\/a><\/li><li class=\"elementor-sitemap-item elementor-sitemap-item-post page_item page-item-9865\"><a href=\"https:\/\/icripalimosani.edu.it\/site\/2018\/03\/28\/settimana-di-somministrazione-delle-prove-invalsi-scuola-secondaria-di-i-gradoo\/\">Settimana di somministrazione delle Prove Invalsi &#8211; Scuola Secondaria di I gradoo<\/a><\/li><li class=\"elementor-sitemap-item elementor-sitemap-item-post page_item page-item-9843\"><a href=\"https:\/\/icripalimosani.edu.it\/site\/2018\/03\/26\/siamo-in-graduatoria-per-un-altro-progetto-pon-per-il-nuovo-anno-scolastico\/\">Siamo in graduatoria per un altro progetto PON per il nuovo anno scolastico<\/a><\/li><li class=\"elementor-sitemap-item elementor-sitemap-item-post page_item page-item-9826\"><a href=\"https:\/\/icripalimosani.edu.it\/site\/2018\/03\/23\/9826-2\/\">Spettacolo teatrale in lingua inglese<\/a><\/li><li class=\"elementor-sitemap-item elementor-sitemap-item-post page_item page-item-9780\"><a href=\"https:\/\/icripalimosani.edu.it\/site\/2018\/03\/20\/graduatorie-interne-distituto-a-s-2017-18-individuazione-soprannumerarieta\/\">Graduatorie interne d&#8217;Istituto a.s. 2017\/18 &#8211; Individuazione soprannumerariet\u00e0<\/a><\/li><li class=\"elementor-sitemap-item elementor-sitemap-item-post page_item page-item-9766\"><a href=\"https:\/\/icripalimosani.edu.it\/site\/2018\/03\/18\/alunni-in-libreria\/\">Alunni in libreria<\/a><\/li><li class=\"elementor-sitemap-item elementor-sitemap-item-post page_item page-item-9743\"><a href=\"https:\/\/icripalimosani.edu.it\/site\/2018\/03\/18\/il-mio-pnsd\/\">&#8220;Il mio PNSD&#8221;<\/a><\/li><li class=\"elementor-sitemap-item elementor-sitemap-item-post page_item page-item-9715\"><a href=\"https:\/\/icripalimosani.edu.it\/site\/2018\/03\/16\/calendario-prove-scritte-esami-di-stato-conclusivi-del-1-ciclo-distruzione\/\">Calendario Prove scritte Esami di Stato Conclusivi del 1\u00b0 Ciclo d&#8217;Istruzione<\/a><\/li><li class=\"elementor-sitemap-item elementor-sitemap-item-post page_item page-item-9708\"><a href=\"https:\/\/icripalimosani.edu.it\/site\/2018\/03\/16\/il-mio-pnsd-ringraziamento-del-miur\/\">Il mio PNSD &#8211; ringraziamento del MIUR<\/a><\/li><li class=\"elementor-sitemap-item elementor-sitemap-item-post page_item page-item-9690\"><a href=\"https:\/\/icripalimosani.edu.it\/site\/2018\/03\/15\/9690-2\/\">Mobilit\u00e0 2018\/19<\/a><\/li><li class=\"elementor-sitemap-item elementor-sitemap-item-post page_item page-item-9676\"><a href=\"https:\/\/icripalimosani.edu.it\/site\/2018\/03\/13\/spettacolo-teatrale-per-i-bimbi-dellinfanzia-di-ripalimosani\/\">Spettacolo teatrale per i bimbi dell&#8217;infanzia di Ripalimosani<\/a><\/li><li class=\"elementor-sitemap-item elementor-sitemap-item-post page_item page-item-9652\"><a href=\"https:\/\/icripalimosani.edu.it\/site\/2018\/03\/07\/convocazione-collegio-dei-docenti-6\/\">Convocazione Collegio dei docenti<\/a><\/li><li class=\"elementor-sitemap-item elementor-sitemap-item-post page_item page-item-9647\"><a href=\"https:\/\/icripalimosani.edu.it\/site\/2018\/03\/05\/nuove-indicazioni-nazionali\/\">Nuove Indicazioni nazionali<\/a><\/li><li class=\"elementor-sitemap-item elementor-sitemap-item-post page_item page-item-9642\"><a href=\"https:\/\/icripalimosani.edu.it\/site\/2018\/03\/03\/adempimenti-vaccinali\/\">Adempimenti vaccinali<\/a><\/li><li class=\"elementor-sitemap-item elementor-sitemap-item-post page_item page-item-9624\"><a href=\"https:\/\/icripalimosani.edu.it\/site\/2018\/02\/28\/nuovo-calendario-colloqui-scuola-famiglia\/\">Nuovo calendario colloqui scuola-famiglia<\/a><\/li><li class=\"elementor-sitemap-item elementor-sitemap-item-post page_item page-item-9589\"><a href=\"https:\/\/icripalimosani.edu.it\/site\/2018\/02\/25\/la-scatola-generosa-progetto-airc-classe-quarta-di-ripalimosani\/\">La scatola generosa- Progetto Airc- classe quarta di Ripalimosani<\/a><\/li><li class=\"elementor-sitemap-item elementor-sitemap-item-post page_item page-item-9583\"><a href=\"https:\/\/icripalimosani.edu.it\/site\/2018\/02\/24\/comunicazione-sospensione-attivita-e-chiusura-per-elezioni-politiche\/\">Comunicazione sospensione attivit\u00e0 e chiusura per elezioni politiche<\/a><\/li><li class=\"elementor-sitemap-item elementor-sitemap-item-post page_item page-item-9568\"><a href=\"https:\/\/icripalimosani.edu.it\/site\/2018\/02\/21\/scheda-progetto-moduli-pon-esperti\/\">Scheda progetto moduli PON- Esperti<\/a><\/li><li class=\"elementor-sitemap-item elementor-sitemap-item-post page_item page-item-9539\"><a href=\"https:\/\/icripalimosani.edu.it\/site\/2018\/02\/10\/colloqui-generali\/\">Colloqui generali<\/a><\/li><li class=\"elementor-sitemap-item elementor-sitemap-item-post page_item page-item-9535\"><a href=\"https:\/\/icripalimosani.edu.it\/site\/2018\/02\/10\/circolare-giorno-del-ricordo-10-febbraio\/\">Circolare Giorno del Ricordo &#8211; 10 Febbraio<\/a><\/li><li class=\"elementor-sitemap-item elementor-sitemap-item-post page_item page-item-9521\"><a href=\"https:\/\/icripalimosani.edu.it\/site\/2018\/02\/09\/progetto-il-nostro-saper-fare\/\">Progetto &#8220;Il nostro saper fare&#8221;<\/a><\/li><li class=\"elementor-sitemap-item elementor-sitemap-item-post page_item page-item-9516\"><a href=\"https:\/\/icripalimosani.edu.it\/site\/2018\/02\/08\/circolare-documentazione-vaccini\/\">Circolare documentazione vaccini<\/a><\/li><li class=\"elementor-sitemap-item elementor-sitemap-item-post page_item page-item-9490\"><a href=\"https:\/\/icripalimosani.edu.it\/site\/2018\/02\/04\/giorno-del-ricordo-10-febbraio\/\">Giorno del ricordo &#8211; 10 Febbraio<\/a><\/li><li class=\"elementor-sitemap-item elementor-sitemap-item-post page_item page-item-9484\"><a href=\"https:\/\/icripalimosani.edu.it\/site\/2018\/02\/03\/safer-internet-day-6-febbraio\/\">Safer Internet Day &#8211; 6 Febbraio<\/a><\/li><li class=\"elementor-sitemap-item elementor-sitemap-item-post page_item page-item-9471\"><a href=\"https:\/\/icripalimosani.edu.it\/site\/2018\/01\/31\/scrutini-febbraio-2018\/\">Scrutini Febbraio 2018<\/a><\/li><li class=\"elementor-sitemap-item elementor-sitemap-item-post page_item page-item-9462\"><a href=\"https:\/\/icripalimosani.edu.it\/site\/2018\/01\/30\/progetto-airc-arance-della-salute\/\">Progetto AIRC &#8211; Arance della salute<\/a><\/li><li class=\"elementor-sitemap-item elementor-sitemap-item-post page_item page-item-9451\"><a href=\"https:\/\/icripalimosani.edu.it\/site\/2018\/01\/27\/convegno-al-convento-di-ripalimosani\/\">Convegno al Convento di Ripalimosani &#8211; 29 Gennaio &#8211; ore 10.00-12.30<\/a><\/li><li class=\"elementor-sitemap-item elementor-sitemap-item-post page_item page-item-9420\"><a href=\"https:\/\/icripalimosani.edu.it\/site\/2018\/01\/23\/avviso-manifestazione-interesse-altri-viaggi\/\">Avviso manifestazione interesse viaggi di un giorno<\/a><\/li><li class=\"elementor-sitemap-item elementor-sitemap-item-post page_item page-item-9386\"><a href=\"https:\/\/icripalimosani.edu.it\/site\/2018\/01\/21\/27-gennaio-giornata-della-memoria\/\">27 gennaio: Giornata della Memoria<\/a><\/li><li class=\"elementor-sitemap-item elementor-sitemap-item-post page_item page-item-9370\"><a href=\"https:\/\/icripalimosani.edu.it\/site\/2018\/01\/19\/avviso-manifestazione-dinteresse-viaggio-distruzione-iii-sec-i-grado\/\">Avviso manifestazione d&#8217;interesse- viaggio d&#8217;istruzione III sec. I grado<\/a><\/li><li class=\"elementor-sitemap-item elementor-sitemap-item-post page_item page-item-9358\"><a href=\"https:\/\/icripalimosani.edu.it\/site\/2018\/01\/18\/dipartimenti-prove-per-competenza\/\">Dipartimenti Prove per competenza<\/a><\/li><li class=\"elementor-sitemap-item elementor-sitemap-item-post page_item page-item-9209\"><a href=\"https:\/\/icripalimosani.edu.it\/site\/2018\/01\/12\/festa-del-pnsd-19-gennaio\/\">Festa del PNSD &#8211; 19 Gennaio<\/a><\/li><li class=\"elementor-sitemap-item elementor-sitemap-item-post page_item page-item-9205\"><a href=\"https:\/\/icripalimosani.edu.it\/site\/2018\/01\/12\/open-days-a-ripalimosani\/\">Open Day a Ripalimosani<\/a><\/li><li class=\"elementor-sitemap-item elementor-sitemap-item-post page_item page-item-9162\"><a href=\"https:\/\/icripalimosani.edu.it\/site\/2018\/01\/08\/open-days\/\">Open Days<\/a><\/li><li class=\"elementor-sitemap-item elementor-sitemap-item-post page_item page-item-9126\"><a href=\"https:\/\/icripalimosani.edu.it\/site\/2017\/12\/30\/pon-competenze-di-base-graduatoria-scuole\/\">PON &#8220;Competenze di base&#8221;-  Graduatoria scuole<\/a><\/li><li class=\"elementor-sitemap-item elementor-sitemap-item-post page_item page-item-9116\"><a href=\"https:\/\/icripalimosani.edu.it\/site\/2017\/12\/28\/festa-pnsd-18-20-gennaio-2018\/\">Festa PNSD 18-20 Gennaio 2018<\/a><\/li><li class=\"elementor-sitemap-item elementor-sitemap-item-post page_item page-item-9112\"><a href=\"https:\/\/icripalimosani.edu.it\/site\/2017\/12\/28\/orientamento-continuita-2017-18\/\">Orientamento-continuit\u00e0 2017\/18<\/a><\/li><li class=\"elementor-sitemap-item elementor-sitemap-item-post page_item page-item-9105\"><a href=\"https:\/\/icripalimosani.edu.it\/site\/2017\/12\/27\/manifestazione-natalizia-di-lucito\/\">Manifestazione natalizia di Lucito<\/a><\/li><li class=\"elementor-sitemap-item elementor-sitemap-item-post page_item page-item-9090\"><a href=\"https:\/\/icripalimosani.edu.it\/site\/2017\/12\/24\/presepe-vivente-a-petrella\/\">Presepe vivente a Petrella<\/a><\/li><li class=\"elementor-sitemap-item elementor-sitemap-item-post page_item page-item-9069\"><a href=\"https:\/\/icripalimosani.edu.it\/site\/2017\/12\/23\/natale-alla-scuola-dellinfanzia-di-castellino-del-biferno\/\">Natale alla scuola dell&#8217;Infanzia di Castellino del Biferno<\/a><\/li><li class=\"elementor-sitemap-item elementor-sitemap-item-post page_item page-item-9066\"><a href=\"https:\/\/icripalimosani.edu.it\/site\/2017\/12\/23\/auguri-di-buon-natale-dalla-grecia\/\">Auguri di Natale dalla Grecia<\/a><\/li><li class=\"elementor-sitemap-item elementor-sitemap-item-post page_item page-item-9057\"><a href=\"https:\/\/icripalimosani.edu.it\/site\/2017\/12\/23\/manifestazione-allinfanzia-di-ripalimosani\/\">Manifestazione all&#8217;Infanzia di Ripalimosani<\/a><\/li><li class=\"elementor-sitemap-item elementor-sitemap-item-post page_item page-item-9047\"><a href=\"https:\/\/icripalimosani.edu.it\/site\/2017\/12\/23\/spettacolo-natalizio-scuola-secondaria-di-ripalimosani\/\">Spettacolo natalizio- scuola secondaria di Ripalimosani<\/a><\/li><li class=\"elementor-sitemap-item elementor-sitemap-item-post page_item page-item-9042\"><a href=\"https:\/\/icripalimosani.edu.it\/site\/2017\/12\/23\/manifestazione-natalizia-della-scuola-primaria-di-petrella\/\">Manifestazione natalizia della scuola primaria di Petrella<\/a><\/li><li class=\"elementor-sitemap-item elementor-sitemap-item-post page_item page-item-9035\"><a href=\"https:\/\/icripalimosani.edu.it\/site\/2017\/12\/23\/selezionato-il-progetto-i-giovani-ricordano-la-shoah-scuola-secondaria-di-ripalimosani-classe-iii-a\/\">Selezionato il Progetto &#8220;I giovani ricordano la Shoah&#8221;- Scuola Secondaria di Ripalimosani- classe III A<\/a><\/li><li class=\"elementor-sitemap-item elementor-sitemap-item-post page_item page-item-9026\"><a href=\"https:\/\/icripalimosani.edu.it\/site\/2017\/12\/22\/manifestazione-natalizia-scuola-secondaria-di-petrella\/\">Manifestazione natalizia &#8211; scuola secondaria di Petrella<\/a><\/li><li class=\"elementor-sitemap-item elementor-sitemap-item-post page_item page-item-9020\"><a href=\"https:\/\/icripalimosani.edu.it\/site\/2017\/12\/22\/recita-e-canti-natalizi-a-limosano\/\">Recita e canti natalizi a Limosano<\/a><\/li><li class=\"elementor-sitemap-item elementor-sitemap-item-post page_item page-item-9010\"><a href=\"https:\/\/icripalimosani.edu.it\/site\/2017\/12\/21\/progetto-testimoni-dei-diritti-scuola-secondaria-di-petrella\/\">Progetto &#8220;Testimoni dei diritti&#8221;- Scuola Secondaria di Petrella<\/a><\/li><li class=\"elementor-sitemap-item elementor-sitemap-item-post page_item page-item-9001\"><a href=\"https:\/\/icripalimosani.edu.it\/site\/2017\/12\/21\/coro-natalizio-scuola-primaria-di-campolieto\/\">Coro natalizio &#8211; Scuola Primaria di Campolieto<\/a><\/li><li class=\"elementor-sitemap-item elementor-sitemap-item-post page_item page-item-8975\"><a href=\"https:\/\/icripalimosani.edu.it\/site\/2017\/12\/20\/esposizione-dei-lavori-natalizi-nella-scuola-primaria-di-matrice\/\">Esposizione dei lavori natalizi nella Scuola Primaria di Matrice<\/a><\/li><li class=\"elementor-sitemap-item elementor-sitemap-item-post page_item page-item-8962\"><a href=\"https:\/\/icripalimosani.edu.it\/site\/2017\/12\/18\/giornata-logico-creativa\/\">Giornata logico-creativa<\/a><\/li><li class=\"elementor-sitemap-item elementor-sitemap-item-post page_item page-item-8956\"><a href=\"https:\/\/icripalimosani.edu.it\/site\/2017\/12\/18\/avviso-per-le-festivita\/\">Avviso per le festivit\u00e0<\/a><\/li><li class=\"elementor-sitemap-item elementor-sitemap-item-post page_item page-item-8952\"><a href=\"https:\/\/icripalimosani.edu.it\/site\/2017\/12\/18\/iscrizioni-a-s-2018-19\/\">Iscrizioni a.s. 2018\/19<\/a><\/li><li class=\"elementor-sitemap-item elementor-sitemap-item-post page_item page-item-8946\"><a href=\"https:\/\/icripalimosani.edu.it\/site\/2017\/12\/18\/avviso-formazione-docenti-miur\/\">Avviso Formazione Docenti MIUR<\/a><\/li><li class=\"elementor-sitemap-item elementor-sitemap-item-post page_item page-item-8933\"><a href=\"https:\/\/icripalimosani.edu.it\/site\/2017\/12\/15\/anno-di-prova-docenti-neoassunti-a-s-2017-18\/\">Anno di prova docenti neoassunti a.s. 2017\/18<\/a><\/li><li class=\"elementor-sitemap-item elementor-sitemap-item-post page_item page-item-8921\"><a href=\"https:\/\/icripalimosani.edu.it\/site\/2017\/12\/12\/attestati-ore-del-codice-scuola-primaria-di-ripalimosani-classi-ii-e-v\/\">Attestati &#8220;Ore del Codice&#8221; &#8211; Scuola Primaria di Ripalimosani ( classi II e V)<\/a><\/li><li class=\"elementor-sitemap-item elementor-sitemap-item-post page_item page-item-8908\"><a href=\"https:\/\/icripalimosani.edu.it\/site\/2017\/12\/11\/collegio-dei-docenti-18-dicembre\/\">Collegio dei Docenti &#8211; 18 Dicembre<\/a><\/li><li class=\"elementor-sitemap-item elementor-sitemap-item-post page_item page-item-8890\"><a href=\"https:\/\/icripalimosani.edu.it\/site\/2017\/12\/08\/la-classe-quinta-di-petrella-al-concorso-nazionale-di-poesia-dialettale-intitolato-a-carlo-cappella-ottava-edizione\/\">La classe quinta di Petrella al Concorso Nazionale di Poesia Dialettale intitolato a  Carlo Cappella &#8211; Ottava Edizione<\/a><\/li><li class=\"elementor-sitemap-item elementor-sitemap-item-post page_item page-item-8870\"><a href=\"https:\/\/icripalimosani.edu.it\/site\/2017\/12\/06\/giornata-logico-creativa-scuole-secondarie\/\">Giornata logico-creativa- Scuole Secondarie<\/a><\/li><li class=\"elementor-sitemap-item elementor-sitemap-item-post page_item page-item-8849\"><a href=\"https:\/\/icripalimosani.edu.it\/site\/2017\/11\/30\/lettera-aperta-ai-docenti\/\">Lettera aperta ai docenti<\/a><\/li><li class=\"elementor-sitemap-item elementor-sitemap-item-post page_item page-item-8841\"><a href=\"https:\/\/icripalimosani.edu.it\/site\/2017\/11\/28\/colloqui-generali-di-dicembre\/\">Colloqui generali di Dicembre<\/a><\/li><li class=\"elementor-sitemap-item elementor-sitemap-item-post page_item page-item-8825\"><a href=\"https:\/\/icripalimosani.edu.it\/site\/2017\/11\/26\/8825-2\/\">Raccolta fondi per Telethon<\/a><\/li><li class=\"elementor-sitemap-item elementor-sitemap-item-post page_item page-item-8818\"><a href=\"https:\/\/icripalimosani.edu.it\/site\/2017\/11\/25\/giornata-per-la-sicurezza-nelle-scuole\/\">Giornata per la sicurezza delle scuole<\/a><\/li><li class=\"elementor-sitemap-item elementor-sitemap-item-post page_item page-item-8811\"><a href=\"https:\/\/icripalimosani.edu.it\/site\/2017\/11\/25\/5-novembre-2017-giornata-internazionale-per-leliminazione-della-violenza-contro-le-donne\/\">5  novembre  2017  &#8211;  Giornata  internazionale   per  l\u2019eliminazione  della  violenza  contro le donne.<\/a><\/li><li class=\"elementor-sitemap-item elementor-sitemap-item-post page_item page-item-8778\"><a href=\"https:\/\/icripalimosani.edu.it\/site\/2017\/11\/22\/nessun-parli-21-novembre\/\">Nessun parli- 21 Novembre<\/a><\/li><li class=\"elementor-sitemap-item elementor-sitemap-item-post page_item page-item-8773\"><a href=\"https:\/\/icripalimosani.edu.it\/site\/2017\/11\/22\/21-novembre-festa-dellalbero\/\">21 Novembre- Festa dell&#8217;Albero<\/a><\/li><li class=\"elementor-sitemap-item elementor-sitemap-item-post page_item page-item-8754\"><a href=\"https:\/\/icripalimosani.edu.it\/site\/2017\/11\/19\/abitare-i-luoghi-seminario-a-petrella-tifernina-il-24-novembre-ore-16-00\/\">&#8220;Abitare i Luoghi&#8221;- Seminario a Petrella Tifernina, il 24 Novembre ore 16.00<\/a><\/li><li class=\"elementor-sitemap-item elementor-sitemap-item-post page_item page-item-8732\"><a href=\"https:\/\/icripalimosani.edu.it\/site\/2017\/11\/16\/iscrizioni-a-s-201819\/\">Iscrizioni a.s. 2018\/19<\/a><\/li><li class=\"elementor-sitemap-item elementor-sitemap-item-post page_item page-item-8723\"><a href=\"https:\/\/icripalimosani.edu.it\/site\/2017\/11\/16\/attestato-code-per-la-scuola-primaria-di-matrice\/\">Attestato &#8220;CodeWeek&#8221; per la Scuola Primaria di Matrice<\/a><\/li><li class=\"elementor-sitemap-item elementor-sitemap-item-post page_item page-item-8712\"><a href=\"https:\/\/icripalimosani.edu.it\/site\/2017\/11\/14\/evento-nessun-parli-21-novembre\/\">Evento &#8220;Nessun parli&#8221; &#8211; 21 Novembre<\/a><\/li><li class=\"elementor-sitemap-item elementor-sitemap-item-post page_item page-item-8704\"><a href=\"https:\/\/icripalimosani.edu.it\/site\/2017\/11\/10\/celebrazione-del-4-novembre-a-petrella-tifernina\/\">Celebrazione del 4 Novembre a Petrella Tifernina<\/a><\/li><li class=\"elementor-sitemap-item elementor-sitemap-item-post page_item page-item-8655\"><a href=\"https:\/\/icripalimosani.edu.it\/site\/2017\/11\/03\/convocazione-consigli-dinterclasse-e-dintersezione\/\">Convocazione Consigli d&#8217;Interclasse e d&#8217;Intersezione<\/a><\/li><li class=\"elementor-sitemap-item elementor-sitemap-item-post page_item page-item-8651\"><a href=\"https:\/\/icripalimosani.edu.it\/site\/2017\/11\/02\/celebrazione-del-4-novembre\/\">Celebrazione del 4 Novembre<\/a><\/li><li class=\"elementor-sitemap-item elementor-sitemap-item-post page_item page-item-8642\"><a href=\"https:\/\/icripalimosani.edu.it\/site\/2017\/10\/31\/convocazione-consigli-di-classe-scuole-secondarie\/\">Convocazione Consigli di classe- scuole secondarie-<\/a><\/li><li class=\"elementor-sitemap-item elementor-sitemap-item-post page_item page-item-8632\"><a href=\"https:\/\/icripalimosani.edu.it\/site\/2017\/10\/30\/disposizioni-di-servizio-docenti\/\">Disposizioni di servizio docenti<\/a><\/li><li class=\"elementor-sitemap-item elementor-sitemap-item-post page_item page-item-8627\"><a href=\"https:\/\/icripalimosani.edu.it\/site\/2017\/10\/28\/credenziali-genitori-accesso-al-registro-elettronico\/\">Credenziali genitori accesso al registro elettronico<\/a><\/li><li class=\"elementor-sitemap-item elementor-sitemap-item-post page_item page-item-8615\"><a href=\"https:\/\/icripalimosani.edu.it\/site\/2017\/10\/27\/giornata-della-memoria-in-ricordo-delle-vittime-del-terremoto-del-31-ottobre-2002\/\">&#8220;Giornata della memoria&#8221; in ricordo delle vittime del terremoto del 31 ottobre 2002<\/a><\/li><li class=\"elementor-sitemap-item elementor-sitemap-item-post page_item page-item-8593\"><a href=\"https:\/\/icripalimosani.edu.it\/site\/2017\/10\/25\/8593-2\/\">Certificati di Qualit\u00e0 Europei Etwinning<\/a><\/li><li class=\"elementor-sitemap-item elementor-sitemap-item-post page_item page-item-8584\"><a href=\"https:\/\/icripalimosani.edu.it\/site\/2017\/10\/23\/patto-educativo-di-corresponsabilita\/\">Patto Educativo di Corresponsabilit\u00e0<\/a><\/li><li class=\"elementor-sitemap-item elementor-sitemap-item-post page_item page-item-8577\"><a href=\"https:\/\/icripalimosani.edu.it\/site\/2017\/10\/23\/indizione-elezioni-rinnovo-consiglio-distituto\/\">Indizione Elezioni rinnovo Consiglio d&#8217;Istituto<\/a><\/li><li class=\"elementor-sitemap-item elementor-sitemap-item-post page_item page-item-8563\"><a href=\"https:\/\/icripalimosani.edu.it\/site\/2017\/10\/23\/uscite-didattiche-scuola-primaria-e-dellinfanzia-di-oratino\/\">Uscite didattiche Scuola Primaria e Dell&#8217;Infanzia di Oratino<\/a><\/li><li class=\"elementor-sitemap-item elementor-sitemap-item-post page_item page-item-8525\"><a href=\"https:\/\/icripalimosani.edu.it\/site\/2017\/10\/19\/decreto-valorizzazione-docenti-a-s-201617-integrazione\/\">Decreto valorizzazione docenti a.s . 2016\/17- integrazione<\/a><\/li><li class=\"elementor-sitemap-item elementor-sitemap-item-post page_item page-item-8520\"><a href=\"https:\/\/icripalimosani.edu.it\/site\/2017\/10\/19\/corso-di-formazione-pnsd\/\">Corso di formazione PNSD<\/a><\/li><li class=\"elementor-sitemap-item elementor-sitemap-item-post page_item page-item-8482\"><a href=\"https:\/\/icripalimosani.edu.it\/site\/2017\/10\/17\/alla-nostra-scuola-ben-quattro-certificazioni-etwinning\/\">Alla nostra scuola ben cinque certificazioni Etwinning<\/a><\/li><li class=\"elementor-sitemap-item elementor-sitemap-item-post page_item page-item-8459\"><a href=\"https:\/\/icripalimosani.edu.it\/site\/2017\/10\/15\/orario-scolastico\/\">Orario scolastico<\/a><\/li><li class=\"elementor-sitemap-item elementor-sitemap-item-post page_item page-item-8454\"><a href=\"https:\/\/icripalimosani.edu.it\/site\/2017\/10\/12\/docenti-frequentanti-i-corsi-per-il-conseguimento-della-specializzazione-per-attivita-di-sostegno-a-a-201718-permessi-per-diritto-allo-studio\/\">Docenti frequentanti i corsi per il conseguimento della specializzazione per attivit\u00e0 di sostegno A.A. 2017\/18 &#8211; Permessi per diritto allo studio<\/a><\/li><li class=\"elementor-sitemap-item elementor-sitemap-item-post page_item page-item-8442\"><a href=\"https:\/\/icripalimosani.edu.it\/site\/2017\/10\/09\/convegno\/\">Convegno -18 Ottobre-ore 16.00<\/a><\/li><li class=\"elementor-sitemap-item elementor-sitemap-item-post page_item page-item-8412\"><a href=\"https:\/\/icripalimosani.edu.it\/site\/2017\/10\/06\/premiazione-degli-alunni-della-primaria-di-petrella\/\">Premiazione degli alunni della Primaria di Petrella<\/a><\/li><li class=\"elementor-sitemap-item elementor-sitemap-item-post page_item page-item-8403\"><a href=\"https:\/\/icripalimosani.edu.it\/site\/2017\/10\/05\/decreto-assegnazione-bonus-merito-docenti\/\">Decreto assegnazione bonus merito docenti<\/a><\/li><li class=\"elementor-sitemap-item elementor-sitemap-item-post page_item page-item-8391\"><a href=\"https:\/\/icripalimosani.edu.it\/site\/2017\/10\/03\/8391-2\/\">4 Ottobre giornata della pace e del dialogo<\/a><\/li><li class=\"elementor-sitemap-item elementor-sitemap-item-post page_item page-item-8384\"><a href=\"https:\/\/icripalimosani.edu.it\/site\/2017\/10\/03\/convocazione-del-collegio-dei-docenti-2\/\">Convocazione del Collegio dei Docenti<\/a><\/li><li class=\"elementor-sitemap-item elementor-sitemap-item-post page_item page-item-8360\"><a href=\"https:\/\/icripalimosani.edu.it\/site\/2017\/09\/26\/corso-di-formazione-per-docenti-scuola-secondaria-di-i-grado\/\">Corso di Formazione per Docenti Scuola Secondaria di I grado<\/a><\/li><li class=\"elementor-sitemap-item elementor-sitemap-item-post page_item page-item-8308\"><a href=\"https:\/\/icripalimosani.edu.it\/site\/2017\/09\/15\/graduatorie-distituto-definitive\/\">Graduatorie d&#8217;Istituto definitive &#8211; Personale Docente<\/a><\/li><li class=\"elementor-sitemap-item elementor-sitemap-item-post page_item page-item-8288\"><a href=\"https:\/\/icripalimosani.edu.it\/site\/2017\/09\/13\/dichiarazione-attivita-funzionali-allinsegnamento\/\">Dichiarazione attivit\u00e0 funzionali all&#8217;insegnamento<\/a><\/li><li class=\"elementor-sitemap-item elementor-sitemap-item-post page_item page-item-8270\"><a href=\"https:\/\/icripalimosani.edu.it\/site\/2017\/09\/11\/il-primo-giorno-di-scuola\/\">Il primo giorno di scuola&#8230;.<\/a><\/li><li class=\"elementor-sitemap-item elementor-sitemap-item-post page_item page-item-8262\"><a href=\"https:\/\/icripalimosani.edu.it\/site\/2017\/09\/11\/auguri-per-il-nuovo-anno-scolastico\/\">Auguri per il nuovo anno scolastico<\/a><\/li><li class=\"elementor-sitemap-item elementor-sitemap-item-post page_item page-item-8255\"><a href=\"https:\/\/icripalimosani.edu.it\/site\/2017\/09\/11\/orario-delle-lezioni-201718\/\">Orario delle lezioni 2017\/18<\/a><\/li><li class=\"elementor-sitemap-item elementor-sitemap-item-post page_item page-item-8223\"><a href=\"https:\/\/icripalimosani.edu.it\/site\/2017\/09\/01\/indicazioni-operative-vaccinazioni\/\">Indicazioni operative &#8211; Vaccinazioni<\/a><\/li><li class=\"elementor-sitemap-item elementor-sitemap-item-post page_item page-item-8194\"><a href=\"https:\/\/icripalimosani.edu.it\/site\/2017\/08\/24\/convocazione-collegio-dei-docenti-5\/\">Convocazione collegio dei docenti<\/a><\/li><li class=\"elementor-sitemap-item elementor-sitemap-item-post page_item page-item-8177\"><a href=\"https:\/\/icripalimosani.edu.it\/site\/2017\/08\/21\/circolari-vaccinazioni-famiglie-e-personale\/\">Circolari vaccinazioni famiglie e  personale<\/a><\/li><li class=\"elementor-sitemap-item elementor-sitemap-item-post page_item page-item-8172\"><a href=\"https:\/\/icripalimosani.edu.it\/site\/2017\/08\/21\/graduatorie-provvisorie-distituto-ii-e-iii-fascia\/\">Graduatorie provvisorie d&#8217;Istituto -II e III fascia<\/a><\/li><li class=\"elementor-sitemap-item elementor-sitemap-item-post page_item page-item-8166\"><a href=\"https:\/\/icripalimosani.edu.it\/site\/2017\/08\/18\/circolare-miur-sui-vaccini\/\">Circolare Miur sui vaccini<\/a><\/li><li class=\"elementor-sitemap-item elementor-sitemap-item-post page_item page-item-8124\"><a href=\"https:\/\/icripalimosani.edu.it\/site\/2017\/08\/04\/corsi-per-animatore-digitale-e-team-dellinnovazione\/\">Corsi per Animatore digitale e team dell&#8217;innovazione<\/a><\/li><li class=\"elementor-sitemap-item elementor-sitemap-item-post page_item page-item-8094\"><a href=\"https:\/\/icripalimosani.edu.it\/site\/2017\/07\/24\/obbligo-vaccinazioni\/\">Obbligo vaccinazioni<\/a><\/li><li class=\"elementor-sitemap-item elementor-sitemap-item-post page_item page-item-8088\"><a href=\"https:\/\/icripalimosani.edu.it\/site\/2017\/07\/21\/formazione-docenti-invito\/\">Formazione docenti- invito<\/a><\/li><li class=\"elementor-sitemap-item elementor-sitemap-item-post page_item page-item-8079\"><a href=\"https:\/\/icripalimosani.edu.it\/site\/2017\/07\/19\/pon-fse\/\">PON FSE 2014\/20<\/a><\/li><li class=\"elementor-sitemap-item elementor-sitemap-item-post page_item page-item-8030\"><a href=\"https:\/\/icripalimosani.edu.it\/site\/2017\/07\/02\/secondo-modulo-in-presenza-per-formazione-docenti-competenze-di-base\/\">Secondo modulo in presenza  formazione docenti &#8220;Didattica per competenze&#8221;<\/a><\/li><li class=\"elementor-sitemap-item elementor-sitemap-item-post page_item page-item-7980\"><a href=\"https:\/\/icripalimosani.edu.it\/site\/2017\/06\/24\/menzione-donore-alla-sez-a-scuola-dellinfanzia-di-ripalimosani\/\">Menzione d&#8217;onore alla sez.A Scuola dell&#8217;Infanzia di Ripalimosani<\/a><\/li><li class=\"elementor-sitemap-item elementor-sitemap-item-post page_item page-item-7970\"><a href=\"https:\/\/icripalimosani.edu.it\/site\/2017\/06\/20\/collegio-dei-docenti-30-giugno-2017\/\">Collegio dei docenti &#8211; 30 giugno 2017<\/a><\/li><li class=\"elementor-sitemap-item elementor-sitemap-item-post page_item page-item-7905\"><a href=\"https:\/\/icripalimosani.edu.it\/site\/2017\/06\/08\/progetto-art-9-della-costituzione\/\">Progetto art. 9 della Costituzione<\/a><\/li><li class=\"elementor-sitemap-item elementor-sitemap-item-post page_item page-item-7892\"><a href=\"https:\/\/icripalimosani.edu.it\/site\/2017\/06\/05\/primo-modulo-formativo-in-presenza-destinato-ai-docenti-dellinfanzia-e-della-scuola-primaria-in-ordine-alla-tematicadidattica-per-competenzeinnovazione-metodologica-e-competenze-di-base\/\">PRIMO MODULO FORMATIVO IN PRESENZA DESTINATO AI DOCENTI DELL&#8217;INFANZIA E DELLA SCUOLA PRIMARIA IN ORDINE ALLA TEMATICA:DIDATTICA PER COMPETENZE,INNOVAZIONE METODOLOGICA E COMPETENZE DI BASE<\/a><\/li><li class=\"elementor-sitemap-item elementor-sitemap-item-post page_item page-item-7860\"><a href=\"https:\/\/icripalimosani.edu.it\/site\/2017\/05\/29\/manifestazione-giochi-per-tutti-presso-il-parco-dellannunziata-di-casalciprano\/\">Manifestazione &#8220;Giochi per tutti&#8221;,  presso il Parco dell&#8217;Annunziata di Casalciprano.<\/a><\/li><li class=\"elementor-sitemap-item elementor-sitemap-item-post page_item page-item-7850\"><a href=\"https:\/\/icripalimosani.edu.it\/site\/2017\/05\/29\/riconoscimento-alle-nostre-alunne-di-ripalimosani-per-il-torneo-di-calcetto\/\">Riconoscimento alle nostre alunne di Ripalimosani al Women&#8217;s Footbal Day<\/a><\/li><li class=\"elementor-sitemap-item elementor-sitemap-item-post page_item page-item-7845\"><a href=\"https:\/\/icripalimosani.edu.it\/site\/2017\/05\/29\/per-i-docenti-neoassunti-tutor-comitato-di-valutazione\/\">Per i docenti neoassunti- tutor- comitato di valutazione<\/a><\/li><li class=\"elementor-sitemap-item elementor-sitemap-item-post page_item page-item-7840\"><a href=\"https:\/\/icripalimosani.edu.it\/site\/2017\/05\/29\/impegni-di-giugno-infanzia\/\">Impegni di Giugno &#8211; Infanzia<\/a><\/li><li class=\"elementor-sitemap-item elementor-sitemap-item-post page_item page-item-7831\"><a href=\"https:\/\/icripalimosani.edu.it\/site\/2017\/05\/28\/7831-2\/\">Questionario genitori<\/a><\/li><li class=\"elementor-sitemap-item elementor-sitemap-item-post page_item page-item-7827\"><a href=\"https:\/\/icripalimosani.edu.it\/site\/2017\/05\/28\/modello-di-domanda-per-individuazione-docenti-da-ambito\/\">MODELLO DI DOMANDA PER INDIVIDUAZIONE DOCENTI DA AMBITO<\/a><\/li><li class=\"elementor-sitemap-item elementor-sitemap-item-post page_item page-item-7794\"><a href=\"https:\/\/icripalimosani.edu.it\/site\/2017\/05\/27\/piattaforma-s-o-f-i-a\/\">Piattaforma S.O.F.I.A.<\/a><\/li><li class=\"elementor-sitemap-item elementor-sitemap-item-post page_item page-item-7773\"><a href=\"https:\/\/icripalimosani.edu.it\/site\/2017\/05\/26\/canto-corale-della-secondaria-di-petrella\/\">Canto corale della Secondaria di Petrella<\/a><\/li><li class=\"elementor-sitemap-item elementor-sitemap-item-post page_item page-item-7765\"><a href=\"https:\/\/icripalimosani.edu.it\/site\/2017\/05\/26\/serata-digitale-2\/\">Serata digitale<\/a><\/li><li class=\"elementor-sitemap-item elementor-sitemap-item-post page_item page-item-7744\"><a href=\"https:\/\/icripalimosani.edu.it\/site\/2017\/05\/22\/uscita-didattica-mostra-di-lefra\/\">Uscita didattica- mostra di Lefra<\/a><\/li><li class=\"elementor-sitemap-item elementor-sitemap-item-post page_item page-item-7735\"><a href=\"https:\/\/icripalimosani.edu.it\/site\/2017\/05\/22\/calendario-impegni-di-giugno-primaria-e-secondaria\/\">Calendario impegni di giugno- Primaria e Secondaria<\/a><\/li><li class=\"elementor-sitemap-item elementor-sitemap-item-post page_item page-item-7718\"><a href=\"https:\/\/icripalimosani.edu.it\/site\/2017\/05\/20\/serata-digitale-23-maggio-2017-sede-centrale\/\">Serata Digitale: 23 maggio 2017- sede centrale<\/a><\/li><li class=\"elementor-sitemap-item elementor-sitemap-item-post page_item page-item-7709\"><a href=\"https:\/\/icripalimosani.edu.it\/site\/2017\/05\/19\/calendario-scrutini-di-giugno\/\">Calendario Scrutini di Giugno<\/a><\/li><li class=\"elementor-sitemap-item elementor-sitemap-item-post page_item page-item-7705\"><a href=\"https:\/\/icripalimosani.edu.it\/site\/2017\/05\/18\/serata-digitale-23-maggio-2017\/\">Serata Digitale- 23 maggio 2017<\/a><\/li><li class=\"elementor-sitemap-item elementor-sitemap-item-post page_item page-item-7700\"><a href=\"https:\/\/icripalimosani.edu.it\/site\/2017\/05\/18\/uscita-didattica-a-roma\/\">Uscita didattica a Roma<\/a><\/li><li class=\"elementor-sitemap-item elementor-sitemap-item-post page_item page-item-7689\"><a href=\"https:\/\/icripalimosani.edu.it\/site\/2017\/05\/17\/modello-relazione-tutor-per-docenti-neoimmessi\/\">Modello relazione tutor per docenti neoimmessi<\/a><\/li><li class=\"elementor-sitemap-item elementor-sitemap-item-post page_item page-item-7639\"><a href=\"https:\/\/icripalimosani.edu.it\/site\/2017\/05\/08\/nota-miur-riguardante-linserimento-nelle-graduatorie-di-1-e-2-fascia-del-personale-ata-apertura-funzioni-polis-scelta-sedi\/\">nota MIUR riguardante l\u2019inserimento nelle Graduatorie di 1 e 2 fascia del personale ATA (apertura funzioni Polis &#8211; scelta sedi<\/a><\/li><li class=\"elementor-sitemap-item elementor-sitemap-item-post page_item page-item-7631\"><a href=\"https:\/\/icripalimosani.edu.it\/site\/2017\/05\/08\/libri-di-testo-a-s-201718\/\">Libri di testo a.s. 2017\/18<\/a><\/li><li class=\"elementor-sitemap-item elementor-sitemap-item-post page_item page-item-7625\"><a href=\"https:\/\/icripalimosani.edu.it\/site\/2017\/05\/08\/convocazione-collegio-dei-docenti-4\/\">Convocazione Collegio dei Docenti<\/a><\/li><li class=\"elementor-sitemap-item elementor-sitemap-item-post page_item page-item-7568\"><a href=\"https:\/\/icripalimosani.edu.it\/site\/2017\/04\/30\/uscita-didattica-delle-classi-seconde-scuole-secondarie-dellistituto\/\">Uscita didattica  delle classi seconde Scuole Secondarie dell&#8217;Istituto<\/a><\/li><li class=\"elementor-sitemap-item elementor-sitemap-item-post page_item page-item-7562\"><a href=\"https:\/\/icripalimosani.edu.it\/site\/2017\/04\/27\/viaggio-quarte-primaria\/\">Viaggio quarte primaria<\/a><\/li><li class=\"elementor-sitemap-item elementor-sitemap-item-post page_item page-item-7560\"><a href=\"https:\/\/icripalimosani.edu.it\/site\/2017\/04\/27\/viaggio-terze-primaria\/\">Viaggio terze primaria<\/a><\/li><li class=\"elementor-sitemap-item elementor-sitemap-item-post page_item page-item-7532\"><a href=\"https:\/\/icripalimosani.edu.it\/site\/2017\/04\/24\/calendario-prove-scritte-esame-di-stato-i-ciclo\/\">Calendario prove scritte Esame di Stato I Ciclo<\/a><\/li><li class=\"elementor-sitemap-item elementor-sitemap-item-post page_item page-item-7512\"><a href=\"https:\/\/icripalimosani.edu.it\/site\/2017\/04\/22\/calendario-e-disposizioni-prove-invalsi-primaria\/\">Calendario e disposizioni Prove Invalsi- Primaria<\/a><\/li><li class=\"elementor-sitemap-item elementor-sitemap-item-post page_item page-item-7481\"><a href=\"https:\/\/icripalimosani.edu.it\/site\/2017\/04\/19\/mobilita-docenti-irc\/\">Mobilit\u00e0 docenti IRC<\/a><\/li><li class=\"elementor-sitemap-item elementor-sitemap-item-post page_item page-item-7428\"><a href=\"https:\/\/icripalimosani.edu.it\/site\/2017\/04\/13\/mobilita-201718\/\">Mobilit\u00e0 2017\/18<\/a><\/li><li class=\"elementor-sitemap-item elementor-sitemap-item-post page_item page-item-7382\"><a href=\"https:\/\/icripalimosani.edu.it\/site\/2017\/04\/12\/pasquarte-a-limosano-infanzia\/\">Pasquarte a Limosano (Infanzia)<\/a><\/li><li class=\"elementor-sitemap-item elementor-sitemap-item-post page_item page-item-7319\"><a href=\"https:\/\/icripalimosani.edu.it\/site\/2017\/04\/07\/pasquarte-a-castellino-del-biferno\/\">Pasquarte a Castellino del Biferno<\/a><\/li><li class=\"elementor-sitemap-item elementor-sitemap-item-post page_item page-item-7308\"><a href=\"https:\/\/icripalimosani.edu.it\/site\/2017\/04\/07\/graduatoria-interna-docenti-e-ata\/\">Graduatoria interna Docenti e ATA<\/a><\/li><li class=\"elementor-sitemap-item elementor-sitemap-item-post page_item page-item-7303\"><a href=\"https:\/\/icripalimosani.edu.it\/site\/2017\/04\/07\/colloqui-scuola-famiglia-aprile-2017\/\">Colloqui Scuola- Famiglia Aprile 2017<\/a><\/li><li class=\"elementor-sitemap-item elementor-sitemap-item-post page_item page-item-7289\"><a href=\"https:\/\/icripalimosani.edu.it\/site\/2017\/04\/06\/pasquarte-infanzia-di-petrella-tifernina\/\">Pasquarte- Infanzia di Petrella Tifernina<\/a><\/li><li class=\"elementor-sitemap-item elementor-sitemap-item-post page_item page-item-7277\"><a href=\"https:\/\/icripalimosani.edu.it\/site\/2017\/04\/06\/programma-le-regole-2017-scuola-dellinfanzia-ripalimosani\/\">Programma le regole 2017- Scuola dell&#8217;Infanzia- Ripalimosani<\/a><\/li><li class=\"elementor-sitemap-item elementor-sitemap-item-post page_item page-item-7269\"><a href=\"https:\/\/icripalimosani.edu.it\/site\/2017\/04\/05\/pasquarte-a-campolieto\/\">Pasquarte a Campolieto<\/a><\/li><li class=\"elementor-sitemap-item elementor-sitemap-item-post page_item page-item-7233\"><a href=\"https:\/\/icripalimosani.edu.it\/site\/2017\/04\/01\/convocazione-consigli-dintersezione-interclasse-e-classe\/\">Convocazione Consigli d&#8217;Intersezione, Interclasse e Classe<\/a><\/li><li class=\"elementor-sitemap-item elementor-sitemap-item-post page_item page-item-7228\"><a href=\"https:\/\/icripalimosani.edu.it\/site\/2017\/03\/31\/vacanze-di-pasqua\/\">Comunicazione chiusura scuola per Pasqua<\/a><\/li><li class=\"elementor-sitemap-item elementor-sitemap-item-post page_item page-item-7205\"><a href=\"https:\/\/icripalimosani.edu.it\/site\/2017\/03\/28\/uscita-didattica-limosano-infanzia\/\">Uscita didattica- Limosano Infanzia<\/a><\/li><li class=\"elementor-sitemap-item elementor-sitemap-item-post page_item page-item-7191\"><a href=\"https:\/\/icripalimosani.edu.it\/site\/2017\/03\/27\/periodo-di-prova-docenti-neoassunti-201617\/\">Periodo di prova docenti neoassunti 2016\/17<\/a><\/li><li class=\"elementor-sitemap-item elementor-sitemap-item-post page_item page-item-7150\"><a href=\"https:\/\/icripalimosani.edu.it\/site\/2017\/03\/23\/uscita-didattica-infanzia-di-ripalimosani\/\">Uscita didattica Infanzia di Ripalimosani<\/a><\/li><li class=\"elementor-sitemap-item elementor-sitemap-item-post page_item page-item-7145\"><a href=\"https:\/\/icripalimosani.edu.it\/site\/2017\/03\/23\/giornata-della-memoria-in-ricordo-delle-vittime-delle-mafie\/\">Giornata della Memoria in ricordo delle vittime delle mafie- poesia dei nostri alunni<\/a><\/li><li class=\"elementor-sitemap-item elementor-sitemap-item-post page_item page-item-7134\"><a href=\"https:\/\/icripalimosani.edu.it\/site\/2017\/03\/19\/concorso-24-mesi-ata\/\">CONCORSO 24 MESI ATA<\/a><\/li><li class=\"elementor-sitemap-item elementor-sitemap-item-post page_item page-item-7117\"><a href=\"https:\/\/icripalimosani.edu.it\/site\/2017\/03\/18\/giornata-della-memoria-di-tutte-le-vittime-delle-mafie\/\">Giornata della memoria di tutte le vittime delle mafie<\/a><\/li><li class=\"elementor-sitemap-item elementor-sitemap-item-post page_item page-item-7108\"><a href=\"https:\/\/icripalimosani.edu.it\/site\/2017\/03\/15\/convocazione-collegio-unitario-dei-docenti-2\/\">Convocazione Collegio Unitario dei Docenti<\/a><\/li><li class=\"elementor-sitemap-item elementor-sitemap-item-post page_item page-item-7102\"><a href=\"https:\/\/icripalimosani.edu.it\/site\/2017\/03\/14\/avviso-assemblea-sindacale-del-20-marzo-2017\/\">Avviso Assemblea Sindacale del 20 Marzo 2017<\/a><\/li><li class=\"elementor-sitemap-item elementor-sitemap-item-post page_item page-item-7096\"><a href=\"https:\/\/icripalimosani.edu.it\/site\/2017\/03\/14\/emanuele-scuola-secondaria-di-ripalimosani-campione-regionale\/\">Emanuele, scuola secondaria di Ripalimosani, campione regionale<\/a><\/li><li class=\"elementor-sitemap-item elementor-sitemap-item-post page_item page-item-7091\"><a href=\"https:\/\/icripalimosani.edu.it\/site\/2017\/03\/14\/carta-elettronica-per-laggiornamento-e-la-formazione-del-docente\/\">Carta elettronica per l\u2019aggiornamento e la formazione del docente<\/a><\/li><li class=\"elementor-sitemap-item elementor-sitemap-item-post page_item page-item-7085\"><a href=\"https:\/\/icripalimosani.edu.it\/site\/2017\/03\/13\/sciopero-del-17-marzo-2017\/\">Sciopero del 17 Marzo 2017<\/a><\/li><li class=\"elementor-sitemap-item elementor-sitemap-item-post page_item page-item-7072\"><a href=\"https:\/\/icripalimosani.edu.it\/site\/2017\/03\/12\/concorso-programma-le-regole-sviluppo-del-pensiero-computazionale\/\">Concorso &#8220;Programma le regole&#8221; &#8211; Sviluppo del pensiero computazionale<\/a><\/li><li class=\"elementor-sitemap-item elementor-sitemap-item-post page_item page-item-7031\"><a href=\"https:\/\/icripalimosani.edu.it\/site\/2017\/03\/07\/ottimi-risultati-dei-nostri-alunni-ai-campionati-studenteschi-provinciali\/\">Ottimi risultati ai Campionati Studenteschi Provinciali<\/a><\/li><li class=\"elementor-sitemap-item elementor-sitemap-item-post page_item page-item-7024\"><a href=\"https:\/\/icripalimosani.edu.it\/site\/2017\/03\/05\/8-marzo-inizia-il-mese-delle-stem-invito-a-partecipare\/\">8 Marzo- inizia il mese delle STEM- invito a partecipare<\/a><\/li><li class=\"elementor-sitemap-item elementor-sitemap-item-post page_item page-item-7013\"><a href=\"https:\/\/icripalimosani.edu.it\/site\/2017\/03\/02\/7013-2\/\">Avviso sciopero per famiglie<\/a><\/li><li class=\"elementor-sitemap-item elementor-sitemap-item-post page_item page-item-7009\"><a href=\"https:\/\/icripalimosani.edu.it\/site\/2017\/03\/02\/sciopero-dell8-marzo-intera-giornata\/\">Sciopero dell&#8217;8 Marzo &#8211; intera giornata<\/a><\/li><li class=\"elementor-sitemap-item elementor-sitemap-item-post page_item page-item-6966\"><a href=\"https:\/\/icripalimosani.edu.it\/site\/2017\/02\/22\/calendario-prove-per-competenza\/\">Calendario prove per competenza<\/a><\/li><li class=\"elementor-sitemap-item elementor-sitemap-item-post page_item page-item-6937\"><a href=\"https:\/\/icripalimosani.edu.it\/site\/2017\/02\/17\/scuola-dellinfanzia-alla-mostra-picasso-lintimita-del-genio\/\">Scuola dell&#8217;Infanzia alla mostra &#8220;\u201cPicasso, l\u2019intimit\u00e0 del genio\u201d<\/a><\/li><li class=\"elementor-sitemap-item elementor-sitemap-item-post page_item page-item-6932\"><a href=\"https:\/\/icripalimosani.edu.it\/site\/2017\/02\/17\/manifestazione-interesse-viaggio-istruz-terze-secondaria\/\">Manifestazione interesse viaggio istruz. terze secondaria<\/a><\/li><li class=\"elementor-sitemap-item elementor-sitemap-item-post page_item page-item-6922\"><a href=\"https:\/\/icripalimosani.edu.it\/site\/2017\/02\/16\/20-febbraio-giornata-mondiale-della-giustizia-sociale\/\">20 febbraio, Giornata Mondiale della Giustizia Sociale<\/a><\/li><li class=\"elementor-sitemap-item elementor-sitemap-item-post page_item page-item-6905\"><a href=\"https:\/\/icripalimosani.edu.it\/site\/2017\/02\/15\/manifestazione-dinteresse-viaggi-distruzione-a-s-201617\/\">Manifestazione d&#8217;interesse &#8211; Viaggi d&#8217;Istruzione a.s. 2016\/17<\/a><\/li><li class=\"elementor-sitemap-item elementor-sitemap-item-post page_item page-item-6892\"><a href=\"https:\/\/icripalimosani.edu.it\/site\/2017\/02\/13\/calendario-colloqui-generali-scuola-famiglia\/\">Calendario Colloqui generali Scuola-Famiglia<\/a><\/li><li class=\"elementor-sitemap-item elementor-sitemap-item-post page_item page-item-6881\"><a href=\"https:\/\/icripalimosani.edu.it\/site\/2017\/02\/09\/revoca-sospensione-delle-attivita-didattiche-28-febbraio-e-1-marzo\/\">Revoca sospensione delle attivit\u00e0 didattiche (28 Febbraio e 1 Marzo)<\/a><\/li><li class=\"elementor-sitemap-item elementor-sitemap-item-post page_item page-item-6822\"><a href=\"https:\/\/icripalimosani.edu.it\/site\/2017\/01\/28\/manovre-disostruzione\/\">Manovre disostruzione<\/a><\/li><li class=\"elementor-sitemap-item elementor-sitemap-item-post page_item page-item-6798\"><a href=\"https:\/\/icripalimosani.edu.it\/site\/2017\/01\/26\/giorno-della-memoria\/\">Giorno della memoria<\/a><\/li><li class=\"elementor-sitemap-item elementor-sitemap-item-post page_item page-item-6792\"><a href=\"https:\/\/icripalimosani.edu.it\/site\/2017\/01\/25\/adempimenti-i-quadrimestre-2\/\">Adempimenti I quadrimestre<\/a><\/li><li class=\"elementor-sitemap-item elementor-sitemap-item-post page_item page-item-6780\"><a href=\"https:\/\/icripalimosani.edu.it\/site\/2017\/01\/24\/adempimenti-i-quadrimestre\/\">Adempimenti I quadrimestre<\/a><\/li><li class=\"elementor-sitemap-item elementor-sitemap-item-post page_item page-item-6755\"><a href=\"https:\/\/icripalimosani.edu.it\/site\/2017\/01\/23\/calendario-valutazioni-i-quadrimestre\/\">Calendario valutazioni I Quadrimestre<\/a><\/li><li class=\"elementor-sitemap-item elementor-sitemap-item-post page_item page-item-6718\"><a href=\"https:\/\/icripalimosani.edu.it\/site\/2017\/01\/22\/27-gennaio-giorno-della-memoria\/\">27 Gennaio- Giorno della memoria<\/a><\/li><li class=\"elementor-sitemap-item elementor-sitemap-item-post page_item page-item-6709\"><a href=\"https:\/\/icripalimosani.edu.it\/site\/2017\/01\/21\/lavoro-digitale\/\">Lavoro digitale<\/a><\/li><li class=\"elementor-sitemap-item elementor-sitemap-item-post page_item page-item-6655\"><a href=\"https:\/\/icripalimosani.edu.it\/site\/2017\/01\/18\/le-favole-di-esopo\/\">Le Favole di Esopo<\/a><\/li><li class=\"elementor-sitemap-item elementor-sitemap-item-post page_item page-item-6637\"><a href=\"https:\/\/icripalimosani.edu.it\/site\/2017\/01\/17\/scuola-aperta\/\">Scuola Aperta<\/a><\/li><li class=\"elementor-sitemap-item elementor-sitemap-item-post page_item page-item-6531\"><a href=\"https:\/\/icripalimosani.edu.it\/site\/2017\/01\/16\/serata-digitale-22-dicembre-2016\/\">Serata digitale- 22 Dicembre 2016<\/a><\/li><li class=\"elementor-sitemap-item elementor-sitemap-item-post page_item page-item-6487\"><a href=\"https:\/\/icripalimosani.edu.it\/site\/2017\/01\/14\/brochure-scuole-di-ripalimosani\/\">Brochure Scuole di Ripalimosani<\/a><\/li><li class=\"elementor-sitemap-item elementor-sitemap-item-post page_item page-item-6477\"><a href=\"https:\/\/icripalimosani.edu.it\/site\/2017\/01\/14\/lavori-alunni\/\">Lavori degli alunni<\/a><\/li><li class=\"elementor-sitemap-item elementor-sitemap-item-post page_item page-item-6473\"><a href=\"https:\/\/icripalimosani.edu.it\/site\/2017\/01\/12\/risultati-i-giochi-dautunno-bocconi\/\">Risultati &#8220;I Giochi D&#8217;Autunno&#8221;- Bocconi<\/a><\/li><li class=\"elementor-sitemap-item elementor-sitemap-item-post page_item page-item-6424\"><a href=\"https:\/\/icripalimosani.edu.it\/site\/2017\/01\/04\/school-bonus-donazioni\/\">School Bonus- Donazioni<\/a><\/li><li class=\"elementor-sitemap-item elementor-sitemap-item-post page_item page-item-6389\"><a href=\"https:\/\/icripalimosani.edu.it\/site\/2016\/12\/29\/tutorial-racconto-giallo\/\">Tutorial racconto giallo<\/a><\/li><li class=\"elementor-sitemap-item elementor-sitemap-item-post page_item page-item-6357\"><a href=\"https:\/\/icripalimosani.edu.it\/site\/2016\/12\/27\/ricetta-di-natale\/\">Ricetta di Natale<\/a><\/li><li class=\"elementor-sitemap-item elementor-sitemap-item-post page_item page-item-6352\"><a href=\"https:\/\/icripalimosani.edu.it\/site\/2016\/12\/27\/lavoro-natalizio\/\">Lavoro natalizio<\/a><\/li><li class=\"elementor-sitemap-item elementor-sitemap-item-post page_item page-item-6340\"><a href=\"https:\/\/icripalimosani.edu.it\/site\/2016\/12\/27\/6340-2\/\">Rappresentazione natalizia Infanzia di Ripalimosani<\/a><\/li><li class=\"elementor-sitemap-item elementor-sitemap-item-post page_item page-item-6334\"><a href=\"https:\/\/icripalimosani.edu.it\/site\/2016\/12\/27\/recita-di-natale-campolieto-e-castellino\/\">Recita di Natale &#8211; Campolieto e Castellino<\/a><\/li><li class=\"elementor-sitemap-item elementor-sitemap-item-post page_item page-item-6323\"><a href=\"https:\/\/icripalimosani.edu.it\/site\/2016\/12\/27\/recita-di-natale-a-limosano\/\">Recita di Natale a Limosano<\/a><\/li><li class=\"elementor-sitemap-item elementor-sitemap-item-post page_item page-item-6286\"><a href=\"https:\/\/icripalimosani.edu.it\/site\/2016\/12\/22\/presepe-vivente-ad-oratino\/\">Presepe vivente ad Oratino<\/a><\/li><li class=\"elementor-sitemap-item elementor-sitemap-item-post page_item page-item-6273\"><a href=\"https:\/\/icripalimosani.edu.it\/site\/2016\/12\/21\/sospensione-delle-attivita-didattiche-3\/\">Sospensione delle attivit\u00e0 didattiche<\/a><\/li><li class=\"elementor-sitemap-item elementor-sitemap-item-post page_item page-item-6268\"><a href=\"https:\/\/icripalimosani.edu.it\/site\/2016\/12\/21\/cessazioni-dal-servizio-2017\/\">Cessazioni dal servizio 2017<\/a><\/li><li class=\"elementor-sitemap-item elementor-sitemap-item-post page_item page-item-6237\"><a href=\"https:\/\/icripalimosani.edu.it\/site\/2016\/12\/18\/serata-digitale\/\">Serata digitale<\/a><\/li><li class=\"elementor-sitemap-item elementor-sitemap-item-post page_item page-item-6221\"><a href=\"https:\/\/icripalimosani.edu.it\/site\/2016\/12\/17\/iscrizioni-on-line-primaria-e-secondaria-a-s-201718\/\">Iscrizioni on line Primaria e Secondaria a.s.2017\/18<\/a><\/li><li class=\"elementor-sitemap-item elementor-sitemap-item-post page_item page-item-6200\"><a href=\"https:\/\/icripalimosani.edu.it\/site\/2016\/12\/16\/concorso-promuovo-il-mio-paese\/\">Concorso &#8220;Promuovo il mio Paese&#8221;<\/a><\/li><li class=\"elementor-sitemap-item elementor-sitemap-item-post page_item page-item-6191\"><a href=\"https:\/\/icripalimosani.edu.it\/site\/2016\/12\/12\/storyboard\/\">Storyboard<\/a><\/li><li class=\"elementor-sitemap-item elementor-sitemap-item-post page_item page-item-6171\"><a href=\"https:\/\/icripalimosani.edu.it\/site\/2016\/12\/09\/avviso-per-orari-di-segreteria\/\">Avviso per orari di segreteria<\/a><\/li><li class=\"elementor-sitemap-item elementor-sitemap-item-post page_item page-item-6142\"><a href=\"https:\/\/icripalimosani.edu.it\/site\/2016\/12\/05\/raccolta-fondi-per-telethon-3\/\">Raccolta fondi per Telethon<\/a><\/li><li class=\"elementor-sitemap-item elementor-sitemap-item-post page_item page-item-6119\"><a href=\"https:\/\/icripalimosani.edu.it\/site\/2016\/11\/26\/evento-pnsd\/\">Evento PNSD<\/a><\/li><li class=\"elementor-sitemap-item elementor-sitemap-item-post page_item page-item-6107\"><a href=\"https:\/\/icripalimosani.edu.it\/site\/2016\/11\/25\/assemblea-sindacale-29-novembre\/\">Assemblea sindacale &#8211; 29 Novembre<\/a><\/li><li class=\"elementor-sitemap-item elementor-sitemap-item-post page_item page-item-6093\"><a href=\"https:\/\/icripalimosani.edu.it\/site\/2016\/11\/24\/certificato-code-org\/\">Uno dei Certificati code.org<\/a><\/li><li class=\"elementor-sitemap-item elementor-sitemap-item-post page_item page-item-6082\"><a href=\"https:\/\/icripalimosani.edu.it\/site\/2016\/11\/24\/colloqui-generali-scuola-famiglia-2\/\">Colloqui generali Scuola-Famiglia<\/a><\/li><li class=\"elementor-sitemap-item elementor-sitemap-item-post page_item page-item-6065\"><a href=\"https:\/\/icripalimosani.edu.it\/site\/2016\/11\/23\/decreto-assegnazione-bonus-docenti\/\">Decreto assegnazione bonus docenti<\/a><\/li><li class=\"elementor-sitemap-item elementor-sitemap-item-post page_item page-item-6057\"><a href=\"https:\/\/icripalimosani.edu.it\/site\/2016\/11\/23\/certificato-di-qualita-europeo-etwinning\/\">Certificato di qualit\u00e0 europeo etwinning<\/a><\/li><li class=\"elementor-sitemap-item elementor-sitemap-item-post page_item page-item-6034\"><a href=\"https:\/\/icripalimosani.edu.it\/site\/2016\/11\/16\/giustificazione-assenze-entrate-o-uscite-fuori-orario-degli-alunni\/\">Giustificazione assenze, entrate o uscite fuori orario degli alunni<\/a><\/li><li class=\"elementor-sitemap-item elementor-sitemap-item-post page_item page-item-6026\"><a href=\"https:\/\/icripalimosani.edu.it\/site\/2016\/11\/14\/bonus-card-per-i-docenti\/\">Bonus Card per i docenti<\/a><\/li><li class=\"elementor-sitemap-item elementor-sitemap-item-post page_item page-item-6019\"><a href=\"https:\/\/icripalimosani.edu.it\/site\/2016\/11\/13\/vademecum-a-prova-di-privacy\/\">Vademecum a prova di privacy<\/a><\/li><li class=\"elementor-sitemap-item elementor-sitemap-item-post page_item page-item-5960\"><a href=\"https:\/\/icripalimosani.edu.it\/site\/2016\/11\/09\/consigli-dintersezione\/\">Consigli d&#8217;intersezione<\/a><\/li><li class=\"elementor-sitemap-item elementor-sitemap-item-post page_item page-item-5917\"><a href=\"https:\/\/icripalimosani.edu.it\/site\/2016\/11\/04\/consigli-dinterclasse\/\">Consigli d&#8217;interclasse &#8211; Novembre 2016<\/a><\/li><li class=\"elementor-sitemap-item elementor-sitemap-item-post page_item page-item-5896\"><a href=\"https:\/\/icripalimosani.edu.it\/site\/2016\/11\/02\/permessi-diritto-allo-studio\/\">Permessi diritto allo studio<\/a><\/li><li class=\"elementor-sitemap-item elementor-sitemap-item-post page_item page-item-5874\"><a href=\"https:\/\/icripalimosani.edu.it\/site\/2016\/10\/27\/graduatorie-distituto\/\">Graduatorie d&#8217;Istituto<\/a><\/li><li class=\"elementor-sitemap-item elementor-sitemap-item-post page_item page-item-5868\"><a href=\"https:\/\/icripalimosani.edu.it\/site\/2016\/10\/26\/bando-per-la-scuola-inventiamo-una-banconota\/\">Bando per la Scuola &#8220;Inventiamo una banconota&#8221;<\/a><\/li><li class=\"elementor-sitemap-item elementor-sitemap-item-post page_item page-item-5862\"><a href=\"https:\/\/icripalimosani.edu.it\/site\/2016\/10\/26\/anno-di-formazione-per-docenti-neoassunti-201617\/\">Anno di formazione per docenti neoassunti 2016\/17<\/a><\/li><li class=\"elementor-sitemap-item elementor-sitemap-item-post page_item page-item-5835\"><a href=\"https:\/\/icripalimosani.edu.it\/site\/2016\/10\/23\/impegni-di-novembre-per-i-docenti\/\">Impegni di Novembre per i docenti<\/a><\/li><li class=\"elementor-sitemap-item elementor-sitemap-item-post page_item page-item-5821\"><a href=\"https:\/\/icripalimosani.edu.it\/site\/2016\/10\/21\/individuazione-formazione-docenti-pnsd\/\">Individuazione formazione docenti PNSD<\/a><\/li><li class=\"elementor-sitemap-item elementor-sitemap-item-post page_item page-item-5763\"><a href=\"https:\/\/icripalimosani.edu.it\/site\/2016\/10\/15\/inaugurazione-della-palestra-a-ripalimosani\/\">Inaugurazione della palestra a Ripalimosani<\/a><\/li><li class=\"elementor-sitemap-item elementor-sitemap-item-post page_item page-item-5754\"><a href=\"https:\/\/icripalimosani.edu.it\/site\/2016\/10\/14\/settimana-europea-del-coding\/\">Settimana europea del coding<\/a><\/li><li class=\"elementor-sitemap-item elementor-sitemap-item-post page_item page-item-5731\"><a href=\"https:\/\/icripalimosani.edu.it\/site\/2016\/10\/13\/castagnando-con-i-nonni-a-limosano\/\">Castagnando con i nonni a Limosano<\/a><\/li><li class=\"elementor-sitemap-item elementor-sitemap-item-post page_item page-item-5722\"><a href=\"https:\/\/icripalimosani.edu.it\/site\/2016\/10\/13\/per-la-maestra-marisa-il-ricordo-della-scuola\/\">Per la maestra Marisa il ricordo della scuola<\/a><\/li><li class=\"elementor-sitemap-item elementor-sitemap-item-post page_item page-item-5697\"><a href=\"https:\/\/icripalimosani.edu.it\/site\/2016\/10\/10\/elezione-organi-collegiali\/\">Elezione Organi Collegiali- 27 Ottobre<\/a><\/li><li class=\"elementor-sitemap-item elementor-sitemap-item-post page_item page-item-5678\"><a href=\"https:\/\/icripalimosani.edu.it\/site\/2016\/10\/03\/al-senato\/\">Al Senato<\/a><\/li><li class=\"elementor-sitemap-item elementor-sitemap-item-post page_item page-item-5628\"><a href=\"https:\/\/icripalimosani.edu.it\/site\/2016\/09\/26\/giornata-europea-delle-lingue\/\">Giornata Europea delle Lingue<\/a><\/li><li class=\"elementor-sitemap-item elementor-sitemap-item-post page_item page-item-5604\"><a href=\"https:\/\/icripalimosani.edu.it\/site\/2016\/09\/26\/indicazioni-operative-supplenze-brevi\/\">Indicazioni operative supplenze brevi<\/a><\/li><li class=\"elementor-sitemap-item elementor-sitemap-item-post page_item page-item-5599\"><a href=\"https:\/\/icripalimosani.edu.it\/site\/2016\/09\/24\/offerta-formativa-nazionale-per-le-scuole-del-ministero-dei-beni-e-delle-attivita-culturali-e-del-turismo-2016-17-nota-miur-prot-n-6714-del-15-settembre-2016\/\">Offerta formativa nazionale per le scuole del Ministero dei Beni e delle Attivit\u00e0 Culturali e del Turismo 2016 -17. Nota MIUR Prot. N. 6714 del 15 settembre 2016<\/a><\/li><li class=\"elementor-sitemap-item elementor-sitemap-item-post page_item page-item-5593\"><a href=\"https:\/\/icripalimosani.edu.it\/site\/2016\/09\/24\/direttiva-sullobbligo-di-vigilanza-degli-alunni\/\">Direttiva sull&#8217;obbligo di vigilanza degli alunni<\/a><\/li><li class=\"elementor-sitemap-item elementor-sitemap-item-post page_item page-item-5580\"><a href=\"https:\/\/icripalimosani.edu.it\/site\/2016\/09\/24\/usciata-minori-da-scuola-moduli-per-famiglie\/\">Uscita minori da scuola- moduli per famiglie<\/a><\/li><li class=\"elementor-sitemap-item elementor-sitemap-item-post page_item page-item-5558\"><a href=\"https:\/\/icripalimosani.edu.it\/site\/2016\/09\/19\/avviso-per-i-docenti-ricostruzione-carriera\/\">Avviso per i docenti &#8211; Ricostruzione carriera<\/a><\/li><li class=\"elementor-sitemap-item elementor-sitemap-item-post page_item page-item-5553\"><a href=\"https:\/\/icripalimosani.edu.it\/site\/2016\/09\/19\/orario-settimanale-scuole\/\">Orario settimanale Scuole<\/a><\/li><li class=\"elementor-sitemap-item elementor-sitemap-item-post page_item page-item-5541\"><a href=\"https:\/\/icripalimosani.edu.it\/site\/2016\/09\/17\/comunicazione-alle-famiglie-scuola-dellinfanzia\/\">Comunicazione alle famiglie- Scuola dell&#8217;Infanzia<\/a><\/li><li class=\"elementor-sitemap-item elementor-sitemap-item-post page_item page-item-5534\"><a href=\"https:\/\/icripalimosani.edu.it\/site\/2016\/09\/16\/22-settembre-giornata-della-gentilezza\/\">22 Settembre: giornata della gentilezza<\/a><\/li><li class=\"elementor-sitemap-item elementor-sitemap-item-post page_item page-item-5510\"><a href=\"https:\/\/icripalimosani.edu.it\/site\/2016\/09\/14\/calendario-attivita-progetto-aree-a-rischio\/\">Calendario attivit\u00e0 Progetto Aree a rischio<\/a><\/li><li class=\"elementor-sitemap-item elementor-sitemap-item-post page_item page-item-5494\"><a href=\"https:\/\/icripalimosani.edu.it\/site\/2016\/09\/13\/progetto-aree-a-rischio\/\">Progetto Aree a rischio<\/a><\/li><li class=\"elementor-sitemap-item elementor-sitemap-item-post page_item page-item-5460\"><a href=\"https:\/\/icripalimosani.edu.it\/site\/2016\/09\/10\/prove-dingresso-per-competenze\/\">Prove d&#8217;ingresso per competenze<\/a><\/li><li class=\"elementor-sitemap-item elementor-sitemap-item-post page_item page-item-5451\"><a href=\"https:\/\/icripalimosani.edu.it\/site\/2016\/09\/08\/gli-alunni-della-secondaria-di-ripalimosani-come-piccoli-ciceroni\/\">Gli alunni della Secondaria di Ripalimosani come piccoli Ciceroni<\/a><\/li><li class=\"elementor-sitemap-item elementor-sitemap-item-post page_item page-item-5443\"><a href=\"https:\/\/icripalimosani.edu.it\/site\/2016\/09\/07\/convocazione-collegio-dei-docenti-3\/\">Convocazione collegio dei docenti<\/a><\/li><li class=\"elementor-sitemap-item elementor-sitemap-item-post page_item page-item-5419\"><a href=\"https:\/\/icripalimosani.edu.it\/site\/2016\/09\/03\/dichiarazione-insegnamento-inglese\/\">Dichiarazione insegnamento inglese<\/a><\/li><li class=\"elementor-sitemap-item elementor-sitemap-item-post page_item page-item-5406\"><a href=\"https:\/\/icripalimosani.edu.it\/site\/2016\/09\/02\/modulo-candidatura-funzione-strumentale\/\">Modulo candidatura Funzione Strumentale<\/a><\/li><li class=\"elementor-sitemap-item elementor-sitemap-item-post page_item page-item-5395\"><a href=\"https:\/\/icripalimosani.edu.it\/site\/2016\/09\/01\/docenti-attivita-collegiali-mese-di-settembre\/\">Docenti: attivit\u00e0 collegiali mese di Settembre<\/a><\/li><li class=\"elementor-sitemap-item elementor-sitemap-item-post page_item page-item-5367\"><a href=\"https:\/\/icripalimosani.edu.it\/site\/2016\/08\/25\/convocazione-collegio-unitario-dei-docenti\/\">Convocazione Collegio unitario dei docenti<\/a><\/li><li class=\"elementor-sitemap-item elementor-sitemap-item-post page_item page-item-5364\"><a href=\"https:\/\/icripalimosani.edu.it\/site\/2016\/08\/24\/avviso-ai-docenti\/\">Avviso ai docenti e al personale ATA<\/a><\/li><li class=\"elementor-sitemap-item elementor-sitemap-item-post page_item page-item-5356\"><a href=\"https:\/\/icripalimosani.edu.it\/site\/2016\/08\/22\/simposio-ripa-2016\/\">Simposio Ripa 2016<\/a><\/li><li class=\"elementor-sitemap-item elementor-sitemap-item-post page_item page-item-5308\"><a href=\"https:\/\/icripalimosani.edu.it\/site\/2016\/08\/06\/scuola-dellinfanzia-di-ripalimosani-canto-popolare\/\">Scuola dell&#8217;Infanzia di Ripalimosani &#8211; canto popolare<\/a><\/li><li class=\"elementor-sitemap-item elementor-sitemap-item-post page_item page-item-5303\"><a href=\"https:\/\/icripalimosani.edu.it\/site\/2016\/08\/06\/certificazione-etwinning\/\">Certificazione  eTwinning<\/a><\/li><li class=\"elementor-sitemap-item elementor-sitemap-item-post page_item page-item-5291\"><a href=\"https:\/\/icripalimosani.edu.it\/site\/2016\/07\/21\/domande-per-utilizzazioni-ed-assegnazioni-provvisorie\/\">Domande per utilizzazioni ed assegnazioni provvisorie<\/a><\/li><li class=\"elementor-sitemap-item elementor-sitemap-item-post page_item page-item-5287\"><a href=\"https:\/\/icripalimosani.edu.it\/site\/2016\/07\/20\/fondi-progetto-aree-a-rischio\/\">Fondi Progetto Aree a rischio<\/a><\/li><li class=\"elementor-sitemap-item elementor-sitemap-item-post page_item page-item-5270\"><a href=\"https:\/\/icripalimosani.edu.it\/site\/2016\/07\/11\/calendario-scolastico-201617\/\">Calendario scolastico 2016\/17<\/a><\/li><li class=\"elementor-sitemap-item elementor-sitemap-item-post page_item page-item-5267\"><a href=\"https:\/\/icripalimosani.edu.it\/site\/2016\/07\/11\/orari-degli-uffici-di-segreteria-mesi-di-luglio-e-agosto\/\">Orari degli uffici di segreteria- mesi di Luglio e Agosto<\/a><\/li><li class=\"elementor-sitemap-item elementor-sitemap-item-post page_item page-item-5218\"><a href=\"https:\/\/icripalimosani.edu.it\/site\/2016\/06\/17\/tabella-valorizzazione-del-merito-dei-docenti-bonus\/\">Tabella valorizzazione del merito dei docenti- bonus<\/a><\/li><li class=\"elementor-sitemap-item elementor-sitemap-item-post page_item page-item-5208\"><a href=\"https:\/\/icripalimosani.edu.it\/site\/2016\/06\/17\/lettera-ed-attestato-internet-day-school\/\">Lettera ed attestato- Internet Day School<\/a><\/li><li class=\"elementor-sitemap-item elementor-sitemap-item-post page_item page-item-5204\"><a href=\"https:\/\/icripalimosani.edu.it\/site\/2016\/06\/17\/per-il-comitato-di-valutazione-dei-docenti-neoimmessi\/\">Per il Comitato di valutazione dei docenti neoimmessi<\/a><\/li><li class=\"elementor-sitemap-item elementor-sitemap-item-post page_item page-item-5199\"><a href=\"https:\/\/icripalimosani.edu.it\/site\/2016\/06\/17\/per-i-docenti-neoimmessi\/\">Per i docenti neoimmessi<\/a><\/li><li class=\"elementor-sitemap-item elementor-sitemap-item-post page_item page-item-5181\"><a href=\"https:\/\/icripalimosani.edu.it\/site\/2016\/06\/13\/comitato-di-valutazione-2\/\">Comitato di valutazione<\/a><\/li><li class=\"elementor-sitemap-item elementor-sitemap-item-post page_item page-item-5178\"><a href=\"https:\/\/icripalimosani.edu.it\/site\/2016\/06\/13\/convocazione-collegio-dei-docenti-2\/\">Convocazione COLLEGIO DEI DOCENTI<\/a><\/li><li class=\"elementor-sitemap-item elementor-sitemap-item-post page_item page-item-5151\"><a href=\"https:\/\/icripalimosani.edu.it\/site\/2016\/06\/06\/calendario-delle-riunioni-dei-docenti-mese-di-giugno\/\">Calendario delle riunioni dei docenti- mese di Giugno<\/a><\/li><li class=\"elementor-sitemap-item elementor-sitemap-item-post page_item page-item-5095\"><a href=\"https:\/\/icripalimosani.edu.it\/site\/2016\/05\/31\/saluto-di-fine-anno-della-dirigente-scolastica\/\">Saluto di inizio anno della dirigente scolastica<\/a><\/li><li class=\"elementor-sitemap-item elementor-sitemap-item-post page_item page-item-5081\"><a href=\"https:\/\/icripalimosani.edu.it\/site\/2016\/05\/30\/piccolo-inno-della-nostra-scuola\/\">Piccolo Inno della nostra scuola<\/a><\/li><li class=\"elementor-sitemap-item elementor-sitemap-item-post page_item page-item-5073\"><a href=\"https:\/\/icripalimosani.edu.it\/site\/2016\/05\/30\/variazione-turni-di-assistenza-alle-prove-scritte-esame-di-stato-i-ciclo\/\">Variazione Turni di assistenza alle prove scritte Esame di Stato I ciclo<\/a><\/li><li class=\"elementor-sitemap-item elementor-sitemap-item-post page_item page-item-5069\"><a href=\"https:\/\/icripalimosani.edu.it\/site\/2016\/05\/30\/variazione-calendario-prove-scritte-esame-i-ciclo\/\">Variazione calendario prove scritte Esame I Ciclo<\/a><\/li><li class=\"elementor-sitemap-item elementor-sitemap-item-post page_item page-item-5058\"><a href=\"https:\/\/icripalimosani.edu.it\/site\/2016\/05\/27\/festa-delle-scuole-secondarie\/\">Festa delle Scuole secondarie<\/a><\/li><li class=\"elementor-sitemap-item elementor-sitemap-item-post page_item page-item-5055\"><a href=\"https:\/\/icripalimosani.edu.it\/site\/2016\/05\/27\/sagginsieme-festa-di-fine-anno\/\">Sagginsieme- Festa di fine anno<\/a><\/li><li class=\"elementor-sitemap-item elementor-sitemap-item-post page_item page-item-5043\"><a href=\"https:\/\/icripalimosani.edu.it\/site\/2016\/05\/23\/riconoscimento-alla-classe-iv-scuola-primaria-di-petrella\/\">Riconoscimento alla classe IV Scuola Primaria di Petrella<\/a><\/li><li class=\"elementor-sitemap-item elementor-sitemap-item-post page_item page-item-5030\"><a href=\"https:\/\/icripalimosani.edu.it\/site\/2016\/05\/22\/comitato-di-valutazione\/\">Comitato di valutazione<\/a><\/li><li class=\"elementor-sitemap-item elementor-sitemap-item-post page_item page-item-5023\"><a href=\"https:\/\/icripalimosani.edu.it\/site\/2016\/05\/21\/23-maggio-giornata-della-legalita\/\">23 Maggio: giornata della legalit\u00e0<\/a><\/li><li class=\"elementor-sitemap-item elementor-sitemap-item-post page_item page-item-5011\"><a href=\"https:\/\/icripalimosani.edu.it\/site\/2016\/05\/20\/uscita-didattica-della-scuola-di-oratino\/\">Uscita didattica della Scuola di Oratino<\/a><\/li><li class=\"elementor-sitemap-item elementor-sitemap-item-post page_item page-item-5003\"><a href=\"https:\/\/icripalimosani.edu.it\/site\/2016\/05\/19\/scadenzario-di-fine-anno-scolastico-201516\/\">Scadenzario di fine anno scolastico 2015\/16<\/a><\/li><li class=\"elementor-sitemap-item elementor-sitemap-item-post page_item page-item-4994\"><a href=\"https:\/\/icripalimosani.edu.it\/site\/2016\/05\/18\/elezione-del-sindaco-dei-ragazzi\/\">Elezione del Sindaco dei ragazzi<\/a><\/li><li class=\"elementor-sitemap-item elementor-sitemap-item-post page_item page-item-4988\"><a href=\"https:\/\/icripalimosani.edu.it\/site\/2016\/05\/18\/avviso-ai-genitori-comunicazione-sciopero-del-20-maggio\/\">Avviso ai genitori- Comunicazione sciopero del 20 Maggio<\/a><\/li><li class=\"elementor-sitemap-item elementor-sitemap-item-post page_item page-item-4982\"><a href=\"https:\/\/icripalimosani.edu.it\/site\/2016\/05\/16\/progetto-continuita-petrella\/\">Progetto continuit\u00e0 &#8211; Petrella<\/a><\/li><li class=\"elementor-sitemap-item elementor-sitemap-item-post page_item page-item-4976\"><a href=\"https:\/\/icripalimosani.edu.it\/site\/2016\/05\/16\/modello-della-certificazione-delle-competenze-scuola-dellinfanzia\/\">Modello della certificazione delle competenze- Scuola dell&#8217;Infanzia<\/a><\/li><li class=\"elementor-sitemap-item elementor-sitemap-item-post page_item page-item-4949\"><a href=\"https:\/\/icripalimosani.edu.it\/site\/2016\/05\/10\/visita-dellinfanzia-di-ripalimosani-al-molino-ferro-di-campobasso\/\">Visita dell&#8217;Infanzia di Ripalimosani al Molino &#8220;Ferro&#8221; di Campobasso<\/a><\/li><li class=\"elementor-sitemap-item elementor-sitemap-item-post page_item page-item-4919\"><a href=\"https:\/\/icripalimosani.edu.it\/site\/2016\/05\/06\/vincitori-regionali-del-concorso-fai\/\">Vincitori regionali del Concorso FAI<\/a><\/li><li class=\"elementor-sitemap-item elementor-sitemap-item-post page_item page-item-4912\"><a href=\"https:\/\/icripalimosani.edu.it\/site\/2016\/05\/06\/calendario-esami-i-ciclo-e-turni-di-assistenza-alle-prove\/\">Calendario Esami I ciclo e turni di assistenza alle prove<\/a><\/li><li class=\"elementor-sitemap-item elementor-sitemap-item-post page_item page-item-4903\"><a href=\"https:\/\/icripalimosani.edu.it\/site\/2016\/05\/06\/collegio-docenti-unitario-12-maggio-2016\/\">COLLEGIO DOCENTI UNITARIO- 12 MAGGIO 2016<\/a><\/li><li class=\"elementor-sitemap-item elementor-sitemap-item-post page_item page-item-4899\"><a href=\"https:\/\/icripalimosani.edu.it\/site\/2016\/05\/06\/scrutini-finali\/\">SCRUTINI FINALI<\/a><\/li><li class=\"elementor-sitemap-item elementor-sitemap-item-post page_item page-item-4892\"><a href=\"https:\/\/icripalimosani.edu.it\/site\/2016\/05\/05\/calendario-esami-di-stato-i-ciclo\/\">CALENDARIO ESAMI DI STATO I CICLO<\/a><\/li><li class=\"elementor-sitemap-item elementor-sitemap-item-post page_item page-item-4883\"><a href=\"https:\/\/icripalimosani.edu.it\/site\/2016\/05\/04\/la-gita-delle-classi-terze-scuola-secondaria-di-i-grado-delli-c-alighieri\/\">La gita delle classi terze scuola secondaria di I grado dell&#8217;I.C. Alighieri<\/a><\/li><li class=\"elementor-sitemap-item elementor-sitemap-item-post page_item page-item-4875\"><a href=\"https:\/\/icripalimosani.edu.it\/site\/2016\/05\/02\/internet-day-eventi\/\">Internet day &#8211; eventi<\/a><\/li><li class=\"elementor-sitemap-item elementor-sitemap-item-post page_item page-item-4849\"><a href=\"https:\/\/icripalimosani.edu.it\/site\/2016\/04\/27\/informazioni-ai-docenti-somministratori-invalsi-primaria-2016\/\">Informazioni ai docenti somministratori Prove Invalsi &#8211; primaria &#8211; 2016<\/a><\/li><li class=\"elementor-sitemap-item elementor-sitemap-item-post page_item page-item-4838\"><a href=\"https:\/\/icripalimosani.edu.it\/site\/2016\/04\/26\/invalsi-primaria-4-e-5-maggio-2016\/\">Invalsi &#8211;  Primaria &#8211; 4 e 5 Maggio 2016<\/a><\/li><li class=\"elementor-sitemap-item elementor-sitemap-item-post page_item page-item-4832\"><a href=\"https:\/\/icripalimosani.edu.it\/site\/2016\/04\/26\/criteri-per-la-valorizzazione-del-merito-dei-docenti\/\">Criteri per la valorizzazione del merito dei docenti<\/a><\/li><li class=\"elementor-sitemap-item elementor-sitemap-item-post page_item page-item-4802\"><a href=\"https:\/\/icripalimosani.edu.it\/site\/2016\/04\/20\/internet-day\/\">Internet Day<\/a><\/li><li class=\"elementor-sitemap-item elementor-sitemap-item-post page_item page-item-4794\"><a href=\"https:\/\/icripalimosani.edu.it\/site\/2016\/04\/20\/colloqui-generali-scuola-famiglia\/\">Colloqui generali Scuola-Famiglia<\/a><\/li><li class=\"elementor-sitemap-item elementor-sitemap-item-post page_item page-item-4789\"><a href=\"https:\/\/icripalimosani.edu.it\/site\/2016\/04\/19\/convocazione-comitato-di-valutazione\/\">Convocazione Comitato di valutazione<\/a><\/li><li class=\"elementor-sitemap-item elementor-sitemap-item-post page_item page-item-4705\"><a href=\"https:\/\/icripalimosani.edu.it\/site\/2016\/04\/12\/mobilita-201617\/\">Mobilit\u00e0 a.s. 2016\/17<\/a><\/li><li class=\"elementor-sitemap-item elementor-sitemap-item-post page_item page-item-4625\"><a href=\"https:\/\/icripalimosani.edu.it\/site\/2016\/04\/06\/consigli-dintersezione-interclasse-classe-di-aprile-2016\/\">Consigli di classe, interclasse e intersezione di Aprile 2016<\/a><\/li><li class=\"elementor-sitemap-item elementor-sitemap-item-post page_item page-item-4594\"><a href=\"https:\/\/icripalimosani.edu.it\/site\/2016\/04\/04\/calendario-del-corso-di-formazione-sulla-certificazione-delle-competenze-presso-i-c-montini\/\">Calendario del Corso di Formazione sulla Certificazione delle competenze, presso I.C. Montini<\/a><\/li><li class=\"elementor-sitemap-item elementor-sitemap-item-post page_item page-item-4554\"><a href=\"https:\/\/icripalimosani.edu.it\/site\/2016\/03\/31\/incontri-di-formazione-ed-informazione-in-merito-alla-sicurezza-sul-lavoro\/\">Incontri di formazione ed informazione in merito alla sicurezza sul lavoro<\/a><\/li><li class=\"elementor-sitemap-item elementor-sitemap-item-post page_item page-item-4525\"><a href=\"https:\/\/icripalimosani.edu.it\/site\/2016\/03\/15\/scuola-selezionata-per-il-concorso-del-senato\/\">Scuola selezionata per il Concorso del Senato<\/a><\/li><li class=\"elementor-sitemap-item elementor-sitemap-item-post page_item page-item-4488\"><a href=\"https:\/\/icripalimosani.edu.it\/site\/2016\/03\/05\/le-studentesse-vogliono-contare-il-mese-delle-stem\/\">Le studentesse vogliono contare \u2013 il Mese delle Stem<\/a><\/li><li class=\"elementor-sitemap-item elementor-sitemap-item-post page_item page-item-4480\"><a href=\"https:\/\/icripalimosani.edu.it\/site\/2016\/03\/04\/lettera-del-presidente-del-senato\/\">Lettera del Presidente del Senato<\/a><\/li><li class=\"elementor-sitemap-item elementor-sitemap-item-post page_item page-item-4460\"><a href=\"https:\/\/icripalimosani.edu.it\/site\/2016\/03\/03\/costituzione-del-comitato-di-valutazione\/\">Costituzione del Comitato di valutazione<\/a><\/li><li class=\"elementor-sitemap-item elementor-sitemap-item-post page_item page-item-4456\"><a href=\"https:\/\/icripalimosani.edu.it\/site\/2016\/03\/02\/convocazione-glh-operativi\/\">Convocazione GLH operativi<\/a><\/li><li class=\"elementor-sitemap-item elementor-sitemap-item-post page_item page-item-4446\"><a href=\"https:\/\/icripalimosani.edu.it\/site\/2016\/03\/02\/convocazione-collegio-dei-docenti\/\">Convocazione Collegio dei Docenti<\/a><\/li><li class=\"elementor-sitemap-item elementor-sitemap-item-post page_item page-item-4440\"><a href=\"https:\/\/icripalimosani.edu.it\/site\/2016\/03\/02\/convocazione-glh-distituto\/\">Convocazione GLH d&#8217;Istituto<\/a><\/li><li class=\"elementor-sitemap-item elementor-sitemap-item-post page_item page-item-4430\"><a href=\"https:\/\/icripalimosani.edu.it\/site\/2016\/02\/25\/griglie-per-la-valutazione-delle-competenze\/\">Griglie per la valutazione delle competenze<\/a><\/li><li class=\"elementor-sitemap-item elementor-sitemap-item-post page_item page-item-4308\"><a href=\"https:\/\/icripalimosani.edu.it\/site\/2016\/02\/17\/convocazione-gli-distituto\/\">Convocazione GLI d&#8217;Istituto<\/a><\/li><li class=\"elementor-sitemap-item elementor-sitemap-item-post page_item page-item-4300\"><a href=\"https:\/\/icripalimosani.edu.it\/site\/2016\/02\/16\/giornata-nazionale-del-risparmio-energetico-19-febbraio-2016\/\">Giornata nazionale del risparmio energetico &#8211; 19 febbraio 2016.<\/a><\/li><li class=\"elementor-sitemap-item elementor-sitemap-item-post page_item page-item-4276\"><a href=\"https:\/\/icripalimosani.edu.it\/site\/2016\/02\/14\/alla-provincia-per-il-progetto-testimoni-dei-diritti-un-viaggio-chiamato-casa-secondaria-di-petrella\/\">Alla Provincia per il progetto &#8220;Testimoni dei diritti&#8221;- &#8220;Un viaggio chiamato casa&#8221;- Secondaria di Petrella<\/a><\/li><li class=\"elementor-sitemap-item elementor-sitemap-item-post page_item page-item-4249\"><a href=\"https:\/\/icripalimosani.edu.it\/site\/2016\/02\/10\/ringraziamento-per-raccolta-fondi-telethon\/\">Ringraziamento per raccolta fondi Telethon<\/a><\/li><li class=\"elementor-sitemap-item elementor-sitemap-item-post page_item page-item-4235\"><a href=\"https:\/\/icripalimosani.edu.it\/site\/2016\/02\/08\/progetto-unesco-mascherata-di-ripalimosani\/\">Progetto Unesco- Mascherata di Ripalimosani<\/a><\/li><li class=\"elementor-sitemap-item elementor-sitemap-item-post page_item page-item-4221\"><a href=\"https:\/\/icripalimosani.edu.it\/site\/2016\/02\/05\/colloqui-scuola-famiglia\/\">Colloqui scuola-famiglia<\/a><\/li><li class=\"elementor-sitemap-item elementor-sitemap-item-post page_item page-item-4193\"><a href=\"https:\/\/icripalimosani.edu.it\/site\/2016\/02\/03\/sicurezza\/\">Sicurezza<\/a><\/li><li class=\"elementor-sitemap-item elementor-sitemap-item-post page_item page-item-4189\"><a href=\"https:\/\/icripalimosani.edu.it\/site\/2016\/02\/03\/convocazione-giunta-esecutiva-e-consiglio-distituto\/\">Convocazione Giunta esecutiva e Consiglio d&#8217;Istituto<\/a><\/li><li class=\"elementor-sitemap-item elementor-sitemap-item-post page_item page-item-4178\"><a href=\"https:\/\/icripalimosani.edu.it\/site\/2016\/02\/02\/cambiamento-orari-scrutini-secondaria-di-ripalimosani\/\">Cambiamento orari scrutini Secondaria di Ripalimosani<\/a><\/li><li class=\"elementor-sitemap-item elementor-sitemap-item-post page_item page-item-4160\"><a href=\"https:\/\/icripalimosani.edu.it\/site\/2016\/01\/30\/nomina-comitato-di-valutazione-201518\/\">Nomina Comitato di Valutazione 2015\/18<\/a><\/li><li class=\"elementor-sitemap-item elementor-sitemap-item-post page_item page-item-4149\"><a href=\"https:\/\/icripalimosani.edu.it\/site\/2016\/01\/27\/consigli-scrutini-del-2-febbraio\/\">Consigli- scrutini del 2 Febbraio<\/a><\/li><li class=\"elementor-sitemap-item elementor-sitemap-item-post page_item page-item-4134\"><a href=\"https:\/\/icripalimosani.edu.it\/site\/2016\/01\/26\/schede-di-valutazione-scrutini\/\">Schede di Valutazione &#8211; Scrutini &#8211;<\/a><\/li><li class=\"elementor-sitemap-item elementor-sitemap-item-post page_item page-item-4105\"><a href=\"https:\/\/icripalimosani.edu.it\/site\/2016\/01\/25\/indagine-dellunversita-del-molise\/\">Indagine dell&#8217;Unversit\u00e0 del Molise<\/a><\/li><li class=\"elementor-sitemap-item elementor-sitemap-item-post page_item page-item-4070\"><a href=\"https:\/\/icripalimosani.edu.it\/site\/2016\/01\/24\/giornata-della-memoria\/\">Giornata della memoria<\/a><\/li><li class=\"elementor-sitemap-item elementor-sitemap-item-post page_item page-item-3979\"><a href=\"https:\/\/icripalimosani.edu.it\/site\/2016\/01\/22\/calendario-consigli-di-intersezione-interclasse-e-classe-scrutini-i-quadrimestre\/\">Calendario Consigli di Intersezione, Interclasse e Classe &#8211; Scrutini I quadrimestre<\/a><\/li><li class=\"elementor-sitemap-item elementor-sitemap-item-post page_item page-item-3828\"><a href=\"https:\/\/icripalimosani.edu.it\/site\/2016\/01\/12\/convocazione-del-consiglio-distituto-7\/\">Convocazione Del Consiglio d&#8217;Istituto<\/a><\/li><li class=\"elementor-sitemap-item elementor-sitemap-item-post page_item page-item-3821\"><a href=\"https:\/\/icripalimosani.edu.it\/site\/2016\/01\/09\/attivita-di-recuperopotenziamento-e-ampliamento-di-italiano-scuola-secondaria-di-ripalimosani\/\">Attivit\u00e0 di recupero\/potenziamento e ampliamento di italiano- scuola secondaria di Ripalimosani<\/a><\/li><li class=\"elementor-sitemap-item elementor-sitemap-item-post page_item page-item-3807\"><a href=\"https:\/\/icripalimosani.edu.it\/site\/2016\/01\/08\/lezione-gratuita-di-disostruzione-gratuita\/\">Lezione gratuita di disostruzione pediatrica &#8211; Ripalimosani,19 Gennaio ore 15.30-<\/a><\/li><li class=\"elementor-sitemap-item elementor-sitemap-item-post page_item page-item-3801\"><a href=\"https:\/\/icripalimosani.edu.it\/site\/2016\/01\/08\/corso-sulla-sicurezza-per-i-lavoratori\/\">Corso di formazione sulla sicurezza per i lavoratori<\/a><\/li><li class=\"elementor-sitemap-item elementor-sitemap-item-post page_item page-item-3779\"><a href=\"https:\/\/icripalimosani.edu.it\/site\/2016\/01\/04\/iscrizioni-per-la-s-201617\/\">Iscrizioni per l&#8217;a.s. 2016\/17<\/a><\/li><li class=\"elementor-sitemap-item elementor-sitemap-item-post page_item page-item-3762\"><a href=\"https:\/\/icripalimosani.edu.it\/site\/2015\/12\/31\/concerto-di-natale-nella-scuola-primaria-di-petrella-tifernina\/\">Concerto di Natale nella Scuola Primaria di Petrella Tifernina<\/a><\/li><li class=\"elementor-sitemap-item elementor-sitemap-item-post page_item page-item-3735\"><a href=\"https:\/\/icripalimosani.edu.it\/site\/2015\/12\/23\/manifestazione-natalizia-della-scuola-dellinfanzia-di-ripalimosani\/\">Manifestazione natalizia della scuola dell&#8217;infanzia di Ripalimosani<\/a><\/li><li class=\"elementor-sitemap-item elementor-sitemap-item-post page_item page-item-3729\"><a href=\"https:\/\/icripalimosani.edu.it\/site\/2015\/12\/23\/allestimento-mostra-della-scuola-primaria-di-matrice\/\">Allestimento mostra della scuola primaria di Matrice<\/a><\/li><li class=\"elementor-sitemap-item elementor-sitemap-item-post page_item page-item-3723\"><a href=\"https:\/\/icripalimosani.edu.it\/site\/2015\/12\/23\/spettacolo-di-natale-ad-oratino\/\">Spettacolo di Natale ad Oratino<\/a><\/li><li class=\"elementor-sitemap-item elementor-sitemap-item-post page_item page-item-3704\"><a href=\"https:\/\/icripalimosani.edu.it\/site\/2015\/12\/19\/recita-di-natale-delle-scuole-di-castellino-e-campolieto\/\">Recita di Natale delle scuole di Castellino e Campolieto<\/a><\/li><li class=\"elementor-sitemap-item elementor-sitemap-item-post page_item page-item-3696\"><a href=\"https:\/\/icripalimosani.edu.it\/site\/2015\/12\/18\/coro-di-natale-alla-scuola-di-limosano\/\">Coro di Natale alla scuola di Limosano<\/a><\/li><li class=\"elementor-sitemap-item elementor-sitemap-item-post page_item page-item-3687\"><a href=\"https:\/\/icripalimosani.edu.it\/site\/2015\/12\/18\/continuita-e-orientamento-nella-scuola-primaria-di-matrice\/\">Continuit\u00e0 e orientamento nella scuola primaria di Matrice<\/a><\/li><li class=\"elementor-sitemap-item elementor-sitemap-item-post page_item page-item-3652\"><a href=\"https:\/\/icripalimosani.edu.it\/site\/2015\/12\/12\/avviso-per-festivita\/\">Avviso per le festivit\u00e0<\/a><\/li><li class=\"elementor-sitemap-item elementor-sitemap-item-post page_item page-item-3639\"><a href=\"https:\/\/icripalimosani.edu.it\/site\/2015\/12\/09\/convocazione-del-collegio-dei-docenti\/\">Convocazione del Collegio dei docenti<\/a><\/li><li class=\"elementor-sitemap-item elementor-sitemap-item-post page_item page-item-3579\"><a href=\"https:\/\/icripalimosani.edu.it\/site\/2015\/12\/06\/5-memorial-maestra-titina-colamartino-a-montagano\/\">5\u00b0 Memorial &#8220;maestra Titina Colamartino&#8221; a Montagano<\/a><\/li><li class=\"elementor-sitemap-item elementor-sitemap-item-post page_item page-item-3568\"><a href=\"https:\/\/icripalimosani.edu.it\/site\/2015\/12\/05\/raccolta-fondi-per-telethon-2\/\">Raccolta fondi per Telethon<\/a><\/li><li class=\"elementor-sitemap-item elementor-sitemap-item-post page_item page-item-3554\"><a href=\"https:\/\/icripalimosani.edu.it\/site\/2015\/12\/02\/candidatura-come-componente-del-comitato-per-la-valutazione-dei-docenti\/\">Candidatura come componente del \u201cComitato per la valutazione dei docenti\u201d<\/a><\/li><li class=\"elementor-sitemap-item elementor-sitemap-item-post page_item page-item-3540\"><a href=\"https:\/\/icripalimosani.edu.it\/site\/2015\/12\/01\/orario-di-ricevimento-docenti-secondaria\/\">Orario di ricevimento docenti- Secondaria<\/a><\/li><li class=\"elementor-sitemap-item elementor-sitemap-item-post page_item page-item-3522\"><a href=\"https:\/\/icripalimosani.edu.it\/site\/2015\/11\/30\/comunicazione-assenze-per-malattia\/\">Comunicazione assenze per malattia<\/a><\/li><li class=\"elementor-sitemap-item elementor-sitemap-item-post page_item page-item-3496\"><a href=\"https:\/\/icripalimosani.edu.it\/site\/2015\/11\/29\/regolamenti\/\">Regolamenti<\/a><\/li><li class=\"elementor-sitemap-item elementor-sitemap-item-post page_item page-item-3467\"><a href=\"https:\/\/icripalimosani.edu.it\/site\/2015\/11\/27\/locandina-delle-attivita-di-continuita-e-orientamento\/\">Locandina delle attivit\u00e0 di Continuit\u00e0 e Orientamento<\/a><\/li><li class=\"elementor-sitemap-item elementor-sitemap-item-post page_item page-item-3457\"><a href=\"https:\/\/icripalimosani.edu.it\/site\/2015\/11\/26\/piano-assunzionale-dei-docenti-fase-c\/\">Piano assunzionale dei docenti &#8211; Fase C &#8211;<\/a><\/li><li class=\"elementor-sitemap-item elementor-sitemap-item-post page_item page-item-3444\"><a href=\"https:\/\/icripalimosani.edu.it\/site\/2015\/11\/25\/calendario-dei-colloqui-scuola-famiglia\/\">Calendario dei colloqui scuola-famiglia<\/a><\/li><li class=\"elementor-sitemap-item elementor-sitemap-item-post page_item page-item-3437\"><a href=\"https:\/\/icripalimosani.edu.it\/site\/2015\/11\/25\/giornata-internazionale-per-leliminazione-della-violenza-contro-le-donne\/\">Giornata internazionale per l&#8217;eliminazione della violenza contro le donne<\/a><\/li><li class=\"elementor-sitemap-item elementor-sitemap-item-post page_item page-item-3403\"><a href=\"https:\/\/icripalimosani.edu.it\/site\/2015\/11\/21\/piano-nazionale-per-la-scuola-digitale\/\">Piano Nazionale per la Scuola Digitale<\/a><\/li><li class=\"elementor-sitemap-item elementor-sitemap-item-post page_item page-item-3376\"><a href=\"https:\/\/icripalimosani.edu.it\/site\/2015\/11\/20\/festa-dellalbero-2015\/\">Festa dell&#8217;albero 2015<\/a><\/li><li class=\"elementor-sitemap-item elementor-sitemap-item-post page_item page-item-3372\"><a href=\"https:\/\/icripalimosani.edu.it\/site\/2015\/11\/20\/convocazione-del-consiglio-distituto-per-il-27-novembre\/\">Convocazione del Consiglio d&#8217;Istituto per il 27 Novembre<\/a><\/li><li class=\"elementor-sitemap-item elementor-sitemap-item-post page_item page-item-3357\"><a href=\"https:\/\/icripalimosani.edu.it\/site\/2015\/11\/19\/progetto-unicef-adotta-una-pigotta-nella-scuola-dellinfanzia-e-nella-scuola-primaria-di-oratino\/\">Progetto Unicef &#8220;Adotta una pigotta&#8221; nella Scuola dell&#8217;Infanzia e nella Scuola Primaria di Oratino<\/a><\/li><li class=\"elementor-sitemap-item elementor-sitemap-item-post page_item page-item-3343\"><a href=\"https:\/\/icripalimosani.edu.it\/site\/2015\/11\/19\/bozze-di-regolamenti-per-il-consiglio-distituto\/\">Bozze di Regolamenti per il Consiglio d&#8217;Istituto<\/a><\/li><li class=\"elementor-sitemap-item elementor-sitemap-item-post page_item page-item-3313\"><a href=\"https:\/\/icripalimosani.edu.it\/site\/2015\/11\/16\/il-giornalino-di-classe\/\">Il giornalino di classe<\/a><\/li><li class=\"elementor-sitemap-item elementor-sitemap-item-post page_item page-item-3272\"><a href=\"https:\/\/icripalimosani.edu.it\/site\/2015\/11\/15\/lunedi-in-tutti-i-plessi-del-nostro-istituto-si-osservera-un-minuto-di-silenzio-per-commemorare-le-vittime-di-parigi\/\">Luned\u00ec in tutti i plessi del nostro Istituto si osserver\u00e0 un minuto di silenzio per commemorare le vittime di Parigi<\/a><\/li><li class=\"elementor-sitemap-item elementor-sitemap-item-post page_item page-item-3257\"><a href=\"https:\/\/icripalimosani.edu.it\/site\/2015\/11\/14\/manifestazione-per-il-4-novembre-a-castellino\/\">Manifestazione per il 4 Novembre a Castellino del Biferno<\/a><\/li><li class=\"elementor-sitemap-item elementor-sitemap-item-post page_item page-item-3254\"><a href=\"https:\/\/icripalimosani.edu.it\/site\/2015\/11\/14\/carta-elettronica-per-laggiornamento-e-la-formazione-del-docente-di-ruolo\/\">Carta elettronica per l\u2019aggiornamento e la formazione del docente di ruolo<\/a><\/li><li class=\"elementor-sitemap-item elementor-sitemap-item-post page_item page-item-3230\"><a href=\"https:\/\/icripalimosani.edu.it\/site\/2015\/11\/10\/convocazione-consigli-di-intersezione\/\">Convocazione Consigli di intersezione<\/a><\/li><li class=\"elementor-sitemap-item elementor-sitemap-item-post page_item page-item-3226\"><a href=\"https:\/\/icripalimosani.edu.it\/site\/2015\/11\/10\/convocazione-consigli-di-interclasse\/\">Convocazione Consigli di interclasse<\/a><\/li><li class=\"elementor-sitemap-item elementor-sitemap-item-post page_item page-item-3216\"><a href=\"https:\/\/icripalimosani.edu.it\/site\/2015\/11\/05\/convocazione-dei-consigli-di-classe-scuola-secondaria-di-i-grado\/\">Convocazione dei Consigli di Classe &#8211; Scuola Secondaria di I grado<\/a><\/li><li class=\"elementor-sitemap-item elementor-sitemap-item-post page_item page-item-3133\"><a href=\"https:\/\/icripalimosani.edu.it\/site\/2015\/10\/17\/rinnovo-dei-rappresentanti-dintersezione-interclasse-e-classe\/\">Rinnovo dei rappresentanti d&#8217;intersezione, interclasse e classe<\/a><\/li><li class=\"elementor-sitemap-item elementor-sitemap-item-post page_item page-item-3128\"><a href=\"https:\/\/icripalimosani.edu.it\/site\/2015\/10\/15\/manutenzione-fotocopiatrici\/\">Manutenzione fotocopiatrici<\/a><\/li><li class=\"elementor-sitemap-item elementor-sitemap-item-post page_item page-item-3121\"><a href=\"https:\/\/icripalimosani.edu.it\/site\/2015\/10\/15\/convocazione-del-collegio-docenti-unitario\/\">Convocazione del Collegio docenti unitario<\/a><\/li><li class=\"elementor-sitemap-item elementor-sitemap-item-post page_item page-item-3118\"><a href=\"https:\/\/icripalimosani.edu.it\/site\/2015\/10\/15\/certificato-di-qualita-etwinning\/\">Certificato di qualit\u00e0 Etwinning<\/a><\/li><li class=\"elementor-sitemap-item elementor-sitemap-item-post page_item page-item-3093\"><a href=\"https:\/\/icripalimosani.edu.it\/site\/2015\/10\/08\/incontro-di-formazione-infanzia-rinviato\/\">Incontro di formazione-infanzia- rinviato<\/a><\/li><li class=\"elementor-sitemap-item elementor-sitemap-item-post page_item page-item-3054\"><a href=\"https:\/\/icripalimosani.edu.it\/site\/2015\/10\/05\/inizia-lanno-scolastico-20152016\/\">Inizia l\u2019anno scolastico 2015\/2016<\/a><\/li><li class=\"elementor-sitemap-item elementor-sitemap-item-post page_item page-item-3050\"><a href=\"https:\/\/icripalimosani.edu.it\/site\/2015\/10\/04\/ritardi-e-assenze-del-personale-docente\/\">Ritardi e assenze del personale docente<\/a><\/li><li class=\"elementor-sitemap-item elementor-sitemap-item-post page_item page-item-3036\"><a href=\"https:\/\/icripalimosani.edu.it\/site\/2015\/10\/04\/ricevimento-del-dirigente-scolastico\/\">Ricevimento del Dirigente Scolastico<\/a><\/li><li class=\"elementor-sitemap-item elementor-sitemap-item-post page_item page-item-3008\"><a href=\"https:\/\/icripalimosani.edu.it\/site\/2015\/09\/28\/liberatoria-per-foto-e-immagini-autorizzazione-per-uscite-sul-territorio\/\">Liberatoria per foto e immagini- Autorizzazione per uscite sul territorio<\/a><\/li><li class=\"elementor-sitemap-item elementor-sitemap-item-post page_item page-item-3001\"><a href=\"https:\/\/icripalimosani.edu.it\/site\/2015\/09\/25\/convocazione-staff-direttivo\/\">Convocazione staff direttivo<\/a><\/li><li class=\"elementor-sitemap-item elementor-sitemap-item-post page_item page-item-2996\"><a href=\"https:\/\/icripalimosani.edu.it\/site\/2015\/09\/24\/deleghe-per-luscita-da-parte-dei-genitori\/\">Modulistica uscita da scuola degli alunni minori (non prelevati direttamente dai Genitori)<\/a><\/li><li class=\"elementor-sitemap-item elementor-sitemap-item-post page_item page-item-2990\"><a href=\"https:\/\/icripalimosani.edu.it\/site\/2015\/09\/23\/calendario-incontri-di-formazione-docenti\/\">Calendario incontri di formazione docenti<\/a><\/li><li class=\"elementor-sitemap-item elementor-sitemap-item-post page_item page-item-2983\"><a href=\"https:\/\/icripalimosani.edu.it\/site\/2015\/09\/22\/servizio-mensa-a-ripalimosani\/\">Servizio mensa a Ripalimosani<\/a><\/li><li class=\"elementor-sitemap-item elementor-sitemap-item-post page_item page-item-2979\"><a href=\"https:\/\/icripalimosani.edu.it\/site\/2015\/09\/22\/servizio-mensa-a-limosano\/\">Servizio mensa a Limosano<\/a><\/li><li class=\"elementor-sitemap-item elementor-sitemap-item-post page_item page-item-2976\"><a href=\"https:\/\/icripalimosani.edu.it\/site\/2015\/09\/22\/festa-patronale-comunicazione-chiusura-scuole-a-ripalimosani-e-campolieto\/\">Festa patronale- comunicazione chiusura scuole a Ripalimosani e Campolieto<\/a><\/li><li class=\"elementor-sitemap-item elementor-sitemap-item-post page_item page-item-2970\"><a href=\"https:\/\/icripalimosani.edu.it\/site\/2015\/09\/21\/circolare-sulla-vigilanza-personale-docente-e-ata-a-s-201516\/\">Circolare sulla vigilanza- personale docente e ata- a.s.2015\/16<\/a><\/li><li class=\"elementor-sitemap-item elementor-sitemap-item-post page_item page-item-2950\"><a href=\"https:\/\/icripalimosani.edu.it\/site\/2015\/09\/19\/collegi-orizzontali-convocazione\/\">Collegi orizzontali &#8211;  convocazione<\/a><\/li><li class=\"elementor-sitemap-item elementor-sitemap-item-post page_item page-item-2930\"><a href=\"https:\/\/icripalimosani.edu.it\/site\/2015\/09\/12\/lunedi-14-settembre-orario-completo-in-tutti-i-plessi\/\">Luned\u00ec 14 settembre orario completo in tutti i plessi<\/a><\/li><li class=\"elementor-sitemap-item elementor-sitemap-item-post page_item page-item-2920\"><a href=\"https:\/\/icripalimosani.edu.it\/site\/2015\/09\/08\/inaugurazione-anno-scolastico-201516-a-petrella\/\">Inaugurazione anno scolastico 2015\/16 a Petrella<\/a><\/li><li class=\"elementor-sitemap-item elementor-sitemap-item-post page_item page-item-2917\"><a href=\"https:\/\/icripalimosani.edu.it\/site\/2015\/09\/08\/nella-scuola-primaria-e-secondaria-di-ripalimosani-inizio-delle-lezioni-rinviato\/\">Nella scuola primaria e secondaria di Ripalimosani inizio delle lezioni rinviato<\/a><\/li><li class=\"elementor-sitemap-item elementor-sitemap-item-post page_item page-item-2904\"><a href=\"https:\/\/icripalimosani.edu.it\/site\/2015\/09\/04\/convocazione-secondo-collegio-unitario\/\">Convocazione secondo collegio unitario<\/a><\/li><li class=\"elementor-sitemap-item elementor-sitemap-item-post page_item page-item-2872\"><a href=\"https:\/\/icripalimosani.edu.it\/site\/2015\/08\/24\/convocazione-collegio-dei-docenti-1-settembre-2015\/\">Convocazione Collegio dei Docenti -1 Settembre 2015<\/a><\/li><li class=\"elementor-sitemap-item elementor-sitemap-item-post page_item page-item-2863\"><a href=\"https:\/\/icripalimosani.edu.it\/site\/2015\/07\/22\/school-bonus-tre-anni-di-sconti-fiscali-a-chi-fa-donazioni-alla-scuola\/\">School bonus: tre anni di sconti fiscali a chi fa donazioni alla scuola<\/a><\/li><li class=\"elementor-sitemap-item elementor-sitemap-item-post page_item page-item-2860\"><a href=\"https:\/\/icripalimosani.edu.it\/site\/2015\/07\/20\/eipass-junior-4-school-progetto-etico-sociale-gratuito\/\">EIPASS Junior 4 School \u2013 progetto etico-sociale gratuito &#8211;<\/a><\/li><li class=\"elementor-sitemap-item elementor-sitemap-item-post page_item page-item-2853\"><a href=\"https:\/\/icripalimosani.edu.it\/site\/2015\/07\/17\/calendario-scolastico-201516\/\">Calendario Scolastico 2015\/16<\/a><\/li><li class=\"elementor-sitemap-item elementor-sitemap-item-post page_item page-item-2836\"><a href=\"https:\/\/icripalimosani.edu.it\/site\/2015\/06\/21\/comitato-per-la-valutazione-dei-docenti\/\">Comitato per la valutazione dei docenti<\/a><\/li><li class=\"elementor-sitemap-item elementor-sitemap-item-post page_item page-item-2832\"><a href=\"https:\/\/icripalimosani.edu.it\/site\/2015\/06\/21\/collegio-dei-docenti\/\">Collegio dei Docenti<\/a><\/li><li class=\"elementor-sitemap-item elementor-sitemap-item-post page_item page-item-2820\"><a href=\"https:\/\/icripalimosani.edu.it\/site\/2015\/06\/16\/convocazione-del-consiglio-distituto-6\/\">Convocazione del Consiglio d&#8217;Istituto<\/a><\/li><li class=\"elementor-sitemap-item elementor-sitemap-item-post page_item page-item-2815\"><a href=\"https:\/\/icripalimosani.edu.it\/site\/2015\/06\/13\/saluto-di-fine-anno-della-scuola-primaria-di-lucito\/\">Saluto di fine anno della scuola primaria di Lucito<\/a><\/li><li class=\"elementor-sitemap-item elementor-sitemap-item-post page_item page-item-2790\"><a href=\"https:\/\/icripalimosani.edu.it\/site\/2015\/06\/08\/scrutini-rinviati-per-sciopero-nazionale\/\">Scrutini rinviati per sciopero breve nazionale<\/a><\/li><li class=\"elementor-sitemap-item elementor-sitemap-item-post page_item page-item-2762\"><a href=\"https:\/\/icripalimosani.edu.it\/site\/2015\/06\/05\/festa-di-fine-anno-scuola-primaria-di-matrice\/\">Festa di fine anno- Scuola Primaria di Matrice<\/a><\/li><li class=\"elementor-sitemap-item elementor-sitemap-item-post page_item page-item-2753\"><a href=\"https:\/\/icripalimosani.edu.it\/site\/2015\/06\/04\/variazione-orario-scrutinio-classe-ii-secondaria-di-primo-grado-di-ripalimosani\/\">Variazione orario scrutinio classe II\u00b0 secondaria di primo grado di Ripalimosani<\/a><\/li><li class=\"elementor-sitemap-item elementor-sitemap-item-post page_item page-item-2742\"><a href=\"https:\/\/icripalimosani.edu.it\/site\/2015\/06\/03\/modulo-richiesta-ferie\/\">Modulo richiesta ferie<\/a><\/li><li class=\"elementor-sitemap-item elementor-sitemap-item-post page_item page-item-2728\"><a href=\"https:\/\/icripalimosani.edu.it\/site\/2015\/06\/03\/autovalutazione-distituto\/\">Autovalutazione d&#8217;Istituto<\/a><\/li><li class=\"elementor-sitemap-item elementor-sitemap-item-post page_item page-item-2716\"><a href=\"https:\/\/icripalimosani.edu.it\/site\/2015\/06\/01\/uscite-didattiche-sul-territorio-di-lucito\/\">Uscite didattiche sul territorio di Lucito<\/a><\/li><li class=\"elementor-sitemap-item elementor-sitemap-item-post page_item page-item-2709\"><a href=\"https:\/\/icripalimosani.edu.it\/site\/2015\/06\/01\/calendario-impegni-di-giugno\/\">Calendario impegni di Giugno<\/a><\/li><li class=\"elementor-sitemap-item elementor-sitemap-item-post page_item page-item-2698\"><a href=\"https:\/\/icripalimosani.edu.it\/site\/2015\/05\/31\/unaltra-uscita-didattica-da-ricordare\/\">Un&#8217;altra uscita didattica da ricordare<\/a><\/li><li class=\"elementor-sitemap-item elementor-sitemap-item-post page_item page-item-2691\"><a href=\"https:\/\/icripalimosani.edu.it\/site\/2015\/05\/30\/uscite-didattiche\/\">Uscite didattiche<\/a><\/li><li class=\"elementor-sitemap-item elementor-sitemap-item-post page_item page-item-2685\"><a href=\"https:\/\/icripalimosani.edu.it\/site\/2015\/05\/30\/festa-di-fine-anno-alla-scuola-dellinfanzia-di-matrice\/\">Festa di fine anno alla scuola dell&#8217;infanzia di Matrice<\/a><\/li><li class=\"elementor-sitemap-item elementor-sitemap-item-post page_item page-item-2676\"><a href=\"https:\/\/icripalimosani.edu.it\/site\/2015\/05\/28\/modulo-richiesta-liquidazione-ferie-per-personale-a-tempo-determinato\/\">Modulo richiesta liquidazione ferie per personale a tempo determinato<\/a><\/li><li class=\"elementor-sitemap-item elementor-sitemap-item-post page_item page-item-2666\"><a href=\"https:\/\/icripalimosani.edu.it\/site\/2015\/05\/27\/ripristino-del-laboratorio-informatico-di-ripalimosani\/\">Ripristino del laboratorio informatico di Ripalimosani<\/a><\/li><li class=\"elementor-sitemap-item elementor-sitemap-item-post page_item page-item-2636\"><a href=\"https:\/\/icripalimosani.edu.it\/site\/2015\/05\/26\/festa-di-fine-anno-della-scuola-di-limosano\/\">Festa di fine anno della Scuola di Limosano<\/a><\/li><li class=\"elementor-sitemap-item elementor-sitemap-item-post page_item page-item-2607\"><a href=\"https:\/\/icripalimosani.edu.it\/site\/2015\/05\/23\/lettera-aperta-ai-genitori-del-nostro-istituto-scolastico\/\">Lettera aperta ai genitori del nostro Istituto Scolastico<\/a><\/li><li class=\"elementor-sitemap-item elementor-sitemap-item-post page_item page-item-2597\"><a href=\"https:\/\/icripalimosani.edu.it\/site\/2015\/05\/22\/chiusura-servizio-mensa-scuole-dellinfanzia\/\">Chiusura servizio mensa scuole dell&#8217;infanzia<\/a><\/li><li class=\"elementor-sitemap-item elementor-sitemap-item-post page_item page-item-2589\"><a href=\"https:\/\/icripalimosani.edu.it\/site\/2015\/05\/20\/circolare-sugli-adempimenti-di-fine-anno\/\">Circolare sugli adempimenti di fine anno<\/a><\/li><li class=\"elementor-sitemap-item elementor-sitemap-item-post page_item page-item-2571\"><a href=\"https:\/\/icripalimosani.edu.it\/site\/2015\/05\/14\/attivita-di-riciclo-nelle-scuole-di-limosano\/\">Attivit\u00e0 di riciclo nelle scuole di Limosano<\/a><\/li><li class=\"elementor-sitemap-item elementor-sitemap-item-post page_item page-item-2567\"><a href=\"https:\/\/icripalimosani.edu.it\/site\/2015\/05\/14\/adozioni-libri-di-testo-201516\/\">Adozioni libri di testo 2015\/16<\/a><\/li><li class=\"elementor-sitemap-item elementor-sitemap-item-post page_item page-item-2564\"><a href=\"https:\/\/icripalimosani.edu.it\/site\/2015\/05\/13\/convocazione-del-consiglio-distituto-5\/\">Convocazione del Consiglio d\u2019Istituto<\/a><\/li><li class=\"elementor-sitemap-item elementor-sitemap-item-post page_item page-item-2555\"><a href=\"https:\/\/icripalimosani.edu.it\/site\/2015\/05\/12\/calendario-scrutini-ii-quadrimestre\/\">Calendario Scrutini II Quadrimestre<\/a><\/li><li class=\"elementor-sitemap-item elementor-sitemap-item-post page_item page-item-2553\"><a href=\"https:\/\/icripalimosani.edu.it\/site\/2015\/05\/12\/chiusura-delle-scuole-di-matrice-16-maggio-2015\/\">Chiusura delle scuole di Matrice- 16 Maggio 2015<\/a><\/li><li class=\"elementor-sitemap-item elementor-sitemap-item-post page_item page-item-2549\"><a href=\"https:\/\/icripalimosani.edu.it\/site\/2015\/05\/07\/collegio-unitario-dei-docenti-15-maggio-2015\/\">Collegio unitario dei docenti- 15 Maggio 2015<\/a><\/li><li class=\"elementor-sitemap-item elementor-sitemap-item-post page_item page-item-2546\"><a href=\"https:\/\/icripalimosani.edu.it\/site\/2015\/05\/06\/chiusura-delle-scuole-di-oratino-14-maggio-2015\/\">Chiusura delle scuole di Oratino- 14 Maggio 2015<\/a><\/li><li class=\"elementor-sitemap-item elementor-sitemap-item-post page_item page-item-2542\"><a href=\"https:\/\/icripalimosani.edu.it\/site\/2015\/05\/06\/chiusura-scuole-del-comune-di-lucito\/\">Chiusura scuole del Comune di Lucito- 12 Maggio 2015<\/a><\/li><li class=\"elementor-sitemap-item elementor-sitemap-item-post page_item page-item-2534\"><a href=\"https:\/\/icripalimosani.edu.it\/site\/2015\/04\/29\/sciopero-del-5-maggio-2015\/\">Sciopero del 5 Maggio 2015<\/a><\/li><li class=\"elementor-sitemap-item elementor-sitemap-item-post page_item page-item-2525\"><a href=\"https:\/\/icripalimosani.edu.it\/site\/2015\/04\/29\/organizzazione-prove-invalsi\/\">Organizzazione Prove Invalsi e manuale del somministratore<\/a><\/li><li class=\"elementor-sitemap-item elementor-sitemap-item-post page_item page-item-2522\"><a href=\"https:\/\/icripalimosani.edu.it\/site\/2015\/04\/28\/nomina-somministratori-prove-invalsi-variazioni\/\">Nomina somministratori Prove Invalsi- variazioni<\/a><\/li><li class=\"elementor-sitemap-item elementor-sitemap-item-post page_item page-item-2510\"><a href=\"https:\/\/icripalimosani.edu.it\/site\/2015\/04\/27\/chiusura-dei-plessi-delli-c-alighieri-ripalimosani-il-giorno-2-maggio-2015\/\">Chiusura dei plessi dell&#8217;I.C. &#8220;Alighieri&#8221;- Ripalimosani il giorno 2 Maggio 2015<\/a><\/li><li class=\"elementor-sitemap-item elementor-sitemap-item-post page_item page-item-2507\"><a href=\"https:\/\/icripalimosani.edu.it\/site\/2015\/04\/26\/rinviata-la-visita-in-questura-degli-alunni-della-secondaria\/\">Rinviata la visita in Questura degli alunni della Secondaria<\/a><\/li><li class=\"elementor-sitemap-item elementor-sitemap-item-post page_item page-item-2501\"><a href=\"https:\/\/icripalimosani.edu.it\/site\/2015\/04\/23\/sciopero-del-24-aprile-2015\/\">Sciopero del 24 Aprile 2015<\/a><\/li><li class=\"elementor-sitemap-item elementor-sitemap-item-post page_item page-item-2482\"><a href=\"https:\/\/icripalimosani.edu.it\/site\/2015\/04\/20\/la-scuola-primaria-di-lucito-alluniversita\/\">La scuola primaria di Lucito all&#8217;Universit\u00e0<\/a><\/li><li class=\"elementor-sitemap-item elementor-sitemap-item-post page_item page-item-2477\"><a href=\"https:\/\/icripalimosani.edu.it\/site\/2015\/04\/20\/elezioni-consiglio-superiore-della-pubblica-istruzione\/\">Elezioni Consiglio Superiore della Pubblica Istruzione<\/a><\/li><li class=\"elementor-sitemap-item elementor-sitemap-item-post page_item page-item-2454\"><a href=\"https:\/\/icripalimosani.edu.it\/site\/2015\/04\/15\/date-tempi-e-successione-delle-prove-invalsi-201415\/\">Date, tempi e successione delle prove INVALSI 2014\/15<\/a><\/li><li class=\"elementor-sitemap-item elementor-sitemap-item-post page_item page-item-2446\"><a href=\"https:\/\/icripalimosani.edu.it\/site\/2015\/04\/13\/chiusura-scuole-del-comune-di-petrella\/\">Chiusura scuole del Comune di Petrella<\/a><\/li><li class=\"elementor-sitemap-item elementor-sitemap-item-post page_item page-item-2437\"><a href=\"https:\/\/icripalimosani.edu.it\/site\/2015\/04\/13\/colloqui-scuola-famiglia-aprile-2015\/\">COLLOQUI SCUOLA-FAMIGLIA- Aprile 2015<\/a><\/li><li class=\"elementor-sitemap-item elementor-sitemap-item-post page_item page-item-2409\"><a href=\"https:\/\/icripalimosani.edu.it\/site\/2015\/04\/11\/convocazione-dei-consigli-di-intersezione-di-interclasse-e-di-classe-aprile-2015\/\">Convocazione dei Consigli di intersezione, di interclasse e di classe- Aprile 2015<\/a><\/li><li class=\"elementor-sitemap-item elementor-sitemap-item-post page_item page-item-2328\"><a href=\"https:\/\/icripalimosani.edu.it\/site\/2015\/04\/02\/auguri-della-dirigente-scolastica-2\/\">Auguri della dirigente scolastica<\/a><\/li><li class=\"elementor-sitemap-item elementor-sitemap-item-post page_item page-item-2322\"><a href=\"https:\/\/icripalimosani.edu.it\/site\/2015\/04\/01\/auguri-della-dirigente-scolastica\/\">Progetto &#8220;Educazione alla legalit\u00e0&#8221;- Scuola Aperta- Incontro con il Questore e la Polizia di Stato<\/a><\/li><li class=\"elementor-sitemap-item elementor-sitemap-item-post page_item page-item-2320\"><a href=\"https:\/\/icripalimosani.edu.it\/site\/2015\/04\/01\/turni-di-assistenza-durante-le-prove-scritte-esame-di-stato-201415\/\">Turni di assistenza durante le prove scritte- Esame di Stato 2014\/15<\/a><\/li><li class=\"elementor-sitemap-item elementor-sitemap-item-post page_item page-item-2318\"><a href=\"https:\/\/icripalimosani.edu.it\/site\/2015\/03\/27\/festivita-pasquali\/\">Festivit\u00e0 Pasquali<\/a><\/li><li class=\"elementor-sitemap-item elementor-sitemap-item-post page_item page-item-2315\"><a href=\"https:\/\/icripalimosani.edu.it\/site\/2015\/03\/27\/nomina-somministratori-prove-invalsi-scuola-primaria\/\">Nomina somministratori prove INVALSI- scuola primaria<\/a><\/li><li class=\"elementor-sitemap-item elementor-sitemap-item-post page_item page-item-2310\"><a href=\"https:\/\/icripalimosani.edu.it\/site\/2015\/03\/24\/pubblicazione-graduatoria-provvisoria-interna\/\">Pubblicazione graduatoria provvisoria interna<\/a><\/li><li class=\"elementor-sitemap-item elementor-sitemap-item-post page_item page-item-2287\"><a href=\"https:\/\/icripalimosani.edu.it\/site\/2015\/03\/12\/convocazione-collegio-dei-docenti-20-marzo-2015\/\">Convocazione Collegio dei docenti:  20 Marzo 2015<\/a><\/li><li class=\"elementor-sitemap-item elementor-sitemap-item-post page_item page-item-2272\"><a href=\"https:\/\/icripalimosani.edu.it\/site\/2015\/03\/11\/linee-guida-per-la-certificazione-delle-competenze\/\">Linee guida per la certificazione delle competenze nel primo ciclo d&#8217;istruzione<\/a><\/li><li class=\"elementor-sitemap-item elementor-sitemap-item-post page_item page-item-2266\"><a href=\"https:\/\/icripalimosani.edu.it\/site\/2015\/03\/06\/sospensione-delle-attivita-didattiche-2\/\">Sospensione delle attivit\u00e0 didattiche<\/a><\/li><li class=\"elementor-sitemap-item elementor-sitemap-item-post page_item page-item-2245\"><a href=\"https:\/\/icripalimosani.edu.it\/site\/2015\/02\/24\/convocazione-commissione-gli\/\">Convocazione Commissione GLI<\/a><\/li><li class=\"elementor-sitemap-item elementor-sitemap-item-post page_item page-item-2242\"><a href=\"https:\/\/icripalimosani.edu.it\/site\/2015\/02\/17\/vademecum-sulla-sicurezza\/\">Vademecum sulla sicurezza<\/a><\/li><li class=\"elementor-sitemap-item elementor-sitemap-item-post page_item page-item-2231\"><a href=\"https:\/\/icripalimosani.edu.it\/site\/2015\/02\/15\/2231\/\">Divieto di accesso ai piani degli edifici scolastici a persone non autorizzate<\/a><\/li><li class=\"elementor-sitemap-item elementor-sitemap-item-post page_item page-item-2223\"><a href=\"https:\/\/icripalimosani.edu.it\/site\/2015\/02\/14\/sospensione-delle-attivita-didattiche\/\">Sospensione delle attivit\u00e0 didattiche<\/a><\/li><li class=\"elementor-sitemap-item elementor-sitemap-item-post page_item page-item-2206\"><a href=\"https:\/\/icripalimosani.edu.it\/site\/2015\/02\/12\/donazione-della-scuola-primaria-di-lucito\/\">Donazione della scuola primaria di Lucito<\/a><\/li><li class=\"elementor-sitemap-item elementor-sitemap-item-post page_item page-item-2203\"><a href=\"https:\/\/icripalimosani.edu.it\/site\/2015\/02\/11\/colloquio-con-i-genitori-e-visione-delle-schede-di-valutazione-sede-di-ripalimosani\/\">Colloquio con i genitori e visione delle schede di valutazione- sede di Ripalimosani<\/a><\/li><li class=\"elementor-sitemap-item elementor-sitemap-item-post page_item page-item-2196\"><a href=\"https:\/\/icripalimosani.edu.it\/site\/2015\/02\/10\/chiusura-plessi-per-neve-2\/\">Chiusura plessi per neve<\/a><\/li><li class=\"elementor-sitemap-item elementor-sitemap-item-post page_item page-item-2193\"><a href=\"https:\/\/icripalimosani.edu.it\/site\/2015\/02\/10\/convocazione-del-consiglio-distituto-4\/\">Convocazione del Consiglio d&#8217;Istituto<\/a><\/li><li class=\"elementor-sitemap-item elementor-sitemap-item-post page_item page-item-2189\"><a href=\"https:\/\/icripalimosani.edu.it\/site\/2015\/02\/10\/convocazione-della-giunta-esecutiva\/\">Convocazione della Giunta Esecutiva<\/a><\/li><li class=\"elementor-sitemap-item elementor-sitemap-item-post page_item page-item-2186\"><a href=\"https:\/\/icripalimosani.edu.it\/site\/2015\/02\/09\/chiusura-plessi-per-neve\/\">Chiusura plessi per neve<\/a><\/li><li class=\"elementor-sitemap-item elementor-sitemap-item-post page_item page-item-2182\"><a href=\"https:\/\/icripalimosani.edu.it\/site\/2015\/02\/08\/10-febbraio-il-giorno-del-ricordo\/\">10 Febbraio: il giorno del ricordo<\/a><\/li><li class=\"elementor-sitemap-item elementor-sitemap-item-post page_item page-item-2174\"><a href=\"https:\/\/icripalimosani.edu.it\/site\/2015\/02\/04\/rinvio-data-degli-scrutini-della-primaria-di-petrella\/\">Rinvio data degli scrutini della Primaria di Petrella<\/a><\/li><li class=\"elementor-sitemap-item elementor-sitemap-item-post page_item page-item-2166\"><a href=\"https:\/\/icripalimosani.edu.it\/site\/2015\/02\/04\/i-lavori-dei-nostri-alunni-sul-giorno-della-memoria\/\">I lavori dei nostri alunni sul giorno della memoria<\/a><\/li><li class=\"elementor-sitemap-item elementor-sitemap-item-post page_item page-item-2163\"><a href=\"https:\/\/icripalimosani.edu.it\/site\/2015\/02\/03\/convocazione-del-consiglio-distituto-3\/\">Convocazione del Consiglio d&#8217;Istituto<\/a><\/li><li class=\"elementor-sitemap-item elementor-sitemap-item-post page_item page-item-2161\"><a href=\"https:\/\/icripalimosani.edu.it\/site\/2015\/02\/03\/convocazione-giunta-esecutiva\/\">Convocazione giunta esecutiva<\/a><\/li><li class=\"elementor-sitemap-item elementor-sitemap-item-post page_item page-item-2152\"><a href=\"https:\/\/icripalimosani.edu.it\/site\/2015\/01\/28\/sportello-di-ascolto\/\">Sportello di ascolto<\/a><\/li><li class=\"elementor-sitemap-item elementor-sitemap-item-post page_item page-item-2104\"><a href=\"https:\/\/icripalimosani.edu.it\/site\/2015\/01\/25\/il-27-gennaio-e-il-giorno-per-non-dimenticare\/\">Il 27 gennaio \u00e8 il giorno per non dimenticare<\/a><\/li><li class=\"elementor-sitemap-item elementor-sitemap-item-post page_item page-item-2085\"><a href=\"https:\/\/icripalimosani.edu.it\/site\/2015\/01\/23\/raccolta-fondi-per-telethon\/\">Raccolta fondi per Telethon<\/a><\/li><li class=\"elementor-sitemap-item elementor-sitemap-item-post page_item page-item-2073\"><a href=\"https:\/\/icripalimosani.edu.it\/site\/2015\/01\/21\/scrutini-del-i-quadrimestre\/\">Scrutini del I quadrimestre<\/a><\/li><li class=\"elementor-sitemap-item elementor-sitemap-item-post page_item page-item-1884\"><a href=\"https:\/\/icripalimosani.edu.it\/site\/2015\/01\/10\/iscrizioni-a-s-201516-on-line\/\">Iscrizioni a.s.2015\/16 on line<\/a><\/li><li class=\"elementor-sitemap-item elementor-sitemap-item-post page_item page-item-1814\"><a href=\"https:\/\/icripalimosani.edu.it\/site\/2014\/12\/22\/messaggio-di-auguri-della-dirigente-scolastica\/\">Messaggio di Auguri della dirigente scolastica<\/a><\/li><li class=\"elementor-sitemap-item elementor-sitemap-item-post page_item page-item-1716\"><a href=\"https:\/\/icripalimosani.edu.it\/site\/2014\/12\/17\/progetto-educazione-alla-legalita\/\">Progetto &#8220;Educazione alla legalit\u00e0&#8221;<\/a><\/li><li class=\"elementor-sitemap-item elementor-sitemap-item-post page_item page-item-1710\"><a href=\"https:\/\/icripalimosani.edu.it\/site\/2014\/12\/15\/tutti-i-disegni-del-concorso-per-il-logo\/\">I disegni del concorso per il logo<\/a><\/li><li class=\"elementor-sitemap-item elementor-sitemap-item-post page_item page-item-1580\"><a href=\"https:\/\/icripalimosani.edu.it\/site\/2014\/12\/10\/mercatini-di-natale\/\">Mercatini di Natale<\/a><\/li><li class=\"elementor-sitemap-item elementor-sitemap-item-post page_item page-item-1554\"><a href=\"https:\/\/icripalimosani.edu.it\/site\/2014\/12\/09\/convocazione-del-consiglio-distituto-2\/\">Convocazione del Consiglio d&#8217;Istituto<\/a><\/li><li class=\"elementor-sitemap-item elementor-sitemap-item-post page_item page-item-1506\"><a href=\"https:\/\/icripalimosani.edu.it\/site\/2014\/12\/08\/4-memorial-titina-e-nicola-montagano\/\">4\u00b0 Memorial &#8220;Titina e Nicola&#8221;, Montagano<\/a><\/li><li class=\"elementor-sitemap-item elementor-sitemap-item-post page_item page-item-1485\"><a href=\"https:\/\/icripalimosani.edu.it\/site\/2014\/12\/05\/modulo-richiesta-assenza\/\">Modulo richiesta assenza<\/a><\/li><li class=\"elementor-sitemap-item elementor-sitemap-item-post page_item page-item-1504\"><a href=\"https:\/\/icripalimosani.edu.it\/site\/2014\/12\/05\/comunicazione-sciopero-generale\/\">Comunicazione sciopero generale<\/a><\/li><li class=\"elementor-sitemap-item elementor-sitemap-item-post page_item page-item-1449\"><a href=\"https:\/\/icripalimosani.edu.it\/site\/2014\/11\/30\/concorso-per-il-logo-in-scadenza\/\">Concorso per il logo in scadenza<\/a><\/li><li class=\"elementor-sitemap-item elementor-sitemap-item-post page_item page-item-1445\"><a href=\"https:\/\/icripalimosani.edu.it\/site\/2014\/11\/28\/banchetto-raccolta-fondi-telethon\/\">Banchetto raccolta fondi Telethon<\/a><\/li><li class=\"elementor-sitemap-item elementor-sitemap-item-post page_item page-item-1436\"><a href=\"https:\/\/icripalimosani.edu.it\/site\/2014\/11\/27\/convocazione-del-consiglio-distituto\/\">Convocazione del Consiglio d&#8217;Istituto<\/a><\/li><li class=\"elementor-sitemap-item elementor-sitemap-item-post page_item page-item-1422\"><a href=\"https:\/\/icripalimosani.edu.it\/site\/2014\/11\/20\/collegio-docenti-unitario\/\">Collegio docenti unitario<\/a><\/li><li class=\"elementor-sitemap-item elementor-sitemap-item-post page_item page-item-1415\"><a href=\"https:\/\/icripalimosani.edu.it\/site\/2014\/11\/17\/progetto-distituto-educazione-alla-legalita\/\">Progetto d&#8217;Istituto &#8220;Educazione alla legalit\u00e0&#8221;<\/a><\/li><li class=\"elementor-sitemap-item elementor-sitemap-item-post page_item page-item-1410\"><a href=\"https:\/\/icripalimosani.edu.it\/site\/2014\/11\/16\/incontro-dibattito\/\">Incontro-dibattito<\/a><\/li><li class=\"elementor-sitemap-item elementor-sitemap-item-post page_item page-item-1383\"><a href=\"https:\/\/icripalimosani.edu.it\/site\/2014\/11\/09\/matrice-programmazione-di-classe-2-primaria\/\">matrice programmazione di classe N. 2-primaria<\/a><\/li><li class=\"elementor-sitemap-item elementor-sitemap-item-post page_item page-item-1380\"><a href=\"https:\/\/icripalimosani.edu.it\/site\/2014\/11\/08\/consigli-di-intersezione-interclasse-e-classe\/\">Consigli di intersezione, interclasse e classe<\/a><\/li><li class=\"elementor-sitemap-item elementor-sitemap-item-post page_item page-item-1378\"><a href=\"https:\/\/icripalimosani.edu.it\/site\/2014\/11\/07\/matrice-programmazione-di-classe-n-1-primaria\/\">matrice programmazione di classe n.1 &#8211; primaria<\/a><\/li><li class=\"elementor-sitemap-item elementor-sitemap-item-post page_item page-item-1374\"><a href=\"https:\/\/icripalimosani.edu.it\/site\/2014\/11\/05\/matrice-programmazione-disciplinare-secondaria-di-primo-grado\/\">Matrice programmazione disciplinare Secondaria di primo grado<\/a><\/li><li class=\"elementor-sitemap-item elementor-sitemap-item-post page_item page-item-1352\"><a href=\"https:\/\/icripalimosani.edu.it\/site\/2014\/11\/05\/concorso-nazionale-policulturaexpomilano2015\/\">Concorso nazionale PoliCulturaEXPOMilano2015<\/a><\/li><li class=\"elementor-sitemap-item elementor-sitemap-item-post page_item page-item-1343\"><a href=\"https:\/\/icripalimosani.edu.it\/site\/2014\/10\/27\/convocazione-collegi-docenti-orizzontali-2\/\">Convocazione Collegi Docenti orizzontali<\/a><\/li><li class=\"elementor-sitemap-item elementor-sitemap-item-post page_item page-item-1341\"><a href=\"https:\/\/icripalimosani.edu.it\/site\/2014\/10\/27\/convocazione-collegi-docenti-orizzontali\/\">Convocazione Collegi Docenti orizzontali<\/a><\/li><li class=\"elementor-sitemap-item elementor-sitemap-item-post page_item page-item-1329\"><a href=\"https:\/\/icripalimosani.edu.it\/site\/2014\/10\/24\/elezioni-del-consiglio-distituto\/\">Elezioni del Consiglio d&#8217;Istituto<\/a><\/li><li class=\"elementor-sitemap-item elementor-sitemap-item-post page_item page-item-1327\"><a href=\"https:\/\/icripalimosani.edu.it\/site\/2014\/10\/24\/regolamento-distituto\/\">Regolamento d&#8217;Istituto<\/a><\/li><li class=\"elementor-sitemap-item elementor-sitemap-item-post page_item page-item-1313\"><a href=\"https:\/\/icripalimosani.edu.it\/site\/2014\/10\/17\/convocazione-collegio-dei-docenti-unitario-2\/\">Convocazione Collegio dei docenti unitario<\/a><\/li><li class=\"elementor-sitemap-item elementor-sitemap-item-post page_item page-item-1284\"><a href=\"https:\/\/icripalimosani.edu.it\/site\/2014\/10\/12\/funzionigramma\/\">Funzionigramma<\/a><\/li><li class=\"elementor-sitemap-item elementor-sitemap-item-post page_item page-item-1217\"><a href=\"https:\/\/icripalimosani.edu.it\/site\/2014\/10\/06\/donazioni-a-favore-della-scuola-2\/\">Donazioni a favore della scuola<\/a><\/li><li class=\"elementor-sitemap-item elementor-sitemap-item-post page_item page-item-1208\"><a href=\"https:\/\/icripalimosani.edu.it\/site\/2014\/10\/05\/curricolo-verticale\/\">Curricolo verticale<\/a><\/li><li class=\"elementor-sitemap-item elementor-sitemap-item-post page_item page-item-1197\"><a href=\"https:\/\/icripalimosani.edu.it\/site\/2014\/09\/30\/circolare-n-9-2\/\">Circolare n.9<\/a><\/li><li class=\"elementor-sitemap-item elementor-sitemap-item-post page_item page-item-1195\"><a href=\"https:\/\/icripalimosani.edu.it\/site\/2014\/09\/30\/circolare-n-8-3\/\">Circolare n.8<\/a><\/li><li class=\"elementor-sitemap-item elementor-sitemap-item-post page_item page-item-1191\"><a href=\"https:\/\/icripalimosani.edu.it\/site\/2014\/09\/30\/circolare-n-9\/\">Circolare n.9<\/a><\/li><li class=\"elementor-sitemap-item elementor-sitemap-item-post page_item page-item-1153\"><a href=\"https:\/\/icripalimosani.edu.it\/site\/2014\/09\/29\/circolare-n-8\/\">Circolare n. 8<\/a><\/li><li class=\"elementor-sitemap-item elementor-sitemap-item-post page_item page-item-1132\"><a href=\"https:\/\/icripalimosani.edu.it\/site\/2014\/09\/28\/rinnovo-degli-organi-collegiali\/\">Rinnovo degli Organi Collegiali<\/a><\/li><li class=\"elementor-sitemap-item elementor-sitemap-item-post page_item page-item-1130\"><a href=\"https:\/\/icripalimosani.edu.it\/site\/2014\/09\/28\/circolare-n-7\/\">Circolare N\u00b0 7<\/a><\/li><li class=\"elementor-sitemap-item elementor-sitemap-item-post page_item page-item-1128\"><a href=\"https:\/\/icripalimosani.edu.it\/site\/2014\/09\/28\/circolare-n-5\/\">Circolare n\u00b0 5<\/a><\/li><li class=\"elementor-sitemap-item elementor-sitemap-item-post page_item page-item-1020\"><a href=\"https:\/\/icripalimosani.edu.it\/site\/2014\/09\/22\/festivita-patronali\/\">Festivit\u00e0 patronali<\/a><\/li><li class=\"elementor-sitemap-item elementor-sitemap-item-post page_item page-item-996\"><a href=\"https:\/\/icripalimosani.edu.it\/site\/2014\/09\/21\/concorso-per-il-nuovo-logo-della-scuola\/\">Concorso per il nuovo logo della scuola<\/a><\/li><li class=\"elementor-sitemap-item elementor-sitemap-item-post page_item page-item-968\"><a href=\"https:\/\/icripalimosani.edu.it\/site\/2014\/09\/16\/circolare-n-4\/\">Circolare N.4<\/a><\/li><li class=\"elementor-sitemap-item elementor-sitemap-item-post page_item page-item-966\"><a href=\"https:\/\/icripalimosani.edu.it\/site\/2014\/09\/16\/circolare-n-3\/\">Circolare N.3<\/a><\/li><li class=\"elementor-sitemap-item elementor-sitemap-item-post page_item page-item-964\"><a href=\"https:\/\/icripalimosani.edu.it\/site\/2014\/09\/14\/circolare-n-2\/\">Circolare N.2<\/a><\/li><li class=\"elementor-sitemap-item elementor-sitemap-item-post page_item page-item-960\"><a href=\"https:\/\/icripalimosani.edu.it\/site\/2014\/09\/10\/circolari-anno-scolastico-201415\/\">Circolare N.1<\/a><\/li><\/ul><\/div><\/div>\t\t<\/div>\n\t\t\t\t<\/div>\n\t\t\t\t\t<\/div>\n\t\t<\/div>\n\t\t\t\t\t\t\t<\/div>\n\t\t<\/section>\n\t\t\t\t\t\t\t<\/div>\n\t\t","protected":false},"excerpt":{"rendered":"","protected":false},"author":1,"featured_media":0,"parent":0,"menu_order":0,"comment_status":"closed","ping_status":"closed","template":"","meta":{"footnotes":""},"_links":{"self":[{"href":"https:\/\/icripalimosani.edu.it\/site\/wp-json\/wp\/v2\/pages\/65409"}],"collection":[{"href":"https:\/\/icripalimosani.edu.it\/site\/wp-json\/wp\/v2\/pages"}],"about":[{"href":"https:\/\/icripalimosani.edu.it\/site\/wp-json\/wp\/v2\/types\/page"}],"author":[{"embeddable":true,"href":"https:\/\/icripalimosani.edu.it\/site\/wp-json\/wp\/v2\/users\/1"}],"replies":[{"embeddable":true,"href":"https:\/\/icripalimosani.edu.it\/site\/wp-json\/wp\/v2\/comments?post=65409"}],"version-history":[{"count":2,"href":"https:\/\/icripalimosani.edu.it\/site\/wp-json\/wp\/v2\/pages\/65409\/revisions"}],"predecessor-version":[{"id":65411,"href":"https:\/\/icripalimosani.edu.it\/site\/wp-json\/wp\/v2\/pages\/65409\/revisions\/65411"}],"wp:attachment":[{"href":"https:\/\/icripalimosani.edu.it\/site\/wp-json\/wp\/v2\/media?parent=65409"}],"curies":[{"name":"wp","href":"https:\/\/api.w.org\/{rel}","templated":true}]}}