{"id":67906,"date":"2021-10-08T10:13:45","date_gmt":"2021-10-08T10:13:45","guid":{"rendered":"https:\/\/icripalimosani.edu.it\/site\/?page_id=67906"},"modified":"2021-10-20T09:30:06","modified_gmt":"2021-10-20T09:30:06","slug":"nuovi-eventi","status":"publish","type":"page","link":"https:\/\/icripalimosani.edu.it\/site\/nuovi-eventi\/","title":{"rendered":"Nuovi Eventi"},"content":{"rendered":"\t\t<div data-elementor-type=\"wp-page\" data-elementor-id=\"67906\" class=\"elementor elementor-67906\" data-elementor-post-type=\"page\">\n\t\t\t\t\t\t\t\t\t<section class=\"elementor-section elementor-top-section elementor-element elementor-element-e10082a elementor-section-boxed elementor-section-height-default elementor-section-height-default\" data-id=\"e10082a\" data-element_type=\"section\">\n\t\t\t\t\t\t<div class=\"elementor-container elementor-column-gap-default\">\n\t\t\t\t\t<div class=\"elementor-column elementor-col-100 elementor-top-column elementor-element elementor-element-ed9b2ca\" data-id=\"ed9b2ca\" data-element_type=\"column\">\n\t\t\t<div class=\"elementor-widget-wrap elementor-element-populated\">\n\t\t\t\t\t\t\t\t<div class=\"elementor-element elementor-element-def27c4 elementor-widget elementor-widget-heading\" data-id=\"def27c4\" data-element_type=\"widget\" data-widget_type=\"heading.default\">\n\t\t\t\t<div class=\"elementor-widget-container\">\n\t\t\t<h2 class=\"elementor-heading-title elementor-size-xl\">Eventi, Riconoscimenti e Iniziative<\/h2>\t\t<\/div>\n\t\t\t\t<\/div>\n\t\t\t\t\t<\/div>\n\t\t<\/div>\n\t\t\t\t\t\t\t<\/div>\n\t\t<\/section>\n\t\t\t\t<section class=\"elementor-section elementor-top-section elementor-element elementor-element-d490b79 elementor-section-boxed elementor-section-height-default elementor-section-height-default\" data-id=\"d490b79\" data-element_type=\"section\">\n\t\t\t\t\t\t<div class=\"elementor-container elementor-column-gap-default\">\n\t\t\t\t\t<div class=\"elementor-column elementor-col-100 elementor-top-column elementor-element elementor-element-e7452e9\" data-id=\"e7452e9\" data-element_type=\"column\">\n\t\t\t<div class=\"elementor-widget-wrap elementor-element-populated\">\n\t\t\t\t\t\t\t\t<div class=\"elementor-element elementor-element-9893dcf elementor-widget elementor-widget-heading\" data-id=\"9893dcf\" data-element_type=\"widget\" data-widget_type=\"heading.default\">\n\t\t\t\t<div class=\"elementor-widget-container\">\n\t\t\t<h2 class=\"elementor-heading-title elementor-size-default\">A.S. 2021\/2022<\/h2>\t\t<\/div>\n\t\t\t\t<\/div>\n\t\t\t\t<div class=\"elementor-element elementor-element-e575353 elementor-grid-1 elementor-posts--align-center elementor-grid-tablet-2 elementor-grid-mobile-1 elementor-posts--thumbnail-top elementor-posts--show-avatar elementor-card-shadow-yes elementor-posts__hover-gradient elementor-widget elementor-widget-posts\" data-id=\"e575353\" data-element_type=\"widget\" data-settings=\"{&quot;cards_columns&quot;:&quot;1&quot;,&quot;cards_row_gap&quot;:{&quot;unit&quot;:&quot;px&quot;,&quot;size&quot;:19,&quot;sizes&quot;:[]},&quot;cards_columns_tablet&quot;:&quot;2&quot;,&quot;cards_columns_mobile&quot;:&quot;1&quot;,&quot;cards_row_gap_tablet&quot;:{&quot;unit&quot;:&quot;px&quot;,&quot;size&quot;:&quot;&quot;,&quot;sizes&quot;:[]},&quot;cards_row_gap_mobile&quot;:{&quot;unit&quot;:&quot;px&quot;,&quot;size&quot;:&quot;&quot;,&quot;sizes&quot;:[]}}\" data-widget_type=\"posts.cards\">\n\t\t\t\t<div class=\"elementor-widget-container\">\n\t\t\t\t\t<div class=\"elementor-posts-container elementor-posts elementor-posts--skin-cards elementor-grid\">\n\t\t\t\t<article class=\"elementor-post elementor-grid-item post-73354 post type-post status-publish format-standard hentry category-bacheca-sindacale category-eventi\">\n\t\t\t<div class=\"elementor-post__card\">\n\t\t\t\t<div class=\"elementor-post__text\">\n\t\t\t\t<h3 class=\"elementor-post__title\">\n\t\t\t<a href=\"https:\/\/icripalimosani.edu.it\/site\/2023\/10\/31\/20231031123941unidos\/\" >\n\t\t\t\tsciopero del 10 novembre\t\t\t<\/a>\n\t\t<\/h3>\n\t\t\t\t<div class=\"elementor-post__excerpt\">\n\t\t\t<p>sciopero del 10 novembre &#8211; Proclamazione_sciopero_FENSIR.pdf&#8211; Scheda_sciopero_FENSIR.pdf&#8211; Sciopero_10_novembre_2023.pdf<\/p>\n\t\t<\/div>\n\t\t\n\t\t<a class=\"elementor-post__read-more\" href=\"https:\/\/icripalimosani.edu.it\/site\/2023\/10\/31\/20231031123941unidos\/\" aria-label=\"Leggi tutto sciopero del 10 novembre\" tabindex=\"-1\" >\n\t\t\tLeggi Tutto \u00bb\t\t<\/a>\n\n\t\t\t\t<\/div>\n\t\t\t\t<div class=\"elementor-post__meta-data\">\n\t\t\t\t\t<span class=\"elementor-post-date\">\n\t\t\tOttobre 31, 2023\t\t<\/span>\n\t\t\t\t<\/div>\n\t\t\t\t\t<\/div>\n\t\t<\/article>\n\t\t\t\t<article class=\"elementor-post elementor-grid-item post-73275 post type-post status-publish format-standard hentry category-eventi category-generali category-in_evidenza\">\n\t\t\t<div class=\"elementor-post__card\">\n\t\t\t\t<div class=\"elementor-post__text\">\n\t\t\t\t<h3 class=\"elementor-post__title\">\n\t\t\t<a href=\"https:\/\/icripalimosani.edu.it\/site\/2023\/10\/05\/20231005121036unidos\/\" >\n\t\t\t\tAssenze e validit\u00e0 anno scolastico 2023-2024 per la valutazione degli alunni della Scuola primaria e secondaria di primo grado &#8211; Deroghe al limite massimo ore di assenza.\t\t\t<\/a>\n\t\t<\/h3>\n\t\t\t\t<div class=\"elementor-post__excerpt\">\n\t\t\t<p>Assenze e validit&agrave; anno scolastico 2023-2024 per la valutazione degli alunni della Scuola primaria e secondaria di primo grado &#8211; Deroghe al limite massimo ore<\/p>\n\t\t<\/div>\n\t\t\n\t\t<a class=\"elementor-post__read-more\" href=\"https:\/\/icripalimosani.edu.it\/site\/2023\/10\/05\/20231005121036unidos\/\" aria-label=\"Leggi tutto Assenze e validit\u00e0 anno scolastico 2023-2024 per la valutazione degli alunni della Scuola primaria e secondaria di primo grado &#8211; Deroghe al limite massimo ore di assenza.\" tabindex=\"-1\" >\n\t\t\tLeggi Tutto \u00bb\t\t<\/a>\n\n\t\t\t\t<\/div>\n\t\t\t\t<div class=\"elementor-post__meta-data\">\n\t\t\t\t\t<span class=\"elementor-post-date\">\n\t\t\tOttobre 5, 2023\t\t<\/span>\n\t\t\t\t<\/div>\n\t\t\t\t\t<\/div>\n\t\t<\/article>\n\t\t\t\t<article class=\"elementor-post elementor-grid-item post-70195 post type-post status-publish format-standard hentry category-eventi category-generali category-in_evidenza\">\n\t\t\t<div class=\"elementor-post__card\">\n\t\t\t\t<div class=\"elementor-post__text\">\n\t\t\t\t<h3 class=\"elementor-post__title\">\n\t\t\t<a href=\"https:\/\/icripalimosani.edu.it\/site\/2022\/05\/30\/20220530124834unidos\/\" >\n\t\t\t\tConcerto di fine anno marted\u00ec 31 maggio 2022 &#8211; Ripalimosani\t\t\t<\/a>\n\t\t<\/h3>\n\t\t\t\t<div class=\"elementor-post__excerpt\">\n\t\t\t<p>Concerto di fine anno marted&igrave; 31 maggio 2022 &#8211; Ripalimosani &#8211; Concerto_di_fine_anno_martedi_31_Maggio_2022_-_Ripalimosani.pdf<\/p>\n\t\t<\/div>\n\t\t\n\t\t<a class=\"elementor-post__read-more\" href=\"https:\/\/icripalimosani.edu.it\/site\/2022\/05\/30\/20220530124834unidos\/\" aria-label=\"Leggi tutto Concerto di fine anno marted\u00ec 31 maggio 2022 &#8211; Ripalimosani\" tabindex=\"-1\" >\n\t\t\tLeggi Tutto \u00bb\t\t<\/a>\n\n\t\t\t\t<\/div>\n\t\t\t\t<div class=\"elementor-post__meta-data\">\n\t\t\t\t\t<span class=\"elementor-post-date\">\n\t\t\tMaggio 30, 2022\t\t<\/span>\n\t\t\t\t<\/div>\n\t\t\t\t\t<\/div>\n\t\t<\/article>\n\t\t\t\t<article class=\"elementor-post elementor-grid-item post-67972 post type-post status-publish format-standard has-post-thumbnail hentry category-eventi category-primaria\">\n\t\t\t<div class=\"elementor-post__card\">\n\t\t\t\t<a class=\"elementor-post__thumbnail__link\" href=\"https:\/\/icripalimosani.edu.it\/site\/2021\/10\/15\/our-dream-a-virtual-erasmus-journey\/\" tabindex=\"-1\" ><div class=\"elementor-post__thumbnail\"><img loading=\"lazy\" width=\"607\" height=\"379\" src=\"https:\/\/icripalimosani.edu.it\/site\/wp-content\/uploads\/2021\/10\/WhatsApp-Image-2021-10-12-at-17.29.46.jpeg\" class=\"attachment-large size-large wp-image-67974\" alt=\"\" decoding=\"async\" srcset=\"https:\/\/icripalimosani.edu.it\/site\/wp-content\/uploads\/2021\/10\/WhatsApp-Image-2021-10-12-at-17.29.46.jpeg 607w, https:\/\/icripalimosani.edu.it\/site\/wp-content\/uploads\/2021\/10\/WhatsApp-Image-2021-10-12-at-17.29.46-300x187.jpeg 300w\" sizes=\"(max-width: 607px) 100vw, 607px\" \/><\/div><\/a>\n\t\t\t\t<div class=\"elementor-post__avatar\">\n\t\t\t<img alt='Paola Masiello' src='https:\/\/secure.gravatar.com\/avatar\/d811f3bddcd9b2a3292df79243bc788e?s=128&#038;d=mm&#038;r=g' srcset='https:\/\/secure.gravatar.com\/avatar\/d811f3bddcd9b2a3292df79243bc788e?s=256&#038;d=mm&#038;r=g 2x' class='avatar avatar-128 photo' height='128' width='128' loading='lazy' decoding='async'\/>\t\t<\/div>\n\t\t\t\t<div class=\"elementor-post__text\">\n\t\t\t\t<h3 class=\"elementor-post__title\">\n\t\t\t<a href=\"https:\/\/icripalimosani.edu.it\/site\/2021\/10\/15\/our-dream-a-virtual-erasmus-journey\/\" >\n\t\t\t\t&#8220;OUR DREAM: A VIRTUAL ERASMUS JOURNEY&#8221;\t\t\t<\/a>\n\t\t<\/h3>\n\t\t\t\t<div class=\"elementor-post__excerpt\">\n\t\t\t<p>&#8220;OUR DREAM: A VIRTUAL ERASMUS JOURNEY&#8221; \u00e8 un progetto molto divertente in cui gli insegnanti hanno avuto il ruolo di facilitatori e i veri protagonisti<\/p>\n\t\t<\/div>\n\t\t\n\t\t<a class=\"elementor-post__read-more\" href=\"https:\/\/icripalimosani.edu.it\/site\/2021\/10\/15\/our-dream-a-virtual-erasmus-journey\/\" aria-label=\"Leggi tutto &#8220;OUR DREAM: A VIRTUAL ERASMUS JOURNEY&#8221;\" tabindex=\"-1\" >\n\t\t\tLeggi Tutto \u00bb\t\t<\/a>\n\n\t\t\t\t<\/div>\n\t\t\t\t<div class=\"elementor-post__meta-data\">\n\t\t\t\t\t<span class=\"elementor-post-date\">\n\t\t\tOttobre 15, 2021\t\t<\/span>\n\t\t\t\t<\/div>\n\t\t\t\t\t<\/div>\n\t\t<\/article>\n\t\t\t\t<article class=\"elementor-post elementor-grid-item post-67881 post type-post status-publish format-standard has-post-thumbnail hentry category-eventi category-generali category-in_evidenza category-secondaria\">\n\t\t\t<div class=\"elementor-post__card\">\n\t\t\t\t<a class=\"elementor-post__thumbnail__link\" href=\"https:\/\/icripalimosani.edu.it\/site\/2021\/10\/05\/pandora-per-unicef-concorso-disegna-i-tuoi-sogni-vincitrice-giorgia-gasbarrino-scuola-secondaria-di-petrella-tifernina\/\" tabindex=\"-1\" ><div class=\"elementor-post__thumbnail\"><img loading=\"lazy\" width=\"800\" height=\"800\" src=\"https:\/\/icripalimosani.edu.it\/site\/wp-content\/uploads\/2021\/10\/IMG-20211004-WA0046-1024x1024.jpg\" class=\"attachment-large size-large wp-image-67882\" alt=\"\" decoding=\"async\" srcset=\"https:\/\/icripalimosani.edu.it\/site\/wp-content\/uploads\/2021\/10\/IMG-20211004-WA0046-1024x1024.jpg 1024w, https:\/\/icripalimosani.edu.it\/site\/wp-content\/uploads\/2021\/10\/IMG-20211004-WA0046-300x300.jpg 300w, https:\/\/icripalimosani.edu.it\/site\/wp-content\/uploads\/2021\/10\/IMG-20211004-WA0046-150x150.jpg 150w, https:\/\/icripalimosani.edu.it\/site\/wp-content\/uploads\/2021\/10\/IMG-20211004-WA0046-768x768.jpg 768w, https:\/\/icripalimosani.edu.it\/site\/wp-content\/uploads\/2021\/10\/IMG-20211004-WA0046.jpg 1080w\" sizes=\"(max-width: 800px) 100vw, 800px\" \/><\/div><\/a>\n\t\t\t\t<div class=\"elementor-post__avatar\">\n\t\t\t<img alt='Paola Masiello' src='https:\/\/secure.gravatar.com\/avatar\/d811f3bddcd9b2a3292df79243bc788e?s=128&#038;d=mm&#038;r=g' srcset='https:\/\/secure.gravatar.com\/avatar\/d811f3bddcd9b2a3292df79243bc788e?s=256&#038;d=mm&#038;r=g 2x' class='avatar avatar-128 photo' height='128' width='128' loading='lazy' decoding='async'\/>\t\t<\/div>\n\t\t\t\t<div class=\"elementor-post__text\">\n\t\t\t\t<h3 class=\"elementor-post__title\">\n\t\t\t<a href=\"https:\/\/icripalimosani.edu.it\/site\/2021\/10\/05\/pandora-per-unicef-concorso-disegna-i-tuoi-sogni-vincitrice-giorgia-gasbarrino-scuola-secondaria-di-petrella-tifernina\/\" >\n\t\t\t\tPANDORA PER UNICEF: concorso &#8220;Disegna i tuoi sogni&#8221; &#8211; vincitrice Giorgia Gasbarrino &#8211; scuola secondaria di Petrella Tifernina\t\t\t<\/a>\n\t\t<\/h3>\n\t\t\t\t<div class=\"elementor-post__excerpt\">\n\t\t\t<p>Anche quest&#8217;anno Pandora, da tempo impegnata a fianco dell&#8217;UNICEF in progetti volti a fornire un\u2019istruzione di qualit\u00e0 ai pi\u00f9 giovani ma anche a porre l\u2019attenzione<\/p>\n\t\t<\/div>\n\t\t\n\t\t<a class=\"elementor-post__read-more\" href=\"https:\/\/icripalimosani.edu.it\/site\/2021\/10\/05\/pandora-per-unicef-concorso-disegna-i-tuoi-sogni-vincitrice-giorgia-gasbarrino-scuola-secondaria-di-petrella-tifernina\/\" aria-label=\"Leggi tutto PANDORA PER UNICEF: concorso &#8220;Disegna i tuoi sogni&#8221; &#8211; vincitrice Giorgia Gasbarrino &#8211; scuola secondaria di Petrella Tifernina\" tabindex=\"-1\" >\n\t\t\tLeggi Tutto \u00bb\t\t<\/a>\n\n\t\t\t\t<\/div>\n\t\t\t\t<div class=\"elementor-post__meta-data\">\n\t\t\t\t\t<span class=\"elementor-post-date\">\n\t\t\tOttobre 5, 2021\t\t<\/span>\n\t\t\t\t<\/div>\n\t\t\t\t\t<\/div>\n\t\t<\/article>\n\t\t\t\t<article class=\"elementor-post elementor-grid-item post-67862 post type-post status-publish format-standard has-post-thumbnail hentry category-eventi category-generali category-in_evidenza\">\n\t\t\t<div class=\"elementor-post__card\">\n\t\t\t\t<a class=\"elementor-post__thumbnail__link\" href=\"https:\/\/icripalimosani.edu.it\/site\/2021\/10\/02\/20211002134108unidos\/\" tabindex=\"-1\" ><div class=\"elementor-post__thumbnail\"><img loading=\"lazy\" width=\"675\" height=\"855\" src=\"https:\/\/icripalimosani.edu.it\/site\/wp-content\/uploads\/2021\/10\/Erasmus-Day.jpeg\" class=\"attachment-large size-large wp-image-67873\" alt=\"\" decoding=\"async\" srcset=\"https:\/\/icripalimosani.edu.it\/site\/wp-content\/uploads\/2021\/10\/Erasmus-Day.jpeg 675w, https:\/\/icripalimosani.edu.it\/site\/wp-content\/uploads\/2021\/10\/Erasmus-Day-237x300.jpeg 237w\" sizes=\"(max-width: 675px) 100vw, 675px\" \/><\/div><\/a>\n\t\t\t\t<div class=\"elementor-post__avatar\">\n\t\t\t<img alt='unidos' src='https:\/\/secure.gravatar.com\/avatar\/810dd7283c3f14c1b91d955205a9eb30?s=128&#038;d=mm&#038;r=g' srcset='https:\/\/secure.gravatar.com\/avatar\/810dd7283c3f14c1b91d955205a9eb30?s=256&#038;d=mm&#038;r=g 2x' class='avatar avatar-128 photo' height='128' width='128' loading='lazy' decoding='async'\/>\t\t<\/div>\n\t\t\t\t<div class=\"elementor-post__text\">\n\t\t\t\t<h3 class=\"elementor-post__title\">\n\t\t\t<a href=\"https:\/\/icripalimosani.edu.it\/site\/2021\/10\/02\/20211002134108unidos\/\" >\n\t\t\t\tERASMUS\t\t\t<\/a>\n\t\t<\/h3>\n\t\t\t\t<div class=\"elementor-post__excerpt\">\n\t\t\t<p>&nbsp;<\/p>\n\t\t<\/div>\n\t\t\n\t\t<a class=\"elementor-post__read-more\" href=\"https:\/\/icripalimosani.edu.it\/site\/2021\/10\/02\/20211002134108unidos\/\" aria-label=\"Leggi tutto ERASMUS\" tabindex=\"-1\" >\n\t\t\tLeggi Tutto \u00bb\t\t<\/a>\n\n\t\t\t\t<\/div>\n\t\t\t\t<div class=\"elementor-post__meta-data\">\n\t\t\t\t\t<span class=\"elementor-post-date\">\n\t\t\tOttobre 2, 2021\t\t<\/span>\n\t\t\t\t<\/div>\n\t\t\t\t\t<\/div>\n\t\t<\/article>\n\t\t\t\t<article class=\"elementor-post elementor-grid-item post-67822 post type-post status-publish format-standard hentry category-eventi category-generali\">\n\t\t\t<div class=\"elementor-post__card\">\n\t\t\t\t<div class=\"elementor-post__text\">\n\t\t\t\t<h3 class=\"elementor-post__title\">\n\t\t\t<a href=\"https:\/\/icripalimosani.edu.it\/site\/2021\/09\/24\/20210924113019unidos\/\" >\n\t\t\t\tPIANO PER IL MONITORAGGIO SCUOLE SENTINELLE &#8211; CAMPOBASSO\t\t\t<\/a>\n\t\t<\/h3>\n\t\t\t\t<div class=\"elementor-post__excerpt\">\n\t\t\t<p>&#8230; &#8211; Piano_per_il_monitoraggio_scuole_sentinelle.pdf<\/p>\n\t\t<\/div>\n\t\t\n\t\t<a class=\"elementor-post__read-more\" href=\"https:\/\/icripalimosani.edu.it\/site\/2021\/09\/24\/20210924113019unidos\/\" aria-label=\"Leggi tutto PIANO PER IL MONITORAGGIO SCUOLE SENTINELLE &#8211; CAMPOBASSO\" tabindex=\"-1\" >\n\t\t\tLeggi Tutto \u00bb\t\t<\/a>\n\n\t\t\t\t<\/div>\n\t\t\t\t<div class=\"elementor-post__meta-data\">\n\t\t\t\t\t<span class=\"elementor-post-date\">\n\t\t\tSettembre 24, 2021\t\t<\/span>\n\t\t\t\t<\/div>\n\t\t\t\t\t<\/div>\n\t\t<\/article>\n\t\t\t\t<article class=\"elementor-post elementor-grid-item post-67818 post type-post status-publish format-standard hentry category-eventi category-generali category-in_evidenza\">\n\t\t\t<div class=\"elementor-post__card\">\n\t\t\t\t<div class=\"elementor-post__text\">\n\t\t\t\t<h3 class=\"elementor-post__title\">\n\t\t\t<a href=\"https:\/\/icripalimosani.edu.it\/site\/2021\/09\/24\/20210924095036unidos\/\" >\n\t\t\t\t\u201cTeens  For  Climate  Hack  Campobasso\u201d\t\t\t<\/a>\n\t\t<\/h3>\n\t\t\t\t<div class=\"elementor-post__excerpt\">\n\t\t\t<p>&nbsp; \u00a0Partecipazione_al_Teens_For_Climate_Hack_Campobasso-2.pdf<\/p>\n\t\t<\/div>\n\t\t\n\t\t<a class=\"elementor-post__read-more\" href=\"https:\/\/icripalimosani.edu.it\/site\/2021\/09\/24\/20210924095036unidos\/\" aria-label=\"Leggi tutto \u201cTeens  For  Climate  Hack  Campobasso\u201d\" tabindex=\"-1\" >\n\t\t\tLeggi Tutto \u00bb\t\t<\/a>\n\n\t\t\t\t<\/div>\n\t\t\t\t<div class=\"elementor-post__meta-data\">\n\t\t\t\t\t<span class=\"elementor-post-date\">\n\t\t\tSettembre 24, 2021\t\t<\/span>\n\t\t\t\t<\/div>\n\t\t\t\t\t<\/div>\n\t\t<\/article>\n\t\t\t\t<article class=\"elementor-post elementor-grid-item post-67730 post type-post status-publish format-standard hentry category-eventi\">\n\t\t\t<div class=\"elementor-post__card\">\n\t\t\t\t<div class=\"elementor-post__text\">\n\t\t\t\t<h3 class=\"elementor-post__title\">\n\t\t\t<a href=\"https:\/\/icripalimosani.edu.it\/site\/2021\/09\/01\/20210901134157unidos\/\" >\n\t\t\t\tCalendario incontri percorso didattico di continuit\u00e0 classe prima  infanzia\t\t\t<\/a>\n\t\t<\/h3>\n\t\t\t\t<div class=\"elementor-post__excerpt\">\n\t\t\t<p>Calendario incontri percorso di continuit&agrave; classe prima\/ infanzia. &#8211; Calendario_incontri_percorso_continuta_classe_prima_infanzia_settembre_2021docx.docx<\/p>\n\t\t<\/div>\n\t\t\n\t\t<a class=\"elementor-post__read-more\" href=\"https:\/\/icripalimosani.edu.it\/site\/2021\/09\/01\/20210901134157unidos\/\" aria-label=\"Leggi tutto Calendario incontri percorso didattico di continuit\u00e0 classe prima  infanzia\" tabindex=\"-1\" >\n\t\t\tLeggi Tutto \u00bb\t\t<\/a>\n\n\t\t\t\t<\/div>\n\t\t\t\t<div class=\"elementor-post__meta-data\">\n\t\t\t\t\t<span class=\"elementor-post-date\">\n\t\t\tSettembre 1, 2021\t\t<\/span>\n\t\t\t\t<\/div>\n\t\t\t\t\t<\/div>\n\t\t<\/article>\n\t\t\t\t<article class=\"elementor-post elementor-grid-item post-63868 post type-post status-publish format-standard hentry category-eventi category-generali category-in_evidenza\">\n\t\t\t<div class=\"elementor-post__card\">\n\t\t\t\t<div class=\"elementor-post__text\">\n\t\t\t\t<h3 class=\"elementor-post__title\">\n\t\t\t<a href=\"https:\/\/icripalimosani.edu.it\/site\/2019\/05\/30\/seminario-etwinning-a-ripalimosani-6-giugno-2019\/\" >\n\t\t\t\tSeminario eTwinning a Ripalimosani &#8211; 6 Giugno 2019\t\t\t<\/a>\n\t\t<\/h3>\n\t\t\t\t<div class=\"elementor-post__excerpt\">\n\t\t\t<p>Si allega la nota dell&#8217;USR con l&#8217;auspicio della pi\u00f9 numerosa partecipazione. ETm_pi.AOODRMO.REGISTRO UFFICIALE(U).0004322.30-05-2019 locandina etwinning<\/p>\n\t\t<\/div>\n\t\t\n\t\t<a class=\"elementor-post__read-more\" href=\"https:\/\/icripalimosani.edu.it\/site\/2019\/05\/30\/seminario-etwinning-a-ripalimosani-6-giugno-2019\/\" aria-label=\"Leggi tutto Seminario eTwinning a Ripalimosani &#8211; 6 Giugno 2019\" tabindex=\"-1\" >\n\t\t\tLeggi Tutto \u00bb\t\t<\/a>\n\n\t\t\t\t<\/div>\n\t\t\t\t<div class=\"elementor-post__meta-data\">\n\t\t\t\t\t<span class=\"elementor-post-date\">\n\t\t\tMaggio 30, 2019\t\t<\/span>\n\t\t\t\t<\/div>\n\t\t\t\t\t<\/div>\n\t\t<\/article>\n\t\t\t\t<\/div>\n\t\t\n\t\t\t\t<\/div>\n\t\t\t\t<\/div>\n\t\t\t\t\t<\/div>\n\t\t<\/div>\n\t\t\t\t\t\t\t<\/div>\n\t\t<\/section>\n\t\t\t\t<section class=\"elementor-section elementor-top-section elementor-element elementor-element-4e526c0 elementor-section-boxed elementor-section-height-default elementor-section-height-default\" data-id=\"4e526c0\" data-element_type=\"section\">\n\t\t\t\t\t\t<div class=\"elementor-container elementor-column-gap-default\">\n\t\t\t\t\t<div class=\"elementor-column elementor-col-100 elementor-top-column elementor-element elementor-element-bdc7055\" data-id=\"bdc7055\" data-element_type=\"column\">\n\t\t\t<div class=\"elementor-widget-wrap elementor-element-populated\">\n\t\t\t\t\t\t\t\t<div class=\"elementor-element elementor-element-07a9333 elementor-widget elementor-widget-text-editor\" data-id=\"07a9333\" data-element_type=\"widget\" data-widget_type=\"text-editor.default\">\n\t\t\t\t<div class=\"elementor-widget-container\">\n\t\t\t\t\t\t\t\t\t\t\t\t\t<\/div>\n\t\t\t\t<\/div>\n\t\t\t\t<div class=\"elementor-element elementor-element-7aba36c elementor-widget elementor-widget-heading\" data-id=\"7aba36c\" data-element_type=\"widget\" data-widget_type=\"heading.default\">\n\t\t\t\t<div class=\"elementor-widget-container\">\n\t\t\t<h2 class=\"elementor-heading-title elementor-size-default\">A.S. 2020\/2021<\/h2>\t\t<\/div>\n\t\t\t\t<\/div>\n\t\t\t\t<div class=\"elementor-element elementor-element-262ff48 elementor-grid-1 elementor-grid-tablet-2 elementor-grid-mobile-1 elementor-posts--thumbnail-top elementor-posts--show-avatar elementor-card-shadow-yes elementor-posts__hover-gradient elementor-widget elementor-widget-posts\" data-id=\"262ff48\" data-element_type=\"widget\" data-settings=\"{&quot;cards_columns&quot;:&quot;1&quot;,&quot;cards_columns_tablet&quot;:&quot;2&quot;,&quot;cards_columns_mobile&quot;:&quot;1&quot;,&quot;cards_row_gap&quot;:{&quot;unit&quot;:&quot;px&quot;,&quot;size&quot;:35,&quot;sizes&quot;:[]},&quot;cards_row_gap_tablet&quot;:{&quot;unit&quot;:&quot;px&quot;,&quot;size&quot;:&quot;&quot;,&quot;sizes&quot;:[]},&quot;cards_row_gap_mobile&quot;:{&quot;unit&quot;:&quot;px&quot;,&quot;size&quot;:&quot;&quot;,&quot;sizes&quot;:[]}}\" data-widget_type=\"posts.cards\">\n\t\t\t\t<div class=\"elementor-widget-container\">\n\t\t\t\t\t<div class=\"elementor-posts-container elementor-posts elementor-posts--skin-cards elementor-grid\">\n\t\t\t\t<article class=\"elementor-post elementor-grid-item post-67471 post type-post status-publish format-standard has-post-thumbnail hentry category-eventi-2020-2021 category-in_evidenza category-secondaria\">\n\t\t\t<div class=\"elementor-post__card\">\n\t\t\t\t<a class=\"elementor-post__thumbnail__link\" href=\"https:\/\/icripalimosani.edu.it\/site\/2021\/05\/22\/evento-settimana-della-musica-parliamo-di-musica-26-maggio-2021-ore-1700\/\" tabindex=\"-1\" ><div class=\"elementor-post__thumbnail\"><img loading=\"lazy\" width=\"724\" height=\"1024\" src=\"https:\/\/icripalimosani.edu.it\/site\/wp-content\/uploads\/2021\/05\/IMG-20210522-WA0021-724x1024.jpg\" class=\"attachment-large size-large wp-image-67472\" alt=\"\" decoding=\"async\" srcset=\"https:\/\/icripalimosani.edu.it\/site\/wp-content\/uploads\/2021\/05\/IMG-20210522-WA0021-724x1024.jpg 724w, https:\/\/icripalimosani.edu.it\/site\/wp-content\/uploads\/2021\/05\/IMG-20210522-WA0021-212x300.jpg 212w, https:\/\/icripalimosani.edu.it\/site\/wp-content\/uploads\/2021\/05\/IMG-20210522-WA0021-768x1086.jpg 768w, https:\/\/icripalimosani.edu.it\/site\/wp-content\/uploads\/2021\/05\/IMG-20210522-WA0021-1086x1536.jpg 1086w, https:\/\/icripalimosani.edu.it\/site\/wp-content\/uploads\/2021\/05\/IMG-20210522-WA0021.jpg 1131w\" sizes=\"(max-width: 724px) 100vw, 724px\" \/><\/div><\/a>\n\t\t\t\t<div class=\"elementor-post__badge\">Eventi 2020\/2021<\/div>\n\t\t\t\t<div class=\"elementor-post__avatar\">\n\t\t\t<img alt='Paola Masiello' src='https:\/\/secure.gravatar.com\/avatar\/d811f3bddcd9b2a3292df79243bc788e?s=128&#038;d=mm&#038;r=g' srcset='https:\/\/secure.gravatar.com\/avatar\/d811f3bddcd9b2a3292df79243bc788e?s=256&#038;d=mm&#038;r=g 2x' class='avatar avatar-128 photo' height='128' width='128' loading='lazy' decoding='async'\/>\t\t<\/div>\n\t\t\t\t<div class=\"elementor-post__text\">\n\t\t\t\t<h3 class=\"elementor-post__title\">\n\t\t\t<a href=\"https:\/\/icripalimosani.edu.it\/site\/2021\/05\/22\/evento-settimana-della-musica-parliamo-di-musica-26-maggio-2021-ore-1700\/\" >\n\t\t\t\tEvento settimana della musica  &#8220;&#8230;PARLIAMO DI MUSICA&#8221; (26 maggio 2021 ore 17:00)\t\t\t<\/a>\n\t\t<\/h3>\n\t\t\t\t<div class=\"elementor-post__excerpt\">\n\t\t\t\t\t<\/div>\n\t\t\n\t\t<a class=\"elementor-post__read-more\" href=\"https:\/\/icripalimosani.edu.it\/site\/2021\/05\/22\/evento-settimana-della-musica-parliamo-di-musica-26-maggio-2021-ore-1700\/\" aria-label=\"Leggi tutto Evento settimana della musica  &#8220;&#8230;PARLIAMO DI MUSICA&#8221; (26 maggio 2021 ore 17:00)\" tabindex=\"-1\" >\n\t\t\tLeggi Tutto \u00bb\t\t<\/a>\n\n\t\t\t\t<\/div>\n\t\t\t\t<div class=\"elementor-post__meta-data\">\n\t\t\t\t\t<span class=\"elementor-post-date\">\n\t\t\tMaggio 22, 2021\t\t<\/span>\n\t\t\t\t<\/div>\n\t\t\t\t\t<\/div>\n\t\t<\/article>\n\t\t\t\t<article class=\"elementor-post elementor-grid-item post-67255 post type-post status-publish format-standard hentry category-eventi-2020-2021 category-in_evidenza\">\n\t\t\t<div class=\"elementor-post__card\">\n\t\t\t\t<div class=\"elementor-post__text\">\n\t\t\t\t<h3 class=\"elementor-post__title\">\n\t\t\t<a href=\"https:\/\/icripalimosani.edu.it\/site\/2021\/03\/22\/20210322152406unidos\/\" >\n\t\t\t\tPartecipazione all\u2019iniziativa Futura Dante live\t\t\t<\/a>\n\t\t<\/h3>\n\t\t\t\t<div class=\"elementor-post__excerpt\">\n\t\t\t<p>. &#8211; Partecipazione_allriniziativa_Futura_Dante_live.pdf<\/p>\n\t\t<\/div>\n\t\t\n\t\t<a class=\"elementor-post__read-more\" href=\"https:\/\/icripalimosani.edu.it\/site\/2021\/03\/22\/20210322152406unidos\/\" aria-label=\"Leggi tutto Partecipazione all\u2019iniziativa Futura Dante live\" tabindex=\"-1\" >\n\t\t\tLeggi Tutto \u00bb\t\t<\/a>\n\n\t\t\t\t<\/div>\n\t\t\t\t<div class=\"elementor-post__meta-data\">\n\t\t\t\t\t<span class=\"elementor-post-date\">\n\t\t\tMarzo 22, 2021\t\t<\/span>\n\t\t\t\t<\/div>\n\t\t\t\t\t<\/div>\n\t\t<\/article>\n\t\t\t\t<article class=\"elementor-post elementor-grid-item post-67207 post type-post status-publish format-standard hentry category-eventi-2020-2021 category-primaria category-progetti-europei\">\n\t\t\t<div class=\"elementor-post__card\">\n\t\t\t\t<div class=\"elementor-post__text\">\n\t\t\t\t<h3 class=\"elementor-post__title\">\n\t\t\t<a href=\"https:\/\/icripalimosani.edu.it\/site\/2021\/03\/15\/pubblicazione-del-progetto-larca-di-noe-sulla-piattaforma-indire\/\" >\n\t\t\t\tPUBBLICAZIONE DEL PROGETTO &#8220;L&#8217;ARCA DI NOE'&#8221; SULLA PIATTAFORMA INDIRE\t\t\t<\/a>\n\t\t<\/h3>\n\t\t\t\t<div class=\"elementor-post__excerpt\">\n\t\t\t<p>Il progetto &#8220;L&#8217;arca di No\u00e8&#8221;, realizzato dalle insegnanti della scuola di Ripalimosani Maria Concetta Marinelli e Gina Tullo, \u00e8 stato pubblicato sulla piattaforma INDIRE. &nbsp;<\/p>\n\t\t<\/div>\n\t\t\n\t\t<a class=\"elementor-post__read-more\" href=\"https:\/\/icripalimosani.edu.it\/site\/2021\/03\/15\/pubblicazione-del-progetto-larca-di-noe-sulla-piattaforma-indire\/\" aria-label=\"Leggi tutto PUBBLICAZIONE DEL PROGETTO &#8220;L&#8217;ARCA DI NOE&#039;&#8221; SULLA PIATTAFORMA INDIRE\" tabindex=\"-1\" >\n\t\t\tLeggi Tutto \u00bb\t\t<\/a>\n\n\t\t\t\t<\/div>\n\t\t\t\t<div class=\"elementor-post__meta-data\">\n\t\t\t\t\t<span class=\"elementor-post-date\">\n\t\t\tMarzo 15, 2021\t\t<\/span>\n\t\t\t\t<\/div>\n\t\t\t\t\t<\/div>\n\t\t<\/article>\n\t\t\t\t<article class=\"elementor-post elementor-grid-item post-66804 post type-post status-publish format-standard hentry category-eventi-2020-2021 category-in_evidenza category-progetti-europei\">\n\t\t\t<div class=\"elementor-post__card\">\n\t\t\t\t<div class=\"elementor-post__text\">\n\t\t\t\t<h3 class=\"elementor-post__title\">\n\t\t\t<a href=\"https:\/\/icripalimosani.edu.it\/site\/2020\/12\/16\/20201216174443unidos\/\" >\n\t\t\t\tPremio Nazionale eTwwinning\t\t\t<\/a>\n\t\t<\/h3>\n\t\t\t\t<div class=\"elementor-post__excerpt\">\n\t\t\t<p>. &#8211; Premio_Nazionale_eTwwinning.pdf<\/p>\n\t\t<\/div>\n\t\t\n\t\t<a class=\"elementor-post__read-more\" href=\"https:\/\/icripalimosani.edu.it\/site\/2020\/12\/16\/20201216174443unidos\/\" aria-label=\"Leggi tutto Premio Nazionale eTwwinning\" tabindex=\"-1\" >\n\t\t\tLeggi Tutto \u00bb\t\t<\/a>\n\n\t\t\t\t<\/div>\n\t\t\t\t<div class=\"elementor-post__meta-data\">\n\t\t\t\t\t<span class=\"elementor-post-date\">\n\t\t\tDicembre 16, 2020\t\t<\/span>\n\t\t\t\t<\/div>\n\t\t\t\t\t<\/div>\n\t\t<\/article>\n\t\t\t\t<article class=\"elementor-post elementor-grid-item post-66215 post type-post status-publish format-standard hentry category-eventi-2020-2021 category-in_evidenza category-uncategorized\">\n\t\t\t<div class=\"elementor-post__card\">\n\t\t\t\t<div class=\"elementor-post__text\">\n\t\t\t\t<h3 class=\"elementor-post__title\">\n\t\t\t<a href=\"https:\/\/icripalimosani.edu.it\/site\/2020\/10\/09\/concorso-internazionale-un-poster-per-la-pace-peace\/\" >\n\t\t\t\tConcorso internazionale &#8220;un poster per la pace&#8221; PEACE\t\t\t<\/a>\n\t\t<\/h3>\n\t\t\t\t<div class=\"elementor-post__excerpt\">\n\t\t\t<p>Premiata l&#8217;alunna Ilenia Presutti III A IC &#8220;D. Alighieri&#8221; &#8211; Petrella Tifernina &#8211; Ripalimosani nel 32imo Concorso Internazionale UN POSTER PER LA PACE. PEACE 2019\/2020<\/p>\n\t\t<\/div>\n\t\t\n\t\t<a class=\"elementor-post__read-more\" href=\"https:\/\/icripalimosani.edu.it\/site\/2020\/10\/09\/concorso-internazionale-un-poster-per-la-pace-peace\/\" aria-label=\"Leggi tutto Concorso internazionale &#8220;un poster per la pace&#8221; PEACE\" tabindex=\"-1\" >\n\t\t\tLeggi Tutto \u00bb\t\t<\/a>\n\n\t\t\t\t<\/div>\n\t\t\t\t<div class=\"elementor-post__meta-data\">\n\t\t\t\t\t<span class=\"elementor-post-date\">\n\t\t\tOttobre 9, 2020\t\t<\/span>\n\t\t\t\t<\/div>\n\t\t\t\t\t<\/div>\n\t\t<\/article>\n\t\t\t\t<\/div>\n\t\t\n\t\t\t\t<\/div>\n\t\t\t\t<\/div>\n\t\t\t\t\t<\/div>\n\t\t<\/div>\n\t\t\t\t\t\t\t<\/div>\n\t\t<\/section>\n\t\t\t\t<section class=\"elementor-section elementor-top-section elementor-element elementor-element-d9e5050 elementor-section-boxed elementor-section-height-default elementor-section-height-default\" data-id=\"d9e5050\" data-element_type=\"section\">\n\t\t\t\t\t\t<div class=\"elementor-container elementor-column-gap-default\">\n\t\t\t\t\t<div class=\"elementor-column elementor-col-100 elementor-top-column elementor-element elementor-element-ec0bf2b\" data-id=\"ec0bf2b\" data-element_type=\"column\">\n\t\t\t<div class=\"elementor-widget-wrap elementor-element-populated\">\n\t\t\t\t\t\t\t\t<div class=\"elementor-element elementor-element-14c01dc elementor-widget elementor-widget-text-editor\" data-id=\"14c01dc\" data-element_type=\"widget\" data-widget_type=\"text-editor.default\">\n\t\t\t\t<div class=\"elementor-widget-container\">\n\t\t\t\t\t\t\t\t\t\t\t\t\t<\/div>\n\t\t\t\t<\/div>\n\t\t\t\t<div class=\"elementor-element elementor-element-2d3e88d elementor-widget elementor-widget-heading\" data-id=\"2d3e88d\" data-element_type=\"widget\" data-widget_type=\"heading.default\">\n\t\t\t\t<div class=\"elementor-widget-container\">\n\t\t\t<h2 class=\"elementor-heading-title elementor-size-default\">EVENTI A.S. PRECEDENTI AL 2020<\/h2>\t\t<\/div>\n\t\t\t\t<\/div>\n\t\t\t\t\t<\/div>\n\t\t<\/div>\n\t\t\t\t\t\t\t<\/div>\n\t\t<\/section>\n\t\t\t\t<section class=\"elementor-section elementor-top-section elementor-element elementor-element-20e3b28 elementor-section-boxed elementor-section-height-default elementor-section-height-default\" data-id=\"20e3b28\" data-element_type=\"section\">\n\t\t\t\t\t\t<div class=\"elementor-container elementor-column-gap-default\">\n\t\t\t\t\t<div class=\"elementor-column elementor-col-100 elementor-top-column elementor-element elementor-element-12cc6c9\" data-id=\"12cc6c9\" data-element_type=\"column\">\n\t\t\t<div class=\"elementor-widget-wrap elementor-element-populated\">\n\t\t\t\t\t\t\t\t<div class=\"elementor-element elementor-element-2639efa elementor-grid-3 elementor-grid-tablet-2 elementor-grid-mobile-1 elementor-posts--thumbnail-top elementor-posts--show-avatar elementor-card-shadow-yes elementor-posts__hover-gradient elementor-widget elementor-widget-posts\" data-id=\"2639efa\" data-element_type=\"widget\" data-settings=\"{&quot;cards_columns&quot;:&quot;3&quot;,&quot;cards_columns_tablet&quot;:&quot;2&quot;,&quot;cards_columns_mobile&quot;:&quot;1&quot;,&quot;cards_row_gap&quot;:{&quot;unit&quot;:&quot;px&quot;,&quot;size&quot;:35,&quot;sizes&quot;:[]},&quot;cards_row_gap_tablet&quot;:{&quot;unit&quot;:&quot;px&quot;,&quot;size&quot;:&quot;&quot;,&quot;sizes&quot;:[]},&quot;cards_row_gap_mobile&quot;:{&quot;unit&quot;:&quot;px&quot;,&quot;size&quot;:&quot;&quot;,&quot;sizes&quot;:[]}}\" data-widget_type=\"posts.cards\">\n\t\t\t\t<div class=\"elementor-widget-container\">\n\t\t\t\t\t<div class=\"elementor-posts-container elementor-posts elementor-posts--skin-cards elementor-grid\">\n\t\t\t\t<article class=\"elementor-post elementor-grid-item post-63901 post type-post status-publish format-standard hentry category-eventi-2019-2020\">\n\t\t\t<div class=\"elementor-post__card\">\n\t\t\t\t<div class=\"elementor-post__text\">\n\t\t\t\t<h3 class=\"elementor-post__title\">\n\t\t\t<a href=\"https:\/\/icripalimosani.edu.it\/site\/2019\/06\/07\/seminario-etwinning-a-ripalimosani-6-giugno-2019-2\/\" >\n\t\t\t\tSeminario eTwinning a Ripalimosani \u2013 6 Giugno 2019\t\t\t<\/a>\n\t\t<\/h3>\n\t\t\t\t<div class=\"elementor-post__excerpt\">\n\t\t\t<p>Si \u00e8 svolto ieri, 6 Giugno 2019 , il Seminario di formazione Etwinning presso la nostra scuola per la diffusione delle buone pratiche didattiche. Alcune<\/p>\n\t\t<\/div>\n\t\t\n\t\t<a class=\"elementor-post__read-more\" href=\"https:\/\/icripalimosani.edu.it\/site\/2019\/06\/07\/seminario-etwinning-a-ripalimosani-6-giugno-2019-2\/\" aria-label=\"Leggi tutto Seminario eTwinning a Ripalimosani \u2013 6 Giugno 2019\" tabindex=\"-1\" >\n\t\t\tLeggi Tutto \u00bb\t\t<\/a>\n\n\t\t\t\t<\/div>\n\t\t\t\t<div class=\"elementor-post__meta-data\">\n\t\t\t\t\t<span class=\"elementor-post-date\">\n\t\t\tGiugno 7, 2019\t\t<\/span>\n\t\t\t\t<\/div>\n\t\t\t\t\t<\/div>\n\t\t<\/article>\n\t\t\t\t<article class=\"elementor-post elementor-grid-item post-63831 post type-post status-publish format-standard hentry category-eventi-2019-2020 category-in_evidenza\">\n\t\t\t<div class=\"elementor-post__card\">\n\t\t\t\t<div class=\"elementor-post__text\">\n\t\t\t\t<h3 class=\"elementor-post__title\">\n\t\t\t<a href=\"https:\/\/icripalimosani.edu.it\/site\/2019\/05\/25\/fantathlon-2019\/\" >\n\t\t\t\tFantathlon 2019\t\t\t<\/a>\n\t\t<\/h3>\n\t\t\t\t<div class=\"elementor-post__excerpt\">\n\t\t\t<p>Di seguito sono alcune immagini della manifestazione &#8220;Fantathlon 2019&#8221; a cui hanno partecipato gli alunni della scuola dell&#8217;Infanzia dei plessi di Limosano, Matrice, Montagano e<\/p>\n\t\t<\/div>\n\t\t\n\t\t<a class=\"elementor-post__read-more\" href=\"https:\/\/icripalimosani.edu.it\/site\/2019\/05\/25\/fantathlon-2019\/\" aria-label=\"Leggi tutto Fantathlon 2019\" tabindex=\"-1\" >\n\t\t\tLeggi Tutto \u00bb\t\t<\/a>\n\n\t\t\t\t<\/div>\n\t\t\t\t<div class=\"elementor-post__meta-data\">\n\t\t\t\t\t<span class=\"elementor-post-date\">\n\t\t\tMaggio 25, 2019\t\t<\/span>\n\t\t\t\t<\/div>\n\t\t\t\t\t<\/div>\n\t\t<\/article>\n\t\t\t\t<article class=\"elementor-post elementor-grid-item post-63824 post type-post status-publish format-standard hentry category-eventi-2019-2020 category-in_evidenza\">\n\t\t\t<div class=\"elementor-post__card\">\n\t\t\t\t<div class=\"elementor-post__text\">\n\t\t\t\t<h3 class=\"elementor-post__title\">\n\t\t\t<a href=\"https:\/\/icripalimosani.edu.it\/site\/2019\/05\/24\/etwinning-a-malaga\/\" >\n\t\t\t\tEtwinning a Malaga\t\t\t<\/a>\n\t\t<\/h3>\n\t\t\t\t<div class=\"elementor-post__excerpt\">\n\t\t\t<p>Desidero condividere con voi la mia recentissima esperienza.<\/p>\n\t\t<\/div>\n\t\t\n\t\t<a class=\"elementor-post__read-more\" href=\"https:\/\/icripalimosani.edu.it\/site\/2019\/05\/24\/etwinning-a-malaga\/\" aria-label=\"Leggi tutto Etwinning a Malaga\" tabindex=\"-1\" >\n\t\t\tLeggi Tutto \u00bb\t\t<\/a>\n\n\t\t\t\t<\/div>\n\t\t\t\t<div class=\"elementor-post__meta-data\">\n\t\t\t\t\t<span class=\"elementor-post-date\">\n\t\t\tMaggio 24, 2019\t\t<\/span>\n\t\t\t\t<\/div>\n\t\t\t\t\t<\/div>\n\t\t<\/article>\n\t\t\t\t<article class=\"elementor-post elementor-grid-item post-63805 post type-post status-publish format-standard hentry category-eventi-2019-2020 category-in_evidenza\">\n\t\t\t<div class=\"elementor-post__card\">\n\t\t\t\t<div class=\"elementor-post__text\">\n\t\t\t\t<h3 class=\"elementor-post__title\">\n\t\t\t<a href=\"https:\/\/icripalimosani.edu.it\/site\/2019\/05\/21\/incontro-formativo-progetto-legalita\/\" >\n\t\t\t\tIncontri formativi della Scuola Secondaria di Petrella Tifernina\t\t\t<\/a>\n\t\t<\/h3>\n\t\t\t\t<div class=\"elementor-post__excerpt\">\n\t\t\t<p>Il 16 Maggio 2019 presso L&#8217;Universit\u00e0 del Molise i ragazzi della scuola secondaria di I grado di Petrella, accompagnati dai docenti, hanno incontrato lo scrittore<\/p>\n\t\t<\/div>\n\t\t\n\t\t<a class=\"elementor-post__read-more\" href=\"https:\/\/icripalimosani.edu.it\/site\/2019\/05\/21\/incontro-formativo-progetto-legalita\/\" aria-label=\"Leggi tutto Incontri formativi della Scuola Secondaria di Petrella Tifernina\" tabindex=\"-1\" >\n\t\t\tLeggi Tutto \u00bb\t\t<\/a>\n\n\t\t\t\t<\/div>\n\t\t\t\t<div class=\"elementor-post__meta-data\">\n\t\t\t\t\t<span class=\"elementor-post-date\">\n\t\t\tMaggio 21, 2019\t\t<\/span>\n\t\t\t\t<\/div>\n\t\t\t\t\t<\/div>\n\t\t<\/article>\n\t\t\t\t<article class=\"elementor-post elementor-grid-item post-63801 post type-post status-publish format-standard hentry category-eventi-2019-2020 category-generali category-in_evidenza\">\n\t\t\t<div class=\"elementor-post__card\">\n\t\t\t\t<div class=\"elementor-post__text\">\n\t\t\t\t<h3 class=\"elementor-post__title\">\n\t\t\t<a href=\"https:\/\/icripalimosani.edu.it\/site\/2019\/05\/21\/evento-conclusivo-progetto-agia\/\" >\n\t\t\t\tEvento conclusivo Progetto AGIA\t\t\t<\/a>\n\t\t<\/h3>\n\t\t\t\t<div class=\"elementor-post__excerpt\">\n\t\t\t<p>I BAMBINI PARLANO DIRITTI[O] A Lucito , il 30 Maggio 2019 dalle ore 9.30, si terr\u00e0 l&#8217;evento conclusivo del Progetto promosso dall\u2019Autorit\u00e0 garante per l\u2019infanzia<\/p>\n\t\t<\/div>\n\t\t\n\t\t<a class=\"elementor-post__read-more\" href=\"https:\/\/icripalimosani.edu.it\/site\/2019\/05\/21\/evento-conclusivo-progetto-agia\/\" aria-label=\"Leggi tutto Evento conclusivo Progetto AGIA\" tabindex=\"-1\" >\n\t\t\tLeggi Tutto \u00bb\t\t<\/a>\n\n\t\t\t\t<\/div>\n\t\t\t\t<div class=\"elementor-post__meta-data\">\n\t\t\t\t\t<span class=\"elementor-post-date\">\n\t\t\tMaggio 21, 2019\t\t<\/span>\n\t\t\t\t<\/div>\n\t\t\t\t\t<\/div>\n\t\t<\/article>\n\t\t\t\t<article class=\"elementor-post elementor-grid-item post-63737 post type-post status-publish format-standard hentry category-eventi-2019-2020 category-in_evidenza\">\n\t\t\t<div class=\"elementor-post__card\">\n\t\t\t\t<div class=\"elementor-post__text\">\n\t\t\t\t<h3 class=\"elementor-post__title\">\n\t\t\t<a href=\"https:\/\/icripalimosani.edu.it\/site\/2019\/05\/14\/consiglio-dei-ragazzi-a-ripalimosani\/\" >\n\t\t\t\tConsiglio dei ragazzi a Ripalimosani\t\t\t<\/a>\n\t\t<\/h3>\n\t\t\t\t<div class=\"elementor-post__excerpt\">\n\t\t\t<p>Oggi, marted\u00ec 14 Maggio 2019, si \u00e8 riunito il Consiglio dei ragazzi di nuova elezione e si \u00e8 insediato il Sindaco dei ragazzi, Tocci Niccol\u00f2.<\/p>\n\t\t<\/div>\n\t\t\n\t\t<a class=\"elementor-post__read-more\" href=\"https:\/\/icripalimosani.edu.it\/site\/2019\/05\/14\/consiglio-dei-ragazzi-a-ripalimosani\/\" aria-label=\"Leggi tutto Consiglio dei ragazzi a Ripalimosani\" tabindex=\"-1\" >\n\t\t\tLeggi Tutto \u00bb\t\t<\/a>\n\n\t\t\t\t<\/div>\n\t\t\t\t<div class=\"elementor-post__meta-data\">\n\t\t\t\t\t<span class=\"elementor-post-date\">\n\t\t\tMaggio 14, 2019\t\t<\/span>\n\t\t\t\t<\/div>\n\t\t\t\t\t<\/div>\n\t\t<\/article>\n\t\t\t\t<article class=\"elementor-post elementor-grid-item post-63725 post type-post status-publish format-standard hentry category-eventi-2019-2020 category-in_evidenza\">\n\t\t\t<div class=\"elementor-post__card\">\n\t\t\t\t<div class=\"elementor-post__text\">\n\t\t\t\t<h3 class=\"elementor-post__title\">\n\t\t\t<a href=\"https:\/\/icripalimosani.edu.it\/site\/2019\/05\/10\/progetto-majo\/\" >\n\t\t\t\tProgetto \u201cMajo\u201d\t\t\t<\/a>\n\t\t<\/h3>\n\t\t\t\t<div class=\"elementor-post__excerpt\">\n\t\t\t<p>Il giorno 1\u00b0 maggio i bambini e le insegnanti della scuola dell&#8217;Infanzia e Primaria di Lucito sono stati impegnati nella manifestazione finale del gemellaggio Progetto<\/p>\n\t\t<\/div>\n\t\t\n\t\t<a class=\"elementor-post__read-more\" href=\"https:\/\/icripalimosani.edu.it\/site\/2019\/05\/10\/progetto-majo\/\" aria-label=\"Leggi tutto Progetto \u201cMajo\u201d\" tabindex=\"-1\" >\n\t\t\tLeggi Tutto \u00bb\t\t<\/a>\n\n\t\t\t\t<\/div>\n\t\t\t\t<div class=\"elementor-post__meta-data\">\n\t\t\t\t\t<span class=\"elementor-post-date\">\n\t\t\tMaggio 10, 2019\t\t<\/span>\n\t\t\t\t<\/div>\n\t\t\t\t\t<\/div>\n\t\t<\/article>\n\t\t\t\t<article class=\"elementor-post elementor-grid-item post-63718 post type-post status-publish format-standard hentry category-eventi-2019-2020 category-in_evidenza\">\n\t\t\t<div class=\"elementor-post__card\">\n\t\t\t\t<div class=\"elementor-post__text\">\n\t\t\t\t<h3 class=\"elementor-post__title\">\n\t\t\t<a href=\"https:\/\/icripalimosani.edu.it\/site\/2019\/05\/10\/63718-2\/\" >\n\t\t\t\tUscita didattica agli studi televisivi di Primo Piano e Teleregione\t\t\t<\/a>\n\t\t<\/h3>\n\t\t\t\t<div class=\"elementor-post__excerpt\">\n\t\t\t<p>Si allega l&#8217;articolo pubblicato sul quotidiano Primo Piano relativo alla visita effettuata dagli alunni di quinta &#8211; scuola primaria di Ripalimosani &#8211;\u00a0 il giorno 8<\/p>\n\t\t<\/div>\n\t\t\n\t\t<a class=\"elementor-post__read-more\" href=\"https:\/\/icripalimosani.edu.it\/site\/2019\/05\/10\/63718-2\/\" aria-label=\"Leggi tutto Uscita didattica agli studi televisivi di Primo Piano e Teleregione\" tabindex=\"-1\" >\n\t\t\tLeggi Tutto \u00bb\t\t<\/a>\n\n\t\t\t\t<\/div>\n\t\t\t\t<div class=\"elementor-post__meta-data\">\n\t\t\t\t\t<span class=\"elementor-post-date\">\n\t\t\tMaggio 10, 2019\t\t<\/span>\n\t\t\t\t<\/div>\n\t\t\t\t\t<\/div>\n\t\t<\/article>\n\t\t\t\t<article class=\"elementor-post elementor-grid-item post-63603 post type-post status-publish format-standard hentry category-eventi-2019-2020 category-in_evidenza\">\n\t\t\t<div class=\"elementor-post__card\">\n\t\t\t\t<div class=\"elementor-post__text\">\n\t\t\t\t<h3 class=\"elementor-post__title\">\n\t\t\t<a href=\"https:\/\/icripalimosani.edu.it\/site\/2019\/04\/13\/riconoscimento-alunna-della-scuola-secondaria-di-petrella-tifernina\/\" >\n\t\t\t\tRiconoscimento alunna della Scuola Secondaria di Petrella Tifernina\t\t\t<\/a>\n\t\t<\/h3>\n\t\t\t\t<div class=\"elementor-post__excerpt\">\n\t\t\t<p>L&#8217;alunna Marzia Amoruso della classe II\u00a0 della scuola secondaria di primo grado di Petrella Tifernina \u00e8 stata selezionata tra le prime tre concorrenti del &#8220;Concorso<\/p>\n\t\t<\/div>\n\t\t\n\t\t<a class=\"elementor-post__read-more\" href=\"https:\/\/icripalimosani.edu.it\/site\/2019\/04\/13\/riconoscimento-alunna-della-scuola-secondaria-di-petrella-tifernina\/\" aria-label=\"Leggi tutto Riconoscimento alunna della Scuola Secondaria di Petrella Tifernina\" tabindex=\"-1\" >\n\t\t\tLeggi Tutto \u00bb\t\t<\/a>\n\n\t\t\t\t<\/div>\n\t\t\t\t<div class=\"elementor-post__meta-data\">\n\t\t\t\t\t<span class=\"elementor-post-date\">\n\t\t\tAprile 13, 2019\t\t<\/span>\n\t\t\t\t<\/div>\n\t\t\t\t\t<\/div>\n\t\t<\/article>\n\t\t\t\t<article class=\"elementor-post elementor-grid-item post-63498 post type-post status-publish format-standard hentry category-eventi-2019-2020 category-in_evidenza\">\n\t\t\t<div class=\"elementor-post__card\">\n\t\t\t\t<div class=\"elementor-post__text\">\n\t\t\t\t<h3 class=\"elementor-post__title\">\n\t\t\t<a href=\"https:\/\/icripalimosani.edu.it\/site\/2019\/03\/30\/riconoscimenti-agli-alunni-della-scuola-secondaria-di-petrella-tifernina\/\" >\n\t\t\t\tRiconoscimenti agli alunni della Scuola Secondaria di Petrella Tifernina\t\t\t<\/a>\n\t\t<\/h3>\n\t\t\t\t<div class=\"elementor-post__excerpt\">\n\t\t\t<p>Concorso internazionale &#8220;Un poster per la pace&#8221; Il giorno 16 Marzo 2019, presso il Palazzo ex GIL di Campobasso, in occasione dell&#8217;evento conclusivo del Concorso<\/p>\n\t\t<\/div>\n\t\t\n\t\t<a class=\"elementor-post__read-more\" href=\"https:\/\/icripalimosani.edu.it\/site\/2019\/03\/30\/riconoscimenti-agli-alunni-della-scuola-secondaria-di-petrella-tifernina\/\" aria-label=\"Leggi tutto Riconoscimenti agli alunni della Scuola Secondaria di Petrella Tifernina\" tabindex=\"-1\" >\n\t\t\tLeggi Tutto \u00bb\t\t<\/a>\n\n\t\t\t\t<\/div>\n\t\t\t\t<div class=\"elementor-post__meta-data\">\n\t\t\t\t\t<span class=\"elementor-post-date\">\n\t\t\tMarzo 30, 2019\t\t<\/span>\n\t\t\t\t<\/div>\n\t\t\t\t\t<\/div>\n\t\t<\/article>\n\t\t\t\t<article class=\"elementor-post elementor-grid-item post-63493 post type-post status-publish format-standard hentry category-eventi-2019-2020\">\n\t\t\t<div class=\"elementor-post__card\">\n\t\t\t\t<div class=\"elementor-post__text\">\n\t\t\t\t<h3 class=\"elementor-post__title\">\n\t\t\t<a href=\"https:\/\/icripalimosani.edu.it\/site\/2019\/03\/30\/evento-pnsd-4-aprile-2019\/\" >\n\t\t\t\tEvento PNSD &#8211; 4 Aprile 2019 &#8211; sede centrale\t\t\t<\/a>\n\t\t<\/h3>\n\t\t\t\t<div class=\"elementor-post__excerpt\">\n\t\t\t<p>LOCANDINA PNSD<\/p>\n\t\t<\/div>\n\t\t\n\t\t<a class=\"elementor-post__read-more\" href=\"https:\/\/icripalimosani.edu.it\/site\/2019\/03\/30\/evento-pnsd-4-aprile-2019\/\" aria-label=\"Leggi tutto Evento PNSD &#8211; 4 Aprile 2019 &#8211; sede centrale\" tabindex=\"-1\" >\n\t\t\tLeggi Tutto \u00bb\t\t<\/a>\n\n\t\t\t\t<\/div>\n\t\t\t\t<div class=\"elementor-post__meta-data\">\n\t\t\t\t\t<span class=\"elementor-post-date\">\n\t\t\tMarzo 30, 2019\t\t<\/span>\n\t\t\t\t<\/div>\n\t\t\t\t\t<\/div>\n\t\t<\/article>\n\t\t\t\t<article class=\"elementor-post elementor-grid-item post-3762 post type-post status-publish format-standard hentry category-eventi-2019-2020\">\n\t\t\t<div class=\"elementor-post__card\">\n\t\t\t\t<div class=\"elementor-post__text\">\n\t\t\t\t<h3 class=\"elementor-post__title\">\n\t\t\t<a href=\"https:\/\/icripalimosani.edu.it\/site\/2015\/12\/31\/concerto-di-natale-nella-scuola-primaria-di-petrella-tifernina\/\" >\n\t\t\t\tConcerto di Natale nella Scuola Primaria di Petrella Tifernina\t\t\t<\/a>\n\t\t<\/h3>\n\t\t\t\t<div class=\"elementor-post__excerpt\">\n\t\t\t<p>Il 19 dicembre, nella Scuola Primaria di Petrella Tifernina si \u00e8 svolto il Concerto di Natale di tutti gli alunni della Scuola Primaria<\/p>\n\t\t<\/div>\n\t\t\n\t\t<a class=\"elementor-post__read-more\" href=\"https:\/\/icripalimosani.edu.it\/site\/2015\/12\/31\/concerto-di-natale-nella-scuola-primaria-di-petrella-tifernina\/\" aria-label=\"Leggi tutto Concerto di Natale nella Scuola Primaria di Petrella Tifernina\" tabindex=\"-1\" >\n\t\t\tLeggi Tutto \u00bb\t\t<\/a>\n\n\t\t\t\t<\/div>\n\t\t\t\t<div class=\"elementor-post__meta-data\">\n\t\t\t\t\t<span class=\"elementor-post-date\">\n\t\t\tDicembre 31, 2015\t\t<\/span>\n\t\t\t\t<\/div>\n\t\t\t\t\t<\/div>\n\t\t<\/article>\n\t\t\t\t<article class=\"elementor-post elementor-grid-item post-1580 post type-post status-publish format-standard hentry category-eventi-2019-2020\">\n\t\t\t<div class=\"elementor-post__card\">\n\t\t\t\t<div class=\"elementor-post__text\">\n\t\t\t\t<h3 class=\"elementor-post__title\">\n\t\t\t<a href=\"https:\/\/icripalimosani.edu.it\/site\/2014\/12\/10\/mercatini-di-natale\/\" >\n\t\t\t\tMercatini di Natale\t\t\t<\/a>\n\t\t<\/h3>\n\t\t\t\t<div class=\"elementor-post__excerpt\">\n\t\t\t<p>A Lucito il 6 e 7 dicembre 2014 i bambini della scuola primaria, insieme ai loro genitori, hanno partecipato al Mercatino di Natale.<\/p>\n\t\t<\/div>\n\t\t\n\t\t<a class=\"elementor-post__read-more\" href=\"https:\/\/icripalimosani.edu.it\/site\/2014\/12\/10\/mercatini-di-natale\/\" aria-label=\"Leggi tutto Mercatini di Natale\" tabindex=\"-1\" >\n\t\t\tLeggi Tutto \u00bb\t\t<\/a>\n\n\t\t\t\t<\/div>\n\t\t\t\t<div class=\"elementor-post__meta-data\">\n\t\t\t\t\t<span class=\"elementor-post-date\">\n\t\t\tDicembre 10, 2014\t\t<\/span>\n\t\t\t\t<\/div>\n\t\t\t\t\t<\/div>\n\t\t<\/article>\n\t\t\t\t<article class=\"elementor-post elementor-grid-item post-1506 post type-post status-publish format-standard hentry category-eventi-2019-2020\">\n\t\t\t<div class=\"elementor-post__card\">\n\t\t\t\t<div class=\"elementor-post__text\">\n\t\t\t\t<h3 class=\"elementor-post__title\">\n\t\t\t<a href=\"https:\/\/icripalimosani.edu.it\/site\/2014\/12\/08\/4-memorial-titina-e-nicola-montagano\/\" >\n\t\t\t\t4\u00b0 Memorial &#8220;Titina e Nicola&#8221;, Montagano\t\t\t<\/a>\n\t\t<\/h3>\n\t\t\t\t<div class=\"elementor-post__excerpt\">\n\t\t\t<p>Il giorno 6 Dicembre 2014, nella sala consiliare del comune di Montagano, si \u00e8 tenuta la premiazione degli alunni della scuola primaria del luogo,  legata al 4\u00b0 Memorial &#8220;Titina e Nicola&#8221;.<\/p>\n\t\t<\/div>\n\t\t\n\t\t<a class=\"elementor-post__read-more\" href=\"https:\/\/icripalimosani.edu.it\/site\/2014\/12\/08\/4-memorial-titina-e-nicola-montagano\/\" aria-label=\"Leggi tutto 4\u00b0 Memorial &#8220;Titina e Nicola&#8221;, Montagano\" tabindex=\"-1\" >\n\t\t\tLeggi Tutto \u00bb\t\t<\/a>\n\n\t\t\t\t<\/div>\n\t\t\t\t<div class=\"elementor-post__meta-data\">\n\t\t\t\t\t<span class=\"elementor-post-date\">\n\t\t\tDicembre 8, 2014\t\t<\/span>\n\t\t\t\t<\/div>\n\t\t\t\t\t<\/div>\n\t\t<\/article>\n\t\t\t\t<article class=\"elementor-post elementor-grid-item post-1445 post type-post status-publish format-standard hentry category-eventi-2019-2020\">\n\t\t\t<div class=\"elementor-post__card\">\n\t\t\t\t<div class=\"elementor-post__text\">\n\t\t\t\t<h3 class=\"elementor-post__title\">\n\t\t\t<a href=\"https:\/\/icripalimosani.edu.it\/site\/2014\/11\/28\/banchetto-raccolta-fondi-telethon\/\" >\n\t\t\t\tBanchetto raccolta fondi Telethon\t\t\t<\/a>\n\t\t<\/h3>\n\t\t\t\t<div class=\"elementor-post__excerpt\">\n\t\t\t<p>Nei giorni 2 e 4 Dicembre 2014,\u00a0 in concomitanza con i colloqui scuola-famiglia, sar\u00e0 allestito nella scuola di Ripalimosani un banchetto per la raccolta fondi<\/p>\n\t\t<\/div>\n\t\t\n\t\t<a class=\"elementor-post__read-more\" href=\"https:\/\/icripalimosani.edu.it\/site\/2014\/11\/28\/banchetto-raccolta-fondi-telethon\/\" aria-label=\"Leggi tutto Banchetto raccolta fondi Telethon\" tabindex=\"-1\" >\n\t\t\tLeggi Tutto \u00bb\t\t<\/a>\n\n\t\t\t\t<\/div>\n\t\t\t\t<div class=\"elementor-post__meta-data\">\n\t\t\t\t\t<span class=\"elementor-post-date\">\n\t\t\tNovembre 28, 2014\t\t<\/span>\n\t\t\t\t<\/div>\n\t\t\t\t\t<\/div>\n\t\t<\/article>\n\t\t\t\t<article class=\"elementor-post elementor-grid-item post-1410 post type-post status-publish format-standard hentry category-eventi-2019-2020\">\n\t\t\t<div class=\"elementor-post__card\">\n\t\t\t\t<div class=\"elementor-post__text\">\n\t\t\t\t<h3 class=\"elementor-post__title\">\n\t\t\t<a href=\"https:\/\/icripalimosani.edu.it\/site\/2014\/11\/16\/incontro-dibattito\/\" >\n\t\t\t\tIncontro-dibattito\t\t\t<\/a>\n\t\t<\/h3>\n\t\t\t\t<div class=\"elementor-post__excerpt\">\n\t\t\t<p>Nell&#8217;ambito del Progetto d&#8217;Istituto &#8220;Educazione alla legalit\u00e0&#8221;, si terr\u00e0 il giorno\u00a0 25 Novembre 2014 (giornata internazionale contro la violenza sulle donne), dalle ore 11.30 alle<\/p>\n\t\t<\/div>\n\t\t\n\t\t<a class=\"elementor-post__read-more\" href=\"https:\/\/icripalimosani.edu.it\/site\/2014\/11\/16\/incontro-dibattito\/\" aria-label=\"Leggi tutto Incontro-dibattito\" tabindex=\"-1\" >\n\t\t\tLeggi Tutto \u00bb\t\t<\/a>\n\n\t\t\t\t<\/div>\n\t\t\t\t<div class=\"elementor-post__meta-data\">\n\t\t\t\t\t<span class=\"elementor-post-date\">\n\t\t\tNovembre 16, 2014\t\t<\/span>\n\t\t\t\t<\/div>\n\t\t\t\t\t<\/div>\n\t\t<\/article>\n\t\t\t\t<article class=\"elementor-post elementor-grid-item post-996 post type-post status-publish format-standard hentry category-eventi-2019-2020\">\n\t\t\t<div class=\"elementor-post__card\">\n\t\t\t\t<div class=\"elementor-post__text\">\n\t\t\t\t<h3 class=\"elementor-post__title\">\n\t\t\t<a href=\"https:\/\/icripalimosani.edu.it\/site\/2014\/09\/21\/concorso-per-il-nuovo-logo-della-scuola\/\" >\n\t\t\t\tConcorso per il nuovo logo della scuola\t\t\t<\/a>\n\t\t<\/h3>\n\t\t\t\t<div class=\"elementor-post__excerpt\">\n\t\t\t<p>Cari ragazzi\/e, con l&#8217;avvio del nuovo anno scolastico, essendo il nostro Istituto composto da tanti plessi, la Dirigente scolastica ha pensato di bandire un concorso<\/p>\n\t\t<\/div>\n\t\t\n\t\t<a class=\"elementor-post__read-more\" href=\"https:\/\/icripalimosani.edu.it\/site\/2014\/09\/21\/concorso-per-il-nuovo-logo-della-scuola\/\" aria-label=\"Leggi tutto Concorso per il nuovo logo della scuola\" tabindex=\"-1\" >\n\t\t\tLeggi Tutto \u00bb\t\t<\/a>\n\n\t\t\t\t<\/div>\n\t\t\t\t<div class=\"elementor-post__meta-data\">\n\t\t\t\t\t<span class=\"elementor-post-date\">\n\t\t\tSettembre 21, 2014\t\t<\/span>\n\t\t\t\t<\/div>\n\t\t\t\t\t<\/div>\n\t\t<\/article>\n\t\t\t\t<\/div>\n\t\t\n\t\t\t\t<\/div>\n\t\t\t\t<\/div>\n\t\t\t\t\t<\/div>\n\t\t<\/div>\n\t\t\t\t\t\t\t<\/div>\n\t\t<\/section>\n\t\t\t\t\t\t\t<\/div>\n\t\t","protected":false},"excerpt":{"rendered":"<p>Eventi, Riconoscimenti e Iniziative A.S. 2021\/2022 A.S. 2020\/2021 EVENTI A.S. PRECEDENTI AL 2020<\/p>\n","protected":false},"author":1,"featured_media":0,"parent":0,"menu_order":0,"comment_status":"closed","ping_status":"closed","template":"elementor_header_footer","meta":{"footnotes":""},"_links":{"self":[{"href":"https:\/\/icripalimosani.edu.it\/site\/wp-json\/wp\/v2\/pages\/67906"}],"collection":[{"href":"https:\/\/icripalimosani.edu.it\/site\/wp-json\/wp\/v2\/pages"}],"about":[{"href":"https:\/\/icripalimosani.edu.it\/site\/wp-json\/wp\/v2\/types\/page"}],"author":[{"embeddable":true,"href":"https:\/\/icripalimosani.edu.it\/site\/wp-json\/wp\/v2\/users\/1"}],"replies":[{"embeddable":true,"href":"https:\/\/icripalimosani.edu.it\/site\/wp-json\/wp\/v2\/comments?post=67906"}],"version-history":[{"count":21,"href":"https:\/\/icripalimosani.edu.it\/site\/wp-json\/wp\/v2\/pages\/67906\/revisions"}],"predecessor-version":[{"id":68014,"href":"https:\/\/icripalimosani.edu.it\/site\/wp-json\/wp\/v2\/pages\/67906\/revisions\/68014"}],"wp:attachment":[{"href":"https:\/\/icripalimosani.edu.it\/site\/wp-json\/wp\/v2\/media?parent=67906"}],"curies":[{"name":"wp","href":"https:\/\/api.w.org\/{rel}","templated":true}]}}